{"id":103191,"date":"2022-08-18T13:37:54","date_gmt":"2022-08-18T18:37:54","guid":{"rendered":"https:\/\/www.ciencuadras.com\/blog\/?page_id=103191"},"modified":"2023-04-03T10:21:18","modified_gmt":"2023-04-03T15:21:18","slug":"espacios-al-cien-ideas-para-salas-con-personalidad","status":"publish","type":"page","link":"https:\/\/www.ciencuadras.com\/blog\/espacios-al-cien-ideas-para-salas-con-personalidad","title":{"rendered":"Espacios al Cien By Axxis"},"content":{"rendered":"\t\t<div data-elementor-type=\"wp-page\" data-elementor-id=\"103191\" class=\"elementor elementor-103191\" data-elementor-post-type=\"page\">\n\t\t\t\t\n\t\t<section class=\"elementor-section elementor-top-section elementor-element elementor-element-4a1d42b4 elementor-section-boxed elementor-section-height-default elementor-section-height-default\" data-id=\"4a1d42b4\" data-element_type=\"section\">\n\t\t\t\t\t\t<div class=\"elementor-container elementor-column-gap-default\">\n\t\t\t\t\t<div class=\"elementor-column elementor-col-100 elementor-top-column elementor-element elementor-element-32ec8d5e\" data-id=\"32ec8d5e\" data-element_type=\"column\">\n\t\t\t<div class=\"elementor-widget-wrap elementor-element-populated\">\n\t\t\t\t\t\t<div class=\"elementor-element elementor-element-4846b4e2 elementor-widget elementor-widget-heading\" data-id=\"4846b4e2\" data-element_type=\"widget\" data-widget_type=\"heading.default\">\n\t\t\t\t<div class=\"elementor-widget-container\">\n\t\t\t<h1 class=\"elementor-heading-title elementor-size-default\"> Ideas para lograr salas con personalidad<\/h1>\t\t<\/div>\n\t\t\t\t<\/div>\n\t\t\t\t<div class=\"elementor-element elementor-element-146c24ec elementor-widget elementor-widget-image\" data-id=\"146c24ec\" data-element_type=\"widget\" data-widget_type=\"image.default\">\n\t\t\t\t<div class=\"elementor-widget-container\">\n\t\t\t\t\t\t\t\t\t\t\t\t\t<img decoding=\"async\" src=\"https:\/\/www.ciencuadras.com\/blog\/wp-content\/uploads\/elementor\/thumbs\/Sala-grande-y-colorida-ptgfy57zzx2l9eo32bprivhy1ftavqroauu0ekn9t0.jpg\" title=\"Sala grande y colorida\" alt=\"Sala grande y colorida\" loading=\"lazy\" \/>\t\t\t\t\t\t\t\t\t\t\t\t\t<\/div>\n\t\t\t\t<\/div>\n\t\t\t\t\t<\/div>\n\t\t<\/div>\n\t\t\t\t\t<\/div>\n\t\t<\/section>\n\t\t\t\t<section class=\"elementor-section elementor-top-section elementor-element elementor-element-2e5dfa63 elementor-section-boxed elementor-section-height-default elementor-section-height-default\" data-id=\"2e5dfa63\" data-element_type=\"section\">\n\t\t\t\t\t\t<div class=\"elementor-container elementor-column-gap-default\">\n\t\t\t\t\t<div class=\"elementor-column elementor-col-100 elementor-top-column elementor-element elementor-element-207ab967\" data-id=\"207ab967\" data-element_type=\"column\">\n\t\t\t<div class=\"elementor-widget-wrap elementor-element-populated\">\n\t\t\t\t\t\t<div class=\"elementor-element elementor-element-2f5ab3c4 elementor-widget elementor-widget-text-editor\" data-id=\"2f5ab3c4\" data-element_type=\"widget\" data-widget_type=\"text-editor.default\">\n\t\t\t\t<div class=\"elementor-widget-container\">\n\t\t\t\t\t\t\t<p><em>\u00a0Cr\u00e9ditos: Iv\u00e1n Ortiz<\/em><\/p>\t\t\t\t\t\t<\/div>\n\t\t\t\t<\/div>\n\t\t\t\t\t<\/div>\n\t\t<\/div>\n\t\t\t\t\t<\/div>\n\t\t<\/section>\n\t\t\t\t<section class=\"elementor-section elementor-top-section elementor-element elementor-element-20a01814 elementor-section-boxed elementor-section-height-default elementor-section-height-default\" data-id=\"20a01814\" data-element_type=\"section\">\n\t\t\t\t\t\t<div class=\"elementor-container elementor-column-gap-default\">\n\t\t\t\t\t<div class=\"elementor-column elementor-col-100 elementor-top-column elementor-element elementor-element-2f11d245\" data-id=\"2f11d245\" data-element_type=\"column\">\n\t\t\t<div class=\"elementor-widget-wrap elementor-element-populated\">\n\t\t\t\t\t\t<div class=\"elementor-element elementor-element-2a6688f6 elementor-widget elementor-widget-text-editor\" data-id=\"2a6688f6\" data-element_type=\"widget\" data-widget_type=\"text-editor.default\">\n\t\t\t\t<div class=\"elementor-widget-container\">\n\t\t\t\t\t\t\t<p><span style=\"font-weight: 400;\">La sala es el espacio social por excelencia, donde \u2013por lo general\u2013 hacemos un esfuerzo mayor a la hora de decorar, porque es la vitrina principal de la casa. <\/span>Es ideal <b>utilizar elementos decorativos que sean especiales para cada hogar, que tengan historia y significado.<\/b><span style=\"font-weight: 400;\"> Todo esto en un ambiente en el que los acabados, como el piso y el color de las paredes, sean coherentes con el interiorismo. \u00a1Veamos diferentes alternativas de salas con personalidad! <\/span><\/p>\t\t\t\t\t\t<\/div>\n\t\t\t\t<\/div>\n\t\t\t\t\t<\/div>\n\t\t<\/div>\n\t\t\t\t\t<\/div>\n\t\t<\/section>\n\t\t\t\t<section class=\"elementor-section elementor-top-section elementor-element elementor-element-51ce677f elementor-section-boxed elementor-section-height-default elementor-section-height-default\" data-id=\"51ce677f\" data-element_type=\"section\">\n\t\t\t\t\t\t<div class=\"elementor-container elementor-column-gap-default\">\n\t\t\t\t\t<div class=\"elementor-column elementor-col-50 elementor-top-column elementor-element elementor-element-42efc6b1\" data-id=\"42efc6b1\" data-element_type=\"column\">\n\t\t\t<div class=\"elementor-widget-wrap elementor-element-populated\">\n\t\t\t\t\t\t<div class=\"elementor-element elementor-element-40c8c7cd elementor-widget elementor-widget-heading\" data-id=\"40c8c7cd\" data-element_type=\"widget\" data-widget_type=\"heading.default\">\n\t\t\t\t<div class=\"elementor-widget-container\">\n\t\t\t<h2 class=\"elementor-heading-title elementor-size-default\">Una propuesta tranquila y natural<\/h2>\t\t<\/div>\n\t\t\t\t<\/div>\n\t\t\t\t<div class=\"elementor-element elementor-element-fb26ebf elementor-widget elementor-widget-text-editor\" data-id=\"fb26ebf\" data-element_type=\"widget\" data-widget_type=\"text-editor.default\">\n\t\t\t\t<div class=\"elementor-widget-container\">\n\t\t\t\t\t\t\t<p><span style=\"font-weight: 400;\">Empecemos por adentrarnos en esta sala en la que el dise\u00f1o interior crea un ambiente sereno, al combinar <\/span><b>objetos que han estado por generaciones en la familia de los propietarios<\/b><span style=\"font-weight: 400;\">, con otros elementos m\u00e1s contempor\u00e1neos. En este sal\u00f3n, residentes e invitados pueden disfrutar c\u00f3modamente y gozar de la vista hacia los cerros orientales.\u00a0<\/span><\/p>\n<p><span style=\"font-weight: 400;\">Este es un apartamento <\/span><b>rodeado por parques y naturaleza<\/b><span style=\"font-weight: 400;\">, y est\u00e1 dise\u00f1ado para personas tranquilas, sencillas, que \u201cgustan del arte y la m\u00fasica\u201d, como explica Andr\u00e9s Aitken, fundador de la firma a cargo del dise\u00f1o y construcci\u00f3n de los interiores de este inmueble.\u00a0\u00a0<\/span><\/p>\t\t\t\t\t\t<\/div>\n\t\t\t\t<\/div>\n\t\t\t\t<div class=\"elementor-element elementor-element-1e325a8e elementor-widget elementor-widget-heading\" data-id=\"1e325a8e\" data-element_type=\"widget\" data-widget_type=\"heading.default\">\n\t\t\t\t<div class=\"elementor-widget-container\">\n\t\t\t<p class=\"elementor-heading-title elementor-size-small\">Para el piso de la sala se us\u00f3 un roble europeo importado de Portugal.<\/p>\t\t<\/div>\n\t\t\t\t<\/div>\n\t\t\t\t<section class=\"elementor-section elementor-inner-section elementor-element elementor-element-7cf2f334 elementor-section-boxed elementor-section-height-default elementor-section-height-default\" data-id=\"7cf2f334\" data-element_type=\"section\">\n\t\t\t\t\t\t<div class=\"elementor-container elementor-column-gap-default\">\n\t\t\t\t\t<div class=\"elementor-column elementor-col-50 elementor-inner-column elementor-element elementor-element-c24435e\" data-id=\"c24435e\" data-element_type=\"column\">\n\t\t\t<div class=\"elementor-widget-wrap elementor-element-populated\">\n\t\t\t\t\t\t<div class=\"elementor-element elementor-element-6e159b09 elementor-widget elementor-widget-image\" data-id=\"6e159b09\" data-element_type=\"widget\" data-widget_type=\"image.default\">\n\t\t\t\t<div class=\"elementor-widget-container\">\n\t\t\t\t\t\t\t\t\t\t\t\t\t<img fetchpriority=\"high\" decoding=\"async\" width=\"682\" height=\"1024\" src=\"https:\/\/www.ciencuadras.com\/blog\/wp-content\/uploads\/2022\/08\/Foto-sala-decorada-amplia-682x1024.jpg\" class=\"attachment-large size-large wp-image-103749\" alt=\"Foto sala decorada amplia\" srcset=\"https:\/\/www.ciencuadras.com\/blog\/wp-content\/uploads\/2022\/08\/Foto-sala-decorada-amplia-682x1024.jpg 682w, https:\/\/www.ciencuadras.com\/blog\/wp-content\/uploads\/2022\/08\/Foto-sala-decorada-amplia-200x300.jpg 200w, https:\/\/www.ciencuadras.com\/blog\/wp-content\/uploads\/2022\/08\/Foto-sala-decorada-amplia-768x1153.jpg 768w, https:\/\/www.ciencuadras.com\/blog\/wp-content\/uploads\/2022\/08\/Foto-sala-decorada-amplia.jpg 866w\" sizes=\"(max-width: 682px) 100vw, 682px\" \/>\t\t\t\t\t\t\t\t\t\t\t\t\t<\/div>\n\t\t\t\t<\/div>\n\t\t\t\t\t<\/div>\n\t\t<\/div>\n\t\t\t\t<div class=\"elementor-column elementor-col-50 elementor-inner-column elementor-element elementor-element-69289f80\" data-id=\"69289f80\" data-element_type=\"column\">\n\t\t\t<div class=\"elementor-widget-wrap\">\n\t\t\t\t\t\t\t<\/div>\n\t\t<\/div>\n\t\t\t\t\t<\/div>\n\t\t<\/section>\n\t\t\t\t<div class=\"elementor-element elementor-element-2bd2988b elementor-widget elementor-widget-text-editor\" data-id=\"2bd2988b\" data-element_type=\"widget\" data-widget_type=\"text-editor.default\">\n\t\t\t\t<div class=\"elementor-widget-container\">\n\t\t\t\t\t\t\t<p><em>Cr\u00e9ditos: Iv\u00e1n Ortiz<br \/><\/em><\/p>\t\t\t\t\t\t<\/div>\n\t\t\t\t<\/div>\n\t\t\t\t\t<\/div>\n\t\t<\/div>\n\t\t\t\t<div class=\"elementor-column elementor-col-50 elementor-top-column elementor-element elementor-element-7d82af18 elementor-hidden-tablet elementor-hidden-mobile\" data-id=\"7d82af18\" data-element_type=\"column\">\n\t\t\t<div class=\"elementor-widget-wrap elementor-element-populated\">\n\t\t\t\t\t\t<div class=\"elementor-element elementor-element-4e113a42 elementor-widget-divider--view-line elementor-widget elementor-widget-divider\" data-id=\"4e113a42\" data-element_type=\"widget\" data-widget_type=\"divider.default\">\n\t\t\t\t<div class=\"elementor-widget-container\">\n\t\t\t\t\t<div class=\"elementor-divider\">\n\t\t\t<span class=\"elementor-divider-separator\">\n\t\t\t\t\t\t<\/span>\n\t\t<\/div>\n\t\t\t\t<\/div>\n\t\t\t\t<\/div>\n\t\t\t\t<div class=\"elementor-element elementor-element-25e3dda5 elementor-widget elementor-widget-heading\" data-id=\"25e3dda5\" data-element_type=\"widget\" data-widget_type=\"heading.default\">\n\t\t\t\t<div class=\"elementor-widget-container\">\n\t\t\t<h2 class=\"elementor-heading-title elementor-size-default\">Inmuebles en Colombia<\/h2>\t\t<\/div>\n\t\t\t\t<\/div>\n\t\t\t\t<div class=\"elementor-element elementor-element-82a69ae elementor-widget elementor-widget-image\" data-id=\"82a69ae\" data-element_type=\"widget\" data-widget_type=\"image.default\">\n\t\t\t\t<div class=\"elementor-widget-container\">\n\t\t\t\t\t\t\t\t\t\t\t\t\t\t<a href=\"https:\/\/www.ciencuadras.com\/?autopauta=Ambos__articulos_axxis_widget_general_cc_inmuebles_colombia\" target=\"_blank\">\n\t\t\t\t\t\t\t<img decoding=\"async\" width=\"300\" height=\"600\" src=\"https:\/\/www.ciencuadras.com\/blog\/wp-content\/uploads\/2023\/04\/300x600_general-cc.jpg\" class=\"attachment-large size-large wp-image-114346\" alt=\"Inmuebles en colombia Ciencuadras\" srcset=\"https:\/\/www.ciencuadras.com\/blog\/wp-content\/uploads\/2023\/04\/300x600_general-cc.jpg 300w, https:\/\/www.ciencuadras.com\/blog\/wp-content\/uploads\/2023\/04\/300x600_general-cc-150x300.jpg 150w\" sizes=\"(max-width: 300px) 100vw, 300px\" \/>\t\t\t\t\t\t\t\t<\/a>\n\t\t\t\t\t\t\t\t\t\t\t\t\t<\/div>\n\t\t\t\t<\/div>\n\t\t\t\t<div class=\"elementor-element elementor-element-7b2189f1 elementor-widget-divider--view-line elementor-widget elementor-widget-divider\" data-id=\"7b2189f1\" data-element_type=\"widget\" data-widget_type=\"divider.default\">\n\t\t\t\t<div class=\"elementor-widget-container\">\n\t\t\t\t\t<div class=\"elementor-divider\">\n\t\t\t<span class=\"elementor-divider-separator\">\n\t\t\t\t\t\t<\/span>\n\t\t<\/div>\n\t\t\t\t<\/div>\n\t\t\t\t<\/div>\n\t\t\t\t\t<\/div>\n\t\t<\/div>\n\t\t\t\t\t<\/div>\n\t\t<\/section>\n\t\t\t\t<section class=\"elementor-section elementor-top-section elementor-element elementor-element-96e127c elementor-section-boxed elementor-section-height-default elementor-section-height-default\" data-id=\"96e127c\" data-element_type=\"section\">\n\t\t\t\t\t\t<div class=\"elementor-container elementor-column-gap-default\">\n\t\t\t\t\t<div class=\"elementor-column elementor-col-100 elementor-top-column elementor-element elementor-element-ccd749a\" data-id=\"ccd749a\" data-element_type=\"column\">\n\t\t\t<div class=\"elementor-widget-wrap elementor-element-populated\">\n\t\t\t\t\t\t<div class=\"elementor-element elementor-element-a7b68c7 elementor-widget elementor-widget-text-editor\" data-id=\"a7b68c7\" data-element_type=\"widget\" data-widget_type=\"text-editor.default\">\n\t\t\t\t<div class=\"elementor-widget-container\">\n\t\t\t\t\t\t\t<p><span style=\"font-weight: 400;\">Desde la sala, que se une al comedor, se puede disfrutar de una espectacular vista a trav\u00e9s del ventanal que da frente a la terraza.<\/span> <span style=\"font-weight: 400;\">De esta zona, tambi\u00e9n se destaca la madera del suelo, que es de roble europeo, fue importada desde Portugal y presenta un patr\u00f3n chevron cl\u00e1sico.\u00a0<\/span><\/p>\n<p><span style=\"font-weight: 400;\">En sinton\u00eda con la l\u00ednea de interiorismo establecida, observamos una carpinter\u00eda que fue dise\u00f1ada por Aitkenstudio, y construida en nogal y acero negro matizado.<\/span><\/p>\t\t\t\t\t\t<\/div>\n\t\t\t\t<\/div>\n\t\t\t\t<div class=\"elementor-element elementor-element-76078e8 elementor-widget elementor-widget-heading\" data-id=\"76078e8\" data-element_type=\"widget\" data-widget_type=\"heading.default\">\n\t\t\t\t<div class=\"elementor-widget-container\">\n\t\t\t<h3 class=\"elementor-heading-title elementor-size-default\">Un gran espacio multifuncional<\/h3>\t\t<\/div>\n\t\t\t\t<\/div>\n\t\t\t\t<div class=\"elementor-element elementor-element-2238075 elementor-widget elementor-widget-text-editor\" data-id=\"2238075\" data-element_type=\"widget\" data-widget_type=\"text-editor.default\">\n\t\t\t\t<div class=\"elementor-widget-container\">\n\t\t\t\t\t\t\t<p><span style=\"font-weight: 400;\">Al decorar una sala, la elecci\u00f3n del mobiliario, no debe estar determinada solamente por lo est\u00e9tico, sino que es aconsejable que se realice <\/span><b>privilegiando la comodidad y funcionalidad.<\/b><span style=\"font-weight: 400;\"> A la vez, debe haber un hilo conductor con las dem\u00e1s piezas que componen la zona, y con el resto de ambientes de la vivienda.\u00a0<\/span><\/p>\n<p><span style=\"font-weight: 400;\">En el caso del apartamento que vemos a continuaci\u00f3n, las \u00e1reas del inmueble est\u00e1n integradas, de tal suerte, que la sala se comunica tanto con el comedor como con la cocina. <\/span><b>Esta unidad de ambientes genera una gran zona<\/b><span style=\"font-weight: 400;\">, ideal para recibir invitados que pueden reunirse en peque\u00f1os grupos.<\/span><\/p>\n<p><span style=\"font-weight: 400;\">La sala tiene un mobiliario en tonos caf\u00e9s y nudes, que permite crear espacios m\u00e1s peque\u00f1os, al usar las mesas auxiliares y pufs. Por lo tanto, esta zona de grandes proporciones est\u00e1 dise\u00f1ada en funci\u00f3n de la actividad social de sus habitantes.<\/span><\/p>\t\t\t\t\t\t<\/div>\n\t\t\t\t<\/div>\n\t\t\t\t\t<\/div>\n\t\t<\/div>\n\t\t\t\t\t<\/div>\n\t\t<\/section>\n\t\t\t\t<section class=\"elementor-section elementor-top-section elementor-element elementor-element-3301a6f elementor-section-boxed elementor-section-height-default elementor-section-height-default\" data-id=\"3301a6f\" data-element_type=\"section\">\n\t\t\t\t\t\t<div class=\"elementor-container elementor-column-gap-default\">\n\t\t\t\t\t<div class=\"elementor-column elementor-col-100 elementor-top-column elementor-element elementor-element-2ff6488\" data-id=\"2ff6488\" data-element_type=\"column\">\n\t\t\t<div class=\"elementor-widget-wrap elementor-element-populated\">\n\t\t\t\t\t\t<div class=\"elementor-element elementor-element-4434abe elementor-widget elementor-widget-image\" data-id=\"4434abe\" data-element_type=\"widget\" data-widget_type=\"image.default\">\n\t\t\t\t<div class=\"elementor-widget-container\">\n\t\t\t\t\t\t\t\t\t\t\t\t\t<img decoding=\"async\" src=\"https:\/\/www.ciencuadras.com\/blog\/wp-content\/uploads\/elementor\/thumbs\/Sala-amplia-iluminada-ptgg04nug1pln8sx2eg8jrqikk5aybrvk4fgfjotuc.jpg\" title=\"Sala amplia iluminada\" alt=\"\" loading=\"lazy\" \/>\t\t\t\t\t\t\t\t\t\t\t\t\t<\/div>\n\t\t\t\t<\/div>\n\t\t\t\t<div class=\"elementor-element elementor-element-34a1210 elementor-widget elementor-widget-text-editor\" data-id=\"34a1210\" data-element_type=\"widget\" data-widget_type=\"text-editor.default\">\n\t\t\t\t<div class=\"elementor-widget-container\">\n\t\t\t\t\t\t\t<p><em>Cr\u00e9ditos: Iv\u00e1n Ortiz<br \/><\/em><\/p>\t\t\t\t\t\t<\/div>\n\t\t\t\t<\/div>\n\t\t\t\t\t<\/div>\n\t\t<\/div>\n\t\t\t\t\t<\/div>\n\t\t<\/section>\n\t\t\t\t<section class=\"elementor-section elementor-top-section elementor-element elementor-element-5dbbcc93 elementor-section-boxed elementor-section-height-default elementor-section-height-default\" data-id=\"5dbbcc93\" data-element_type=\"section\">\n\t\t\t\t\t\t<div class=\"elementor-container elementor-column-gap-default\">\n\t\t\t\t\t<div class=\"elementor-column elementor-col-100 elementor-top-column elementor-element elementor-element-14710d2c\" data-id=\"14710d2c\" data-element_type=\"column\">\n\t\t\t<div class=\"elementor-widget-wrap elementor-element-populated\">\n\t\t\t\t\t\t<div class=\"elementor-element elementor-element-b4b475e elementor-widget elementor-widget-text-editor\" data-id=\"b4b475e\" data-element_type=\"widget\" data-widget_type=\"text-editor.default\">\n\t\t\t\t<div class=\"elementor-widget-container\">\n\t\t\t\t\t\t\t<p><span style=\"font-weight: 400;\">El interiorismo de corte industrial de este apartamento fue realizado por la dise\u00f1adora barranquillera Francine Szteinberg. La propuesta estuvo inspirada en las necesidades y preferencias de una pareja adulta, que disfruta recibir invitados en su hogar.<\/span><\/p>\t\t\t\t\t\t<\/div>\n\t\t\t\t<\/div>\n\t\t\t\t<div class=\"elementor-element elementor-element-d214f33 elementor-widget elementor-widget-heading\" data-id=\"d214f33\" data-element_type=\"widget\" data-widget_type=\"heading.default\">\n\t\t\t\t<div class=\"elementor-widget-container\">\n\t\t\t<h3 class=\"elementor-heading-title elementor-size-default\">Una atm\u00f3sfera sosegada<\/h3>\t\t<\/div>\n\t\t\t\t<\/div>\n\t\t\t\t<div class=\"elementor-element elementor-element-297fb8a elementor-widget elementor-widget-text-editor\" data-id=\"297fb8a\" data-element_type=\"widget\" data-widget_type=\"text-editor.default\">\n\t\t\t\t<div class=\"elementor-widget-container\">\n\t\t\t\t\t\t\t<p><span style=\"font-weight: 400;\">Las obras de arte dan un toque especial y \u00fanico a las salas. Lo mismo sucede con los libros, las bibliotecas y las fotograf\u00edas. Los tapetes son otra forma de darle car\u00e1cter y calidez a estas \u00e1reas, adem\u00e1s demarcan la zona de manera sutil, tal como se evidencia en este apartamento, ubicado en los cerros orientales de Bogot\u00e1.\u00a0<br \/><br \/><\/span><span style=\"font-weight: 400;\">El proyecto dise\u00f1ado por el interiorista Camilo Sighinolfi, est\u00e1 pensado para acompa\u00f1ar los d\u00edas de una pareja adulta, por consiguiente <\/span><b>recurre a obras de arte, al uso del color, al mobiliario y a tapetes para lograr una atm\u00f3sfera sosegada<\/b><span style=\"font-weight: 400;\">.\u00a0<br \/><br \/><\/span><span style=\"font-weight: 400;\">El dise\u00f1o de la iluminaci\u00f3n complementa el ambiente apacible, al incorporar piezas de la compa\u00f1\u00eda Delta Light, que generan <\/span><b>una luz c\u00e1lida, uniforme, equilibrada y que se ajusta al ritmo tranquilo de los propietarios<\/b><span style=\"font-weight: 400;\">.<\/span><\/p>\t\t\t\t\t\t<\/div>\n\t\t\t\t<\/div>\n\t\t\t\t<div class=\"elementor-element elementor-element-5b655e8 elementor-widget elementor-widget-heading\" data-id=\"5b655e8\" data-element_type=\"widget\" data-widget_type=\"heading.default\">\n\t\t\t\t<div class=\"elementor-widget-container\">\n\t\t\t<p class=\"elementor-heading-title elementor-size-small\">Un interiorismo que genera una atm\u00f3sfera hogare\u00f1a para una pareja adulta.<\/p>\t\t<\/div>\n\t\t\t\t<\/div>\n\t\t\t\t<div class=\"elementor-element elementor-element-114387bc elementor-widget elementor-widget-image\" data-id=\"114387bc\" data-element_type=\"widget\" data-widget_type=\"image.default\">\n\t\t\t\t<div class=\"elementor-widget-container\">\n\t\t\t\t\t\t\t\t\t\t\t\t\t<img decoding=\"async\" src=\"https:\/\/www.ciencuadras.com\/blog\/wp-content\/uploads\/elementor\/thumbs\/Ivan-Ortiz-Slidehome-1-1-pteou0upqqmqq22h8wn1l4sjruxbciqckce8ulj1n8.jpg\" title=\"sala amplia y decorada\" alt=\"\" loading=\"lazy\" \/>\t\t\t\t\t\t\t\t\t\t\t\t\t<\/div>\n\t\t\t\t<\/div>\n\t\t\t\t<div class=\"elementor-element elementor-element-c118c55 elementor-widget elementor-widget-text-editor\" data-id=\"c118c55\" data-element_type=\"widget\" data-widget_type=\"text-editor.default\">\n\t\t\t\t<div class=\"elementor-widget-container\">\n\t\t\t\t\t\t\t<p><em>Cr\u00e9ditos: Iv\u00e1n Ortiz<br \/><\/em><\/p>\t\t\t\t\t\t<\/div>\n\t\t\t\t<\/div>\n\t\t\t\t<div class=\"elementor-element elementor-element-6b8080be elementor-widget elementor-widget-text-editor\" data-id=\"6b8080be\" data-element_type=\"widget\" data-widget_type=\"text-editor.default\">\n\t\t\t\t<div class=\"elementor-widget-container\">\n\t\t\t\t\t\t\t<p><span style=\"font-weight: 400;\">En esta sala observamos que el tono de los muebles coincide con la gama de colores de las paredes, esta homogeneizaci\u00f3n contribuye a generar una atm\u00f3sfera que <\/span><b>fomenta la relajaci\u00f3n y el descanso<\/b><span style=\"font-weight: 400;\">.\u00a0<\/span><\/p>\n<p><span>El mobiliario europeo estuvo a cargo de la empresa de decoraci\u00f3n Gunni &amp; Trentino, con marcas como Fendi, Poltrona Frau, Casa Milano, entre otras. <\/span><b>La alfombra, las sillas y el sof\u00e1, proveen a la sala de superficies blandas que sugieren confort. <\/b><span>Todos estos elementos hacen que esta \u00e1rea sea adecuada para la cotidianidad y el esparcimiento de la familia.<\/span><\/p>\n<p><span style=\"font-weight: 400;\">Por otro lado, y aunque sobresalen los colores neutros y existe una uniformidad crom\u00e1tica, la decoraci\u00f3n incluye toques de color que le aportan personalidad al espacio, como la manta y los elementos decorativos sobre las mesas.<\/span><\/p>\t\t\t\t\t\t<\/div>\n\t\t\t\t<\/div>\n\t\t\t\t<div class=\"elementor-element elementor-element-25c81c92 elementor-widget elementor-widget-heading\" data-id=\"25c81c92\" data-element_type=\"widget\" data-widget_type=\"heading.default\">\n\t\t\t\t<div class=\"elementor-widget-container\">\n\t\t\t<h3 class=\"elementor-heading-title elementor-size-default\">Una sala de caracter industrial<\/h3>\t\t<\/div>\n\t\t\t\t<\/div>\n\t\t\t\t<div class=\"elementor-element elementor-element-f84a39c elementor-widget elementor-widget-image\" data-id=\"f84a39c\" data-element_type=\"widget\" data-widget_type=\"image.default\">\n\t\t\t\t<div class=\"elementor-widget-container\">\n\t\t\t\t\t\t\t\t\t\t\t\t\t<img decoding=\"async\" src=\"https:\/\/www.ciencuadras.com\/blog\/wp-content\/uploads\/elementor\/thumbs\/foto-Ivan-Ortiz4-1-pteonpdrstzcof8w56bbtq700m2hlrnb12iqpmwbh0.jpg\" title=\"salas iluminadas y grandes\" alt=\"salas iluminadas y grandes\" loading=\"lazy\" \/>\t\t\t\t\t\t\t\t\t\t\t\t\t<\/div>\n\t\t\t\t<\/div>\n\t\t\t\t<div class=\"elementor-element elementor-element-78e80de elementor-widget elementor-widget-text-editor\" data-id=\"78e80de\" data-element_type=\"widget\" data-widget_type=\"text-editor.default\">\n\t\t\t\t<div class=\"elementor-widget-container\">\n\t\t\t\t\t\t\t<p><em>Cr\u00e9ditos: Iv\u00e1n Ortiz<br \/><\/em><\/p>\t\t\t\t\t\t<\/div>\n\t\t\t\t<\/div>\n\t\t\t\t<div class=\"elementor-element elementor-element-7fe37d07 elementor-widget elementor-widget-text-editor\" data-id=\"7fe37d07\" data-element_type=\"widget\" data-widget_type=\"text-editor.default\">\n\t\t\t\t<div class=\"elementor-widget-container\">\n\t\t\t\t\t\t\t<p><span style=\"font-weight: 400;\">Cuando se trata de decorar una sala, adem\u00e1s de favorecer la comodidad y funcionalidad de la zona, se revelan las preferencias est\u00e9ticas de los residentes de la vivienda. Raz\u00f3n por la cual, este apartamento ubicado en los cerros de Suba,<\/span> <span style=\"font-weight: 400;\">se transform\u00f3 en un lugar con car\u00e1cter industrial, y a la vez, en un ambiente minimalista y acogedor.<\/span><\/p>\n<p><span style=\"font-weight: 400;\">Para lograrlo, el arquitecto concibi\u00f3 <\/span><b>una zona social enmarcada por paredes de tonos grises, <\/b><span style=\"font-weight: 400;\">que se compone de dos salas independientes, pero articuladas por una gran chimenea.<\/span><\/p>\t\t\t\t\t\t<\/div>\n\t\t\t\t<\/div>\n\t\t\t\t<div class=\"elementor-element elementor-element-24856ef elementor-widget elementor-widget-image\" data-id=\"24856ef\" data-element_type=\"widget\" data-widget_type=\"image.default\">\n\t\t\t\t<div class=\"elementor-widget-container\">\n\t\t\t\t\t\t\t\t\t\t\t\t\t<img decoding=\"async\" src=\"https:\/\/www.ciencuadras.com\/blog\/wp-content\/uploads\/elementor\/thumbs\/Foto-Iva\u0301n-Ortiz-1-pteonmk98bvhplczln3g48wm8ggdyoc40oka9t0hzo.jpg\" title=\"sala de casa moderna y amplia\" alt=\"sala de casa moderna y amplia\" loading=\"lazy\" \/>\t\t\t\t\t\t\t\t\t\t\t\t\t<\/div>\n\t\t\t\t<\/div>\n\t\t\t\t<div class=\"elementor-element elementor-element-4756509 elementor-widget elementor-widget-text-editor\" data-id=\"4756509\" data-element_type=\"widget\" data-widget_type=\"text-editor.default\">\n\t\t\t\t<div class=\"elementor-widget-container\">\n\t\t\t\t\t\t\t<p><em><strong><i>El segundo espacio tiene como protagonista obras del artista cubano Juan Carlos Rivero-Cintra. <\/i><\/strong><\/em><\/p><p><em>Cr\u00e9ditos: Iv\u00e1n Ortiz<\/em><\/p>\t\t\t\t\t\t<\/div>\n\t\t\t\t<\/div>\n\t\t\t\t<div class=\"elementor-element elementor-element-516fccc6 elementor-widget elementor-widget-text-editor\" data-id=\"516fccc6\" data-element_type=\"widget\" data-widget_type=\"text-editor.default\">\n\t\t\t\t<div class=\"elementor-widget-container\">\n\t\t\t\t\t\t\t<p><span style=\"font-weight: 400;\">El \u00e1rea social cuenta con una silla roja, dos mesas de centro de BoConcept y obras del artista cubano Juan Carlos Rivero-Cintra. Asimismo, en la sala sobresale una biblioteca, dos sillas de Perceptual y el sof\u00e1 chester de cuero negro, de Zientte.<\/span><\/p><p><span style=\"font-weight: 400;\">Contempor\u00e1nea o minimalista, peque\u00f1a o grande, abierta o cerrada, la sala es un espacio que conecta una vivienda y une a la familia. As\u00ed que debemos recordar que el dise\u00f1o de interiorismo adecuado depende de las necesidades y afinidades de cada hogar. <\/span><a href=\"https:\/\/www.ciencuadras.com\/?autopauta=Ambos_Link_salas_Ciencuadras_Cierre_\"><b>Ciencuadras<\/b><\/a><span style=\"font-weight: 400;\">, cuadra todo.<\/span><\/p>\t\t\t\t\t\t<\/div>\n\t\t\t\t<\/div>\n\t\t\t\t<div class=\"elementor-element elementor-element-482eabb elementor-widget elementor-widget-text-editor\" data-id=\"482eabb\" data-element_type=\"widget\" data-widget_type=\"text-editor.default\">\n\t\t\t\t<div class=\"elementor-widget-container\">\n\t\t\t\t\t\t\t<p><em>Cr\u00e9ditos: Iv\u00e1n Ortiz<br \/><\/em><\/p>\t\t\t\t\t\t<\/div>\n\t\t\t\t<\/div>\n\t\t\t\t\t<\/div>\n\t\t<\/div>\n\t\t\t\t\t<\/div>\n\t\t<\/section>\n\t\t\t\t<section class=\"elementor-section elementor-top-section elementor-element elementor-element-5c55a23b elementor-section-boxed elementor-section-height-default elementor-section-height-default\" data-id=\"5c55a23b\" data-element_type=\"section\">\n\t\t\t\t\t\t<div class=\"elementor-container elementor-column-gap-default\">\n\t\t\t\t\t<div class=\"elementor-column elementor-col-33 elementor-top-column elementor-element elementor-element-6366e3db\" data-id=\"6366e3db\" data-element_type=\"column\">\n\t\t\t<div class=\"elementor-widget-wrap elementor-element-populated\">\n\t\t\t\t\t\t<div class=\"elementor-element elementor-element-62683a8a elementor-widget elementor-widget-image\" data-id=\"62683a8a\" data-element_type=\"widget\" data-widget_type=\"image.default\">\n\t\t\t\t<div class=\"elementor-widget-container\">\n\t\t\t\t\t\t\t\t\t\t\t\t\t<img decoding=\"async\" src=\"https:\/\/www.ciencuadras.com\/blog\/wp-content\/uploads\/2022\/08\/logo-axxis.png\" title=\"logo revista axxis\" alt=\"logo revista axxis\" loading=\"lazy\" \/>\t\t\t\t\t\t\t\t\t\t\t\t\t<\/div>\n\t\t\t\t<\/div>\n\t\t\t\t\t<\/div>\n\t\t<\/div>\n\t\t\t\t<div class=\"elementor-column elementor-col-66 elementor-top-column elementor-element elementor-element-2bca7d11\" data-id=\"2bca7d11\" data-element_type=\"column\">\n\t\t\t<div class=\"elementor-widget-wrap elementor-element-populated\">\n\t\t\t\t\t\t<div class=\"elementor-element elementor-element-400e9ea2 elementor-widget elementor-widget-heading\" data-id=\"400e9ea2\" data-element_type=\"widget\" data-widget_type=\"heading.default\">\n\t\t\t\t<div class=\"elementor-widget-container\">\n\t\t\t<h2 class=\"elementor-heading-title elementor-size-default\">Revista Axxis<\/h2>\t\t<\/div>\n\t\t\t\t<\/div>\n\t\t\t\t<div class=\"elementor-element elementor-element-217394f8 elementor-widget elementor-widget-text-editor\" data-id=\"217394f8\" data-element_type=\"widget\" data-widget_type=\"text-editor.default\">\n\t\t\t\t<div class=\"elementor-widget-container\">\n\t\t\t\t\t\t\t<p><span style=\"color: #222222; font-family: Arial, Helvetica, sans-serif; font-size: small;\">La Revista Axxis es la publicaci\u00f3n l\u00edder en arquitectura, dise\u00f1o y decoraci\u00f3n en Colombia. En esta alianza con Ciencuadras, presenta los mejores tips para inspirar a profesionales y aficionados a sacar lo mejor de sus hogares.&nbsp;<\/span><\/p>\t\t\t\t\t\t<\/div>\n\t\t\t\t<\/div>\n\t\t\t\t\t<\/div>\n\t\t<\/div>\n\t\t\t\t\t<\/div>\n\t\t<\/section>\n\t\t\t\t<section class=\"elementor-section elementor-top-section elementor-element elementor-element-7a7c1616 elementor-section-boxed elementor-section-height-default elementor-section-height-default\" data-id=\"7a7c1616\" data-element_type=\"section\">\n\t\t\t\t\t\t<div class=\"elementor-container elementor-column-gap-default\">\n\t\t\t\t\t<div class=\"elementor-column elementor-col-100 elementor-top-column elementor-element elementor-element-6ef566d1\" data-id=\"6ef566d1\" data-element_type=\"column\">\n\t\t\t<div class=\"elementor-widget-wrap elementor-element-populated\">\n\t\t\t\t\t\t<div class=\"elementor-element elementor-element-2bdf35ac elementor-widget__width-initial elementor-widget elementor-widget-heading\" data-id=\"2bdf35ac\" data-element_type=\"widget\" data-widget_type=\"heading.default\">\n\t\t\t\t<div class=\"elementor-widget-container\">\n\t\t\t<h2 class=\"elementor-heading-title elementor-size-default\">Art\u00edculos relacionados <\/h2>\t\t<\/div>\n\t\t\t\t<\/div>\n\t\t\t\t\t<\/div>\n\t\t<\/div>\n\t\t\t\t\t<\/div>\n\t\t<\/section>\n\t\t\t\t<section class=\"elementor-section elementor-top-section elementor-element elementor-element-efb8c1c elementor-section-boxed elementor-section-height-default elementor-section-height-default\" data-id=\"efb8c1c\" data-element_type=\"section\">\n\t\t\t\t\t\t<div class=\"elementor-container elementor-column-gap-default\">\n\t\t\t\t\t<div class=\"elementor-column elementor-col-33 elementor-top-column elementor-element elementor-element-61ce930\" data-id=\"61ce930\" data-element_type=\"column\">\n\t\t\t<div class=\"elementor-widget-wrap elementor-element-populated\">\n\t\t\t\t\t\t<div class=\"elementor-element elementor-element-90e020d elementor-position-top elementor-widget elementor-widget-image-box\" data-id=\"90e020d\" data-element_type=\"widget\" data-widget_type=\"image-box.default\">\n\t\t\t\t<div class=\"elementor-widget-container\">\n\t\t\t<div class=\"elementor-image-box-wrapper\"><figure class=\"elementor-image-box-img\"><a href=\"https:\/\/www.ciencuadras.com\/blog\/espacios-al-cien-5-secretos-dormitorio-mas-grande\" target=\"_blank\" tabindex=\"-1\"><img decoding=\"async\" width=\"320\" height=\"368\" src=\"https:\/\/www.ciencuadras.com\/blog\/wp-content\/uploads\/2022\/10\/320x368_axxis_dormitorio-grande.png\" class=\"attachment-full size-full wp-image-107019\" alt=\"dormitorios mas grandes Axxis\" srcset=\"https:\/\/www.ciencuadras.com\/blog\/wp-content\/uploads\/2022\/10\/320x368_axxis_dormitorio-grande.png 320w, https:\/\/www.ciencuadras.com\/blog\/wp-content\/uploads\/2022\/10\/320x368_axxis_dormitorio-grande-261x300.png 261w\" sizes=\"(max-width: 320px) 100vw, 320px\" \/><\/a><\/figure><div class=\"elementor-image-box-content\"><h3 class=\"elementor-image-box-title\"><a href=\"https:\/\/www.ciencuadras.com\/blog\/espacios-al-cien-5-secretos-dormitorio-mas-grande\" target=\"_blank\">Secretos para que tu dormitorio luzca m\u00e1s grande<\/a><\/h3><p class=\"elementor-image-box-description\">LEER M\u00c1S\n<\/p><\/div><\/div>\t\t<\/div>\n\t\t\t\t<\/div>\n\t\t\t\t\t<\/div>\n\t\t<\/div>\n\t\t\t\t<div class=\"elementor-column elementor-col-33 elementor-top-column elementor-element elementor-element-d0bbed6\" data-id=\"d0bbed6\" data-element_type=\"column\">\n\t\t\t<div class=\"elementor-widget-wrap elementor-element-populated\">\n\t\t\t\t\t\t<div class=\"elementor-element elementor-element-3029c81 elementor-position-top elementor-widget elementor-widget-image-box\" data-id=\"3029c81\" data-element_type=\"widget\" data-widget_type=\"image-box.default\">\n\t\t\t\t<div class=\"elementor-widget-container\">\n\t\t\t<div class=\"elementor-image-box-wrapper\"><figure class=\"elementor-image-box-img\"><a href=\"https:\/\/www.ciencuadras.com\/blog\/espacios-al-cien-tendencias-deco-para-renovar-el-hogar\" target=\"_blank\" tabindex=\"-1\"><img loading=\"lazy\" decoding=\"async\" width=\"320\" height=\"368\" src=\"https:\/\/www.ciencuadras.com\/blog\/wp-content\/uploads\/2022\/10\/320x368_axxis_tendencias-deco.png\" class=\"attachment-full size-full wp-image-107021\" alt=\"\" srcset=\"https:\/\/www.ciencuadras.com\/blog\/wp-content\/uploads\/2022\/10\/320x368_axxis_tendencias-deco.png 320w, https:\/\/www.ciencuadras.com\/blog\/wp-content\/uploads\/2022\/10\/320x368_axxis_tendencias-deco-261x300.png 261w\" sizes=\"(max-width: 320px) 100vw, 320px\" \/><\/a><\/figure><div class=\"elementor-image-box-content\"><h3 class=\"elementor-image-box-title\"><a href=\"https:\/\/www.ciencuadras.com\/blog\/espacios-al-cien-tendencias-deco-para-renovar-el-hogar\" target=\"_blank\">Tendencias deco para renovar el hogar<\/a><\/h3><p class=\"elementor-image-box-description\">LEER M\u00c1S\n<\/p><\/div><\/div>\t\t<\/div>\n\t\t\t\t<\/div>\n\t\t\t\t\t<\/div>\n\t\t<\/div>\n\t\t\t\t<div class=\"elementor-column elementor-col-33 elementor-top-column elementor-element elementor-element-0a10dbb\" data-id=\"0a10dbb\" data-element_type=\"column\">\n\t\t\t<div class=\"elementor-widget-wrap elementor-element-populated\">\n\t\t\t\t\t\t<div class=\"elementor-element elementor-element-039d536 elementor-position-top elementor-widget elementor-widget-image-box\" data-id=\"039d536\" data-element_type=\"widget\" data-widget_type=\"image-box.default\">\n\t\t\t\t<div class=\"elementor-widget-container\">\n\t\t\t<div class=\"elementor-image-box-wrapper\"><figure class=\"elementor-image-box-img\"><a href=\"https:\/\/www.ciencuadras.com\/blog\/espacios-al-cien-7-beneficios-de-decorar-con-espejos\" target=\"_blank\" tabindex=\"-1\"><img loading=\"lazy\" decoding=\"async\" width=\"320\" height=\"368\" src=\"https:\/\/www.ciencuadras.com\/blog\/wp-content\/uploads\/2022\/10\/320x368_axxis_decorar-con-espejos.png\" class=\"attachment-full size-full wp-image-107025\" alt=\"decorar con espejos el hogar\" srcset=\"https:\/\/www.ciencuadras.com\/blog\/wp-content\/uploads\/2022\/10\/320x368_axxis_decorar-con-espejos.png 320w, https:\/\/www.ciencuadras.com\/blog\/wp-content\/uploads\/2022\/10\/320x368_axxis_decorar-con-espejos-261x300.png 261w\" sizes=\"(max-width: 320px) 100vw, 320px\" \/><\/a><\/figure><div class=\"elementor-image-box-content\"><h3 class=\"elementor-image-box-title\"><a href=\"https:\/\/www.ciencuadras.com\/blog\/espacios-al-cien-7-beneficios-de-decorar-con-espejos\" target=\"_blank\">7 beneficios de decorar con espejos tu casa<\/a><\/h3><p class=\"elementor-image-box-description\">LEER M\u00c1S\n<\/p><\/div><\/div>\t\t<\/div>\n\t\t\t\t<\/div>\n\t\t\t\t\t<\/div>\n\t\t<\/div>\n\t\t\t\t\t<\/div>\n\t\t<\/section>\n\t\t\t\t<\/div>\n\t\t\n","protected":false},"excerpt":{"rendered":"<p>Ideas para lograr salas con personalidad \u00a0Cr\u00e9ditos: Iv\u00e1n Ortiz La sala es el espacio social por excelencia, donde \u2013por lo general\u2013 hacemos un esfuerzo mayor &hellip;<\/p>\n","protected":false},"author":2,"featured_media":0,"parent":0,"menu_order":0,"comment_status":"closed","ping_status":"closed","template":"","meta":{"footnotes":""},"acf":[],"yoast_head":"<!-- This site is optimized with the Yoast SEO plugin v15.9 - https:\/\/yoast.com\/wordpress\/plugins\/seo\/ -->\n<title>Tips para tener una sala con personalidad | Ciencuadras<\/title>\n<meta name=\"description\" content=\"Conoce c\u00f3mo utilizar elementos creativos para la sala de tu hogar. \u00a1Mejora el ambiente de tu casa y descubre todas las alternativas!\" \/>\n<meta name=\"robots\" content=\"index, follow, max-snippet:-1, max-image-preview:large, max-video-preview:-1\" \/>\n<link rel=\"canonical\" href=\"https:\/\/www.ciencuadras.com\/blog\/espacios-al-cien-ideas-para-salas-con-personalidad\" \/>\n<meta property=\"og:locale\" content=\"es_ES\" \/>\n<meta property=\"og:type\" content=\"article\" \/>\n<meta property=\"og:title\" content=\"Tips para tener una sala con personalidad | Ciencuadras\" \/>\n<meta property=\"og:description\" content=\"Conoce c\u00f3mo utilizar elementos creativos para la sala de tu hogar. \u00a1Mejora el ambiente de tu casa y descubre todas las alternativas!\" \/>\n<meta property=\"og:url\" content=\"https:\/\/www.ciencuadras.com\/blog\/espacios-al-cien-ideas-para-salas-con-personalidad\" \/>\n<meta property=\"article:publisher\" content=\"https:\/\/www.facebook.com\/ciencuadras\/\" \/>\n<meta property=\"article:modified_time\" content=\"2023-04-03T15:21:18+00:00\" \/>\n<meta property=\"og:image\" content=\"https:\/\/www.ciencuadras.com\/blog\/wp-content\/uploads\/elementor\/thumbs\/Sala-grande-y-colorida-ptgfy57zzx2l9eo32bprivhy1ftavqroauu0ekn9t0.jpg\" \/>\n<meta name=\"twitter:card\" content=\"summary_large_image\" \/>\n<meta name=\"twitter:site\" content=\"@ciencuadras\" \/>\n<meta name=\"twitter:label1\" content=\"Est. reading time\">\n\t<meta name=\"twitter:data1\" content=\"7 minutos\">\n<script type=\"application\/ld+json\" class=\"yoast-schema-graph\">{\"@context\":\"https:\/\/schema.org\",\"@graph\":[{\"@type\":\"Organization\",\"@id\":\"https:\/\/www.ciencuadras.com\/blog\/#organization\",\"name\":\"Ciencuadras.com\",\"url\":\"https:\/\/www.ciencuadras.com\/blog\/\",\"sameAs\":[\"https:\/\/www.facebook.com\/ciencuadras\/\",\"https:\/\/www.instagram.com\/ciencuadras\/\",\"https:\/\/co.linkedin.com\/company\/ciencuadras\",\"https:\/\/www.youtube.com\/channel\/UC_f830HP5dUy6OjBIbjtlAw\",\"https:\/\/twitter.com\/ciencuadras\"],\"logo\":{\"@type\":\"ImageObject\",\"@id\":\"https:\/\/www.ciencuadras.com\/blog\/#logo\",\"inLanguage\":\"es-CO\",\"url\":\"\",\"caption\":\"Ciencuadras.com\"},\"image\":{\"@id\":\"https:\/\/www.ciencuadras.com\/blog\/#logo\"}},{\"@type\":\"WebSite\",\"@id\":\"https:\/\/www.ciencuadras.com\/blog\/#website\",\"url\":\"https:\/\/www.ciencuadras.com\/blog\/\",\"name\":\"\",\"description\":\"\",\"publisher\":{\"@id\":\"https:\/\/www.ciencuadras.com\/blog\/#organization\"},\"potentialAction\":[{\"@type\":\"SearchAction\",\"target\":\"https:\/\/www.ciencuadras.com\/blog\/?s={search_term_string}\",\"query-input\":\"required name=search_term_string\"}],\"inLanguage\":\"es-CO\"},{\"@type\":\"ImageObject\",\"@id\":\"https:\/\/www.ciencuadras.com\/blog\/espacios-al-cien-ideas-para-salas-con-personalidad#primaryimage\",\"inLanguage\":\"es-CO\",\"url\":\"https:\/\/www.ciencuadras.com\/blog\/wp-content\/uploads\/elementor\/thumbs\/Sala-grande-y-colorida-ptgfy57zzx2l9eo32bprivhy1ftavqroauu0ekn9t0.jpg\"},{\"@type\":\"WebPage\",\"@id\":\"https:\/\/www.ciencuadras.com\/blog\/espacios-al-cien-ideas-para-salas-con-personalidad#webpage\",\"url\":\"https:\/\/www.ciencuadras.com\/blog\/espacios-al-cien-ideas-para-salas-con-personalidad\",\"name\":\"Tips para tener una sala con personalidad | Ciencuadras\",\"isPartOf\":{\"@id\":\"https:\/\/www.ciencuadras.com\/blog\/#website\"},\"primaryImageOfPage\":{\"@id\":\"https:\/\/www.ciencuadras.com\/blog\/espacios-al-cien-ideas-para-salas-con-personalidad#primaryimage\"},\"datePublished\":\"2022-08-18T18:37:54+00:00\",\"dateModified\":\"2023-04-03T15:21:18+00:00\",\"description\":\"Conoce c\\u00f3mo utilizar elementos creativos para la sala de tu hogar. \\u00a1Mejora el ambiente de tu casa y descubre todas las alternativas!\",\"breadcrumb\":{\"@id\":\"https:\/\/www.ciencuadras.com\/blog\/espacios-al-cien-ideas-para-salas-con-personalidad#breadcrumb\"},\"inLanguage\":\"es-CO\",\"potentialAction\":[{\"@type\":\"ReadAction\",\"target\":[\"https:\/\/www.ciencuadras.com\/blog\/espacios-al-cien-ideas-para-salas-con-personalidad\"]}]},{\"@type\":\"BreadcrumbList\",\"@id\":\"https:\/\/www.ciencuadras.com\/blog\/espacios-al-cien-ideas-para-salas-con-personalidad#breadcrumb\",\"itemListElement\":[{\"@type\":\"ListItem\",\"position\":1,\"item\":{\"@type\":\"WebPage\",\"@id\":\"https:\/\/www.ciencuadras.com\/blog\",\"url\":\"https:\/\/www.ciencuadras.com\/blog\",\"name\":\"Blog\"}},{\"@type\":\"ListItem\",\"position\":2,\"item\":{\"@type\":\"WebPage\",\"@id\":\"https:\/\/www.ciencuadras.com\/blog\/espacios-al-cien-ideas-para-salas-con-personalidad\",\"url\":\"https:\/\/www.ciencuadras.com\/blog\/espacios-al-cien-ideas-para-salas-con-personalidad\",\"name\":\"Espacios al Cien By Axxis\"}}]}]}<\/script>\n<!-- \/ Yoast SEO plugin. -->","_links":{"self":[{"href":"https:\/\/www.ciencuadras.com\/blog\/wp-json\/wp\/v2\/pages\/103191"}],"collection":[{"href":"https:\/\/www.ciencuadras.com\/blog\/wp-json\/wp\/v2\/pages"}],"about":[{"href":"https:\/\/www.ciencuadras.com\/blog\/wp-json\/wp\/v2\/types\/page"}],"author":[{"embeddable":true,"href":"https:\/\/www.ciencuadras.com\/blog\/wp-json\/wp\/v2\/users\/2"}],"replies":[{"embeddable":true,"href":"https:\/\/www.ciencuadras.com\/blog\/wp-json\/wp\/v2\/comments?post=103191"}],"version-history":[{"count":273,"href":"https:\/\/www.ciencuadras.com\/blog\/wp-json\/wp\/v2\/pages\/103191\/revisions"}],"predecessor-version":[{"id":114352,"href":"https:\/\/www.ciencuadras.com\/blog\/wp-json\/wp\/v2\/pages\/103191\/revisions\/114352"}],"wp:attachment":[{"href":"https:\/\/www.ciencuadras.com\/blog\/wp-json\/wp\/v2\/media?parent=103191"}],"curies":[{"name":"wp","href":"https:\/\/api.w.org\/{rel}","templated":true}]}}