{"id":106494,"date":"2022-10-05T16:03:46","date_gmt":"2022-10-05T21:03:46","guid":{"rendered":"https:\/\/www.ciencuadras.com\/blog\/?page_id=106494"},"modified":"2023-04-03T10:28:22","modified_gmt":"2023-04-03T15:28:22","slug":"espacios-al-cien-camas-estilos-tamanos-formas","status":"publish","type":"page","link":"https:\/\/www.ciencuadras.com\/blog\/espacios-al-cien-camas-estilos-tamanos-formas","title":{"rendered":"Espacios al Cien By Axxis"},"content":{"rendered":"\t\t<div data-elementor-type=\"wp-page\" data-elementor-id=\"106494\" class=\"elementor elementor-106494\" data-elementor-post-type=\"page\">\n\t\t\t\t\n\t\t<section class=\"elementor-section elementor-top-section elementor-element elementor-element-cb82d1e elementor-section-boxed elementor-section-height-default elementor-section-height-default\" data-id=\"cb82d1e\" data-element_type=\"section\">\n\t\t\t\t\t\t<div class=\"elementor-container elementor-column-gap-default\">\n\t\t\t\t\t<div class=\"elementor-column elementor-col-100 elementor-top-column elementor-element elementor-element-5883bf8e\" data-id=\"5883bf8e\" data-element_type=\"column\">\n\t\t\t<div class=\"elementor-widget-wrap elementor-element-populated\">\n\t\t\t\t\t\t<div class=\"elementor-element elementor-element-26173e88 elementor-widget elementor-widget-heading\" data-id=\"26173e88\" data-element_type=\"widget\" data-widget_type=\"heading.default\">\n\t\t\t\t<div class=\"elementor-widget-container\">\n\t\t\t<h1 class=\"elementor-heading-title elementor-size-default\">Camas: estilos, tama\u00f1os, formas y c\u00f3mo elegirlas<\/h1>\t\t<\/div>\n\t\t\t\t<\/div>\n\t\t\t\t<div class=\"elementor-element elementor-element-9a216fa elementor-widget elementor-widget-image\" data-id=\"9a216fa\" data-element_type=\"widget\" data-widget_type=\"image.default\">\n\t\t\t\t<div class=\"elementor-widget-container\">\n\t\t\t\t\t\t\t\t\t\t\t\t\t<img fetchpriority=\"high\" decoding=\"async\" width=\"700\" height=\"467\" src=\"https:\/\/www.ciencuadras.com\/blog\/wp-content\/uploads\/2022\/10\/Apto-Catherine-Moggio-Flia.-Ortega-Foto-Iva\u0301n-Ortiz.jpg\" class=\"attachment-full size-full wp-image-107123\" alt=\"cama con dise\u00f1o en casa\" srcset=\"https:\/\/www.ciencuadras.com\/blog\/wp-content\/uploads\/2022\/10\/Apto-Catherine-Moggio-Flia.-Ortega-Foto-Iva\u0301n-Ortiz.jpg 700w, https:\/\/www.ciencuadras.com\/blog\/wp-content\/uploads\/2022\/10\/Apto-Catherine-Moggio-Flia.-Ortega-Foto-Iva\u0301n-Ortiz-300x200.jpg 300w\" sizes=\"(max-width: 700px) 100vw, 700px\" \/>\t\t\t\t\t\t\t\t\t\t\t\t\t<\/div>\n\t\t\t\t<\/div>\n\t\t\t\t\t<\/div>\n\t\t<\/div>\n\t\t\t\t\t<\/div>\n\t\t<\/section>\n\t\t\t\t<section class=\"elementor-section elementor-top-section elementor-element elementor-element-1ef7b4f3 elementor-section-boxed elementor-section-height-default elementor-section-height-default\" data-id=\"1ef7b4f3\" data-element_type=\"section\">\n\t\t\t\t\t\t<div class=\"elementor-container elementor-column-gap-default\">\n\t\t\t\t\t<div class=\"elementor-column elementor-col-100 elementor-top-column elementor-element elementor-element-4189e31d\" data-id=\"4189e31d\" data-element_type=\"column\">\n\t\t\t<div class=\"elementor-widget-wrap elementor-element-populated\">\n\t\t\t\t\t\t<div class=\"elementor-element elementor-element-5e6ee71b elementor-widget elementor-widget-text-editor\" data-id=\"5e6ee71b\" data-element_type=\"widget\" data-widget_type=\"text-editor.default\">\n\t\t\t\t<div class=\"elementor-widget-container\">\n\t\t\t\t\t\t\t<p><em>\u00a0Cr\u00e9ditos: Iv\u00e1n Ortiz<\/em><\/p>\t\t\t\t\t\t<\/div>\n\t\t\t\t<\/div>\n\t\t\t\t\t<\/div>\n\t\t<\/div>\n\t\t\t\t\t<\/div>\n\t\t<\/section>\n\t\t\t\t<section class=\"elementor-section elementor-top-section elementor-element elementor-element-4e934b0f elementor-section-boxed elementor-section-height-default elementor-section-height-default\" data-id=\"4e934b0f\" data-element_type=\"section\">\n\t\t\t\t\t\t<div class=\"elementor-container elementor-column-gap-default\">\n\t\t\t\t\t<div class=\"elementor-column elementor-col-100 elementor-top-column elementor-element elementor-element-64e35a51\" data-id=\"64e35a51\" data-element_type=\"column\">\n\t\t\t<div class=\"elementor-widget-wrap elementor-element-populated\">\n\t\t\t\t\t\t<div class=\"elementor-element elementor-element-548dd19 elementor-widget elementor-widget-text-editor\" data-id=\"548dd19\" data-element_type=\"widget\" data-widget_type=\"text-editor.default\">\n\t\t\t\t<div class=\"elementor-widget-container\">\n\t\t\t\t\t\t\t<p><span style=\"font-weight: 400;\">La cama es uno de los muebles m\u00e1s importantes del hogar. Por eso, trasciende el lugar, las costumbres y los h\u00e1bitos; nadie puede prescindir de ella porque el sue\u00f1o es vital para la salud de cualquier persona. Esto, junto con la premisa de adaptarla a nuestra forma de vida, convierte su elecci\u00f3n en un tema esencial que hoy, gracias a la invenci\u00f3n de nuevas formas y materiales, podemos escoger en funci\u00f3n de nuestras propias necesidades.<\/span><\/p>\t\t\t\t\t\t<\/div>\n\t\t\t\t<\/div>\n\t\t\t\t\t<\/div>\n\t\t<\/div>\n\t\t\t\t\t<\/div>\n\t\t<\/section>\n\t\t\t\t<section class=\"elementor-section elementor-top-section elementor-element elementor-element-47099ec0 elementor-section-boxed elementor-section-height-default elementor-section-height-default\" data-id=\"47099ec0\" data-element_type=\"section\">\n\t\t\t\t\t\t<div class=\"elementor-container elementor-column-gap-default\">\n\t\t\t\t\t<div class=\"elementor-column elementor-col-50 elementor-top-column elementor-element elementor-element-3878cdf\" data-id=\"3878cdf\" data-element_type=\"column\">\n\t\t\t<div class=\"elementor-widget-wrap elementor-element-populated\">\n\t\t\t\t\t\t<div class=\"elementor-element elementor-element-6a394622 elementor-widget elementor-widget-heading\" data-id=\"6a394622\" data-element_type=\"widget\" data-widget_type=\"heading.default\">\n\t\t\t\t<div class=\"elementor-widget-container\">\n\t\t\t<h2 class=\"elementor-heading-title elementor-size-default\">Elevada sobre una plataforma\n<\/h2>\t\t<\/div>\n\t\t\t\t<\/div>\n\t\t\t\t<div class=\"elementor-element elementor-element-19e74172 elementor-widget elementor-widget-text-editor\" data-id=\"19e74172\" data-element_type=\"widget\" data-widget_type=\"text-editor.default\">\n\t\t\t\t<div class=\"elementor-widget-container\">\n\t\t\t\t\t\t\t<p><span style=\"font-weight: 400;\">Un podio de madera sirve como base para esta cama doble. En esta habitaci\u00f3n la madera est\u00e1 presente no solo en su estructura, sino en el cabecero y las mesas de noche, por lo que era importante diferenciar la zona de descanso de la de almacenaje.<\/span><\/p><p><span style=\"font-weight: 400;\">La estrategia consisti\u00f3, as\u00ed, en elevar la cama unos cent\u00edmetros por encima del suelo, haciendo que esta sea la protagonista del espacio, aunque est\u00e9 fabricada en el mismo material que las dem\u00e1s piezas del mobiliario.\u00a0<\/span><\/p><p><span style=\"font-weight: 400;\">Si prefieres que la cama, el cabecero y las mesas de noche sean del mismo color y material, <\/span><b>lo mejor ser\u00e1 que la cama est\u00e9 levantada para diferenciarla del resto.<\/b><\/p>\t\t\t\t\t\t<\/div>\n\t\t\t\t<\/div>\n\t\t\t\t<div class=\"elementor-element elementor-element-57d0d80 elementor-widget elementor-widget-heading\" data-id=\"57d0d80\" data-element_type=\"widget\" data-widget_type=\"heading.default\">\n\t\t\t\t<div class=\"elementor-widget-container\">\n\t\t\t<h2 class=\"elementor-heading-title elementor-size-default\">Bases modulares\n<\/h2>\t\t<\/div>\n\t\t\t\t<\/div>\n\t\t\t\t<section class=\"elementor-section elementor-inner-section elementor-element elementor-element-21955647 elementor-section-boxed elementor-section-height-default elementor-section-height-default\" data-id=\"21955647\" data-element_type=\"section\">\n\t\t\t\t\t\t<div class=\"elementor-container elementor-column-gap-default\">\n\t\t\t\t\t<div class=\"elementor-column elementor-col-50 elementor-inner-column elementor-element elementor-element-1ddfea37\" data-id=\"1ddfea37\" data-element_type=\"column\">\n\t\t\t<div class=\"elementor-widget-wrap elementor-element-populated\">\n\t\t\t\t\t\t<div class=\"elementor-element elementor-element-53ebd479 elementor-widget elementor-widget-image\" data-id=\"53ebd479\" data-element_type=\"widget\" data-widget_type=\"image.default\">\n\t\t\t\t<div class=\"elementor-widget-container\">\n\t\t\t\t\t\t\t\t\t\t\t\t\t<img decoding=\"async\" width=\"449\" height=\"700\" src=\"https:\/\/www.ciencuadras.com\/blog\/wp-content\/uploads\/2022\/10\/Apto.-Felipe-Cortes-Foto-Iva\u0301n-Ortiz-Produccio\u0301n-Mariana-Arango-1.jpg\" class=\"attachment-large size-large wp-image-107128\" alt=\"base modular en cama\" srcset=\"https:\/\/www.ciencuadras.com\/blog\/wp-content\/uploads\/2022\/10\/Apto.-Felipe-Cortes-Foto-Iva\u0301n-Ortiz-Produccio\u0301n-Mariana-Arango-1.jpg 449w, https:\/\/www.ciencuadras.com\/blog\/wp-content\/uploads\/2022\/10\/Apto.-Felipe-Cortes-Foto-Iva\u0301n-Ortiz-Produccio\u0301n-Mariana-Arango-1-192x300.jpg 192w\" sizes=\"(max-width: 449px) 100vw, 449px\" \/>\t\t\t\t\t\t\t\t\t\t\t\t\t<\/div>\n\t\t\t\t<\/div>\n\t\t\t\t\t<\/div>\n\t\t<\/div>\n\t\t\t\t<div class=\"elementor-column elementor-col-50 elementor-inner-column elementor-element elementor-element-55b400eb\" data-id=\"55b400eb\" data-element_type=\"column\">\n\t\t\t<div class=\"elementor-widget-wrap\">\n\t\t\t\t\t\t\t<\/div>\n\t\t<\/div>\n\t\t\t\t\t<\/div>\n\t\t<\/section>\n\t\t\t\t<div class=\"elementor-element elementor-element-70a890f4 elementor-widget elementor-widget-text-editor\" data-id=\"70a890f4\" data-element_type=\"widget\" data-widget_type=\"text-editor.default\">\n\t\t\t\t<div class=\"elementor-widget-container\">\n\t\t\t\t\t\t\t<p><em>Cr\u00e9ditos: Iv\u00e1n Ortiz<br \/><\/em><\/p>\t\t\t\t\t\t<\/div>\n\t\t\t\t<\/div>\n\t\t\t\t\t<\/div>\n\t\t<\/div>\n\t\t\t\t<div class=\"elementor-column elementor-col-50 elementor-top-column elementor-element elementor-element-8a3e940 elementor-hidden-tablet elementor-hidden-mobile\" data-id=\"8a3e940\" data-element_type=\"column\">\n\t\t\t<div class=\"elementor-widget-wrap elementor-element-populated\">\n\t\t\t\t\t\t<div class=\"elementor-element elementor-element-5da16ff3 elementor-widget-divider--view-line elementor-widget elementor-widget-divider\" data-id=\"5da16ff3\" data-element_type=\"widget\" data-widget_type=\"divider.default\">\n\t\t\t\t<div class=\"elementor-widget-container\">\n\t\t\t\t\t<div class=\"elementor-divider\">\n\t\t\t<span class=\"elementor-divider-separator\">\n\t\t\t\t\t\t<\/span>\n\t\t<\/div>\n\t\t\t\t<\/div>\n\t\t\t\t<\/div>\n\t\t\t\t<div class=\"elementor-element elementor-element-2d69b9ff elementor-widget elementor-widget-heading\" data-id=\"2d69b9ff\" data-element_type=\"widget\" data-widget_type=\"heading.default\">\n\t\t\t\t<div class=\"elementor-widget-container\">\n\t\t\t<h2 class=\"elementor-heading-title elementor-size-default\">Inmuebles en Colombia<\/h2>\t\t<\/div>\n\t\t\t\t<\/div>\n\t\t\t\t<div class=\"elementor-element elementor-element-1041588 elementor-widget elementor-widget-image\" data-id=\"1041588\" data-element_type=\"widget\" data-widget_type=\"image.default\">\n\t\t\t\t<div class=\"elementor-widget-container\">\n\t\t\t\t\t\t\t\t\t\t\t\t\t\t<a href=\"https:\/\/www.ciencuadras.com\/?autopauta=Ambos__articulos_axxis_widget_general_cc_inmuebles_colombia\" target=\"_blank\">\n\t\t\t\t\t\t\t<img decoding=\"async\" width=\"300\" height=\"600\" src=\"https:\/\/www.ciencuadras.com\/blog\/wp-content\/uploads\/2023\/04\/300x600_general-cc.jpg\" class=\"attachment-large size-large wp-image-114346\" alt=\"Inmuebles en colombia Ciencuadras\" srcset=\"https:\/\/www.ciencuadras.com\/blog\/wp-content\/uploads\/2023\/04\/300x600_general-cc.jpg 300w, https:\/\/www.ciencuadras.com\/blog\/wp-content\/uploads\/2023\/04\/300x600_general-cc-150x300.jpg 150w\" sizes=\"(max-width: 300px) 100vw, 300px\" \/>\t\t\t\t\t\t\t\t<\/a>\n\t\t\t\t\t\t\t\t\t\t\t\t\t<\/div>\n\t\t\t\t<\/div>\n\t\t\t\t<div class=\"elementor-element elementor-element-4c42e9fe elementor-widget-divider--view-line elementor-widget elementor-widget-divider\" data-id=\"4c42e9fe\" data-element_type=\"widget\" data-widget_type=\"divider.default\">\n\t\t\t\t<div class=\"elementor-widget-container\">\n\t\t\t\t\t<div class=\"elementor-divider\">\n\t\t\t<span class=\"elementor-divider-separator\">\n\t\t\t\t\t\t<\/span>\n\t\t<\/div>\n\t\t\t\t<\/div>\n\t\t\t\t<\/div>\n\t\t\t\t\t<\/div>\n\t\t<\/div>\n\t\t\t\t\t<\/div>\n\t\t<\/section>\n\t\t\t\t<section class=\"elementor-section elementor-top-section elementor-element elementor-element-4d0dd49 elementor-section-boxed elementor-section-height-default elementor-section-height-default\" data-id=\"4d0dd49\" data-element_type=\"section\">\n\t\t\t\t\t\t<div class=\"elementor-container elementor-column-gap-default\">\n\t\t\t\t\t<div class=\"elementor-column elementor-col-100 elementor-top-column elementor-element elementor-element-34b370a1\" data-id=\"34b370a1\" data-element_type=\"column\">\n\t\t\t<div class=\"elementor-widget-wrap elementor-element-populated\">\n\t\t\t\t\t\t<div class=\"elementor-element elementor-element-402d40c5 elementor-widget elementor-widget-text-editor\" data-id=\"402d40c5\" data-element_type=\"widget\" data-widget_type=\"text-editor.default\">\n\t\t\t\t<div class=\"elementor-widget-container\">\n\t\t\t\t\t\t\t<p><span style=\"font-weight: 400;\">Versatilidad y flexibilidad son hoy por hoy cualidades esenciales en cualquier espacio u objeto. La cama no es la excepci\u00f3n, por lo que hacer de ella una pieza altamente funcional resulta m\u00e1s que necesario.\u00a0<\/span><\/p><p><span style=\"font-weight: 400;\">En esta cama, por ejemplo, <\/span><b>la base modular facilita no solo la limpieza<\/b><span style=\"font-weight: 400;\">, que es sin duda una de las grandes preocupaciones, <\/span><b>sino que permite transportarla de manera f\u00e1cil y adaptarla a cualquier colch\u00f3n siempre que sea del mismo tama\u00f1o<\/b><span style=\"font-weight: 400;\">.<\/span><\/p><p><span style=\"font-weight: 400;\">En caso de que la familia crezca o decidan mudarse, las bases modulares resultan ideales, pues son livianas e independientes del colch\u00f3n. Si lo que buscas es practicidad, esta es una buena opci\u00f3n para ti.\u00a0<\/span><\/p>\t\t\t\t\t\t<\/div>\n\t\t\t\t<\/div>\n\t\t\t\t<div class=\"elementor-element elementor-element-300abc18 elementor-widget elementor-widget-heading\" data-id=\"300abc18\" data-element_type=\"widget\" data-widget_type=\"heading.default\">\n\t\t\t\t<div class=\"elementor-widget-container\">\n\t\t\t<h3 class=\"elementor-heading-title elementor-size-default\">Ante todo calidez\n<\/h3>\t\t<\/div>\n\t\t\t\t<\/div>\n\t\t\t\t<div class=\"elementor-element elementor-element-dde29b2 elementor-widget elementor-widget-image\" data-id=\"dde29b2\" data-element_type=\"widget\" data-widget_type=\"image.default\">\n\t\t\t\t<div class=\"elementor-widget-container\">\n\t\t\t\t\t\t\t\t\t\t\t\t\t<img decoding=\"async\" src=\"https:\/\/www.ciencuadras.com\/blog\/wp-content\/uploads\/elementor\/thumbs\/AXXIS-315-Apto-Tatiana-Cortes-Foto-Ivan-Ortiz-Produ-Mariana-Arango-pw7i4kdaigulrh21hjui1ex8ndbfph7gwab21kqj9w.jpg\" title=\"cuarto con calidez\" alt=\"cuarto con calidez\" loading=\"lazy\" \/>\t\t\t\t\t\t\t\t\t\t\t\t\t<\/div>\n\t\t\t\t<\/div>\n\t\t\t\t<div class=\"elementor-element elementor-element-be77687 elementor-widget elementor-widget-text-editor\" data-id=\"be77687\" data-element_type=\"widget\" data-widget_type=\"text-editor.default\">\n\t\t\t\t<div class=\"elementor-widget-container\">\n\t\t\t\t\t\t\t<p><em>Cr\u00e9ditos: Iv\u00e1n Ortiz<br \/><\/em><\/p>\t\t\t\t\t\t<\/div>\n\t\t\t\t<\/div>\n\t\t\t\t<div class=\"elementor-element elementor-element-2ef7b891 elementor-widget elementor-widget-text-editor\" data-id=\"2ef7b891\" data-element_type=\"widget\" data-widget_type=\"text-editor.default\">\n\t\t\t\t<div class=\"elementor-widget-container\">\n\t\t\t\t\t\t\t<p><span style=\"font-weight: 400;\">La habitaci\u00f3n es, sobre todo, la cama. Por eso, una cama acogedora es el anhelo de cualquier persona. Aqu\u00ed te proponemos una estrategia para hacer de la hora de dormir uno de los momentos m\u00e1s esperados del d\u00eda: un sistema compuesto por un cabecero tapizado a dos alturas, compatible con ambientes c\u00e1lidos y sofisticados.\u00a0<\/span><\/p><p><span style=\"font-weight: 400;\">El complemento ideal es una base, tambi\u00e9n tapizada, que prolongue la textura del cabecero. M\u00e1s que un objeto cotidiano, <\/span><b>la cama se convierte as\u00ed en una pieza decorativa capaz de brindar descanso y confort<\/b><span style=\"font-weight: 400;\">.\u00a0\u00a0\u00a0<\/span><\/p>\t\t\t\t\t\t<\/div>\n\t\t\t\t<\/div>\n\t\t\t\t<div class=\"elementor-element elementor-element-467d77d elementor-widget elementor-widget-heading\" data-id=\"467d77d\" data-element_type=\"widget\" data-widget_type=\"heading.default\">\n\t\t\t\t<div class=\"elementor-widget-container\">\n\t\t\t<h3 class=\"elementor-heading-title elementor-size-default\">A ras del suelo<\/h3>\t\t<\/div>\n\t\t\t\t<\/div>\n\t\t\t\t\t<\/div>\n\t\t<\/div>\n\t\t\t\t\t<\/div>\n\t\t<\/section>\n\t\t\t\t<section class=\"elementor-section elementor-top-section elementor-element elementor-element-6a5dad83 elementor-section-boxed elementor-section-height-default elementor-section-height-default\" data-id=\"6a5dad83\" data-element_type=\"section\">\n\t\t\t\t\t\t<div class=\"elementor-container elementor-column-gap-default\">\n\t\t\t\t\t<div class=\"elementor-column elementor-col-100 elementor-top-column elementor-element elementor-element-6a0faa70\" data-id=\"6a0faa70\" data-element_type=\"column\">\n\t\t\t<div class=\"elementor-widget-wrap elementor-element-populated\">\n\t\t\t\t\t\t<div class=\"elementor-element elementor-element-5d9600a4 elementor-widget elementor-widget-image\" data-id=\"5d9600a4\" data-element_type=\"widget\" data-widget_type=\"image.default\">\n\t\t\t\t<div class=\"elementor-widget-container\">\n\t\t\t\t\t\t\t\t\t\t\t\t\t<img decoding=\"async\" src=\"https:\/\/www.ciencuadras.com\/blog\/wp-content\/uploads\/elementor\/thumbs\/AXXIS-316-Apto-Darcy-Quin-Fotos-Ivan-Ortiz-Produccion-Mariana-Arango-pw7i2ecor7vszu7d544gsglzcdzyyllqxk5r7ly7mc.jpg\" title=\"cama con base en suelo\" alt=\"cama con base en suelo\" loading=\"lazy\" \/>\t\t\t\t\t\t\t\t\t\t\t\t\t<\/div>\n\t\t\t\t<\/div>\n\t\t\t\t<div class=\"elementor-element elementor-element-e45e007 elementor-widget elementor-widget-text-editor\" data-id=\"e45e007\" data-element_type=\"widget\" data-widget_type=\"text-editor.default\">\n\t\t\t\t<div class=\"elementor-widget-container\">\n\t\t\t\t\t\t\t<p><em>Cr\u00e9ditos: Iv\u00e1n Ortiz<br \/><\/em><\/p>\t\t\t\t\t\t<\/div>\n\t\t\t\t<\/div>\n\t\t\t\t\t<\/div>\n\t\t<\/div>\n\t\t\t\t\t<\/div>\n\t\t<\/section>\n\t\t\t\t<section class=\"elementor-section elementor-top-section elementor-element elementor-element-f297aa8 elementor-section-boxed elementor-section-height-default elementor-section-height-default\" data-id=\"f297aa8\" data-element_type=\"section\">\n\t\t\t\t\t\t<div class=\"elementor-container elementor-column-gap-default\">\n\t\t\t\t\t<div class=\"elementor-column elementor-col-100 elementor-top-column elementor-element elementor-element-6a9183fc\" data-id=\"6a9183fc\" data-element_type=\"column\">\n\t\t\t<div class=\"elementor-widget-wrap elementor-element-populated\">\n\t\t\t\t\t\t<div class=\"elementor-element elementor-element-40b0746a elementor-widget elementor-widget-text-editor\" data-id=\"40b0746a\" data-element_type=\"widget\" data-widget_type=\"text-editor.default\">\n\t\t\t\t<div class=\"elementor-widget-container\">\n\t\t\t\t\t\t\t<p><span style=\"font-weight: 400;\">Si no cuentas con un \u00e1rea amplia o suficiente altura en tu habitaci\u00f3n, <\/span><b>quiz\u00e1s te convenga optar por una cama a ras del suelo, cuya forma es ideal en espacios m\u00e1s reducidos<\/b><span style=\"font-weight: 400;\">. En este caso, aunque la habitaci\u00f3n es grande, se deb\u00eda incorporar un peque\u00f1o estudio y una c\u00f3moda con mesa auxiliar, por lo que escogieron una alternativa a ras del suelo que hace que el lugar se perciba m\u00e1s amplio.\u00a0<\/span><\/p><p><span style=\"font-weight: 400;\">Por \u00faltimo, para evitar que la ropa de cama se arrastre es importante que el colch\u00f3n se coloque sobre una base sin apoyos. Y para equilibrar la simpleza de este tipo de cama, instala un cabecero con texturas y colores c\u00e1lidos. <\/span><\/p>\t\t\t\t\t\t<\/div>\n\t\t\t\t<\/div>\n\t\t\t\t<div class=\"elementor-element elementor-element-27d1c4fa elementor-widget elementor-widget-heading\" data-id=\"27d1c4fa\" data-element_type=\"widget\" data-widget_type=\"heading.default\">\n\t\t\t\t<div class=\"elementor-widget-container\">\n\t\t\t<h3 class=\"elementor-heading-title elementor-size-default\">Estilo capitoneado<\/h3>\t\t<\/div>\n\t\t\t\t<\/div>\n\t\t\t\t<div class=\"elementor-element elementor-element-4595a68a elementor-widget elementor-widget-image\" data-id=\"4595a68a\" data-element_type=\"widget\" data-widget_type=\"image.default\">\n\t\t\t\t<div class=\"elementor-widget-container\">\n\t\t\t\t\t\t\t\t\t\t\t\t\t<img decoding=\"async\" src=\"https:\/\/www.ciencuadras.com\/blog\/wp-content\/uploads\/elementor\/thumbs\/AXXIS-322-Apto-Ximena-Arango-Foto-Iva\u0301n-Ortiz-Produccion-Mariana-Arango2-pw7i9nntj5tinfnsr92r1mo4hi80egf4lhiqmj6rkk.jpg\" title=\"apto con cama decorada y moderna\" alt=\"apto con cama decorada y moderna\" loading=\"lazy\" \/>\t\t\t\t\t\t\t\t\t\t\t\t\t<\/div>\n\t\t\t\t<\/div>\n\t\t\t\t<div class=\"elementor-element elementor-element-a09701e elementor-widget elementor-widget-text-editor\" data-id=\"a09701e\" data-element_type=\"widget\" data-widget_type=\"text-editor.default\">\n\t\t\t\t<div class=\"elementor-widget-container\">\n\t\t\t\t\t\t\t<p><em>Cr\u00e9ditos: Iv\u00e1n Ortiz<br \/><\/em><\/p>\t\t\t\t\t\t<\/div>\n\t\t\t\t<\/div>\n\t\t\t\t<div class=\"elementor-element elementor-element-35ea0085 elementor-widget elementor-widget-text-editor\" data-id=\"35ea0085\" data-element_type=\"widget\" data-widget_type=\"text-editor.default\">\n\t\t\t\t<div class=\"elementor-widget-container\">\n\t\t\t\t\t\t\t<p><span style=\"font-weight: 400;\">Decorar la cama puede no ser una prioridad, pero trat\u00e1ndose del lugar que nos abraza al comienzo y al final del d\u00eda, esta debe ser acorde con nuestra personalidad y estilo de vida.\u00a0<\/span><\/p><p><span style=\"font-weight: 400;\">Capitonear sillas, sof\u00e1s y cabeceros est\u00e1 en tendencia. Y si lo que buscas es realzar tu cama con toques de dise\u00f1o, puedes inspirarte en este ejemplo, <\/span><b>donde el cabecero cobra protagonismo gracias a la t\u00e9cnica de su tapizado (capitoneado)<\/b><span style=\"font-weight: 400;\">, que aporta elegancia y confort, al tiempo que contrasta con la materialidad de la pared sobre la que se apoya.\u00a0\u00a0<\/span><\/p><p><span style=\"font-weight: 400;\">Recuerda tambi\u00e9n que la ropa de cama debe combinar con las texturas del cabecero para que haya armon\u00eda.\u00a0<\/span><\/p>\t\t\t\t\t\t<\/div>\n\t\t\t\t<\/div>\n\t\t\t\t\t<\/div>\n\t\t<\/div>\n\t\t\t\t\t<\/div>\n\t\t<\/section>\n\t\t\t\t<section class=\"elementor-section elementor-top-section elementor-element elementor-element-744245e1 elementor-section-boxed elementor-section-height-default elementor-section-height-default\" data-id=\"744245e1\" data-element_type=\"section\">\n\t\t\t\t\t\t<div class=\"elementor-container elementor-column-gap-default\">\n\t\t\t\t\t<div class=\"elementor-column elementor-col-33 elementor-top-column elementor-element elementor-element-1c45cf30\" data-id=\"1c45cf30\" data-element_type=\"column\">\n\t\t\t<div class=\"elementor-widget-wrap elementor-element-populated\">\n\t\t\t\t\t\t<div class=\"elementor-element elementor-element-2b3d0b36 elementor-widget elementor-widget-image\" data-id=\"2b3d0b36\" data-element_type=\"widget\" data-widget_type=\"image.default\">\n\t\t\t\t<div class=\"elementor-widget-container\">\n\t\t\t\t\t\t\t\t\t\t\t\t\t<img decoding=\"async\" src=\"https:\/\/www.ciencuadras.com\/blog\/wp-content\/uploads\/2022\/08\/logo-axxis.png\" title=\"logo revista axxis\" alt=\"logo revista axxis\" loading=\"lazy\" \/>\t\t\t\t\t\t\t\t\t\t\t\t\t<\/div>\n\t\t\t\t<\/div>\n\t\t\t\t\t<\/div>\n\t\t<\/div>\n\t\t\t\t<div class=\"elementor-column elementor-col-66 elementor-top-column elementor-element elementor-element-22321e33\" data-id=\"22321e33\" data-element_type=\"column\">\n\t\t\t<div class=\"elementor-widget-wrap elementor-element-populated\">\n\t\t\t\t\t\t<div class=\"elementor-element elementor-element-5369982b elementor-widget elementor-widget-heading\" data-id=\"5369982b\" data-element_type=\"widget\" data-widget_type=\"heading.default\">\n\t\t\t\t<div class=\"elementor-widget-container\">\n\t\t\t<h2 class=\"elementor-heading-title elementor-size-default\">Revista Axxis<\/h2>\t\t<\/div>\n\t\t\t\t<\/div>\n\t\t\t\t<div class=\"elementor-element elementor-element-19dc7b80 elementor-widget elementor-widget-text-editor\" data-id=\"19dc7b80\" data-element_type=\"widget\" data-widget_type=\"text-editor.default\">\n\t\t\t\t<div class=\"elementor-widget-container\">\n\t\t\t\t\t\t\t<p><span style=\"color: #222222; font-family: Arial, Helvetica, sans-serif; font-size: small;\">La Revista Axxis es la publicaci\u00f3n l\u00edder en arquitectura, dise\u00f1o y decoraci\u00f3n en Colombia. En esta alianza con Ciencuadras, presenta los mejores tips para inspirar a profesionales y aficionados a sacar lo mejor de sus hogares.&nbsp;<\/span><\/p>\t\t\t\t\t\t<\/div>\n\t\t\t\t<\/div>\n\t\t\t\t\t<\/div>\n\t\t<\/div>\n\t\t\t\t\t<\/div>\n\t\t<\/section>\n\t\t\t\t<section class=\"elementor-section elementor-top-section elementor-element elementor-element-620892ac elementor-section-boxed elementor-section-height-default elementor-section-height-default\" data-id=\"620892ac\" data-element_type=\"section\">\n\t\t\t\t\t\t<div class=\"elementor-container elementor-column-gap-default\">\n\t\t\t\t\t<div class=\"elementor-column elementor-col-100 elementor-top-column elementor-element elementor-element-51bed8f5\" data-id=\"51bed8f5\" data-element_type=\"column\">\n\t\t\t<div class=\"elementor-widget-wrap elementor-element-populated\">\n\t\t\t\t\t\t<div class=\"elementor-element elementor-element-79ca93ec elementor-widget__width-initial elementor-widget elementor-widget-heading\" data-id=\"79ca93ec\" data-element_type=\"widget\" data-widget_type=\"heading.default\">\n\t\t\t\t<div class=\"elementor-widget-container\">\n\t\t\t<h2 class=\"elementor-heading-title elementor-size-default\">Art\u00edculos relacionados <\/h2>\t\t<\/div>\n\t\t\t\t<\/div>\n\t\t\t\t\t<\/div>\n\t\t<\/div>\n\t\t\t\t\t<\/div>\n\t\t<\/section>\n\t\t\t\t<section class=\"elementor-section elementor-top-section elementor-element elementor-element-3b318e5 elementor-section-boxed elementor-section-height-default elementor-section-height-default\" data-id=\"3b318e5\" data-element_type=\"section\">\n\t\t\t\t\t\t<div class=\"elementor-container elementor-column-gap-default\">\n\t\t\t\t\t<div class=\"elementor-column elementor-col-33 elementor-top-column elementor-element elementor-element-89083ec\" data-id=\"89083ec\" data-element_type=\"column\">\n\t\t\t<div class=\"elementor-widget-wrap elementor-element-populated\">\n\t\t\t\t\t\t<div class=\"elementor-element elementor-element-4bcd33f elementor-position-top elementor-widget elementor-widget-image-box\" data-id=\"4bcd33f\" data-element_type=\"widget\" data-widget_type=\"image-box.default\">\n\t\t\t\t<div class=\"elementor-widget-container\">\n\t\t\t<div class=\"elementor-image-box-wrapper\"><figure class=\"elementor-image-box-img\"><a href=\"https:\/\/www.ciencuadras.com\/blog\/espacios-al-cien-ideas-para-salas-con-personalidad\" target=\"_blank\" tabindex=\"-1\"><img loading=\"lazy\" decoding=\"async\" width=\"320\" height=\"368\" src=\"https:\/\/www.ciencuadras.com\/blog\/wp-content\/uploads\/2022\/10\/320x368_axxis_sala-grande-y-colorida.png\" class=\"attachment-full size-full wp-image-107036\" alt=\"salas grandes y coloridas\" srcset=\"https:\/\/www.ciencuadras.com\/blog\/wp-content\/uploads\/2022\/10\/320x368_axxis_sala-grande-y-colorida.png 320w, https:\/\/www.ciencuadras.com\/blog\/wp-content\/uploads\/2022\/10\/320x368_axxis_sala-grande-y-colorida-261x300.png 261w\" sizes=\"(max-width: 320px) 100vw, 320px\" \/><\/a><\/figure><div class=\"elementor-image-box-content\"><h3 class=\"elementor-image-box-title\"><a href=\"https:\/\/www.ciencuadras.com\/blog\/espacios-al-cien-ideas-para-salas-con-personalidad\" target=\"_blank\">Ideas para lograr salas con personalidad<\/a><\/h3><p class=\"elementor-image-box-description\">LEER M\u00c1S\n<\/p><\/div><\/div>\t\t<\/div>\n\t\t\t\t<\/div>\n\t\t\t\t\t<\/div>\n\t\t<\/div>\n\t\t\t\t<div class=\"elementor-column elementor-col-33 elementor-top-column elementor-element elementor-element-7ffee37\" data-id=\"7ffee37\" data-element_type=\"column\">\n\t\t\t<div class=\"elementor-widget-wrap elementor-element-populated\">\n\t\t\t\t\t\t<div class=\"elementor-element elementor-element-02983e3 elementor-position-top elementor-widget elementor-widget-image-box\" data-id=\"02983e3\" data-element_type=\"widget\" data-widget_type=\"image-box.default\">\n\t\t\t\t<div class=\"elementor-widget-container\">\n\t\t\t<div class=\"elementor-image-box-wrapper\"><figure class=\"elementor-image-box-img\"><a href=\"https:\/\/www.ciencuadras.com\/blog\/espacios-al-cien-tendencias-deco-para-renovar-el-hogar\" target=\"_blank\" tabindex=\"-1\"><img loading=\"lazy\" decoding=\"async\" width=\"320\" height=\"368\" src=\"https:\/\/www.ciencuadras.com\/blog\/wp-content\/uploads\/2022\/10\/320x368_axxis_tendencias-deco.png\" class=\"attachment-full size-full wp-image-107021\" alt=\"\" srcset=\"https:\/\/www.ciencuadras.com\/blog\/wp-content\/uploads\/2022\/10\/320x368_axxis_tendencias-deco.png 320w, https:\/\/www.ciencuadras.com\/blog\/wp-content\/uploads\/2022\/10\/320x368_axxis_tendencias-deco-261x300.png 261w\" sizes=\"(max-width: 320px) 100vw, 320px\" \/><\/a><\/figure><div class=\"elementor-image-box-content\"><h3 class=\"elementor-image-box-title\"><a href=\"https:\/\/www.ciencuadras.com\/blog\/espacios-al-cien-tendencias-deco-para-renovar-el-hogar\" target=\"_blank\">Tendencias deco para renovar el hogar<\/a><\/h3><p class=\"elementor-image-box-description\">LEER M\u00c1S\n<\/p><\/div><\/div>\t\t<\/div>\n\t\t\t\t<\/div>\n\t\t\t\t\t<\/div>\n\t\t<\/div>\n\t\t\t\t<div class=\"elementor-column elementor-col-33 elementor-top-column elementor-element elementor-element-98d1dc7\" data-id=\"98d1dc7\" data-element_type=\"column\">\n\t\t\t<div class=\"elementor-widget-wrap elementor-element-populated\">\n\t\t\t\t\t\t<div class=\"elementor-element elementor-element-b6f5005 elementor-position-top elementor-widget elementor-widget-image-box\" data-id=\"b6f5005\" data-element_type=\"widget\" data-widget_type=\"image-box.default\">\n\t\t\t\t<div class=\"elementor-widget-container\">\n\t\t\t<div class=\"elementor-image-box-wrapper\"><figure class=\"elementor-image-box-img\"><a href=\"https:\/\/www.ciencuadras.com\/blog\/espacios-al-cien-transformar-espacio-con-arte\" target=\"_blank\" tabindex=\"-1\"><img loading=\"lazy\" decoding=\"async\" width=\"320\" height=\"368\" src=\"https:\/\/www.ciencuadras.com\/blog\/wp-content\/uploads\/2022\/10\/320x368_axxis_transformar-con-arte.png\" class=\"attachment-full size-full wp-image-107038\" alt=\"espacios con arte\" srcset=\"https:\/\/www.ciencuadras.com\/blog\/wp-content\/uploads\/2022\/10\/320x368_axxis_transformar-con-arte.png 320w, https:\/\/www.ciencuadras.com\/blog\/wp-content\/uploads\/2022\/10\/320x368_axxis_transformar-con-arte-261x300.png 261w\" sizes=\"(max-width: 320px) 100vw, 320px\" \/><\/a><\/figure><div class=\"elementor-image-box-content\"><h3 class=\"elementor-image-box-title\"><a href=\"https:\/\/www.ciencuadras.com\/blog\/espacios-al-cien-transformar-espacio-con-arte\" target=\"_blank\">\u00bfC\u00f3mo transformar un espacio con arte?<\/a><\/h3><p class=\"elementor-image-box-description\">LEER M\u00c1S\n<\/p><\/div><\/div>\t\t<\/div>\n\t\t\t\t<\/div>\n\t\t\t\t\t<\/div>\n\t\t<\/div>\n\t\t\t\t\t<\/div>\n\t\t<\/section>\n\t\t\t\t<\/div>\n\t\t\n","protected":false},"excerpt":{"rendered":"<p>Camas: estilos, tama\u00f1os, formas y c\u00f3mo elegirlas \u00a0Cr\u00e9ditos: Iv\u00e1n Ortiz La cama es uno de los muebles m\u00e1s importantes del hogar. Por eso, trasciende el &hellip;<\/p>\n","protected":false},"author":2,"featured_media":0,"parent":0,"menu_order":0,"comment_status":"closed","ping_status":"closed","template":"","meta":{"footnotes":""},"acf":[],"yoast_head":"<!-- This site is optimized with the Yoast SEO plugin v15.9 - https:\/\/yoast.com\/wordpress\/plugins\/seo\/ -->\n<title>Tipos de camas: estilos, tama\u00f1os, formas | Ciencuadras<\/title>\n<meta name=\"description\" content=\"Ingresa y descubre c\u00f3mo decorar y elegir tus camas para el hogar. \u00a1Conoce los consejos para seleccionarla con el mejor estilo y dise\u00f1o!\" \/>\n<meta name=\"robots\" content=\"index, follow, max-snippet:-1, max-image-preview:large, max-video-preview:-1\" \/>\n<link rel=\"canonical\" href=\"https:\/\/www.ciencuadras.com\/blog\/espacios-al-cien-camas-estilos-tamanos-formas\" \/>\n<meta property=\"og:locale\" content=\"es_ES\" \/>\n<meta property=\"og:type\" content=\"article\" \/>\n<meta property=\"og:title\" content=\"Tipos de camas: estilos, tama\u00f1os, formas | Ciencuadras\" \/>\n<meta property=\"og:description\" content=\"Ingresa y descubre c\u00f3mo decorar y elegir tus camas para el hogar. \u00a1Conoce los consejos para seleccionarla con el mejor estilo y dise\u00f1o!\" \/>\n<meta property=\"og:url\" content=\"https:\/\/www.ciencuadras.com\/blog\/espacios-al-cien-camas-estilos-tamanos-formas\" \/>\n<meta property=\"article:publisher\" content=\"https:\/\/www.facebook.com\/ciencuadras\/\" \/>\n<meta property=\"article:modified_time\" content=\"2023-04-03T15:28:22+00:00\" \/>\n<meta property=\"og:image\" content=\"https:\/\/www.ciencuadras.com\/blog\/wp-content\/uploads\/2022\/10\/Apto-Catherine-Moggio-Flia.-Ortega-Foto-Iva\u0301n-Ortiz.jpg\" \/>\n<meta name=\"twitter:card\" content=\"summary_large_image\" \/>\n<meta name=\"twitter:site\" content=\"@ciencuadras\" \/>\n<meta name=\"twitter:label1\" content=\"Est. reading time\">\n\t<meta name=\"twitter:data1\" content=\"6 minutos\">\n<script type=\"application\/ld+json\" class=\"yoast-schema-graph\">{\"@context\":\"https:\/\/schema.org\",\"@graph\":[{\"@type\":\"Organization\",\"@id\":\"https:\/\/www.ciencuadras.com\/blog\/#organization\",\"name\":\"Ciencuadras.com\",\"url\":\"https:\/\/www.ciencuadras.com\/blog\/\",\"sameAs\":[\"https:\/\/www.facebook.com\/ciencuadras\/\",\"https:\/\/www.instagram.com\/ciencuadras\/\",\"https:\/\/co.linkedin.com\/company\/ciencuadras\",\"https:\/\/www.youtube.com\/channel\/UC_f830HP5dUy6OjBIbjtlAw\",\"https:\/\/twitter.com\/ciencuadras\"],\"logo\":{\"@type\":\"ImageObject\",\"@id\":\"https:\/\/www.ciencuadras.com\/blog\/#logo\",\"inLanguage\":\"es-CO\",\"url\":\"\",\"caption\":\"Ciencuadras.com\"},\"image\":{\"@id\":\"https:\/\/www.ciencuadras.com\/blog\/#logo\"}},{\"@type\":\"WebSite\",\"@id\":\"https:\/\/www.ciencuadras.com\/blog\/#website\",\"url\":\"https:\/\/www.ciencuadras.com\/blog\/\",\"name\":\"\",\"description\":\"\",\"publisher\":{\"@id\":\"https:\/\/www.ciencuadras.com\/blog\/#organization\"},\"potentialAction\":[{\"@type\":\"SearchAction\",\"target\":\"https:\/\/www.ciencuadras.com\/blog\/?s={search_term_string}\",\"query-input\":\"required name=search_term_string\"}],\"inLanguage\":\"es-CO\"},{\"@type\":\"ImageObject\",\"@id\":\"https:\/\/www.ciencuadras.com\/blog\/espacios-al-cien-camas-estilos-tamanos-formas#primaryimage\",\"inLanguage\":\"es-CO\",\"url\":\"https:\/\/www.ciencuadras.com\/blog\/wp-content\/uploads\/2022\/10\/Apto-Catherine-Moggio-Flia.-Ortega-Foto-Iva\\u0301n-Ortiz.jpg\",\"width\":700,\"height\":467,\"caption\":\"cama con dise\\u00f1o en casa\"},{\"@type\":\"WebPage\",\"@id\":\"https:\/\/www.ciencuadras.com\/blog\/espacios-al-cien-camas-estilos-tamanos-formas#webpage\",\"url\":\"https:\/\/www.ciencuadras.com\/blog\/espacios-al-cien-camas-estilos-tamanos-formas\",\"name\":\"Tipos de camas: estilos, tama\\u00f1os, formas | Ciencuadras\",\"isPartOf\":{\"@id\":\"https:\/\/www.ciencuadras.com\/blog\/#website\"},\"primaryImageOfPage\":{\"@id\":\"https:\/\/www.ciencuadras.com\/blog\/espacios-al-cien-camas-estilos-tamanos-formas#primaryimage\"},\"datePublished\":\"2022-10-05T21:03:46+00:00\",\"dateModified\":\"2023-04-03T15:28:22+00:00\",\"description\":\"Ingresa y descubre c\\u00f3mo decorar y elegir tus camas para el hogar. \\u00a1Conoce los consejos para seleccionarla con el mejor estilo y dise\\u00f1o!\",\"breadcrumb\":{\"@id\":\"https:\/\/www.ciencuadras.com\/blog\/espacios-al-cien-camas-estilos-tamanos-formas#breadcrumb\"},\"inLanguage\":\"es-CO\",\"potentialAction\":[{\"@type\":\"ReadAction\",\"target\":[\"https:\/\/www.ciencuadras.com\/blog\/espacios-al-cien-camas-estilos-tamanos-formas\"]}]},{\"@type\":\"BreadcrumbList\",\"@id\":\"https:\/\/www.ciencuadras.com\/blog\/espacios-al-cien-camas-estilos-tamanos-formas#breadcrumb\",\"itemListElement\":[{\"@type\":\"ListItem\",\"position\":1,\"item\":{\"@type\":\"WebPage\",\"@id\":\"https:\/\/www.ciencuadras.com\/blog\",\"url\":\"https:\/\/www.ciencuadras.com\/blog\",\"name\":\"Blog\"}},{\"@type\":\"ListItem\",\"position\":2,\"item\":{\"@type\":\"WebPage\",\"@id\":\"https:\/\/www.ciencuadras.com\/blog\/espacios-al-cien-camas-estilos-tamanos-formas\",\"url\":\"https:\/\/www.ciencuadras.com\/blog\/espacios-al-cien-camas-estilos-tamanos-formas\",\"name\":\"Espacios al Cien By Axxis\"}}]}]}<\/script>\n<!-- \/ Yoast SEO plugin. -->","_links":{"self":[{"href":"https:\/\/www.ciencuadras.com\/blog\/wp-json\/wp\/v2\/pages\/106494"}],"collection":[{"href":"https:\/\/www.ciencuadras.com\/blog\/wp-json\/wp\/v2\/pages"}],"about":[{"href":"https:\/\/www.ciencuadras.com\/blog\/wp-json\/wp\/v2\/types\/page"}],"author":[{"embeddable":true,"href":"https:\/\/www.ciencuadras.com\/blog\/wp-json\/wp\/v2\/users\/2"}],"replies":[{"embeddable":true,"href":"https:\/\/www.ciencuadras.com\/blog\/wp-json\/wp\/v2\/comments?post=106494"}],"version-history":[{"count":76,"href":"https:\/\/www.ciencuadras.com\/blog\/wp-json\/wp\/v2\/pages\/106494\/revisions"}],"predecessor-version":[{"id":114376,"href":"https:\/\/www.ciencuadras.com\/blog\/wp-json\/wp\/v2\/pages\/106494\/revisions\/114376"}],"wp:attachment":[{"href":"https:\/\/www.ciencuadras.com\/blog\/wp-json\/wp\/v2\/media?parent=106494"}],"curies":[{"name":"wp","href":"https:\/\/api.w.org\/{rel}","templated":true}]}}