{"id":107247,"date":"2022-10-14T11:57:10","date_gmt":"2022-10-14T16:57:10","guid":{"rendered":"https:\/\/www.ciencuadras.com\/blog\/?page_id=107247"},"modified":"2023-04-03T10:30:30","modified_gmt":"2023-04-03T15:30:30","slug":"espacios-al-cien-escaleras-todo-tipo-de-vivienda","status":"publish","type":"page","link":"https:\/\/www.ciencuadras.com\/blog\/espacios-al-cien-escaleras-todo-tipo-de-vivienda","title":{"rendered":"Espacios al Cien By Axxis"},"content":{"rendered":"\t\t<div data-elementor-type=\"wp-page\" data-elementor-id=\"107247\" class=\"elementor elementor-107247\" data-elementor-post-type=\"page\">\n\t\t\t\t\n\t\t<section class=\"elementor-section elementor-top-section elementor-element elementor-element-49eebe1 elementor-section-boxed elementor-section-height-default elementor-section-height-default\" data-id=\"49eebe1\" data-element_type=\"section\">\n\t\t\t\t\t\t<div class=\"elementor-container elementor-column-gap-default\">\n\t\t\t\t\t<div class=\"elementor-column elementor-col-100 elementor-top-column elementor-element elementor-element-782bc148\" data-id=\"782bc148\" data-element_type=\"column\">\n\t\t\t<div class=\"elementor-widget-wrap elementor-element-populated\">\n\t\t\t\t\t\t<div class=\"elementor-element elementor-element-47f23202 elementor-widget elementor-widget-heading\" data-id=\"47f23202\" data-element_type=\"widget\" data-widget_type=\"heading.default\">\n\t\t\t\t<div class=\"elementor-widget-container\">\n\t\t\t<h1 class=\"elementor-heading-title elementor-size-default\">Escaleras para todo tipo de vivienda, \nc\u00f3mo elegir un estilo<\/h1>\t\t<\/div>\n\t\t\t\t<\/div>\n\t\t\t\t<div class=\"elementor-element elementor-element-111ab830 elementor-widget elementor-widget-image\" data-id=\"111ab830\" data-element_type=\"widget\" data-widget_type=\"image.default\">\n\t\t\t\t<div class=\"elementor-widget-container\">\n\t\t\t\t\t\t\t\t\t\t\t\t\t<img decoding=\"async\" src=\"https:\/\/www.ciencuadras.com\/blog\/wp-content\/uploads\/elementor\/thumbs\/Apto-Alfredo-Villaveces-Foto-Ivan-Ortiz-Produ-Laura-Reyes1-pw7ke6onxunq11hdam3fsf6m80wq9q3sgtmcolqdt0.jpg\" title=\"escaleras modernas en vivienda\" alt=\"escaleras modernas en vivienda\" loading=\"lazy\" \/>\t\t\t\t\t\t\t\t\t\t\t\t\t<\/div>\n\t\t\t\t<\/div>\n\t\t\t\t\t<\/div>\n\t\t<\/div>\n\t\t\t\t\t<\/div>\n\t\t<\/section>\n\t\t\t\t<section class=\"elementor-section elementor-top-section elementor-element elementor-element-6845844f elementor-section-boxed elementor-section-height-default elementor-section-height-default\" data-id=\"6845844f\" data-element_type=\"section\">\n\t\t\t\t\t\t<div class=\"elementor-container elementor-column-gap-default\">\n\t\t\t\t\t<div class=\"elementor-column elementor-col-100 elementor-top-column elementor-element elementor-element-687dab21\" data-id=\"687dab21\" data-element_type=\"column\">\n\t\t\t<div class=\"elementor-widget-wrap elementor-element-populated\">\n\t\t\t\t\t\t<div class=\"elementor-element elementor-element-15c0c82c elementor-widget elementor-widget-text-editor\" data-id=\"15c0c82c\" data-element_type=\"widget\" data-widget_type=\"text-editor.default\">\n\t\t\t\t<div class=\"elementor-widget-container\">\n\t\t\t\t\t\t\t<p><em>\u00a0Cr\u00e9ditos: Iv\u00e1n Ortiz<\/em><\/p>\t\t\t\t\t\t<\/div>\n\t\t\t\t<\/div>\n\t\t\t\t\t<\/div>\n\t\t<\/div>\n\t\t\t\t\t<\/div>\n\t\t<\/section>\n\t\t\t\t<section class=\"elementor-section elementor-top-section elementor-element elementor-element-14099ee1 elementor-section-boxed elementor-section-height-default elementor-section-height-default\" data-id=\"14099ee1\" data-element_type=\"section\">\n\t\t\t\t\t\t<div class=\"elementor-container elementor-column-gap-default\">\n\t\t\t\t\t<div class=\"elementor-column elementor-col-100 elementor-top-column elementor-element elementor-element-43424d97\" data-id=\"43424d97\" data-element_type=\"column\">\n\t\t\t<div class=\"elementor-widget-wrap elementor-element-populated\">\n\t\t\t\t\t\t<div class=\"elementor-element elementor-element-629586f8 elementor-widget elementor-widget-text-editor\" data-id=\"629586f8\" data-element_type=\"widget\" data-widget_type=\"text-editor.default\">\n\t\t\t\t<div class=\"elementor-widget-container\">\n\t\t\t\t\t\t\t<p><span style=\"font-weight: 400;\">Una lectura completa y sensible del espacio nos concede las claves para escoger el tipo de escalera que conviene incorporar. En t\u00e9rminos espaciales, esta deber\u00e1 adaptarse a la geometr\u00eda y distribuci\u00f3n interior \u2013y si se trata de una casa, nunca se debe pasar por alto el entorno y su naturaleza\u2013. En cuanto al dise\u00f1o, la paleta de materiales debe reforzar la imagen o estilo que se busca proyectar \u2013r\u00fastico, sobrio, minimalista, etc.\u2013. Ciertamente, este elemento hace parte integral del lenguaje arquitect\u00f3nico.<\/span><\/p>\t\t\t\t\t\t<\/div>\n\t\t\t\t<\/div>\n\t\t\t\t\t<\/div>\n\t\t<\/div>\n\t\t\t\t\t<\/div>\n\t\t<\/section>\n\t\t\t\t<section class=\"elementor-section elementor-top-section elementor-element elementor-element-a6c6b35 elementor-section-boxed elementor-section-height-default elementor-section-height-default\" data-id=\"a6c6b35\" data-element_type=\"section\">\n\t\t\t\t\t\t<div class=\"elementor-container elementor-column-gap-default\">\n\t\t\t\t\t<div class=\"elementor-column elementor-col-50 elementor-top-column elementor-element elementor-element-401a6f8f\" data-id=\"401a6f8f\" data-element_type=\"column\">\n\t\t\t<div class=\"elementor-widget-wrap elementor-element-populated\">\n\t\t\t\t\t\t<div class=\"elementor-element elementor-element-16cf99bf elementor-widget elementor-widget-heading\" data-id=\"16cf99bf\" data-element_type=\"widget\" data-widget_type=\"heading.default\">\n\t\t\t\t<div class=\"elementor-widget-container\">\n\t\t\t<h2 class=\"elementor-heading-title elementor-size-default\">Suspendida en el aire<\/h2>\t\t<\/div>\n\t\t\t\t<\/div>\n\t\t\t\t<div class=\"elementor-element elementor-element-5f67c080 elementor-widget elementor-widget-text-editor\" data-id=\"5f67c080\" data-element_type=\"widget\" data-widget_type=\"text-editor.default\">\n\t\t\t\t<div class=\"elementor-widget-container\">\n\t\t\t\t\t\t\t<p><span style=\"font-weight: 400;\">Antes, las escaleras eran un elemento apenas funcional; hoy, los arquitectos apuestan por hacer de ellas casi una obra de arte. <\/span><b>De ah\u00ed que en cada proyecto la escalera sea \u00fanica, adapt\u00e1ndose a la est\u00e9tica del lugar y a la personalidad de sus habitantes<\/b><span style=\"font-weight: 400;\">.\u00a0<\/span><\/p><p><span style=\"font-weight: 400;\">En este ejemplo se observa la manera en la que la escalera armoniza con el dise\u00f1o interior: los listones de madera que cubren los muros se replican en la escalera con otra materialidad, el metal, cuya resistencia permite reducir los soportes en el extremo derecho.\u00a0<\/span><\/p><p><span style=\"font-weight: 400;\">Las varas verticales tambi\u00e9n permiten que los primeros pasos est\u00e9n soportados en un \u00fanico lado, transmitiendo no solo una sensaci\u00f3n de ligereza, sino una imagen vanguardista.\u00a0<\/span><\/p>\t\t\t\t\t\t<\/div>\n\t\t\t\t<\/div>\n\t\t\t\t<div class=\"elementor-element elementor-element-8d9590d elementor-widget elementor-widget-heading\" data-id=\"8d9590d\" data-element_type=\"widget\" data-widget_type=\"heading.default\">\n\t\t\t\t<div class=\"elementor-widget-container\">\n\t\t\t<h3 class=\"elementor-heading-title elementor-size-default\">\nSobre la proporci\u00f3n\n<\/h3>\t\t<\/div>\n\t\t\t\t<\/div>\n\t\t\t\t<section class=\"elementor-section elementor-inner-section elementor-element elementor-element-684ba22 elementor-section-boxed elementor-section-height-default elementor-section-height-default\" data-id=\"684ba22\" data-element_type=\"section\">\n\t\t\t\t\t\t<div class=\"elementor-container elementor-column-gap-default\">\n\t\t\t\t\t<div class=\"elementor-column elementor-col-50 elementor-inner-column elementor-element elementor-element-010ef10\" data-id=\"010ef10\" data-element_type=\"column\">\n\t\t\t<div class=\"elementor-widget-wrap elementor-element-populated\">\n\t\t\t\t\t\t<div class=\"elementor-element elementor-element-33c2c4b elementor-widget elementor-widget-image\" data-id=\"33c2c4b\" data-element_type=\"widget\" data-widget_type=\"image.default\">\n\t\t\t\t<div class=\"elementor-widget-container\">\n\t\t\t\t\t\t\t\t\t\t\t\t\t<img fetchpriority=\"high\" decoding=\"async\" width=\"495\" height=\"700\" src=\"https:\/\/www.ciencuadras.com\/blog\/wp-content\/uploads\/2022\/10\/Apto-arq-Francisco-Forero-Foto-Iva\u0301n-Ortiz-.jpg\" class=\"attachment-large size-large wp-image-107277\" alt=\"escaleras en hogar\" srcset=\"https:\/\/www.ciencuadras.com\/blog\/wp-content\/uploads\/2022\/10\/Apto-arq-Francisco-Forero-Foto-Iva\u0301n-Ortiz-.jpg 495w, https:\/\/www.ciencuadras.com\/blog\/wp-content\/uploads\/2022\/10\/Apto-arq-Francisco-Forero-Foto-Iva\u0301n-Ortiz--212x300.jpg 212w\" sizes=\"(max-width: 495px) 100vw, 495px\" \/>\t\t\t\t\t\t\t\t\t\t\t\t\t<\/div>\n\t\t\t\t<\/div>\n\t\t\t\t<div class=\"elementor-element elementor-element-c434e4b elementor-widget elementor-widget-text-editor\" data-id=\"c434e4b\" data-element_type=\"widget\" data-widget_type=\"text-editor.default\">\n\t\t\t\t<div class=\"elementor-widget-container\">\n\t\t\t\t\t\t\t<p><em>Cr\u00e9ditos: Iv\u00e1n Ortiz<br \/><\/em><\/p>\t\t\t\t\t\t<\/div>\n\t\t\t\t<\/div>\n\t\t\t\t\t<\/div>\n\t\t<\/div>\n\t\t\t\t<div class=\"elementor-column elementor-col-50 elementor-inner-column elementor-element elementor-element-d57a7dc\" data-id=\"d57a7dc\" data-element_type=\"column\">\n\t\t\t<div class=\"elementor-widget-wrap\">\n\t\t\t\t\t\t\t<\/div>\n\t\t<\/div>\n\t\t\t\t\t<\/div>\n\t\t<\/section>\n\t\t\t\t\t<\/div>\n\t\t<\/div>\n\t\t\t\t<div class=\"elementor-column elementor-col-50 elementor-top-column elementor-element elementor-element-6d6ae35a elementor-hidden-tablet elementor-hidden-mobile\" data-id=\"6d6ae35a\" data-element_type=\"column\">\n\t\t\t<div class=\"elementor-widget-wrap elementor-element-populated\">\n\t\t\t\t\t\t<div class=\"elementor-element elementor-element-4d732708 elementor-widget-divider--view-line elementor-widget elementor-widget-divider\" data-id=\"4d732708\" data-element_type=\"widget\" data-widget_type=\"divider.default\">\n\t\t\t\t<div class=\"elementor-widget-container\">\n\t\t\t\t\t<div class=\"elementor-divider\">\n\t\t\t<span class=\"elementor-divider-separator\">\n\t\t\t\t\t\t<\/span>\n\t\t<\/div>\n\t\t\t\t<\/div>\n\t\t\t\t<\/div>\n\t\t\t\t<div class=\"elementor-element elementor-element-276b67c elementor-widget elementor-widget-heading\" data-id=\"276b67c\" data-element_type=\"widget\" data-widget_type=\"heading.default\">\n\t\t\t\t<div class=\"elementor-widget-container\">\n\t\t\t<h2 class=\"elementor-heading-title elementor-size-default\">Inmuebles en Colombia<\/h2>\t\t<\/div>\n\t\t\t\t<\/div>\n\t\t\t\t<div class=\"elementor-element elementor-element-12ae615 elementor-widget elementor-widget-image\" data-id=\"12ae615\" data-element_type=\"widget\" data-widget_type=\"image.default\">\n\t\t\t\t<div class=\"elementor-widget-container\">\n\t\t\t\t\t\t\t\t\t\t\t\t\t\t<a href=\"https:\/\/www.ciencuadras.com\/?autopauta=Ambos__articulos_axxis_widget_general_cc_inmuebles_colombia\" target=\"_blank\">\n\t\t\t\t\t\t\t<img decoding=\"async\" width=\"300\" height=\"600\" src=\"https:\/\/www.ciencuadras.com\/blog\/wp-content\/uploads\/2023\/04\/300x600_general-cc.jpg\" class=\"attachment-large size-large wp-image-114346\" alt=\"Inmuebles en colombia Ciencuadras\" srcset=\"https:\/\/www.ciencuadras.com\/blog\/wp-content\/uploads\/2023\/04\/300x600_general-cc.jpg 300w, https:\/\/www.ciencuadras.com\/blog\/wp-content\/uploads\/2023\/04\/300x600_general-cc-150x300.jpg 150w\" sizes=\"(max-width: 300px) 100vw, 300px\" \/>\t\t\t\t\t\t\t\t<\/a>\n\t\t\t\t\t\t\t\t\t\t\t\t\t<\/div>\n\t\t\t\t<\/div>\n\t\t\t\t<div class=\"elementor-element elementor-element-1b3dc941 elementor-widget-divider--view-line elementor-widget elementor-widget-divider\" data-id=\"1b3dc941\" data-element_type=\"widget\" data-widget_type=\"divider.default\">\n\t\t\t\t<div class=\"elementor-widget-container\">\n\t\t\t\t\t<div class=\"elementor-divider\">\n\t\t\t<span class=\"elementor-divider-separator\">\n\t\t\t\t\t\t<\/span>\n\t\t<\/div>\n\t\t\t\t<\/div>\n\t\t\t\t<\/div>\n\t\t\t\t\t<\/div>\n\t\t<\/div>\n\t\t\t\t\t<\/div>\n\t\t<\/section>\n\t\t\t\t<section class=\"elementor-section elementor-top-section elementor-element elementor-element-392f8536 elementor-section-boxed elementor-section-height-default elementor-section-height-default\" data-id=\"392f8536\" data-element_type=\"section\">\n\t\t\t\t\t\t<div class=\"elementor-container elementor-column-gap-default\">\n\t\t\t\t\t<div class=\"elementor-column elementor-col-100 elementor-top-column elementor-element elementor-element-34ecde54\" data-id=\"34ecde54\" data-element_type=\"column\">\n\t\t\t<div class=\"elementor-widget-wrap elementor-element-populated\">\n\t\t\t\t\t\t<div class=\"elementor-element elementor-element-4fec868f elementor-widget elementor-widget-text-editor\" data-id=\"4fec868f\" data-element_type=\"widget\" data-widget_type=\"text-editor.default\">\n\t\t\t\t<div class=\"elementor-widget-container\">\n\t\t\t\t\t\t\t<p><span style=\"font-weight: 400;\">Encontrar el tama\u00f1o perfecto de la escalera depender\u00e1 del lugar en el que se ubica. <\/span><b>Si no cuentas con un espacio suficientemente amplio te recomendamos escaleras de un solo tramo<\/b><span style=\"font-weight: 400;\">. Si, en cambio, dispones de un \u00e1rea generosa, las escaleras de dos tramos o en forma de U son para ti. Este ejemplo, de tres secciones o en U, es proporcional al \u00e1rea donde se encuentra y, adem\u00e1s, permite ver la zona social mientras se asciende o desciende.\u00a0<\/span><\/p><p><span style=\"font-weight: 400;\">Las conexiones visuales son importantes en casos como este, en el que la escalera hace parte integral de la sala. Por eso, el arquitecto opt\u00f3 por unas barandas de vidrio templado que armonizan con la materialidad de los pasos y la pared, y dada su transparencia, no interrumpen la visi\u00f3n. <\/span><\/p>\t\t\t\t\t\t<\/div>\n\t\t\t\t<\/div>\n\t\t\t\t<section class=\"elementor-section elementor-inner-section elementor-element elementor-element-19eb8ff6 elementor-section-boxed elementor-section-height-default elementor-section-height-default\" data-id=\"19eb8ff6\" data-element_type=\"section\">\n\t\t\t\t\t\t<div class=\"elementor-container elementor-column-gap-default\">\n\t\t\t\t\t<div class=\"elementor-column elementor-col-50 elementor-inner-column elementor-element elementor-element-6fe9c8\" data-id=\"6fe9c8\" data-element_type=\"column\">\n\t\t\t<div class=\"elementor-widget-wrap elementor-element-populated\">\n\t\t\t\t\t\t<div class=\"elementor-element elementor-element-fe39b03 elementor-widget elementor-widget-heading\" data-id=\"fe39b03\" data-element_type=\"widget\" data-widget_type=\"heading.default\">\n\t\t\t\t<div class=\"elementor-widget-container\">\n\t\t\t<h3 class=\"elementor-heading-title elementor-size-default\">Minimalista<\/h3>\t\t<\/div>\n\t\t\t\t<\/div>\n\t\t\t\t<div class=\"elementor-element elementor-element-6aefa9f5 elementor-widget elementor-widget-image\" data-id=\"6aefa9f5\" data-element_type=\"widget\" data-widget_type=\"image.default\">\n\t\t\t\t<div class=\"elementor-widget-container\">\n\t\t\t\t\t\t\t\t\t\t\t\t\t<img decoding=\"async\" width=\"467\" height=\"700\" src=\"https:\/\/www.ciencuadras.com\/blog\/wp-content\/uploads\/2022\/10\/Casa-Cano-Ospina-en-Pradera-de-Potosi-foto-Ivan-Ortiz-produ-AMZ.jpg\" class=\"attachment-large size-large wp-image-107281\" alt=\"escaleras minimalistas en casa\" srcset=\"https:\/\/www.ciencuadras.com\/blog\/wp-content\/uploads\/2022\/10\/Casa-Cano-Ospina-en-Pradera-de-Potosi-foto-Ivan-Ortiz-produ-AMZ.jpg 467w, https:\/\/www.ciencuadras.com\/blog\/wp-content\/uploads\/2022\/10\/Casa-Cano-Ospina-en-Pradera-de-Potosi-foto-Ivan-Ortiz-produ-AMZ-200x300.jpg 200w\" sizes=\"(max-width: 467px) 100vw, 467px\" \/>\t\t\t\t\t\t\t\t\t\t\t\t\t<\/div>\n\t\t\t\t<\/div>\n\t\t\t\t<div class=\"elementor-element elementor-element-9800c6b elementor-widget elementor-widget-text-editor\" data-id=\"9800c6b\" data-element_type=\"widget\" data-widget_type=\"text-editor.default\">\n\t\t\t\t<div class=\"elementor-widget-container\">\n\t\t\t\t\t\t\t<p><em>Cr\u00e9ditos: Iv\u00e1n Ortiz<br \/><\/em><\/p>\t\t\t\t\t\t<\/div>\n\t\t\t\t<\/div>\n\t\t\t\t\t<\/div>\n\t\t<\/div>\n\t\t\t\t<div class=\"elementor-column elementor-col-50 elementor-inner-column elementor-element elementor-element-3fbabf62\" data-id=\"3fbabf62\" data-element_type=\"column\">\n\t\t\t<div class=\"elementor-widget-wrap\">\n\t\t\t\t\t\t\t<\/div>\n\t\t<\/div>\n\t\t\t\t\t<\/div>\n\t\t<\/section>\n\t\t\t\t\t<\/div>\n\t\t<\/div>\n\t\t\t\t\t<\/div>\n\t\t<\/section>\n\t\t\t\t<section class=\"elementor-section elementor-top-section elementor-element elementor-element-57241edb elementor-section-boxed elementor-section-height-default elementor-section-height-default\" data-id=\"57241edb\" data-element_type=\"section\">\n\t\t\t\t\t\t<div class=\"elementor-container elementor-column-gap-default\">\n\t\t\t\t\t<div class=\"elementor-column elementor-col-100 elementor-top-column elementor-element elementor-element-18925555\" data-id=\"18925555\" data-element_type=\"column\">\n\t\t\t<div class=\"elementor-widget-wrap elementor-element-populated\">\n\t\t\t\t\t\t<div class=\"elementor-element elementor-element-31f0fbd9 elementor-widget elementor-widget-text-editor\" data-id=\"31f0fbd9\" data-element_type=\"widget\" data-widget_type=\"text-editor.default\">\n\t\t\t\t<div class=\"elementor-widget-container\">\n\t\t\t\t\t\t\t<p><span style=\"font-weight: 400;\">Reduci\u00e9ndola a lo esencial, despoj\u00e1ndola de todo aquello que sobra o resulta innecesario, <\/span><b>es posible dise\u00f1ar una escalera de estilo minimalista<\/b><span style=\"font-weight: 400;\">, que, contrario a lo que todos piensan, puede ser c\u00e1lido; como esta escalera, cuya geometr\u00eda y materialidad son elementales, pero no por eso fr\u00edos o impersonales. <br \/><br \/>Y lo son en respuesta al espacio en el que est\u00e1 ubicada, pues los grandes ventanales enmarcan un paisaje natural que es sin duda el centro de la arquitectura.\u00a0<\/span><\/p><p><b>Cediendo protagonismo al entorno<\/b><span style=\"font-weight: 400;\">, esta escalera unifica su materialidad con la de la carpinter\u00eda, permitiendo al espectador redescubrir el entorno.\u00a0<\/span><\/p>\t\t\t\t\t\t<\/div>\n\t\t\t\t<\/div>\n\t\t\t\t<div class=\"elementor-element elementor-element-3101703 elementor-widget elementor-widget-heading\" data-id=\"3101703\" data-element_type=\"widget\" data-widget_type=\"heading.default\">\n\t\t\t\t<div class=\"elementor-widget-container\">\n\t\t\t<h3 class=\"elementor-heading-title elementor-size-default\">Concreto a la vista\n<\/h3>\t\t<\/div>\n\t\t\t\t<\/div>\n\t\t\t\t<div class=\"elementor-element elementor-element-7249af9 elementor-widget elementor-widget-image\" data-id=\"7249af9\" data-element_type=\"widget\" data-widget_type=\"image.default\">\n\t\t\t\t<div class=\"elementor-widget-container\">\n\t\t\t\t\t\t\t\t\t\t\t\t\t<img loading=\"lazy\" decoding=\"async\" width=\"467\" height=\"700\" src=\"https:\/\/www.ciencuadras.com\/blog\/wp-content\/uploads\/2022\/10\/Casa-Siete-Infantes-Arq.-Alberto-Burckhardt-Cartagena-Foto-Iva\u0301n-Ortiz-Produ-AMZ1.jpg\" class=\"attachment-large size-large wp-image-107288\" alt=\"\" srcset=\"https:\/\/www.ciencuadras.com\/blog\/wp-content\/uploads\/2022\/10\/Casa-Siete-Infantes-Arq.-Alberto-Burckhardt-Cartagena-Foto-Iva\u0301n-Ortiz-Produ-AMZ1.jpg 467w, https:\/\/www.ciencuadras.com\/blog\/wp-content\/uploads\/2022\/10\/Casa-Siete-Infantes-Arq.-Alberto-Burckhardt-Cartagena-Foto-Iva\u0301n-Ortiz-Produ-AMZ1-200x300.jpg 200w\" sizes=\"(max-width: 467px) 100vw, 467px\" \/>\t\t\t\t\t\t\t\t\t\t\t\t\t<\/div>\n\t\t\t\t<\/div>\n\t\t\t\t<div class=\"elementor-element elementor-element-ba64991 elementor-widget elementor-widget-text-editor\" data-id=\"ba64991\" data-element_type=\"widget\" data-widget_type=\"text-editor.default\">\n\t\t\t\t<div class=\"elementor-widget-container\">\n\t\t\t\t\t\t\t<p><em>Cr\u00e9ditos: Iv\u00e1n Ortiz<br \/><\/em><\/p>\t\t\t\t\t\t<\/div>\n\t\t\t\t<\/div>\n\t\t\t\t<div class=\"elementor-element elementor-element-4dfd68f3 elementor-widget elementor-widget-text-editor\" data-id=\"4dfd68f3\" data-element_type=\"widget\" data-widget_type=\"text-editor.default\">\n\t\t\t\t<div class=\"elementor-widget-container\">\n\t\t\t\t\t\t\t<p><span style=\"font-weight: 400;\">El concreto es un material noble: se halla en la estructura de los edificios, en el mobiliario urbano, en algunos objetos decorativos y, como no, en las escaleras.\u00a0<\/span><\/p><p><span style=\"font-weight: 400;\">Esta escalera exterior se eleva en uno de los extremos de la casa para integrarse con el patio y la naturaleza que lo habita. <\/span><b>Tanto su geometr\u00eda como su materialidad son honestas, mostrando el proceso constructivo.<\/b><span style=\"font-weight: 400;\"> Adem\u00e1s, al ser de un solo tramo, sin apoyos intermedios, desaf\u00eda la gravedad.<\/span><\/p><p><span style=\"font-weight: 400;\">Por \u00faltimo, la huella y la contrahuella son visibles desde cualquier posici\u00f3n, lo cual refleja la intenci\u00f3n del arquitecto de hacer de \u00e9sta un elemento escult\u00f3rico. <\/span><\/p>\t\t\t\t\t\t<\/div>\n\t\t\t\t<\/div>\n\t\t\t\t<div class=\"elementor-element elementor-element-231cb06d elementor-widget elementor-widget-heading\" data-id=\"231cb06d\" data-element_type=\"widget\" data-widget_type=\"heading.default\">\n\t\t\t\t<div class=\"elementor-widget-container\">\n\t\t\t<h3 class=\"elementor-heading-title elementor-size-default\">Forma de caracol<\/h3>\t\t<\/div>\n\t\t\t\t<\/div>\n\t\t\t\t<div class=\"elementor-element elementor-element-31682355 elementor-widget elementor-widget-image\" data-id=\"31682355\" data-element_type=\"widget\" data-widget_type=\"image.default\">\n\t\t\t\t<div class=\"elementor-widget-container\">\n\t\t\t\t\t\t\t\t\t\t\t\t\t<img decoding=\"async\" src=\"https:\/\/www.ciencuadras.com\/blog\/wp-content\/uploads\/elementor\/thumbs\/Palo-de-Agua-Foto-Andre\u0301s-Valbuena-pw7l9szbuxv6gakj8zzgxc7czh6c0rrc4rnwemu3o4.jpg\" title=\"escaleras en caracol en casa\" alt=\"\" loading=\"lazy\" \/>\t\t\t\t\t\t\t\t\t\t\t\t\t<\/div>\n\t\t\t\t<\/div>\n\t\t\t\t<div class=\"elementor-element elementor-element-72fed68 elementor-widget elementor-widget-text-editor\" data-id=\"72fed68\" data-element_type=\"widget\" data-widget_type=\"text-editor.default\">\n\t\t\t\t<div class=\"elementor-widget-container\">\n\t\t\t\t\t\t\t<p><em>Cr\u00e9ditos: Andr\u00e9s Valbuena<br \/><\/em><\/p>\t\t\t\t\t\t<\/div>\n\t\t\t\t<\/div>\n\t\t\t\t<div class=\"elementor-element elementor-element-41438f15 elementor-widget elementor-widget-text-editor\" data-id=\"41438f15\" data-element_type=\"widget\" data-widget_type=\"text-editor.default\">\n\t\t\t\t<div class=\"elementor-widget-container\">\n\t\t\t\t\t\t\t<p><b>Las escaleras en forma de caracol son ideales en espacios peque\u00f1os. <\/b><span style=\"font-weight: 400;\">Sin embargo, debido a su geometr\u00eda curva, algunos arquitectos las conciben como un elemento que complementa y potencia el dise\u00f1o interior.\u00a0<\/span><\/p><p><span style=\"font-weight: 400;\">En este caso, la escalera se convierte en la protagonista de la zona social: sus l\u00edneas sinuosas responden a la curvatura de uno de los muros contiguos. Adem\u00e1s, al tener el mismo color de las paredes y techos de este ambiente social hace que todo el conjunto tenga unidad.\u00a0<\/span><\/p><p><b>\u00a1An\u00edmate a hacer de tu escalera una verdadera obra de arte!<\/b><\/p>\t\t\t\t\t\t<\/div>\n\t\t\t\t<\/div>\n\t\t\t\t\t<\/div>\n\t\t<\/div>\n\t\t\t\t\t<\/div>\n\t\t<\/section>\n\t\t\t\t<section class=\"elementor-section elementor-top-section elementor-element elementor-element-5675dc2c elementor-section-boxed elementor-section-height-default elementor-section-height-default\" data-id=\"5675dc2c\" data-element_type=\"section\">\n\t\t\t\t\t\t<div class=\"elementor-container elementor-column-gap-default\">\n\t\t\t\t\t<div class=\"elementor-column elementor-col-33 elementor-top-column elementor-element elementor-element-483153ea\" data-id=\"483153ea\" data-element_type=\"column\">\n\t\t\t<div class=\"elementor-widget-wrap elementor-element-populated\">\n\t\t\t\t\t\t<div class=\"elementor-element elementor-element-498c2bd8 elementor-widget elementor-widget-image\" data-id=\"498c2bd8\" data-element_type=\"widget\" data-widget_type=\"image.default\">\n\t\t\t\t<div class=\"elementor-widget-container\">\n\t\t\t\t\t\t\t\t\t\t\t\t\t<img decoding=\"async\" src=\"https:\/\/www.ciencuadras.com\/blog\/wp-content\/uploads\/2022\/08\/logo-axxis.png\" title=\"logo revista axxis\" alt=\"logo revista axxis\" loading=\"lazy\" \/>\t\t\t\t\t\t\t\t\t\t\t\t\t<\/div>\n\t\t\t\t<\/div>\n\t\t\t\t\t<\/div>\n\t\t<\/div>\n\t\t\t\t<div class=\"elementor-column elementor-col-66 elementor-top-column elementor-element elementor-element-29f96564\" data-id=\"29f96564\" data-element_type=\"column\">\n\t\t\t<div class=\"elementor-widget-wrap elementor-element-populated\">\n\t\t\t\t\t\t<div class=\"elementor-element elementor-element-419d8c43 elementor-widget elementor-widget-heading\" data-id=\"419d8c43\" data-element_type=\"widget\" data-widget_type=\"heading.default\">\n\t\t\t\t<div class=\"elementor-widget-container\">\n\t\t\t<h2 class=\"elementor-heading-title elementor-size-default\">Revista Axxis<\/h2>\t\t<\/div>\n\t\t\t\t<\/div>\n\t\t\t\t<div class=\"elementor-element elementor-element-ec83d27 elementor-widget elementor-widget-text-editor\" data-id=\"ec83d27\" data-element_type=\"widget\" data-widget_type=\"text-editor.default\">\n\t\t\t\t<div class=\"elementor-widget-container\">\n\t\t\t\t\t\t\t<p><span style=\"color: #222222; font-family: Arial, Helvetica, sans-serif; font-size: small;\">La Revista Axxis es la publicaci\u00f3n l\u00edder en arquitectura, dise\u00f1o y decoraci\u00f3n en Colombia. En esta alianza con Ciencuadras, presenta los mejores tips para inspirar a profesionales y aficionados a sacar lo mejor de sus hogares.&nbsp;<\/span><\/p>\t\t\t\t\t\t<\/div>\n\t\t\t\t<\/div>\n\t\t\t\t\t<\/div>\n\t\t<\/div>\n\t\t\t\t\t<\/div>\n\t\t<\/section>\n\t\t\t\t<section class=\"elementor-section elementor-top-section elementor-element elementor-element-733a8026 elementor-section-boxed elementor-section-height-default elementor-section-height-default\" data-id=\"733a8026\" data-element_type=\"section\">\n\t\t\t\t\t\t<div class=\"elementor-container elementor-column-gap-default\">\n\t\t\t\t\t<div class=\"elementor-column elementor-col-100 elementor-top-column elementor-element elementor-element-4759696\" data-id=\"4759696\" data-element_type=\"column\">\n\t\t\t<div class=\"elementor-widget-wrap elementor-element-populated\">\n\t\t\t\t\t\t<div class=\"elementor-element elementor-element-fca43ce elementor-widget__width-initial elementor-widget elementor-widget-heading\" data-id=\"fca43ce\" data-element_type=\"widget\" data-widget_type=\"heading.default\">\n\t\t\t\t<div class=\"elementor-widget-container\">\n\t\t\t<h2 class=\"elementor-heading-title elementor-size-default\">Art\u00edculos relacionados <\/h2>\t\t<\/div>\n\t\t\t\t<\/div>\n\t\t\t\t\t<\/div>\n\t\t<\/div>\n\t\t\t\t\t<\/div>\n\t\t<\/section>\n\t\t\t\t<section class=\"elementor-section elementor-top-section elementor-element elementor-element-59e2c1a elementor-section-boxed elementor-section-height-default elementor-section-height-default\" data-id=\"59e2c1a\" data-element_type=\"section\">\n\t\t\t\t\t\t<div class=\"elementor-container elementor-column-gap-default\">\n\t\t\t\t\t<div class=\"elementor-column elementor-col-33 elementor-top-column elementor-element elementor-element-1ed682bc\" data-id=\"1ed682bc\" data-element_type=\"column\">\n\t\t\t<div class=\"elementor-widget-wrap elementor-element-populated\">\n\t\t\t\t\t\t<div class=\"elementor-element elementor-element-6fc43f00 elementor-position-top elementor-widget elementor-widget-image-box\" data-id=\"6fc43f00\" data-element_type=\"widget\" data-widget_type=\"image-box.default\">\n\t\t\t\t<div class=\"elementor-widget-container\">\n\t\t\t<div class=\"elementor-image-box-wrapper\"><figure class=\"elementor-image-box-img\"><a href=\"https:\/\/www.ciencuadras.com\/blog\/espacios-al-cien-cojines-para-todos-los-espacios\" target=\"_blank\" tabindex=\"-1\"><img loading=\"lazy\" decoding=\"async\" width=\"320\" height=\"368\" src=\"https:\/\/www.ciencuadras.com\/blog\/wp-content\/uploads\/2022\/10\/320x368_axxis_cojines-1.png\" class=\"attachment-full size-full wp-image-107308\" alt=\"cojines en hogar\" srcset=\"https:\/\/www.ciencuadras.com\/blog\/wp-content\/uploads\/2022\/10\/320x368_axxis_cojines-1.png 320w, https:\/\/www.ciencuadras.com\/blog\/wp-content\/uploads\/2022\/10\/320x368_axxis_cojines-1-261x300.png 261w\" sizes=\"(max-width: 320px) 100vw, 320px\" \/><\/a><\/figure><div class=\"elementor-image-box-content\"><h3 class=\"elementor-image-box-title\"><a href=\"https:\/\/www.ciencuadras.com\/blog\/espacios-al-cien-cojines-para-todos-los-espacios\" target=\"_blank\">Cojines para todos los espacios<\/a><\/h3><p class=\"elementor-image-box-description\">LEER M\u00c1S\n<\/p><\/div><\/div>\t\t<\/div>\n\t\t\t\t<\/div>\n\t\t\t\t\t<\/div>\n\t\t<\/div>\n\t\t\t\t<div class=\"elementor-column elementor-col-33 elementor-top-column elementor-element elementor-element-76f5541e\" data-id=\"76f5541e\" data-element_type=\"column\">\n\t\t\t<div class=\"elementor-widget-wrap elementor-element-populated\">\n\t\t\t\t\t\t<div class=\"elementor-element elementor-element-600d546e elementor-position-top elementor-widget elementor-widget-image-box\" data-id=\"600d546e\" data-element_type=\"widget\" data-widget_type=\"image-box.default\">\n\t\t\t\t<div class=\"elementor-widget-container\">\n\t\t\t<div class=\"elementor-image-box-wrapper\"><figure class=\"elementor-image-box-img\"><a href=\"https:\/\/www.ciencuadras.com\/blog\/espacios-al-cien-camas-estilos-tamanos-formas\" target=\"_blank\" tabindex=\"-1\"><img loading=\"lazy\" decoding=\"async\" width=\"320\" height=\"368\" src=\"https:\/\/www.ciencuadras.com\/blog\/wp-content\/uploads\/2022\/10\/320x368_axxis_camas-2.png\" class=\"attachment-full size-full wp-image-107309\" alt=\"\" srcset=\"https:\/\/www.ciencuadras.com\/blog\/wp-content\/uploads\/2022\/10\/320x368_axxis_camas-2.png 320w, https:\/\/www.ciencuadras.com\/blog\/wp-content\/uploads\/2022\/10\/320x368_axxis_camas-2-261x300.png 261w\" sizes=\"(max-width: 320px) 100vw, 320px\" \/><\/a><\/figure><div class=\"elementor-image-box-content\"><h3 class=\"elementor-image-box-title\"><a href=\"https:\/\/www.ciencuadras.com\/blog\/espacios-al-cien-camas-estilos-tamanos-formas\" target=\"_blank\">Camas: estilos, tama\u00f1os, formas y c\u00f3mo elegirlas<\/a><\/h3><p class=\"elementor-image-box-description\">LEER M\u00c1S\n<\/p><\/div><\/div>\t\t<\/div>\n\t\t\t\t<\/div>\n\t\t\t\t\t<\/div>\n\t\t<\/div>\n\t\t\t\t<div class=\"elementor-column elementor-col-33 elementor-top-column elementor-element elementor-element-3920b056\" data-id=\"3920b056\" data-element_type=\"column\">\n\t\t\t<div class=\"elementor-widget-wrap elementor-element-populated\">\n\t\t\t\t\t\t<div class=\"elementor-element elementor-element-76c7e5a9 elementor-position-top elementor-widget elementor-widget-image-box\" data-id=\"76c7e5a9\" data-element_type=\"widget\" data-widget_type=\"image-box.default\">\n\t\t\t\t<div class=\"elementor-widget-container\">\n\t\t\t<div class=\"elementor-image-box-wrapper\"><figure class=\"elementor-image-box-img\"><a href=\"https:\/\/www.ciencuadras.com\/blog\/espacios-al-cien-transformar-espacio-con-arte\" target=\"_blank\" tabindex=\"-1\"><img loading=\"lazy\" decoding=\"async\" width=\"320\" height=\"368\" src=\"https:\/\/www.ciencuadras.com\/blog\/wp-content\/uploads\/2022\/10\/320x368_axxis_transformar-con-arte.png\" class=\"attachment-full size-full wp-image-107038\" alt=\"espacios con arte\" srcset=\"https:\/\/www.ciencuadras.com\/blog\/wp-content\/uploads\/2022\/10\/320x368_axxis_transformar-con-arte.png 320w, https:\/\/www.ciencuadras.com\/blog\/wp-content\/uploads\/2022\/10\/320x368_axxis_transformar-con-arte-261x300.png 261w\" sizes=\"(max-width: 320px) 100vw, 320px\" \/><\/a><\/figure><div class=\"elementor-image-box-content\"><h3 class=\"elementor-image-box-title\"><a href=\"https:\/\/www.ciencuadras.com\/blog\/espacios-al-cien-transformar-espacio-con-arte\" target=\"_blank\">\u00bfC\u00f3mo transformar un espacio con arte?<\/a><\/h3><p class=\"elementor-image-box-description\">LEER M\u00c1S\n<\/p><\/div><\/div>\t\t<\/div>\n\t\t\t\t<\/div>\n\t\t\t\t\t<\/div>\n\t\t<\/div>\n\t\t\t\t\t<\/div>\n\t\t<\/section>\n\t\t\t\t<\/div>\n\t\t\n","protected":false},"excerpt":{"rendered":"<p>Escaleras para todo tipo de vivienda, c\u00f3mo elegir un estilo \u00a0Cr\u00e9ditos: Iv\u00e1n Ortiz Una lectura completa y sensible del espacio nos concede las claves para &hellip;<\/p>\n","protected":false},"author":2,"featured_media":0,"parent":0,"menu_order":0,"comment_status":"closed","ping_status":"closed","template":"","meta":{"footnotes":""},"acf":[],"yoast_head":"<!-- This site is optimized with the Yoast SEO plugin v15.9 - https:\/\/yoast.com\/wordpress\/plugins\/seo\/ -->\n<title>Diferentes tipos de escaleras para tu vivienda | Ciencuadras<\/title>\n<meta name=\"description\" content=\"Conoce las claves para elegir el tipo de escaleras perfectas para tu hogar. \u00a1Aqu\u00ed te brindamos diferentes opciones para el mejor dise\u00f1o y estilo!\" \/>\n<meta name=\"robots\" content=\"index, follow, max-snippet:-1, max-image-preview:large, max-video-preview:-1\" \/>\n<link rel=\"canonical\" href=\"https:\/\/www.ciencuadras.com\/blog\/espacios-al-cien-escaleras-todo-tipo-de-vivienda\" \/>\n<meta property=\"og:locale\" content=\"es_ES\" \/>\n<meta property=\"og:type\" content=\"article\" \/>\n<meta property=\"og:title\" content=\"Diferentes tipos de escaleras para tu vivienda | Ciencuadras\" \/>\n<meta property=\"og:description\" content=\"Conoce las claves para elegir el tipo de escaleras perfectas para tu hogar. \u00a1Aqu\u00ed te brindamos diferentes opciones para el mejor dise\u00f1o y estilo!\" \/>\n<meta property=\"og:url\" content=\"https:\/\/www.ciencuadras.com\/blog\/espacios-al-cien-escaleras-todo-tipo-de-vivienda\" \/>\n<meta property=\"article:publisher\" content=\"https:\/\/www.facebook.com\/ciencuadras\/\" \/>\n<meta property=\"article:modified_time\" content=\"2023-04-03T15:30:30+00:00\" \/>\n<meta property=\"og:image\" content=\"https:\/\/www.ciencuadras.com\/blog\/wp-content\/uploads\/elementor\/thumbs\/Apto-Alfredo-Villaveces-Foto-Ivan-Ortiz-Produ-Laura-Reyes1-pw7ke6onxunq11hdam3fsf6m80wq9q3sgtmcolqdt0.jpg\" \/>\n<meta name=\"twitter:card\" content=\"summary_large_image\" \/>\n<meta name=\"twitter:site\" content=\"@ciencuadras\" \/>\n<meta name=\"twitter:label1\" content=\"Est. reading time\">\n\t<meta name=\"twitter:data1\" content=\"6 minutos\">\n<script type=\"application\/ld+json\" class=\"yoast-schema-graph\">{\"@context\":\"https:\/\/schema.org\",\"@graph\":[{\"@type\":\"Organization\",\"@id\":\"https:\/\/www.ciencuadras.com\/blog\/#organization\",\"name\":\"Ciencuadras.com\",\"url\":\"https:\/\/www.ciencuadras.com\/blog\/\",\"sameAs\":[\"https:\/\/www.facebook.com\/ciencuadras\/\",\"https:\/\/www.instagram.com\/ciencuadras\/\",\"https:\/\/co.linkedin.com\/company\/ciencuadras\",\"https:\/\/www.youtube.com\/channel\/UC_f830HP5dUy6OjBIbjtlAw\",\"https:\/\/twitter.com\/ciencuadras\"],\"logo\":{\"@type\":\"ImageObject\",\"@id\":\"https:\/\/www.ciencuadras.com\/blog\/#logo\",\"inLanguage\":\"es-CO\",\"url\":\"\",\"caption\":\"Ciencuadras.com\"},\"image\":{\"@id\":\"https:\/\/www.ciencuadras.com\/blog\/#logo\"}},{\"@type\":\"WebSite\",\"@id\":\"https:\/\/www.ciencuadras.com\/blog\/#website\",\"url\":\"https:\/\/www.ciencuadras.com\/blog\/\",\"name\":\"\",\"description\":\"\",\"publisher\":{\"@id\":\"https:\/\/www.ciencuadras.com\/blog\/#organization\"},\"potentialAction\":[{\"@type\":\"SearchAction\",\"target\":\"https:\/\/www.ciencuadras.com\/blog\/?s={search_term_string}\",\"query-input\":\"required name=search_term_string\"}],\"inLanguage\":\"es-CO\"},{\"@type\":\"ImageObject\",\"@id\":\"https:\/\/www.ciencuadras.com\/blog\/espacios-al-cien-escaleras-todo-tipo-de-vivienda#primaryimage\",\"inLanguage\":\"es-CO\",\"url\":\"https:\/\/www.ciencuadras.com\/blog\/wp-content\/uploads\/elementor\/thumbs\/Apto-Alfredo-Villaveces-Foto-Ivan-Ortiz-Produ-Laura-Reyes1-pw7ke6onxunq11hdam3fsf6m80wq9q3sgtmcolqdt0.jpg\"},{\"@type\":\"WebPage\",\"@id\":\"https:\/\/www.ciencuadras.com\/blog\/espacios-al-cien-escaleras-todo-tipo-de-vivienda#webpage\",\"url\":\"https:\/\/www.ciencuadras.com\/blog\/espacios-al-cien-escaleras-todo-tipo-de-vivienda\",\"name\":\"Diferentes tipos de escaleras para tu vivienda | Ciencuadras\",\"isPartOf\":{\"@id\":\"https:\/\/www.ciencuadras.com\/blog\/#website\"},\"primaryImageOfPage\":{\"@id\":\"https:\/\/www.ciencuadras.com\/blog\/espacios-al-cien-escaleras-todo-tipo-de-vivienda#primaryimage\"},\"datePublished\":\"2022-10-14T16:57:10+00:00\",\"dateModified\":\"2023-04-03T15:30:30+00:00\",\"description\":\"Conoce las claves para elegir el tipo de escaleras perfectas para tu hogar. \\u00a1Aqu\\u00ed te brindamos diferentes opciones para el mejor dise\\u00f1o y estilo!\",\"breadcrumb\":{\"@id\":\"https:\/\/www.ciencuadras.com\/blog\/espacios-al-cien-escaleras-todo-tipo-de-vivienda#breadcrumb\"},\"inLanguage\":\"es-CO\",\"potentialAction\":[{\"@type\":\"ReadAction\",\"target\":[\"https:\/\/www.ciencuadras.com\/blog\/espacios-al-cien-escaleras-todo-tipo-de-vivienda\"]}]},{\"@type\":\"BreadcrumbList\",\"@id\":\"https:\/\/www.ciencuadras.com\/blog\/espacios-al-cien-escaleras-todo-tipo-de-vivienda#breadcrumb\",\"itemListElement\":[{\"@type\":\"ListItem\",\"position\":1,\"item\":{\"@type\":\"WebPage\",\"@id\":\"https:\/\/www.ciencuadras.com\/blog\",\"url\":\"https:\/\/www.ciencuadras.com\/blog\",\"name\":\"Blog\"}},{\"@type\":\"ListItem\",\"position\":2,\"item\":{\"@type\":\"WebPage\",\"@id\":\"https:\/\/www.ciencuadras.com\/blog\/espacios-al-cien-escaleras-todo-tipo-de-vivienda\",\"url\":\"https:\/\/www.ciencuadras.com\/blog\/espacios-al-cien-escaleras-todo-tipo-de-vivienda\",\"name\":\"Espacios al Cien By Axxis\"}}]}]}<\/script>\n<!-- \/ Yoast SEO plugin. -->","_links":{"self":[{"href":"https:\/\/www.ciencuadras.com\/blog\/wp-json\/wp\/v2\/pages\/107247"}],"collection":[{"href":"https:\/\/www.ciencuadras.com\/blog\/wp-json\/wp\/v2\/pages"}],"about":[{"href":"https:\/\/www.ciencuadras.com\/blog\/wp-json\/wp\/v2\/types\/page"}],"author":[{"embeddable":true,"href":"https:\/\/www.ciencuadras.com\/blog\/wp-json\/wp\/v2\/users\/2"}],"replies":[{"embeddable":true,"href":"https:\/\/www.ciencuadras.com\/blog\/wp-json\/wp\/v2\/comments?post=107247"}],"version-history":[{"count":95,"href":"https:\/\/www.ciencuadras.com\/blog\/wp-json\/wp\/v2\/pages\/107247\/revisions"}],"predecessor-version":[{"id":114382,"href":"https:\/\/www.ciencuadras.com\/blog\/wp-json\/wp\/v2\/pages\/107247\/revisions\/114382"}],"wp:attachment":[{"href":"https:\/\/www.ciencuadras.com\/blog\/wp-json\/wp\/v2\/media?parent=107247"}],"curies":[{"name":"wp","href":"https:\/\/api.w.org\/{rel}","templated":true}]}}