{"id":107610,"date":"2022-11-01T14:27:36","date_gmt":"2022-11-01T19:27:36","guid":{"rendered":"https:\/\/www.ciencuadras.com\/blog\/?page_id=107610"},"modified":"2023-04-03T10:31:17","modified_gmt":"2023-04-03T15:31:17","slug":"espacios-al-cien-diseno-arquitectura-espacios-pequenos","status":"publish","type":"page","link":"https:\/\/www.ciencuadras.com\/blog\/espacios-al-cien-diseno-arquitectura-espacios-pequenos","title":{"rendered":"Espacios al Cien By Axxis"},"content":{"rendered":"\t\t<div data-elementor-type=\"wp-page\" data-elementor-id=\"107610\" class=\"elementor elementor-107610\" data-elementor-post-type=\"page\">\n\t\t\t\t\n\t\t<section class=\"elementor-section elementor-top-section elementor-element elementor-element-6ad9de3 elementor-section-boxed elementor-section-height-default elementor-section-height-default\" data-id=\"6ad9de3\" data-element_type=\"section\">\n\t\t\t\t\t\t<div class=\"elementor-container elementor-column-gap-default\">\n\t\t\t\t\t<div class=\"elementor-column elementor-col-100 elementor-top-column elementor-element elementor-element-36004908\" data-id=\"36004908\" data-element_type=\"column\">\n\t\t\t<div class=\"elementor-widget-wrap elementor-element-populated\">\n\t\t\t\t\t\t<div class=\"elementor-element elementor-element-2cfad0a6 elementor-widget elementor-widget-heading\" data-id=\"2cfad0a6\" data-element_type=\"widget\" data-widget_type=\"heading.default\">\n\t\t\t\t<div class=\"elementor-widget-container\">\n\t\t\t<h1 class=\"elementor-heading-title elementor-size-default\">Decoraci\u00f3n y dise\u00f1o para apartamentos peque\u00f1os: cada metro cuenta<\/h1>\t\t<\/div>\n\t\t\t\t<\/div>\n\t\t\t\t<div class=\"elementor-element elementor-element-d0d4c55 elementor-widget elementor-widget-image\" data-id=\"d0d4c55\" data-element_type=\"widget\" data-widget_type=\"image.default\">\n\t\t\t\t<div class=\"elementor-widget-container\">\n\t\t\t\t\t\t\t\t\t\t\t\t\t<img fetchpriority=\"high\" decoding=\"async\" width=\"529\" height=\"700\" src=\"https:\/\/www.ciencuadras.com\/blog\/wp-content\/uploads\/2022\/11\/Apto-Martin-Ramiez-Andres-Valbuena.jpg\" class=\"attachment-full size-full wp-image-107611\" alt=\"dise\u00f1o de casas con espacios peque\u00f1os\" srcset=\"https:\/\/www.ciencuadras.com\/blog\/wp-content\/uploads\/2022\/11\/Apto-Martin-Ramiez-Andres-Valbuena.jpg 529w, https:\/\/www.ciencuadras.com\/blog\/wp-content\/uploads\/2022\/11\/Apto-Martin-Ramiez-Andres-Valbuena-227x300.jpg 227w\" sizes=\"(max-width: 529px) 100vw, 529px\" \/>\t\t\t\t\t\t\t\t\t\t\t\t\t<\/div>\n\t\t\t\t<\/div>\n\t\t\t\t\t<\/div>\n\t\t<\/div>\n\t\t\t\t\t<\/div>\n\t\t<\/section>\n\t\t\t\t<section class=\"elementor-section elementor-top-section elementor-element elementor-element-15262025 elementor-section-boxed elementor-section-height-default elementor-section-height-default\" data-id=\"15262025\" data-element_type=\"section\">\n\t\t\t\t\t\t<div class=\"elementor-container elementor-column-gap-default\">\n\t\t\t\t\t<div class=\"elementor-column elementor-col-100 elementor-top-column elementor-element elementor-element-9553d1e\" data-id=\"9553d1e\" data-element_type=\"column\">\n\t\t\t<div class=\"elementor-widget-wrap elementor-element-populated\">\n\t\t\t\t\t\t<div class=\"elementor-element elementor-element-20bfe4e3 elementor-widget elementor-widget-text-editor\" data-id=\"20bfe4e3\" data-element_type=\"widget\" data-widget_type=\"text-editor.default\">\n\t\t\t\t<div class=\"elementor-widget-container\">\n\t\t\t\t\t\t\t<p><em>\u00a0Cr\u00e9ditos: Andr\u00e9s Valbuena<\/em><\/p>\t\t\t\t\t\t<\/div>\n\t\t\t\t<\/div>\n\t\t\t\t\t<\/div>\n\t\t<\/div>\n\t\t\t\t\t<\/div>\n\t\t<\/section>\n\t\t\t\t<section class=\"elementor-section elementor-top-section elementor-element elementor-element-3c394b04 elementor-section-boxed elementor-section-height-default elementor-section-height-default\" data-id=\"3c394b04\" data-element_type=\"section\">\n\t\t\t\t\t\t<div class=\"elementor-container elementor-column-gap-default\">\n\t\t\t\t\t<div class=\"elementor-column elementor-col-100 elementor-top-column elementor-element elementor-element-67aecaf8\" data-id=\"67aecaf8\" data-element_type=\"column\">\n\t\t\t<div class=\"elementor-widget-wrap elementor-element-populated\">\n\t\t\t\t\t\t<div class=\"elementor-element elementor-element-459aafb9 elementor-widget elementor-widget-text-editor\" data-id=\"459aafb9\" data-element_type=\"widget\" data-widget_type=\"text-editor.default\">\n\t\t\t\t<div class=\"elementor-widget-container\">\n\t\t\t\t\t\t\t<p><span style=\"font-weight: 400;\">Hoy estamos presenciando un fen\u00f3meno irrefutable: las familias est\u00e1n cambiando, cada vez son menos numerosas, y en consecuencia requieren de menos espacio. Desde sus or\u00edgenes la arquitectura ha sido una extensi\u00f3n del cuerpo, y en este sentido una materializaci\u00f3n de las formas de vida humanas. <\/span><\/p><p><span style=\"font-weight: 400;\">Por eso, un cambio como este modifica radicalmente la manera de hacer una vivienda; muestra de ello son los apartamentos tipo <i>loft<\/i> o aparta-estudios, donde las \u00e1reas son peque\u00f1as en respuesta a las necesidades de los individuos o familias contempor\u00e1neas.<\/span><\/p>\t\t\t\t\t\t<\/div>\n\t\t\t\t<\/div>\n\t\t\t\t\t<\/div>\n\t\t<\/div>\n\t\t\t\t\t<\/div>\n\t\t<\/section>\n\t\t\t\t<section class=\"elementor-section elementor-top-section elementor-element elementor-element-1f9eeecf elementor-section-boxed elementor-section-height-default elementor-section-height-default\" data-id=\"1f9eeecf\" data-element_type=\"section\">\n\t\t\t\t\t\t<div class=\"elementor-container elementor-column-gap-default\">\n\t\t\t\t\t<div class=\"elementor-column elementor-col-50 elementor-top-column elementor-element elementor-element-6711cc8b\" data-id=\"6711cc8b\" data-element_type=\"column\">\n\t\t\t<div class=\"elementor-widget-wrap elementor-element-populated\">\n\t\t\t\t\t\t<div class=\"elementor-element elementor-element-7a11c9b1 elementor-widget elementor-widget-heading\" data-id=\"7a11c9b1\" data-element_type=\"widget\" data-widget_type=\"heading.default\">\n\t\t\t\t<div class=\"elementor-widget-container\">\n\t\t\t<h2 class=\"elementor-heading-title elementor-size-default\">Psicolog\u00eda del color<\/h2>\t\t<\/div>\n\t\t\t\t<\/div>\n\t\t\t\t<div class=\"elementor-element elementor-element-56a23054 elementor-widget elementor-widget-text-editor\" data-id=\"56a23054\" data-element_type=\"widget\" data-widget_type=\"text-editor.default\">\n\t\t\t\t<div class=\"elementor-widget-container\">\n\t\t\t\t\t\t\t<p><span style=\"font-weight: 400;\">El uso del color no solo altera la percepci\u00f3n de la escala, sino que transmite energ\u00eda y vitalidad, especialmente la gama de tonos primarios, como el amarillo y el rojo. <\/span><\/p><p><span style=\"font-weight: 400;\">Esto, sin embargo, depende tambi\u00e9n de la funci\u00f3n del espacio: por ejemplo, los locales de comida r\u00e1pida tienden a hacer menos placentera la experiencia utilizando luces muy fuertes y empleando una paleta de colores brillantes, a fin de acelerar los relevos de clientes en un corto periodo de tiempo.\u00a0<\/span><\/p><p><span style=\"font-weight: 400;\">En cuanto a las viviendas, el color permite delimitar y dinamizar los espacios. En este apartamento, por ejemplo, el contraste entre amarillo y negro de las paredes de la cocina ayuda a diferenciar esta \u00e1rea de la sala comedor, aunque ambas est\u00e1n conectadas visual y espacialmente.\u00a0<\/span><\/p><p><span style=\"font-weight: 400;\">En la zona social las paredes son blancas y el piso laminado es claro \u2013lo que crea una atm\u00f3sfera tranquila\u2013. No obstante, algunas piezas del mobiliario est\u00e1n en colores vivos \u2013rojo, azul y verde\u2013, equilibrando a trav\u00e9s de distintos contrastes la homogeneidad de los revestimientos. <\/span><\/p>\t\t\t\t\t\t<\/div>\n\t\t\t\t<\/div>\n\t\t\t\t<div class=\"elementor-element elementor-element-78d0216 elementor-widget elementor-widget-heading\" data-id=\"78d0216\" data-element_type=\"widget\" data-widget_type=\"heading.default\">\n\t\t\t\t<div class=\"elementor-widget-container\">\n\t\t\t<h2 class=\"elementor-heading-title elementor-size-default\">Espacios extensibles<\/h2>\t\t<\/div>\n\t\t\t\t<\/div>\n\t\t\t\t<div class=\"elementor-element elementor-element-b8cf7c2 elementor-widget elementor-widget-image\" data-id=\"b8cf7c2\" data-element_type=\"widget\" data-widget_type=\"image.default\">\n\t\t\t\t<div class=\"elementor-widget-container\">\n\t\t\t\t\t\t\t\t\t\t\t\t\t<img decoding=\"async\" width=\"700\" height=\"467\" src=\"https:\/\/www.ciencuadras.com\/blog\/wp-content\/uploads\/2022\/11\/Casa-arq-Juan-Ortiz-Foto-Iva\u0301n-Ortiz-Produ-Mariana-Arango-1.jpg\" class=\"attachment-full size-full wp-image-107624\" alt=\"Dise\u00f1o de casa\" srcset=\"https:\/\/www.ciencuadras.com\/blog\/wp-content\/uploads\/2022\/11\/Casa-arq-Juan-Ortiz-Foto-Iva\u0301n-Ortiz-Produ-Mariana-Arango-1.jpg 700w, https:\/\/www.ciencuadras.com\/blog\/wp-content\/uploads\/2022\/11\/Casa-arq-Juan-Ortiz-Foto-Iva\u0301n-Ortiz-Produ-Mariana-Arango-1-300x200.jpg 300w\" sizes=\"(max-width: 700px) 100vw, 700px\" \/>\t\t\t\t\t\t\t\t\t\t\t\t\t<\/div>\n\t\t\t\t<\/div>\n\t\t\t\t<div class=\"elementor-element elementor-element-9b21a14 elementor-widget elementor-widget-text-editor\" data-id=\"9b21a14\" data-element_type=\"widget\" data-widget_type=\"text-editor.default\">\n\t\t\t\t<div class=\"elementor-widget-container\">\n\t\t\t\t\t\t\t<p><em>Cr\u00e9ditos: Iv\u00e1n Ortiz<br \/><\/em><\/p>\t\t\t\t\t\t<\/div>\n\t\t\t\t<\/div>\n\t\t\t\t\t<\/div>\n\t\t<\/div>\n\t\t\t\t<div class=\"elementor-column elementor-col-50 elementor-top-column elementor-element elementor-element-76a93b81 elementor-hidden-tablet elementor-hidden-mobile\" data-id=\"76a93b81\" data-element_type=\"column\">\n\t\t\t<div class=\"elementor-widget-wrap elementor-element-populated\">\n\t\t\t\t\t\t<div class=\"elementor-element elementor-element-41db013a elementor-widget-divider--view-line elementor-widget elementor-widget-divider\" data-id=\"41db013a\" data-element_type=\"widget\" data-widget_type=\"divider.default\">\n\t\t\t\t<div class=\"elementor-widget-container\">\n\t\t\t\t\t<div class=\"elementor-divider\">\n\t\t\t<span class=\"elementor-divider-separator\">\n\t\t\t\t\t\t<\/span>\n\t\t<\/div>\n\t\t\t\t<\/div>\n\t\t\t\t<\/div>\n\t\t\t\t<div class=\"elementor-element elementor-element-3b273348 elementor-widget elementor-widget-heading\" data-id=\"3b273348\" data-element_type=\"widget\" data-widget_type=\"heading.default\">\n\t\t\t\t<div class=\"elementor-widget-container\">\n\t\t\t<h2 class=\"elementor-heading-title elementor-size-default\">Inmuebles en Colombia<\/h2>\t\t<\/div>\n\t\t\t\t<\/div>\n\t\t\t\t<div class=\"elementor-element elementor-element-c64fa03 elementor-widget elementor-widget-image\" data-id=\"c64fa03\" data-element_type=\"widget\" data-widget_type=\"image.default\">\n\t\t\t\t<div class=\"elementor-widget-container\">\n\t\t\t\t\t\t\t\t\t\t\t\t\t\t<a href=\"https:\/\/www.ciencuadras.com\/?autopauta=Ambos__articulos_axxis_widget_general_cc_inmuebles_colombia\" target=\"_blank\">\n\t\t\t\t\t\t\t<img decoding=\"async\" width=\"300\" height=\"600\" src=\"https:\/\/www.ciencuadras.com\/blog\/wp-content\/uploads\/2023\/04\/300x600_general-cc.jpg\" class=\"attachment-large size-large wp-image-114346\" alt=\"Inmuebles en colombia Ciencuadras\" srcset=\"https:\/\/www.ciencuadras.com\/blog\/wp-content\/uploads\/2023\/04\/300x600_general-cc.jpg 300w, https:\/\/www.ciencuadras.com\/blog\/wp-content\/uploads\/2023\/04\/300x600_general-cc-150x300.jpg 150w\" sizes=\"(max-width: 300px) 100vw, 300px\" \/>\t\t\t\t\t\t\t\t<\/a>\n\t\t\t\t\t\t\t\t\t\t\t\t\t<\/div>\n\t\t\t\t<\/div>\n\t\t\t\t<div class=\"elementor-element elementor-element-424c92cf elementor-widget-divider--view-line elementor-widget elementor-widget-divider\" data-id=\"424c92cf\" data-element_type=\"widget\" data-widget_type=\"divider.default\">\n\t\t\t\t<div class=\"elementor-widget-container\">\n\t\t\t\t\t<div class=\"elementor-divider\">\n\t\t\t<span class=\"elementor-divider-separator\">\n\t\t\t\t\t\t<\/span>\n\t\t<\/div>\n\t\t\t\t<\/div>\n\t\t\t\t<\/div>\n\t\t\t\t\t<\/div>\n\t\t<\/div>\n\t\t\t\t\t<\/div>\n\t\t<\/section>\n\t\t\t\t<section class=\"elementor-section elementor-top-section elementor-element elementor-element-1b77b641 elementor-section-boxed elementor-section-height-default elementor-section-height-default\" data-id=\"1b77b641\" data-element_type=\"section\">\n\t\t\t\t\t\t<div class=\"elementor-container elementor-column-gap-default\">\n\t\t\t\t\t<div class=\"elementor-column elementor-col-100 elementor-top-column elementor-element elementor-element-77fcceac\" data-id=\"77fcceac\" data-element_type=\"column\">\n\t\t\t<div class=\"elementor-widget-wrap elementor-element-populated\">\n\t\t\t\t\t\t<div class=\"elementor-element elementor-element-230287da elementor-widget elementor-widget-text-editor\" data-id=\"230287da\" data-element_type=\"widget\" data-widget_type=\"text-editor.default\">\n\t\t\t\t<div class=\"elementor-widget-container\">\n\t\t\t\t\t\t\t<p><span style=\"font-weight: 400;\">El arquitecto interviene decisivamente en la relaci\u00f3n con el entorno. Antes, las visuales hacia el exterior estaban completamente delimitadas transmitiendo una sensaci\u00f3n de confinamiento. Con el paso del tiempo y la aparici\u00f3n de nuevas tecnolog\u00edas constructivas, las vistas se ampliaron mediante grandes ventanales que se extienden hacia el paisaje, el horizonte y el cielo.\u00a0<\/span><\/p><p><span style=\"font-weight: 400;\">En este ejemplo, la arquitectura, construida \u00edntegramente en madera, unifica y ampl\u00eda el espacio. Pero eso no es todo: en el \u00e1rea social instalaron puertas-ventanas plegables que se abren y cierran en funci\u00f3n de las necesidades de los usuarios. Abiertas la casa se convierte en un marco para la naturaleza, cerradas proporcionan intimidad. As\u00ed, la percepci\u00f3n espacial aumenta, incluso puede hacerse imposible de cuantificar, porque arquitectura y paisaje son uno solo.<\/span><\/p>\t\t\t\t\t\t<\/div>\n\t\t\t\t<\/div>\n\t\t\t\t<div class=\"elementor-element elementor-element-603d6b0d elementor-widget elementor-widget-heading\" data-id=\"603d6b0d\" data-element_type=\"widget\" data-widget_type=\"heading.default\">\n\t\t\t\t<div class=\"elementor-widget-container\">\n\t\t\t<h3 class=\"elementor-heading-title elementor-size-default\">Vanguardia industrial \n\n<\/h3>\t\t<\/div>\n\t\t\t\t<\/div>\n\t\t\t\t<section class=\"elementor-section elementor-inner-section elementor-element elementor-element-3f5c65cb elementor-section-boxed elementor-section-height-default elementor-section-height-default\" data-id=\"3f5c65cb\" data-element_type=\"section\">\n\t\t\t\t\t\t<div class=\"elementor-container elementor-column-gap-default\">\n\t\t\t\t\t<div class=\"elementor-column elementor-col-50 elementor-inner-column elementor-element elementor-element-5eba890b\" data-id=\"5eba890b\" data-element_type=\"column\">\n\t\t\t<div class=\"elementor-widget-wrap elementor-element-populated\">\n\t\t\t\t\t\t<div class=\"elementor-element elementor-element-4d528f3 elementor-widget elementor-widget-image\" data-id=\"4d528f3\" data-element_type=\"widget\" data-widget_type=\"image.default\">\n\t\t\t\t<div class=\"elementor-widget-container\">\n\t\t\t\t\t\t\t\t\t\t\t\t\t<img loading=\"lazy\" decoding=\"async\" width=\"483\" height=\"700\" src=\"https:\/\/www.ciencuadras.com\/blog\/wp-content\/uploads\/2022\/11\/Foto-5.jpg\" class=\"attachment-full size-full wp-image-107660\" alt=\"apartamento moderno con dise\u00f1o industrial\" srcset=\"https:\/\/www.ciencuadras.com\/blog\/wp-content\/uploads\/2022\/11\/Foto-5.jpg 483w, https:\/\/www.ciencuadras.com\/blog\/wp-content\/uploads\/2022\/11\/Foto-5-207x300.jpg 207w\" sizes=\"(max-width: 483px) 100vw, 483px\" \/>\t\t\t\t\t\t\t\t\t\t\t\t\t<\/div>\n\t\t\t\t<\/div>\n\t\t\t\t<div class=\"elementor-element elementor-element-72bd47b2 elementor-widget elementor-widget-text-editor\" data-id=\"72bd47b2\" data-element_type=\"widget\" data-widget_type=\"text-editor.default\">\n\t\t\t\t<div class=\"elementor-widget-container\">\n\t\t\t\t\t\t\t<p><em>Cr\u00e9ditos: Iv\u00e1n Ortiz<br \/><\/em><\/p>\t\t\t\t\t\t<\/div>\n\t\t\t\t<\/div>\n\t\t\t\t\t<\/div>\n\t\t<\/div>\n\t\t\t\t<div class=\"elementor-column elementor-col-50 elementor-inner-column elementor-element elementor-element-47b9d7fb\" data-id=\"47b9d7fb\" data-element_type=\"column\">\n\t\t\t<div class=\"elementor-widget-wrap\">\n\t\t\t\t\t\t\t<\/div>\n\t\t<\/div>\n\t\t\t\t\t<\/div>\n\t\t<\/section>\n\t\t\t\t\t<\/div>\n\t\t<\/div>\n\t\t\t\t\t<\/div>\n\t\t<\/section>\n\t\t\t\t<section class=\"elementor-section elementor-top-section elementor-element elementor-element-2034f5e1 elementor-section-boxed elementor-section-height-default elementor-section-height-default\" data-id=\"2034f5e1\" data-element_type=\"section\">\n\t\t\t\t\t\t<div class=\"elementor-container elementor-column-gap-default\">\n\t\t\t\t\t<div class=\"elementor-column elementor-col-100 elementor-top-column elementor-element elementor-element-3c92b6\" data-id=\"3c92b6\" data-element_type=\"column\">\n\t\t\t<div class=\"elementor-widget-wrap elementor-element-populated\">\n\t\t\t\t\t\t<div class=\"elementor-element elementor-element-69c53214 elementor-widget elementor-widget-text-editor\" data-id=\"69c53214\" data-element_type=\"widget\" data-widget_type=\"text-editor.default\">\n\t\t\t\t<div class=\"elementor-widget-container\">\n\t\t\t\t\t\t\t<p><span style=\"font-weight: 400;\">\u201cDamos forma a nuestros edificios y despu\u00e9s nuestros edificios nos dan forma a nosotros\u201d, dec\u00eda Winston Churchill. Desde el punto de vista de la funci\u00f3n, la arquitectura interviene en la manera como nos comportamos dentro de un espacio. <\/span><\/p><p><span style=\"font-weight: 400;\">De ah\u00ed que, en la actualidad, los edificios que han sido rehabilitados para nuevos. Muestra de ello es una serie de proyectos contempor\u00e1neos que convierten antiguas f\u00e1bricas en apartamentos. El llamado estilo industrial es el resultado de esa b\u00fasqueda, donde las construcciones fabriles se transforman en ambientes m\u00e1s c\u00e1lidos y humanos.\u00a0<\/span><\/p><p><span style=\"font-weight: 400;\">Este apartamento de estilo industrial ejemplifica la manera c\u00f3mo los materiales asociados a los procesos de industrializaci\u00f3n pueden adaptarse al dise\u00f1o interior de las viviendas. Aqu\u00ed, el concreto a la vista homogeniza las superficies ampliando la percepci\u00f3n espacial y creando un ambiente joven y relajante.\u00a0<\/span><\/p>\t\t\t\t\t\t<\/div>\n\t\t\t\t<\/div>\n\t\t\t\t<div class=\"elementor-element elementor-element-8cad00c elementor-widget elementor-widget-heading\" data-id=\"8cad00c\" data-element_type=\"widget\" data-widget_type=\"heading.default\">\n\t\t\t\t<div class=\"elementor-widget-container\">\n\t\t\t<h3 class=\"elementor-heading-title elementor-size-default\">Multiplicidad de texturas\n<\/h3>\t\t<\/div>\n\t\t\t\t<\/div>\n\t\t\t\t<section class=\"elementor-section elementor-inner-section elementor-element elementor-element-de7fb4d elementor-section-boxed elementor-section-height-default elementor-section-height-default\" data-id=\"de7fb4d\" data-element_type=\"section\">\n\t\t\t\t\t\t<div class=\"elementor-container elementor-column-gap-default\">\n\t\t\t\t\t<div class=\"elementor-column elementor-col-50 elementor-inner-column elementor-element elementor-element-68d4d4e\" data-id=\"68d4d4e\" data-element_type=\"column\">\n\t\t\t<div class=\"elementor-widget-wrap elementor-element-populated\">\n\t\t\t\t\t\t<div class=\"elementor-element elementor-element-bf686a1 elementor-widget elementor-widget-image\" data-id=\"bf686a1\" data-element_type=\"widget\" data-widget_type=\"image.default\">\n\t\t\t\t<div class=\"elementor-widget-container\">\n\t\t\t\t\t\t\t\t\t\t\t\t\t<img loading=\"lazy\" decoding=\"async\" width=\"700\" height=\"467\" src=\"https:\/\/www.ciencuadras.com\/blog\/wp-content\/uploads\/2022\/11\/Foto_-Apto-Lafourie-Foto-Ivan-Ortiz.jpg\" class=\"attachment-full size-full wp-image-107661\" alt=\"apartamento con dise\u00f1o y texturas\" srcset=\"https:\/\/www.ciencuadras.com\/blog\/wp-content\/uploads\/2022\/11\/Foto_-Apto-Lafourie-Foto-Ivan-Ortiz.jpg 700w, https:\/\/www.ciencuadras.com\/blog\/wp-content\/uploads\/2022\/11\/Foto_-Apto-Lafourie-Foto-Ivan-Ortiz-300x200.jpg 300w\" sizes=\"(max-width: 700px) 100vw, 700px\" \/>\t\t\t\t\t\t\t\t\t\t\t\t\t<\/div>\n\t\t\t\t<\/div>\n\t\t\t\t<div class=\"elementor-element elementor-element-32760e6 elementor-widget elementor-widget-text-editor\" data-id=\"32760e6\" data-element_type=\"widget\" data-widget_type=\"text-editor.default\">\n\t\t\t\t<div class=\"elementor-widget-container\">\n\t\t\t\t\t\t\t<p><em>Cr\u00e9ditos: Iv\u00e1n Ortiz<br \/><\/em><\/p>\t\t\t\t\t\t<\/div>\n\t\t\t\t<\/div>\n\t\t\t\t\t<\/div>\n\t\t<\/div>\n\t\t\t\t<div class=\"elementor-column elementor-col-50 elementor-inner-column elementor-element elementor-element-e015a8c\" data-id=\"e015a8c\" data-element_type=\"column\">\n\t\t\t<div class=\"elementor-widget-wrap\">\n\t\t\t\t\t\t\t<\/div>\n\t\t<\/div>\n\t\t\t\t\t<\/div>\n\t\t<\/section>\n\t\t\t\t<div class=\"elementor-element elementor-element-277d178 elementor-widget elementor-widget-text-editor\" data-id=\"277d178\" data-element_type=\"widget\" data-widget_type=\"text-editor.default\">\n\t\t\t\t<div class=\"elementor-widget-container\">\n\t\t\t\t\t\t\t<p><span style=\"font-weight: 400;\">Las texturas de los materiales aportan riqueza y belleza al dise\u00f1o sin importar la cantidad de \u00e1rea disponible. En este caso, los r\u00fasticos como las fibras naturales y la madera, junto a los colores tierra y crudo, crean un ambiente c\u00e1lido, que se matiza a partir de algunos elementos de corte industrial presentes en el concreto a la vista y el piso cer\u00e1mico.\u00a0<\/span><\/p><p><span style=\"font-weight: 400;\">El mobiliario, en su mayor\u00eda tejido, evoca la artesan\u00eda tradicional producida manualmente. Con pocos elementos y mucha imaginaci\u00f3n es posible hacer de los espacios peque\u00f1os lugares tan aut\u00e9nticos como c\u00e1lidos. <\/span><\/p>\t\t\t\t\t\t<\/div>\n\t\t\t\t<\/div>\n\t\t\t\t<div class=\"elementor-element elementor-element-bc77fce elementor-widget elementor-widget-heading\" data-id=\"bc77fce\" data-element_type=\"widget\" data-widget_type=\"heading.default\">\n\t\t\t\t<div class=\"elementor-widget-container\">\n\t\t\t<h3 class=\"elementor-heading-title elementor-size-default\">Ba\u00f1ado por la luz\n<\/h3>\t\t<\/div>\n\t\t\t\t<\/div>\n\t\t\t\t<div class=\"elementor-element elementor-element-426ca8d3 elementor-widget elementor-widget-image\" data-id=\"426ca8d3\" data-element_type=\"widget\" data-widget_type=\"image.default\">\n\t\t\t\t<div class=\"elementor-widget-container\">\n\t\t\t\t\t\t\t\t\t\t\t\t\t<img loading=\"lazy\" decoding=\"async\" width=\"487\" height=\"700\" src=\"https:\/\/www.ciencuadras.com\/blog\/wp-content\/uploads\/2022\/11\/Proyecto-Medina-Foto-Iva\u0301n-Ortiz-Produ-Mariana-Arango.jpg\" class=\"attachment-full size-full wp-image-107638\" alt=\"casa con dise\u00f1o y espacios de luz\" srcset=\"https:\/\/www.ciencuadras.com\/blog\/wp-content\/uploads\/2022\/11\/Proyecto-Medina-Foto-Iva\u0301n-Ortiz-Produ-Mariana-Arango.jpg 487w, https:\/\/www.ciencuadras.com\/blog\/wp-content\/uploads\/2022\/11\/Proyecto-Medina-Foto-Iva\u0301n-Ortiz-Produ-Mariana-Arango-209x300.jpg 209w\" sizes=\"(max-width: 487px) 100vw, 487px\" \/>\t\t\t\t\t\t\t\t\t\t\t\t\t<\/div>\n\t\t\t\t<\/div>\n\t\t\t\t<div class=\"elementor-element elementor-element-4b760bd elementor-widget elementor-widget-text-editor\" data-id=\"4b760bd\" data-element_type=\"widget\" data-widget_type=\"text-editor.default\">\n\t\t\t\t<div class=\"elementor-widget-container\">\n\t\t\t\t\t\t\t<p><em>Cr\u00e9ditos: Iv\u00e1n Ortiz<br \/><\/em><\/p>\t\t\t\t\t\t<\/div>\n\t\t\t\t<\/div>\n\t\t\t\t<div class=\"elementor-element elementor-element-76c1ec86 elementor-widget elementor-widget-text-editor\" data-id=\"76c1ec86\" data-element_type=\"widget\" data-widget_type=\"text-editor.default\">\n\t\t\t\t<div class=\"elementor-widget-container\">\n\t\t\t\t\t\t\t<p><span style=\"font-weight: 400;\">La luz es probablemente el elemento que m\u00e1s incide en la arquitectura. La cantidad que ingresa a un espacio determina la manera como lo percibimos y las sensaciones que nos produce. No en vano los grandes arquitectos afirman que sin luz natural no hay arquitectura.\u00a0<br \/><br \/><\/span><span style=\"font-weight: 400;\">Bajo esta premisa, los espacios peque\u00f1os dependen en buena medida de la cantidad de luz que reciban. En este ejemplo, tanto la natural como la artificial es protagonista: una puerta ventana piso-techo ilumina las \u00e1reas social y privada, al tiempo que una serie de <\/span><i><span style=\"font-weight: 400;\">spots<\/span><\/i><span style=\"font-weight: 400;\"> alumbran la cocina. Estos \u00faltimos est\u00e1n direccionados hacia arriba con el fin de exhibir una embocadura en la que se aprecia el proceso constructivo.\u00a0 <\/span><\/p>\t\t\t\t\t\t<\/div>\n\t\t\t\t<\/div>\n\t\t\t\t\t<\/div>\n\t\t<\/div>\n\t\t\t\t\t<\/div>\n\t\t<\/section>\n\t\t\t\t<section class=\"elementor-section elementor-top-section elementor-element elementor-element-60a9b09c elementor-section-boxed elementor-section-height-default elementor-section-height-default\" data-id=\"60a9b09c\" data-element_type=\"section\">\n\t\t\t\t\t\t<div class=\"elementor-container elementor-column-gap-default\">\n\t\t\t\t\t<div class=\"elementor-column elementor-col-33 elementor-top-column elementor-element elementor-element-1508dc35\" data-id=\"1508dc35\" data-element_type=\"column\">\n\t\t\t<div class=\"elementor-widget-wrap elementor-element-populated\">\n\t\t\t\t\t\t<div class=\"elementor-element elementor-element-541a103e elementor-widget elementor-widget-image\" data-id=\"541a103e\" data-element_type=\"widget\" data-widget_type=\"image.default\">\n\t\t\t\t<div class=\"elementor-widget-container\">\n\t\t\t\t\t\t\t\t\t\t\t\t\t<img decoding=\"async\" src=\"https:\/\/www.ciencuadras.com\/blog\/wp-content\/uploads\/2022\/08\/logo-axxis.png\" title=\"logo revista axxis\" alt=\"logo revista axxis\" loading=\"lazy\" \/>\t\t\t\t\t\t\t\t\t\t\t\t\t<\/div>\n\t\t\t\t<\/div>\n\t\t\t\t\t<\/div>\n\t\t<\/div>\n\t\t\t\t<div class=\"elementor-column elementor-col-66 elementor-top-column elementor-element elementor-element-3283d5b3\" data-id=\"3283d5b3\" data-element_type=\"column\">\n\t\t\t<div class=\"elementor-widget-wrap elementor-element-populated\">\n\t\t\t\t\t\t<div class=\"elementor-element elementor-element-10eb9c47 elementor-widget elementor-widget-heading\" data-id=\"10eb9c47\" data-element_type=\"widget\" data-widget_type=\"heading.default\">\n\t\t\t\t<div class=\"elementor-widget-container\">\n\t\t\t<h2 class=\"elementor-heading-title elementor-size-default\">Revista Axxis<\/h2>\t\t<\/div>\n\t\t\t\t<\/div>\n\t\t\t\t<div class=\"elementor-element elementor-element-623b5f78 elementor-widget elementor-widget-text-editor\" data-id=\"623b5f78\" data-element_type=\"widget\" data-widget_type=\"text-editor.default\">\n\t\t\t\t<div class=\"elementor-widget-container\">\n\t\t\t\t\t\t\t<p><span style=\"color: #222222; font-family: Arial, Helvetica, sans-serif; font-size: small;\">La Revista Axxis es la publicaci\u00f3n l\u00edder en arquitectura, dise\u00f1o y decoraci\u00f3n en Colombia. En esta alianza con Ciencuadras, presenta los mejores tips para inspirar a profesionales y aficionados a sacar lo mejor de sus hogares.&nbsp;<\/span><\/p>\t\t\t\t\t\t<\/div>\n\t\t\t\t<\/div>\n\t\t\t\t\t<\/div>\n\t\t<\/div>\n\t\t\t\t\t<\/div>\n\t\t<\/section>\n\t\t\t\t<section class=\"elementor-section elementor-top-section elementor-element elementor-element-32ee3322 elementor-section-boxed elementor-section-height-default elementor-section-height-default\" data-id=\"32ee3322\" data-element_type=\"section\">\n\t\t\t\t\t\t<div class=\"elementor-container elementor-column-gap-default\">\n\t\t\t\t\t<div class=\"elementor-column elementor-col-100 elementor-top-column elementor-element elementor-element-54e947b5\" data-id=\"54e947b5\" data-element_type=\"column\">\n\t\t\t<div class=\"elementor-widget-wrap elementor-element-populated\">\n\t\t\t\t\t\t<div class=\"elementor-element elementor-element-3ecaccf elementor-widget__width-initial elementor-widget elementor-widget-heading\" data-id=\"3ecaccf\" data-element_type=\"widget\" data-widget_type=\"heading.default\">\n\t\t\t\t<div class=\"elementor-widget-container\">\n\t\t\t<h2 class=\"elementor-heading-title elementor-size-default\">Art\u00edculos relacionados <\/h2>\t\t<\/div>\n\t\t\t\t<\/div>\n\t\t\t\t\t<\/div>\n\t\t<\/div>\n\t\t\t\t\t<\/div>\n\t\t<\/section>\n\t\t\t\t<section class=\"elementor-section elementor-top-section elementor-element elementor-element-24a51f63 elementor-section-boxed elementor-section-height-default elementor-section-height-default\" data-id=\"24a51f63\" data-element_type=\"section\">\n\t\t\t\t\t\t<div class=\"elementor-container elementor-column-gap-default\">\n\t\t\t\t\t<div class=\"elementor-column elementor-col-33 elementor-top-column elementor-element elementor-element-8bcec24\" data-id=\"8bcec24\" data-element_type=\"column\">\n\t\t\t<div class=\"elementor-widget-wrap elementor-element-populated\">\n\t\t\t\t\t\t<div class=\"elementor-element elementor-element-7512244a elementor-position-top elementor-widget elementor-widget-image-box\" data-id=\"7512244a\" data-element_type=\"widget\" data-widget_type=\"image-box.default\">\n\t\t\t\t<div class=\"elementor-widget-container\">\n\t\t\t<div class=\"elementor-image-box-wrapper\"><figure class=\"elementor-image-box-img\"><a href=\"https:\/\/www.ciencuadras.com\/blog\/espacios-al-cien-ideas-para-salas-con-personalidad\" target=\"_blank\" tabindex=\"-1\"><img loading=\"lazy\" decoding=\"async\" width=\"320\" height=\"368\" src=\"https:\/\/www.ciencuadras.com\/blog\/wp-content\/uploads\/2022\/10\/320x368_axxis_sala-grande-y-colorida.png\" class=\"attachment-full size-full wp-image-107036\" alt=\"salas grandes y coloridas\" srcset=\"https:\/\/www.ciencuadras.com\/blog\/wp-content\/uploads\/2022\/10\/320x368_axxis_sala-grande-y-colorida.png 320w, https:\/\/www.ciencuadras.com\/blog\/wp-content\/uploads\/2022\/10\/320x368_axxis_sala-grande-y-colorida-261x300.png 261w\" sizes=\"(max-width: 320px) 100vw, 320px\" \/><\/a><\/figure><div class=\"elementor-image-box-content\"><h3 class=\"elementor-image-box-title\"><a href=\"https:\/\/www.ciencuadras.com\/blog\/espacios-al-cien-ideas-para-salas-con-personalidad\" target=\"_blank\">Ideas para lograr salas con personalidad<\/a><\/h3><p class=\"elementor-image-box-description\">LEER M\u00c1S\n<\/p><\/div><\/div>\t\t<\/div>\n\t\t\t\t<\/div>\n\t\t\t\t\t<\/div>\n\t\t<\/div>\n\t\t\t\t<div class=\"elementor-column elementor-col-33 elementor-top-column elementor-element elementor-element-37cb4d74\" data-id=\"37cb4d74\" data-element_type=\"column\">\n\t\t\t<div class=\"elementor-widget-wrap elementor-element-populated\">\n\t\t\t\t\t\t<div class=\"elementor-element elementor-element-76037c4d elementor-position-top elementor-widget elementor-widget-image-box\" data-id=\"76037c4d\" data-element_type=\"widget\" data-widget_type=\"image-box.default\">\n\t\t\t\t<div class=\"elementor-widget-container\">\n\t\t\t<div class=\"elementor-image-box-wrapper\"><figure class=\"elementor-image-box-img\"><a href=\"https:\/\/www.ciencuadras.com\/blog\/espacios-al-cien-tendencias-deco-para-renovar-el-hogar\" target=\"_blank\" tabindex=\"-1\"><img loading=\"lazy\" decoding=\"async\" width=\"320\" height=\"368\" src=\"https:\/\/www.ciencuadras.com\/blog\/wp-content\/uploads\/2022\/10\/320x368_axxis_tendencias-deco.png\" class=\"attachment-full size-full wp-image-107021\" alt=\"\" srcset=\"https:\/\/www.ciencuadras.com\/blog\/wp-content\/uploads\/2022\/10\/320x368_axxis_tendencias-deco.png 320w, https:\/\/www.ciencuadras.com\/blog\/wp-content\/uploads\/2022\/10\/320x368_axxis_tendencias-deco-261x300.png 261w\" sizes=\"(max-width: 320px) 100vw, 320px\" \/><\/a><\/figure><div class=\"elementor-image-box-content\"><h3 class=\"elementor-image-box-title\"><a href=\"https:\/\/www.ciencuadras.com\/blog\/espacios-al-cien-tendencias-deco-para-renovar-el-hogar\" target=\"_blank\">Tendencias deco para renovar el hogar<\/a><\/h3><p class=\"elementor-image-box-description\">LEER M\u00c1S\n<\/p><\/div><\/div>\t\t<\/div>\n\t\t\t\t<\/div>\n\t\t\t\t\t<\/div>\n\t\t<\/div>\n\t\t\t\t<div class=\"elementor-column elementor-col-33 elementor-top-column elementor-element elementor-element-56903798\" data-id=\"56903798\" data-element_type=\"column\">\n\t\t\t<div class=\"elementor-widget-wrap elementor-element-populated\">\n\t\t\t\t\t\t<div class=\"elementor-element elementor-element-120aefb elementor-position-top elementor-widget elementor-widget-image-box\" data-id=\"120aefb\" data-element_type=\"widget\" data-widget_type=\"image-box.default\">\n\t\t\t\t<div class=\"elementor-widget-container\">\n\t\t\t<div class=\"elementor-image-box-wrapper\"><figure class=\"elementor-image-box-img\"><a href=\"https:\/\/www.ciencuadras.com\/blog\/espacios-al-cien-transformar-espacio-con-arte\" target=\"_blank\" tabindex=\"-1\"><img loading=\"lazy\" decoding=\"async\" width=\"320\" height=\"368\" src=\"https:\/\/www.ciencuadras.com\/blog\/wp-content\/uploads\/2022\/10\/320x368_axxis_transformar-con-arte.png\" class=\"attachment-full size-full wp-image-107038\" alt=\"espacios con arte\" srcset=\"https:\/\/www.ciencuadras.com\/blog\/wp-content\/uploads\/2022\/10\/320x368_axxis_transformar-con-arte.png 320w, https:\/\/www.ciencuadras.com\/blog\/wp-content\/uploads\/2022\/10\/320x368_axxis_transformar-con-arte-261x300.png 261w\" sizes=\"(max-width: 320px) 100vw, 320px\" \/><\/a><\/figure><div class=\"elementor-image-box-content\"><h3 class=\"elementor-image-box-title\"><a href=\"https:\/\/www.ciencuadras.com\/blog\/espacios-al-cien-transformar-espacio-con-arte\" target=\"_blank\">\u00bfC\u00f3mo transformar un espacio con arte?<\/a><\/h3><p class=\"elementor-image-box-description\">LEER M\u00c1S\n<\/p><\/div><\/div>\t\t<\/div>\n\t\t\t\t<\/div>\n\t\t\t\t\t<\/div>\n\t\t<\/div>\n\t\t\t\t\t<\/div>\n\t\t<\/section>\n\t\t\t\t<\/div>\n\t\t\n","protected":false},"excerpt":{"rendered":"<p>Decoraci\u00f3n y dise\u00f1o para apartamentos peque\u00f1os: cada metro cuenta \u00a0Cr\u00e9ditos: Andr\u00e9s Valbuena Hoy estamos presenciando un fen\u00f3meno irrefutable: las familias est\u00e1n cambiando, cada vez son &hellip;<\/p>\n","protected":false},"author":2,"featured_media":0,"parent":0,"menu_order":0,"comment_status":"closed","ping_status":"closed","template":"","meta":{"footnotes":""},"acf":[],"yoast_head":"<!-- This site is optimized with the Yoast SEO plugin v15.9 - https:\/\/yoast.com\/wordpress\/plugins\/seo\/ -->\n<title>Dise\u00f1o, decoraci\u00f3n y arquitectura de espacios peque\u00f1os | Ciencuadras<\/title>\n<meta name=\"description\" content=\"Conoce como dise\u00f1ar y mejorar tus espacios peque\u00f1os en el hogar. \u00a1Te brindamos ideas de decoraci\u00f3n para tu vivienda que son tendencia!\" \/>\n<meta name=\"robots\" content=\"index, follow, max-snippet:-1, max-image-preview:large, max-video-preview:-1\" \/>\n<link rel=\"canonical\" href=\"https:\/\/www.ciencuadras.com\/blog\/espacios-al-cien-diseno-arquitectura-espacios-pequenos\" \/>\n<meta property=\"og:locale\" content=\"es_ES\" \/>\n<meta property=\"og:type\" content=\"article\" \/>\n<meta property=\"og:title\" content=\"Dise\u00f1o, decoraci\u00f3n y arquitectura de espacios peque\u00f1os | Ciencuadras\" \/>\n<meta property=\"og:description\" content=\"Conoce como dise\u00f1ar y mejorar tus espacios peque\u00f1os en el hogar. \u00a1Te brindamos ideas de decoraci\u00f3n para tu vivienda que son tendencia!\" \/>\n<meta property=\"og:url\" content=\"https:\/\/www.ciencuadras.com\/blog\/espacios-al-cien-diseno-arquitectura-espacios-pequenos\" \/>\n<meta property=\"article:publisher\" content=\"https:\/\/www.facebook.com\/ciencuadras\/\" \/>\n<meta property=\"article:modified_time\" content=\"2023-04-03T15:31:17+00:00\" \/>\n<meta property=\"og:image\" content=\"https:\/\/www.ciencuadras.com\/blog\/wp-content\/uploads\/2022\/11\/Apto-Martin-Ramiez-Andres-Valbuena.jpg\" \/>\n<meta name=\"twitter:card\" content=\"summary_large_image\" \/>\n<meta name=\"twitter:site\" content=\"@ciencuadras\" \/>\n<meta name=\"twitter:label1\" content=\"Est. reading time\">\n\t<meta name=\"twitter:data1\" content=\"6 minutos\">\n<script type=\"application\/ld+json\" class=\"yoast-schema-graph\">{\"@context\":\"https:\/\/schema.org\",\"@graph\":[{\"@type\":\"Organization\",\"@id\":\"https:\/\/www.ciencuadras.com\/blog\/#organization\",\"name\":\"Ciencuadras.com\",\"url\":\"https:\/\/www.ciencuadras.com\/blog\/\",\"sameAs\":[\"https:\/\/www.facebook.com\/ciencuadras\/\",\"https:\/\/www.instagram.com\/ciencuadras\/\",\"https:\/\/co.linkedin.com\/company\/ciencuadras\",\"https:\/\/www.youtube.com\/channel\/UC_f830HP5dUy6OjBIbjtlAw\",\"https:\/\/twitter.com\/ciencuadras\"],\"logo\":{\"@type\":\"ImageObject\",\"@id\":\"https:\/\/www.ciencuadras.com\/blog\/#logo\",\"inLanguage\":\"es-CO\",\"url\":\"\",\"caption\":\"Ciencuadras.com\"},\"image\":{\"@id\":\"https:\/\/www.ciencuadras.com\/blog\/#logo\"}},{\"@type\":\"WebSite\",\"@id\":\"https:\/\/www.ciencuadras.com\/blog\/#website\",\"url\":\"https:\/\/www.ciencuadras.com\/blog\/\",\"name\":\"\",\"description\":\"\",\"publisher\":{\"@id\":\"https:\/\/www.ciencuadras.com\/blog\/#organization\"},\"potentialAction\":[{\"@type\":\"SearchAction\",\"target\":\"https:\/\/www.ciencuadras.com\/blog\/?s={search_term_string}\",\"query-input\":\"required name=search_term_string\"}],\"inLanguage\":\"es-CO\"},{\"@type\":\"ImageObject\",\"@id\":\"https:\/\/www.ciencuadras.com\/blog\/espacios-al-cien-diseno-arquitectura-espacios-pequenos#primaryimage\",\"inLanguage\":\"es-CO\",\"url\":\"https:\/\/www.ciencuadras.com\/blog\/wp-content\/uploads\/2022\/11\/Apto-Martin-Ramiez-Andres-Valbuena.jpg\",\"width\":529,\"height\":700,\"caption\":\"dise\\u00f1o de casas con espacios peque\\u00f1os\"},{\"@type\":\"WebPage\",\"@id\":\"https:\/\/www.ciencuadras.com\/blog\/espacios-al-cien-diseno-arquitectura-espacios-pequenos#webpage\",\"url\":\"https:\/\/www.ciencuadras.com\/blog\/espacios-al-cien-diseno-arquitectura-espacios-pequenos\",\"name\":\"Dise\\u00f1o, decoraci\\u00f3n y arquitectura de espacios peque\\u00f1os | Ciencuadras\",\"isPartOf\":{\"@id\":\"https:\/\/www.ciencuadras.com\/blog\/#website\"},\"primaryImageOfPage\":{\"@id\":\"https:\/\/www.ciencuadras.com\/blog\/espacios-al-cien-diseno-arquitectura-espacios-pequenos#primaryimage\"},\"datePublished\":\"2022-11-01T19:27:36+00:00\",\"dateModified\":\"2023-04-03T15:31:17+00:00\",\"description\":\"Conoce como dise\\u00f1ar y mejorar tus espacios peque\\u00f1os en el hogar. \\u00a1Te brindamos ideas de decoraci\\u00f3n para tu vivienda que son tendencia!\",\"breadcrumb\":{\"@id\":\"https:\/\/www.ciencuadras.com\/blog\/espacios-al-cien-diseno-arquitectura-espacios-pequenos#breadcrumb\"},\"inLanguage\":\"es-CO\",\"potentialAction\":[{\"@type\":\"ReadAction\",\"target\":[\"https:\/\/www.ciencuadras.com\/blog\/espacios-al-cien-diseno-arquitectura-espacios-pequenos\"]}]},{\"@type\":\"BreadcrumbList\",\"@id\":\"https:\/\/www.ciencuadras.com\/blog\/espacios-al-cien-diseno-arquitectura-espacios-pequenos#breadcrumb\",\"itemListElement\":[{\"@type\":\"ListItem\",\"position\":1,\"item\":{\"@type\":\"WebPage\",\"@id\":\"https:\/\/www.ciencuadras.com\/blog\",\"url\":\"https:\/\/www.ciencuadras.com\/blog\",\"name\":\"Blog\"}},{\"@type\":\"ListItem\",\"position\":2,\"item\":{\"@type\":\"WebPage\",\"@id\":\"https:\/\/www.ciencuadras.com\/blog\/espacios-al-cien-diseno-arquitectura-espacios-pequenos\",\"url\":\"https:\/\/www.ciencuadras.com\/blog\/espacios-al-cien-diseno-arquitectura-espacios-pequenos\",\"name\":\"Espacios al Cien By Axxis\"}}]}]}<\/script>\n<!-- \/ Yoast SEO plugin. -->","_links":{"self":[{"href":"https:\/\/www.ciencuadras.com\/blog\/wp-json\/wp\/v2\/pages\/107610"}],"collection":[{"href":"https:\/\/www.ciencuadras.com\/blog\/wp-json\/wp\/v2\/pages"}],"about":[{"href":"https:\/\/www.ciencuadras.com\/blog\/wp-json\/wp\/v2\/types\/page"}],"author":[{"embeddable":true,"href":"https:\/\/www.ciencuadras.com\/blog\/wp-json\/wp\/v2\/users\/2"}],"replies":[{"embeddable":true,"href":"https:\/\/www.ciencuadras.com\/blog\/wp-json\/wp\/v2\/comments?post=107610"}],"version-history":[{"count":65,"href":"https:\/\/www.ciencuadras.com\/blog\/wp-json\/wp\/v2\/pages\/107610\/revisions"}],"predecessor-version":[{"id":114385,"href":"https:\/\/www.ciencuadras.com\/blog\/wp-json\/wp\/v2\/pages\/107610\/revisions\/114385"}],"wp:attachment":[{"href":"https:\/\/www.ciencuadras.com\/blog\/wp-json\/wp\/v2\/media?parent=107610"}],"curies":[{"name":"wp","href":"https:\/\/api.w.org\/{rel}","templated":true}]}}