{"id":111408,"date":"2022-12-22T14:40:16","date_gmt":"2022-12-22T19:40:16","guid":{"rendered":"https:\/\/www.ciencuadras.com\/blog\/?page_id=111408"},"modified":"2025-07-17T12:41:38","modified_gmt":"2025-07-17T17:41:38","slug":"guia-barrio-san-pablo-medellin","status":"publish","type":"page","link":"https:\/\/www.ciencuadras.com\/blog\/guia-barrio-san-pablo-medellin","title":{"rendered":"Gu\u00eda barrio San Pablo  Medell\u00edn"},"content":{"rendered":"\t\t<div data-elementor-type=\"wp-page\" data-elementor-id=\"111408\" class=\"elementor elementor-111408\" data-elementor-post-type=\"page\">\n\t\t\t\t\n\t\t<section class=\"elementor-section elementor-top-section elementor-element elementor-element-5b48e767 elementor-section-boxed elementor-section-height-default elementor-section-height-default\" data-id=\"5b48e767\" data-element_type=\"section\">\n\t\t\t\t\t\t<div class=\"elementor-container elementor-column-gap-default\">\n\t\t\t\t\t<div class=\"elementor-column elementor-col-100 elementor-top-column elementor-element elementor-element-144aa70d\" data-id=\"144aa70d\" data-element_type=\"column\">\n\t\t\t<div class=\"elementor-widget-wrap elementor-element-populated\">\n\t\t\t\t\t\t<div class=\"elementor-element elementor-element-b708b28 elementor-widget elementor-widget-heading\" data-id=\"b708b28\" data-element_type=\"widget\" data-widget_type=\"heading.default\">\n\t\t\t\t<div class=\"elementor-widget-container\">\n\t\t\t<h1 class=\"elementor-heading-title elementor-size-default\">Gu\u00eda de barrio San Pablo: Medell\u00edn<\/h1>\t\t<\/div>\n\t\t\t\t<\/div>\n\t\t\t\t\t<\/div>\n\t\t<\/div>\n\t\t\t\t\t<\/div>\n\t\t<\/section>\n\t\t\t\t<section class=\"elementor-section elementor-top-section elementor-element elementor-element-5c31be2a elementor-section-boxed elementor-section-height-default elementor-section-height-default\" data-id=\"5c31be2a\" data-element_type=\"section\">\n\t\t\t\t\t\t<div class=\"elementor-container elementor-column-gap-default\">\n\t\t\t\t\t<div class=\"elementor-column elementor-col-100 elementor-top-column elementor-element elementor-element-55bebf87\" data-id=\"55bebf87\" data-element_type=\"column\">\n\t\t\t<div class=\"elementor-widget-wrap elementor-element-populated\">\n\t\t\t\t\t\t<div class=\"elementor-element elementor-element-789ea2df elementor-widget elementor-widget-spacer\" data-id=\"789ea2df\" data-element_type=\"widget\" data-widget_type=\"spacer.default\">\n\t\t\t\t<div class=\"elementor-widget-container\">\n\t\t\t\t\t<div class=\"elementor-spacer\">\n\t\t\t<div class=\"elementor-spacer-inner\"><\/div>\n\t\t<\/div>\n\t\t\t\t<\/div>\n\t\t\t\t<\/div>\n\t\t\t\t<div class=\"elementor-element elementor-element-524cb3cf elementor-widget elementor-widget-text-editor\" data-id=\"524cb3cf\" data-element_type=\"widget\" data-widget_type=\"text-editor.default\">\n\t\t\t\t<div class=\"elementor-widget-container\">\n\t\t\t\t\t\t\t<p><span style=\"font-weight: 400;\">El barrio San Pablo hace parte de la Comuna 1 Popular de Medell\u00edn, su nombre, como an\u00e9cdota particular, y teniendo en cuenta los barrios que lo rodean, est\u00e1 relacionado con un santo\u2026 Santa Cecilia, San Blas, San Cayetano, San Nicol\u00e1s, entre otros.<\/span><b> Un barrio de gente amable, \u201cechada pa\u00b4lante\u201d y orgullosa de su comuna<\/b><span style=\"font-weight: 400;\">, pero sobre todo, de lo que han construido a pulso. <\/span><\/p>\t\t\t\t\t\t<\/div>\n\t\t\t\t<\/div>\n\t\t\t\t\t<\/div>\n\t\t<\/div>\n\t\t\t\t\t<\/div>\n\t\t<\/section>\n\t\t\t\t<section class=\"elementor-section elementor-top-section elementor-element elementor-element-249cf403 elementor-section-boxed elementor-section-height-default elementor-section-height-default\" data-id=\"249cf403\" data-element_type=\"section\">\n\t\t\t\t\t\t<div class=\"elementor-container elementor-column-gap-default\">\n\t\t\t\t\t<div class=\"elementor-column elementor-col-50 elementor-top-column elementor-element elementor-element-2579948f\" data-id=\"2579948f\" data-element_type=\"column\">\n\t\t\t<div class=\"elementor-widget-wrap elementor-element-populated\">\n\t\t\t\t\t\t\t<\/div>\n\t\t<\/div>\n\t\t\t\t<div class=\"elementor-column elementor-col-50 elementor-top-column elementor-element elementor-element-2757858d\" data-id=\"2757858d\" data-element_type=\"column\">\n\t\t\t<div class=\"elementor-widget-wrap elementor-element-populated\">\n\t\t\t\t\t\t<div class=\"elementor-element elementor-element-39259a7d elementor-widget elementor-widget-heading\" data-id=\"39259a7d\" data-element_type=\"widget\" data-widget_type=\"heading.default\">\n\t\t\t\t<div class=\"elementor-widget-container\">\n\t\t\t<h2 class=\"elementor-heading-title elementor-size-default\">San Pablo en cifras<\/h2>\t\t<\/div>\n\t\t\t\t<\/div>\n\t\t\t\t<div class=\"elementor-element elementor-element-57b4c764 elementor-widget elementor-widget-text-editor\" data-id=\"57b4c764\" data-element_type=\"widget\" data-widget_type=\"text-editor.default\">\n\t\t\t\t<div class=\"elementor-widget-container\">\n\t\t\t\t\t\t\t<ul><li style=\"font-weight: 400;\" aria-level=\"1\"><span style=\"font-weight: 400;\">Casas en venta usadas<\/span><a href=\"https:\/\/www.ciencuadras.com\/venta\/medellin\/popular\/san-pablo\/casa\" target=\"_blank\" rel=\"noopener\"> <b>5 resultados<\/b><\/a><\/li><li style=\"font-weight: 400;\" aria-level=\"1\"><span style=\"font-weight: 400;\">Apartamentos en venta usados<\/span> <a href=\"https:\/\/www.ciencuadras.com\/venta\/medellin\/popular\/san-pablo\/apartamento\" target=\"_blank\" rel=\"noopener\"><b>2 resultados<\/b><\/a><\/li><li style=\"font-weight: 400;\" aria-level=\"1\"><span style=\"font-weight: 400;\">Apartamentos en arriendo<\/span> <a href=\"https:\/\/www.ciencuadras.com\/arriendo\/medellin\/popular\/san-pablo\/apartamento\" target=\"_blank\" rel=\"noopener\"><b>1 resultados<\/b><\/a><\/li><li style=\"font-weight: 400;\" aria-level=\"1\">Local usado en ventas <a href=\"https:\/\/www.ciencuadras.com\/venta\/medellin\/popular\/san-pablo\/oficina\" target=\"_blank\" rel=\"noopener\"><b>1 inmuebles<\/b><\/a><\/li><\/ul>\t\t\t\t\t\t<\/div>\n\t\t\t\t<\/div>\n\t\t\t\t\t<\/div>\n\t\t<\/div>\n\t\t\t\t\t<\/div>\n\t\t<\/section>\n\t\t\t\t<section class=\"elementor-section elementor-top-section elementor-element elementor-element-22759364 elementor-section-boxed elementor-section-height-default elementor-section-height-default\" data-id=\"22759364\" data-element_type=\"section\">\n\t\t\t\t\t\t<div class=\"elementor-container elementor-column-gap-default\">\n\t\t\t\t\t<div class=\"elementor-column elementor-col-100 elementor-top-column elementor-element elementor-element-446761c1\" data-id=\"446761c1\" data-element_type=\"column\">\n\t\t\t<div class=\"elementor-widget-wrap elementor-element-populated\">\n\t\t\t\t\t\t<div class=\"elementor-element elementor-element-70654b5c elementor-widget elementor-widget-spacer\" data-id=\"70654b5c\" data-element_type=\"widget\" data-widget_type=\"spacer.default\">\n\t\t\t\t<div class=\"elementor-widget-container\">\n\t\t\t\t\t<div class=\"elementor-spacer\">\n\t\t\t<div class=\"elementor-spacer-inner\"><\/div>\n\t\t<\/div>\n\t\t\t\t<\/div>\n\t\t\t\t<\/div>\n\t\t\t\t\t<\/div>\n\t\t<\/div>\n\t\t\t\t\t<\/div>\n\t\t<\/section>\n\t\t\t\t<section class=\"elementor-section elementor-top-section elementor-element elementor-element-6712f314 elementor-section-boxed elementor-section-height-default elementor-section-height-default\" data-id=\"6712f314\" data-element_type=\"section\">\n\t\t\t\t\t\t<div class=\"elementor-container elementor-column-gap-default\">\n\t\t\t\t\t<div class=\"elementor-column elementor-col-100 elementor-top-column elementor-element elementor-element-26cf42cf\" data-id=\"26cf42cf\" data-element_type=\"column\">\n\t\t\t<div class=\"elementor-widget-wrap elementor-element-populated\">\n\t\t\t\t\t\t<div class=\"elementor-element elementor-element-1cf6722 elementor-widget elementor-widget-heading\" data-id=\"1cf6722\" data-element_type=\"widget\" data-widget_type=\"heading.default\">\n\t\t\t\t<div class=\"elementor-widget-container\">\n\t\t\t<h2 class=\"elementor-heading-title elementor-size-default\">Propiedades en San Pablo<\/h2>\t\t<\/div>\n\t\t\t\t<\/div>\n\t\t\t\t<div class=\"elementor-element elementor-element-462d2bce elementor-widget elementor-widget-spacer\" data-id=\"462d2bce\" data-element_type=\"widget\" data-widget_type=\"spacer.default\">\n\t\t\t\t<div class=\"elementor-widget-container\">\n\t\t\t\t\t<div class=\"elementor-spacer\">\n\t\t\t<div class=\"elementor-spacer-inner\"><\/div>\n\t\t<\/div>\n\t\t\t\t<\/div>\n\t\t\t\t<\/div>\n\t\t\t\t\t<\/div>\n\t\t<\/div>\n\t\t\t\t\t<\/div>\n\t\t<\/section>\n\t\t\t\t<section class=\"elementor-section elementor-top-section elementor-element elementor-element-1d51de9a elementor-section-boxed elementor-section-height-default elementor-section-height-default\" data-id=\"1d51de9a\" data-element_type=\"section\">\n\t\t\t\t\t\t<div class=\"elementor-container elementor-column-gap-default\">\n\t\t\t\t\t<div class=\"elementor-column elementor-col-25 elementor-top-column elementor-element elementor-element-5c0ed34e\" data-id=\"5c0ed34e\" data-element_type=\"column\">\n\t\t\t<div class=\"elementor-widget-wrap elementor-element-populated\">\n\t\t\t\t\t\t<div class=\"elementor-element elementor-element-4089cac1 elementor-align-center elementor-widget elementor-widget-button\" data-id=\"4089cac1\" data-element_type=\"widget\" data-widget_type=\"button.default\">\n\t\t\t\t<div class=\"elementor-widget-container\">\n\t\t\t\t\t\t\t<div class=\"elementor-button-wrapper\">\n\t\t\t\t\t<a class=\"elementor-button elementor-button-link elementor-size-sm\" href=\"https:\/\/www.ciencuadras.com\/arriendo\/medellin\/popular\/san-pablo\/apartamento\" target=\"_blank\">\n\t\t\t\t\t\t<span class=\"elementor-button-content-wrapper\">\n\t\t\t\t\t\t\t\t\t<span class=\"elementor-button-text\">Inmuebles en Arriendo<\/span>\n\t\t\t\t\t<\/span>\n\t\t\t\t\t<\/a>\n\t\t\t\t<\/div>\n\t\t\t\t\t\t<\/div>\n\t\t\t\t<\/div>\n\t\t\t\t\t<\/div>\n\t\t<\/div>\n\t\t\t\t<div class=\"elementor-column elementor-col-25 elementor-top-column elementor-element elementor-element-2ae271cc\" data-id=\"2ae271cc\" data-element_type=\"column\">\n\t\t\t<div class=\"elementor-widget-wrap elementor-element-populated\">\n\t\t\t\t\t\t<div class=\"elementor-element elementor-element-45a9f9d1 elementor-align-center elementor-widget elementor-widget-button\" data-id=\"45a9f9d1\" data-element_type=\"widget\" data-widget_type=\"button.default\">\n\t\t\t\t<div class=\"elementor-widget-container\">\n\t\t\t\t\t\t\t<div class=\"elementor-button-wrapper\">\n\t\t\t\t\t<a class=\"elementor-button elementor-button-link elementor-size-sm\" href=\"https:\/\/www.ciencuadras.com\/venta\/medellin\/popular\/san-pablo\/casa\" target=\"_blank\">\n\t\t\t\t\t\t<span class=\"elementor-button-content-wrapper\">\n\t\t\t\t\t\t\t\t\t<span class=\"elementor-button-text\">Inmuebles en Venta<\/span>\n\t\t\t\t\t<\/span>\n\t\t\t\t\t<\/a>\n\t\t\t\t<\/div>\n\t\t\t\t\t\t<\/div>\n\t\t\t\t<\/div>\n\t\t\t\t\t<\/div>\n\t\t<\/div>\n\t\t\t\t<div class=\"elementor-column elementor-col-25 elementor-top-column elementor-element elementor-element-44e5ed94\" data-id=\"44e5ed94\" data-element_type=\"column\">\n\t\t\t<div class=\"elementor-widget-wrap elementor-element-populated\">\n\t\t\t\t\t\t<div class=\"elementor-element elementor-element-5d0c3709 elementor-align-center elementor-widget elementor-widget-button\" data-id=\"5d0c3709\" data-element_type=\"widget\" data-widget_type=\"button.default\">\n\t\t\t\t<div class=\"elementor-widget-container\">\n\t\t\t\t\t\t\t<div class=\"elementor-button-wrapper\">\n\t\t\t\t\t<a class=\"elementor-button elementor-button-link elementor-size-sm\" href=\"https:\/\/www.ciencuadras.com\/proyectos-vivienda-nueva\/medellin\" target=\"_blank\">\n\t\t\t\t\t\t<span class=\"elementor-button-content-wrapper\">\n\t\t\t\t\t\t\t\t\t<span class=\"elementor-button-text\">Proyectos Nuevos<\/span>\n\t\t\t\t\t<\/span>\n\t\t\t\t\t<\/a>\n\t\t\t\t<\/div>\n\t\t\t\t\t\t<\/div>\n\t\t\t\t<\/div>\n\t\t\t\t\t<\/div>\n\t\t<\/div>\n\t\t\t\t<div class=\"elementor-column elementor-col-25 elementor-top-column elementor-element elementor-element-d855179\" data-id=\"d855179\" data-element_type=\"column\">\n\t\t\t<div class=\"elementor-widget-wrap elementor-element-populated\">\n\t\t\t\t\t\t<div class=\"elementor-element elementor-element-28357155 elementor-align-center elementor-widget elementor-widget-button\" data-id=\"28357155\" data-element_type=\"widget\" data-widget_type=\"button.default\">\n\t\t\t\t<div class=\"elementor-widget-container\">\n\t\t\t\t\t\t\t<div class=\"elementor-button-wrapper\">\n\t\t\t\t\t<a class=\"elementor-button elementor-button-link elementor-size-sm\" href=\"https:\/\/www.ciencuadras.com\/inmuebles-en-remate\/medellin\" target=\"_blank\">\n\t\t\t\t\t\t<span class=\"elementor-button-content-wrapper\">\n\t\t\t\t\t\t\t\t\t<span class=\"elementor-button-text\">Inmuebles en oferta<\/span>\n\t\t\t\t\t<\/span>\n\t\t\t\t\t<\/a>\n\t\t\t\t<\/div>\n\t\t\t\t\t\t<\/div>\n\t\t\t\t<\/div>\n\t\t\t\t\t<\/div>\n\t\t<\/div>\n\t\t\t\t\t<\/div>\n\t\t<\/section>\n\t\t\t\t<section class=\"elementor-section elementor-top-section elementor-element elementor-element-26f55c9f elementor-section-boxed elementor-section-height-default elementor-section-height-default\" data-id=\"26f55c9f\" data-element_type=\"section\">\n\t\t\t\t\t\t<div class=\"elementor-container elementor-column-gap-default\">\n\t\t\t\t\t<div class=\"elementor-column elementor-col-100 elementor-top-column elementor-element elementor-element-661bea97\" data-id=\"661bea97\" data-element_type=\"column\">\n\t\t\t<div class=\"elementor-widget-wrap elementor-element-populated\">\n\t\t\t\t\t\t<div class=\"elementor-element elementor-element-66de66a0 elementor-widget elementor-widget-spacer\" data-id=\"66de66a0\" data-element_type=\"widget\" data-widget_type=\"spacer.default\">\n\t\t\t\t<div class=\"elementor-widget-container\">\n\t\t\t\t\t<div class=\"elementor-spacer\">\n\t\t\t<div class=\"elementor-spacer-inner\"><\/div>\n\t\t<\/div>\n\t\t\t\t<\/div>\n\t\t\t\t<\/div>\n\t\t\t\t<div class=\"elementor-element elementor-element-5f99cae2 elementor-widget elementor-widget-heading\" data-id=\"5f99cae2\" data-element_type=\"widget\" data-widget_type=\"heading.default\">\n\t\t\t\t<div class=\"elementor-widget-container\">\n\t\t\t<h3 class=\"elementor-heading-title elementor-size-default\">Historia de San Pablo<\/h3>\t\t<\/div>\n\t\t\t\t<\/div>\n\t\t\t\t\t<\/div>\n\t\t<\/div>\n\t\t\t\t\t<\/div>\n\t\t<\/section>\n\t\t\t\t<section class=\"elementor-section elementor-top-section elementor-element elementor-element-6ab4b7d1 elementor-section-boxed elementor-section-height-default elementor-section-height-default\" data-id=\"6ab4b7d1\" data-element_type=\"section\">\n\t\t\t\t\t\t<div class=\"elementor-container elementor-column-gap-default\">\n\t\t\t\t\t<div class=\"elementor-column elementor-col-100 elementor-top-column elementor-element elementor-element-26e4bb12\" data-id=\"26e4bb12\" data-element_type=\"column\">\n\t\t\t<div class=\"elementor-widget-wrap elementor-element-populated\">\n\t\t\t\t\t\t<div class=\"elementor-element elementor-element-4cf7145e elementor-widget elementor-widget-text-editor\" data-id=\"4cf7145e\" data-element_type=\"widget\" data-widget_type=\"text-editor.default\">\n\t\t\t\t<div class=\"elementor-widget-container\">\n\t\t\t\t\t\t\t<p><span style=\"font-weight: 400;\">Dicen San Pablo le debe su nombre a un hombre llamado Pablo que se encarg\u00f3 de impulsar distintas obras de caridad y con las cuales se gan\u00f3 el reconocimiento de la comunidad; cuenta que se nombr\u00f3 as\u00ed en su honor, sin embargo, <\/span><b>su nombre tambi\u00e9n responde a una lista de santos que lo rodean, como por ejemplo, los barrios <\/b><b>Santa Cecilia, San Blas, San Cayetano y San Nicol\u00e1s<\/b><span style=\"font-weight: 400;\">, <\/span><span style=\"font-weight: 400;\">y algunos otros barrios de esta comuna.\u00a0<\/span><\/p><p>\u00a0<\/p><p><span style=\"font-weight: 400;\">A San Pablo se le recuerda por sus tierras lodazales, por los que \u00fanicamente se pod\u00eda transitar con un buen par de botas de caucho, <\/span><a href=\"https:\/\/www.micomunaguayabal.org\/historia-de-los-barrios\/san-pablo\/\"><b>rese\u00f1an pocos portales sobre la historia de este barrio<\/b><\/a><span style=\"font-weight: 400;\">. Panorama que hoy es distinto gracias a la evoluci\u00f3n de sus casas, una zona en su mayor\u00eda residencial, y que obedece a cierto orden, debido a su proceso de ubicaci\u00f3n promovido por los denominados <\/span><i><span style=\"font-weight: 400;\">Urbanizadores piratas<\/span><\/i><span style=\"font-weight: 400;\">, \u201cquienes de alguna manera u otra forma incorporaron el trazado original heredado de los espa\u00f1oles, respetando la ret\u00edcula entre calles y carreras, <\/span><a href=\"https:\/\/es.wikipedia.org\/wiki\/Popular_(Medell%C3%ADn)\"><b>manteniendo secciones viales aceptables y adem\u00e1s reservando espacio para la plaza central\u201d<\/b><\/a><\/p><p>\u00a0<\/p><p><span style=\"font-weight: 400;\">De su fundaci\u00f3n, se recuerda claramente a \u201cClaudia\u201d y Julio Enrique Casta\u00f1o, m\u00e1s adelante la familia Bueno, quienes llegaron a fundar sus hogares; luego, en los 70, se conocer\u00eda el nombre de \u201cEl pibe\u201d quien lleg\u00f3 con su amor al f\u00fatbol y al tanto para seguir fomentando cosas distintas al barrio, a la violencia que se pod\u00eda vivir por aquella \u00e9poca.\u00a0<\/span><\/p><p>\u00a0<\/p><p><span style=\"font-weight: 400;\">De acuerdo con el desaparecido peri\u00f3dico <\/span><a href=\"https:\/\/www.elmundo.com\/portal\/pagina.general.impresion.php?idx=166478\"><b>El Mundo<\/b><\/a><span style=\"font-weight: 400;\">, en el 2007 varias personas decidieron adelantar un proceso de independencia para suplir sus necesidades, las cuales ve\u00edan insatisfechas porque el barrio San Pablo era demasiado grande, con lo que despu\u00e9s de las gestiones consiguieron por fin en el 2008 el reconocimiento jur\u00eddico.<\/span><\/p><p>\u00a0<\/p><p><span style=\"font-weight: 400;\">De todas maneras, hablar de San Pablo, es hablar de la Comuna 1 Popular, que seg\u00fan el Departamento Administrativo de Planeaci\u00f3n Municipal est\u00e1 conformada por 12 barrios reconocidos en el Decreto 346 de 2000, algunos de esos barrios contiguos son: Santo Domingo Savio No.1 y No.2, Granizal, Popular, Mosc\u00fa No.2, Villa Guadalupe, La Avanzada, Carpinelo y El Compromiso, entre otros.\u00a0<\/span><\/p><p>\u00a0<\/p>\t\t\t\t\t\t<\/div>\n\t\t\t\t<\/div>\n\t\t\t\t\t<\/div>\n\t\t<\/div>\n\t\t\t\t\t<\/div>\n\t\t<\/section>\n\t\t\t\t<section class=\"elementor-section elementor-top-section elementor-element elementor-element-32b9cb99 elementor-section-boxed elementor-section-height-default elementor-section-height-default\" data-id=\"32b9cb99\" data-element_type=\"section\">\n\t\t\t\t\t\t<div class=\"elementor-container elementor-column-gap-default\">\n\t\t\t\t\t<div class=\"elementor-column elementor-col-100 elementor-top-column elementor-element elementor-element-35f0d184\" data-id=\"35f0d184\" data-element_type=\"column\">\n\t\t\t<div class=\"elementor-widget-wrap elementor-element-populated\">\n\t\t\t\t\t\t<div class=\"elementor-element elementor-element-5e7e2aa elementor-widget elementor-widget-heading\" data-id=\"5e7e2aa\" data-element_type=\"widget\" data-widget_type=\"heading.default\">\n\t\t\t\t<div class=\"elementor-widget-container\">\n\t\t\t<h3 class=\"elementor-heading-title elementor-size-default\">Ubicaci\u00f3n<\/h3>\t\t<\/div>\n\t\t\t\t<\/div>\n\t\t\t\t<div class=\"elementor-element elementor-element-796d9ce7 elementor-widget elementor-widget-text-editor\" data-id=\"796d9ce7\" data-element_type=\"widget\" data-widget_type=\"text-editor.default\">\n\t\t\t\t<div class=\"elementor-widget-container\">\n\t\t\t\t\t\t\t<p><span style=\"font-weight: 400;\">San Pablo perteneciente a la Comuna 1, limita por el oriente con el corregimiento de Santa Elena, por el norte con el Barrio Santa Rita; por el sur con la Comuna Manrique y por el occidente con la Comuna Santa Cruz.\u00a0<\/span><\/p><p><span style=\"font-weight: 400;\">Est\u00e1 ubicada en la Zona Nororiental de la ciudad de Medell\u00edn y se calcula su extensi\u00f3n total de 309,91, tambi\u00e9n est\u00e1 cerca del municipio de Bello, al norte y a los barrios Mar\u00eda Cano Carambolas, San Jos\u00e9 La Cima y La Salle, de la Comuna 3, el barrio Berl\u00edn de la Comuna 4, y al occidente, los barrios: Mosc\u00fa No. 1, Villa del Socorro, La Francia y La Isla de la Comuna 2.\u00a0<\/span><\/p>\t\t\t\t\t\t<\/div>\n\t\t\t\t<\/div>\n\t\t\t\t\t<\/div>\n\t\t<\/div>\n\t\t\t\t\t<\/div>\n\t\t<\/section>\n\t\t\t\t<section class=\"elementor-section elementor-top-section elementor-element elementor-element-13cc79e7 elementor-section-boxed elementor-section-height-default elementor-section-height-default\" data-id=\"13cc79e7\" data-element_type=\"section\">\n\t\t\t\t\t\t<div class=\"elementor-container elementor-column-gap-default\">\n\t\t\t\t\t<div class=\"elementor-column elementor-col-100 elementor-top-column elementor-element elementor-element-155882d\" data-id=\"155882d\" data-element_type=\"column\">\n\t\t\t<div class=\"elementor-widget-wrap elementor-element-populated\">\n\t\t\t\t\n\t\t<div class=\"elementor-element elementor-element-1578e185 elementor-widget elementor-widget-Slider Ciencuadras\" data-id=\"1578e185\" data-element_type=\"widget\" data-widget_type=\"Slider Ciencuadras.default\">\n\t\t\t\t<div class=\"elementor-widget-container\">\n\t\t\t\n\t\t<div class=\"slideshow-container\">\n\t\t\t\t\t\t\t<div class=\"cc-slider cc-fade\">\n\t\t\t\t\t<a href=\"https:\/\/open.spotify.com\/show\/7rZhe5fbDA2SVGm72tOa6y\" target=\"_blank\" rel=\"noopener noreferrer\">\n\t\t\t\t\t\t<img decoding=\"async\"  class=\"cc-img-slider\" src=\"https:\/\/www.ciencuadras.com\/blog\/wp-content\/uploads\/2024\/07\/SLIDER_desktop_podcast.jpg\" style=\"width:100%\">\n\t\t\t\t\t<\/a>\n\t\t\t\t<\/div>\n\t\t\t\t\t\t\t<div class=\"cc-slider cc-fade\">\n\t\t\t\t\t<a href=\"https:\/\/www.ciencuadras.com\/mia-asistente-inmobiliaria\" target=\"_blank\" rel=\"noopener noreferrer\">\n\t\t\t\t\t\t<img decoding=\"async\"  class=\"cc-img-slider\" src=\"https:\/\/www.ciencuadras.com\/blog\/wp-content\/uploads\/2024\/07\/8-JUL-MIA-BANERS-1-DESTOCK.jpg\" style=\"width:100%\">\n\t\t\t\t\t<\/a>\n\t\t\t\t<\/div>\n\t\t\t\t\t\t\t<div class=\"cc-slider cc-fade\">\n\t\t\t\t\t<a href=\"https:\/\/novedades.ciencuadras.com\/remodelacion-y-acabados\/\" target=\"_blank\" rel=\"noopener noreferrer\">\n\t\t\t\t\t\t<img decoding=\"async\"  class=\"cc-img-slider\" src=\"https:\/\/www.ciencuadras.com\/blog\/wp-content\/uploads\/2024\/05\/1080x270_acabados_1-compressed.jpg\" style=\"width:100%\">\n\t\t\t\t\t<\/a>\n\t\t\t\t<\/div>\n\t\t\t\t\t\t\t<div class=\"cc-slider cc-fade\">\n\t\t\t\t\t<a href=\"https:\/\/wa.link\/83b87u\" target=\"_blank\" rel=\"noopener noreferrer\">\n\t\t\t\t\t\t<img decoding=\"async\"  class=\"cc-img-slider\" src=\"https:\/\/www.ciencuadras.com\/blog\/wp-content\/uploads\/2024\/06\/SLIDER_desktop_constructoras-1-compressed.jpg\" style=\"width:100%\">\n\t\t\t\t\t<\/a>\n\t\t\t\t<\/div>\n\t\t\t\t\t<\/div>\n\t\t<br>\n\n\t\t<div style=\"text-align:center\">\n\t\t\t\t\t\t\t<span class=\"dot active\" onclick=\"currentSlide(1, true)\"><\/span> \n\t\t\t\t\t\t\t<span class=\"dot \" onclick=\"currentSlide(2, true)\"><\/span> \n\t\t\t\t\t\t\t<span class=\"dot \" onclick=\"currentSlide(3, true)\"><\/span> \n\t\t\t\t\t\t\t<span class=\"dot \" onclick=\"currentSlide(4, true)\"><\/span> \n\t\t\t\t\t<\/div>\n\t\t\t\t<\/div>\n\t\t\t\t<\/div>\n\t\t\t\t\t<\/div>\n\t\t<\/div>\n\t\t\t\t\t<\/div>\n\t\t<\/section>\n\t\t\t\t<section class=\"elementor-section elementor-top-section elementor-element elementor-element-e4b7729 elementor-section-boxed elementor-section-height-default elementor-section-height-default\" data-id=\"e4b7729\" data-element_type=\"section\">\n\t\t\t\t\t\t<div class=\"elementor-container elementor-column-gap-default\">\n\t\t\t\t\t<div class=\"elementor-column elementor-col-100 elementor-top-column elementor-element elementor-element-63ce6310\" data-id=\"63ce6310\" data-element_type=\"column\">\n\t\t\t<div class=\"elementor-widget-wrap elementor-element-populated\">\n\t\t\t\t\t\t<div class=\"elementor-element elementor-element-45d639a5 elementor-widget elementor-widget-spacer\" data-id=\"45d639a5\" data-element_type=\"widget\" data-widget_type=\"spacer.default\">\n\t\t\t\t<div class=\"elementor-widget-container\">\n\t\t\t\t\t<div class=\"elementor-spacer\">\n\t\t\t<div class=\"elementor-spacer-inner\"><\/div>\n\t\t<\/div>\n\t\t\t\t<\/div>\n\t\t\t\t<\/div>\n\t\t\t\t\t<\/div>\n\t\t<\/div>\n\t\t\t\t\t<\/div>\n\t\t<\/section>\n\t\t\t\t<section class=\"elementor-section elementor-top-section elementor-element elementor-element-502e12d8 elementor-section-boxed elementor-section-height-default elementor-section-height-default\" data-id=\"502e12d8\" data-element_type=\"section\">\n\t\t\t\t\t\t<div class=\"elementor-container elementor-column-gap-default\">\n\t\t\t\t\t<div class=\"elementor-column elementor-col-100 elementor-top-column elementor-element elementor-element-35aef33f\" data-id=\"35aef33f\" data-element_type=\"column\">\n\t\t\t<div class=\"elementor-widget-wrap elementor-element-populated\">\n\t\t\t\t\t\t<div class=\"elementor-element elementor-element-7572487d elementor-widget elementor-widget-heading\" data-id=\"7572487d\" data-element_type=\"widget\" data-widget_type=\"heading.default\">\n\t\t\t\t<div class=\"elementor-widget-container\">\n\t\t\t<h3 class=\"elementor-heading-title elementor-size-default\">Atractivo inmobiliario<\/h3>\t\t<\/div>\n\t\t\t\t<\/div>\n\t\t\t\t\t<\/div>\n\t\t<\/div>\n\t\t\t\t\t<\/div>\n\t\t<\/section>\n\t\t\t\t<section class=\"elementor-section elementor-top-section elementor-element elementor-element-2ee74fb7 elementor-section-boxed elementor-section-height-default elementor-section-height-default\" data-id=\"2ee74fb7\" data-element_type=\"section\">\n\t\t\t\t\t\t<div class=\"elementor-container elementor-column-gap-default\">\n\t\t\t\t\t<div class=\"elementor-column elementor-col-50 elementor-top-column elementor-element elementor-element-30bebe84\" data-id=\"30bebe84\" data-element_type=\"column\">\n\t\t\t<div class=\"elementor-widget-wrap elementor-element-populated\">\n\t\t\t\t\t\t<div class=\"elementor-element elementor-element-64aba1bd elementor-widget elementor-widget-text-editor\" data-id=\"64aba1bd\" data-element_type=\"widget\" data-widget_type=\"text-editor.default\">\n\t\t\t\t<div class=\"elementor-widget-container\">\n\t\t\t\t\t\t\t<p><span style=\"font-weight: 400;\">San Pablo, al igual que muchos barrios de la Comuna 1 de Medell\u00edn, est\u00e1 ubicado en zonas de altas pendientes, cercano a afluentes h\u00eddricos de ca\u00f1ones muy profundos y dada la escasez, en algunos sectores aleda\u00f1os, de suelo apto para el desarrollo urbano, se caracteriza por un bajo costo de sus terrenos.\u00a0<\/span><\/p><p><span style=\"font-weight: 400;\">Principalmente, predominan las viviendas de estrato socioecon\u00f3mico 1 y 2 (SISBEN, 2014), <\/span><a href=\"https:\/\/www.medellin.gov.co\/irj\/go\/km\/docs\/pccdesign\/SubportaldelCiudadano_2\/PlandeDesarrollo_0_15\/InformacinGeneral\/Shared%20Content\/Documentos\/comunas\/COMUNA1_POPULAR.pdf\" target=\"_blank\" rel=\"noopener\"><b>adem\u00e1s es una de las zonas de mayor densidad de viviendas por hect\u00e1rea en la ciudad.\u00a0<\/b><\/a><\/p><p><span style=\"font-weight: 400;\">La Comuna n.\u00ba 1, se desarrolla en una extensi\u00f3n de 333.04 hect\u00e1reas, con una densidad de 349 habitantes por hect\u00e1rea, siendo una de las m\u00e1s altas del Municipio de Medell\u00edn.<\/span><\/p><p><b>El costo de vivienda en San Pablo, en cuanto a arriendos, oscila entre los $500.000 y los $850.000. En compra de vivienda usada, el costo de vivienda est\u00e1 entre $90.000.000 y $400.000.000. <\/b><\/p>\t\t\t\t\t\t<\/div>\n\t\t\t\t<\/div>\n\t\t\t\t\t<\/div>\n\t\t<\/div>\n\t\t\t\t<div class=\"elementor-column elementor-col-50 elementor-top-column elementor-element elementor-element-43d553b8\" data-id=\"43d553b8\" data-element_type=\"column\">\n\t\t\t<div class=\"elementor-widget-wrap elementor-element-populated\">\n\t\t\t\t\t\t<div class=\"elementor-element elementor-element-5cff4dc2 elementor-widget elementor-widget-html\" data-id=\"5cff4dc2\" data-element_type=\"widget\" data-widget_type=\"html.default\">\n\t\t\t\t<div class=\"elementor-widget-container\">\n\t\t\t<iframe src=\"https:\/\/www.google.com\/maps\/embed?pb=!1m18!1m12!1m3!1d3965.8451073464134!2d-75.55082207862168!3d6.284082680904083!2m3!1f0!2f0!3f0!3m2!1i1024!2i768!4f13.1!3m3!1m2!1s0x8e4428b41e41608d%3A0xac02a5b4ef6522bf!2sSan%20Pablo%2C%20Medell%C3%ADn%2C%20Medellin%2C%20Antioquia!5e0!3m2!1sen!2sco!4v1671729197458!5m2!1sen!2sco\" width=\"600\" height=\"450\" style=\"border:0;\" allowfullscreen=\"\" loading=\"lazy\" referrerpolicy=\"no-referrer-when-downgrade\"><\/iframe>\t\t<\/div>\n\t\t\t\t<\/div>\n\t\t\t\t\t<\/div>\n\t\t<\/div>\n\t\t\t\t\t<\/div>\n\t\t<\/section>\n\t\t\t\t<section class=\"elementor-section elementor-top-section elementor-element elementor-element-279ef723 elementor-section-boxed elementor-section-height-default elementor-section-height-default\" data-id=\"279ef723\" data-element_type=\"section\">\n\t\t\t\t\t\t<div class=\"elementor-container elementor-column-gap-default\">\n\t\t\t\t\t<div class=\"elementor-column elementor-col-100 elementor-top-column elementor-element elementor-element-28efc52f\" data-id=\"28efc52f\" data-element_type=\"column\">\n\t\t\t<div class=\"elementor-widget-wrap elementor-element-populated\">\n\t\t\t\t\t\t<div class=\"elementor-element elementor-element-1ab6ced9 elementor-widget elementor-widget-spacer\" data-id=\"1ab6ced9\" data-element_type=\"widget\" data-widget_type=\"spacer.default\">\n\t\t\t\t<div class=\"elementor-widget-container\">\n\t\t\t\t\t<div class=\"elementor-spacer\">\n\t\t\t<div class=\"elementor-spacer-inner\"><\/div>\n\t\t<\/div>\n\t\t\t\t<\/div>\n\t\t\t\t<\/div>\n\t\t\t\t\t<\/div>\n\t\t<\/div>\n\t\t\t\t\t<\/div>\n\t\t<\/section>\n\t\t\t\t<section class=\"elementor-section elementor-top-section elementor-element elementor-element-3666e28f elementor-section-boxed elementor-section-height-default elementor-section-height-default\" data-id=\"3666e28f\" data-element_type=\"section\">\n\t\t\t\t\t\t<div class=\"elementor-container elementor-column-gap-default\">\n\t\t\t\t\t<div class=\"elementor-column elementor-col-100 elementor-top-column elementor-element elementor-element-79a0ecf0\" data-id=\"79a0ecf0\" data-element_type=\"column\">\n\t\t\t<div class=\"elementor-widget-wrap elementor-element-populated\">\n\t\t\t\t\t\t<div class=\"elementor-element elementor-element-4c019c61 elementor-widget elementor-widget-heading\" data-id=\"4c019c61\" data-element_type=\"widget\" data-widget_type=\"heading.default\">\n\t\t\t\t<div class=\"elementor-widget-container\">\n\t\t\t<h2 class=\"elementor-heading-title elementor-size-default\">Datos de inter\u00e9s<\/h2>\t\t<\/div>\n\t\t\t\t<\/div>\n\t\t\t\t\t<\/div>\n\t\t<\/div>\n\t\t\t\t\t<\/div>\n\t\t<\/section>\n\t\t\t\t<section class=\"elementor-section elementor-top-section elementor-element elementor-element-3e7b19e9 elementor-section-boxed elementor-section-height-default elementor-section-height-default\" data-id=\"3e7b19e9\" data-element_type=\"section\">\n\t\t\t\t\t\t<div class=\"elementor-container elementor-column-gap-default\">\n\t\t\t\t\t<div class=\"elementor-column elementor-col-100 elementor-top-column elementor-element elementor-element-41ed925\" data-id=\"41ed925\" data-element_type=\"column\">\n\t\t\t<div class=\"elementor-widget-wrap elementor-element-populated\">\n\t\t\t\t\t\t<div class=\"elementor-element elementor-element-4dc195de elementor-widget elementor-widget-accordion\" data-id=\"4dc195de\" data-element_type=\"widget\" data-widget_type=\"accordion.default\">\n\t\t\t\t<div class=\"elementor-widget-container\">\n\t\t\t\t\t<div class=\"elementor-accordion\">\n\t\t\t\t\t\t\t<div class=\"elementor-accordion-item\">\n\t\t\t\t\t<div id=\"elementor-tab-title-1301\" class=\"elementor-tab-title\" data-tab=\"1\" role=\"button\" aria-controls=\"elementor-tab-content-1301\" aria-expanded=\"false\">\n\t\t\t\t\t\t\t\t\t\t\t\t\t<span class=\"elementor-accordion-icon elementor-accordion-icon-left\" aria-hidden=\"true\">\n\t\t\t\t\t\t\t\t\t\t\t\t\t\t\t<span class=\"elementor-accordion-icon-closed\"><svg class=\"e-font-icon-svg e-fas-plus\" viewBox=\"0 0 448 512\" xmlns=\"http:\/\/www.w3.org\/2000\/svg\"><path d=\"M416 208H272V64c0-17.67-14.33-32-32-32h-32c-17.67 0-32 14.33-32 32v144H32c-17.67 0-32 14.33-32 32v32c0 17.67 14.33 32 32 32h144v144c0 17.67 14.33 32 32 32h32c17.67 0 32-14.33 32-32V304h144c17.67 0 32-14.33 32-32v-32c0-17.67-14.33-32-32-32z\"><\/path><\/svg><\/span>\n\t\t\t\t\t\t\t\t<span class=\"elementor-accordion-icon-opened\"><svg class=\"e-font-icon-svg e-fas-minus\" viewBox=\"0 0 448 512\" xmlns=\"http:\/\/www.w3.org\/2000\/svg\"><path d=\"M416 208H32c-17.67 0-32 14.33-32 32v32c0 17.67 14.33 32 32 32h384c17.67 0 32-14.33 32-32v-32c0-17.67-14.33-32-32-32z\"><\/path><\/svg><\/span>\n\t\t\t\t\t\t\t\t\t\t\t\t\t\t<\/span>\n\t\t\t\t\t\t\t\t\t\t\t\t<a class=\"elementor-accordion-title\" tabindex=\"0\">\u00bfPor qu\u00e9 vivir en el barrio San Pablo?<\/a>\n\t\t\t\t\t<\/div>\n\t\t\t\t\t<div id=\"elementor-tab-content-1301\" class=\"elementor-tab-content elementor-clearfix\" data-tab=\"1\" role=\"region\" aria-labelledby=\"elementor-tab-title-1301\"><p><span style=\"font-weight: 400;\">Estas son las ventajas de vivir en San Pablo:\u00a0<\/span><\/p><p>\u00a0<\/p><ul><li style=\"font-weight: 400;\" aria-level=\"1\"><span style=\"font-weight: 400;\">Tiene la l\u00ednea K del metrocable, Metro de Medell\u00edn, el cual se caracteriza por ser un sistema de &#8220;<\/span><a href=\"https:\/\/es.wikipedia.org\/w\/index.php?title=Cable_a%C3%A9reo&amp;action=edit&amp;redlink=1\"><span style=\"font-weight: 400;\">cable a\u00e9reo<\/span><\/a><span style=\"font-weight: 400;\">&#8220;, con 90 cabinas tiradas por cable y tres estaciones.<\/span><\/li><li style=\"font-weight: 400;\" aria-level=\"1\"><span style=\"font-weight: 400;\">Cuenta con una de las Unidades de Vida Articulada (UVA), espacios que pasaron de ser un simple tanque a convertirse en clubes sociales populares para la gente, pensados y dise\u00f1ados por las propias comunidades. UVA, La Esperanza, 3.600 m\u00b2 de <\/span><b>salones m\u00faltiples, cascada de agua interactiva, juegos infantiles, asaderos y picnic<\/b><span style=\"font-weight: 400;\">.\u00a0<\/span><\/li><li style=\"font-weight: 400;\" aria-level=\"1\"><span style=\"font-weight: 400;\">Biblioteca Espa\u00f1a, <\/span><span style=\"font-weight: 400;\">un parque biblioteca ubicado en el barrio de Santo Domingo S<\/span><span style=\"font-weight: 400;\">avio, junto a la estaci\u00f3n Santo Domingo Savio del Metro.\u00a0<\/span><\/li><li style=\"font-weight: 400;\" aria-level=\"1\"><span style=\"font-weight: 400;\">Adem\u00e1s, sitios representativos para las comunidades como la Instituci\u00f3n Educativa Federico Carrasquilla, la Biblioteca Popular # 2, Fe y Alegr\u00eda Popular # 1 y la Instituci\u00f3n Educativa Antonio Derka Santo Domingo.\u00a0<\/span><\/li><li style=\"font-weight: 400;\" aria-level=\"1\"><span style=\"font-weight: 400;\">Cerca del Pasaje y Mirador La Candelaria, la Casa antigua de la Comuna V\u00edztaz y la Calle Puerto Rico V\u00edztaz.<\/span><\/li><\/ul><\/div>\n\t\t\t\t<\/div>\n\t\t\t\t\t\t\t<div class=\"elementor-accordion-item\">\n\t\t\t\t\t<div id=\"elementor-tab-title-1302\" class=\"elementor-tab-title\" data-tab=\"2\" role=\"button\" aria-controls=\"elementor-tab-content-1302\" aria-expanded=\"false\">\n\t\t\t\t\t\t\t\t\t\t\t\t\t<span class=\"elementor-accordion-icon elementor-accordion-icon-left\" aria-hidden=\"true\">\n\t\t\t\t\t\t\t\t\t\t\t\t\t\t\t<span class=\"elementor-accordion-icon-closed\"><svg class=\"e-font-icon-svg e-fas-plus\" viewBox=\"0 0 448 512\" xmlns=\"http:\/\/www.w3.org\/2000\/svg\"><path d=\"M416 208H272V64c0-17.67-14.33-32-32-32h-32c-17.67 0-32 14.33-32 32v144H32c-17.67 0-32 14.33-32 32v32c0 17.67 14.33 32 32 32h144v144c0 17.67 14.33 32 32 32h32c17.67 0 32-14.33 32-32V304h144c17.67 0 32-14.33 32-32v-32c0-17.67-14.33-32-32-32z\"><\/path><\/svg><\/span>\n\t\t\t\t\t\t\t\t<span class=\"elementor-accordion-icon-opened\"><svg class=\"e-font-icon-svg e-fas-minus\" viewBox=\"0 0 448 512\" xmlns=\"http:\/\/www.w3.org\/2000\/svg\"><path d=\"M416 208H32c-17.67 0-32 14.33-32 32v32c0 17.67 14.33 32 32 32h384c17.67 0 32-14.33 32-32v-32c0-17.67-14.33-32-32-32z\"><\/path><\/svg><\/span>\n\t\t\t\t\t\t\t\t\t\t\t\t\t\t<\/span>\n\t\t\t\t\t\t\t\t\t\t\t\t<a class=\"elementor-accordion-title\" tabindex=\"0\">Transporte<\/a>\n\t\t\t\t\t<\/div>\n\t\t\t\t\t<div id=\"elementor-tab-content-1302\" class=\"elementor-tab-content elementor-clearfix\" data-tab=\"2\" role=\"region\" aria-labelledby=\"elementor-tab-title-1302\"><p><span style=\"font-weight: 400;\">Puedes llegar hasta San Pablo en Autob\u00fas o Metro. Para llegar en Metro, tomas hasta la estaci\u00f3n Acevedo, L\u00ednea A, para enseguida tomar la l\u00ednea<\/span><span style=\"font-weight: 400;\"> K (com\u00fanmente llamada <\/span><a href=\"https:\/\/es.wikipedia.org\/wiki\/Metrocable_(Medell%C3%ADn)\"><span style=\"font-weight: 400;\">metrocable<\/span><\/a><span style=\"font-weight: 400;\">) del Metro de Medell\u00edn.\u00a0<\/span><\/p><p><span style=\"font-weight: 400;\">Existen tres ejes viales que atraviesan la Comuna 1 Popular, mediante la carrera 39 o antigua v\u00eda a Guarne, la carrera 42B y la carrera 46. En direcci\u00f3n oriente-occidente posee calles cuya caracter\u00edstica general es su alta pendiente (alrededor de 12% al 30%), su estrecha secci\u00f3n vial y en un alto porcentaje s\u00f3lo poseen flujo peatonal sin una jerarquizaci\u00f3n, pero, a trav\u00e9s de las cuales tambi\u00e9n puedes llegar en taxi o carro particular. <\/span><\/p><p><span style=\"font-weight: 400;\">Las rutas que tienen paradas cercanas en autob\u00fas son: C6-015<\/span> <span style=\"font-weight: 400;\">C6E1 C6E2, por la carrera 37; la calle 101b; la carrera 34 &#8211; calle 95a; por barrio Granizal (Cl 104 &#8211; Cr 36b; Santo Domingo; Tricentenario; Acevedo).<\/span><\/p><\/div>\n\t\t\t\t<\/div>\n\t\t\t\t\t\t\t<div class=\"elementor-accordion-item\">\n\t\t\t\t\t<div id=\"elementor-tab-title-1303\" class=\"elementor-tab-title\" data-tab=\"3\" role=\"button\" aria-controls=\"elementor-tab-content-1303\" aria-expanded=\"false\">\n\t\t\t\t\t\t\t\t\t\t\t\t\t<span class=\"elementor-accordion-icon elementor-accordion-icon-left\" aria-hidden=\"true\">\n\t\t\t\t\t\t\t\t\t\t\t\t\t\t\t<span class=\"elementor-accordion-icon-closed\"><svg class=\"e-font-icon-svg e-fas-plus\" viewBox=\"0 0 448 512\" xmlns=\"http:\/\/www.w3.org\/2000\/svg\"><path d=\"M416 208H272V64c0-17.67-14.33-32-32-32h-32c-17.67 0-32 14.33-32 32v144H32c-17.67 0-32 14.33-32 32v32c0 17.67 14.33 32 32 32h144v144c0 17.67 14.33 32 32 32h32c17.67 0 32-14.33 32-32V304h144c17.67 0 32-14.33 32-32v-32c0-17.67-14.33-32-32-32z\"><\/path><\/svg><\/span>\n\t\t\t\t\t\t\t\t<span class=\"elementor-accordion-icon-opened\"><svg class=\"e-font-icon-svg e-fas-minus\" viewBox=\"0 0 448 512\" xmlns=\"http:\/\/www.w3.org\/2000\/svg\"><path d=\"M416 208H32c-17.67 0-32 14.33-32 32v32c0 17.67 14.33 32 32 32h384c17.67 0 32-14.33 32-32v-32c0-17.67-14.33-32-32-32z\"><\/path><\/svg><\/span>\n\t\t\t\t\t\t\t\t\t\t\t\t\t\t<\/span>\n\t\t\t\t\t\t\t\t\t\t\t\t<a class=\"elementor-accordion-title\" tabindex=\"0\"> En San Pablo, Ciencuadras cuadra todo<\/a>\n\t\t\t\t\t<\/div>\n\t\t\t\t\t<div id=\"elementor-tab-content-1303\" class=\"elementor-tab-content elementor-clearfix\" data-tab=\"3\" role=\"region\" aria-labelledby=\"elementor-tab-title-1303\"><p><span style=\"font-weight: 400;\">Ya que conoces todos los beneficios y ventajas de <\/span><b>vivir en el barrio San Pablo <\/b><span style=\"font-weight: 400;\">\u00bfest\u00e1s pensando en <\/span><b>comprar o arrendar un inmueble<\/b><span style=\"font-weight: 400;\"> en este sector? En Ciencuadras tenemos la mejor y m\u00e1s amplia oferta para que encuentres ese espacio que tanto sue\u00f1as.<\/span><a href=\"https:\/\/www.ciencuadras.com\/venta\/medellin\/el-poblado\/el-poblado\/\" target=\"_blank\" rel=\"noopener\"> <span style=\"font-weight: 400;\">\u00bfQu\u00e9 esperas? \u00a1Con\u00f3celo aqu\u00ed!<\/span><\/a><\/p><\/div>\n\t\t\t\t<\/div>\n\t\t\t\t\t\t\t\t<\/div>\n\t\t\t\t<\/div>\n\t\t\t\t<\/div>\n\t\t\t\t\t<\/div>\n\t\t<\/div>\n\t\t\t\t\t<\/div>\n\t\t<\/section>\n\t\t\t\t<section class=\"elementor-section elementor-top-section elementor-element elementor-element-725759dd elementor-section-boxed elementor-section-height-default elementor-section-height-default\" data-id=\"725759dd\" data-element_type=\"section\">\n\t\t\t\t\t\t<div class=\"elementor-container elementor-column-gap-default\">\n\t\t\t\t\t<div class=\"elementor-column elementor-col-100 elementor-top-column elementor-element elementor-element-3f01927\" data-id=\"3f01927\" data-element_type=\"column\">\n\t\t\t<div class=\"elementor-widget-wrap elementor-element-populated\">\n\t\t\t\t\t\t<div class=\"elementor-element elementor-element-4c19c706 elementor-widget elementor-widget-spacer\" data-id=\"4c19c706\" data-element_type=\"widget\" data-widget_type=\"spacer.default\">\n\t\t\t\t<div class=\"elementor-widget-container\">\n\t\t\t\t\t<div class=\"elementor-spacer\">\n\t\t\t<div class=\"elementor-spacer-inner\"><\/div>\n\t\t<\/div>\n\t\t\t\t<\/div>\n\t\t\t\t<\/div>\n\t\t\t\t\t<\/div>\n\t\t<\/div>\n\t\t\t\t\t<\/div>\n\t\t<\/section>\n\t\t\t\t<section class=\"elementor-section elementor-top-section elementor-element elementor-element-5a145a6c elementor-section-boxed elementor-section-height-default elementor-section-height-default\" data-id=\"5a145a6c\" data-element_type=\"section\">\n\t\t\t\t\t\t<div class=\"elementor-container elementor-column-gap-default\">\n\t\t\t\t\t<div class=\"elementor-column elementor-col-100 elementor-top-column elementor-element elementor-element-6f18dc6c\" data-id=\"6f18dc6c\" data-element_type=\"column\">\n\t\t\t<div class=\"elementor-widget-wrap elementor-element-populated\">\n\t\t\t\t\t\t<div class=\"elementor-element elementor-element-4cbb309c elementor-widget elementor-widget-heading\" data-id=\"4cbb309c\" data-element_type=\"widget\" data-widget_type=\"heading.default\">\n\t\t\t\t<div class=\"elementor-widget-container\">\n\t\t\t<h2 class=\"elementor-heading-title elementor-size-default\">Apartamentos en venta en San Pablo<\/h2>\t\t<\/div>\n\t\t\t\t<\/div>\n\t\t\t\t<div class=\"elementor-element elementor-element-488cb653 elementor-skin-carousel elementor-arrows-yes elementor-pagination-type-bullets elementor-pagination-position-outside elementor-widget elementor-widget-media-carousel\" data-id=\"488cb653\" data-element_type=\"widget\" data-settings=\"{&quot;space_between&quot;:{&quot;unit&quot;:&quot;px&quot;,&quot;size&quot;:29,&quot;sizes&quot;:[]},&quot;slides_per_view&quot;:&quot;5&quot;,&quot;skin&quot;:&quot;carousel&quot;,&quot;effect&quot;:&quot;slide&quot;,&quot;show_arrows&quot;:&quot;yes&quot;,&quot;pagination&quot;:&quot;bullets&quot;,&quot;speed&quot;:500,&quot;autoplay&quot;:&quot;yes&quot;,&quot;autoplay_speed&quot;:5000,&quot;loop&quot;:&quot;yes&quot;,&quot;pause_on_hover&quot;:&quot;yes&quot;,&quot;pause_on_interaction&quot;:&quot;yes&quot;,&quot;space_between_tablet&quot;:{&quot;unit&quot;:&quot;px&quot;,&quot;size&quot;:10,&quot;sizes&quot;:[]},&quot;space_between_mobile&quot;:{&quot;unit&quot;:&quot;px&quot;,&quot;size&quot;:10,&quot;sizes&quot;:[]}}\" data-widget_type=\"media-carousel.default\">\n\t\t\t\t<div class=\"elementor-widget-container\">\n\t\t\t\t\t<div class=\"elementor-swiper\">\n\t\t\t<div class=\"elementor-main-swiper swiper\">\n\t\t\t\t<div class=\"swiper-wrapper\">\n\t\t\t\t\t\t\t\t\t\t\t<div class=\"swiper-slide\">\n\t\t\t\t\t\t\t<a href=\"https:\/\/www.ciencuadras.com\/inmueble\/apartamento-en-venta-en-san-pablo-medellin-1908732\" target=\"_blank\">\t\t<div class=\"elementor-carousel-image\" role=\"img\" aria-label=\"apartamento en venta en san pablo medellin\" style=\"background-image: url(&#039;https:\/\/www.ciencuadras.com\/blog\/wp-content\/uploads\/2022\/12\/Captura-de-Pantalla-2022-12-22-a-las-2.40.25-p.-m..png&#039;)\">\n\n\t\t\t\n\t\t\t\t\t<\/div>\n\t\t<\/a>\t\t\t\t\t\t<\/div>\n\t\t\t\t\t\t\t\t\t\t\t<div class=\"swiper-slide\">\n\t\t\t\t\t\t\t<a href=\"https:\/\/www.ciencuadras.com\/inmueble\/apartamento-en-venta-en-san-pablo-medellin-2007898\" target=\"_blank\">\t\t<div class=\"elementor-carousel-image\" role=\"img\" aria-label=\"apto en venta medellin\" style=\"background-image: url(&#039;https:\/\/www.ciencuadras.com\/blog\/wp-content\/uploads\/2022\/12\/Captura-de-Pantalla-2022-12-22-a-las-2.44.12-p.-m..png&#039;)\">\n\n\t\t\t\n\t\t\t\t\t<\/div>\n\t\t<\/a>\t\t\t\t\t\t<\/div>\n\t\t\t\t\t\t\t\t\t\t\t<div class=\"swiper-slide\">\n\t\t\t\t\t\t\t<a href=\"https:\/\/www.ciencuadras.com\/inmueble\/casa-en-venta-en-villa-guadalupe-medellin-2160931\" target=\"_blank\">\t\t<div class=\"elementor-carousel-image\" role=\"img\" aria-label=\"apto en medellin san pablo\" style=\"background-image: url(&#039;https:\/\/www.ciencuadras.com\/blog\/wp-content\/uploads\/2022\/12\/Captura-de-Pantalla-2022-12-22-a-las-2.45.21-p.-m..png&#039;)\">\n\n\t\t\t\n\t\t\t\t\t<\/div>\n\t\t<\/a>\t\t\t\t\t\t<\/div>\n\t\t\t\t\t\t\t\t\t\t\t<div class=\"swiper-slide\">\n\t\t\t\t\t\t\t<a href=\"https:\/\/www.ciencuadras.com\/inmueble\/casa-en-venta-en-la-avanzada-medellin-2366254\" target=\"_blank\">\t\t<div class=\"elementor-carousel-image\" role=\"img\" aria-label=\"casa en venta san pablo medellin\" style=\"background-image: url(&#039;https:\/\/www.ciencuadras.com\/blog\/wp-content\/uploads\/2022\/12\/Captura-de-Pantalla-2022-12-22-a-las-2.47.18-p.-m..png&#039;)\">\n\n\t\t\t\n\t\t\t\t\t<\/div>\n\t\t<\/a>\t\t\t\t\t\t<\/div>\n\t\t\t\t\t\t\t\t\t\t\t<div class=\"swiper-slide\">\n\t\t\t\t\t\t\t<a href=\"https:\/\/www.ciencuadras.com\/inmueble\/casa-en-venta-en-santo-domingo-savio-no-1-medellin-1450375\" target=\"_blank\">\t\t<div class=\"elementor-carousel-image\" role=\"img\" aria-label=\"\" style=\"background-image: url(&#039;https:\/\/www.ciencuadras.com\/blog\/wp-content\/uploads\/2022\/12\/Captura-de-Pantalla-2022-12-22-a-las-2.48.30-p.-m..png&#039;)\">\n\n\t\t\t\n\t\t\t\t\t<\/div>\n\t\t<\/a>\t\t\t\t\t\t<\/div>\n\t\t\t\t\t\t\t\t\t<\/div>\n\t\t\t\t\t\t\t\t\t\t\t\t\t\t\t<div class=\"swiper-pagination\"><\/div>\n\t\t\t\t\t\t\t\t\t\t\t\t\t\t\t\t<div class=\"elementor-swiper-button elementor-swiper-button-prev\" role=\"button\" tabindex=\"0\">\n\t\t\t\t\t\t\t<svg aria-hidden=\"true\" class=\"e-font-icon-svg e-eicon-chevron-left\" viewBox=\"0 0 1000 1000\" xmlns=\"http:\/\/www.w3.org\/2000\/svg\"><path d=\"M646 125C629 125 613 133 604 142L308 442C296 454 292 471 292 487 292 504 296 521 308 533L604 854C617 867 629 875 646 875 663 875 679 871 692 858 704 846 713 829 713 812 713 796 708 779 692 767L438 487 692 225C700 217 708 204 708 187 708 171 704 154 692 142 675 129 663 125 646 125Z\"><\/path><\/svg>\t\t\t\t\t\t\t<span class=\"elementor-screen-only\">Previous<\/span>\n\t\t\t\t\t\t<\/div>\n\t\t\t\t\t\t<div class=\"elementor-swiper-button elementor-swiper-button-next\" role=\"button\" tabindex=\"0\">\n\t\t\t\t\t\t\t<svg aria-hidden=\"true\" class=\"e-font-icon-svg e-eicon-chevron-right\" viewBox=\"0 0 1000 1000\" xmlns=\"http:\/\/www.w3.org\/2000\/svg\"><path d=\"M696 533C708 521 713 504 713 487 713 471 708 454 696 446L400 146C388 133 375 125 354 125 338 125 325 129 313 142 300 154 292 171 292 187 292 204 296 221 308 233L563 492 304 771C292 783 288 800 288 817 288 833 296 850 308 863 321 871 338 875 354 875 371 875 388 867 400 854L696 533Z\"><\/path><\/svg>\t\t\t\t\t\t\t<span class=\"elementor-screen-only\">Next<\/span>\n\t\t\t\t\t\t<\/div>\n\t\t\t\t\t\t\t\t\t\t\t\t<\/div>\n\t\t<\/div>\n\t\t\t\t<\/div>\n\t\t\t\t<\/div>\n\t\t\t\t\t<\/div>\n\t\t<\/div>\n\t\t\t\t\t<\/div>\n\t\t<\/section>\n\t\t\t\t<section class=\"elementor-section elementor-top-section elementor-element elementor-element-288ed39d elementor-section-boxed elementor-section-height-default elementor-section-height-default\" data-id=\"288ed39d\" data-element_type=\"section\">\n\t\t\t\t\t\t<div class=\"elementor-container elementor-column-gap-default\">\n\t\t\t\t\t<div class=\"elementor-column elementor-col-100 elementor-top-column elementor-element elementor-element-5cd87967\" data-id=\"5cd87967\" data-element_type=\"column\">\n\t\t\t<div class=\"elementor-widget-wrap elementor-element-populated\">\n\t\t\t\t\t\t<div class=\"elementor-element elementor-element-a7173cb elementor-align-center elementor-widget elementor-widget-button\" data-id=\"a7173cb\" data-element_type=\"widget\" data-widget_type=\"button.default\">\n\t\t\t\t<div class=\"elementor-widget-container\">\n\t\t\t\t\t\t\t<div class=\"elementor-button-wrapper\">\n\t\t\t\t\t<a class=\"elementor-button elementor-button-link elementor-size-sm\" href=\"https:\/\/www.ciencuadras.com\/venta\/medellin\/popular\/san-pablo\/apartamento\" target=\"_blank\">\n\t\t\t\t\t\t<span class=\"elementor-button-content-wrapper\">\n\t\t\t\t\t\t\t\t\t<span class=\"elementor-button-text\">Ver todos<\/span>\n\t\t\t\t\t<\/span>\n\t\t\t\t\t<\/a>\n\t\t\t\t<\/div>\n\t\t\t\t\t\t<\/div>\n\t\t\t\t<\/div>\n\t\t\t\t\t<\/div>\n\t\t<\/div>\n\t\t\t\t\t<\/div>\n\t\t<\/section>\n\t\t\t\t<section class=\"elementor-section elementor-top-section elementor-element elementor-element-e968066 elementor-section-boxed elementor-section-height-default elementor-section-height-default\" data-id=\"e968066\" data-element_type=\"section\">\n\t\t\t\t\t\t<div class=\"elementor-container elementor-column-gap-default\">\n\t\t\t\t\t<div class=\"elementor-column elementor-col-100 elementor-top-column elementor-element elementor-element-1506373\" data-id=\"1506373\" data-element_type=\"column\">\n\t\t\t<div class=\"elementor-widget-wrap elementor-element-populated\">\n\t\t\t\t\t\t<div class=\"elementor-element elementor-element-6c5afa6b elementor-widget elementor-widget-spacer\" data-id=\"6c5afa6b\" data-element_type=\"widget\" data-widget_type=\"spacer.default\">\n\t\t\t\t<div class=\"elementor-widget-container\">\n\t\t\t\t\t<div class=\"elementor-spacer\">\n\t\t\t<div class=\"elementor-spacer-inner\"><\/div>\n\t\t<\/div>\n\t\t\t\t<\/div>\n\t\t\t\t<\/div>\n\t\t\t\t\t<\/div>\n\t\t<\/div>\n\t\t\t\t\t<\/div>\n\t\t<\/section>\n\t\t\t\t<section class=\"elementor-section elementor-top-section elementor-element elementor-element-5ca81e32 elementor-section-boxed elementor-section-height-default elementor-section-height-default\" data-id=\"5ca81e32\" data-element_type=\"section\">\n\t\t\t\t\t\t<div class=\"elementor-container elementor-column-gap-default\">\n\t\t\t\t\t<div class=\"elementor-column elementor-col-100 elementor-top-column elementor-element elementor-element-780581e9\" data-id=\"780581e9\" data-element_type=\"column\">\n\t\t\t<div class=\"elementor-widget-wrap elementor-element-populated\">\n\t\t\t\t\t\t<div class=\"elementor-element elementor-element-3e892c84 elementor-widget elementor-widget-heading\" data-id=\"3e892c84\" data-element_type=\"widget\" data-widget_type=\"heading.default\">\n\t\t\t\t<div class=\"elementor-widget-container\">\n\t\t\t<h2 class=\"elementor-heading-title elementor-size-default\">Principales barrios de Colombia<\/h2>\t\t<\/div>\n\t\t\t\t<\/div>\n\t\t\t\t\t<\/div>\n\t\t<\/div>\n\t\t\t\t\t<\/div>\n\t\t<\/section>\n\t\t\t\t<section class=\"elementor-section elementor-top-section elementor-element elementor-element-3c27e0dc elementor-section-boxed elementor-section-height-default elementor-section-height-default\" data-id=\"3c27e0dc\" data-element_type=\"section\">\n\t\t\t\t\t\t<div class=\"elementor-container elementor-column-gap-default\">\n\t\t\t\t\t<div class=\"elementor-column elementor-col-100 elementor-top-column elementor-element elementor-element-2ee9415e\" data-id=\"2ee9415e\" data-element_type=\"column\">\n\t\t\t<div class=\"elementor-widget-wrap elementor-element-populated\">\n\t\t\t\t\t\t<div class=\"elementor-element elementor-element-36e96ffb elementor-skin-carousel elementor-arrows-yes elementor-pagination-type-bullets elementor-pagination-position-outside elementor-invisible elementor-widget elementor-widget-media-carousel\" data-id=\"36e96ffb\" data-element_type=\"widget\" data-settings=\"{&quot;space_between&quot;:{&quot;unit&quot;:&quot;px&quot;,&quot;size&quot;:35,&quot;sizes&quot;:[]},&quot;slides_per_view&quot;:&quot;3&quot;,&quot;_animation&quot;:&quot;fadeInDown&quot;,&quot;skin&quot;:&quot;carousel&quot;,&quot;effect&quot;:&quot;slide&quot;,&quot;show_arrows&quot;:&quot;yes&quot;,&quot;pagination&quot;:&quot;bullets&quot;,&quot;speed&quot;:500,&quot;autoplay&quot;:&quot;yes&quot;,&quot;autoplay_speed&quot;:5000,&quot;loop&quot;:&quot;yes&quot;,&quot;pause_on_hover&quot;:&quot;yes&quot;,&quot;pause_on_interaction&quot;:&quot;yes&quot;,&quot;space_between_tablet&quot;:{&quot;unit&quot;:&quot;px&quot;,&quot;size&quot;:10,&quot;sizes&quot;:[]},&quot;space_between_mobile&quot;:{&quot;unit&quot;:&quot;px&quot;,&quot;size&quot;:10,&quot;sizes&quot;:[]}}\" data-widget_type=\"media-carousel.default\">\n\t\t\t\t<div class=\"elementor-widget-container\">\n\t\t\t\t\t<div class=\"elementor-swiper\">\n\t\t\t<div class=\"elementor-main-swiper swiper\">\n\t\t\t\t<div class=\"swiper-wrapper\">\n\t\t\t\t\t\t\t\t\t\t\t<div class=\"swiper-slide\">\n\t\t\t\t\t\t\t<a href=\"https:\/\/www.ciencuadras.com\/blog\/guia-de-barrio-los-rosales-bogota\" target=\"_blank\">\t\t<div class=\"elementor-carousel-image\" role=\"img\" aria-label=\"\" style=\"background-image: url(&#039;https:\/\/www.ciencuadras.com\/blog\/wp-content\/uploads\/2021\/06\/320x368_Los-Rosales.jpg&#039;)\">\n\n\t\t\t\n\t\t\t\t\t<\/div>\n\t\t<\/a>\t\t\t\t\t\t<\/div>\n\t\t\t\t\t\t\t\t\t\t\t<div class=\"swiper-slide\">\n\t\t\t\t\t\t\t<a href=\"https:\/\/www.ciencuadras.com\/blog\/guia-de-barrio-castilla-bogota\" target=\"_blank\">\t\t<div class=\"elementor-carousel-image\" role=\"img\" aria-label=\"Barrio sugerido Castilla\" style=\"background-image: url(&#039;https:\/\/www.ciencuadras.com\/blog\/wp-content\/uploads\/2021\/05\/320x368_castilla.jpg&#039;)\">\n\n\t\t\t\n\t\t\t\t\t<\/div>\n\t\t<\/a>\t\t\t\t\t\t<\/div>\n\t\t\t\t\t\t\t\t\t\t\t<div class=\"swiper-slide\">\n\t\t\t\t\t\t\t<a href=\"https:\/\/www.ciencuadras.com\/blog\/guia-de-barrio-cedritos-bogota\" target=\"_blank\">\t\t<div class=\"elementor-carousel-image\" role=\"img\" aria-label=\"Barrio sugerido Cedritos\" style=\"background-image: url(&#039;https:\/\/www.ciencuadras.com\/blog\/wp-content\/uploads\/2021\/05\/320x368_cedritos.jpg&#039;)\">\n\n\t\t\t\n\t\t\t\t\t<\/div>\n\t\t<\/a>\t\t\t\t\t\t<\/div>\n\t\t\t\t\t\t\t\t\t\t\t<div class=\"swiper-slide\">\n\t\t\t\t\t\t\t<a href=\"https:\/\/www.ciencuadras.com\/blog\/guia-de-barrio-hayuelos-bogota\" target=\"_blank\">\t\t<div class=\"elementor-carousel-image\" role=\"img\" aria-label=\"Barrio sugerido Hayuelos\" style=\"background-image: url(&#039;https:\/\/www.ciencuadras.com\/blog\/wp-content\/uploads\/2021\/05\/320x368_Hayuelos.jpg&#039;)\">\n\n\t\t\t\n\t\t\t\t\t<\/div>\n\t\t<\/a>\t\t\t\t\t\t<\/div>\n\t\t\t\t\t\t\t\t\t\t\t<div class=\"swiper-slide\">\n\t\t\t\t\t\t\t<a href=\"https:\/\/www.ciencuadras.com\/blog\/guia-de-barrio-galerias-bogota\" target=\"_blank\">\t\t<div class=\"elementor-carousel-image\" role=\"img\" aria-label=\"\" style=\"background-image: url(&#039;https:\/\/www.ciencuadras.com\/blog\/wp-content\/uploads\/2021\/05\/320x368_galerias.jpg&#039;)\">\n\n\t\t\t\n\t\t\t\t\t<\/div>\n\t\t<\/a>\t\t\t\t\t\t<\/div>\n\t\t\t\t\t\t\t\t\t<\/div>\n\t\t\t\t\t\t\t\t\t\t\t\t\t\t\t<div class=\"swiper-pagination\"><\/div>\n\t\t\t\t\t\t\t\t\t\t\t\t\t\t\t\t<div class=\"elementor-swiper-button elementor-swiper-button-prev\" role=\"button\" tabindex=\"0\">\n\t\t\t\t\t\t\t<svg aria-hidden=\"true\" class=\"e-font-icon-svg e-eicon-chevron-left\" viewBox=\"0 0 1000 1000\" xmlns=\"http:\/\/www.w3.org\/2000\/svg\"><path d=\"M646 125C629 125 613 133 604 142L308 442C296 454 292 471 292 487 292 504 296 521 308 533L604 854C617 867 629 875 646 875 663 875 679 871 692 858 704 846 713 829 713 812 713 796 708 779 692 767L438 487 692 225C700 217 708 204 708 187 708 171 704 154 692 142 675 129 663 125 646 125Z\"><\/path><\/svg>\t\t\t\t\t\t\t<span class=\"elementor-screen-only\">Previous<\/span>\n\t\t\t\t\t\t<\/div>\n\t\t\t\t\t\t<div class=\"elementor-swiper-button elementor-swiper-button-next\" role=\"button\" tabindex=\"0\">\n\t\t\t\t\t\t\t<svg aria-hidden=\"true\" class=\"e-font-icon-svg e-eicon-chevron-right\" viewBox=\"0 0 1000 1000\" xmlns=\"http:\/\/www.w3.org\/2000\/svg\"><path d=\"M696 533C708 521 713 504 713 487 713 471 708 454 696 446L400 146C388 133 375 125 354 125 338 125 325 129 313 142 300 154 292 171 292 187 292 204 296 221 308 233L563 492 304 771C292 783 288 800 288 817 288 833 296 850 308 863 321 871 338 875 354 875 371 875 388 867 400 854L696 533Z\"><\/path><\/svg>\t\t\t\t\t\t\t<span class=\"elementor-screen-only\">Next<\/span>\n\t\t\t\t\t\t<\/div>\n\t\t\t\t\t\t\t\t\t\t\t\t<\/div>\n\t\t<\/div>\n\t\t\t\t<\/div>\n\t\t\t\t<\/div>\n\t\t\t\t\t<\/div>\n\t\t<\/div>\n\t\t\t\t\t<\/div>\n\t\t<\/section>\n\t\t\t\t<section class=\"elementor-section elementor-top-section elementor-element elementor-element-2b954a6c elementor-section-boxed elementor-section-height-default elementor-section-height-default\" data-id=\"2b954a6c\" data-element_type=\"section\">\n\t\t\t\t\t\t<div class=\"elementor-container elementor-column-gap-default\">\n\t\t\t\t\t<div class=\"elementor-column elementor-col-100 elementor-top-column elementor-element elementor-element-6d481a6\" data-id=\"6d481a6\" data-element_type=\"column\">\n\t\t\t<div class=\"elementor-widget-wrap elementor-element-populated\">\n\t\t\t\t\t\t<div class=\"elementor-element elementor-element-147bbddf elementor-widget elementor-widget-heading\" data-id=\"147bbddf\" data-element_type=\"widget\" data-widget_type=\"heading.default\">\n\t\t\t\t<div class=\"elementor-widget-container\">\n\t\t\t<h2 class=\"elementor-heading-title elementor-size-default\">Barrios Sugeridos en Medell\u00edn<\/h2>\t\t<\/div>\n\t\t\t\t<\/div>\n\t\t\t\t<div class=\"elementor-element elementor-element-6b2d6851 elementor-widget elementor-widget-spacer\" data-id=\"6b2d6851\" data-element_type=\"widget\" data-widget_type=\"spacer.default\">\n\t\t\t\t<div class=\"elementor-widget-container\">\n\t\t\t\t\t<div class=\"elementor-spacer\">\n\t\t\t<div class=\"elementor-spacer-inner\"><\/div>\n\t\t<\/div>\n\t\t\t\t<\/div>\n\t\t\t\t<\/div>\n\t\t\t\t\t<\/div>\n\t\t<\/div>\n\t\t\t\t\t<\/div>\n\t\t<\/section>\n\t\t\t\t<section class=\"elementor-section elementor-top-section elementor-element elementor-element-259af79d elementor-section-boxed elementor-section-height-default elementor-section-height-default\" data-id=\"259af79d\" data-element_type=\"section\">\n\t\t\t\t\t\t<div class=\"elementor-container elementor-column-gap-default\">\n\t\t\t\t\t<div class=\"elementor-column elementor-col-25 elementor-top-column elementor-element elementor-element-1a9cbc18\" data-id=\"1a9cbc18\" data-element_type=\"column\">\n\t\t\t<div class=\"elementor-widget-wrap elementor-element-populated\">\n\t\t\t\t\t\t<div class=\"elementor-element elementor-element-49eadf08 elementor-widget elementor-widget-text-editor\" data-id=\"49eadf08\" data-element_type=\"widget\" data-widget_type=\"text-editor.default\">\n\t\t\t\t<div class=\"elementor-widget-container\">\n\t\t\t\t\t\t\t<p><a href=\"https:\/\/www.ciencuadras.com\/arriendo\/medellin\/la-candelaria\" target=\"_blank\" rel=\"noopener\"><span data-sheets-value=\"{\" data-sheets-formula=\"=CONCATENAR(R[0]C[-6]:R[0]C[-1])\">La Candelaria, Medell\u00edn<\/span><\/a><\/p><p><a href=\"https:\/\/www.ciencuadras.com\/arriendo\/medellin\/laureles-estadio\" target=\"_blank\" rel=\"noopener\">Laureles, Medell\u00edn<\/a><\/p><p><a href=\"https:\/\/www.ciencuadras.com\/arriendo\/medellin\/belen\" target=\"_blank\" rel=\"noopener\">Bel\u00e9n, Medell\u00edn<\/a><\/p><p><a href=\"https:\/\/www.ciencuadras.com\/arriendo\/medellin\/guayabal\" target=\"_blank\" rel=\"noopener\">Guayabal, Medell\u00edn<\/a><\/p><p><a href=\"https:\/\/www.ciencuadras.com\/arriendo\/medellin\/la-america\" target=\"_blank\" rel=\"noopener\"><span data-sheets-value=\"{\">La Am\u00e9rica, Medell\u00edn<\/span><\/a><\/p><p><a href=\"https:\/\/www.ciencuadras.com\/arriendo\/medellin\/robledo\" target=\"_blank\" rel=\"noopener\">Robledo, Medell\u00edn<\/a><\/p>\t\t\t\t\t\t<\/div>\n\t\t\t\t<\/div>\n\t\t\t\t\t<\/div>\n\t\t<\/div>\n\t\t\t\t<div class=\"elementor-column elementor-col-25 elementor-top-column elementor-element elementor-element-78be95e7\" data-id=\"78be95e7\" data-element_type=\"column\">\n\t\t\t<div class=\"elementor-widget-wrap elementor-element-populated\">\n\t\t\t\t\t\t<div class=\"elementor-element elementor-element-4eb7e1ef elementor-widget elementor-widget-text-editor\" data-id=\"4eb7e1ef\" data-element_type=\"widget\" data-widget_type=\"text-editor.default\">\n\t\t\t\t<div class=\"elementor-widget-container\">\n\t\t\t\t\t\t\t<p><a href=\"https:\/\/www.ciencuadras.com\/arriendo\/medellin\/san-javier\" target=\"_blank\" rel=\"noopener\">San Javier, Medell\u00edn<\/a><\/p><p><a href=\"https:\/\/www.ciencuadras.com\/arriendo\/medellin\/buenos-aires\" target=\"_blank\" rel=\"noopener\">Buenos Aires, Medell\u00edn<\/a><\/p><p><a href=\"https:\/\/www.ciencuadras.com\/arriendo\/medellin\/aranjuez\" target=\"_blank\" rel=\"noopener\">Aranjuez, Medell\u00edn<\/a><\/p><p><a href=\"https:\/\/www.ciencuadras.com\/arriendo\/medellin\/la-candelaria\/villanueva\" target=\"_blank\" rel=\"noopener\">Villanueva, Medell\u00edn<\/a><\/p><p><a href=\"https:\/\/www.ciencuadras.com\/arriendo\/medellin\/laureles-estadio\/los-conquistadores\" target=\"_blank\" rel=\"noopener\">Los conquistadores, Medell\u00edn<\/a><\/p><p><a href=\"https:\/\/www.ciencuadras.com\/arriendo\/medellin\/el-poblado\/san-lucas\" target=\"_blank\" rel=\"noopener\">San Lucas, Medell\u00edn<\/a><\/p>\t\t\t\t\t\t<\/div>\n\t\t\t\t<\/div>\n\t\t\t\t\t<\/div>\n\t\t<\/div>\n\t\t\t\t<div class=\"elementor-column elementor-col-25 elementor-top-column elementor-element elementor-element-18665627\" data-id=\"18665627\" data-element_type=\"column\">\n\t\t\t<div class=\"elementor-widget-wrap elementor-element-populated\">\n\t\t\t\t\t\t<div class=\"elementor-element elementor-element-546142d elementor-widget elementor-widget-text-editor\" data-id=\"546142d\" data-element_type=\"widget\" data-widget_type=\"text-editor.default\">\n\t\t\t\t<div class=\"elementor-widget-container\">\n\t\t\t\t\t\t\t<p><a href=\"https:\/\/www.ciencuadras.com\/arriendo\/medellin\/el-poblado\/alejandria\" target=\"_blank\" rel=\"noopener\">Alejandr\u00eda, Medell\u00edn<\/a><\/p><p><a href=\"https:\/\/www.ciencuadras.com\/arriendo\/medellin\/belen\/la-hondonada\" target=\"_blank\" rel=\"noopener\">La Hondonada, Medell\u00edn<\/a><\/p><p><a href=\"https:\/\/www.ciencuadras.com\/arriendo\/medellin\/laureles-estadio\/la-castellana\" target=\"_blank\" rel=\"noopener\">La Castellana, Medell\u00edn<\/a><\/p><p><a href=\"https:\/\/www.ciencuadras.com\/arriendo\/medellin\/la-candelaria\/corazon-de-jesus\" target=\"_blank\" rel=\"noopener\">Coraz\u00f3n de Jes\u00fas, Medell\u00edn<\/a><\/p><p><a href=\"https:\/\/www.ciencuadras.com\/arriendo\/medellin\/belen\/rosales\" target=\"_blank\" rel=\"noopener\">Rosales, Medell\u00edn<\/a><\/p><p><a href=\"https:\/\/www.ciencuadras.com\/arriendo\/medellin\/laureles-estadio\/lorena\" target=\"_blank\" rel=\"noopener\">Lorena, Medell\u00edn<\/a><\/p>\t\t\t\t\t\t<\/div>\n\t\t\t\t<\/div>\n\t\t\t\t\t<\/div>\n\t\t<\/div>\n\t\t\t\t<div class=\"elementor-column elementor-col-25 elementor-top-column elementor-element elementor-element-1317076\" data-id=\"1317076\" data-element_type=\"column\">\n\t\t\t<div class=\"elementor-widget-wrap elementor-element-populated\">\n\t\t\t\t\t\t<div class=\"elementor-element elementor-element-e9cd7c4 elementor-widget elementor-widget-text-editor\" data-id=\"e9cd7c4\" data-element_type=\"widget\" data-widget_type=\"text-editor.default\">\n\t\t\t\t<div class=\"elementor-widget-container\">\n\t\t\t\t\t\t\t<p><a href=\"https:\/\/www.ciencuadras.com\/arriendo\/medellin\/el-poblado\/la-florida\" target=\"_blank\" rel=\"noopener\">La Florida, Medell\u00edn<\/a><\/p><p><a href=\"https:\/\/www.ciencuadras.com\/arriendo\/medellin\/el-poblado\/castropol\" target=\"_blank\" rel=\"noopener\">Castropol, Medell\u00edn<\/a><\/p><p><a href=\"https:\/\/www.ciencuadras.com\/arriendo\/medellin\/belen\/la-palma\" target=\"_blank\" rel=\"noopener\">La Palma, Medell\u00edn<\/a><\/p><p><a href=\"https:\/\/www.ciencuadras.com\/arriendo\/medellin\/laureles-estadio\/los-colores\" target=\"_blank\" rel=\"noopener\">Los colores, Medell\u00edn<\/a><\/p><p><a href=\"https:\/\/www.ciencuadras.com\/arriendo\/medellin\/el-poblado\/la-linde\" target=\"_blank\" rel=\"noopener\">La Linde, Medell\u00edn<\/a><\/p><p><a href=\"https:\/\/www.ciencuadras.com\/arriendo\/medellin\/el-poblado\/el-castillo\" target=\"_blank\" rel=\"noopener\">El Castillo, Medell\u00edn<\/a><\/p>\t\t\t\t\t\t<\/div>\n\t\t\t\t<\/div>\n\t\t\t\t\t<\/div>\n\t\t<\/div>\n\t\t\t\t\t<\/div>\n\t\t<\/section>\n\t\t\t\t<\/div>\n\t\t\n","protected":false},"excerpt":{"rendered":"<p>Gu\u00eda de barrio San Pablo: Medell\u00edn El barrio San Pablo hace parte de la Comuna 1 Popular de Medell\u00edn, su nombre, como an\u00e9cdota particular, y &hellip;<\/p>\n","protected":false},"author":2,"featured_media":0,"parent":0,"menu_order":0,"comment_status":"closed","ping_status":"closed","template":"elementor_header_footer","meta":{"footnotes":""},"acf":[],"yoast_head":"<!-- This site is optimized with the Yoast SEO plugin v15.9 - https:\/\/yoast.com\/wordpress\/plugins\/seo\/ -->\n<title>Gu\u00eda de barrio San Pablo - Barrios en Medell\u00edn | Ciencuadras<\/title>\n<meta name=\"description\" content=\"Conoce todo sobre el Barrio San Pablo en Medell\u00edn, su historia e informaci\u00f3n del sector inmobiliario, encuentra apartamentos, casas y proyectos de vivienda\" \/>\n<meta name=\"robots\" content=\"index, follow, max-snippet:-1, max-image-preview:large, max-video-preview:-1\" \/>\n<link rel=\"canonical\" href=\"https:\/\/www.ciencuadras.com\/blog\/guia-barrio-san-pablo-medellin\" \/>\n<meta property=\"og:locale\" content=\"es_ES\" \/>\n<meta property=\"og:type\" content=\"article\" \/>\n<meta property=\"og:title\" content=\"Gu\u00eda de barrio San Pablo - Barrios en Medell\u00edn | Ciencuadras\" \/>\n<meta property=\"og:description\" content=\"Conoce todo sobre el Barrio San Pablo en Medell\u00edn, su historia e informaci\u00f3n del sector inmobiliario, encuentra apartamentos, casas y proyectos de vivienda\" \/>\n<meta property=\"og:url\" content=\"https:\/\/www.ciencuadras.com\/blog\/guia-barrio-san-pablo-medellin\" \/>\n<meta property=\"article:publisher\" content=\"https:\/\/www.facebook.com\/ciencuadras\/\" \/>\n<meta property=\"article:modified_time\" content=\"2025-07-17T17:41:38+00:00\" \/>\n<meta property=\"og:image\" content=\"https:\/\/www.ciencuadras.com\/blog\/wp-content\/uploads\/2024\/07\/SLIDER_desktop_podcast.jpg\" \/>\n<meta name=\"twitter:card\" content=\"summary_large_image\" \/>\n<meta name=\"twitter:site\" content=\"@ciencuadras\" \/>\n<meta name=\"twitter:label1\" content=\"Est. reading time\">\n\t<meta name=\"twitter:data1\" content=\"6 minutos\">\n<script type=\"application\/ld+json\" class=\"yoast-schema-graph\">{\"@context\":\"https:\/\/schema.org\",\"@graph\":[{\"@type\":\"Organization\",\"@id\":\"https:\/\/www.ciencuadras.com\/blog\/#organization\",\"name\":\"Ciencuadras.com\",\"url\":\"https:\/\/www.ciencuadras.com\/blog\/\",\"sameAs\":[\"https:\/\/www.facebook.com\/ciencuadras\/\",\"https:\/\/www.instagram.com\/ciencuadras\/\",\"https:\/\/co.linkedin.com\/company\/ciencuadras\",\"https:\/\/www.youtube.com\/channel\/UC_f830HP5dUy6OjBIbjtlAw\",\"https:\/\/twitter.com\/ciencuadras\"],\"logo\":{\"@type\":\"ImageObject\",\"@id\":\"https:\/\/www.ciencuadras.com\/blog\/#logo\",\"inLanguage\":\"es-CO\",\"url\":\"\",\"caption\":\"Ciencuadras.com\"},\"image\":{\"@id\":\"https:\/\/www.ciencuadras.com\/blog\/#logo\"}},{\"@type\":\"WebSite\",\"@id\":\"https:\/\/www.ciencuadras.com\/blog\/#website\",\"url\":\"https:\/\/www.ciencuadras.com\/blog\/\",\"name\":\"\",\"description\":\"\",\"publisher\":{\"@id\":\"https:\/\/www.ciencuadras.com\/blog\/#organization\"},\"potentialAction\":[{\"@type\":\"SearchAction\",\"target\":\"https:\/\/www.ciencuadras.com\/blog\/?s={search_term_string}\",\"query-input\":\"required name=search_term_string\"}],\"inLanguage\":\"es-CO\"},{\"@type\":\"ImageObject\",\"@id\":\"https:\/\/www.ciencuadras.com\/blog\/guia-barrio-san-pablo-medellin#primaryimage\",\"inLanguage\":\"es-CO\",\"url\":\"https:\/\/www.ciencuadras.com\/blog\/wp-content\/uploads\/2024\/07\/SLIDER_desktop_podcast.jpg\",\"width\":1080,\"height\":270},{\"@type\":\"WebPage\",\"@id\":\"https:\/\/www.ciencuadras.com\/blog\/guia-barrio-san-pablo-medellin#webpage\",\"url\":\"https:\/\/www.ciencuadras.com\/blog\/guia-barrio-san-pablo-medellin\",\"name\":\"Gu\\u00eda de barrio San Pablo - Barrios en Medell\\u00edn | Ciencuadras\",\"isPartOf\":{\"@id\":\"https:\/\/www.ciencuadras.com\/blog\/#website\"},\"primaryImageOfPage\":{\"@id\":\"https:\/\/www.ciencuadras.com\/blog\/guia-barrio-san-pablo-medellin#primaryimage\"},\"datePublished\":\"2022-12-22T19:40:16+00:00\",\"dateModified\":\"2025-07-17T17:41:38+00:00\",\"description\":\"Conoce todo sobre el Barrio San Pablo en Medell\\u00edn, su historia e informaci\\u00f3n del sector inmobiliario, encuentra apartamentos, casas y proyectos de vivienda\",\"breadcrumb\":{\"@id\":\"https:\/\/www.ciencuadras.com\/blog\/guia-barrio-san-pablo-medellin#breadcrumb\"},\"inLanguage\":\"es-CO\",\"potentialAction\":[{\"@type\":\"ReadAction\",\"target\":[\"https:\/\/www.ciencuadras.com\/blog\/guia-barrio-san-pablo-medellin\"]}]},{\"@type\":\"BreadcrumbList\",\"@id\":\"https:\/\/www.ciencuadras.com\/blog\/guia-barrio-san-pablo-medellin#breadcrumb\",\"itemListElement\":[{\"@type\":\"ListItem\",\"position\":1,\"item\":{\"@type\":\"WebPage\",\"@id\":\"https:\/\/www.ciencuadras.com\/blog\",\"url\":\"https:\/\/www.ciencuadras.com\/blog\",\"name\":\"Blog\"}},{\"@type\":\"ListItem\",\"position\":2,\"item\":{\"@type\":\"WebPage\",\"@id\":\"https:\/\/www.ciencuadras.com\/blog\/guia-barrio-san-pablo-medellin\",\"url\":\"https:\/\/www.ciencuadras.com\/blog\/guia-barrio-san-pablo-medellin\",\"name\":\"Gu\\u00eda barrio San Pablo Medell\\u00edn\"}}]}]}<\/script>\n<!-- \/ Yoast SEO plugin. -->","_links":{"self":[{"href":"https:\/\/www.ciencuadras.com\/blog\/wp-json\/wp\/v2\/pages\/111408"}],"collection":[{"href":"https:\/\/www.ciencuadras.com\/blog\/wp-json\/wp\/v2\/pages"}],"about":[{"href":"https:\/\/www.ciencuadras.com\/blog\/wp-json\/wp\/v2\/types\/page"}],"author":[{"embeddable":true,"href":"https:\/\/www.ciencuadras.com\/blog\/wp-json\/wp\/v2\/users\/2"}],"replies":[{"embeddable":true,"href":"https:\/\/www.ciencuadras.com\/blog\/wp-json\/wp\/v2\/comments?post=111408"}],"version-history":[{"count":62,"href":"https:\/\/www.ciencuadras.com\/blog\/wp-json\/wp\/v2\/pages\/111408\/revisions"}],"predecessor-version":[{"id":125583,"href":"https:\/\/www.ciencuadras.com\/blog\/wp-json\/wp\/v2\/pages\/111408\/revisions\/125583"}],"wp:attachment":[{"href":"https:\/\/www.ciencuadras.com\/blog\/wp-json\/wp\/v2\/media?parent=111408"}],"curies":[{"name":"wp","href":"https:\/\/api.w.org\/{rel}","templated":true}]}}