{"id":112980,"date":"2023-01-25T11:33:11","date_gmt":"2023-01-25T16:33:11","guid":{"rendered":"https:\/\/www.ciencuadras.com\/blog\/?page_id=112980"},"modified":"2025-07-17T14:45:10","modified_gmt":"2025-07-17T19:45:10","slug":"guia-de-barrio-prado-medellin","status":"publish","type":"page","link":"https:\/\/www.ciencuadras.com\/blog\/guia-de-barrio-prado-medellin","title":{"rendered":"Gu\u00eda de barrio Prado : Medell\u00edn"},"content":{"rendered":"\t\t<div data-elementor-type=\"wp-page\" data-elementor-id=\"112980\" class=\"elementor elementor-112980\" data-elementor-post-type=\"page\">\n\t\t\t\t\n\t\t<section class=\"elementor-section elementor-top-section elementor-element elementor-element-5bfcd076 elementor-section-boxed elementor-section-height-default elementor-section-height-default\" data-id=\"5bfcd076\" data-element_type=\"section\">\n\t\t\t\t\t\t<div class=\"elementor-container elementor-column-gap-default\">\n\t\t\t\t\t<div class=\"elementor-column elementor-col-100 elementor-top-column elementor-element elementor-element-7cd68e6c\" data-id=\"7cd68e6c\" data-element_type=\"column\">\n\t\t\t<div class=\"elementor-widget-wrap elementor-element-populated\">\n\t\t\t\t\t\t<div class=\"elementor-element elementor-element-7288f78c elementor-widget elementor-widget-heading\" data-id=\"7288f78c\" data-element_type=\"widget\" data-widget_type=\"heading.default\">\n\t\t\t\t<div class=\"elementor-widget-container\">\n\t\t\t<h1 class=\"elementor-heading-title elementor-size-default\">Gu\u00eda de barrio Prado: Medell\u00edn<\/h1>\t\t<\/div>\n\t\t\t\t<\/div>\n\t\t\t\t\t<\/div>\n\t\t<\/div>\n\t\t\t\t\t<\/div>\n\t\t<\/section>\n\t\t\t\t<section class=\"elementor-section elementor-top-section elementor-element elementor-element-3b4dbdd1 elementor-section-boxed elementor-section-height-default elementor-section-height-default\" data-id=\"3b4dbdd1\" data-element_type=\"section\">\n\t\t\t\t\t\t<div class=\"elementor-container elementor-column-gap-default\">\n\t\t\t\t\t<div class=\"elementor-column elementor-col-100 elementor-top-column elementor-element elementor-element-64056f2e\" data-id=\"64056f2e\" data-element_type=\"column\">\n\t\t\t<div class=\"elementor-widget-wrap elementor-element-populated\">\n\t\t\t\t\t\t<div class=\"elementor-element elementor-element-2407cb12 elementor-widget elementor-widget-spacer\" data-id=\"2407cb12\" data-element_type=\"widget\" data-widget_type=\"spacer.default\">\n\t\t\t\t<div class=\"elementor-widget-container\">\n\t\t\t\t\t<div class=\"elementor-spacer\">\n\t\t\t<div class=\"elementor-spacer-inner\"><\/div>\n\t\t<\/div>\n\t\t\t\t<\/div>\n\t\t\t\t<\/div>\n\t\t\t\t<div class=\"elementor-element elementor-element-777f24cb elementor-widget elementor-widget-text-editor\" data-id=\"777f24cb\" data-element_type=\"widget\" data-widget_type=\"text-editor.default\">\n\t\t\t\t<div class=\"elementor-widget-container\">\n\t\t\t\t\t\t\t<p><span style=\"font-weight: 400;\">Cuando visitas Medell\u00edn, un paso obligado es recorrer el barrio Prado, si no, no has visitado Medell\u00edn. Est\u00e1 ubicado en el centro de la ciudad, zona norte de la comuna de <\/span><b>La Candelaria<\/b><span style=\"font-weight: 400;\"> y desde 2006 es patrimonio arquitect\u00f3nico de Medell\u00edn. <\/span><b>\u00a1Vamos a conocerlo!<\/b><\/p>\t\t\t\t\t\t<\/div>\n\t\t\t\t<\/div>\n\t\t\t\t\t<\/div>\n\t\t<\/div>\n\t\t\t\t\t<\/div>\n\t\t<\/section>\n\t\t\t\t<section class=\"elementor-section elementor-top-section elementor-element elementor-element-542b07bc elementor-section-boxed elementor-section-height-default elementor-section-height-default\" data-id=\"542b07bc\" data-element_type=\"section\">\n\t\t\t\t\t\t<div class=\"elementor-container elementor-column-gap-default\">\n\t\t\t\t\t<div class=\"elementor-column elementor-col-50 elementor-top-column elementor-element elementor-element-481a0254\" data-id=\"481a0254\" data-element_type=\"column\">\n\t\t\t<div class=\"elementor-widget-wrap elementor-element-populated\">\n\t\t\t\t\t\t\t<\/div>\n\t\t<\/div>\n\t\t\t\t<div class=\"elementor-column elementor-col-50 elementor-top-column elementor-element elementor-element-251f0946\" data-id=\"251f0946\" data-element_type=\"column\">\n\t\t\t<div class=\"elementor-widget-wrap elementor-element-populated\">\n\t\t\t\t\t\t<div class=\"elementor-element elementor-element-be2473b elementor-widget elementor-widget-heading\" data-id=\"be2473b\" data-element_type=\"widget\" data-widget_type=\"heading.default\">\n\t\t\t\t<div class=\"elementor-widget-container\">\n\t\t\t<h2 class=\"elementor-heading-title elementor-size-default\">Barrio Prado en cifras<\/h2>\t\t<\/div>\n\t\t\t\t<\/div>\n\t\t\t\t<div class=\"elementor-element elementor-element-159a4a30 elementor-widget elementor-widget-text-editor\" data-id=\"159a4a30\" data-element_type=\"widget\" data-widget_type=\"text-editor.default\">\n\t\t\t\t<div class=\"elementor-widget-container\">\n\t\t\t\t\t\t\t<p>\u00a0<\/p><ul><li style=\"font-weight: 400;\" aria-level=\"1\"><span style=\"font-weight: 400;\">Casas en venta usadas<\/span><a href=\"https:\/\/www.ciencuadras.com\/venta\/medellin\/la-candelaria\/prado\/casa\" target=\"_blank\" rel=\"noopener\"> <b>48 resultados<\/b><\/a><\/li><li style=\"font-weight: 400;\" aria-level=\"1\"><span style=\"font-weight: 400;\">Apartamentos en venta usados <\/span><a href=\"https:\/\/www.ciencuadras.com\/venta\/medellin\/la-candelaria\/prado\/apartamento\" target=\"_blank\" rel=\"noopener\"><b>20 resultados<\/b><\/a><\/li><li style=\"font-weight: 400;\" aria-level=\"1\"><span style=\"font-weight: 400;\">Casas en arriendo <\/span><a href=\"https:\/\/www.ciencuadras.com\/arriendo\/medellin\/la-candelaria\/prado\/casa\" target=\"_blank\" rel=\"noopener\"><b>31 resultados<\/b><\/a><\/li><li style=\"font-weight: 400;\" aria-level=\"1\"><span style=\"font-weight: 400;\">Apartamentos en arriendo <\/span><a href=\"https:\/\/www.ciencuadras.com\/arriendo\/medellin\/la-candelaria\/prado\/apartamento\" target=\"_blank\" rel=\"noopener\"><b>24 resultados<\/b><\/a><\/li><li style=\"font-weight: 400;\" aria-level=\"1\"><span style=\"font-weight: 400;\">Oficinas en venta <\/span><a href=\"https:\/\/www.ciencuadras.com\/venta\/medellin\/la-candelaria\/prado\/local\" target=\"_blank\" rel=\"noopener\"><b>10 inmuebles<\/b><\/a><\/li><li style=\"font-weight: 400;\" aria-level=\"1\">Oficinas en arriendo <a href=\"https:\/\/www.ciencuadras.com\/arriendo\/medellin\/la-candelaria\/prado\/oficina\" target=\"_blank\" rel=\"noopener\"><b>26 inmuebles<\/b><\/a><\/li><\/ul>\t\t\t\t\t\t<\/div>\n\t\t\t\t<\/div>\n\t\t\t\t\t<\/div>\n\t\t<\/div>\n\t\t\t\t\t<\/div>\n\t\t<\/section>\n\t\t\t\t<section class=\"elementor-section elementor-top-section elementor-element elementor-element-6efa77f8 elementor-section-boxed elementor-section-height-default elementor-section-height-default\" data-id=\"6efa77f8\" data-element_type=\"section\">\n\t\t\t\t\t\t<div class=\"elementor-container elementor-column-gap-default\">\n\t\t\t\t\t<div class=\"elementor-column elementor-col-100 elementor-top-column elementor-element elementor-element-2c194a8a\" data-id=\"2c194a8a\" data-element_type=\"column\">\n\t\t\t<div class=\"elementor-widget-wrap elementor-element-populated\">\n\t\t\t\t\t\t<div class=\"elementor-element elementor-element-641691ba elementor-widget elementor-widget-spacer\" data-id=\"641691ba\" data-element_type=\"widget\" data-widget_type=\"spacer.default\">\n\t\t\t\t<div class=\"elementor-widget-container\">\n\t\t\t\t\t<div class=\"elementor-spacer\">\n\t\t\t<div class=\"elementor-spacer-inner\"><\/div>\n\t\t<\/div>\n\t\t\t\t<\/div>\n\t\t\t\t<\/div>\n\t\t\t\t\t<\/div>\n\t\t<\/div>\n\t\t\t\t\t<\/div>\n\t\t<\/section>\n\t\t\t\t<section class=\"elementor-section elementor-top-section elementor-element elementor-element-2d56d356 elementor-section-boxed elementor-section-height-default elementor-section-height-default\" data-id=\"2d56d356\" data-element_type=\"section\">\n\t\t\t\t\t\t<div class=\"elementor-container elementor-column-gap-default\">\n\t\t\t\t\t<div class=\"elementor-column elementor-col-100 elementor-top-column elementor-element elementor-element-303e0b08\" data-id=\"303e0b08\" data-element_type=\"column\">\n\t\t\t<div class=\"elementor-widget-wrap elementor-element-populated\">\n\t\t\t\t\t\t<div class=\"elementor-element elementor-element-4dc183b4 elementor-widget elementor-widget-heading\" data-id=\"4dc183b4\" data-element_type=\"widget\" data-widget_type=\"heading.default\">\n\t\t\t\t<div class=\"elementor-widget-container\">\n\t\t\t<h2 class=\"elementor-heading-title elementor-size-default\">Propiedades en Prado<\/h2>\t\t<\/div>\n\t\t\t\t<\/div>\n\t\t\t\t<div class=\"elementor-element elementor-element-18aa7a92 elementor-widget elementor-widget-spacer\" data-id=\"18aa7a92\" data-element_type=\"widget\" data-widget_type=\"spacer.default\">\n\t\t\t\t<div class=\"elementor-widget-container\">\n\t\t\t\t\t<div class=\"elementor-spacer\">\n\t\t\t<div class=\"elementor-spacer-inner\"><\/div>\n\t\t<\/div>\n\t\t\t\t<\/div>\n\t\t\t\t<\/div>\n\t\t\t\t\t<\/div>\n\t\t<\/div>\n\t\t\t\t\t<\/div>\n\t\t<\/section>\n\t\t\t\t<section class=\"elementor-section elementor-top-section elementor-element elementor-element-7f6b27ea elementor-section-boxed elementor-section-height-default elementor-section-height-default\" data-id=\"7f6b27ea\" data-element_type=\"section\">\n\t\t\t\t\t\t<div class=\"elementor-container elementor-column-gap-default\">\n\t\t\t\t\t<div class=\"elementor-column elementor-col-25 elementor-top-column elementor-element elementor-element-2b4a5a6b\" data-id=\"2b4a5a6b\" data-element_type=\"column\">\n\t\t\t<div class=\"elementor-widget-wrap elementor-element-populated\">\n\t\t\t\t\t\t<div class=\"elementor-element elementor-element-4c417134 elementor-align-center elementor-widget elementor-widget-button\" data-id=\"4c417134\" data-element_type=\"widget\" data-widget_type=\"button.default\">\n\t\t\t\t<div class=\"elementor-widget-container\">\n\t\t\t\t\t\t\t<div class=\"elementor-button-wrapper\">\n\t\t\t\t\t<a class=\"elementor-button elementor-button-link elementor-size-sm\" href=\"https:\/\/www.ciencuadras.com\/arriendo\/medellin\/comuna-10-la-candelaria\/prado\" target=\"_blank\">\n\t\t\t\t\t\t<span class=\"elementor-button-content-wrapper\">\n\t\t\t\t\t\t\t\t\t<span class=\"elementor-button-text\">Inmuebles en Arriendo<\/span>\n\t\t\t\t\t<\/span>\n\t\t\t\t\t<\/a>\n\t\t\t\t<\/div>\n\t\t\t\t\t\t<\/div>\n\t\t\t\t<\/div>\n\t\t\t\t\t<\/div>\n\t\t<\/div>\n\t\t\t\t<div class=\"elementor-column elementor-col-25 elementor-top-column elementor-element elementor-element-56e8736f\" data-id=\"56e8736f\" data-element_type=\"column\">\n\t\t\t<div class=\"elementor-widget-wrap elementor-element-populated\">\n\t\t\t\t\t\t<div class=\"elementor-element elementor-element-4215e00a elementor-align-center elementor-widget elementor-widget-button\" data-id=\"4215e00a\" data-element_type=\"widget\" data-widget_type=\"button.default\">\n\t\t\t\t<div class=\"elementor-widget-container\">\n\t\t\t\t\t\t\t<div class=\"elementor-button-wrapper\">\n\t\t\t\t\t<a class=\"elementor-button elementor-button-link elementor-size-sm\" href=\"https:\/\/www.ciencuadras.com\/venta\/medellin\/comuna-10-la-candelaria\/prado\" target=\"_blank\">\n\t\t\t\t\t\t<span class=\"elementor-button-content-wrapper\">\n\t\t\t\t\t\t\t\t\t<span class=\"elementor-button-text\">Inmuebles en Venta<\/span>\n\t\t\t\t\t<\/span>\n\t\t\t\t\t<\/a>\n\t\t\t\t<\/div>\n\t\t\t\t\t\t<\/div>\n\t\t\t\t<\/div>\n\t\t\t\t\t<\/div>\n\t\t<\/div>\n\t\t\t\t<div class=\"elementor-column elementor-col-25 elementor-top-column elementor-element elementor-element-1791e42e\" data-id=\"1791e42e\" data-element_type=\"column\">\n\t\t\t<div class=\"elementor-widget-wrap elementor-element-populated\">\n\t\t\t\t\t\t<div class=\"elementor-element elementor-element-332ed82b elementor-align-center elementor-widget elementor-widget-button\" data-id=\"332ed82b\" data-element_type=\"widget\" data-widget_type=\"button.default\">\n\t\t\t\t<div class=\"elementor-widget-container\">\n\t\t\t\t\t\t\t<div class=\"elementor-button-wrapper\">\n\t\t\t\t\t<a class=\"elementor-button elementor-button-link elementor-size-sm\" href=\"https:\/\/www.ciencuadras.com\/proyectos-vivienda-nueva\/medellin\/comuna-10-la-candelaria\" target=\"_blank\">\n\t\t\t\t\t\t<span class=\"elementor-button-content-wrapper\">\n\t\t\t\t\t\t\t\t\t<span class=\"elementor-button-text\">Proyectos Nuevos<\/span>\n\t\t\t\t\t<\/span>\n\t\t\t\t\t<\/a>\n\t\t\t\t<\/div>\n\t\t\t\t\t\t<\/div>\n\t\t\t\t<\/div>\n\t\t\t\t\t<\/div>\n\t\t<\/div>\n\t\t\t\t<div class=\"elementor-column elementor-col-25 elementor-top-column elementor-element elementor-element-7c6fa967\" data-id=\"7c6fa967\" data-element_type=\"column\">\n\t\t\t<div class=\"elementor-widget-wrap elementor-element-populated\">\n\t\t\t\t\t\t<div class=\"elementor-element elementor-element-1c2eaf26 elementor-align-center elementor-widget elementor-widget-button\" data-id=\"1c2eaf26\" data-element_type=\"widget\" data-widget_type=\"button.default\">\n\t\t\t\t<div class=\"elementor-widget-container\">\n\t\t\t\t\t\t\t<div class=\"elementor-button-wrapper\">\n\t\t\t\t\t<a class=\"elementor-button elementor-button-link elementor-size-sm\" href=\"https:\/\/www.ciencuadras.com\/inmuebles-en-remate\/medellin\" target=\"_blank\">\n\t\t\t\t\t\t<span class=\"elementor-button-content-wrapper\">\n\t\t\t\t\t\t\t\t\t<span class=\"elementor-button-text\">Inmuebles en oferta<\/span>\n\t\t\t\t\t<\/span>\n\t\t\t\t\t<\/a>\n\t\t\t\t<\/div>\n\t\t\t\t\t\t<\/div>\n\t\t\t\t<\/div>\n\t\t\t\t\t<\/div>\n\t\t<\/div>\n\t\t\t\t\t<\/div>\n\t\t<\/section>\n\t\t\t\t<section class=\"elementor-section elementor-top-section elementor-element elementor-element-1949a4db elementor-section-boxed elementor-section-height-default elementor-section-height-default\" data-id=\"1949a4db\" data-element_type=\"section\">\n\t\t\t\t\t\t<div class=\"elementor-container elementor-column-gap-default\">\n\t\t\t\t\t<div class=\"elementor-column elementor-col-100 elementor-top-column elementor-element elementor-element-4b0cf3d4\" data-id=\"4b0cf3d4\" data-element_type=\"column\">\n\t\t\t<div class=\"elementor-widget-wrap elementor-element-populated\">\n\t\t\t\t\t\t<div class=\"elementor-element elementor-element-3b583126 elementor-widget elementor-widget-spacer\" data-id=\"3b583126\" data-element_type=\"widget\" data-widget_type=\"spacer.default\">\n\t\t\t\t<div class=\"elementor-widget-container\">\n\t\t\t\t\t<div class=\"elementor-spacer\">\n\t\t\t<div class=\"elementor-spacer-inner\"><\/div>\n\t\t<\/div>\n\t\t\t\t<\/div>\n\t\t\t\t<\/div>\n\t\t\t\t<div class=\"elementor-element elementor-element-47928303 elementor-widget elementor-widget-heading\" data-id=\"47928303\" data-element_type=\"widget\" data-widget_type=\"heading.default\">\n\t\t\t\t<div class=\"elementor-widget-container\">\n\t\t\t<h3 class=\"elementor-heading-title elementor-size-default\">Historia de Prado, el barrio Patrimonio de Medell\u00edn\n\n<\/h3>\t\t<\/div>\n\t\t\t\t<\/div>\n\t\t\t\t\t<\/div>\n\t\t<\/div>\n\t\t\t\t\t<\/div>\n\t\t<\/section>\n\t\t\t\t<section class=\"elementor-section elementor-top-section elementor-element elementor-element-610c92b1 elementor-section-boxed elementor-section-height-default elementor-section-height-default\" data-id=\"610c92b1\" data-element_type=\"section\">\n\t\t\t\t\t\t<div class=\"elementor-container elementor-column-gap-default\">\n\t\t\t\t\t<div class=\"elementor-column elementor-col-100 elementor-top-column elementor-element elementor-element-703f7ca9\" data-id=\"703f7ca9\" data-element_type=\"column\">\n\t\t\t<div class=\"elementor-widget-wrap elementor-element-populated\">\n\t\t\t\t\t\t<div class=\"elementor-element elementor-element-1fcfa829 elementor-widget elementor-widget-text-editor\" data-id=\"1fcfa829\" data-element_type=\"widget\" data-widget_type=\"text-editor.default\">\n\t\t\t\t<div class=\"elementor-widget-container\">\n\t\t\t\t\t\t\t<p><span style=\"font-weight: 400;\">Prado es uno de esos barrios tradicionales de Medell\u00edn, por el que propios o extra\u00f1os se ven obligados a transitar. Especialmente, porque est\u00e1 situado en el centro de la ciudad, en la zona norte de la comuna 10 <\/span><b>La Candelaria, <\/b><span style=\"font-weight: 400;\">es famoso, adem\u00e1s, por albergar cuadras que cuentan con amplias calles y casas con antejardines.<\/span><\/p><p><span style=\"font-weight: 400;\">De su historia, se sabe que es una zona de la ciudad cuyos or\u00edgenes se remontan a 1926, cuando el industrial Ricardo Olano lider\u00f3 su urbanizaci\u00f3n. Junto a \u00e9l, Enrique Moreno y Joaqu\u00edn Cano<\/span><a href=\"https:\/\/patrimoniomedellin.gov.co\/proyectos\/barrio-prado\/\" target=\"_blank\" rel=\"noopener\"> <b>promovieron la construcci\u00f3n y venta de lotes donde antes estaba ubicada la finca La Polka, entre otros terrenos.<\/b><\/a><\/p><p><span style=\"font-weight: 400;\">Prado es un barrio tranquilo y principalmente residencial, que indudablemente por su ubicaci\u00f3n, ha sido testigo de la transformaci\u00f3n de la Medell\u00edn que hoy conocemos.\u00a0<\/span><\/p><p><span style=\"font-weight: 400;\">Cuando se habla de patrimonio, el barrio Prado entra en la lista de Medell\u00edn. <\/span><b>Viviendas amplias, con jardines que por mucho tiempo se han robado las miradas, por lo menos esas casas que todav\u00eda conservan su construcci\u00f3n<\/b><span style=\"font-weight: 400;\">\u2026 casas de entre uno y dos pisos, inspiradas en diversos estilos europeos y norteamericanos.\u00a0<\/span><\/p><p><span style=\"font-weight: 400;\">Cuenta sobre su historia el sitio web de<\/span> <a href=\"https:\/\/patrimoniomedellin.gov.co\/proyectos\/barrio-prado\/\" target=\"_blank\" rel=\"noopener\"><b>Patrimonio Medell\u00edn<\/b><\/a><b>,<\/b><span style=\"font-weight: 400;\"> que su \u201cmodelo de barrio jard\u00edn, dominante en Europa e incluso en Barranquilla, donde ya exist\u00eda un barrio con este mismo nombre, sirvieron de inspiraci\u00f3n para este proyecto de gran acogida entre las elites econ\u00f3micas de la \u00e9poca\u201d.\u00a0<\/span><\/p><p><span>Este barrio tambi\u00e9n es puesto al mismo nivel, en al menos su apariencia, a <\/span><a href=\"https:\/\/www.ciencuadras.com\/blog\/por-que-vivir-en\/beneficios-y-ventajas-de-vivir-en-teusaquillo\" target=\"_blank\" rel=\"noopener\"><b>Teusaquillo<\/b><\/a><span> de <\/span><a href=\"https:\/\/www.ciencuadras.com\/blog\/por-que-vivir-en\/por-que-vivir-en-bogota-razones-y-ventajas\" target=\"_blank\" rel=\"noopener\"><b>Bogot\u00e1<\/b><\/a><span>, Manga de <\/span><a href=\"https:\/\/www.ciencuadras.com\/blog\/casas-de-famosos\/isla-rosa-la-lujosa-casa-en-la-que-descansa-julieta-pineres\" target=\"_blank\" rel=\"noopener\"><b>Cartagena<\/b><\/a><span> o Centenario de <\/span><a href=\"https:\/\/www.ciencuadras.com\/blog\/proyectos-de-vivienda\/proyectos-de-vivienda-en-cali-2021\" target=\"_blank\" rel=\"noopener\"><b>Cali<\/b><\/a><b>.\u00a0<\/b><\/p><p><span style=\"font-weight: 400;\">El barrio Prado de Medell\u00edn cuenta con el privilegio de estar ubicado cerca de v\u00edas principales como la Avenida Oriental, la carrera Bol\u00edvar como corredor del Metro, la Venezuela (carrera 49) y Ecuador (carrera 48) y Barranquilla, una de las principales v\u00edas de acceso a la Universidad de Antioquia.\u00a0<\/span><\/p><p>\u00a0<\/p>\t\t\t\t\t\t<\/div>\n\t\t\t\t<\/div>\n\t\t\t\t\t<\/div>\n\t\t<\/div>\n\t\t\t\t\t<\/div>\n\t\t<\/section>\n\t\t\t\t<section class=\"elementor-section elementor-top-section elementor-element elementor-element-21403641 elementor-section-boxed elementor-section-height-default elementor-section-height-default\" data-id=\"21403641\" data-element_type=\"section\">\n\t\t\t\t\t\t<div class=\"elementor-container elementor-column-gap-default\">\n\t\t\t\t\t<div class=\"elementor-column elementor-col-100 elementor-top-column elementor-element elementor-element-34d5e1f8\" data-id=\"34d5e1f8\" data-element_type=\"column\">\n\t\t\t<div class=\"elementor-widget-wrap elementor-element-populated\">\n\t\t\t\t\t\t<div class=\"elementor-element elementor-element-6377d7bd elementor-widget elementor-widget-heading\" data-id=\"6377d7bd\" data-element_type=\"widget\" data-widget_type=\"heading.default\">\n\t\t\t\t<div class=\"elementor-widget-container\">\n\t\t\t<h3 class=\"elementor-heading-title elementor-size-default\">Ubicaci\u00f3n<\/h3>\t\t<\/div>\n\t\t\t\t<\/div>\n\t\t\t\t<div class=\"elementor-element elementor-element-743bc7df elementor-widget elementor-widget-text-editor\" data-id=\"743bc7df\" data-element_type=\"widget\" data-widget_type=\"text-editor.default\">\n\t\t\t\t<div class=\"elementor-widget-container\">\n\t\t\t\t\t\t\t<p><span style=\"font-weight: 400;\">Prado, est\u00e1 ubicado cerca del centro de la ciudad, limita al nororiente y al oriente con los barrios de Los \u00c1ngeles y Villanueva, al sur se encuentra el barrio de Jes\u00fas Nazareno y limita tambi\u00e9n con el Hospital Universitario San Vicente de Paul. <br \/><br \/>Al oriente, la comuna de <\/span><a href=\"https:\/\/www.ciencuadras.com\/blog\/guia-de-barrio-aranjuez-medellin\" target=\"_blank\" rel=\"noopener\"><b>Aranjuez <\/b><\/a><span style=\"font-weight: 400;\">y al norte con la de Villa Hermosa. A Prado, la avenida Oriental, lo separa del resto de la ciudad, siento tal vez uno de los barrios estrat\u00e9gicos para visitar en Medell\u00edn por su ubicaci\u00f3n.\u00a0<\/span><\/p><p>\u00a0<\/p>\t\t\t\t\t\t<\/div>\n\t\t\t\t<\/div>\n\t\t\t\t\t<\/div>\n\t\t<\/div>\n\t\t\t\t\t<\/div>\n\t\t<\/section>\n\t\t\t\t<section class=\"elementor-section elementor-top-section elementor-element elementor-element-625e0140 elementor-section-boxed elementor-section-height-default elementor-section-height-default\" data-id=\"625e0140\" data-element_type=\"section\">\n\t\t\t\t\t\t<div class=\"elementor-container elementor-column-gap-default\">\n\t\t\t\t\t<div class=\"elementor-column elementor-col-100 elementor-top-column elementor-element elementor-element-6fefa265\" data-id=\"6fefa265\" data-element_type=\"column\">\n\t\t\t<div class=\"elementor-widget-wrap elementor-element-populated\">\n\t\t\t\t\n\t\t<div class=\"elementor-element elementor-element-434af54e elementor-widget elementor-widget-Slider Ciencuadras\" data-id=\"434af54e\" data-element_type=\"widget\" data-widget_type=\"Slider Ciencuadras.default\">\n\t\t\t\t<div class=\"elementor-widget-container\">\n\t\t\t\n\t\t<div class=\"slideshow-container\">\n\t\t\t\t\t\t\t<div class=\"cc-slider cc-fade\">\n\t\t\t\t\t<a href=\"https:\/\/open.spotify.com\/show\/7rZhe5fbDA2SVGm72tOa6y\" target=\"_blank\" rel=\"noopener noreferrer\">\n\t\t\t\t\t\t<img decoding=\"async\"  class=\"cc-img-slider\" src=\"https:\/\/www.ciencuadras.com\/blog\/wp-content\/uploads\/2024\/07\/SLIDER_desktop_podcast.jpg\" style=\"width:100%\">\n\t\t\t\t\t<\/a>\n\t\t\t\t<\/div>\n\t\t\t\t\t\t\t<div class=\"cc-slider cc-fade\">\n\t\t\t\t\t<a href=\"https:\/\/www.ciencuadras.com\/mia-asistente-inmobiliaria\" target=\"_blank\" rel=\"noopener noreferrer\">\n\t\t\t\t\t\t<img decoding=\"async\"  class=\"cc-img-slider\" src=\"https:\/\/www.ciencuadras.com\/blog\/wp-content\/uploads\/2024\/07\/8-JUL-MIA-BANERS-1-DESTOCK.jpg\" style=\"width:100%\">\n\t\t\t\t\t<\/a>\n\t\t\t\t<\/div>\n\t\t\t\t\t\t\t<div class=\"cc-slider cc-fade\">\n\t\t\t\t\t<a href=\"https:\/\/novedades.ciencuadras.com\/remodelacion-y-acabados\/\" target=\"_blank\" rel=\"noopener noreferrer\">\n\t\t\t\t\t\t<img decoding=\"async\"  class=\"cc-img-slider\" src=\"https:\/\/www.ciencuadras.com\/blog\/wp-content\/uploads\/2024\/05\/1080x270_acabados_1-compressed.jpg\" style=\"width:100%\">\n\t\t\t\t\t<\/a>\n\t\t\t\t<\/div>\n\t\t\t\t\t\t\t<div class=\"cc-slider cc-fade\">\n\t\t\t\t\t<a href=\"https:\/\/wa.link\/83b87u\" target=\"_blank\" rel=\"noopener noreferrer\">\n\t\t\t\t\t\t<img decoding=\"async\"  class=\"cc-img-slider\" src=\"https:\/\/www.ciencuadras.com\/blog\/wp-content\/uploads\/2024\/06\/SLIDER_desktop_constructoras-1-compressed.jpg\" style=\"width:100%\">\n\t\t\t\t\t<\/a>\n\t\t\t\t<\/div>\n\t\t\t\t\t<\/div>\n\t\t<br>\n\n\t\t<div style=\"text-align:center\">\n\t\t\t\t\t\t\t<span class=\"dot active\" onclick=\"currentSlide(1, true)\"><\/span> \n\t\t\t\t\t\t\t<span class=\"dot \" onclick=\"currentSlide(2, true)\"><\/span> \n\t\t\t\t\t\t\t<span class=\"dot \" onclick=\"currentSlide(3, true)\"><\/span> \n\t\t\t\t\t\t\t<span class=\"dot \" onclick=\"currentSlide(4, true)\"><\/span> \n\t\t\t\t\t<\/div>\n\t\t\t\t<\/div>\n\t\t\t\t<\/div>\n\t\t\t\t\t<\/div>\n\t\t<\/div>\n\t\t\t\t\t<\/div>\n\t\t<\/section>\n\t\t\t\t<section class=\"elementor-section elementor-top-section elementor-element elementor-element-698493c elementor-section-boxed elementor-section-height-default elementor-section-height-default\" data-id=\"698493c\" data-element_type=\"section\">\n\t\t\t\t\t\t<div class=\"elementor-container elementor-column-gap-default\">\n\t\t\t\t\t<div class=\"elementor-column elementor-col-100 elementor-top-column elementor-element elementor-element-171eeaa0\" data-id=\"171eeaa0\" data-element_type=\"column\">\n\t\t\t<div class=\"elementor-widget-wrap elementor-element-populated\">\n\t\t\t\t\t\t<div class=\"elementor-element elementor-element-7da71f23 elementor-widget elementor-widget-spacer\" data-id=\"7da71f23\" data-element_type=\"widget\" data-widget_type=\"spacer.default\">\n\t\t\t\t<div class=\"elementor-widget-container\">\n\t\t\t\t\t<div class=\"elementor-spacer\">\n\t\t\t<div class=\"elementor-spacer-inner\"><\/div>\n\t\t<\/div>\n\t\t\t\t<\/div>\n\t\t\t\t<\/div>\n\t\t\t\t\t<\/div>\n\t\t<\/div>\n\t\t\t\t\t<\/div>\n\t\t<\/section>\n\t\t\t\t<section class=\"elementor-section elementor-top-section elementor-element elementor-element-21d6b5c9 elementor-section-boxed elementor-section-height-default elementor-section-height-default\" data-id=\"21d6b5c9\" data-element_type=\"section\">\n\t\t\t\t\t\t<div class=\"elementor-container elementor-column-gap-default\">\n\t\t\t\t\t<div class=\"elementor-column elementor-col-100 elementor-top-column elementor-element elementor-element-10ce5403\" data-id=\"10ce5403\" data-element_type=\"column\">\n\t\t\t<div class=\"elementor-widget-wrap elementor-element-populated\">\n\t\t\t\t\t\t<div class=\"elementor-element elementor-element-79b966af elementor-widget elementor-widget-heading\" data-id=\"79b966af\" data-element_type=\"widget\" data-widget_type=\"heading.default\">\n\t\t\t\t<div class=\"elementor-widget-container\">\n\t\t\t<h3 class=\"elementor-heading-title elementor-size-default\">Atractivo inmobiliario<\/h3>\t\t<\/div>\n\t\t\t\t<\/div>\n\t\t\t\t\t<\/div>\n\t\t<\/div>\n\t\t\t\t\t<\/div>\n\t\t<\/section>\n\t\t\t\t<section class=\"elementor-section elementor-top-section elementor-element elementor-element-2b47840f elementor-section-boxed elementor-section-height-default elementor-section-height-default\" data-id=\"2b47840f\" data-element_type=\"section\">\n\t\t\t\t\t\t<div class=\"elementor-container elementor-column-gap-default\">\n\t\t\t\t\t<div class=\"elementor-column elementor-col-50 elementor-top-column elementor-element elementor-element-6c577816\" data-id=\"6c577816\" data-element_type=\"column\">\n\t\t\t<div class=\"elementor-widget-wrap elementor-element-populated\">\n\t\t\t\t\t\t<div class=\"elementor-element elementor-element-2a865ac3 elementor-widget elementor-widget-text-editor\" data-id=\"2a865ac3\" data-element_type=\"widget\" data-widget_type=\"text-editor.default\">\n\t\t\t\t<div class=\"elementor-widget-container\">\n\t\t\t\t\t\t\t<p><span style=\"font-weight: 400;\">Prado es un barrio residencial primordialmente constituido por casas de gran tama\u00f1o y antejardines, y en la mayor\u00eda de los casos de uno o dos pisos. <br \/><br \/>Se ha ido transformando para la construcci\u00f3n de edificios de propiedad horizontal, aunque en menor medida. El barrio se encuentra en una zona con una gradiente vertical marcada, lo que determina subidas m\u00e1s o menos empinadas.\u00a0<\/span><\/p><p><span style=\"font-weight: 400;\">El estrato com\u00fan del barrio es 4 medio alto. Un sector de gran riqueza cultural, arquitect\u00f3nica y ambiental. No cuenta con parques, placas polideportivas ni sitios recreativos que se puedan destacar, pues fue creado como un barrio residencial para adultos y, debido a la riqueza arquitect\u00f3nica de sus casas, no ha podido ser demolida ninguna de ellas para construir alg\u00fan sitio de esta naturaleza.<\/span><\/p><p>El costo de vivienda en Prado, oscila entre los $400.000 y los <a href=\"https:\/\/www.ciencuadras.com\/inmueble\/casa-en-venta-en-prado-medellin-1112219\" target=\"_blank\" rel=\"noopener\">$4.000.000.000<\/a> en cuanto a casa usada. <br \/><br \/>En cuanto a arriendos, el costo puede variar entre <a href=\"https:\/\/www.ciencuadras.com\/inmueble\/apartamento-en-arriendo-en-prado-medellin-2125781\" target=\"_blank\" rel=\"noopener\">$690.000<\/a> y $2.500.000 en apartamentos.\u00a0<\/p>\t\t\t\t\t\t<\/div>\n\t\t\t\t<\/div>\n\t\t\t\t\t<\/div>\n\t\t<\/div>\n\t\t\t\t<div class=\"elementor-column elementor-col-50 elementor-top-column elementor-element elementor-element-6c28272a\" data-id=\"6c28272a\" data-element_type=\"column\">\n\t\t\t<div class=\"elementor-widget-wrap elementor-element-populated\">\n\t\t\t\t\t\t<div class=\"elementor-element elementor-element-f065c8b elementor-widget elementor-widget-html\" data-id=\"f065c8b\" data-element_type=\"widget\" data-widget_type=\"html.default\">\n\t\t\t\t<div class=\"elementor-widget-container\">\n\t\t\t<iframe src=\"https:\/\/www.google.com\/maps\/embed?pb=!1m18!1m12!1m3!1d3966.0337334339615!2d-75.56339348467445!3d6.259286927913586!2m3!1f0!2f0!3f0!3m2!1i1024!2i768!4f13.1!3m3!1m2!1s0x8e4428ef912f122f%3A0x6219458fa7e8b8c8!2sPrado%2C%20La%20Candelaria%2C%20Medellin%2C%20Medell%C3%ADn%2C%20La%20Candelaria%2C%20Medellin%2C%20Antioquia!5e0!3m2!1sen!2sco!4v1674664600303!5m2!1sen!2sco\" width=\"600\" height=\"450\" style=\"border:0;\" allowfullscreen=\"\" loading=\"lazy\" referrerpolicy=\"no-referrer-when-downgrade\"><\/iframe>\t\t<\/div>\n\t\t\t\t<\/div>\n\t\t\t\t\t<\/div>\n\t\t<\/div>\n\t\t\t\t\t<\/div>\n\t\t<\/section>\n\t\t\t\t<section class=\"elementor-section elementor-top-section elementor-element elementor-element-5c3ae329 elementor-section-boxed elementor-section-height-default elementor-section-height-default\" data-id=\"5c3ae329\" data-element_type=\"section\">\n\t\t\t\t\t\t<div class=\"elementor-container elementor-column-gap-default\">\n\t\t\t\t\t<div class=\"elementor-column elementor-col-100 elementor-top-column elementor-element elementor-element-620ab76f\" data-id=\"620ab76f\" data-element_type=\"column\">\n\t\t\t<div class=\"elementor-widget-wrap elementor-element-populated\">\n\t\t\t\t\t\t<div class=\"elementor-element elementor-element-143ce30a elementor-widget elementor-widget-spacer\" data-id=\"143ce30a\" data-element_type=\"widget\" data-widget_type=\"spacer.default\">\n\t\t\t\t<div class=\"elementor-widget-container\">\n\t\t\t\t\t<div class=\"elementor-spacer\">\n\t\t\t<div class=\"elementor-spacer-inner\"><\/div>\n\t\t<\/div>\n\t\t\t\t<\/div>\n\t\t\t\t<\/div>\n\t\t\t\t\t<\/div>\n\t\t<\/div>\n\t\t\t\t\t<\/div>\n\t\t<\/section>\n\t\t\t\t<section class=\"elementor-section elementor-top-section elementor-element elementor-element-4dfdd8ea elementor-section-boxed elementor-section-height-default elementor-section-height-default\" data-id=\"4dfdd8ea\" data-element_type=\"section\">\n\t\t\t\t\t\t<div class=\"elementor-container elementor-column-gap-default\">\n\t\t\t\t\t<div class=\"elementor-column elementor-col-100 elementor-top-column elementor-element elementor-element-1c4cf0e5\" data-id=\"1c4cf0e5\" data-element_type=\"column\">\n\t\t\t<div class=\"elementor-widget-wrap elementor-element-populated\">\n\t\t\t\t\t\t<div class=\"elementor-element elementor-element-5c6f5528 elementor-widget elementor-widget-heading\" data-id=\"5c6f5528\" data-element_type=\"widget\" data-widget_type=\"heading.default\">\n\t\t\t\t<div class=\"elementor-widget-container\">\n\t\t\t<h2 class=\"elementor-heading-title elementor-size-default\">Datos de inter\u00e9s<\/h2>\t\t<\/div>\n\t\t\t\t<\/div>\n\t\t\t\t\t<\/div>\n\t\t<\/div>\n\t\t\t\t\t<\/div>\n\t\t<\/section>\n\t\t\t\t<section class=\"elementor-section elementor-top-section elementor-element elementor-element-7c1aebfb elementor-section-boxed elementor-section-height-default elementor-section-height-default\" data-id=\"7c1aebfb\" data-element_type=\"section\">\n\t\t\t\t\t\t<div class=\"elementor-container elementor-column-gap-default\">\n\t\t\t\t\t<div class=\"elementor-column elementor-col-100 elementor-top-column elementor-element elementor-element-72d9c2e4\" data-id=\"72d9c2e4\" data-element_type=\"column\">\n\t\t\t<div class=\"elementor-widget-wrap elementor-element-populated\">\n\t\t\t\t\t\t<div class=\"elementor-element elementor-element-2da0c11c elementor-widget elementor-widget-accordion\" data-id=\"2da0c11c\" data-element_type=\"widget\" data-widget_type=\"accordion.default\">\n\t\t\t\t<div class=\"elementor-widget-container\">\n\t\t\t\t\t<div class=\"elementor-accordion\">\n\t\t\t\t\t\t\t<div class=\"elementor-accordion-item\">\n\t\t\t\t\t<div id=\"elementor-tab-title-7651\" class=\"elementor-tab-title\" data-tab=\"1\" role=\"button\" aria-controls=\"elementor-tab-content-7651\" aria-expanded=\"false\">\n\t\t\t\t\t\t\t\t\t\t\t\t\t<span class=\"elementor-accordion-icon elementor-accordion-icon-left\" aria-hidden=\"true\">\n\t\t\t\t\t\t\t\t\t\t\t\t\t\t\t<span class=\"elementor-accordion-icon-closed\"><svg class=\"e-font-icon-svg e-fas-plus\" viewBox=\"0 0 448 512\" xmlns=\"http:\/\/www.w3.org\/2000\/svg\"><path d=\"M416 208H272V64c0-17.67-14.33-32-32-32h-32c-17.67 0-32 14.33-32 32v144H32c-17.67 0-32 14.33-32 32v32c0 17.67 14.33 32 32 32h144v144c0 17.67 14.33 32 32 32h32c17.67 0 32-14.33 32-32V304h144c17.67 0 32-14.33 32-32v-32c0-17.67-14.33-32-32-32z\"><\/path><\/svg><\/span>\n\t\t\t\t\t\t\t\t<span class=\"elementor-accordion-icon-opened\"><svg class=\"e-font-icon-svg e-fas-minus\" viewBox=\"0 0 448 512\" xmlns=\"http:\/\/www.w3.org\/2000\/svg\"><path d=\"M416 208H32c-17.67 0-32 14.33-32 32v32c0 17.67 14.33 32 32 32h384c17.67 0 32-14.33 32-32v-32c0-17.67-14.33-32-32-32z\"><\/path><\/svg><\/span>\n\t\t\t\t\t\t\t\t\t\t\t\t\t\t<\/span>\n\t\t\t\t\t\t\t\t\t\t\t\t<a class=\"elementor-accordion-title\" tabindex=\"0\">\u00bfPor qu\u00e9 vivir en el barrio Prado?<\/a>\n\t\t\t\t\t<\/div>\n\t\t\t\t\t<div id=\"elementor-tab-content-7651\" class=\"elementor-tab-content elementor-clearfix\" data-tab=\"1\" role=\"region\" aria-labelledby=\"elementor-tab-title-7651\"><p><span style=\"font-weight: 400;\">Estas son las ventajas de vivir en Prado:\u00a0<\/span><\/p><ul><li style=\"font-weight: 400;\" aria-level=\"1\"><span style=\"font-weight: 400;\">Principalmente por sus casas grandes con antejardines, parte de la historia y patrimonio de esta ciudad. Una riqueza arquitect\u00f3nica que convierte a este sector en uno de los m\u00e1s tradicionales de la ciudad.\u00a0<\/span><\/li><li style=\"font-weight: 400;\" aria-level=\"1\"><span style=\"font-weight: 400;\">El Parque de Bol\u00edvar, ubicado en plena zona c\u00e9ntrica de la ciudad, fue inaugurado en 1892 y denominado as\u00ed en homenaje al libertador Sim\u00f3n Bol\u00edvar.\u00a0<\/span><\/li><li style=\"font-weight: 400;\" aria-level=\"1\"><span style=\"font-weight: 400;\">Teatro Prado de la corporaci\u00f3n <\/span><a href=\"https:\/\/www.aguiladescalza.com.co\/\" target=\"_blank\" rel=\"noopener\"><b>\u00c1guila Descalza<\/b><\/a><span style=\"font-weight: 400;\">, fundado en su primera sede teatral en 1984, el teatro del \u00c1guila Descalza se convierte en uno de los puntos de encuentro m\u00e1s representativos de este barrio, reconocido a nivel nacional e internacional.\u00a0<\/span><\/li><li style=\"font-weight: 400;\" aria-level=\"1\"><span style=\"font-weight: 400;\">Adem\u00e1s de otros centro culturales y art\u00edsticos como la Casa Tres Patios, La Casa del Teatro, Teatro El Tablado, La Academia Rembrand, Colibr\u00ed Sur y La Escuela Ballet Folkl\u00f3rico de Antioquia.<\/span><\/li><li style=\"font-weight: 400;\" aria-level=\"1\"><span style=\"font-weight: 400;\">Prado, est\u00e1 cerca de grandes sitios de inter\u00e9s de Medell\u00edn, como lo son el Jard\u00edn Bot\u00e1nico, el Parque Explora y el Parque de los Deseos.\u00a0<\/span><\/li><\/ul><\/div>\n\t\t\t\t<\/div>\n\t\t\t\t\t\t\t<div class=\"elementor-accordion-item\">\n\t\t\t\t\t<div id=\"elementor-tab-title-7652\" class=\"elementor-tab-title\" data-tab=\"2\" role=\"button\" aria-controls=\"elementor-tab-content-7652\" aria-expanded=\"false\">\n\t\t\t\t\t\t\t\t\t\t\t\t\t<span class=\"elementor-accordion-icon elementor-accordion-icon-left\" aria-hidden=\"true\">\n\t\t\t\t\t\t\t\t\t\t\t\t\t\t\t<span class=\"elementor-accordion-icon-closed\"><svg class=\"e-font-icon-svg e-fas-plus\" viewBox=\"0 0 448 512\" xmlns=\"http:\/\/www.w3.org\/2000\/svg\"><path d=\"M416 208H272V64c0-17.67-14.33-32-32-32h-32c-17.67 0-32 14.33-32 32v144H32c-17.67 0-32 14.33-32 32v32c0 17.67 14.33 32 32 32h144v144c0 17.67 14.33 32 32 32h32c17.67 0 32-14.33 32-32V304h144c17.67 0 32-14.33 32-32v-32c0-17.67-14.33-32-32-32z\"><\/path><\/svg><\/span>\n\t\t\t\t\t\t\t\t<span class=\"elementor-accordion-icon-opened\"><svg class=\"e-font-icon-svg e-fas-minus\" viewBox=\"0 0 448 512\" xmlns=\"http:\/\/www.w3.org\/2000\/svg\"><path d=\"M416 208H32c-17.67 0-32 14.33-32 32v32c0 17.67 14.33 32 32 32h384c17.67 0 32-14.33 32-32v-32c0-17.67-14.33-32-32-32z\"><\/path><\/svg><\/span>\n\t\t\t\t\t\t\t\t\t\t\t\t\t\t<\/span>\n\t\t\t\t\t\t\t\t\t\t\t\t<a class=\"elementor-accordion-title\" tabindex=\"0\">Transporte<\/a>\n\t\t\t\t\t<\/div>\n\t\t\t\t\t<div id=\"elementor-tab-content-7652\" class=\"elementor-tab-content elementor-clearfix\" data-tab=\"2\" role=\"region\" aria-labelledby=\"elementor-tab-title-7652\"><p><span style=\"font-weight: 400;\">Prado se encuentra cerca a dos de las principales estaciones del Metro de Medell\u00edn, Prado y Hospital, es su principal medio de acceso. La primera se encuentra en el cruce de la carrera 51 con la Avenida Oriental, que conecta el centro de la ciudad con la orilla occidental del r\u00edo Medell\u00edn.<\/span><\/p><p><span style=\"font-weight: 400;\">Tambi\u00e9n lo atraviesan a su vez algunas avenidas secundarias, como la Venezuela (carrera 49) y Ecuador (carrera 48) y se encuentra cerca a una de las principales v\u00edas de la ciudad, la Avenida Oriental, por donde cruzan de lado y lado los principales medios de transporte urbanos de la ciudad. Tambi\u00e9n conecta con el Metropl\u00fas.<\/span><\/p><\/div>\n\t\t\t\t<\/div>\n\t\t\t\t\t\t\t<div class=\"elementor-accordion-item\">\n\t\t\t\t\t<div id=\"elementor-tab-title-7653\" class=\"elementor-tab-title\" data-tab=\"3\" role=\"button\" aria-controls=\"elementor-tab-content-7653\" aria-expanded=\"false\">\n\t\t\t\t\t\t\t\t\t\t\t\t\t<span class=\"elementor-accordion-icon elementor-accordion-icon-left\" aria-hidden=\"true\">\n\t\t\t\t\t\t\t\t\t\t\t\t\t\t\t<span class=\"elementor-accordion-icon-closed\"><svg class=\"e-font-icon-svg e-fas-plus\" viewBox=\"0 0 448 512\" xmlns=\"http:\/\/www.w3.org\/2000\/svg\"><path d=\"M416 208H272V64c0-17.67-14.33-32-32-32h-32c-17.67 0-32 14.33-32 32v144H32c-17.67 0-32 14.33-32 32v32c0 17.67 14.33 32 32 32h144v144c0 17.67 14.33 32 32 32h32c17.67 0 32-14.33 32-32V304h144c17.67 0 32-14.33 32-32v-32c0-17.67-14.33-32-32-32z\"><\/path><\/svg><\/span>\n\t\t\t\t\t\t\t\t<span class=\"elementor-accordion-icon-opened\"><svg class=\"e-font-icon-svg e-fas-minus\" viewBox=\"0 0 448 512\" xmlns=\"http:\/\/www.w3.org\/2000\/svg\"><path d=\"M416 208H32c-17.67 0-32 14.33-32 32v32c0 17.67 14.33 32 32 32h384c17.67 0 32-14.33 32-32v-32c0-17.67-14.33-32-32-32z\"><\/path><\/svg><\/span>\n\t\t\t\t\t\t\t\t\t\t\t\t\t\t<\/span>\n\t\t\t\t\t\t\t\t\t\t\t\t<a class=\"elementor-accordion-title\" tabindex=\"0\">En Prado, Ciencuadras cuadra todo<\/a>\n\t\t\t\t\t<\/div>\n\t\t\t\t\t<div id=\"elementor-tab-content-7653\" class=\"elementor-tab-content elementor-clearfix\" data-tab=\"3\" role=\"region\" aria-labelledby=\"elementor-tab-title-7653\"><p><span style=\"font-weight: 400;\">Ya que conoces todos los beneficios y ventajas de <\/span><b>vivir en el barrio Prado <\/b><span style=\"font-weight: 400;\">\u00bfest\u00e1s pensando en <\/span><b>comprar o arrendar un inmueble<\/b><span style=\"font-weight: 400;\"> en este sector? En Ciencuadras tenemos la mejor y m\u00e1s amplia oferta para que encuentres ese espacio que tanto sue\u00f1as.<\/span> <a href=\"https:\/\/www.ciencuadras.com\/venta\/medellin\/la-candelaria\/prado\" target=\"_blank\" rel=\"noopener\"><span style=\"font-weight: 400;\">\u00bfQu\u00e9 esperas? \u00a1Con\u00f3celo aqu\u00ed!<\/span><\/a><\/p><\/div>\n\t\t\t\t<\/div>\n\t\t\t\t\t\t\t\t<\/div>\n\t\t\t\t<\/div>\n\t\t\t\t<\/div>\n\t\t\t\t\t<\/div>\n\t\t<\/div>\n\t\t\t\t\t<\/div>\n\t\t<\/section>\n\t\t\t\t<section class=\"elementor-section elementor-top-section elementor-element elementor-element-73bfd751 elementor-section-boxed elementor-section-height-default elementor-section-height-default\" data-id=\"73bfd751\" data-element_type=\"section\">\n\t\t\t\t\t\t<div class=\"elementor-container elementor-column-gap-default\">\n\t\t\t\t\t<div class=\"elementor-column elementor-col-100 elementor-top-column elementor-element elementor-element-538101fc\" data-id=\"538101fc\" data-element_type=\"column\">\n\t\t\t<div class=\"elementor-widget-wrap elementor-element-populated\">\n\t\t\t\t\t\t<div class=\"elementor-element elementor-element-2c046f3a elementor-widget elementor-widget-spacer\" data-id=\"2c046f3a\" data-element_type=\"widget\" data-widget_type=\"spacer.default\">\n\t\t\t\t<div class=\"elementor-widget-container\">\n\t\t\t\t\t<div class=\"elementor-spacer\">\n\t\t\t<div class=\"elementor-spacer-inner\"><\/div>\n\t\t<\/div>\n\t\t\t\t<\/div>\n\t\t\t\t<\/div>\n\t\t\t\t\t<\/div>\n\t\t<\/div>\n\t\t\t\t\t<\/div>\n\t\t<\/section>\n\t\t\t\t<section class=\"elementor-section elementor-top-section elementor-element elementor-element-3ca050ba elementor-section-boxed elementor-section-height-default elementor-section-height-default\" data-id=\"3ca050ba\" data-element_type=\"section\">\n\t\t\t\t\t\t<div class=\"elementor-container elementor-column-gap-default\">\n\t\t\t\t\t<div class=\"elementor-column elementor-col-100 elementor-top-column elementor-element elementor-element-2195954\" data-id=\"2195954\" data-element_type=\"column\">\n\t\t\t<div class=\"elementor-widget-wrap elementor-element-populated\">\n\t\t\t\t\t\t<div class=\"elementor-element elementor-element-5bfb8511 elementor-widget elementor-widget-heading\" data-id=\"5bfb8511\" data-element_type=\"widget\" data-widget_type=\"heading.default\">\n\t\t\t\t<div class=\"elementor-widget-container\">\n\t\t\t<h2 class=\"elementor-heading-title elementor-size-default\">Apartamentos en venta en Prado<\/h2>\t\t<\/div>\n\t\t\t\t<\/div>\n\t\t\t\t\t<\/div>\n\t\t<\/div>\n\t\t\t\t\t<\/div>\n\t\t<\/section>\n\t\t\t\t<section class=\"elementor-section elementor-top-section elementor-element elementor-element-3e72802 elementor-section-boxed elementor-section-height-default elementor-section-height-default\" data-id=\"3e72802\" data-element_type=\"section\">\n\t\t\t\t\t\t<div class=\"elementor-container elementor-column-gap-default\">\n\t\t\t\t\t<div class=\"elementor-column elementor-col-100 elementor-top-column elementor-element elementor-element-ff1eb7b\" data-id=\"ff1eb7b\" data-element_type=\"column\">\n\t\t\t<div class=\"elementor-widget-wrap elementor-element-populated\">\n\t\t\t\t\t\t<div class=\"elementor-element elementor-element-292638a elementor-widget elementor-widget-slider-inmuebles-ciencuadras\" data-id=\"292638a\" data-element_type=\"widget\" data-settings=\"{&quot;select_tipo_transaccion&quot;:&quot;venta&quot;}\" data-widget_type=\"slider-inmuebles-ciencuadras.default\">\n\t\t\t\t<div class=\"elementor-widget-container\">\n\t\t\t           <!-- Swiper-->\n            <div class=\"container-swiper container-id-292638a\" >\n                    <div class=\"swiper-button-prev prev-swiper-id-292638a\"><\/div>\n                        <div class=\"swiper mySwiper swiper-id-292638a\">\n                         <div class=\"swiper-wrapper\">\n                                <div data-history=\"0\" class=\"swiper-slide\" >\n                            <a class=\"card\"  href=\"\/inmueble\/apartamento-en-venta-en-prado-medellin-3686214\" target=\"_blank\">\n                                <div class=\"card-image\">\n                                    <img decoding=\"async\" class=\"img-inmueble\"  \n                                        src=\"https:\/\/www-img-cc.s3.amazonaws.com\/inmuebles\/images\/3686214\/ded177570224025_plana.jpeg\"\n                                        alt=\"Apartamento\"\n                                        onerror=\"this.src='https:\/\/www.ciencuadras.com\/sources\/images\/result\/no-photo-property.png'\"\n                                    \/>\n                                <\/div>\n                                <div class=\"card-info\">\n                                    <div class=\"card-price\">\n                                        <span>Valor de compra: <\/span>                                        <br \/>\n                                        <span class=\"card-price-big\">$360.000.000 \n                                        <\/span>\n                                    <\/div>\n                                    <div class=\"card-location\">\n                                        Apartamento en Venta                                    <\/div>\n                                    <div class=\"card-direction\">\n                                        <div class=\"card-target\">\n                                            <em class=\"fas fa-map-marker-alt\"><\/em>\n                                            <span class=\"city\"> Medell\u00edn<\/span>\n                                            <span>&nbsp;\/&nbsp;<\/span>\n                                            <span class=\"neighborhood\"> PRADO<\/span>\n                                        <\/div>\n                                    <\/div>\n                                    <div class=\"specs\">\n                                        <div class=\"specs-data area\"><span class=\"span-data\">84 m2<\/span><\/div>\n                                        <div class=\"specs-data rooms\"><span class=\"span-data\">Habit. 3<\/span><\/div><div class=\"specs-data baths\"><span class=\"span-data\">Ba\u00f1os 3<\/span><\/div><div class=\"specs-data garages\"><span class=\"span-data\">Garaje 1<\/span><\/div>                                        \n                                        \n                                        \n                                    <\/div>\n                                <\/div>\n                            <\/a>\n                        <\/div>\n                    \n                   \n\t\t\t\n                                <div data-history=\"1\" class=\"swiper-slide\" >\n                            <a class=\"card\"  href=\"\/inmueble\/apartamento-en-venta-en-prado-medellin-3612584\" target=\"_blank\">\n                                <div class=\"card-image\">\n                                    <img decoding=\"async\" class=\"img-inmueble\"  \n                                        src=\"https:\/\/www-img-cc.s3.amazonaws.com\/inmuebles\/images\/3612584\/dfddf177556614852_plana.jpeg\"\n                                        alt=\"Apartamento\"\n                                        onerror=\"this.src='https:\/\/www.ciencuadras.com\/sources\/images\/result\/no-photo-property.png'\"\n                                    \/>\n                                <\/div>\n                                <div class=\"card-info\">\n                                    <div class=\"card-price\">\n                                        <span>Valor de compra: <\/span>                                        <br \/>\n                                        <span class=\"card-price-big\">$280.000.000 \n                                        <\/span>\n                                    <\/div>\n                                    <div class=\"card-location\">\n                                        Apartamento en Venta                                    <\/div>\n                                    <div class=\"card-direction\">\n                                        <div class=\"card-target\">\n                                            <em class=\"fas fa-map-marker-alt\"><\/em>\n                                            <span class=\"city\"> Medell\u00edn<\/span>\n                                            <span>&nbsp;\/&nbsp;<\/span>\n                                            <span class=\"neighborhood\"> PRADO<\/span>\n                                        <\/div>\n                                    <\/div>\n                                    <div class=\"specs\">\n                                        <div class=\"specs-data area\"><span class=\"span-data\">43.7 m2<\/span><\/div>\n                                        <div class=\"specs-data rooms\"><span class=\"span-data\">Habit. 1<\/span><\/div><div class=\"specs-data baths\"><span class=\"span-data\">Ba\u00f1os 1<\/span><\/div><div class=\"specs-data garages\"><span class=\"span-data\">Garaje 1<\/span><\/div>                                        \n                                        \n                                        \n                                    <\/div>\n                                <\/div>\n                            <\/a>\n                        <\/div>\n                    \n                   \n\t\t\t\n                                <div data-history=\"2\" class=\"swiper-slide\" >\n                            <a class=\"card\"  href=\"\/inmueble\/apartamento-en-venta-en-prado-medellin-3666241\" target=\"_blank\">\n                                <div class=\"card-image\">\n                                    <img decoding=\"async\" class=\"img-inmueble\"  \n                                        src=\"https:\/\/www-img-cc.s3.amazonaws.com\/inmuebles\/images\/3666241\/bbfbcd177392657969_plana.jpeg\"\n                                        alt=\"Apartamento\"\n                                        onerror=\"this.src='https:\/\/www.ciencuadras.com\/sources\/images\/result\/no-photo-property.png'\"\n                                    \/>\n                                <\/div>\n                                <div class=\"card-info\">\n                                    <div class=\"card-price\">\n                                        <span>Valor de compra: <\/span>                                        <br \/>\n                                        <span class=\"card-price-big\">$600.000.000 \n                                        <\/span>\n                                    <\/div>\n                                    <div class=\"card-location\">\n                                        Apartamento en Venta                                    <\/div>\n                                    <div class=\"card-direction\">\n                                        <div class=\"card-target\">\n                                            <em class=\"fas fa-map-marker-alt\"><\/em>\n                                            <span class=\"city\"> Medell\u00edn<\/span>\n                                            <span>&nbsp;\/&nbsp;<\/span>\n                                            <span class=\"neighborhood\"> PRADO<\/span>\n                                        <\/div>\n                                    <\/div>\n                                    <div class=\"specs\">\n                                        <div class=\"specs-data area\"><span class=\"span-data\">140 m2<\/span><\/div>\n                                        <div class=\"specs-data rooms\"><span class=\"span-data\">Habit. 3<\/span><\/div><div class=\"specs-data baths\"><span class=\"span-data\">Ba\u00f1os 3<\/span><\/div>                                        \n                                        \n                                        \n                                    <\/div>\n                                <\/div>\n                            <\/a>\n                        <\/div>\n                    \n                   \n\t\t\t\n                                <div data-history=\"3\" class=\"swiper-slide\" >\n                            <a class=\"card\"  href=\"\/inmueble\/apartamento-en-venta-en-prado-medellin-3023108\" target=\"_blank\">\n                                <div class=\"card-image\">\n                                    <img decoding=\"async\" class=\"img-inmueble\"  \n                                        src=\"https:\/\/www-img-cc.s3.amazonaws.com\/inmuebles\/images\/3023108\/ExsZ-uSmvAi-oOynOeYud_hJggEKZNsqSLWxHFwHJZqCWRKGEvbfOwjTzmsooKQcnOyCWKkytzrecOj-zMIKLQCHkhYylIkicbg171898732291_plana.jpeg\"\n                                        alt=\"Apartamento\"\n                                        onerror=\"this.src='https:\/\/www.ciencuadras.com\/sources\/images\/result\/no-photo-property.png'\"\n                                    \/>\n                                <\/div>\n                                <div class=\"card-info\">\n                                    <div class=\"card-price\">\n                                        <span>Valor de compra: <\/span>                                        <br \/>\n                                        <span class=\"card-price-big\">$260.000.000 \n                                        <\/span>\n                                    <\/div>\n                                    <div class=\"card-location\">\n                                        Apartamento en Venta                                    <\/div>\n                                    <div class=\"card-direction\">\n                                        <div class=\"card-target\">\n                                            <em class=\"fas fa-map-marker-alt\"><\/em>\n                                            <span class=\"city\"> Medell\u00edn<\/span>\n                                            <span>&nbsp;\/&nbsp;<\/span>\n                                            <span class=\"neighborhood\"> PRADO<\/span>\n                                        <\/div>\n                                    <\/div>\n                                    <div class=\"specs\">\n                                        <div class=\"specs-data area\"><span class=\"span-data\">76 m2<\/span><\/div>\n                                        <div class=\"specs-data rooms\"><span class=\"span-data\">Habit. 2<\/span><\/div><div class=\"specs-data baths\"><span class=\"span-data\">Ba\u00f1os 2<\/span><\/div><div class=\"specs-data garages\"><span class=\"span-data\">Garaje 1<\/span><\/div>                                        \n                                        \n                                        \n                                    <\/div>\n                                <\/div>\n                            <\/a>\n                        <\/div>\n                    \n                   \n\t\t\t\n                                <div data-history=\"4\" class=\"swiper-slide\" >\n                            <a class=\"card\"  href=\"\/inmueble\/apartamento-en-venta-en-prado-medellin-3586327\" target=\"_blank\">\n                                <div class=\"card-image\">\n                                    <img decoding=\"async\" class=\"img-inmueble\"  \n                                        src=\"https:\/\/www-img-cc.s3.amazonaws.com\/inmuebles\/images\/3586327\/dac177551145121_plana.jpeg\"\n                                        alt=\"Apartamento\"\n                                        onerror=\"this.src='https:\/\/www.ciencuadras.com\/sources\/images\/result\/no-photo-property.png'\"\n                                    \/>\n                                <\/div>\n                                <div class=\"card-info\">\n                                    <div class=\"card-price\">\n                                        <span>Valor de compra: <\/span>                                        <br \/>\n                                        <span class=\"card-price-big\">$370.000.000 \n                                        <\/span>\n                                    <\/div>\n                                    <div class=\"card-location\">\n                                        Apartamento en Venta                                    <\/div>\n                                    <div class=\"card-direction\">\n                                        <div class=\"card-target\">\n                                            <em class=\"fas fa-map-marker-alt\"><\/em>\n                                            <span class=\"city\"> Medell\u00edn<\/span>\n                                            <span>&nbsp;\/&nbsp;<\/span>\n                                            <span class=\"neighborhood\"> PRADO<\/span>\n                                        <\/div>\n                                    <\/div>\n                                    <div class=\"specs\">\n                                        <div class=\"specs-data area\"><span class=\"span-data\">148 m2<\/span><\/div>\n                                        <div class=\"specs-data rooms\"><span class=\"span-data\">Habit. 5<\/span><\/div><div class=\"specs-data baths\"><span class=\"span-data\">Ba\u00f1os 2<\/span><\/div>                                        \n                                        \n                                        \n                                    <\/div>\n                                <\/div>\n                            <\/a>\n                        <\/div>\n                    \n                   \n\t\t\t\n                                <div data-history=\"5\" class=\"swiper-slide\" >\n                            <a class=\"card\"  href=\"\/inmueble\/apartamento-en-venta-en-prado-medellin-3564734\" target=\"_blank\">\n                                <div class=\"card-image\">\n                                    <img decoding=\"async\" class=\"img-inmueble\"  \n                                        src=\"https:\/\/www-img-cc.s3.amazonaws.com\/inmuebles\/images\/3564734\/cf176477025098_plana.jpeg\"\n                                        alt=\"Apartamento\"\n                                        onerror=\"this.src='https:\/\/www.ciencuadras.com\/sources\/images\/result\/no-photo-property.png'\"\n                                    \/>\n                                <\/div>\n                                <div class=\"card-info\">\n                                    <div class=\"card-price\">\n                                        <span>Valor de compra: <\/span>                                        <br \/>\n                                        <span class=\"card-price-big\">$410.000.000 \n                                        <\/span>\n                                    <\/div>\n                                    <div class=\"card-location\">\n                                        Apartamento en Venta                                    <\/div>\n                                    <div class=\"card-direction\">\n                                        <div class=\"card-target\">\n                                            <em class=\"fas fa-map-marker-alt\"><\/em>\n                                            <span class=\"city\"> Medell\u00edn<\/span>\n                                            <span>&nbsp;\/&nbsp;<\/span>\n                                            <span class=\"neighborhood\"> PRADO<\/span>\n                                        <\/div>\n                                    <\/div>\n                                    <div class=\"specs\">\n                                        <div class=\"specs-data area\"><span class=\"span-data\">73 m2<\/span><\/div>\n                                        <div class=\"specs-data rooms\"><span class=\"span-data\">Habit. 3<\/span><\/div><div class=\"specs-data baths\"><span class=\"span-data\">Ba\u00f1os 2<\/span><\/div><div class=\"specs-data garages\"><span class=\"span-data\">Garaje 1<\/span><\/div>                                        \n                                        \n                                        \n                                    <\/div>\n                                <\/div>\n                            <\/a>\n                        <\/div>\n                    \n                   \n\t\t\t\n                                <div data-history=\"6\" class=\"swiper-slide\" >\n                            <a class=\"card\"  href=\"\/inmueble\/apartamento-en-venta-en-prado-medellin-2889666\" target=\"_blank\">\n                                <div class=\"card-image\">\n                                    <img decoding=\"async\" class=\"img-inmueble\"  \n                                        src=\"https:\/\/www-img-cc.s3.amazonaws.com\/inmuebles\/images\/2889666\/gr172839809988_plana.jpeg\"\n                                        alt=\"Apartamento\"\n                                        onerror=\"this.src='https:\/\/www.ciencuadras.com\/sources\/images\/result\/no-photo-property.png'\"\n                                    \/>\n                                <\/div>\n                                <div class=\"card-info\">\n                                    <div class=\"card-price\">\n                                        <span>Valor de compra: <\/span>                                        <br \/>\n                                        <span class=\"card-price-big\">$325.000.000 \n                                        <\/span>\n                                    <\/div>\n                                    <div class=\"card-location\">\n                                        Apartamento en Venta                                    <\/div>\n                                    <div class=\"card-direction\">\n                                        <div class=\"card-target\">\n                                            <em class=\"fas fa-map-marker-alt\"><\/em>\n                                            <span class=\"city\"> Medell\u00edn<\/span>\n                                            <span>&nbsp;\/&nbsp;<\/span>\n                                            <span class=\"neighborhood\"> PRADO<\/span>\n                                        <\/div>\n                                    <\/div>\n                                    <div class=\"specs\">\n                                        <div class=\"specs-data area\"><span class=\"span-data\">112 m2<\/span><\/div>\n                                        <div class=\"specs-data rooms\"><span class=\"span-data\">Habit. 3<\/span><\/div><div class=\"specs-data baths\"><span class=\"span-data\">Ba\u00f1os 4<\/span><\/div><div class=\"specs-data garages\"><span class=\"span-data\">Garaje 1<\/span><\/div>                                        \n                                        \n                                        \n                                    <\/div>\n                                <\/div>\n                            <\/a>\n                        <\/div>\n                    \n                   \n\t\t\t\n                                <div data-history=\"7\" class=\"swiper-slide\" >\n                            <a class=\"card\"  href=\"\/inmueble\/apartamento-en-venta-en-prado-medellin-3572705\" target=\"_blank\">\n                                <div class=\"card-image\">\n                                    <img decoding=\"async\" class=\"img-inmueble\"  \n                                        src=\"https:\/\/www-img-cc.s3.amazonaws.com\/inmuebles\/images\/3572705\/efada177014334479_plana.jpeg\"\n                                        alt=\"Apartamento\"\n                                        onerror=\"this.src='https:\/\/www.ciencuadras.com\/sources\/images\/result\/no-photo-property.png'\"\n                                    \/>\n                                <\/div>\n                                <div class=\"card-info\">\n                                    <div class=\"card-price\">\n                                        <span>Valor de compra: <\/span>                                        <br \/>\n                                        <span class=\"card-price-big\">$237.000.000 \n                                        <\/span>\n                                    <\/div>\n                                    <div class=\"card-location\">\n                                        Apartamento en Venta                                    <\/div>\n                                    <div class=\"card-direction\">\n                                        <div class=\"card-target\">\n                                            <em class=\"fas fa-map-marker-alt\"><\/em>\n                                            <span class=\"city\"> Medell\u00edn<\/span>\n                                            <span>&nbsp;\/&nbsp;<\/span>\n                                            <span class=\"neighborhood\"> PRADO<\/span>\n                                        <\/div>\n                                    <\/div>\n                                    <div class=\"specs\">\n                                        <div class=\"specs-data area\"><span class=\"span-data\">45 m2<\/span><\/div>\n                                        <div class=\"specs-data rooms\"><span class=\"span-data\">Habit. 2<\/span><\/div><div class=\"specs-data baths\"><span class=\"span-data\">Ba\u00f1os 1<\/span><\/div>                                        \n                                        \n                                        \n                                    <\/div>\n                                <\/div>\n                            <\/a>\n                        <\/div>\n                    \n                   \n\t\t\t\n                                <div data-history=\"8\" class=\"swiper-slide\" >\n                            <a class=\"card\"  href=\"\/inmueble\/apartamento-en-venta-en-prado-medellin-3646207\" target=\"_blank\">\n                                <div class=\"card-image\">\n                                    <img decoding=\"async\" class=\"img-inmueble\"  \n                                        src=\"https:\/\/www-img-cc.s3.amazonaws.com\/inmuebles\/images\/3646207\/aeea17725845859_plana.jpeg\"\n                                        alt=\"Apartamento\"\n                                        onerror=\"this.src='https:\/\/www.ciencuadras.com\/sources\/images\/result\/no-photo-property.png'\"\n                                    \/>\n                                <\/div>\n                                <div class=\"card-info\">\n                                    <div class=\"card-price\">\n                                        <span>Valor de compra: <\/span>                                        <br \/>\n                                        <span class=\"card-price-big\">$182.000.000 \n                                        <\/span>\n                                    <\/div>\n                                    <div class=\"card-location\">\n                                        Apartamento en Venta                                    <\/div>\n                                    <div class=\"card-direction\">\n                                        <div class=\"card-target\">\n                                            <em class=\"fas fa-map-marker-alt\"><\/em>\n                                            <span class=\"city\"> Medell\u00edn<\/span>\n                                            <span>&nbsp;\/&nbsp;<\/span>\n                                            <span class=\"neighborhood\"> PRADO<\/span>\n                                        <\/div>\n                                    <\/div>\n                                    <div class=\"specs\">\n                                        <div class=\"specs-data area\"><span class=\"span-data\">42 m2<\/span><\/div>\n                                        <div class=\"specs-data rooms\"><span class=\"span-data\">Habit. 3<\/span><\/div><div class=\"specs-data baths\"><span class=\"span-data\">Ba\u00f1os 1<\/span><\/div>                                        \n                                        \n                                        \n                                    <\/div>\n                                <\/div>\n                            <\/a>\n                        <\/div>\n                    \n                   \n\t\t\t\n                                <div data-history=\"9\" class=\"swiper-slide\" >\n                            <a class=\"card\"  href=\"\/inmueble\/apartamento-en-venta-en-prado-medellin-3686738\" target=\"_blank\">\n                                <div class=\"card-image\">\n                                    <img decoding=\"async\" class=\"img-inmueble\"  \n                                        src=\"https:\/\/www-img-cc.s3.amazonaws.com\/inmuebles\/images\/3686738\/debebcdf177575831576_plana.jpeg\"\n                                        alt=\"Apartamento\"\n                                        onerror=\"this.src='https:\/\/www.ciencuadras.com\/sources\/images\/result\/no-photo-property.png'\"\n                                    \/>\n                                <\/div>\n                                <div class=\"card-info\">\n                                    <div class=\"card-price\">\n                                        <span>Valor de compra: <\/span>                                        <br \/>\n                                        <span class=\"card-price-big\">$395.000.000 \n                                        <\/span>\n                                    <\/div>\n                                    <div class=\"card-location\">\n                                        Apartamento en Venta                                    <\/div>\n                                    <div class=\"card-direction\">\n                                        <div class=\"card-target\">\n                                            <em class=\"fas fa-map-marker-alt\"><\/em>\n                                            <span class=\"city\"> Medell\u00edn<\/span>\n                                            <span>&nbsp;\/&nbsp;<\/span>\n                                            <span class=\"neighborhood\"> PRADO<\/span>\n                                        <\/div>\n                                    <\/div>\n                                    <div class=\"specs\">\n                                        <div class=\"specs-data area\"><span class=\"span-data\">123.22 m2<\/span><\/div>\n                                        <div class=\"specs-data rooms\"><span class=\"span-data\">Habit. 4<\/span><\/div><div class=\"specs-data baths\"><span class=\"span-data\">Ba\u00f1os 3<\/span><\/div><div class=\"specs-data garages\"><span class=\"span-data\">Garaje 1<\/span><\/div>                                        \n                                        \n                                        \n                                    <\/div>\n                                <\/div>\n                            <\/a>\n                        <\/div>\n                    \n                   \n\t\t\t\n                      \n                         <\/div>\n                    <\/div>\n                <div class=\"swiper-button-next next-swiper-id-292638a\"><\/div>\n                <div class=\"swiper-pagination  swiper-pagination-id-292638a\"><\/div>\n            <\/div>\n            <div class=\"container-button\">\n                <a href=\"\/venta\/medellin\/la-candelaria\/prado\/apartamento\" target=\"_blank\">\n                    <button class=\"slider-button\">Ver todos<\/button>\n                <\/a>\n\t\t    <\/div>\n\n            <script>\n                    idSwiper= '292638a';\n                    window['swiperId'+idSwiper] =new Swiper(`.swiper-id-${idSwiper}`, {\n                    spaceBetween: 10,\n                    slidesPerView: 1,\n                    slidesPerGroup: 1,\n                    width:270,\n                    centeredSlides:true,\n                    rewind:true,\n                    breakpointsBase:`.container-id-${idSwiper}`,\n                    navigation: {\n                        nextEl: `.next-swiper-id-${idSwiper}`,\n                        prevEl: `.prev-swiper-id-${idSwiper}`,\n                    },\n                    pagination: {\n                        el: `.swiper-pagination-id-${idSwiper}`,\n                    },\n                    preloadImages: false,\n                    breakpoints: {\n                        600: {\n                            slidesPerView: 2,\n                            spaceBetween: 10,\n                            slidesPerGroup: 2,\n                            width:550,\n                            centeredSlidesBounds: true,\n                            centeredSlides:false,\n                        },\n                        900: {\n                            slidesPerView: 3,\n                            spaceBetween: 10,\n                            slidesPerGroup: 3,\n                            width:830,\n                            centeredSlidesBounds: true,\n                            centeredSlides:false,\n                        },\n                        1200: {\n                            slidesPerView: 4,\n                            spaceBetween: 12,\n                            slidesPerGroup: 4,\n                            width:1110,\n                            centeredSlidesBounds: true,\n                            centeredSlides:false,\n                        },\n                    },\n                });\n            <\/script>\n\n            \n        \t\t<\/div>\n\t\t\t\t<\/div>\n\t\t\t\t\t<\/div>\n\t\t<\/div>\n\t\t\t\t\t<\/div>\n\t\t<\/section>\n\t\t\t\t<section class=\"elementor-section elementor-top-section elementor-element elementor-element-55e10173 elementor-section-boxed elementor-section-height-default elementor-section-height-default\" data-id=\"55e10173\" data-element_type=\"section\">\n\t\t\t\t\t\t<div class=\"elementor-container elementor-column-gap-default\">\n\t\t\t\t\t<div class=\"elementor-column elementor-col-100 elementor-top-column elementor-element elementor-element-2852ca40\" data-id=\"2852ca40\" data-element_type=\"column\">\n\t\t\t<div class=\"elementor-widget-wrap elementor-element-populated\">\n\t\t\t\t\t\t<div class=\"elementor-element elementor-element-2a2f8c91 elementor-widget elementor-widget-spacer\" data-id=\"2a2f8c91\" data-element_type=\"widget\" data-widget_type=\"spacer.default\">\n\t\t\t\t<div class=\"elementor-widget-container\">\n\t\t\t\t\t<div class=\"elementor-spacer\">\n\t\t\t<div class=\"elementor-spacer-inner\"><\/div>\n\t\t<\/div>\n\t\t\t\t<\/div>\n\t\t\t\t<\/div>\n\t\t\t\t\t<\/div>\n\t\t<\/div>\n\t\t\t\t\t<\/div>\n\t\t<\/section>\n\t\t\t\t<section class=\"elementor-section elementor-top-section elementor-element elementor-element-48ebbe elementor-section-boxed elementor-section-height-default elementor-section-height-default\" data-id=\"48ebbe\" data-element_type=\"section\">\n\t\t\t\t\t\t<div class=\"elementor-container elementor-column-gap-default\">\n\t\t\t\t\t<div class=\"elementor-column elementor-col-100 elementor-top-column elementor-element elementor-element-10174877\" data-id=\"10174877\" data-element_type=\"column\">\n\t\t\t<div class=\"elementor-widget-wrap elementor-element-populated\">\n\t\t\t\t\t\t<div class=\"elementor-element elementor-element-1e4826b7 elementor-widget elementor-widget-heading\" data-id=\"1e4826b7\" data-element_type=\"widget\" data-widget_type=\"heading.default\">\n\t\t\t\t<div class=\"elementor-widget-container\">\n\t\t\t<h2 class=\"elementor-heading-title elementor-size-default\">Principales barrios de Colombia<\/h2>\t\t<\/div>\n\t\t\t\t<\/div>\n\t\t\t\t\t<\/div>\n\t\t<\/div>\n\t\t\t\t\t<\/div>\n\t\t<\/section>\n\t\t\t\t<section class=\"elementor-section elementor-top-section elementor-element elementor-element-672b03e elementor-section-boxed elementor-section-height-default elementor-section-height-default\" data-id=\"672b03e\" data-element_type=\"section\">\n\t\t\t\t\t\t<div class=\"elementor-container elementor-column-gap-default\">\n\t\t\t\t\t<div class=\"elementor-column elementor-col-100 elementor-top-column elementor-element elementor-element-bb63522\" data-id=\"bb63522\" data-element_type=\"column\">\n\t\t\t<div class=\"elementor-widget-wrap elementor-element-populated\">\n\t\t\t\t\t\t<div class=\"elementor-element elementor-element-ed92b06 elementor-skin-carousel elementor-arrows-yes elementor-pagination-type-bullets elementor-pagination-position-outside elementor-invisible elementor-widget elementor-widget-media-carousel\" data-id=\"ed92b06\" data-element_type=\"widget\" data-settings=\"{&quot;space_between&quot;:{&quot;unit&quot;:&quot;px&quot;,&quot;size&quot;:35,&quot;sizes&quot;:[]},&quot;slides_per_view&quot;:&quot;3&quot;,&quot;_animation&quot;:&quot;fadeInDown&quot;,&quot;skin&quot;:&quot;carousel&quot;,&quot;effect&quot;:&quot;slide&quot;,&quot;show_arrows&quot;:&quot;yes&quot;,&quot;pagination&quot;:&quot;bullets&quot;,&quot;speed&quot;:500,&quot;autoplay&quot;:&quot;yes&quot;,&quot;autoplay_speed&quot;:5000,&quot;loop&quot;:&quot;yes&quot;,&quot;pause_on_hover&quot;:&quot;yes&quot;,&quot;pause_on_interaction&quot;:&quot;yes&quot;,&quot;space_between_tablet&quot;:{&quot;unit&quot;:&quot;px&quot;,&quot;size&quot;:10,&quot;sizes&quot;:[]},&quot;space_between_mobile&quot;:{&quot;unit&quot;:&quot;px&quot;,&quot;size&quot;:10,&quot;sizes&quot;:[]}}\" data-widget_type=\"media-carousel.default\">\n\t\t\t\t<div class=\"elementor-widget-container\">\n\t\t\t\t\t<div class=\"elementor-swiper\">\n\t\t\t<div class=\"elementor-main-swiper swiper\">\n\t\t\t\t<div class=\"swiper-wrapper\">\n\t\t\t\t\t\t\t\t\t\t\t<div class=\"swiper-slide\">\n\t\t\t\t\t\t\t<a href=\"https:\/\/www.ciencuadras.com\/blog\/guia-de-barrio-los-rosales-bogota\" target=\"_blank\">\t\t<div class=\"elementor-carousel-image\" role=\"img\" aria-label=\"\" style=\"background-image: url(&#039;https:\/\/www.ciencuadras.com\/blog\/wp-content\/uploads\/2021\/06\/320x368_Los-Rosales.jpg&#039;)\">\n\n\t\t\t\n\t\t\t\t\t<\/div>\n\t\t<\/a>\t\t\t\t\t\t<\/div>\n\t\t\t\t\t\t\t\t\t\t\t<div class=\"swiper-slide\">\n\t\t\t\t\t\t\t<a href=\"https:\/\/www.ciencuadras.com\/blog\/guia-de-barrio-castilla-bogota\" target=\"_blank\">\t\t<div class=\"elementor-carousel-image\" role=\"img\" aria-label=\"Barrio sugerido Castilla\" style=\"background-image: url(&#039;https:\/\/www.ciencuadras.com\/blog\/wp-content\/uploads\/2021\/05\/320x368_castilla.jpg&#039;)\">\n\n\t\t\t\n\t\t\t\t\t<\/div>\n\t\t<\/a>\t\t\t\t\t\t<\/div>\n\t\t\t\t\t\t\t\t\t\t\t<div class=\"swiper-slide\">\n\t\t\t\t\t\t\t<a href=\"https:\/\/www.ciencuadras.com\/blog\/guia-de-barrio-cedritos-bogota\" target=\"_blank\">\t\t<div class=\"elementor-carousel-image\" role=\"img\" aria-label=\"Barrio sugerido Cedritos\" style=\"background-image: url(&#039;https:\/\/www.ciencuadras.com\/blog\/wp-content\/uploads\/2021\/05\/320x368_cedritos.jpg&#039;)\">\n\n\t\t\t\n\t\t\t\t\t<\/div>\n\t\t<\/a>\t\t\t\t\t\t<\/div>\n\t\t\t\t\t\t\t\t\t\t\t<div class=\"swiper-slide\">\n\t\t\t\t\t\t\t<a href=\"https:\/\/www.ciencuadras.com\/blog\/guia-de-barrio-hayuelos-bogota\" target=\"_blank\">\t\t<div class=\"elementor-carousel-image\" role=\"img\" aria-label=\"Barrio sugerido Hayuelos\" style=\"background-image: url(&#039;https:\/\/www.ciencuadras.com\/blog\/wp-content\/uploads\/2021\/05\/320x368_Hayuelos.jpg&#039;)\">\n\n\t\t\t\n\t\t\t\t\t<\/div>\n\t\t<\/a>\t\t\t\t\t\t<\/div>\n\t\t\t\t\t\t\t\t\t\t\t<div class=\"swiper-slide\">\n\t\t\t\t\t\t\t<a href=\"https:\/\/www.ciencuadras.com\/blog\/guia-de-barrio-galerias-bogota\" target=\"_blank\">\t\t<div class=\"elementor-carousel-image\" role=\"img\" aria-label=\"\" style=\"background-image: url(&#039;https:\/\/www.ciencuadras.com\/blog\/wp-content\/uploads\/2021\/05\/320x368_galerias.jpg&#039;)\">\n\n\t\t\t\n\t\t\t\t\t<\/div>\n\t\t<\/a>\t\t\t\t\t\t<\/div>\n\t\t\t\t\t\t\t\t\t<\/div>\n\t\t\t\t\t\t\t\t\t\t\t\t\t\t\t<div class=\"swiper-pagination\"><\/div>\n\t\t\t\t\t\t\t\t\t\t\t\t\t\t\t\t<div class=\"elementor-swiper-button elementor-swiper-button-prev\" role=\"button\" tabindex=\"0\">\n\t\t\t\t\t\t\t<svg aria-hidden=\"true\" class=\"e-font-icon-svg e-eicon-chevron-left\" viewBox=\"0 0 1000 1000\" xmlns=\"http:\/\/www.w3.org\/2000\/svg\"><path d=\"M646 125C629 125 613 133 604 142L308 442C296 454 292 471 292 487 292 504 296 521 308 533L604 854C617 867 629 875 646 875 663 875 679 871 692 858 704 846 713 829 713 812 713 796 708 779 692 767L438 487 692 225C700 217 708 204 708 187 708 171 704 154 692 142 675 129 663 125 646 125Z\"><\/path><\/svg>\t\t\t\t\t\t\t<span class=\"elementor-screen-only\">Previous<\/span>\n\t\t\t\t\t\t<\/div>\n\t\t\t\t\t\t<div class=\"elementor-swiper-button elementor-swiper-button-next\" role=\"button\" tabindex=\"0\">\n\t\t\t\t\t\t\t<svg aria-hidden=\"true\" class=\"e-font-icon-svg e-eicon-chevron-right\" viewBox=\"0 0 1000 1000\" xmlns=\"http:\/\/www.w3.org\/2000\/svg\"><path d=\"M696 533C708 521 713 504 713 487 713 471 708 454 696 446L400 146C388 133 375 125 354 125 338 125 325 129 313 142 300 154 292 171 292 187 292 204 296 221 308 233L563 492 304 771C292 783 288 800 288 817 288 833 296 850 308 863 321 871 338 875 354 875 371 875 388 867 400 854L696 533Z\"><\/path><\/svg>\t\t\t\t\t\t\t<span class=\"elementor-screen-only\">Next<\/span>\n\t\t\t\t\t\t<\/div>\n\t\t\t\t\t\t\t\t\t\t\t\t<\/div>\n\t\t<\/div>\n\t\t\t\t<\/div>\n\t\t\t\t<\/div>\n\t\t\t\t\t<\/div>\n\t\t<\/div>\n\t\t\t\t\t<\/div>\n\t\t<\/section>\n\t\t\t\t<section class=\"elementor-section elementor-top-section elementor-element elementor-element-78053544 elementor-section-boxed elementor-section-height-default elementor-section-height-default\" data-id=\"78053544\" data-element_type=\"section\">\n\t\t\t\t\t\t<div class=\"elementor-container elementor-column-gap-default\">\n\t\t\t\t\t<div class=\"elementor-column elementor-col-100 elementor-top-column elementor-element elementor-element-46d290f9\" data-id=\"46d290f9\" data-element_type=\"column\">\n\t\t\t<div class=\"elementor-widget-wrap elementor-element-populated\">\n\t\t\t\t\t\t<div class=\"elementor-element elementor-element-52e8fdfd elementor-widget elementor-widget-heading\" data-id=\"52e8fdfd\" data-element_type=\"widget\" data-widget_type=\"heading.default\">\n\t\t\t\t<div class=\"elementor-widget-container\">\n\t\t\t<h2 class=\"elementor-heading-title elementor-size-default\">Barrios Sugeridos en Medell\u00edn<\/h2>\t\t<\/div>\n\t\t\t\t<\/div>\n\t\t\t\t<div class=\"elementor-element elementor-element-1265e76 elementor-widget elementor-widget-spacer\" data-id=\"1265e76\" data-element_type=\"widget\" data-widget_type=\"spacer.default\">\n\t\t\t\t<div class=\"elementor-widget-container\">\n\t\t\t\t\t<div class=\"elementor-spacer\">\n\t\t\t<div class=\"elementor-spacer-inner\"><\/div>\n\t\t<\/div>\n\t\t\t\t<\/div>\n\t\t\t\t<\/div>\n\t\t\t\t\t<\/div>\n\t\t<\/div>\n\t\t\t\t\t<\/div>\n\t\t<\/section>\n\t\t\t\t<section class=\"elementor-section elementor-top-section elementor-element elementor-element-6b542283 elementor-section-boxed elementor-section-height-default elementor-section-height-default\" data-id=\"6b542283\" data-element_type=\"section\">\n\t\t\t\t\t\t<div class=\"elementor-container elementor-column-gap-default\">\n\t\t\t\t\t<div class=\"elementor-column elementor-col-25 elementor-top-column elementor-element elementor-element-3ffb3d02\" data-id=\"3ffb3d02\" data-element_type=\"column\">\n\t\t\t<div class=\"elementor-widget-wrap elementor-element-populated\">\n\t\t\t\t\t\t<div class=\"elementor-element elementor-element-48ae39ae elementor-widget elementor-widget-text-editor\" data-id=\"48ae39ae\" data-element_type=\"widget\" data-widget_type=\"text-editor.default\">\n\t\t\t\t<div class=\"elementor-widget-container\">\n\t\t\t\t\t\t\t<p><a href=\"https:\/\/www.ciencuadras.com\/arriendo\/medellin\/la-candelaria\" target=\"_blank\" rel=\"noopener\"><span data-sheets-value=\"{\" data-sheets-formula=\"=CONCATENAR(R[0]C[-6]:R[0]C[-1])\">La Candelaria, Medell\u00edn<\/span><\/a><\/p><p><a href=\"https:\/\/www.ciencuadras.com\/arriendo\/medellin\/laureles-estadio\" target=\"_blank\" rel=\"noopener\">Laureles, Medell\u00edn<\/a><\/p><p><a href=\"https:\/\/www.ciencuadras.com\/arriendo\/medellin\/belen\" target=\"_blank\" rel=\"noopener\">Bel\u00e9n, Medell\u00edn<\/a><\/p><p><a href=\"https:\/\/www.ciencuadras.com\/arriendo\/medellin\/guayabal\" target=\"_blank\" rel=\"noopener\">Guayabal, Medell\u00edn<\/a><\/p><p><a href=\"https:\/\/www.ciencuadras.com\/arriendo\/medellin\/la-america\" target=\"_blank\" rel=\"noopener\"><span data-sheets-value=\"{\">La Am\u00e9rica, Medell\u00edn<\/span><\/a><\/p><p><a href=\"https:\/\/www.ciencuadras.com\/arriendo\/medellin\/robledo\" target=\"_blank\" rel=\"noopener\">Robledo, Medell\u00edn<\/a><\/p>\t\t\t\t\t\t<\/div>\n\t\t\t\t<\/div>\n\t\t\t\t\t<\/div>\n\t\t<\/div>\n\t\t\t\t<div class=\"elementor-column elementor-col-25 elementor-top-column elementor-element elementor-element-505e1eed\" data-id=\"505e1eed\" data-element_type=\"column\">\n\t\t\t<div class=\"elementor-widget-wrap elementor-element-populated\">\n\t\t\t\t\t\t<div class=\"elementor-element elementor-element-2cd4a502 elementor-widget elementor-widget-text-editor\" data-id=\"2cd4a502\" data-element_type=\"widget\" data-widget_type=\"text-editor.default\">\n\t\t\t\t<div class=\"elementor-widget-container\">\n\t\t\t\t\t\t\t<p><a href=\"https:\/\/www.ciencuadras.com\/arriendo\/medellin\/san-javier\" target=\"_blank\" rel=\"noopener\">San Javier, Medell\u00edn<\/a><\/p><p><a href=\"https:\/\/www.ciencuadras.com\/arriendo\/medellin\/buenos-aires\" target=\"_blank\" rel=\"noopener\">Buenos Aires, Medell\u00edn<\/a><\/p><p><a href=\"https:\/\/www.ciencuadras.com\/arriendo\/medellin\/aranjuez\" target=\"_blank\" rel=\"noopener\">Aranjuez, Medell\u00edn<\/a><\/p><p><a href=\"https:\/\/www.ciencuadras.com\/arriendo\/medellin\/la-candelaria\/villanueva\" target=\"_blank\" rel=\"noopener\">Villanueva, Medell\u00edn<\/a><\/p><p><a href=\"https:\/\/www.ciencuadras.com\/arriendo\/medellin\/laureles-estadio\/los-conquistadores\" target=\"_blank\" rel=\"noopener\">Los conquistadores, Medell\u00edn<\/a><\/p><p><a href=\"https:\/\/www.ciencuadras.com\/arriendo\/medellin\/el-poblado\/san-lucas\" target=\"_blank\" rel=\"noopener\">San Lucas, Medell\u00edn<\/a><\/p>\t\t\t\t\t\t<\/div>\n\t\t\t\t<\/div>\n\t\t\t\t\t<\/div>\n\t\t<\/div>\n\t\t\t\t<div class=\"elementor-column elementor-col-25 elementor-top-column elementor-element elementor-element-73b4f773\" data-id=\"73b4f773\" data-element_type=\"column\">\n\t\t\t<div class=\"elementor-widget-wrap elementor-element-populated\">\n\t\t\t\t\t\t<div class=\"elementor-element elementor-element-5ad78b90 elementor-widget elementor-widget-text-editor\" data-id=\"5ad78b90\" data-element_type=\"widget\" data-widget_type=\"text-editor.default\">\n\t\t\t\t<div class=\"elementor-widget-container\">\n\t\t\t\t\t\t\t<p><a href=\"https:\/\/www.ciencuadras.com\/arriendo\/medellin\/el-poblado\/alejandria\" target=\"_blank\" rel=\"noopener\">Alejandr\u00eda, Medell\u00edn<\/a><\/p><p><a href=\"https:\/\/www.ciencuadras.com\/arriendo\/medellin\/belen\/la-hondonada\" target=\"_blank\" rel=\"noopener\">La Hondonada, Medell\u00edn<\/a><\/p><p><a href=\"https:\/\/www.ciencuadras.com\/arriendo\/medellin\/laureles-estadio\/la-castellana\" target=\"_blank\" rel=\"noopener\">La Castellana, Medell\u00edn<\/a><\/p><p><a href=\"https:\/\/www.ciencuadras.com\/arriendo\/medellin\/la-candelaria\/corazon-de-jesus\" target=\"_blank\" rel=\"noopener\">Coraz\u00f3n de Jes\u00fas, Medell\u00edn<\/a><\/p><p><a href=\"https:\/\/www.ciencuadras.com\/arriendo\/medellin\/belen\/rosales\" target=\"_blank\" rel=\"noopener\">Rosales, Medell\u00edn<\/a><\/p><p><a href=\"https:\/\/www.ciencuadras.com\/arriendo\/medellin\/laureles-estadio\/lorena\" target=\"_blank\" rel=\"noopener\">Lorena, Medell\u00edn<\/a><\/p>\t\t\t\t\t\t<\/div>\n\t\t\t\t<\/div>\n\t\t\t\t\t<\/div>\n\t\t<\/div>\n\t\t\t\t<div class=\"elementor-column elementor-col-25 elementor-top-column elementor-element elementor-element-47e161fe\" data-id=\"47e161fe\" data-element_type=\"column\">\n\t\t\t<div class=\"elementor-widget-wrap elementor-element-populated\">\n\t\t\t\t\t\t<div class=\"elementor-element elementor-element-437b73e4 elementor-widget elementor-widget-text-editor\" data-id=\"437b73e4\" data-element_type=\"widget\" data-widget_type=\"text-editor.default\">\n\t\t\t\t<div class=\"elementor-widget-container\">\n\t\t\t\t\t\t\t<p><a href=\"https:\/\/www.ciencuadras.com\/arriendo\/medellin\/el-poblado\/la-florida\" target=\"_blank\" rel=\"noopener\">La Florida, Medell\u00edn<\/a><\/p><p><a href=\"https:\/\/www.ciencuadras.com\/arriendo\/medellin\/el-poblado\/castropol\" target=\"_blank\" rel=\"noopener\">Castropol, Medell\u00edn<\/a><\/p><p><a href=\"https:\/\/www.ciencuadras.com\/arriendo\/medellin\/belen\/la-palma\" target=\"_blank\" rel=\"noopener\">La Palma, Medell\u00edn<\/a><\/p><p><a href=\"https:\/\/www.ciencuadras.com\/arriendo\/medellin\/laureles-estadio\/los-colores\" target=\"_blank\" rel=\"noopener\">Los colores, Medell\u00edn<\/a><\/p><p><a href=\"https:\/\/www.ciencuadras.com\/arriendo\/medellin\/el-poblado\/la-linde\" target=\"_blank\" rel=\"noopener\">La Linde, Medell\u00edn<\/a><\/p><p><a href=\"https:\/\/www.ciencuadras.com\/arriendo\/medellin\/el-poblado\/el-castillo\" target=\"_blank\" rel=\"noopener\">El Castillo, Medell\u00edn<\/a><\/p>\t\t\t\t\t\t<\/div>\n\t\t\t\t<\/div>\n\t\t\t\t\t<\/div>\n\t\t<\/div>\n\t\t\t\t\t<\/div>\n\t\t<\/section>\n\t\t\t\t<\/div>\n\t\t\n","protected":false},"excerpt":{"rendered":"<p>Gu\u00eda de barrio Prado: Medell\u00edn Cuando visitas Medell\u00edn, un paso obligado es recorrer el barrio Prado, si no, no has visitado Medell\u00edn. Est\u00e1 ubicado en &hellip;<\/p>\n","protected":false},"author":2,"featured_media":0,"parent":0,"menu_order":0,"comment_status":"closed","ping_status":"closed","template":"elementor_header_footer","meta":{"footnotes":""},"acf":[],"yoast_head":"<!-- This site is optimized with the Yoast SEO plugin v15.9 - https:\/\/yoast.com\/wordpress\/plugins\/seo\/ -->\n<title>Gu\u00eda de barrio Prado - Barrios en Medell\u00edn | Ciencuadras<\/title>\n<meta name=\"description\" content=\"Conoce todo sobre el Barrio Prado en Medell\u00edn, su historia e informaci\u00f3n del sector inmobiliario, encuentra apartamentos, casas y proyectos de vivienda\" \/>\n<meta name=\"robots\" content=\"index, follow, max-snippet:-1, max-image-preview:large, max-video-preview:-1\" \/>\n<link rel=\"canonical\" href=\"https:\/\/www.ciencuadras.com\/blog\/guia-de-barrio-prado-medellin\" \/>\n<meta property=\"og:locale\" content=\"es_ES\" \/>\n<meta property=\"og:type\" content=\"article\" \/>\n<meta property=\"og:title\" content=\"Gu\u00eda de barrio Prado - Barrios en Medell\u00edn | Ciencuadras\" \/>\n<meta property=\"og:description\" content=\"Conoce todo sobre el Barrio Prado en Medell\u00edn, su historia e informaci\u00f3n del sector inmobiliario, encuentra apartamentos, casas y proyectos de vivienda\" \/>\n<meta property=\"og:url\" content=\"https:\/\/www.ciencuadras.com\/blog\/guia-de-barrio-prado-medellin\" \/>\n<meta property=\"article:publisher\" content=\"https:\/\/www.facebook.com\/ciencuadras\/\" \/>\n<meta property=\"article:modified_time\" content=\"2025-07-17T19:45:10+00:00\" \/>\n<meta property=\"og:image\" content=\"https:\/\/www.ciencuadras.com\/blog\/wp-content\/uploads\/2024\/07\/SLIDER_desktop_podcast.jpg\" \/>\n<meta name=\"twitter:card\" content=\"summary_large_image\" \/>\n<meta name=\"twitter:site\" content=\"@ciencuadras\" \/>\n<meta name=\"twitter:label1\" content=\"Est. reading time\">\n\t<meta name=\"twitter:data1\" content=\"9 minutos\">\n<script type=\"application\/ld+json\" class=\"yoast-schema-graph\">{\"@context\":\"https:\/\/schema.org\",\"@graph\":[{\"@type\":\"Organization\",\"@id\":\"https:\/\/www.ciencuadras.com\/blog\/#organization\",\"name\":\"Ciencuadras.com\",\"url\":\"https:\/\/www.ciencuadras.com\/blog\/\",\"sameAs\":[\"https:\/\/www.facebook.com\/ciencuadras\/\",\"https:\/\/www.instagram.com\/ciencuadras\/\",\"https:\/\/co.linkedin.com\/company\/ciencuadras\",\"https:\/\/www.youtube.com\/channel\/UC_f830HP5dUy6OjBIbjtlAw\",\"https:\/\/twitter.com\/ciencuadras\"],\"logo\":{\"@type\":\"ImageObject\",\"@id\":\"https:\/\/www.ciencuadras.com\/blog\/#logo\",\"inLanguage\":\"es-CO\",\"url\":\"\",\"caption\":\"Ciencuadras.com\"},\"image\":{\"@id\":\"https:\/\/www.ciencuadras.com\/blog\/#logo\"}},{\"@type\":\"WebSite\",\"@id\":\"https:\/\/www.ciencuadras.com\/blog\/#website\",\"url\":\"https:\/\/www.ciencuadras.com\/blog\/\",\"name\":\"\",\"description\":\"\",\"publisher\":{\"@id\":\"https:\/\/www.ciencuadras.com\/blog\/#organization\"},\"potentialAction\":[{\"@type\":\"SearchAction\",\"target\":\"https:\/\/www.ciencuadras.com\/blog\/?s={search_term_string}\",\"query-input\":\"required name=search_term_string\"}],\"inLanguage\":\"es-CO\"},{\"@type\":\"ImageObject\",\"@id\":\"https:\/\/www.ciencuadras.com\/blog\/guia-de-barrio-prado-medellin#primaryimage\",\"inLanguage\":\"es-CO\",\"url\":\"https:\/\/www.ciencuadras.com\/blog\/wp-content\/uploads\/2024\/07\/SLIDER_desktop_podcast.jpg\",\"width\":1080,\"height\":270},{\"@type\":\"WebPage\",\"@id\":\"https:\/\/www.ciencuadras.com\/blog\/guia-de-barrio-prado-medellin#webpage\",\"url\":\"https:\/\/www.ciencuadras.com\/blog\/guia-de-barrio-prado-medellin\",\"name\":\"Gu\\u00eda de barrio Prado - Barrios en Medell\\u00edn | Ciencuadras\",\"isPartOf\":{\"@id\":\"https:\/\/www.ciencuadras.com\/blog\/#website\"},\"primaryImageOfPage\":{\"@id\":\"https:\/\/www.ciencuadras.com\/blog\/guia-de-barrio-prado-medellin#primaryimage\"},\"datePublished\":\"2023-01-25T16:33:11+00:00\",\"dateModified\":\"2025-07-17T19:45:10+00:00\",\"description\":\"Conoce todo sobre el Barrio Prado en Medell\\u00edn, su historia e informaci\\u00f3n del sector inmobiliario, encuentra apartamentos, casas y proyectos de vivienda\",\"breadcrumb\":{\"@id\":\"https:\/\/www.ciencuadras.com\/blog\/guia-de-barrio-prado-medellin#breadcrumb\"},\"inLanguage\":\"es-CO\",\"potentialAction\":[{\"@type\":\"ReadAction\",\"target\":[\"https:\/\/www.ciencuadras.com\/blog\/guia-de-barrio-prado-medellin\"]}]},{\"@type\":\"BreadcrumbList\",\"@id\":\"https:\/\/www.ciencuadras.com\/blog\/guia-de-barrio-prado-medellin#breadcrumb\",\"itemListElement\":[{\"@type\":\"ListItem\",\"position\":1,\"item\":{\"@type\":\"WebPage\",\"@id\":\"https:\/\/www.ciencuadras.com\/blog\",\"url\":\"https:\/\/www.ciencuadras.com\/blog\",\"name\":\"Blog\"}},{\"@type\":\"ListItem\",\"position\":2,\"item\":{\"@type\":\"WebPage\",\"@id\":\"https:\/\/www.ciencuadras.com\/blog\/guia-de-barrio-prado-medellin\",\"url\":\"https:\/\/www.ciencuadras.com\/blog\/guia-de-barrio-prado-medellin\",\"name\":\"Gu\\u00eda de barrio Prado : Medell\\u00edn\"}}]}]}<\/script>\n<!-- \/ Yoast SEO plugin. -->","_links":{"self":[{"href":"https:\/\/www.ciencuadras.com\/blog\/wp-json\/wp\/v2\/pages\/112980"}],"collection":[{"href":"https:\/\/www.ciencuadras.com\/blog\/wp-json\/wp\/v2\/pages"}],"about":[{"href":"https:\/\/www.ciencuadras.com\/blog\/wp-json\/wp\/v2\/types\/page"}],"author":[{"embeddable":true,"href":"https:\/\/www.ciencuadras.com\/blog\/wp-json\/wp\/v2\/users\/2"}],"replies":[{"embeddable":true,"href":"https:\/\/www.ciencuadras.com\/blog\/wp-json\/wp\/v2\/comments?post=112980"}],"version-history":[{"count":65,"href":"https:\/\/www.ciencuadras.com\/blog\/wp-json\/wp\/v2\/pages\/112980\/revisions"}],"predecessor-version":[{"id":125600,"href":"https:\/\/www.ciencuadras.com\/blog\/wp-json\/wp\/v2\/pages\/112980\/revisions\/125600"}],"wp:attachment":[{"href":"https:\/\/www.ciencuadras.com\/blog\/wp-json\/wp\/v2\/media?parent=112980"}],"curies":[{"name":"wp","href":"https:\/\/api.w.org\/{rel}","templated":true}]}}