{"id":113368,"date":"2023-01-26T08:32:09","date_gmt":"2023-01-26T13:32:09","guid":{"rendered":"https:\/\/www.ciencuadras.com\/blog\/?page_id=113368"},"modified":"2023-01-26T08:45:48","modified_gmt":"2023-01-26T13:45:48","slug":"guia-de-ciudades-neiva","status":"publish","type":"page","link":"https:\/\/www.ciencuadras.com\/blog\/guia-de-ciudades-neiva","title":{"rendered":"Guia de ciudades Neiva"},"content":{"rendered":"\t\t<div data-elementor-type=\"wp-page\" data-elementor-id=\"113368\" class=\"elementor elementor-113368\" data-elementor-post-type=\"page\">\n\t\t\t\t\n\t\t<section class=\"elementor-section elementor-top-section elementor-element elementor-element-416bf02 elementor-section-boxed elementor-section-height-default elementor-section-height-default\" data-id=\"416bf02\" data-element_type=\"section\">\n\t\t\t\t\t\t<div class=\"elementor-container elementor-column-gap-default\">\n\t\t\t\t\t<div class=\"elementor-column elementor-col-100 elementor-top-column elementor-element elementor-element-17d4cd67\" data-id=\"17d4cd67\" data-element_type=\"column\">\n\t\t\t<div class=\"elementor-widget-wrap elementor-element-populated\">\n\t\t\t\t\t\t<div class=\"elementor-element elementor-element-51dd8a7a elementor-widget elementor-widget-heading\" data-id=\"51dd8a7a\" data-element_type=\"widget\" data-widget_type=\"heading.default\">\n\t\t\t\t<div class=\"elementor-widget-container\">\n\t\t\t<h1 class=\"elementor-heading-title elementor-size-default\">Gu\u00eda de ciudad: Neiva Colombia<\/h1>\t\t<\/div>\n\t\t\t\t<\/div>\n\t\t\t\t\t<\/div>\n\t\t<\/div>\n\t\t\t\t\t<\/div>\n\t\t<\/section>\n\t\t\t\t<section class=\"elementor-section elementor-top-section elementor-element elementor-element-455c70a elementor-section-boxed elementor-section-height-default elementor-section-height-default\" data-id=\"455c70a\" data-element_type=\"section\">\n\t\t\t\t\t\t<div class=\"elementor-container elementor-column-gap-default\">\n\t\t\t\t\t<div class=\"elementor-column elementor-col-100 elementor-top-column elementor-element elementor-element-7fec4b6c\" data-id=\"7fec4b6c\" data-element_type=\"column\">\n\t\t\t<div class=\"elementor-widget-wrap elementor-element-populated\">\n\t\t\t\t\t\t<div class=\"elementor-element elementor-element-46cfd1ed elementor-widget elementor-widget-spacer\" data-id=\"46cfd1ed\" data-element_type=\"widget\" data-widget_type=\"spacer.default\">\n\t\t\t\t<div class=\"elementor-widget-container\">\n\t\t\t\t\t<div class=\"elementor-spacer\">\n\t\t\t<div class=\"elementor-spacer-inner\"><\/div>\n\t\t<\/div>\n\t\t\t\t<\/div>\n\t\t\t\t<\/div>\n\t\t\t\t<div class=\"elementor-element elementor-element-688f8ddd elementor-widget elementor-widget-text-editor\" data-id=\"688f8ddd\" data-element_type=\"widget\" data-widget_type=\"text-editor.default\">\n\t\t\t\t<div class=\"elementor-widget-container\">\n\t\t\t\t\t\t\t<p><span style=\"font-weight: 400;\">Es la capital del departamento de Huila, ubicado en el centro sur de Colombia, sobre el alto r\u00edo Magdalena. Es muy conocida debido a los lugares tur\u00edsticos que tiene alrededor. Su ubicaci\u00f3n est\u00e1 entre las cordilleras Central y Oriental, y muestra grandes oportunidades de crecimiento y desarrollo. Durante mediados del a\u00f1o los turistas, tanto nacionales como internacionales, disfrutan del Festival folcl\u00f3rico y concurso nacional de belleza de El Bambuco.<\/span><\/p>\t\t\t\t\t\t<\/div>\n\t\t\t\t<\/div>\n\t\t\t\t\t<\/div>\n\t\t<\/div>\n\t\t\t\t\t<\/div>\n\t\t<\/section>\n\t\t\t\t<section class=\"elementor-section elementor-top-section elementor-element elementor-element-7e9b200f elementor-section-boxed elementor-section-height-default elementor-section-height-default\" data-id=\"7e9b200f\" data-element_type=\"section\">\n\t\t\t\t\t\t<div class=\"elementor-container elementor-column-gap-default\">\n\t\t\t\t\t<div class=\"elementor-column elementor-col-50 elementor-top-column elementor-element elementor-element-4a4b2c12\" data-id=\"4a4b2c12\" data-element_type=\"column\">\n\t\t\t<div class=\"elementor-widget-wrap elementor-element-populated\">\n\t\t\t\t\t\t<div class=\"elementor-element elementor-element-4fcb4e5b elementor-widget elementor-widget-image\" data-id=\"4fcb4e5b\" data-element_type=\"widget\" data-widget_type=\"image.default\">\n\t\t\t\t<div class=\"elementor-widget-container\">\n\t\t\t\t\t\t\t\t\t\t\t\t\t<img fetchpriority=\"high\" decoding=\"async\" width=\"760\" height=\"501\" src=\"https:\/\/www.ciencuadras.com\/blog\/wp-content\/uploads\/2023\/01\/760x501_Neiva.jpg\" class=\"attachment-large size-large wp-image-113372\" alt=\"Neiva\" srcset=\"https:\/\/www.ciencuadras.com\/blog\/wp-content\/uploads\/2023\/01\/760x501_Neiva.jpg 760w, https:\/\/www.ciencuadras.com\/blog\/wp-content\/uploads\/2023\/01\/760x501_Neiva-300x198.jpg 300w\" sizes=\"(max-width: 760px) 100vw, 760px\" \/>\t\t\t\t\t\t\t\t\t\t\t\t\t<\/div>\n\t\t\t\t<\/div>\n\t\t\t\t\t<\/div>\n\t\t<\/div>\n\t\t\t\t<div class=\"elementor-column elementor-col-50 elementor-top-column elementor-element elementor-element-5926e6bc\" data-id=\"5926e6bc\" data-element_type=\"column\">\n\t\t\t<div class=\"elementor-widget-wrap elementor-element-populated\">\n\t\t\t\t\t\t<div class=\"elementor-element elementor-element-3a3a89a2 elementor-widget elementor-widget-heading\" data-id=\"3a3a89a2\" data-element_type=\"widget\" data-widget_type=\"heading.default\">\n\t\t\t\t<div class=\"elementor-widget-container\">\n\t\t\t<h2 class=\"elementor-heading-title elementor-size-default\">Neiva en cifras<\/h2>\t\t<\/div>\n\t\t\t\t<\/div>\n\t\t\t\t<div class=\"elementor-element elementor-element-2eaf98c6 elementor-widget elementor-widget-text-editor\" data-id=\"2eaf98c6\" data-element_type=\"widget\" data-widget_type=\"text-editor.default\">\n\t\t\t\t<div class=\"elementor-widget-container\">\n\t\t\t\t\t\t\t<ul><li style=\"font-weight: 400;\" aria-level=\"1\"><span style=\"font-weight: 400;\">Casas en venta usadas <\/span><a href=\"https:\/\/www.ciencuadras.com\/venta\/neiva\/casa\" target=\"_blank\" rel=\"noopener\"><span style=\"font-weight: 400;\">2<\/span><\/a><span style=\"font-weight: 400;\"> resultados<\/span><\/li><li style=\"font-weight: 400;\" aria-level=\"1\"><span style=\"font-weight: 400;\">Casas en arriendo <\/span><a href=\"https:\/\/www.ciencuadras.com\/arriendo\/neiva\/casa\" target=\"_blank\" rel=\"noopener\"><span style=\"font-weight: 400;\">23<\/span><\/a><span style=\"font-weight: 400;\"> resultados<\/span><\/li><li style=\"font-weight: 400;\" aria-level=\"1\"><span style=\"font-weight: 400;\">Apartamentos en venta usados <\/span><a href=\"https:\/\/www.ciencuadras.com\/venta\/neiva\/apartamento\" target=\"_blank\" rel=\"noopener\"><span style=\"font-weight: 400;\">205<\/span><\/a><span style=\"font-weight: 400;\"> resultados<\/span><\/li><li style=\"font-weight: 400;\" aria-level=\"1\"><span style=\"font-weight: 400;\">Apartamentos en arriendo <\/span><a href=\"https:\/\/www.ciencuadras.com\/arriendo\/neiva\/apartamento\" target=\"_blank\" rel=\"noopener\"><span style=\"font-weight: 400;\">29<\/span><\/a><span style=\"font-weight: 400;\"> resultados<\/span><\/li><li style=\"font-weight: 400;\" aria-level=\"1\"><span style=\"font-weight: 400;\">Neiva cuenta con lugares incre\u00edbles alrededor como San Agust\u00edn y el Desierto de la Tatacoa<\/span><\/li><li style=\"font-weight: 400;\" aria-level=\"1\"><span style=\"font-weight: 400;\">La temperatura media es de 25\u00b0C\u00a0<\/span><\/li><li style=\"font-weight: 400;\" aria-level=\"1\"><span style=\"font-weight: 400;\">Conectada v\u00eda terrestre con todo el pa\u00eds, se <\/span><a href=\"https:\/\/www.popayan.gov.co\/MiMunicipio\/Paginas\/Nuestra-Geografia.aspx#gsc.tab=0\" target=\"_blank\" rel=\"noopener\"><span style=\"font-weight: 400;\">ubica<\/span><\/a><span style=\"font-weight: 400;\"> a 231 km de Bogot\u00e1 y a 148 km de Cali.<\/span><\/li><li style=\"font-weight: 400;\" aria-level=\"1\"><span style=\"font-weight: 400;\">Gentilicio: huilence (tambi\u00e9n se conocen como opitas)<\/span><\/li><li style=\"font-weight: 400;\" aria-level=\"1\"><span style=\"font-weight: 400;\">Se ubica sobre los 442 msnm (metros sobre el nivel del mar)<\/span><\/li><\/ul>\t\t\t\t\t\t<\/div>\n\t\t\t\t<\/div>\n\t\t\t\t\t<\/div>\n\t\t<\/div>\n\t\t\t\t\t<\/div>\n\t\t<\/section>\n\t\t\t\t<section class=\"elementor-section elementor-top-section elementor-element elementor-element-3a7a1d20 elementor-section-boxed elementor-section-height-default elementor-section-height-default\" data-id=\"3a7a1d20\" data-element_type=\"section\">\n\t\t\t\t\t\t<div class=\"elementor-container elementor-column-gap-default\">\n\t\t\t\t\t<div class=\"elementor-column elementor-col-100 elementor-top-column elementor-element elementor-element-503900ad\" data-id=\"503900ad\" data-element_type=\"column\">\n\t\t\t<div class=\"elementor-widget-wrap elementor-element-populated\">\n\t\t\t\t\t\t<div class=\"elementor-element elementor-element-d8225df elementor-widget elementor-widget-spacer\" data-id=\"d8225df\" data-element_type=\"widget\" data-widget_type=\"spacer.default\">\n\t\t\t\t<div class=\"elementor-widget-container\">\n\t\t\t\t\t<div class=\"elementor-spacer\">\n\t\t\t<div class=\"elementor-spacer-inner\"><\/div>\n\t\t<\/div>\n\t\t\t\t<\/div>\n\t\t\t\t<\/div>\n\t\t\t\t\t<\/div>\n\t\t<\/div>\n\t\t\t\t\t<\/div>\n\t\t<\/section>\n\t\t\t\t<section class=\"elementor-section elementor-top-section elementor-element elementor-element-2f900747 elementor-section-boxed elementor-section-height-default elementor-section-height-default\" data-id=\"2f900747\" data-element_type=\"section\">\n\t\t\t\t\t\t<div class=\"elementor-container elementor-column-gap-default\">\n\t\t\t\t\t<div class=\"elementor-column elementor-col-100 elementor-top-column elementor-element elementor-element-14fe3846\" data-id=\"14fe3846\" data-element_type=\"column\">\n\t\t\t<div class=\"elementor-widget-wrap elementor-element-populated\">\n\t\t\t\t\t\t<div class=\"elementor-element elementor-element-2dfb4294 elementor-widget elementor-widget-heading\" data-id=\"2dfb4294\" data-element_type=\"widget\" data-widget_type=\"heading.default\">\n\t\t\t\t<div class=\"elementor-widget-container\">\n\t\t\t<h2 class=\"elementor-heading-title elementor-size-default\">Propiedades en Neiva<\/h2>\t\t<\/div>\n\t\t\t\t<\/div>\n\t\t\t\t<div class=\"elementor-element elementor-element-38de2b0b elementor-widget elementor-widget-spacer\" data-id=\"38de2b0b\" data-element_type=\"widget\" data-widget_type=\"spacer.default\">\n\t\t\t\t<div class=\"elementor-widget-container\">\n\t\t\t\t\t<div class=\"elementor-spacer\">\n\t\t\t<div class=\"elementor-spacer-inner\"><\/div>\n\t\t<\/div>\n\t\t\t\t<\/div>\n\t\t\t\t<\/div>\n\t\t\t\t\t<\/div>\n\t\t<\/div>\n\t\t\t\t\t<\/div>\n\t\t<\/section>\n\t\t\t\t<section class=\"elementor-section elementor-top-section elementor-element elementor-element-24f3cbf0 elementor-section-boxed elementor-section-height-default elementor-section-height-default\" data-id=\"24f3cbf0\" data-element_type=\"section\">\n\t\t\t\t\t\t<div class=\"elementor-container elementor-column-gap-default\">\n\t\t\t\t\t<div class=\"elementor-column elementor-col-33 elementor-top-column elementor-element elementor-element-2898221f\" data-id=\"2898221f\" data-element_type=\"column\">\n\t\t\t<div class=\"elementor-widget-wrap elementor-element-populated\">\n\t\t\t\t\t\t<div class=\"elementor-element elementor-element-3ee9c62f elementor-align-center elementor-widget elementor-widget-button\" data-id=\"3ee9c62f\" data-element_type=\"widget\" data-widget_type=\"button.default\">\n\t\t\t\t<div class=\"elementor-widget-container\">\n\t\t\t\t\t\t\t<div class=\"elementor-button-wrapper\">\n\t\t\t\t\t<a class=\"elementor-button elementor-button-link elementor-size-sm\" href=\"https:\/\/www.ciencuadras.com\/arriendo\/neiva\/neiva\" target=\"_blank\">\n\t\t\t\t\t\t<span class=\"elementor-button-content-wrapper\">\n\t\t\t\t\t\t\t\t\t<span class=\"elementor-button-text\">Inmuebles en Arriendo<\/span>\n\t\t\t\t\t<\/span>\n\t\t\t\t\t<\/a>\n\t\t\t\t<\/div>\n\t\t\t\t\t\t<\/div>\n\t\t\t\t<\/div>\n\t\t\t\t\t<\/div>\n\t\t<\/div>\n\t\t\t\t<div class=\"elementor-column elementor-col-33 elementor-top-column elementor-element elementor-element-265b1112\" data-id=\"265b1112\" data-element_type=\"column\">\n\t\t\t<div class=\"elementor-widget-wrap elementor-element-populated\">\n\t\t\t\t\t\t<div class=\"elementor-element elementor-element-379cce03 elementor-align-center elementor-widget elementor-widget-button\" data-id=\"379cce03\" data-element_type=\"widget\" data-widget_type=\"button.default\">\n\t\t\t\t<div class=\"elementor-widget-container\">\n\t\t\t\t\t\t\t<div class=\"elementor-button-wrapper\">\n\t\t\t\t\t<a class=\"elementor-button elementor-button-link elementor-size-sm\" href=\"https:\/\/www.ciencuadras.com\/venta\/neiva\/neiva\/neiva\" target=\"_blank\">\n\t\t\t\t\t\t<span class=\"elementor-button-content-wrapper\">\n\t\t\t\t\t\t\t\t\t<span class=\"elementor-button-text\">Inmuebles en Venta<\/span>\n\t\t\t\t\t<\/span>\n\t\t\t\t\t<\/a>\n\t\t\t\t<\/div>\n\t\t\t\t\t\t<\/div>\n\t\t\t\t<\/div>\n\t\t\t\t\t<\/div>\n\t\t<\/div>\n\t\t\t\t<div class=\"elementor-column elementor-col-33 elementor-top-column elementor-element elementor-element-6339d682\" data-id=\"6339d682\" data-element_type=\"column\">\n\t\t\t<div class=\"elementor-widget-wrap elementor-element-populated\">\n\t\t\t\t\t\t<div class=\"elementor-element elementor-element-62f83434 elementor-align-center elementor-widget elementor-widget-button\" data-id=\"62f83434\" data-element_type=\"widget\" data-widget_type=\"button.default\">\n\t\t\t\t<div class=\"elementor-widget-container\">\n\t\t\t\t\t\t\t<div class=\"elementor-button-wrapper\">\n\t\t\t\t\t<a class=\"elementor-button elementor-button-link elementor-size-sm\" href=\"https:\/\/www.ciencuadras.com\/proyectos-vivienda-nueva\/neiva\" target=\"_blank\">\n\t\t\t\t\t\t<span class=\"elementor-button-content-wrapper\">\n\t\t\t\t\t\t\t\t\t<span class=\"elementor-button-text\">Proyectos Nuevos<\/span>\n\t\t\t\t\t<\/span>\n\t\t\t\t\t<\/a>\n\t\t\t\t<\/div>\n\t\t\t\t\t\t<\/div>\n\t\t\t\t<\/div>\n\t\t\t\t\t<\/div>\n\t\t<\/div>\n\t\t\t\t\t<\/div>\n\t\t<\/section>\n\t\t\t\t<section class=\"elementor-section elementor-top-section elementor-element elementor-element-348b323e elementor-section-boxed elementor-section-height-default elementor-section-height-default\" data-id=\"348b323e\" data-element_type=\"section\">\n\t\t\t\t\t\t<div class=\"elementor-container elementor-column-gap-default\">\n\t\t\t\t\t<div class=\"elementor-column elementor-col-100 elementor-top-column elementor-element elementor-element-3921a415\" data-id=\"3921a415\" data-element_type=\"column\">\n\t\t\t<div class=\"elementor-widget-wrap elementor-element-populated\">\n\t\t\t\t\t\t<div class=\"elementor-element elementor-element-511dc24b elementor-widget elementor-widget-spacer\" data-id=\"511dc24b\" data-element_type=\"widget\" data-widget_type=\"spacer.default\">\n\t\t\t\t<div class=\"elementor-widget-container\">\n\t\t\t\t\t<div class=\"elementor-spacer\">\n\t\t\t<div class=\"elementor-spacer-inner\"><\/div>\n\t\t<\/div>\n\t\t\t\t<\/div>\n\t\t\t\t<\/div>\n\t\t\t\t<div class=\"elementor-element elementor-element-51262148 elementor-widget elementor-widget-heading\" data-id=\"51262148\" data-element_type=\"widget\" data-widget_type=\"heading.default\">\n\t\t\t\t<div class=\"elementor-widget-container\">\n\t\t\t<h1 class=\"elementor-heading-title elementor-size-default\">Neiva, la opita\n<\/h1>\t\t<\/div>\n\t\t\t\t<\/div>\n\t\t\t\t<div class=\"elementor-element elementor-element-22928bb4 elementor-widget elementor-widget-spacer\" data-id=\"22928bb4\" data-element_type=\"widget\" data-widget_type=\"spacer.default\">\n\t\t\t\t<div class=\"elementor-widget-container\">\n\t\t\t\t\t<div class=\"elementor-spacer\">\n\t\t\t<div class=\"elementor-spacer-inner\"><\/div>\n\t\t<\/div>\n\t\t\t\t<\/div>\n\t\t\t\t<\/div>\n\t\t\t\t\t<\/div>\n\t\t<\/div>\n\t\t\t\t\t<\/div>\n\t\t<\/section>\n\t\t\t\t<section class=\"elementor-section elementor-top-section elementor-element elementor-element-5427894e elementor-section-boxed elementor-section-height-default elementor-section-height-default\" data-id=\"5427894e\" data-element_type=\"section\">\n\t\t\t\t\t\t<div class=\"elementor-container elementor-column-gap-default\">\n\t\t\t\t\t<div class=\"elementor-column elementor-col-50 elementor-top-column elementor-element elementor-element-218e49bd\" data-id=\"218e49bd\" data-element_type=\"column\">\n\t\t\t<div class=\"elementor-widget-wrap elementor-element-populated\">\n\t\t\t\t\t\t<div class=\"elementor-element elementor-element-2d7ae245 elementor-widget elementor-widget-text-editor\" data-id=\"2d7ae245\" data-element_type=\"widget\" data-widget_type=\"text-editor.default\">\n\t\t\t\t<div class=\"elementor-widget-container\">\n\t\t\t\t\t\t\t<h3><b>Historia\u00a0<\/b><\/h3><p>\u00a0<\/p><p><span style=\"font-weight: 400;\">Despu\u00e9s de varios intentos fallidos por fundar la ciudad, el primero de ellos por parte de Juan de Cabrera en 1539, quien por \u00f3rdenes de Sebasti\u00e1n de Belalc\u00e1zar fuera a fundar la ciudad y fracasara debido a enfrentamientos entre abor\u00edgenes y conquistadores. <\/span><\/p><p><span style=\"font-weight: 400;\">Posteriormente, once a\u00f1os despu\u00e9s, Juan Alonso en 1550 se traslad\u00f3 para volver a intentarlo, pero de nuevo no fue posible debido a la llegada de indios Pijaos y los espa\u00f1oles tuvieron que replegarse hac\u00eda lugares aleda\u00f1os.<\/span><\/p><p><span style=\"font-weight: 400;\">Finalmente, esta fue <\/span><a href=\"https:\/\/www.colombia.co\/visita-colombia\/turismo-por-regiones\/neiva-la-puerta-a-miles-de-experiencias\/\" target=\"_blank\" rel=\"noopener\"><span style=\"font-weight: 400;\">fundada<\/span><\/a><span style=\"font-weight: 400;\"> de manera oficial en 1612, cuando el capit\u00e1n Diego de Ospina la reclam\u00f3 para la corona espa\u00f1ola. Se dice que el oficial sali\u00f3 de Fortalecillas con la misi\u00f3n de establecer, de una vez por todas, a la que ya llamaban Nuestra Se\u00f1ora de la Concepci\u00f3n. <\/span><\/p><p><span style=\"font-weight: 400;\">El nombre otorgado tiene varias versiones, aunque la m\u00e1s renombrada es que \u00e9ste la nombr\u00f3 por el r\u00edo Neiva en Hait\u00ed.<\/span><\/p><p><span style=\"font-weight: 400;\">Este asentamiento fue muy importante en su \u00e9poca gracias a que, sus ciudadanos, participaron activamente en la lucha por la independencia de Espa\u00f1a (1810-1820), as\u00ed como en la guerra civil de Colombia (1899-1903). <\/span><a href=\"https:\/\/neivaturistica.com\/\" target=\"_blank\" rel=\"noopener\"><span style=\"font-weight: 400;\">Neiva<\/span><\/a><span style=\"font-weight: 400;\"> es principalmente un centro agr\u00edcola de algod\u00f3n, arroz, ma\u00edz y ajonjol\u00ed, y fabrica productos de algod\u00f3n y cemento y procesa m\u00e1rmol. La ciudad es el t\u00e9rmino sur del Ferrocarril Atl\u00e1ntico que pasa por Puerto Berr\u00edo a Santa Marta en el Mar Caribe. El ambiente rural de la ciudad inspir\u00f3 las obras de Jos\u00e9 Eustasio Rivera (1889\u20131928), el poeta y novelista colombiano.<\/span><\/p><p><span style=\"font-weight: 400;\">La ciudad tuvo una activa participaci\u00f3n en el Movimiento de los Comuneros. El 19 de junio de 1789 entr\u00f3 en Neiva el jefe de los comuneros, Toribio Zapata quien dio de baja al Gobernador de la Provincia, Policarpo S\u00e1nchez, pero luego fue capturado por el capit\u00e1n Pedro L\u00f3pez de la guardia oficial. Con el grito de independencia, comenz\u00f3 una nueva \u00e9poca para Neiva, la cual contaba con la presencia de artesanos, la abundante producci\u00f3n de ganado, tabaco, cacao, la comercializaci\u00f3n y exportaci\u00f3n de quina y caucho a trav\u00e9s del Magdalena se convierten en motor de este desarrollo.<\/span><\/p>\t\t\t\t\t\t<\/div>\n\t\t\t\t<\/div>\n\t\t\t\t\t<\/div>\n\t\t<\/div>\n\t\t\t\t<div class=\"elementor-column elementor-col-50 elementor-top-column elementor-element elementor-element-4bed408\" data-id=\"4bed408\" data-element_type=\"column\">\n\t\t\t<div class=\"elementor-widget-wrap elementor-element-populated\">\n\t\t\t\t\t\t<div class=\"elementor-element elementor-element-499abe5f elementor-widget elementor-widget-text-editor\" data-id=\"499abe5f\" data-element_type=\"widget\" data-widget_type=\"text-editor.default\">\n\t\t\t\t<div class=\"elementor-widget-container\">\n\t\t\t\t\t\t\t<h3><b>Barrios principales<\/b><\/h3><p>\u00a0<\/p><p><span style=\"font-weight: 400;\">El <\/span><a href=\"https:\/\/www.alcaldianeiva.gov.co\/MiMunicipio\/Paginas\/Informacion-del-Municipio.aspx\" target=\"_blank\" rel=\"noopener\"><span style=\"font-weight: 400;\">municipio<\/span><\/a><span style=\"font-weight: 400;\"> est\u00e1 conformado por un \u00e1rea urbana de 10 comunas y una zona rural compuesta por 8 corregimientos. La zona urbana cuenta con un \u00e1rea de 4594 hect\u00e1reas y la rural con un \u00e1rea de 150706. <br \/><br \/>Las 10 comunas urbanas se componen de 117 barrios, entre los cuales se encuentran Chical\u00e1, El Minuto de Dios, Las Granjas, Las Villas, Campo N\u00fa\u00f1ez, Caracol\u00ed, entre otros. En la parte rural, se encuentran 8 corregimientos los cuales componen los centros poblados aleda\u00f1os, con caser\u00edos y veredas como Fortalecillas, San Francisco, Pe\u00f1as Blancas, Santa Luc\u00eda, Canoas, Ceibas Adentro, Villavieja entre otros.<\/span><\/p><p><span style=\"font-weight: 400;\">La ciudad junto con los municipios de Pitalito, Garz\u00f3n, La Plata, San Agust\u00edn, Campoalegre y Palermo, son los que mayor poblaci\u00f3n albergan del departamento del Huila. Seg\u00fan proyecciones del Censo Nacional de Poblaci\u00f3n y Vivienda (CNPV 2018) en Neiva viven un poco m\u00e1s de <\/span><a href=\"https:\/\/www.dane.gov.co\/files\/investigaciones\/planes-departamentos-ciudades\/201124-InfoDane-Neiva-Huila.pdf\" target=\"_blank\" rel=\"noopener\"><span style=\"font-weight: 400;\">370.318<\/span><\/a><span style=\"font-weight: 400;\"> habitantes, de estos, aproximadamente el 93,3% (345.817 habitantes) se ubican en el \u00e1rea urbana frente a la rural de 7,7%. (24.501 habitantes).<\/span><\/p>\t\t\t\t\t\t<\/div>\n\t\t\t\t<\/div>\n\t\t\t\t\t<\/div>\n\t\t<\/div>\n\t\t\t\t\t<\/div>\n\t\t<\/section>\n\t\t\t\t<section class=\"elementor-section elementor-top-section elementor-element elementor-element-01e7c62 elementor-section-boxed elementor-section-height-default elementor-section-height-default\" data-id=\"01e7c62\" data-element_type=\"section\">\n\t\t\t\t\t\t<div class=\"elementor-container elementor-column-gap-default\">\n\t\t\t\t\t<div class=\"elementor-column elementor-col-100 elementor-top-column elementor-element elementor-element-d431e74\" data-id=\"d431e74\" data-element_type=\"column\">\n\t\t\t<div class=\"elementor-widget-wrap elementor-element-populated\">\n\t\t\t\t\n\t\t<div class=\"elementor-element elementor-element-f84269c elementor-widget elementor-widget-Slider Ciencuadras\" data-id=\"f84269c\" data-element_type=\"widget\" data-widget_type=\"Slider Ciencuadras.default\">\n\t\t\t\t<div class=\"elementor-widget-container\">\n\t\t\t\n\t\t<div class=\"slideshow-container\">\n\t\t\t\t\t\t\t<div class=\"cc-slider cc-fade\">\n\t\t\t\t\t<a href=\"https:\/\/open.spotify.com\/show\/7rZhe5fbDA2SVGm72tOa6y\" target=\"_blank\" rel=\"noopener noreferrer\">\n\t\t\t\t\t\t<img decoding=\"async\"  class=\"cc-img-slider\" src=\"https:\/\/www.ciencuadras.com\/blog\/wp-content\/uploads\/2024\/07\/SLIDER_desktop_podcast.jpg\" style=\"width:100%\">\n\t\t\t\t\t<\/a>\n\t\t\t\t<\/div>\n\t\t\t\t\t\t\t<div class=\"cc-slider cc-fade\">\n\t\t\t\t\t<a href=\"https:\/\/www.ciencuadras.com\/mia-asistente-inmobiliaria\" target=\"_blank\" rel=\"noopener noreferrer\">\n\t\t\t\t\t\t<img decoding=\"async\"  class=\"cc-img-slider\" src=\"https:\/\/www.ciencuadras.com\/blog\/wp-content\/uploads\/2024\/07\/8-JUL-MIA-BANERS-1-DESTOCK.jpg\" style=\"width:100%\">\n\t\t\t\t\t<\/a>\n\t\t\t\t<\/div>\n\t\t\t\t\t\t\t<div class=\"cc-slider cc-fade\">\n\t\t\t\t\t<a href=\"https:\/\/novedades.ciencuadras.com\/remodelacion-y-acabados\/\" target=\"_blank\" rel=\"noopener noreferrer\">\n\t\t\t\t\t\t<img decoding=\"async\"  class=\"cc-img-slider\" src=\"https:\/\/www.ciencuadras.com\/blog\/wp-content\/uploads\/2024\/05\/1080x270_acabados_1-compressed.jpg\" style=\"width:100%\">\n\t\t\t\t\t<\/a>\n\t\t\t\t<\/div>\n\t\t\t\t\t\t\t<div class=\"cc-slider cc-fade\">\n\t\t\t\t\t<a href=\"https:\/\/wa.link\/83b87u\" target=\"_blank\" rel=\"noopener noreferrer\">\n\t\t\t\t\t\t<img decoding=\"async\"  class=\"cc-img-slider\" src=\"https:\/\/www.ciencuadras.com\/blog\/wp-content\/uploads\/2024\/06\/SLIDER_desktop_constructoras-1-compressed.jpg\" style=\"width:100%\">\n\t\t\t\t\t<\/a>\n\t\t\t\t<\/div>\n\t\t\t\t\t<\/div>\n\t\t<br>\n\n\t\t<div style=\"text-align:center\">\n\t\t\t\t\t\t\t<span class=\"dot active\" onclick=\"currentSlide(1, true)\"><\/span> \n\t\t\t\t\t\t\t<span class=\"dot \" onclick=\"currentSlide(2, true)\"><\/span> \n\t\t\t\t\t\t\t<span class=\"dot \" onclick=\"currentSlide(3, true)\"><\/span> \n\t\t\t\t\t\t\t<span class=\"dot \" onclick=\"currentSlide(4, true)\"><\/span> \n\t\t\t\t\t<\/div>\n\t\t\t\t<\/div>\n\t\t\t\t<\/div>\n\t\t\t\t\t<\/div>\n\t\t<\/div>\n\t\t\t\t\t<\/div>\n\t\t<\/section>\n\t\t\t\t<section class=\"elementor-section elementor-top-section elementor-element elementor-element-40f3912c elementor-section-boxed elementor-section-height-default elementor-section-height-default\" data-id=\"40f3912c\" data-element_type=\"section\">\n\t\t\t\t\t\t<div class=\"elementor-container elementor-column-gap-default\">\n\t\t\t\t\t<div class=\"elementor-column elementor-col-100 elementor-top-column elementor-element elementor-element-7483b4c8\" data-id=\"7483b4c8\" data-element_type=\"column\">\n\t\t\t<div class=\"elementor-widget-wrap\">\n\t\t\t\t\t\t\t<\/div>\n\t\t<\/div>\n\t\t\t\t\t<\/div>\n\t\t<\/section>\n\t\t\t\t<section class=\"elementor-section elementor-top-section elementor-element elementor-element-798abb7e elementor-section-boxed elementor-section-height-default elementor-section-height-default\" data-id=\"798abb7e\" data-element_type=\"section\">\n\t\t\t\t\t\t<div class=\"elementor-container elementor-column-gap-default\">\n\t\t\t\t\t<div class=\"elementor-column elementor-col-50 elementor-top-column elementor-element elementor-element-a575c50\" data-id=\"a575c50\" data-element_type=\"column\">\n\t\t\t<div class=\"elementor-widget-wrap elementor-element-populated\">\n\t\t\t\t\t\t<div class=\"elementor-element elementor-element-343b6faa elementor-widget elementor-widget-heading\" data-id=\"343b6faa\" data-element_type=\"widget\" data-widget_type=\"heading.default\">\n\t\t\t\t<div class=\"elementor-widget-container\">\n\t\t\t<h1 class=\"elementor-heading-title elementor-size-default\">Mercado inmobiliario \n<\/h1>\t\t<\/div>\n\t\t\t\t<\/div>\n\t\t\t\t<div class=\"elementor-element elementor-element-7d354e45 elementor-widget elementor-widget-spacer\" data-id=\"7d354e45\" data-element_type=\"widget\" data-widget_type=\"spacer.default\">\n\t\t\t\t<div class=\"elementor-widget-container\">\n\t\t\t\t\t<div class=\"elementor-spacer\">\n\t\t\t<div class=\"elementor-spacer-inner\"><\/div>\n\t\t<\/div>\n\t\t\t\t<\/div>\n\t\t\t\t<\/div>\n\t\t\t\t<div class=\"elementor-element elementor-element-8770442 elementor-widget elementor-widget-text-editor\" data-id=\"8770442\" data-element_type=\"widget\" data-widget_type=\"text-editor.default\">\n\t\t\t\t<div class=\"elementor-widget-container\">\n\t\t\t\t\t\t\t<p><span style=\"font-weight: 400;\">Neiva es una ciudad muy activa y que promete crecimiento en cuanto a infraestructura, vivienda y actividad econ\u00f3mica. A nivel nacional, seg\u00fan el Sistema de Informaci\u00f3n Regional (SIR) del Huila, se solicitaron <\/span><a href=\"https:\/\/www.sirhuila.gov.co\/wp-content\/uploads\/2022\/Boletines\/Dane\/Construccion\/Bolet%C3%ADn-Licencias-de-Construcci%C3%B3n-Octubre-2022.pdf\" target=\"_blank\" rel=\"noopener\"><span style=\"font-weight: 400;\">2&#8217;319.485 licencias de construcci\u00f3n<\/span><\/a><span style=\"font-weight: 400;\"> de las cuales el 2,4% corresponden al departamento de. <br \/><br \/>Esto sumado a lo que te contamos a continuaci\u00f3n sobre su actividad econ\u00f3mica en crecimiento, es una buena combinaci\u00f3n para invertir.<\/span><\/p><p><span style=\"font-weight: 400;\">Econ\u00f3micamente hablando, el Huila constituye el <\/span><a href=\"https:\/\/www.dane.gov.co\/files\/investigaciones\/planes-departamentos-ciudades\/201124-InfoDane-Neiva-Huila.pdf\" target=\"_blank\" rel=\"noopener\"><span style=\"font-weight: 400;\">7,2% y el 1,6%<\/span><\/a><span style=\"font-weight: 400;\"> de la econom\u00eda del pa\u00eds. Dentro de las <\/span><a href=\"https:\/\/www.dane.gov.co\/files\/investigaciones\/planes-departamentos-ciudades\/201124-InfoDane-Neiva-Huila.pdf\" target=\"_blank\" rel=\"noopener\"><span style=\"font-weight: 400;\">actividades productivas<\/span><\/a><span style=\"font-weight: 400;\"> del departamento, la administraci\u00f3n p\u00fablica, la educaci\u00f3n y la salud es de las m\u00e1s importantes aportando 3.220 millones de pesos de valor agregado al a\u00f1o. <br \/><br \/>Esto debido a que, en Neiva la capital, se ubican varias instituciones p\u00fablicas importantes como la Gobernaci\u00f3n del departamento, el Tribunal Administrativo del Huila, la Procuradur\u00eda Regional, la Corporaci\u00f3n Aut\u00f3noma Regional del Alto Magdalena, entre otras.<\/span><\/p><p><span style=\"font-weight: 400;\">Otra <\/span><a href=\"https:\/\/www.dane.gov.co\/files\/investigaciones\/planes-departamentos-ciudades\/201124-InfoDane-Neiva-Huila.pdf\" target=\"_blank\" rel=\"noopener\"><span style=\"font-weight: 400;\">actividad<\/span><\/a><span style=\"font-weight: 400;\"> relevante es la del comercio, reparaci\u00f3n de veh\u00edculos automotores, transporte, alojamiento y servicios de comida, aportando, seg\u00fan estimaciones, 2.906 millones de pesos de valor agregado anualmente. En general, Neiva es la ciudad del departamento que m\u00e1s valor aporta al crecimiento econ\u00f3mico con un estimado 5.826 millones de pesos.<\/span><\/p><p><span style=\"font-weight: 400;\">El <\/span><a href=\"https:\/\/www.dane.gov.co\/files\/investigaciones\/planes-departamentos-ciudades\/201124-InfoDane-Neiva-Huila.pdf\" target=\"_blank\" rel=\"noopener\"><span style=\"font-weight: 400;\">\u00e1rea aprobada<\/span><\/a><span style=\"font-weight: 400;\"> para la construcci\u00f3n en Neiva fue de 81.232 m\u00b2, donde 65.797 m\u00b2 <\/span><span style=\"font-weight: 400;\">corresponden a espacios dispuestos para vivienda y el resto a espacios no habitacionales. <br \/><br \/>Seg\u00fan <\/span><a href=\"https:\/\/www.dane.gov.co\/files\/investigaciones\/planes-departamentos-ciudades\/210303-InfoDane-Popayan-Cauca.pdf\" target=\"_blank\" rel=\"noopener\"><span style=\"font-weight: 400;\">Censo Nacional de Poblaci\u00f3n y Vivienda de 2018<\/span><\/a><span style=\"font-weight: 400;\">, se cuenta con un poco m\u00e1s de 127.908 viviendas donde el 69% son casas y el 29% apartamentos, el resto son otros tipos de inmuebles. Adem\u00e1s, de estas, el 85,7% son para uso residencial, el 10,8% no residencial y el 3,4% para uso mixto. De todo el departamento, la ciudad tiene un 33% de distribuci\u00f3n de las viviendas totales.\u00a0<\/span><\/p>\t\t\t\t\t\t<\/div>\n\t\t\t\t<\/div>\n\t\t\t\t\t<\/div>\n\t\t<\/div>\n\t\t\t\t<div class=\"elementor-column elementor-col-50 elementor-top-column elementor-element elementor-element-58c2001f\" data-id=\"58c2001f\" data-element_type=\"column\">\n\t\t\t<div class=\"elementor-widget-wrap elementor-element-populated\">\n\t\t\t\t\t\t<div class=\"elementor-element elementor-element-1165cd44 elementor-widget elementor-widget-spacer\" data-id=\"1165cd44\" data-element_type=\"widget\" data-widget_type=\"spacer.default\">\n\t\t\t\t<div class=\"elementor-widget-container\">\n\t\t\t\t\t<div class=\"elementor-spacer\">\n\t\t\t<div class=\"elementor-spacer-inner\"><\/div>\n\t\t<\/div>\n\t\t\t\t<\/div>\n\t\t\t\t<\/div>\n\t\t\t\t<div class=\"elementor-element elementor-element-6260c477 elementor-widget elementor-widget-html\" data-id=\"6260c477\" data-element_type=\"widget\" data-widget_type=\"html.default\">\n\t\t\t\t<div class=\"elementor-widget-container\">\n\t\t\t<iframe src=\"https:\/\/www.google.com\/maps\/embed?pb=!1m18!1m12!1m3!1d63753.20143690218!2d-75.30740796471287!3d2.9377045714753405!2m3!1f0!2f0!3f0!3m2!1i1024!2i768!4f13.1!3m3!1m2!1s0x8e3b747c5a6b4009%3A0x69acf162bb25539a!2sNeiva%2C%20Huila!5e0!3m2!1sen!2sco!4v1674740050742!5m2!1sen!2sco\" width=\"600\" height=\"600\" style=\"border:0;\" allowfullscreen=\"\" loading=\"lazy\" referrerpolicy=\"no-referrer-when-downgrade\"><\/iframe>\t\t<\/div>\n\t\t\t\t<\/div>\n\t\t\t\t\t<\/div>\n\t\t<\/div>\n\t\t\t\t\t<\/div>\n\t\t<\/section>\n\t\t\t\t<section class=\"elementor-section elementor-top-section elementor-element elementor-element-41bf05f2 elementor-section-boxed elementor-section-height-default elementor-section-height-default\" data-id=\"41bf05f2\" data-element_type=\"section\">\n\t\t\t\t\t\t<div class=\"elementor-container elementor-column-gap-default\">\n\t\t\t\t\t<div class=\"elementor-column elementor-col-100 elementor-top-column elementor-element elementor-element-317e1721\" data-id=\"317e1721\" data-element_type=\"column\">\n\t\t\t<div class=\"elementor-widget-wrap elementor-element-populated\">\n\t\t\t\t\t\t<div class=\"elementor-element elementor-element-691c5847 elementor-widget elementor-widget-spacer\" data-id=\"691c5847\" data-element_type=\"widget\" data-widget_type=\"spacer.default\">\n\t\t\t\t<div class=\"elementor-widget-container\">\n\t\t\t\t\t<div class=\"elementor-spacer\">\n\t\t\t<div class=\"elementor-spacer-inner\"><\/div>\n\t\t<\/div>\n\t\t\t\t<\/div>\n\t\t\t\t<\/div>\n\t\t\t\t\t<\/div>\n\t\t<\/div>\n\t\t\t\t\t<\/div>\n\t\t<\/section>\n\t\t\t\t<section class=\"elementor-section elementor-top-section elementor-element elementor-element-215bb65d elementor-section-boxed elementor-section-height-default elementor-section-height-default\" data-id=\"215bb65d\" data-element_type=\"section\">\n\t\t\t\t\t\t<div class=\"elementor-container elementor-column-gap-default\">\n\t\t\t\t\t<div class=\"elementor-column elementor-col-100 elementor-top-column elementor-element elementor-element-12481bff\" data-id=\"12481bff\" data-element_type=\"column\">\n\t\t\t<div class=\"elementor-widget-wrap elementor-element-populated\">\n\t\t\t\t\t\t<div class=\"elementor-element elementor-element-1a6104c6 elementor-widget elementor-widget-heading\" data-id=\"1a6104c6\" data-element_type=\"widget\" data-widget_type=\"heading.default\">\n\t\t\t\t<div class=\"elementor-widget-container\">\n\t\t\t<h1 class=\"elementor-heading-title elementor-size-default\">Datos de inter\u00e9s\n<\/h1>\t\t<\/div>\n\t\t\t\t<\/div>\n\t\t\t\t\t<\/div>\n\t\t<\/div>\n\t\t\t\t\t<\/div>\n\t\t<\/section>\n\t\t\t\t<section class=\"elementor-section elementor-top-section elementor-element elementor-element-22d0a884 elementor-section-boxed elementor-section-height-default elementor-section-height-default\" data-id=\"22d0a884\" data-element_type=\"section\">\n\t\t\t\t\t\t<div class=\"elementor-container elementor-column-gap-default\">\n\t\t\t\t\t<div class=\"elementor-column elementor-col-100 elementor-top-column elementor-element elementor-element-48adf278\" data-id=\"48adf278\" data-element_type=\"column\">\n\t\t\t<div class=\"elementor-widget-wrap elementor-element-populated\">\n\t\t\t\t\t\t<div class=\"elementor-element elementor-element-3293e94e elementor-widget elementor-widget-accordion\" data-id=\"3293e94e\" data-element_type=\"widget\" data-widget_type=\"accordion.default\">\n\t\t\t\t<div class=\"elementor-widget-container\">\n\t\t\t\t\t<div class=\"elementor-accordion\">\n\t\t\t\t\t\t\t<div class=\"elementor-accordion-item\">\n\t\t\t\t\t<div id=\"elementor-tab-title-8481\" class=\"elementor-tab-title\" data-tab=\"1\" role=\"button\" aria-controls=\"elementor-tab-content-8481\" aria-expanded=\"false\">\n\t\t\t\t\t\t\t\t\t\t\t\t\t<span class=\"elementor-accordion-icon elementor-accordion-icon-left\" aria-hidden=\"true\">\n\t\t\t\t\t\t\t\t\t\t\t\t\t\t\t<span class=\"elementor-accordion-icon-closed\"><svg class=\"e-font-icon-svg e-fas-plus\" viewBox=\"0 0 448 512\" xmlns=\"http:\/\/www.w3.org\/2000\/svg\"><path d=\"M416 208H272V64c0-17.67-14.33-32-32-32h-32c-17.67 0-32 14.33-32 32v144H32c-17.67 0-32 14.33-32 32v32c0 17.67 14.33 32 32 32h144v144c0 17.67 14.33 32 32 32h32c17.67 0 32-14.33 32-32V304h144c17.67 0 32-14.33 32-32v-32c0-17.67-14.33-32-32-32z\"><\/path><\/svg><\/span>\n\t\t\t\t\t\t\t\t<span class=\"elementor-accordion-icon-opened\"><svg class=\"e-font-icon-svg e-fas-minus\" viewBox=\"0 0 448 512\" xmlns=\"http:\/\/www.w3.org\/2000\/svg\"><path d=\"M416 208H32c-17.67 0-32 14.33-32 32v32c0 17.67 14.33 32 32 32h384c17.67 0 32-14.33 32-32v-32c0-17.67-14.33-32-32-32z\"><\/path><\/svg><\/span>\n\t\t\t\t\t\t\t\t\t\t\t\t\t\t<\/span>\n\t\t\t\t\t\t\t\t\t\t\t\t<a class=\"elementor-accordion-title\" tabindex=\"0\">\u00bfPor qu\u00e9 vivir en Neiva?<\/a>\n\t\t\t\t\t<\/div>\n\t\t\t\t\t<div id=\"elementor-tab-content-8481\" class=\"elementor-tab-content elementor-clearfix\" data-tab=\"1\" role=\"region\" aria-labelledby=\"elementor-tab-title-8481\"><p><span style=\"font-weight: 400;\">Esta ciudad ofrece diversas alternativas tur\u00edsticas gracias a la presencia de elementos de car\u00e1cter cultural e hist\u00f3rico, como lo es San Agust\u00edn. <br \/><br \/>Este es un rico paisaje arqueol\u00f3gico, con evidencia de caminos antiguos, bordes de campo, zanjas de drenaje de \u00e9pocas antiguas y plataformas r\u00fasticas. Se trata de una tierra santa, un lugar de peregrinaci\u00f3n y adoraci\u00f3n para los antepasados. Las esculturas tienen m\u00e1s de 4 metros de altura y con un peso de varias toneladas, estas \u201cguardias hier\u00e1ticas\u201d est\u00e1n talladas en toba y bloques de roca volc\u00e1nica.\u00a0<\/span><\/p><p><span style=\"font-weight: 400;\">Tambi\u00e9n se puede encontrar el Parque Nacional Tierradentro, el cual es Patrimonio Mundial de la Unesco, este es conocido por sus elaboradas tumbas subterr\u00e1neas, construidas entre los a\u00f1os 500 y 900 d.C. Hasta el momento, los arque\u00f3logos han descubierto alrededor de 100 de estos inusuales templos funerarios, los \u00fanicos de su tipo en Am\u00e9rica.<\/span><\/p><p><span style=\"font-weight: 400;\">Puedes encontrar muy cerca tambi\u00e9n el Desierto de la Tatacoa, esta zona es considerada la segunda regi\u00f3n \u00e1rida m\u00e1s grande de Colombia. Es un lugar maravilloso para observar las estrellas, ya que casi no hay contaminaci\u00f3n ni ruido, y atrae a visitantes que disfrutan de la tranquilidad y la calma. Todav\u00eda est\u00e1 fuera de lo com\u00fan, puedes ver en alg\u00fan punto tortugas, \u00e1guilas, escorpiones y serpientes, con muchas variedades de cactus.<\/span><\/p><p><span style=\"font-weight: 400;\">Vivir en Neiva, es contar con una variedad de lugares que cuentan la historia de nuestros antepasados, sin dejar de lado el desarrollo y crecimiento de la ciudad, la cual tiene mucho que ofrecer a sus habitantes. Ser\u00e1 sin duda, un interesante recorrido por las tradiciones y vestigios del pasado que est\u00e1n vivos en expresiones cotidianas y lugares de la ciudad.<\/span><\/p><\/div>\n\t\t\t\t<\/div>\n\t\t\t\t\t\t\t<div class=\"elementor-accordion-item\">\n\t\t\t\t\t<div id=\"elementor-tab-title-8482\" class=\"elementor-tab-title\" data-tab=\"2\" role=\"button\" aria-controls=\"elementor-tab-content-8482\" aria-expanded=\"false\">\n\t\t\t\t\t\t\t\t\t\t\t\t\t<span class=\"elementor-accordion-icon elementor-accordion-icon-left\" aria-hidden=\"true\">\n\t\t\t\t\t\t\t\t\t\t\t\t\t\t\t<span class=\"elementor-accordion-icon-closed\"><svg class=\"e-font-icon-svg e-fas-plus\" viewBox=\"0 0 448 512\" xmlns=\"http:\/\/www.w3.org\/2000\/svg\"><path d=\"M416 208H272V64c0-17.67-14.33-32-32-32h-32c-17.67 0-32 14.33-32 32v144H32c-17.67 0-32 14.33-32 32v32c0 17.67 14.33 32 32 32h144v144c0 17.67 14.33 32 32 32h32c17.67 0 32-14.33 32-32V304h144c17.67 0 32-14.33 32-32v-32c0-17.67-14.33-32-32-32z\"><\/path><\/svg><\/span>\n\t\t\t\t\t\t\t\t<span class=\"elementor-accordion-icon-opened\"><svg class=\"e-font-icon-svg e-fas-minus\" viewBox=\"0 0 448 512\" xmlns=\"http:\/\/www.w3.org\/2000\/svg\"><path d=\"M416 208H32c-17.67 0-32 14.33-32 32v32c0 17.67 14.33 32 32 32h384c17.67 0 32-14.33 32-32v-32c0-17.67-14.33-32-32-32z\"><\/path><\/svg><\/span>\n\t\t\t\t\t\t\t\t\t\t\t\t\t\t<\/span>\n\t\t\t\t\t\t\t\t\t\t\t\t<a class=\"elementor-accordion-title\" tabindex=\"0\">Arquitectura de la ciudad<\/a>\n\t\t\t\t\t<\/div>\n\t\t\t\t\t<div id=\"elementor-tab-content-8482\" class=\"elementor-tab-content elementor-clearfix\" data-tab=\"2\" role=\"region\" aria-labelledby=\"elementor-tab-title-8482\"><p><span style=\"font-weight: 400;\">Como cada ciudad de Colombia, destacan en la infraestructura las placitas en el centro con sus iglesias coloniales, que a\u00fan, con el tiempo, se mantienen en pie, y son el epicentro social de sus barrios y comunidades. Su arquitectura se destaca por combinar el estilo colonial de ciertos edificios p\u00fablicos, as\u00ed como religiosos, con la urbanidad contempor\u00e1nea de sus casas y manzanas.<\/span><\/p><p><span style=\"font-weight: 400;\">Adem\u00e1s, a\u00fan cuenta con lugares tur\u00edsticos que dan muestra de su incre\u00edble arquitectura, como la Iglesia de la Inmaculada Concepci\u00f3n de Neiva, o el edificio de la<\/span><a href=\"https:\/\/www.istockphoto.com\/es\/foto\/fachada-del-edificio-dian-gm1220450643-357374869\" target=\"_blank\" rel=\"noopener\"> <span style=\"font-weight: 400;\">Direcci\u00f3n de Impuestos y Aduanas Nacionales<\/span><\/a><span style=\"font-weight: 400;\">, el cual est\u00e1 lleno de colores, vitrales y una estructura que sin duda rompe completamente la linealidad del sector del parque central Santander.\u00a0<\/span><\/p><\/div>\n\t\t\t\t<\/div>\n\t\t\t\t\t\t\t<div class=\"elementor-accordion-item\">\n\t\t\t\t\t<div id=\"elementor-tab-title-8483\" class=\"elementor-tab-title\" data-tab=\"3\" role=\"button\" aria-controls=\"elementor-tab-content-8483\" aria-expanded=\"false\">\n\t\t\t\t\t\t\t\t\t\t\t\t\t<span class=\"elementor-accordion-icon elementor-accordion-icon-left\" aria-hidden=\"true\">\n\t\t\t\t\t\t\t\t\t\t\t\t\t\t\t<span class=\"elementor-accordion-icon-closed\"><svg class=\"e-font-icon-svg e-fas-plus\" viewBox=\"0 0 448 512\" xmlns=\"http:\/\/www.w3.org\/2000\/svg\"><path d=\"M416 208H272V64c0-17.67-14.33-32-32-32h-32c-17.67 0-32 14.33-32 32v144H32c-17.67 0-32 14.33-32 32v32c0 17.67 14.33 32 32 32h144v144c0 17.67 14.33 32 32 32h32c17.67 0 32-14.33 32-32V304h144c17.67 0 32-14.33 32-32v-32c0-17.67-14.33-32-32-32z\"><\/path><\/svg><\/span>\n\t\t\t\t\t\t\t\t<span class=\"elementor-accordion-icon-opened\"><svg class=\"e-font-icon-svg e-fas-minus\" viewBox=\"0 0 448 512\" xmlns=\"http:\/\/www.w3.org\/2000\/svg\"><path d=\"M416 208H32c-17.67 0-32 14.33-32 32v32c0 17.67 14.33 32 32 32h384c17.67 0 32-14.33 32-32v-32c0-17.67-14.33-32-32-32z\"><\/path><\/svg><\/span>\n\t\t\t\t\t\t\t\t\t\t\t\t\t\t<\/span>\n\t\t\t\t\t\t\t\t\t\t\t\t<a class=\"elementor-accordion-title\" tabindex=\"0\">Ubicaci\u00f3n y municipios aleda\u00f1os<\/a>\n\t\t\t\t\t<\/div>\n\t\t\t\t\t<div id=\"elementor-tab-content-8483\" class=\"elementor-tab-content elementor-clearfix\" data-tab=\"3\" role=\"region\" aria-labelledby=\"elementor-tab-title-8483\"><p><span style=\"font-weight: 400;\">Este municipio se <\/span><a href=\"https:\/\/www.municipio.com.co\/municipio-neiva.html\" target=\"_blank\" rel=\"noopener\"><span style=\"font-weight: 400;\">ubica<\/span><\/a><span style=\"font-weight: 400;\"> en el departamento del Huila, entre la cordillera Central y Oriental, muy cerca a la planicie del r\u00edo Magdalena, uno de los m\u00e1s importantes del pa\u00eds. Se localiza en la zona centro sur, donde se encuentra gran parte del territorio natural.<\/span><\/p><p><span style=\"font-weight: 400;\">Al <\/span><a href=\"https:\/\/www.google.com\/maps\/place\/Neiva,+Huila\/@3.1091899,-75.3398054,10.18z\/data=!4m5!3m4!1s0x8e3b747c5a6b4009:0x69acf162bb25539a!8m2!3d2.9344837!4d-75.2809001\" target=\"_blank\" rel=\"noopener\"><span style=\"font-weight: 400;\">oriente<\/span><\/a><span style=\"font-weight: 400;\"> colinda con el Parque Nacional Natural Cordillera de Los Picachos, y con los municipios de Fortalecillas y San Antonio de Anaconia; al occidente se encuentran San Jos\u00e9 de Ginebra y Palermo. Al sur est\u00e1n los municipios de El Juncal, La Florida y si se sigue la carretera por una hora se encuentra el departamento del Caquet\u00e1. Al <\/span><a href=\"https:\/\/www.google.com\/maps\/place\/Neiva,+Huila\/@3.1091899,-75.3398054,10.18z\/data=!4m5!3m4!1s0x8e3b747c5a6b4009:0x69acf162bb25539a!8m2!3d2.9344837!4d-75.2809001\" target=\"_blank\" rel=\"noopener\"><span style=\"font-weight: 400;\">norte<\/span><\/a><span style=\"font-weight: 400;\"> se encuentra el Desierto de la Tatacoa, y municipios como Villavieja, La Ferreira y si se contin\u00faa la carretera se encuentra Girardot, del departamento del Tolima.<\/span><\/p><\/div>\n\t\t\t\t<\/div>\n\t\t\t\t\t\t\t<div class=\"elementor-accordion-item\">\n\t\t\t\t\t<div id=\"elementor-tab-title-8484\" class=\"elementor-tab-title\" data-tab=\"4\" role=\"button\" aria-controls=\"elementor-tab-content-8484\" aria-expanded=\"false\">\n\t\t\t\t\t\t\t\t\t\t\t\t\t<span class=\"elementor-accordion-icon elementor-accordion-icon-left\" aria-hidden=\"true\">\n\t\t\t\t\t\t\t\t\t\t\t\t\t\t\t<span class=\"elementor-accordion-icon-closed\"><svg class=\"e-font-icon-svg e-fas-plus\" viewBox=\"0 0 448 512\" xmlns=\"http:\/\/www.w3.org\/2000\/svg\"><path d=\"M416 208H272V64c0-17.67-14.33-32-32-32h-32c-17.67 0-32 14.33-32 32v144H32c-17.67 0-32 14.33-32 32v32c0 17.67 14.33 32 32 32h144v144c0 17.67 14.33 32 32 32h32c17.67 0 32-14.33 32-32V304h144c17.67 0 32-14.33 32-32v-32c0-17.67-14.33-32-32-32z\"><\/path><\/svg><\/span>\n\t\t\t\t\t\t\t\t<span class=\"elementor-accordion-icon-opened\"><svg class=\"e-font-icon-svg e-fas-minus\" viewBox=\"0 0 448 512\" xmlns=\"http:\/\/www.w3.org\/2000\/svg\"><path d=\"M416 208H32c-17.67 0-32 14.33-32 32v32c0 17.67 14.33 32 32 32h384c17.67 0 32-14.33 32-32v-32c0-17.67-14.33-32-32-32z\"><\/path><\/svg><\/span>\n\t\t\t\t\t\t\t\t\t\t\t\t\t\t<\/span>\n\t\t\t\t\t\t\t\t\t\t\t\t<a class=\"elementor-accordion-title\" tabindex=\"0\">En Neiva, Ciencuadras Cuadra Todo<\/a>\n\t\t\t\t\t<\/div>\n\t\t\t\t\t<div id=\"elementor-tab-content-8484\" class=\"elementor-tab-content elementor-clearfix\" data-tab=\"4\" role=\"region\" aria-labelledby=\"elementor-tab-title-8484\"><p><span style=\"font-weight: 400;\">Experimentar la plenitud de Neiva solo es posible cuando tomas la decisi\u00f3n de invertir en una mejor calidad de vida, con un clima espectacular y toda la historia que te brinda un viaje en el tiempo espectacular. En Ciencuadras tenemos la m\u00e1s amplia oferta para que encuentres ese espacio que se adec\u00faa a tus necesidades y expectativas. \u00bfQu\u00e9 esperas? \u00a1<\/span><a href=\"https:\/\/www.ciencuadras.com\/venta\/neiva\/apartamento\" target=\"_blank\" rel=\"noopener\"><span style=\"font-weight: 400;\">Con\u00f3celo aqu\u00ed<\/span><\/a><span style=\"font-weight: 400;\">!<\/span><\/p><\/div>\n\t\t\t\t<\/div>\n\t\t\t\t\t\t\t\t<\/div>\n\t\t\t\t<\/div>\n\t\t\t\t<\/div>\n\t\t\t\t\t<\/div>\n\t\t<\/div>\n\t\t\t\t\t<\/div>\n\t\t<\/section>\n\t\t\t\t<section class=\"elementor-section elementor-top-section elementor-element elementor-element-6d750cd2 elementor-section-boxed elementor-section-height-default elementor-section-height-default\" data-id=\"6d750cd2\" data-element_type=\"section\">\n\t\t\t\t\t\t<div class=\"elementor-container elementor-column-gap-default\">\n\t\t\t\t\t<div class=\"elementor-column elementor-col-100 elementor-top-column elementor-element elementor-element-333f641b\" data-id=\"333f641b\" data-element_type=\"column\">\n\t\t\t<div class=\"elementor-widget-wrap elementor-element-populated\">\n\t\t\t\t\t\t<div class=\"elementor-element elementor-element-916ba8 elementor-widget elementor-widget-spacer\" data-id=\"916ba8\" data-element_type=\"widget\" data-widget_type=\"spacer.default\">\n\t\t\t\t<div class=\"elementor-widget-container\">\n\t\t\t\t\t<div class=\"elementor-spacer\">\n\t\t\t<div class=\"elementor-spacer-inner\"><\/div>\n\t\t<\/div>\n\t\t\t\t<\/div>\n\t\t\t\t<\/div>\n\t\t\t\t\t<\/div>\n\t\t<\/div>\n\t\t\t\t\t<\/div>\n\t\t<\/section>\n\t\t\t\t<section class=\"elementor-section elementor-top-section elementor-element elementor-element-690d7669 elementor-section-boxed elementor-section-height-default elementor-section-height-default\" data-id=\"690d7669\" data-element_type=\"section\">\n\t\t\t\t\t\t<div class=\"elementor-container elementor-column-gap-default\">\n\t\t\t\t\t<div class=\"elementor-column elementor-col-100 elementor-top-column elementor-element elementor-element-2e57e3a7\" data-id=\"2e57e3a7\" data-element_type=\"column\">\n\t\t\t<div class=\"elementor-widget-wrap elementor-element-populated\">\n\t\t\t\t\t\t<div class=\"elementor-element elementor-element-3aed6d6d elementor-widget elementor-widget-heading\" data-id=\"3aed6d6d\" data-element_type=\"widget\" data-widget_type=\"heading.default\">\n\t\t\t\t<div class=\"elementor-widget-container\">\n\t\t\t<h1 class=\"elementor-heading-title elementor-size-default\">Apartamentos en venta en Neiva\n<\/h1>\t\t<\/div>\n\t\t\t\t<\/div>\n\t\t\t\t\t<\/div>\n\t\t<\/div>\n\t\t\t\t\t<\/div>\n\t\t<\/section>\n\t\t\t\t<section class=\"elementor-section elementor-top-section elementor-element elementor-element-2cbfeb24 elementor-section-boxed elementor-section-height-default elementor-section-height-default\" data-id=\"2cbfeb24\" data-element_type=\"section\">\n\t\t\t\t\t\t<div class=\"elementor-container elementor-column-gap-default\">\n\t\t\t\t\t<div class=\"elementor-column elementor-col-100 elementor-top-column elementor-element elementor-element-300287d\" data-id=\"300287d\" data-element_type=\"column\">\n\t\t\t<div class=\"elementor-widget-wrap elementor-element-populated\">\n\t\t\t\t\t\t<div class=\"elementor-element elementor-element-7059524a elementor-widget elementor-widget-spacer\" data-id=\"7059524a\" data-element_type=\"widget\" data-widget_type=\"spacer.default\">\n\t\t\t\t<div class=\"elementor-widget-container\">\n\t\t\t\t\t<div class=\"elementor-spacer\">\n\t\t\t<div class=\"elementor-spacer-inner\"><\/div>\n\t\t<\/div>\n\t\t\t\t<\/div>\n\t\t\t\t<\/div>\n\t\t\t\t<div class=\"elementor-element elementor-element-113e4a8 elementor-widget elementor-widget-slider-inmuebles-ciencuadras\" data-id=\"113e4a8\" data-element_type=\"widget\" data-settings=\"{&quot;select_tipo_transaccion&quot;:&quot;venta&quot;}\" data-widget_type=\"slider-inmuebles-ciencuadras.default\">\n\t\t\t\t<div class=\"elementor-widget-container\">\n\t\t\t           <!-- Swiper-->\n            <div class=\"container-swiper container-id-113e4a8\" >\n                    <div class=\"swiper-button-prev prev-swiper-id-113e4a8\"><\/div>\n                        <div class=\"swiper mySwiper swiper-id-113e4a8\">\n                         <div class=\"swiper-wrapper\">\n                                <div data-history=\"0\" class=\"swiper-slide\" >\n                            <a class=\"card\"  href=\"\/inmueble\/apartamento-en-venta-en-las-brisas-neiva-3611424\" target=\"_blank\">\n                                <div class=\"card-image\">\n                                    <img decoding=\"async\" class=\"img-inmueble\"  \n                                        src=\"https:\/\/www-img-cc.s3.amazonaws.com\/inmuebles\/images\/3611424\/edbbd177645671791_plana.jpeg\"\n                                        alt=\"Apartamento\"\n                                        onerror=\"this.src='https:\/\/www.ciencuadras.com\/sources\/images\/result\/no-photo-property.png'\"\n                                    \/>\n                                <\/div>\n                                <div class=\"card-info\">\n                                    <div class=\"card-price\">\n                                        <span>Valor de compra: <\/span>                                        <br \/>\n                                        <span class=\"card-price-big\">$280.000.000 \n                                        <\/span>\n                                    <\/div>\n                                    <div class=\"card-location\">\n                                        Apartamento en Venta                                    <\/div>\n                                    <div class=\"card-direction\">\n                                        <div class=\"card-target\">\n                                            <em class=\"fas fa-map-marker-alt\"><\/em>\n                                            <span class=\"city\"> Neiva<\/span>\n                                            <span>&nbsp;\/&nbsp;<\/span>\n                                            <span class=\"neighborhood\"> LAS BRISAS<\/span>\n                                        <\/div>\n                                    <\/div>\n                                    <div class=\"specs\">\n                                        <div class=\"specs-data area\"><span class=\"span-data\">87 m2<\/span><\/div>\n                                        <div class=\"specs-data rooms\"><span class=\"span-data\">Habit. 3<\/span><\/div><div class=\"specs-data baths\"><span class=\"span-data\">Ba\u00f1os 2<\/span><\/div><div class=\"specs-data garages\"><span class=\"span-data\">Garaje 1<\/span><\/div>                                        \n                                        \n                                        \n                                    <\/div>\n                                <\/div>\n                            <\/a>\n                        <\/div>\n                    \n                   \n\t\t\t\n                                <div data-history=\"1\" class=\"swiper-slide\" >\n                            <a class=\"card\"  href=\"\/inmueble\/apartamento-en-venta-en-ub-canaima-neiva-3357930\" target=\"_blank\">\n                                <div class=\"card-image\">\n                                    <img decoding=\"async\" class=\"img-inmueble\"  \n                                        src=\"https:\/\/www-img-cc.s3.amazonaws.com\/inmuebles\/images\/3357930\/ebfeb_174836128354_plana.jpeg\"\n                                        alt=\"Apartamento\"\n                                        onerror=\"this.src='https:\/\/www.ciencuadras.com\/sources\/images\/result\/no-photo-property.png'\"\n                                    \/>\n                                <\/div>\n                                <div class=\"card-info\">\n                                    <div class=\"card-price\">\n                                        <span>Valor de compra: <\/span>                                        <br \/>\n                                        <span class=\"card-price-big\">$350.000.000 \n                                        <\/span>\n                                    <\/div>\n                                    <div class=\"card-location\">\n                                        Apartamento en Venta                                    <\/div>\n                                    <div class=\"card-direction\">\n                                        <div class=\"card-target\">\n                                            <em class=\"fas fa-map-marker-alt\"><\/em>\n                                            <span class=\"city\"> Neiva<\/span>\n                                            <span>&nbsp;\/&nbsp;<\/span>\n                                            <span class=\"neighborhood\"> UB. CANAIMA<\/span>\n                                        <\/div>\n                                    <\/div>\n                                    <div class=\"specs\">\n                                        <div class=\"specs-data area\"><span class=\"span-data\">89 m2<\/span><\/div>\n                                        <div class=\"specs-data rooms\"><span class=\"span-data\">Habit. 3<\/span><\/div><div class=\"specs-data baths\"><span class=\"span-data\">Ba\u00f1os 2<\/span><\/div><div class=\"specs-data garages\"><span class=\"span-data\">Garaje 1<\/span><\/div>                                        \n                                        \n                                        \n                                    <\/div>\n                                <\/div>\n                            <\/a>\n                        <\/div>\n                    \n                   \n\t\t\t\n                                <div data-history=\"2\" class=\"swiper-slide\" >\n                            <a class=\"card\"  href=\"\/inmueble\/apartamento-en-venta-en-prado-alto-neiva-3633369\" target=\"_blank\">\n                                <div class=\"card-image\">\n                                    <img decoding=\"async\" class=\"img-inmueble\"  \n                                        src=\"https:\/\/www-img-cc.s3.amazonaws.com\/inmuebles\/images\/3633369\/afbdc_177151223911_plana.jpeg\"\n                                        alt=\"Apartamento\"\n                                        onerror=\"this.src='https:\/\/www.ciencuadras.com\/sources\/images\/result\/no-photo-property.png'\"\n                                    \/>\n                                <\/div>\n                                <div class=\"card-info\">\n                                    <div class=\"card-price\">\n                                        <span>Valor de compra: <\/span>                                        <br \/>\n                                        <span class=\"card-price-big\">$650.000.000 \n                                        <\/span>\n                                    <\/div>\n                                    <div class=\"card-location\">\n                                        Apartamento en Venta                                    <\/div>\n                                    <div class=\"card-direction\">\n                                        <div class=\"card-target\">\n                                            <em class=\"fas fa-map-marker-alt\"><\/em>\n                                            <span class=\"city\"> Neiva<\/span>\n                                            <span>&nbsp;\/&nbsp;<\/span>\n                                            <span class=\"neighborhood\"> PRADO ALTO<\/span>\n                                        <\/div>\n                                    <\/div>\n                                    <div class=\"specs\">\n                                        <div class=\"specs-data area\"><span class=\"span-data\">155 m2<\/span><\/div>\n                                        <div class=\"specs-data rooms\"><span class=\"span-data\">Habit. 3<\/span><\/div><div class=\"specs-data baths\"><span class=\"span-data\">Ba\u00f1os 2<\/span><\/div><div class=\"specs-data garages\"><span class=\"span-data\">Garaje 2<\/span><\/div>                                        \n                                        \n                                        \n                                    <\/div>\n                                <\/div>\n                            <\/a>\n                        <\/div>\n                    \n                   \n\t\t\t\n                                <div data-history=\"3\" class=\"swiper-slide\" >\n                            <a class=\"card\"  href=\"\/inmueble\/apartamento-en-arriendo-o-venta-en-el-faro-neiva-3663852\" target=\"_blank\">\n                                <div class=\"card-image\">\n                                    <img decoding=\"async\" class=\"img-inmueble\"  \n                                        src=\"https:\/\/www-img-cc.s3.amazonaws.com\/inmuebles\/images\/3663852\/bdf_177376466457_plana.jpeg\"\n                                        alt=\"Apartamento\"\n                                        onerror=\"this.src='https:\/\/www.ciencuadras.com\/sources\/images\/result\/no-photo-property.png'\"\n                                    \/>\n                                <\/div>\n                                <div class=\"card-info\">\n                                    <div class=\"card-price\">\n                                        <span>Valor de compra: <\/span>                                        <br \/>\n                                        <span class=\"card-price-big\">$470.000.000 \n                                        <\/span>\n                                    <\/div>\n                                    <div class=\"card-location\">\n                                        Apartamento en Arriendo o venta                                    <\/div>\n                                    <div class=\"card-direction\">\n                                        <div class=\"card-target\">\n                                            <em class=\"fas fa-map-marker-alt\"><\/em>\n                                            <span class=\"city\"> Neiva<\/span>\n                                            <span>&nbsp;\/&nbsp;<\/span>\n                                            <span class=\"neighborhood\"> EL FARO<\/span>\n                                        <\/div>\n                                    <\/div>\n                                    <div class=\"specs\">\n                                        <div class=\"specs-data area\"><span class=\"span-data\">78.0 m2<\/span><\/div>\n                                        <div class=\"specs-data rooms\"><span class=\"span-data\">Habit. 2<\/span><\/div><div class=\"specs-data baths\"><span class=\"span-data\">Ba\u00f1os 1<\/span><\/div><div class=\"specs-data garages\"><span class=\"span-data\">Garaje 2<\/span><\/div>                                        \n                                        \n                                        \n                                    <\/div>\n                                <\/div>\n                            <\/a>\n                        <\/div>\n                    \n                   \n\t\t\t\n                                <div data-history=\"4\" class=\"swiper-slide\" >\n                            <a class=\"card\"  href=\"\/inmueble\/apartamento-en-venta-en-las-granjas-neiva-3520411\" target=\"_blank\">\n                                <div class=\"card-image\">\n                                    <img decoding=\"async\" class=\"img-inmueble\"  \n                                        src=\"https:\/\/www-img-cc.s3.amazonaws.com\/inmuebles\/images\/3520411\/faeb_176122859981_plana.jpeg\"\n                                        alt=\"Apartamento\"\n                                        onerror=\"this.src='https:\/\/www.ciencuadras.com\/sources\/images\/result\/no-photo-property.png'\"\n                                    \/>\n                                <\/div>\n                                <div class=\"card-info\">\n                                    <div class=\"card-price\">\n                                        <span>Valor de compra: <\/span>                                        <br \/>\n                                        <span class=\"card-price-big\">$550.000.000 \n                                        <\/span>\n                                    <\/div>\n                                    <div class=\"card-location\">\n                                        Apartamento en Venta                                    <\/div>\n                                    <div class=\"card-direction\">\n                                        <div class=\"card-target\">\n                                            <em class=\"fas fa-map-marker-alt\"><\/em>\n                                            <span class=\"city\"> Neiva<\/span>\n                                            <span>&nbsp;\/&nbsp;<\/span>\n                                            <span class=\"neighborhood\"> LAS GRANJAS<\/span>\n                                        <\/div>\n                                    <\/div>\n                                    <div class=\"specs\">\n                                        <div class=\"specs-data area\"><span class=\"span-data\">115 m2<\/span><\/div>\n                                        <div class=\"specs-data rooms\"><span class=\"span-data\">Habit. 3<\/span><\/div><div class=\"specs-data baths\"><span class=\"span-data\">Ba\u00f1os 3<\/span><\/div><div class=\"specs-data garages\"><span class=\"span-data\">Garaje 2<\/span><\/div>                                        \n                                        \n                                        \n                                    <\/div>\n                                <\/div>\n                            <\/a>\n                        <\/div>\n                    \n                   \n\t\t\t\n                                <div data-history=\"5\" class=\"swiper-slide\" >\n                            <a class=\"card\"  href=\"\/inmueble\/apartamento-en-venta-en-los-dujos-neiva-3658850\" target=\"_blank\">\n                                <div class=\"card-image\">\n                                    <img decoding=\"async\" class=\"img-inmueble\"  \n                                        src=\"https:\/\/www-img-cc.s3.amazonaws.com\/inmuebles\/images\/3658850\/bdcfe177329199169_plana.jpeg\"\n                                        alt=\"Apartamento\"\n                                        onerror=\"this.src='https:\/\/www.ciencuadras.com\/sources\/images\/result\/no-photo-property.png'\"\n                                    \/>\n                                <\/div>\n                                <div class=\"card-info\">\n                                    <div class=\"card-price\">\n                                        <span>Valor de compra: <\/span>                                        <br \/>\n                                        <span class=\"card-price-big\">$420.000.000 \n                                        <\/span>\n                                    <\/div>\n                                    <div class=\"card-location\">\n                                        Apartamento en Venta                                    <\/div>\n                                    <div class=\"card-direction\">\n                                        <div class=\"card-target\">\n                                            <em class=\"fas fa-map-marker-alt\"><\/em>\n                                            <span class=\"city\"> Neiva<\/span>\n                                            <span>&nbsp;\/&nbsp;<\/span>\n                                            <span class=\"neighborhood\"> LOS DUJOS<\/span>\n                                        <\/div>\n                                    <\/div>\n                                    <div class=\"specs\">\n                                        <div class=\"specs-data area\"><span class=\"span-data\">113.0 m2<\/span><\/div>\n                                        <div class=\"specs-data rooms\"><span class=\"span-data\">Habit. 3<\/span><\/div><div class=\"specs-data baths\"><span class=\"span-data\">Ba\u00f1os 2<\/span><\/div><div class=\"specs-data garages\"><span class=\"span-data\">Garaje 1<\/span><\/div>                                        \n                                        \n                                        \n                                    <\/div>\n                                <\/div>\n                            <\/a>\n                        <\/div>\n                    \n                   \n\t\t\t\n                                <div data-history=\"6\" class=\"swiper-slide\" >\n                            <a class=\"card\"  href=\"\/inmueble\/apartamento-en-venta-en-el-faro-neiva-3500737\" target=\"_blank\">\n                                <div class=\"card-image\">\n                                    <img decoding=\"async\" class=\"img-inmueble\"  \n                                        src=\"https:\/\/www-img-cc.s3.amazonaws.com\/inmuebles\/images\/3500737\/edbdd_175978168567_plana.jpeg\"\n                                        alt=\"Apartamento\"\n                                        onerror=\"this.src='https:\/\/www.ciencuadras.com\/sources\/images\/result\/no-photo-property.png'\"\n                                    \/>\n                                <\/div>\n                                <div class=\"card-info\">\n                                    <div class=\"card-price\">\n                                        <span>Valor de compra: <\/span>                                        <br \/>\n                                        <span class=\"card-price-big\">$150.000.000 \n                                        <\/span>\n                                    <\/div>\n                                    <div class=\"card-location\">\n                                        Apartamento en Venta                                    <\/div>\n                                    <div class=\"card-direction\">\n                                        <div class=\"card-target\">\n                                            <em class=\"fas fa-map-marker-alt\"><\/em>\n                                            <span class=\"city\"> Neiva<\/span>\n                                            <span>&nbsp;\/&nbsp;<\/span>\n                                            <span class=\"neighborhood\"> EL FARO<\/span>\n                                        <\/div>\n                                    <\/div>\n                                    <div class=\"specs\">\n                                        <div class=\"specs-data area\"><span class=\"span-data\">40 m2<\/span><\/div>\n                                        <div class=\"specs-data rooms\"><span class=\"span-data\">Habit. 3<\/span><\/div><div class=\"specs-data baths\"><span class=\"span-data\">Ba\u00f1os 2<\/span><\/div><div class=\"specs-data garages\"><span class=\"span-data\">Garaje 1<\/span><\/div>                                        \n                                        \n                                        \n                                    <\/div>\n                                <\/div>\n                            <\/a>\n                        <\/div>\n                    \n                   \n\t\t\t\n                                <div data-history=\"7\" class=\"swiper-slide\" >\n                            <a class=\"card\"  href=\"\/inmueble\/apartamento-en-venta-en-andalucia-neiva-3644421\" target=\"_blank\">\n                                <div class=\"card-image\">\n                                    <img decoding=\"async\" class=\"img-inmueble\"  \n                                        src=\"https:\/\/www-img-cc.s3.amazonaws.com\/inmuebles\/images\/3644421\/afbcb_177248425285_plana.jpeg\"\n                                        alt=\"Apartamento\"\n                                        onerror=\"this.src='https:\/\/www.ciencuadras.com\/sources\/images\/result\/no-photo-property.png'\"\n                                    \/>\n                                <\/div>\n                                <div class=\"card-info\">\n                                    <div class=\"card-price\">\n                                        <span>Valor de compra: <\/span>                                        <br \/>\n                                        <span class=\"card-price-big\">$190.000.000 \n                                        <\/span>\n                                    <\/div>\n                                    <div class=\"card-location\">\n                                        Apartamento en Venta                                    <\/div>\n                                    <div class=\"card-direction\">\n                                        <div class=\"card-target\">\n                                            <em class=\"fas fa-map-marker-alt\"><\/em>\n                                            <span class=\"city\"> Neiva<\/span>\n                                            <span>&nbsp;\/&nbsp;<\/span>\n                                            <span class=\"neighborhood\"> ANDALUCIA<\/span>\n                                        <\/div>\n                                    <\/div>\n                                    <div class=\"specs\">\n                                        <div class=\"specs-data area\"><span class=\"span-data\">1.0 m2<\/span><\/div>\n                                        <div class=\"specs-data rooms\"><span class=\"span-data\">Habit. 3<\/span><\/div><div class=\"specs-data baths\"><span class=\"span-data\">Ba\u00f1os 2<\/span><\/div><div class=\"specs-data garages\"><span class=\"span-data\">Garaje 1<\/span><\/div>                                        \n                                        \n                                        \n                                    <\/div>\n                                <\/div>\n                            <\/a>\n                        <\/div>\n                    \n                   \n\t\t\t\n                                <div data-history=\"8\" class=\"swiper-slide\" >\n                            <a class=\"card\"  href=\"\/inmueble\/apartamento-en-venta-en-santa-clara-neiva-3358071\" target=\"_blank\">\n                                <div class=\"card-image\">\n                                    <img decoding=\"async\" class=\"img-inmueble\"  \n                                        src=\"https:\/\/www-img-cc.s3.amazonaws.com\/inmuebles\/images\/3358071\/eeefea_174836503959_plana.jpeg\"\n                                        alt=\"Apartamento\"\n                                        onerror=\"this.src='https:\/\/www.ciencuadras.com\/sources\/images\/result\/no-photo-property.png'\"\n                                    \/>\n                                <\/div>\n                                <div class=\"card-info\">\n                                    <div class=\"card-price\">\n                                        <span>Valor de compra: <\/span>                                        <br \/>\n                                        <span class=\"card-price-big\">$230.000.000 \n                                        <\/span>\n                                    <\/div>\n                                    <div class=\"card-location\">\n                                        Apartamento en Venta                                    <\/div>\n                                    <div class=\"card-direction\">\n                                        <div class=\"card-target\">\n                                            <em class=\"fas fa-map-marker-alt\"><\/em>\n                                            <span class=\"city\"> Neiva<\/span>\n                                            <span>&nbsp;\/&nbsp;<\/span>\n                                            <span class=\"neighborhood\"> SANTA CLARA<\/span>\n                                        <\/div>\n                                    <\/div>\n                                    <div class=\"specs\">\n                                        <div class=\"specs-data area\"><span class=\"span-data\">84 m2<\/span><\/div>\n                                        <div class=\"specs-data rooms\"><span class=\"span-data\">Habit. 3<\/span><\/div><div class=\"specs-data baths\"><span class=\"span-data\">Ba\u00f1os 2<\/span><\/div><div class=\"specs-data garages\"><span class=\"span-data\">Garaje 1<\/span><\/div>                                        \n                                        \n                                        \n                                    <\/div>\n                                <\/div>\n                            <\/a>\n                        <\/div>\n                    \n                   \n\t\t\t\n                                <div data-history=\"9\" class=\"swiper-slide\" >\n                            <a class=\"card\"  href=\"\/inmueble\/apartamento-en-venta-en-alvaro-sanchez-silva-neiva-3388723\" target=\"_blank\">\n                                <div class=\"card-image\">\n                                    <img decoding=\"async\" class=\"img-inmueble\"  \n                                        src=\"https:\/\/www-img-cc.s3.amazonaws.com\/inmuebles\/images\/3388723\/acdeaad_175078141839_plana.jpeg\"\n                                        alt=\"Apartamento\"\n                                        onerror=\"this.src='https:\/\/www.ciencuadras.com\/sources\/images\/result\/no-photo-property.png'\"\n                                    \/>\n                                <\/div>\n                                <div class=\"card-info\">\n                                    <div class=\"card-price\">\n                                        <span>Valor de compra: <\/span>                                        <br \/>\n                                        <span class=\"card-price-big\">$200.000.000 \n                                        <\/span>\n                                    <\/div>\n                                    <div class=\"card-location\">\n                                        Apartamento en Venta                                    <\/div>\n                                    <div class=\"card-direction\">\n                                        <div class=\"card-target\">\n                                            <em class=\"fas fa-map-marker-alt\"><\/em>\n                                            <span class=\"city\"> Neiva<\/span>\n                                            <span>&nbsp;\/&nbsp;<\/span>\n                                            <span class=\"neighborhood\"> ALVARO SANCHEZ SILVA<\/span>\n                                        <\/div>\n                                    <\/div>\n                                    <div class=\"specs\">\n                                        <div class=\"specs-data area\"><span class=\"span-data\">104 m2<\/span><\/div>\n                                        <div class=\"specs-data rooms\"><span class=\"span-data\">Habit. 2<\/span><\/div><div class=\"specs-data baths\"><span class=\"span-data\">Ba\u00f1os 3<\/span><\/div><div class=\"specs-data garages\"><span class=\"span-data\">Garaje 1<\/span><\/div>                                        \n                                        \n                                        \n                                    <\/div>\n                                <\/div>\n                            <\/a>\n                        <\/div>\n                    \n                   \n\t\t\t\n                      \n                         <\/div>\n                    <\/div>\n                <div class=\"swiper-button-next next-swiper-id-113e4a8\"><\/div>\n                <div class=\"swiper-pagination  swiper-pagination-id-113e4a8\"><\/div>\n            <\/div>\n            <div class=\"container-button\">\n                <a href=\"\/venta\/neiva\/apartamento\" target=\"_blank\">\n                    <button class=\"slider-button\">Ver todos<\/button>\n                <\/a>\n\t\t    <\/div>\n\n            <script>\n                    idSwiper= '113e4a8';\n                    window['swiperId'+idSwiper] =new Swiper(`.swiper-id-${idSwiper}`, {\n                    spaceBetween: 10,\n                    slidesPerView: 1,\n                    slidesPerGroup: 1,\n                    width:270,\n                    centeredSlides:true,\n                    rewind:true,\n                    breakpointsBase:`.container-id-${idSwiper}`,\n                    navigation: {\n                        nextEl: `.next-swiper-id-${idSwiper}`,\n                        prevEl: `.prev-swiper-id-${idSwiper}`,\n                    },\n                    pagination: {\n                        el: `.swiper-pagination-id-${idSwiper}`,\n                    },\n                    preloadImages: false,\n                    breakpoints: {\n                        600: {\n                            slidesPerView: 2,\n                            spaceBetween: 10,\n                            slidesPerGroup: 2,\n                            width:550,\n                            centeredSlidesBounds: true,\n                            centeredSlides:false,\n                        },\n                        900: {\n                            slidesPerView: 3,\n                            spaceBetween: 10,\n                            slidesPerGroup: 3,\n                            width:830,\n                            centeredSlidesBounds: true,\n                            centeredSlides:false,\n                        },\n                        1200: {\n                            slidesPerView: 4,\n                            spaceBetween: 12,\n                            slidesPerGroup: 4,\n                            width:1110,\n                            centeredSlidesBounds: true,\n                            centeredSlides:false,\n                        },\n                    },\n                });\n            <\/script>\n\n            \n        \t\t<\/div>\n\t\t\t\t<\/div>\n\t\t\t\t\t<\/div>\n\t\t<\/div>\n\t\t\t\t\t<\/div>\n\t\t<\/section>\n\t\t\t\t<section class=\"elementor-section elementor-top-section elementor-element elementor-element-cbaa2e3 elementor-section-boxed elementor-section-height-default elementor-section-height-default\" data-id=\"cbaa2e3\" data-element_type=\"section\">\n\t\t\t\t\t\t<div class=\"elementor-container elementor-column-gap-default\">\n\t\t\t\t\t<div class=\"elementor-column elementor-col-100 elementor-top-column elementor-element elementor-element-7437357\" data-id=\"7437357\" data-element_type=\"column\">\n\t\t\t<div class=\"elementor-widget-wrap elementor-element-populated\">\n\t\t\t\t\t\t<div class=\"elementor-element elementor-element-59344d3 elementor-widget elementor-widget-spacer\" data-id=\"59344d3\" data-element_type=\"widget\" data-widget_type=\"spacer.default\">\n\t\t\t\t<div class=\"elementor-widget-container\">\n\t\t\t\t\t<div class=\"elementor-spacer\">\n\t\t\t<div class=\"elementor-spacer-inner\"><\/div>\n\t\t<\/div>\n\t\t\t\t<\/div>\n\t\t\t\t<\/div>\n\t\t\t\t\t<\/div>\n\t\t<\/div>\n\t\t\t\t\t<\/div>\n\t\t<\/section>\n\t\t\t\t<section class=\"elementor-section elementor-top-section elementor-element elementor-element-2dbaf5ce elementor-section-boxed elementor-section-height-default elementor-section-height-default\" data-id=\"2dbaf5ce\" data-element_type=\"section\">\n\t\t\t\t\t\t<div class=\"elementor-container elementor-column-gap-default\">\n\t\t\t\t\t<div class=\"elementor-column elementor-col-100 elementor-top-column elementor-element elementor-element-1c09f11\" data-id=\"1c09f11\" data-element_type=\"column\">\n\t\t\t<div class=\"elementor-widget-wrap elementor-element-populated\">\n\t\t\t\t\t\t<div class=\"elementor-element elementor-element-77f38b98 elementor-widget elementor-widget-heading\" data-id=\"77f38b98\" data-element_type=\"widget\" data-widget_type=\"heading.default\">\n\t\t\t\t<div class=\"elementor-widget-container\">\n\t\t\t<h1 class=\"elementor-heading-title elementor-size-default\">Principales ciudades de Colombia<\/h1>\t\t<\/div>\n\t\t\t\t<\/div>\n\t\t\t\t\t<\/div>\n\t\t<\/div>\n\t\t\t\t\t<\/div>\n\t\t<\/section>\n\t\t\t\t<section class=\"elementor-section elementor-top-section elementor-element elementor-element-47a1ca12 elementor-section-boxed elementor-section-height-default elementor-section-height-default\" data-id=\"47a1ca12\" data-element_type=\"section\">\n\t\t\t\t\t\t<div class=\"elementor-container elementor-column-gap-default\">\n\t\t\t\t\t<div class=\"elementor-column elementor-col-100 elementor-top-column elementor-element elementor-element-6819f3c9\" data-id=\"6819f3c9\" data-element_type=\"column\">\n\t\t\t<div class=\"elementor-widget-wrap elementor-element-populated\">\n\t\t\t\t\t\t<div class=\"elementor-element elementor-element-7e091ddf elementor-widget elementor-widget-spacer\" data-id=\"7e091ddf\" data-element_type=\"widget\" data-widget_type=\"spacer.default\">\n\t\t\t\t<div class=\"elementor-widget-container\">\n\t\t\t\t\t<div class=\"elementor-spacer\">\n\t\t\t<div class=\"elementor-spacer-inner\"><\/div>\n\t\t<\/div>\n\t\t\t\t<\/div>\n\t\t\t\t<\/div>\n\t\t\t\t<div class=\"elementor-element elementor-element-28d6f96 elementor-skin-carousel elementor-arrows-yes elementor-pagination-type-bullets elementor-pagination-position-outside elementor-invisible elementor-widget elementor-widget-media-carousel\" data-id=\"28d6f96\" data-element_type=\"widget\" data-settings=\"{&quot;space_between&quot;:{&quot;unit&quot;:&quot;px&quot;,&quot;size&quot;:35,&quot;sizes&quot;:[]},&quot;slides_per_view&quot;:&quot;3&quot;,&quot;_animation&quot;:&quot;fadeInDown&quot;,&quot;skin&quot;:&quot;carousel&quot;,&quot;effect&quot;:&quot;slide&quot;,&quot;show_arrows&quot;:&quot;yes&quot;,&quot;pagination&quot;:&quot;bullets&quot;,&quot;speed&quot;:500,&quot;autoplay&quot;:&quot;yes&quot;,&quot;autoplay_speed&quot;:5000,&quot;loop&quot;:&quot;yes&quot;,&quot;pause_on_hover&quot;:&quot;yes&quot;,&quot;pause_on_interaction&quot;:&quot;yes&quot;,&quot;space_between_tablet&quot;:{&quot;unit&quot;:&quot;px&quot;,&quot;size&quot;:10,&quot;sizes&quot;:[]},&quot;space_between_mobile&quot;:{&quot;unit&quot;:&quot;px&quot;,&quot;size&quot;:10,&quot;sizes&quot;:[]}}\" data-widget_type=\"media-carousel.default\">\n\t\t\t\t<div class=\"elementor-widget-container\">\n\t\t\t\t\t<div class=\"elementor-swiper\">\n\t\t\t<div class=\"elementor-main-swiper swiper\">\n\t\t\t\t<div class=\"swiper-wrapper\">\n\t\t\t\t\t\t\t\t\t\t\t<div class=\"swiper-slide\">\n\t\t\t\t\t\t\t<a href=\"https:\/\/www.ciencuadras.com\/blog\/guia-de-ciudades-bogota\" target=\"_blank\">\t\t<div class=\"elementor-carousel-image\" role=\"img\" aria-label=\"\" style=\"background-image: url(&#039;https:\/\/www.ciencuadras.com\/blog\/wp-content\/uploads\/2021\/05\/320x368_bogota.jpg&#039;)\">\n\n\t\t\t\n\t\t\t\t\t<\/div>\n\t\t<\/a>\t\t\t\t\t\t<\/div>\n\t\t\t\t\t\t\t\t\t\t\t<div class=\"swiper-slide\">\n\t\t\t\t\t\t\t<a href=\"https:\/\/www.ciencuadras.com\/blog\/guia-de-ciudades-medellin\" target=\"_blank\">\t\t<div class=\"elementor-carousel-image\" role=\"img\" aria-label=\"\" style=\"background-image: url(&#039;https:\/\/www.ciencuadras.com\/blog\/wp-content\/uploads\/2021\/05\/320x368_medellin.jpg&#039;)\">\n\n\t\t\t\n\t\t\t\t\t<\/div>\n\t\t<\/a>\t\t\t\t\t\t<\/div>\n\t\t\t\t\t\t\t\t\t\t\t<div class=\"swiper-slide\">\n\t\t\t\t\t\t\t<a href=\"https:\/\/www.ciencuadras.com\/blog\/guia-de-ciudades-cali\" target=\"_blank\">\t\t<div class=\"elementor-carousel-image\" role=\"img\" aria-label=\"\" style=\"background-image: url(&#039;https:\/\/www.ciencuadras.com\/blog\/wp-content\/uploads\/2021\/05\/320x368_cali.jpg&#039;)\">\n\n\t\t\t\n\t\t\t\t\t<\/div>\n\t\t<\/a>\t\t\t\t\t\t<\/div>\n\t\t\t\t\t\t\t\t\t\t\t<div class=\"swiper-slide\">\n\t\t\t\t\t\t\t<a href=\"https:\/\/www.ciencuadras.com\/blog\/guia-de-ciudades-barranquilla\" target=\"_blank\">\t\t<div class=\"elementor-carousel-image\" role=\"img\" aria-label=\"\" style=\"background-image: url(&#039;https:\/\/www.ciencuadras.com\/blog\/wp-content\/uploads\/2021\/05\/320x368_bquilla.jpg&#039;)\">\n\n\t\t\t\n\t\t\t\t\t<\/div>\n\t\t<\/a>\t\t\t\t\t\t<\/div>\n\t\t\t\t\t\t\t\t\t\t\t<div class=\"swiper-slide\">\n\t\t\t\t\t\t\t<a href=\"https:\/\/www.ciencuadras.com\/blog\/guia-de-ciudades-ibague\" target=\"_blank\">\t\t<div class=\"elementor-carousel-image\" role=\"img\" aria-label=\"\" style=\"background-image: url(&#039;https:\/\/www.ciencuadras.com\/blog\/wp-content\/uploads\/2021\/05\/320x368_ibague.jpg&#039;)\">\n\n\t\t\t\n\t\t\t\t\t<\/div>\n\t\t<\/a>\t\t\t\t\t\t<\/div>\n\t\t\t\t\t\t\t\t\t\t\t<div class=\"swiper-slide\">\n\t\t\t\t\t\t\t<a href=\"https:\/\/www.ciencuadras.com\/blog\/guia-de-ciudades-pereira\" target=\"_blank\">\t\t<div class=\"elementor-carousel-image\" role=\"img\" aria-label=\"\" style=\"background-image: url(&#039;https:\/\/www.ciencuadras.com\/blog\/wp-content\/uploads\/2021\/05\/320x368_pereira.jpg&#039;)\">\n\n\t\t\t\n\t\t\t\t\t<\/div>\n\t\t<\/a>\t\t\t\t\t\t<\/div>\n\t\t\t\t\t\t\t\t\t\t\t<div class=\"swiper-slide\">\n\t\t\t\t\t\t\t<a href=\"https:\/\/www.ciencuadras.com\/blog\/guia-de-ciudades-envigado\" target=\"_blank\">\t\t<div class=\"elementor-carousel-image\" role=\"img\" aria-label=\"\" style=\"background-image: url(&#039;https:\/\/www.ciencuadras.com\/blog\/wp-content\/uploads\/2021\/05\/320x368_envigado.jpg&#039;)\">\n\n\t\t\t\n\t\t\t\t\t<\/div>\n\t\t<\/a>\t\t\t\t\t\t<\/div>\n\t\t\t\t\t\t\t\t\t\t\t<div class=\"swiper-slide\">\n\t\t\t\t\t\t\t<a href=\"https:\/\/www.ciencuadras.com\/blog\/guia-de-ciudades-bucaramanga\" target=\"_blank\">\t\t<div class=\"elementor-carousel-image\" role=\"img\" aria-label=\"\" style=\"background-image: url(&#039;https:\/\/www.ciencuadras.com\/blog\/wp-content\/uploads\/2021\/05\/320x368_bmanga.jpg&#039;)\">\n\n\t\t\t\n\t\t\t\t\t<\/div>\n\t\t<\/a>\t\t\t\t\t\t<\/div>\n\t\t\t\t\t\t\t\t\t\t\t<div class=\"swiper-slide\">\n\t\t\t\t\t\t\t<a href=\"https:\/\/www.ciencuadras.com\/blog\/guia-de-ciudades-chia\" target=\"_blank\">\t\t<div class=\"elementor-carousel-image\" role=\"img\" aria-label=\"\" style=\"background-image: url(&#039;https:\/\/www.ciencuadras.com\/blog\/wp-content\/uploads\/2021\/05\/320x368_chia.jpg&#039;)\">\n\n\t\t\t\n\t\t\t\t\t<\/div>\n\t\t<\/a>\t\t\t\t\t\t<\/div>\n\t\t\t\t\t\t\t\t\t\t\t<div class=\"swiper-slide\">\n\t\t\t\t\t\t\t<a href=\"https:\/\/www.ciencuadras.com\/blog\/guia-de-ciudades-floridablanca\" target=\"_blank\">\t\t<div class=\"elementor-carousel-image\" role=\"img\" aria-label=\"\" style=\"background-image: url(&#039;https:\/\/www.ciencuadras.com\/blog\/wp-content\/uploads\/2021\/05\/320x368_floridablanca.jpg&#039;)\">\n\n\t\t\t\n\t\t\t\t\t<\/div>\n\t\t<\/a>\t\t\t\t\t\t<\/div>\n\t\t\t\t\t\t\t\t\t<\/div>\n\t\t\t\t\t\t\t\t\t\t\t\t\t\t\t<div class=\"swiper-pagination\"><\/div>\n\t\t\t\t\t\t\t\t\t\t\t\t\t\t\t\t<div class=\"elementor-swiper-button elementor-swiper-button-prev\" role=\"button\" tabindex=\"0\">\n\t\t\t\t\t\t\t<svg aria-hidden=\"true\" class=\"e-font-icon-svg e-eicon-chevron-left\" viewBox=\"0 0 1000 1000\" xmlns=\"http:\/\/www.w3.org\/2000\/svg\"><path d=\"M646 125C629 125 613 133 604 142L308 442C296 454 292 471 292 487 292 504 296 521 308 533L604 854C617 867 629 875 646 875 663 875 679 871 692 858 704 846 713 829 713 812 713 796 708 779 692 767L438 487 692 225C700 217 708 204 708 187 708 171 704 154 692 142 675 129 663 125 646 125Z\"><\/path><\/svg>\t\t\t\t\t\t\t<span class=\"elementor-screen-only\">Previous<\/span>\n\t\t\t\t\t\t<\/div>\n\t\t\t\t\t\t<div class=\"elementor-swiper-button elementor-swiper-button-next\" role=\"button\" tabindex=\"0\">\n\t\t\t\t\t\t\t<svg aria-hidden=\"true\" class=\"e-font-icon-svg e-eicon-chevron-right\" viewBox=\"0 0 1000 1000\" xmlns=\"http:\/\/www.w3.org\/2000\/svg\"><path d=\"M696 533C708 521 713 504 713 487 713 471 708 454 696 446L400 146C388 133 375 125 354 125 338 125 325 129 313 142 300 154 292 171 292 187 292 204 296 221 308 233L563 492 304 771C292 783 288 800 288 817 288 833 296 850 308 863 321 871 338 875 354 875 371 875 388 867 400 854L696 533Z\"><\/path><\/svg>\t\t\t\t\t\t\t<span class=\"elementor-screen-only\">Next<\/span>\n\t\t\t\t\t\t<\/div>\n\t\t\t\t\t\t\t\t\t\t\t\t<\/div>\n\t\t<\/div>\n\t\t\t\t<\/div>\n\t\t\t\t<\/div>\n\t\t\t\t\t<\/div>\n\t\t<\/div>\n\t\t\t\t\t<\/div>\n\t\t<\/section>\n\t\t\t\t<section class=\"elementor-section elementor-top-section elementor-element elementor-element-752df2ef elementor-section-boxed elementor-section-height-default elementor-section-height-default\" data-id=\"752df2ef\" data-element_type=\"section\">\n\t\t\t\t\t\t<div class=\"elementor-container elementor-column-gap-default\">\n\t\t\t\t\t<div class=\"elementor-column elementor-col-100 elementor-top-column elementor-element elementor-element-2ba40096\" data-id=\"2ba40096\" data-element_type=\"column\">\n\t\t\t<div class=\"elementor-widget-wrap elementor-element-populated\">\n\t\t\t\t\t\t<div class=\"elementor-element elementor-element-38122a90 elementor-widget elementor-widget-heading\" data-id=\"38122a90\" data-element_type=\"widget\" data-widget_type=\"heading.default\">\n\t\t\t\t<div class=\"elementor-widget-container\">\n\t\t\t<h1 class=\"elementor-heading-title elementor-size-default\">Propiedades Sugeridas en Colombia<\/h1>\t\t<\/div>\n\t\t\t\t<\/div>\n\t\t\t\t\t<\/div>\n\t\t<\/div>\n\t\t\t\t\t<\/div>\n\t\t<\/section>\n\t\t\t\t<section class=\"elementor-section elementor-top-section elementor-element elementor-element-6cae596b elementor-section-boxed elementor-section-height-default elementor-section-height-default\" data-id=\"6cae596b\" data-element_type=\"section\">\n\t\t\t\t\t\t<div class=\"elementor-container elementor-column-gap-default\">\n\t\t\t\t\t<div class=\"elementor-column elementor-col-100 elementor-top-column elementor-element elementor-element-232c2f92\" data-id=\"232c2f92\" data-element_type=\"column\">\n\t\t\t<div class=\"elementor-widget-wrap elementor-element-populated\">\n\t\t\t\t\t\t<div class=\"elementor-element elementor-element-6f970f66 elementor-widget elementor-widget-spacer\" data-id=\"6f970f66\" data-element_type=\"widget\" data-widget_type=\"spacer.default\">\n\t\t\t\t<div class=\"elementor-widget-container\">\n\t\t\t\t\t<div class=\"elementor-spacer\">\n\t\t\t<div class=\"elementor-spacer-inner\"><\/div>\n\t\t<\/div>\n\t\t\t\t<\/div>\n\t\t\t\t<\/div>\n\t\t\t\t\t<\/div>\n\t\t<\/div>\n\t\t\t\t\t<\/div>\n\t\t<\/section>\n\t\t\t\t<section class=\"elementor-section elementor-top-section elementor-element elementor-element-72b928f8 elementor-section-boxed elementor-section-height-default elementor-section-height-default\" data-id=\"72b928f8\" data-element_type=\"section\">\n\t\t\t\t\t\t<div class=\"elementor-container elementor-column-gap-default\">\n\t\t\t\t\t<div class=\"elementor-column elementor-col-25 elementor-top-column elementor-element elementor-element-17d3cd7d\" data-id=\"17d3cd7d\" data-element_type=\"column\">\n\t\t\t<div class=\"elementor-widget-wrap elementor-element-populated\">\n\t\t\t\t\t\t<div class=\"elementor-element elementor-element-4a178339 elementor-widget elementor-widget-heading\" data-id=\"4a178339\" data-element_type=\"widget\" data-widget_type=\"heading.default\">\n\t\t\t\t<div class=\"elementor-widget-container\">\n\t\t\t<h1 class=\"elementor-heading-title elementor-size-default\">PROYECTOS DE VIVIENDA NUEVA\n<\/h1>\t\t<\/div>\n\t\t\t\t<\/div>\n\t\t\t\t<div class=\"elementor-element elementor-element-69f46d5 elementor-widget elementor-widget-text-editor\" data-id=\"69f46d5\" data-element_type=\"widget\" data-widget_type=\"text-editor.default\">\n\t\t\t\t<div class=\"elementor-widget-container\">\n\t\t\t\t\t\t\t<h3>\u00a0<\/h3><p><a href=\"https:\/\/www.ciencuadras.com\/proyectos-vivienda-nueva\/bogota\/casa-apartamento\">Proyectos de vivienda en Bogot\u00e1<\/a><\/p><p><a href=\"https:\/\/www.ciencuadras.com\/proyectos-vivienda-nueva\/cali\/casa-apartamento\">Proyectos de vivienda en Cali<\/a><\/p><p><a href=\"https:\/\/www.ciencuadras.com\/proyectos-vivienda-nueva\/zipaquira\/casa-apartamento\">Proyectos de vivienda en Zipaquir\u00e1<\/a><\/p><p><a href=\"https:\/\/www.ciencuadras.com\/proyectos-vivienda-nueva\/cajica\/casa-apartamento\">Proyectos de vivienda en Cajic\u00e1<\/a><\/p><p><a href=\"https:\/\/www.ciencuadras.com\/proyectos-vivienda-nueva\/facatativa\/casa-apartamento\">Proyectos de vivienda en Facatativ\u00e1<\/a><\/p><p><a href=\"https:\/\/www.ciencuadras.com\/proyectos-vivienda-nueva\/sabaneta\/casa-apartamento\">Proyectos de vivienda\u00a0 en Sabaneta<\/a><\/p>\t\t\t\t\t\t<\/div>\n\t\t\t\t<\/div>\n\t\t\t\t\t<\/div>\n\t\t<\/div>\n\t\t\t\t<div class=\"elementor-column elementor-col-25 elementor-top-column elementor-element elementor-element-2f560d74\" data-id=\"2f560d74\" data-element_type=\"column\">\n\t\t\t<div class=\"elementor-widget-wrap elementor-element-populated\">\n\t\t\t\t\t\t<div class=\"elementor-element elementor-element-d19f4dc elementor-widget elementor-widget-heading\" data-id=\"d19f4dc\" data-element_type=\"widget\" data-widget_type=\"heading.default\">\n\t\t\t\t<div class=\"elementor-widget-container\">\n\t\t\t<h1 class=\"elementor-heading-title elementor-size-default\">APARTAMENTOS EN ARRIENDO\n<\/h1>\t\t<\/div>\n\t\t\t\t<\/div>\n\t\t\t\t<div class=\"elementor-element elementor-element-5329e446 elementor-widget elementor-widget-text-editor\" data-id=\"5329e446\" data-element_type=\"widget\" data-widget_type=\"text-editor.default\">\n\t\t\t\t<div class=\"elementor-widget-container\">\n\t\t\t\t\t\t\t<div class=\"pre-footer__list\"><h3>\u00a0<\/h3><p><a href=\"https:\/\/www.ciencuadras.com\/arriendo\/bogota\/apartamento\">Apartamentos en Arriendo en Bogot\u00e1<\/a><\/p><p><a href=\"https:\/\/www.ciencuadras.com\/arriendo\/bogota\/bosa\/apartamento\">Apartamentos en arriendo en Bosa Bogot\u00e1<\/a><\/p><p><a href=\"https:\/\/www.ciencuadras.com\/arriendo\/bucaramanga\/apartamento\">Apartamentos en Arriendo en Bucaramanga<\/a><\/p><p><a href=\"https:\/\/www.ciencuadras.com\/arriendo\/cali\/apartamento\">Apartamentos en Arriendo en Cali<\/a><\/p><p><a href=\"https:\/\/www.ciencuadras.com\/arriendo\/bogota\/kennedy\/castilla\/apartamento\">Apartamentos en arriendo en Castilla Bogot\u00e1<\/a><\/p><p><a href=\"https:\/\/www.ciencuadras.com\/arriendo\/bogota\/usaquen\/cedritos\/apartamento\">Apartamentos en arriendo en Cedritos Bogot\u00e1<\/a><\/p><article class=\"collapsible\"><div id=\"colapsableOne\" class=\"collapsible__content\" data-collapsed=\"true\"><div class=\"collapsible__item\">\u00a0<\/div><\/div><\/article><\/div><div class=\"pre-footer__list\">\u00a0<\/div>\t\t\t\t\t\t<\/div>\n\t\t\t\t<\/div>\n\t\t\t\t\t<\/div>\n\t\t<\/div>\n\t\t\t\t<div class=\"elementor-column elementor-col-25 elementor-top-column elementor-element elementor-element-22e596cc\" data-id=\"22e596cc\" data-element_type=\"column\">\n\t\t\t<div class=\"elementor-widget-wrap elementor-element-populated\">\n\t\t\t\t\t\t<div class=\"elementor-element elementor-element-24f816a7 elementor-widget elementor-widget-heading\" data-id=\"24f816a7\" data-element_type=\"widget\" data-widget_type=\"heading.default\">\n\t\t\t\t<div class=\"elementor-widget-container\">\n\t\t\t<h1 class=\"elementor-heading-title elementor-size-default\">APARTAMENTOS EN VENTA\n<\/h1>\t\t<\/div>\n\t\t\t\t<\/div>\n\t\t\t\t<div class=\"elementor-element elementor-element-2f8f92e7 elementor-widget elementor-widget-text-editor\" data-id=\"2f8f92e7\" data-element_type=\"widget\" data-widget_type=\"text-editor.default\">\n\t\t\t\t<div class=\"elementor-widget-container\">\n\t\t\t\t\t\t\t<p>\u00a0<\/p><p><a href=\"https:\/\/www.ciencuadras.com\/venta\/barranquilla\/apartamento\">Apartamentos en Venta en Barranquilla<\/a><\/p><p><a href=\"https:\/\/www.ciencuadras.com\/venta\/bello\/apartamento\">Apartamentos en Venta en Bello<\/a><\/p><p><a href=\"https:\/\/www.ciencuadras.com\/venta\/bogota\/apartamento\">Apartamentos en Venta en Bogot\u00e1<\/a><\/p><p><a href=\"https:\/\/www.ciencuadras.com\/venta\/bucaramanga\/apartamento\">Apartamentos en Venta en Bucaramanga<\/a><\/p><p><a href=\"https:\/\/www.ciencuadras.com\/venta\/cajica\/apartamento\">Apartamentos en Venta en Cajic\u00e1<\/a><\/p><p><a href=\"https:\/\/www.ciencuadras.com\/venta\/cali\/apartamento\">Apartamentos en Venta en Cali<\/a><\/p>\t\t\t\t\t\t<\/div>\n\t\t\t\t<\/div>\n\t\t\t\t\t<\/div>\n\t\t<\/div>\n\t\t\t\t<div class=\"elementor-column elementor-col-25 elementor-top-column elementor-element elementor-element-2cc15eb\" data-id=\"2cc15eb\" data-element_type=\"column\">\n\t\t\t<div class=\"elementor-widget-wrap elementor-element-populated\">\n\t\t\t\t\t\t<div class=\"elementor-element elementor-element-69578f6d elementor-widget elementor-widget-heading\" data-id=\"69578f6d\" data-element_type=\"widget\" data-widget_type=\"heading.default\">\n\t\t\t\t<div class=\"elementor-widget-container\">\n\t\t\t<h1 class=\"elementor-heading-title elementor-size-default\">CASAS EN ARRIENDO\n\n<\/h1>\t\t<\/div>\n\t\t\t\t<\/div>\n\t\t\t\t<div class=\"elementor-element elementor-element-50adc916 elementor-widget elementor-widget-text-editor\" data-id=\"50adc916\" data-element_type=\"widget\" data-widget_type=\"text-editor.default\">\n\t\t\t\t<div class=\"elementor-widget-container\">\n\t\t\t\t\t\t\t<p>\u00a0<\/p><p><a href=\"https:\/\/www.ciencuadras.com\/arriendo\/bello\/casa\">Casas en Arriendo en Bello<\/a><\/p><p><a href=\"https:\/\/www.ciencuadras.com\/arriendo\/bogota\/casa\">Casas en Arriendo en Bogot\u00e1<\/a><\/p><p><a href=\"https:\/\/www.ciencuadras.com\/arriendo\/bucaramanga\/casa\">Casas en Arriendo en Bucaramanga<\/a><\/p><p><a href=\"https:\/\/www.ciencuadras.com\/arriendo\/cali\/casa\">Casas en Arriendo en Cali<\/a><\/p><p><a href=\"https:\/\/www.ciencuadras.com\/arriendo\/chia\/casa\">Casas en Arriendo en Ch\u00eda<\/a><\/p><p><a href=\"https:\/\/www.ciencuadras.com\/arriendo\/casa\">Casas en arriendo en Colombia<\/a><\/p>\t\t\t\t\t\t<\/div>\n\t\t\t\t<\/div>\n\t\t\t\t\t<\/div>\n\t\t<\/div>\n\t\t\t\t\t<\/div>\n\t\t<\/section>\n\t\t\t\t<\/div>\n\t\t\n","protected":false},"excerpt":{"rendered":"<p>Gu\u00eda de ciudad: Neiva Colombia Es la capital del departamento de Huila, ubicado en el centro sur de Colombia, sobre el alto r\u00edo Magdalena. Es &hellip;<\/p>\n","protected":false},"author":2,"featured_media":0,"parent":0,"menu_order":0,"comment_status":"closed","ping_status":"closed","template":"elementor_header_footer","meta":{"footnotes":""},"acf":[],"yoast_head":"<!-- This site is optimized with the Yoast SEO plugin v15.9 - https:\/\/yoast.com\/wordpress\/plugins\/seo\/ -->\n<title>Gu\u00eda de ciudad de Neiva - Ciudades de Colombia | Ciencuadras<\/title>\n<meta name=\"description\" content=\"Conoce todo sobre la ciudad de Neiva, su historia e informaci\u00f3n del sector inmobiliario, encuentra apartamentos, casas y proyectos de vivienda\" \/>\n<meta name=\"robots\" content=\"index, follow, max-snippet:-1, max-image-preview:large, max-video-preview:-1\" \/>\n<link rel=\"canonical\" href=\"https:\/\/www.ciencuadras.com\/blog\/guia-de-ciudades-neiva\" \/>\n<meta property=\"og:locale\" content=\"es_ES\" \/>\n<meta property=\"og:type\" content=\"article\" \/>\n<meta property=\"og:title\" content=\"Gu\u00eda de ciudad de Neiva - Ciudades de Colombia | Ciencuadras\" \/>\n<meta property=\"og:description\" content=\"Conoce todo sobre la ciudad de Neiva, su historia e informaci\u00f3n del sector inmobiliario, encuentra apartamentos, casas y proyectos de vivienda\" \/>\n<meta property=\"og:url\" content=\"https:\/\/www.ciencuadras.com\/blog\/guia-de-ciudades-neiva\" \/>\n<meta property=\"article:publisher\" content=\"https:\/\/www.facebook.com\/ciencuadras\/\" \/>\n<meta property=\"article:modified_time\" content=\"2023-01-26T13:45:48+00:00\" \/>\n<meta property=\"og:image\" content=\"https:\/\/www.ciencuadras.com\/blog\/wp-content\/uploads\/2023\/01\/760x501_Neiva.jpg\" \/>\n<meta name=\"twitter:card\" content=\"summary_large_image\" \/>\n<meta name=\"twitter:site\" content=\"@ciencuadras\" \/>\n<meta name=\"twitter:label1\" content=\"Est. reading time\">\n\t<meta name=\"twitter:data1\" content=\"12 minutos\">\n<script type=\"application\/ld+json\" class=\"yoast-schema-graph\">{\"@context\":\"https:\/\/schema.org\",\"@graph\":[{\"@type\":\"Organization\",\"@id\":\"https:\/\/www.ciencuadras.com\/blog\/#organization\",\"name\":\"Ciencuadras.com\",\"url\":\"https:\/\/www.ciencuadras.com\/blog\/\",\"sameAs\":[\"https:\/\/www.facebook.com\/ciencuadras\/\",\"https:\/\/www.instagram.com\/ciencuadras\/\",\"https:\/\/co.linkedin.com\/company\/ciencuadras\",\"https:\/\/www.youtube.com\/channel\/UC_f830HP5dUy6OjBIbjtlAw\",\"https:\/\/twitter.com\/ciencuadras\"],\"logo\":{\"@type\":\"ImageObject\",\"@id\":\"https:\/\/www.ciencuadras.com\/blog\/#logo\",\"inLanguage\":\"es-CO\",\"url\":\"\",\"caption\":\"Ciencuadras.com\"},\"image\":{\"@id\":\"https:\/\/www.ciencuadras.com\/blog\/#logo\"}},{\"@type\":\"WebSite\",\"@id\":\"https:\/\/www.ciencuadras.com\/blog\/#website\",\"url\":\"https:\/\/www.ciencuadras.com\/blog\/\",\"name\":\"\",\"description\":\"\",\"publisher\":{\"@id\":\"https:\/\/www.ciencuadras.com\/blog\/#organization\"},\"potentialAction\":[{\"@type\":\"SearchAction\",\"target\":\"https:\/\/www.ciencuadras.com\/blog\/?s={search_term_string}\",\"query-input\":\"required name=search_term_string\"}],\"inLanguage\":\"es-CO\"},{\"@type\":\"ImageObject\",\"@id\":\"https:\/\/www.ciencuadras.com\/blog\/guia-de-ciudades-neiva#primaryimage\",\"inLanguage\":\"es-CO\",\"url\":\"https:\/\/www.ciencuadras.com\/blog\/wp-content\/uploads\/2023\/01\/760x501_Neiva.jpg\",\"width\":760,\"height\":501,\"caption\":\"Neiva\"},{\"@type\":\"WebPage\",\"@id\":\"https:\/\/www.ciencuadras.com\/blog\/guia-de-ciudades-neiva#webpage\",\"url\":\"https:\/\/www.ciencuadras.com\/blog\/guia-de-ciudades-neiva\",\"name\":\"Gu\\u00eda de ciudad de Neiva - Ciudades de Colombia | Ciencuadras\",\"isPartOf\":{\"@id\":\"https:\/\/www.ciencuadras.com\/blog\/#website\"},\"primaryImageOfPage\":{\"@id\":\"https:\/\/www.ciencuadras.com\/blog\/guia-de-ciudades-neiva#primaryimage\"},\"datePublished\":\"2023-01-26T13:32:09+00:00\",\"dateModified\":\"2023-01-26T13:45:48+00:00\",\"description\":\"Conoce todo sobre la ciudad de Neiva, su historia e informaci\\u00f3n del sector inmobiliario, encuentra apartamentos, casas y proyectos de vivienda\",\"breadcrumb\":{\"@id\":\"https:\/\/www.ciencuadras.com\/blog\/guia-de-ciudades-neiva#breadcrumb\"},\"inLanguage\":\"es-CO\",\"potentialAction\":[{\"@type\":\"ReadAction\",\"target\":[\"https:\/\/www.ciencuadras.com\/blog\/guia-de-ciudades-neiva\"]}]},{\"@type\":\"BreadcrumbList\",\"@id\":\"https:\/\/www.ciencuadras.com\/blog\/guia-de-ciudades-neiva#breadcrumb\",\"itemListElement\":[{\"@type\":\"ListItem\",\"position\":1,\"item\":{\"@type\":\"WebPage\",\"@id\":\"https:\/\/www.ciencuadras.com\/blog\",\"url\":\"https:\/\/www.ciencuadras.com\/blog\",\"name\":\"Blog\"}},{\"@type\":\"ListItem\",\"position\":2,\"item\":{\"@type\":\"WebPage\",\"@id\":\"https:\/\/www.ciencuadras.com\/blog\/guia-de-ciudades-neiva\",\"url\":\"https:\/\/www.ciencuadras.com\/blog\/guia-de-ciudades-neiva\",\"name\":\"Guia de ciudades Neiva\"}}]}]}<\/script>\n<!-- \/ Yoast SEO plugin. -->","_links":{"self":[{"href":"https:\/\/www.ciencuadras.com\/blog\/wp-json\/wp\/v2\/pages\/113368"}],"collection":[{"href":"https:\/\/www.ciencuadras.com\/blog\/wp-json\/wp\/v2\/pages"}],"about":[{"href":"https:\/\/www.ciencuadras.com\/blog\/wp-json\/wp\/v2\/types\/page"}],"author":[{"embeddable":true,"href":"https:\/\/www.ciencuadras.com\/blog\/wp-json\/wp\/v2\/users\/2"}],"replies":[{"embeddable":true,"href":"https:\/\/www.ciencuadras.com\/blog\/wp-json\/wp\/v2\/comments?post=113368"}],"version-history":[{"count":52,"href":"https:\/\/www.ciencuadras.com\/blog\/wp-json\/wp\/v2\/pages\/113368\/revisions"}],"predecessor-version":[{"id":113425,"href":"https:\/\/www.ciencuadras.com\/blog\/wp-json\/wp\/v2\/pages\/113368\/revisions\/113425"}],"wp:attachment":[{"href":"https:\/\/www.ciencuadras.com\/blog\/wp-json\/wp\/v2\/media?parent=113368"}],"curies":[{"name":"wp","href":"https:\/\/api.w.org\/{rel}","templated":true}]}}