{"id":113597,"date":"2023-02-03T12:00:35","date_gmt":"2023-02-03T17:00:35","guid":{"rendered":"https:\/\/www.ciencuadras.com\/blog\/?page_id=113597"},"modified":"2023-04-03T10:35:15","modified_gmt":"2023-04-03T15:35:15","slug":"espacios-al-cien-estilo-moderno-en-cocinas","status":"publish","type":"page","link":"https:\/\/www.ciencuadras.com\/blog\/espacios-al-cien-estilo-moderno-en-cocinas","title":{"rendered":"Espacios al cien by Axxis"},"content":{"rendered":"\t\t<div data-elementor-type=\"wp-page\" data-elementor-id=\"113597\" class=\"elementor elementor-113597\" data-elementor-post-type=\"page\">\n\t\t\t\t\n\t\t<section class=\"elementor-section elementor-top-section elementor-element elementor-element-1f4a9afa elementor-section-boxed elementor-section-height-default elementor-section-height-default\" data-id=\"1f4a9afa\" data-element_type=\"section\">\n\t\t\t\t\t\t<div class=\"elementor-container elementor-column-gap-default\">\n\t\t\t\t\t<div class=\"elementor-column elementor-col-100 elementor-top-column elementor-element elementor-element-3d5c9451\" data-id=\"3d5c9451\" data-element_type=\"column\">\n\t\t\t<div class=\"elementor-widget-wrap elementor-element-populated\">\n\t\t\t\t\t\t<div class=\"elementor-element elementor-element-74b1f2e8 elementor-widget elementor-widget-heading\" data-id=\"74b1f2e8\" data-element_type=\"widget\" data-widget_type=\"heading.default\">\n\t\t\t\t<div class=\"elementor-widget-container\">\n\t\t\t<h1 class=\"elementor-heading-title elementor-size-default\">El estilo moderno se impone en las cocinas<\/h1>\t\t<\/div>\n\t\t\t\t<\/div>\n\t\t\t\t<div class=\"elementor-element elementor-element-72f415ec elementor-widget elementor-widget-image\" data-id=\"72f415ec\" data-element_type=\"widget\" data-widget_type=\"image.default\">\n\t\t\t\t<div class=\"elementor-widget-container\">\n\t\t\t\t\t\t\t\t\t\t\t\t\t<img fetchpriority=\"high\" decoding=\"async\" width=\"700\" height=\"467\" src=\"https:\/\/www.ciencuadras.com\/blog\/wp-content\/uploads\/2023\/02\/Apto-Aitken-Studio-Foto-Iva\u0301n-Ortiz.jpg\" class=\"attachment-full size-full wp-image-113599\" alt=\"apartamento con cocina moderna\" srcset=\"https:\/\/www.ciencuadras.com\/blog\/wp-content\/uploads\/2023\/02\/Apto-Aitken-Studio-Foto-Iva\u0301n-Ortiz.jpg 700w, https:\/\/www.ciencuadras.com\/blog\/wp-content\/uploads\/2023\/02\/Apto-Aitken-Studio-Foto-Iva\u0301n-Ortiz-300x200.jpg 300w\" sizes=\"(max-width: 700px) 100vw, 700px\" \/>\t\t\t\t\t\t\t\t\t\t\t\t\t<\/div>\n\t\t\t\t<\/div>\n\t\t\t\t\t<\/div>\n\t\t<\/div>\n\t\t\t\t\t<\/div>\n\t\t<\/section>\n\t\t\t\t<section class=\"elementor-section elementor-top-section elementor-element elementor-element-6b81d535 elementor-section-boxed elementor-section-height-default elementor-section-height-default\" data-id=\"6b81d535\" data-element_type=\"section\">\n\t\t\t\t\t\t<div class=\"elementor-container elementor-column-gap-default\">\n\t\t\t\t\t<div class=\"elementor-column elementor-col-100 elementor-top-column elementor-element elementor-element-2dc8556b\" data-id=\"2dc8556b\" data-element_type=\"column\">\n\t\t\t<div class=\"elementor-widget-wrap elementor-element-populated\">\n\t\t\t\t\t\t<div class=\"elementor-element elementor-element-15721c0c elementor-widget elementor-widget-text-editor\" data-id=\"15721c0c\" data-element_type=\"widget\" data-widget_type=\"text-editor.default\">\n\t\t\t\t<div class=\"elementor-widget-container\">\n\t\t\t\t\t\t\t<p><em>\u00a0Cr\u00e9ditos: Iv\u00e1n Ortiz<\/em><\/p>\t\t\t\t\t\t<\/div>\n\t\t\t\t<\/div>\n\t\t\t\t\t<\/div>\n\t\t<\/div>\n\t\t\t\t\t<\/div>\n\t\t<\/section>\n\t\t\t\t<section class=\"elementor-section elementor-top-section elementor-element elementor-element-531095d0 elementor-section-boxed elementor-section-height-default elementor-section-height-default\" data-id=\"531095d0\" data-element_type=\"section\">\n\t\t\t\t\t\t<div class=\"elementor-container elementor-column-gap-default\">\n\t\t\t\t\t<div class=\"elementor-column elementor-col-100 elementor-top-column elementor-element elementor-element-416cac4d\" data-id=\"416cac4d\" data-element_type=\"column\">\n\t\t\t<div class=\"elementor-widget-wrap elementor-element-populated\">\n\t\t\t\t\t\t<div class=\"elementor-element elementor-element-226985f7 elementor-widget elementor-widget-text-editor\" data-id=\"226985f7\" data-element_type=\"widget\" data-widget_type=\"text-editor.default\">\n\t\t\t\t<div class=\"elementor-widget-container\">\n\t\t\t\t\t\t\t<p><b>Las cocinas abiertas, vinculadas a la zona social, no han dejado de estar a la vanguardia. <\/b><span style=\"font-weight: 400;\">No obstante, nuestra necesidad de privacidad \u2013en ciertos momentos\u2013 ha hecho que optemos por incorporar sistemas de puertas corredizas que nos permitan abrir o cerrar este espacio dependiendo de nuestras necesidades.\u00a0<\/span><\/p><p><span>Lo anterior nos permite combinar el modelo tradicional, basado en cocinas cerradas y compartimentadas, y el moderno, que fusiona sala, comedor y cocina como un todo. Tambi\u00e9n <\/span><b>sobresalen este a\u00f1o los materiales org\u00e1nicos<\/b><span> \u2013como la madera y la piedra\u2013 y los colores neutros en acabados y revestimientos.\u00a0<\/span><\/p>\t\t\t\t\t\t<\/div>\n\t\t\t\t<\/div>\n\t\t\t\t\t<\/div>\n\t\t<\/div>\n\t\t\t\t\t<\/div>\n\t\t<\/section>\n\t\t\t\t<section class=\"elementor-section elementor-top-section elementor-element elementor-element-2263440c elementor-section-boxed elementor-section-height-default elementor-section-height-default\" data-id=\"2263440c\" data-element_type=\"section\">\n\t\t\t\t\t\t<div class=\"elementor-container elementor-column-gap-default\">\n\t\t\t\t\t<div class=\"elementor-column elementor-col-50 elementor-top-column elementor-element elementor-element-768e8b94\" data-id=\"768e8b94\" data-element_type=\"column\">\n\t\t\t<div class=\"elementor-widget-wrap elementor-element-populated\">\n\t\t\t\t\t\t<div class=\"elementor-element elementor-element-3249a9d9 elementor-widget elementor-widget-heading\" data-id=\"3249a9d9\" data-element_type=\"widget\" data-widget_type=\"heading.default\">\n\t\t\t\t<div class=\"elementor-widget-container\">\n\t\t\t<h2 class=\"elementor-heading-title elementor-size-default\">Necesitamos un espacio multifuncional<\/h2>\t\t<\/div>\n\t\t\t\t<\/div>\n\t\t\t\t<div class=\"elementor-element elementor-element-b2c3cf0 elementor-widget elementor-widget-text-editor\" data-id=\"b2c3cf0\" data-element_type=\"widget\" data-widget_type=\"text-editor.default\">\n\t\t\t\t<div class=\"elementor-widget-container\">\n\t\t\t\t\t\t\t<p><span style=\"font-weight: 400;\">Esta cocina que vemos al inicio, ubicada junto a la zona social, <\/span><b>ofrece la posibilidad de abrirse o cerrarse por completo<\/b><span style=\"font-weight: 400;\">, integr\u00e1ndose a esta \u00e1rea y convirti\u00e9ndose en el centro del hogar. <\/span><\/p><p><span style=\"font-weight: 400;\">Para separarla cuando sea necesario, optaron por una puerta-ventana, que se extiende hasta seis metros, fabricada en vidrio y acero.Esta estrategia permite <\/span><b>mantener una conexi\u00f3n visual<\/b><span style=\"font-weight: 400;\"> con el resto de ambientes.\u00a0<\/span><\/p><p><span>Al fondo, una estanter\u00eda de piso-techo aloja <\/span><a href=\"https:\/\/www.ciencuadras.com\/blog\/bienestar-del-hogar\/lista-de-libros-para-leer-y-disfrutar-en-casa\" target=\"_blank\" rel=\"noopener\"><b>libros<\/b><\/a><span> y objetos decorativos, algo que le da un aspecto m\u00e1s l\u00fadico al ambiente. En frente, dos islas independientes complementan los servicios y las funciones propias de la<\/span> <a href=\"https:\/\/www.ciencuadras.com\/blog\/decoracion\/lo-nuevo-tecnologia-para-la-cocina-de-2019\" target=\"_blank\" rel=\"noopener\"><b>cocina<\/b><\/a><span>. Por \u00faltimo, la paleta de colores y materiales combina el bronce oscuro, el verde oliva y la madera natural.<\/span><\/p>\t\t\t\t\t\t<\/div>\n\t\t\t\t<\/div>\n\t\t\t\t<div class=\"elementor-element elementor-element-28e50314 elementor-widget elementor-widget-heading\" data-id=\"28e50314\" data-element_type=\"widget\" data-widget_type=\"heading.default\">\n\t\t\t\t<div class=\"elementor-widget-container\">\n\t\t\t<h2 class=\"elementor-heading-title elementor-size-default\">Un estilo m\u00e1s minimalista<\/h2>\t\t<\/div>\n\t\t\t\t<\/div>\n\t\t\t\t<div class=\"elementor-element elementor-element-5dd1d2a7 elementor-widget elementor-widget-image\" data-id=\"5dd1d2a7\" data-element_type=\"widget\" data-widget_type=\"image.default\">\n\t\t\t\t<div class=\"elementor-widget-container\">\n\t\t\t\t\t\t\t\t\t\t\t\t\t<img decoding=\"async\" width=\"700\" height=\"623\" src=\"https:\/\/www.ciencuadras.com\/blog\/wp-content\/uploads\/2023\/02\/Apto-Rodrigo-samper-Resolana-Andres-Valbuena.jpg\" class=\"attachment-full size-full wp-image-113606\" alt=\"Apartamento con cocina moderna\" srcset=\"https:\/\/www.ciencuadras.com\/blog\/wp-content\/uploads\/2023\/02\/Apto-Rodrigo-samper-Resolana-Andres-Valbuena.jpg 700w, https:\/\/www.ciencuadras.com\/blog\/wp-content\/uploads\/2023\/02\/Apto-Rodrigo-samper-Resolana-Andres-Valbuena-300x267.jpg 300w\" sizes=\"(max-width: 700px) 100vw, 700px\" \/>\t\t\t\t\t\t\t\t\t\t\t\t\t<\/div>\n\t\t\t\t<\/div>\n\t\t\t\t<div class=\"elementor-element elementor-element-16e4d2b7 elementor-widget elementor-widget-text-editor\" data-id=\"16e4d2b7\" data-element_type=\"widget\" data-widget_type=\"text-editor.default\">\n\t\t\t\t<div class=\"elementor-widget-container\">\n\t\t\t\t\t\t\t<p><em>Cr\u00e9ditos: Andr\u00e9s Valbuena<br \/><\/em><\/p>\t\t\t\t\t\t<\/div>\n\t\t\t\t<\/div>\n\t\t\t\t\t<\/div>\n\t\t<\/div>\n\t\t\t\t<div class=\"elementor-column elementor-col-50 elementor-top-column elementor-element elementor-element-d5d9735 elementor-hidden-tablet elementor-hidden-mobile\" data-id=\"d5d9735\" data-element_type=\"column\">\n\t\t\t<div class=\"elementor-widget-wrap elementor-element-populated\">\n\t\t\t\t\t\t<div class=\"elementor-element elementor-element-2716a94f elementor-widget-divider--view-line elementor-widget elementor-widget-divider\" data-id=\"2716a94f\" data-element_type=\"widget\" data-widget_type=\"divider.default\">\n\t\t\t\t<div class=\"elementor-widget-container\">\n\t\t\t\t\t<div class=\"elementor-divider\">\n\t\t\t<span class=\"elementor-divider-separator\">\n\t\t\t\t\t\t<\/span>\n\t\t<\/div>\n\t\t\t\t<\/div>\n\t\t\t\t<\/div>\n\t\t\t\t<div class=\"elementor-element elementor-element-2de5b208 elementor-widget elementor-widget-heading\" data-id=\"2de5b208\" data-element_type=\"widget\" data-widget_type=\"heading.default\">\n\t\t\t\t<div class=\"elementor-widget-container\">\n\t\t\t<h2 class=\"elementor-heading-title elementor-size-default\">Inmuebles en Colombia<\/h2>\t\t<\/div>\n\t\t\t\t<\/div>\n\t\t\t\t<div class=\"elementor-element elementor-element-a6091ff elementor-widget elementor-widget-image\" data-id=\"a6091ff\" data-element_type=\"widget\" data-widget_type=\"image.default\">\n\t\t\t\t<div class=\"elementor-widget-container\">\n\t\t\t\t\t\t\t\t\t\t\t\t\t\t<a href=\"https:\/\/www.ciencuadras.com\/?autopauta=Ambos__articulos_axxis_widget_general_cc_inmuebles_colombia\" target=\"_blank\">\n\t\t\t\t\t\t\t<img decoding=\"async\" width=\"300\" height=\"600\" src=\"https:\/\/www.ciencuadras.com\/blog\/wp-content\/uploads\/2023\/04\/300x600_general-cc.jpg\" class=\"attachment-large size-large wp-image-114346\" alt=\"Inmuebles en colombia Ciencuadras\" srcset=\"https:\/\/www.ciencuadras.com\/blog\/wp-content\/uploads\/2023\/04\/300x600_general-cc.jpg 300w, https:\/\/www.ciencuadras.com\/blog\/wp-content\/uploads\/2023\/04\/300x600_general-cc-150x300.jpg 150w\" sizes=\"(max-width: 300px) 100vw, 300px\" \/>\t\t\t\t\t\t\t\t<\/a>\n\t\t\t\t\t\t\t\t\t\t\t\t\t<\/div>\n\t\t\t\t<\/div>\n\t\t\t\t<div class=\"elementor-element elementor-element-1b6e5a10 elementor-widget-divider--view-line elementor-widget elementor-widget-divider\" data-id=\"1b6e5a10\" data-element_type=\"widget\" data-widget_type=\"divider.default\">\n\t\t\t\t<div class=\"elementor-widget-container\">\n\t\t\t\t\t<div class=\"elementor-divider\">\n\t\t\t<span class=\"elementor-divider-separator\">\n\t\t\t\t\t\t<\/span>\n\t\t<\/div>\n\t\t\t\t<\/div>\n\t\t\t\t<\/div>\n\t\t\t\t\t<\/div>\n\t\t<\/div>\n\t\t\t\t\t<\/div>\n\t\t<\/section>\n\t\t\t\t<section class=\"elementor-section elementor-top-section elementor-element elementor-element-6bfb88c4 elementor-section-boxed elementor-section-height-default elementor-section-height-default\" data-id=\"6bfb88c4\" data-element_type=\"section\">\n\t\t\t\t\t\t<div class=\"elementor-container elementor-column-gap-default\">\n\t\t\t\t\t<div class=\"elementor-column elementor-col-100 elementor-top-column elementor-element elementor-element-1bf20167\" data-id=\"1bf20167\" data-element_type=\"column\">\n\t\t\t<div class=\"elementor-widget-wrap elementor-element-populated\">\n\t\t\t\t\t\t<div class=\"elementor-element elementor-element-7f2de644 elementor-widget elementor-widget-text-editor\" data-id=\"7f2de644\" data-element_type=\"widget\" data-widget_type=\"text-editor.default\">\n\t\t\t\t<div class=\"elementor-widget-container\">\n\t\t\t\t\t\t\t<p><span style=\"font-weight: 400;\">El negro y el blanco, com\u00fanmente asociados al <\/span><a href=\"https:\/\/www.ciencuadras.com\/blog\/decoracion\/descubre-japandi-la-ultima-tendencia-en-decoracion-del-hogar\" target=\"_blank\" rel=\"noopener\"><b>estilo minimalista<\/b><\/a><span style=\"font-weight: 400;\">, est\u00e1n de regreso. Este es un buen ejemplo de ello, aunque sin exagerar, pues incluyeron algunos acentos de color mediante las piezas decorativas.\u00a0<\/span><\/p><p><span style=\"font-weight: 400;\">La madera en tono natural contribuye al equilibrio entre una est\u00e9tica moderna y sofisticada \u2013visible en el mobiliario, la carpinter\u00eda y los electrodom\u00e9sticos\u2013 y otra m\u00e1s c\u00e1lida y acogedora.\u00a0<\/span><\/p><p><span style=\"font-weight: 400;\">Las relaciones con el comedor se dan a trav\u00e9s de un sistema de puertas corredizas, tambi\u00e9n de color negro, que otorgan continuidad al espacio al tiempo que permiten el paso de la luz y el aire \u2013este \u00faltimo muy importante en una cocina.\u00a0<\/span><\/p>\t\t\t\t\t\t<\/div>\n\t\t\t\t<\/div>\n\t\t\t\t<div class=\"elementor-element elementor-element-7e9ee726 elementor-widget elementor-widget-heading\" data-id=\"7e9ee726\" data-element_type=\"widget\" data-widget_type=\"heading.default\">\n\t\t\t\t<div class=\"elementor-widget-container\">\n\t\t\t<h3 class=\"elementor-heading-title elementor-size-default\">\nForma, color y material  \n\n<\/h3>\t\t<\/div>\n\t\t\t\t<\/div>\n\t\t\t\t\t<\/div>\n\t\t<\/div>\n\t\t\t\t\t<\/div>\n\t\t<\/section>\n\t\t\t\t<section class=\"elementor-section elementor-top-section elementor-element elementor-element-2b031a1b elementor-section-boxed elementor-section-height-default elementor-section-height-default\" data-id=\"2b031a1b\" data-element_type=\"section\">\n\t\t\t\t\t\t<div class=\"elementor-container elementor-column-gap-default\">\n\t\t\t\t\t<div class=\"elementor-column elementor-col-100 elementor-top-column elementor-element elementor-element-3801c08d\" data-id=\"3801c08d\" data-element_type=\"column\">\n\t\t\t<div class=\"elementor-widget-wrap elementor-element-populated\">\n\t\t\t\t\t\t<div class=\"elementor-element elementor-element-4de51e3d elementor-widget elementor-widget-image\" data-id=\"4de51e3d\" data-element_type=\"widget\" data-widget_type=\"image.default\">\n\t\t\t\t<div class=\"elementor-widget-container\">\n\t\t\t\t\t\t\t\t\t\t\t\t\t<img loading=\"lazy\" decoding=\"async\" width=\"700\" height=\"467\" src=\"https:\/\/www.ciencuadras.com\/blog\/wp-content\/uploads\/2023\/02\/Apto-Santa-Mari\u0301a-Arquitecto-Pedro-Manuel-Latiff-Fotografi\u0301a-Andre\u0301s-Valbuena.jpg\" class=\"attachment-full size-full wp-image-113613\" alt=\"apartamento con cocina nueva y moderna\" srcset=\"https:\/\/www.ciencuadras.com\/blog\/wp-content\/uploads\/2023\/02\/Apto-Santa-Mari\u0301a-Arquitecto-Pedro-Manuel-Latiff-Fotografi\u0301a-Andre\u0301s-Valbuena.jpg 700w, https:\/\/www.ciencuadras.com\/blog\/wp-content\/uploads\/2023\/02\/Apto-Santa-Mari\u0301a-Arquitecto-Pedro-Manuel-Latiff-Fotografi\u0301a-Andre\u0301s-Valbuena-300x200.jpg 300w\" sizes=\"(max-width: 700px) 100vw, 700px\" \/>\t\t\t\t\t\t\t\t\t\t\t\t\t<\/div>\n\t\t\t\t<\/div>\n\t\t\t\t<div class=\"elementor-element elementor-element-10f62010 elementor-widget elementor-widget-text-editor\" data-id=\"10f62010\" data-element_type=\"widget\" data-widget_type=\"text-editor.default\">\n\t\t\t\t<div class=\"elementor-widget-container\">\n\t\t\t\t\t\t\t<p><em>Cr\u00e9ditos: Andr\u00e9s Valbuena<br \/><\/em><\/p>\t\t\t\t\t\t<\/div>\n\t\t\t\t<\/div>\n\t\t\t\t\t<\/div>\n\t\t<\/div>\n\t\t\t\t\t<\/div>\n\t\t<\/section>\n\t\t\t\t<section class=\"elementor-section elementor-top-section elementor-element elementor-element-17bdc1b elementor-section-boxed elementor-section-height-default elementor-section-height-default\" data-id=\"17bdc1b\" data-element_type=\"section\">\n\t\t\t\t\t\t<div class=\"elementor-container elementor-column-gap-default\">\n\t\t\t\t\t<div class=\"elementor-column elementor-col-100 elementor-top-column elementor-element elementor-element-4a270051\" data-id=\"4a270051\" data-element_type=\"column\">\n\t\t\t<div class=\"elementor-widget-wrap elementor-element-populated\">\n\t\t\t\t\t\t<div class=\"elementor-element elementor-element-60dffef4 elementor-widget elementor-widget-text-editor\" data-id=\"60dffef4\" data-element_type=\"widget\" data-widget_type=\"text-editor.default\">\n\t\t\t\t<div class=\"elementor-widget-container\">\n\t\t\t\t\t\t\t<p><span style=\"font-weight: 400;\">Rematando la zona social, esta cocina, aunque vinculada a las \u00e1reas de comedor y sala, puede cerrarse en determinadas situaciones por medio de un sistema de puertas corredizas ocultas tras uno de los muros laterales.\u00a0<\/span><\/p><p><span style=\"font-weight: 400;\">Cerrada esta puerta, una serie de aperturas dejan ver a trav\u00e9s suyo los reflejos que producen los vidrios cromados que revisten parte de los gabinetes. La percepci\u00f3n se transforma por completo as\u00ed, <\/span><b>ampli\u00e1ndose y creando efectos visuales l\u00fadicos<\/b><span style=\"font-weight: 400;\">.<\/span><\/p><p><span style=\"font-weight: 400;\">Tanto el piso como el mes\u00f3n de la isla y el salpicadero son de piedra sinterizada, material muy resistente \u2013ideal para este espacio\u2013, mientras que las alacenas son color <\/span><i><span style=\"font-weight: 400;\">taup\u00e9<\/span><\/i><span style=\"font-weight: 400;\"> en acabado mate, con el fin de que la cocina armonice y se integre a la zona social. <\/span><\/p>\t\t\t\t\t\t<\/div>\n\t\t\t\t<\/div>\n\t\t\t\t<div class=\"elementor-element elementor-element-3c1fba2d elementor-widget elementor-widget-heading\" data-id=\"3c1fba2d\" data-element_type=\"widget\" data-widget_type=\"heading.default\">\n\t\t\t\t<div class=\"elementor-widget-container\">\n\t\t\t<h3 class=\"elementor-heading-title elementor-size-default\">Algo tradicional, pero con toques modernos\n<\/h3>\t\t<\/div>\n\t\t\t\t<\/div>\n\t\t\t\t<div class=\"elementor-element elementor-element-410701d1 elementor-widget elementor-widget-image\" data-id=\"410701d1\" data-element_type=\"widget\" data-widget_type=\"image.default\">\n\t\t\t\t<div class=\"elementor-widget-container\">\n\t\t\t\t\t\t\t\t\t\t\t\t\t<img loading=\"lazy\" decoding=\"async\" width=\"467\" height=\"700\" src=\"https:\/\/www.ciencuadras.com\/blog\/wp-content\/uploads\/2023\/02\/Casa-David-Restrepo-Andres-Valbuena-.jpg\" class=\"attachment-full size-full wp-image-113620\" alt=\"casa con cocina tradicional y moderna\" srcset=\"https:\/\/www.ciencuadras.com\/blog\/wp-content\/uploads\/2023\/02\/Casa-David-Restrepo-Andres-Valbuena-.jpg 467w, https:\/\/www.ciencuadras.com\/blog\/wp-content\/uploads\/2023\/02\/Casa-David-Restrepo-Andres-Valbuena--200x300.jpg 200w\" sizes=\"(max-width: 467px) 100vw, 467px\" \/>\t\t\t\t\t\t\t\t\t\t\t\t\t<\/div>\n\t\t\t\t<\/div>\n\t\t\t\t<div class=\"elementor-element elementor-element-9d890af elementor-widget elementor-widget-text-editor\" data-id=\"9d890af\" data-element_type=\"widget\" data-widget_type=\"text-editor.default\">\n\t\t\t\t<div class=\"elementor-widget-container\">\n\t\t\t\t\t\t\t<p><em>Cr\u00e9ditos: Andr\u00e9s Valbuena<br \/><\/em><\/p>\t\t\t\t\t\t<\/div>\n\t\t\t\t<\/div>\n\t\t\t\t<div class=\"elementor-element elementor-element-3989682f elementor-widget elementor-widget-text-editor\" data-id=\"3989682f\" data-element_type=\"widget\" data-widget_type=\"text-editor.default\">\n\t\t\t\t<div class=\"elementor-widget-container\">\n\t\t\t\t\t\t\t<p><span style=\"font-weight: 400;\">Esta cocina se encuentra en una casa campestre, por lo que funciona como un espacio abierto estrechamente vinculado al \u00e1rea social. Espacialmente es una prolongaci\u00f3n de la sala y el comedor. Su barra estilo a\u00e9reo \u2013solo toca el piso a trav\u00e9s de sus patas\u2013 sigue las tendencias internacionales de dise\u00f1o interior, seg\u00fan las cuales debe funcionar tambi\u00e9n como un comedor auxiliar.\u00a0<\/span><\/p><p><span style=\"font-weight: 400;\">La estructura y materialidad de la casa es tradicional, aspecto que contrasta con la <\/span><b>est\u00e9tica moderna de la cocina, caracterizada por<\/b> <b>geometr\u00edas simples, texturas lisas y una paleta de colores neutra<\/b><span style=\"font-weight: 400;\">.<\/span><\/p>\t\t\t\t\t\t<\/div>\n\t\t\t\t<\/div>\n\t\t\t\t<div class=\"elementor-element elementor-element-71693cda elementor-widget elementor-widget-heading\" data-id=\"71693cda\" data-element_type=\"widget\" data-widget_type=\"heading.default\">\n\t\t\t\t<div class=\"elementor-widget-container\">\n\t\t\t<h3 class=\"elementor-heading-title elementor-size-default\">Un ambiente semiabierto<\/h3>\t\t<\/div>\n\t\t\t\t<\/div>\n\t\t\t\t<div class=\"elementor-element elementor-element-379ee18d elementor-widget elementor-widget-image\" data-id=\"379ee18d\" data-element_type=\"widget\" data-widget_type=\"image.default\">\n\t\t\t\t<div class=\"elementor-widget-container\">\n\t\t\t\t\t\t\t\t\t\t\t\t\t<img loading=\"lazy\" decoding=\"async\" width=\"611\" height=\"700\" src=\"https:\/\/www.ciencuadras.com\/blog\/wp-content\/uploads\/2023\/02\/AXXIS-315-Apto-Barranquilla-Miguel-Cure-Foto-Andres-Valbuena-1.jpg\" class=\"attachment-full size-full wp-image-113624\" alt=\"cocina con ambiente semiabierto\" srcset=\"https:\/\/www.ciencuadras.com\/blog\/wp-content\/uploads\/2023\/02\/AXXIS-315-Apto-Barranquilla-Miguel-Cure-Foto-Andres-Valbuena-1.jpg 611w, https:\/\/www.ciencuadras.com\/blog\/wp-content\/uploads\/2023\/02\/AXXIS-315-Apto-Barranquilla-Miguel-Cure-Foto-Andres-Valbuena-1-262x300.jpg 262w\" sizes=\"(max-width: 611px) 100vw, 611px\" \/>\t\t\t\t\t\t\t\t\t\t\t\t\t<\/div>\n\t\t\t\t<\/div>\n\t\t\t\t<div class=\"elementor-element elementor-element-1feb6911 elementor-widget elementor-widget-text-editor\" data-id=\"1feb6911\" data-element_type=\"widget\" data-widget_type=\"text-editor.default\">\n\t\t\t\t<div class=\"elementor-widget-container\">\n\t\t\t\t\t\t\t<p><em>Cr\u00e9ditos: Andr\u00e9s Valbuena<br \/><\/em><\/p>\t\t\t\t\t\t<\/div>\n\t\t\t\t<\/div>\n\t\t\t\t<div class=\"elementor-element elementor-element-66774131 elementor-widget elementor-widget-text-editor\" data-id=\"66774131\" data-element_type=\"widget\" data-widget_type=\"text-editor.default\">\n\t\t\t\t<div class=\"elementor-widget-container\">\n\t\t\t\t\t\t\t<p><span style=\"font-weight: 400;\">El auge de las cocinas abiertas no termina, aunque existen algunos matices, como el de este ejemplo, donde la cocina mantiene su independencia sin apartarse por completo del comedor y la sala. <\/span><b>Aqu\u00ed la conexi\u00f3n visual permanece, pero la espacial disminuye parcialmente por medio de un muro revestido en <\/b><a href=\"https:\/\/www.ciencuadras.com\/blog\/decoracion\/recomendaciones-para-decorar-con-espejos-el-hogar\" target=\"_blank\" rel=\"noopener\"><b>espejo<\/b><\/a><b>.\u00a0<\/b><\/p><p><span style=\"font-weight: 400;\">A pesar de ello, la materialidad de los acabados y revestimientos crean una armon\u00eda perfecta con el \u00e1rea social, donde el m\u00e1rmol del salpicadero resalta por sus marcadas vetas. Y desde la sala-comedor se ilumina la cocina por medio de grandes ventanales piso-techo.\u00a0\u00a0<\/span><\/p>\t\t\t\t\t\t<\/div>\n\t\t\t\t<\/div>\n\t\t\t\t\t<\/div>\n\t\t<\/div>\n\t\t\t\t\t<\/div>\n\t\t<\/section>\n\t\t\t\t<section class=\"elementor-section elementor-top-section elementor-element elementor-element-bc711e5 elementor-section-boxed elementor-section-height-default elementor-section-height-default\" data-id=\"bc711e5\" data-element_type=\"section\">\n\t\t\t\t\t\t<div class=\"elementor-container elementor-column-gap-default\">\n\t\t\t\t\t<div class=\"elementor-column elementor-col-33 elementor-top-column elementor-element elementor-element-b6753b0\" data-id=\"b6753b0\" data-element_type=\"column\">\n\t\t\t<div class=\"elementor-widget-wrap elementor-element-populated\">\n\t\t\t\t\t\t<div class=\"elementor-element elementor-element-1ea98fe5 elementor-widget elementor-widget-image\" data-id=\"1ea98fe5\" data-element_type=\"widget\" data-widget_type=\"image.default\">\n\t\t\t\t<div class=\"elementor-widget-container\">\n\t\t\t\t\t\t\t\t\t\t\t\t\t<img decoding=\"async\" src=\"https:\/\/www.ciencuadras.com\/blog\/wp-content\/uploads\/2022\/08\/logo-axxis.png\" title=\"logo revista axxis\" alt=\"logo revista axxis\" loading=\"lazy\" \/>\t\t\t\t\t\t\t\t\t\t\t\t\t<\/div>\n\t\t\t\t<\/div>\n\t\t\t\t\t<\/div>\n\t\t<\/div>\n\t\t\t\t<div class=\"elementor-column elementor-col-66 elementor-top-column elementor-element elementor-element-13987d99\" data-id=\"13987d99\" data-element_type=\"column\">\n\t\t\t<div class=\"elementor-widget-wrap elementor-element-populated\">\n\t\t\t\t\t\t<div class=\"elementor-element elementor-element-3b857358 elementor-widget elementor-widget-heading\" data-id=\"3b857358\" data-element_type=\"widget\" data-widget_type=\"heading.default\">\n\t\t\t\t<div class=\"elementor-widget-container\">\n\t\t\t<h2 class=\"elementor-heading-title elementor-size-default\">Revista Axxis<\/h2>\t\t<\/div>\n\t\t\t\t<\/div>\n\t\t\t\t<div class=\"elementor-element elementor-element-a4543ac elementor-widget elementor-widget-text-editor\" data-id=\"a4543ac\" data-element_type=\"widget\" data-widget_type=\"text-editor.default\">\n\t\t\t\t<div class=\"elementor-widget-container\">\n\t\t\t\t\t\t\t<p><span style=\"color: #222222; font-family: Arial, Helvetica, sans-serif; font-size: small;\">La Revista Axxis es la publicaci\u00f3n l\u00edder en arquitectura, dise\u00f1o y decoraci\u00f3n en Colombia. En esta alianza con Ciencuadras, presenta los mejores tips para inspirar a profesionales y aficionados a sacar lo mejor de sus hogares.&nbsp;<\/span><\/p>\t\t\t\t\t\t<\/div>\n\t\t\t\t<\/div>\n\t\t\t\t\t<\/div>\n\t\t<\/div>\n\t\t\t\t\t<\/div>\n\t\t<\/section>\n\t\t\t\t<section class=\"elementor-section elementor-top-section elementor-element elementor-element-3b82dfec elementor-section-boxed elementor-section-height-default elementor-section-height-default\" data-id=\"3b82dfec\" data-element_type=\"section\">\n\t\t\t\t\t\t<div class=\"elementor-container elementor-column-gap-default\">\n\t\t\t\t\t<div class=\"elementor-column elementor-col-100 elementor-top-column elementor-element elementor-element-4b2e6bd5\" data-id=\"4b2e6bd5\" data-element_type=\"column\">\n\t\t\t<div class=\"elementor-widget-wrap elementor-element-populated\">\n\t\t\t\t\t\t<div class=\"elementor-element elementor-element-6be4fb94 elementor-widget__width-initial elementor-widget elementor-widget-heading\" data-id=\"6be4fb94\" data-element_type=\"widget\" data-widget_type=\"heading.default\">\n\t\t\t\t<div class=\"elementor-widget-container\">\n\t\t\t<h2 class=\"elementor-heading-title elementor-size-default\">Art\u00edculos relacionados <\/h2>\t\t<\/div>\n\t\t\t\t<\/div>\n\t\t\t\t\t<\/div>\n\t\t<\/div>\n\t\t\t\t\t<\/div>\n\t\t<\/section>\n\t\t\t\t<section class=\"elementor-section elementor-top-section elementor-element elementor-element-53c3b3bf elementor-section-boxed elementor-section-height-default elementor-section-height-default\" data-id=\"53c3b3bf\" data-element_type=\"section\">\n\t\t\t\t\t\t<div class=\"elementor-container elementor-column-gap-default\">\n\t\t\t\t\t<div class=\"elementor-column elementor-col-33 elementor-top-column elementor-element elementor-element-2b972c60\" data-id=\"2b972c60\" data-element_type=\"column\">\n\t\t\t<div class=\"elementor-widget-wrap elementor-element-populated\">\n\t\t\t\t\t\t<div class=\"elementor-element elementor-element-1770dc9c elementor-position-top elementor-widget elementor-widget-image-box\" data-id=\"1770dc9c\" data-element_type=\"widget\" data-widget_type=\"image-box.default\">\n\t\t\t\t<div class=\"elementor-widget-container\">\n\t\t\t<div class=\"elementor-image-box-wrapper\"><figure class=\"elementor-image-box-img\"><a href=\"https:\/\/www.ciencuadras.com\/blog\/espacios-al-cien-ideas-para-salas-con-personalidad\" target=\"_blank\" tabindex=\"-1\"><img loading=\"lazy\" decoding=\"async\" width=\"320\" height=\"368\" src=\"https:\/\/www.ciencuadras.com\/blog\/wp-content\/uploads\/2022\/10\/320x368_axxis_sala-grande-y-colorida.png\" class=\"attachment-full size-full wp-image-107036\" alt=\"salas grandes y coloridas\" srcset=\"https:\/\/www.ciencuadras.com\/blog\/wp-content\/uploads\/2022\/10\/320x368_axxis_sala-grande-y-colorida.png 320w, https:\/\/www.ciencuadras.com\/blog\/wp-content\/uploads\/2022\/10\/320x368_axxis_sala-grande-y-colorida-261x300.png 261w\" sizes=\"(max-width: 320px) 100vw, 320px\" \/><\/a><\/figure><div class=\"elementor-image-box-content\"><h3 class=\"elementor-image-box-title\"><a href=\"https:\/\/www.ciencuadras.com\/blog\/espacios-al-cien-ideas-para-salas-con-personalidad\" target=\"_blank\">Ideas para lograr salas con personalidad<\/a><\/h3><p class=\"elementor-image-box-description\">LEER M\u00c1S\n<\/p><\/div><\/div>\t\t<\/div>\n\t\t\t\t<\/div>\n\t\t\t\t\t<\/div>\n\t\t<\/div>\n\t\t\t\t<div class=\"elementor-column elementor-col-33 elementor-top-column elementor-element elementor-element-1e79a8ac\" data-id=\"1e79a8ac\" data-element_type=\"column\">\n\t\t\t<div class=\"elementor-widget-wrap elementor-element-populated\">\n\t\t\t\t\t\t<div class=\"elementor-element elementor-element-4ba53e49 elementor-position-top elementor-widget elementor-widget-image-box\" data-id=\"4ba53e49\" data-element_type=\"widget\" data-widget_type=\"image-box.default\">\n\t\t\t\t<div class=\"elementor-widget-container\">\n\t\t\t<div class=\"elementor-image-box-wrapper\"><figure class=\"elementor-image-box-img\"><a href=\"https:\/\/www.ciencuadras.com\/blog\/espacios-al-cien-tendencias-deco-para-renovar-el-hogar\" target=\"_blank\" tabindex=\"-1\"><img loading=\"lazy\" decoding=\"async\" width=\"320\" height=\"368\" src=\"https:\/\/www.ciencuadras.com\/blog\/wp-content\/uploads\/2022\/10\/320x368_axxis_tendencias-deco.png\" class=\"attachment-full size-full wp-image-107021\" alt=\"\" srcset=\"https:\/\/www.ciencuadras.com\/blog\/wp-content\/uploads\/2022\/10\/320x368_axxis_tendencias-deco.png 320w, https:\/\/www.ciencuadras.com\/blog\/wp-content\/uploads\/2022\/10\/320x368_axxis_tendencias-deco-261x300.png 261w\" sizes=\"(max-width: 320px) 100vw, 320px\" \/><\/a><\/figure><div class=\"elementor-image-box-content\"><h3 class=\"elementor-image-box-title\"><a href=\"https:\/\/www.ciencuadras.com\/blog\/espacios-al-cien-tendencias-deco-para-renovar-el-hogar\" target=\"_blank\">Tendencias deco para renovar el hogar<\/a><\/h3><p class=\"elementor-image-box-description\">LEER M\u00c1S\n<\/p><\/div><\/div>\t\t<\/div>\n\t\t\t\t<\/div>\n\t\t\t\t\t<\/div>\n\t\t<\/div>\n\t\t\t\t<div class=\"elementor-column elementor-col-33 elementor-top-column elementor-element elementor-element-322c1eaa\" data-id=\"322c1eaa\" data-element_type=\"column\">\n\t\t\t<div class=\"elementor-widget-wrap elementor-element-populated\">\n\t\t\t\t\t\t<div class=\"elementor-element elementor-element-65420b93 elementor-position-top elementor-widget elementor-widget-image-box\" data-id=\"65420b93\" data-element_type=\"widget\" data-widget_type=\"image-box.default\">\n\t\t\t\t<div class=\"elementor-widget-container\">\n\t\t\t<div class=\"elementor-image-box-wrapper\"><figure class=\"elementor-image-box-img\"><a href=\"https:\/\/www.ciencuadras.com\/blog\/espacios-al-cien-transformar-espacio-con-arte\" target=\"_blank\" tabindex=\"-1\"><img loading=\"lazy\" decoding=\"async\" width=\"320\" height=\"368\" src=\"https:\/\/www.ciencuadras.com\/blog\/wp-content\/uploads\/2022\/10\/320x368_axxis_transformar-con-arte.png\" class=\"attachment-full size-full wp-image-107038\" alt=\"espacios con arte\" srcset=\"https:\/\/www.ciencuadras.com\/blog\/wp-content\/uploads\/2022\/10\/320x368_axxis_transformar-con-arte.png 320w, https:\/\/www.ciencuadras.com\/blog\/wp-content\/uploads\/2022\/10\/320x368_axxis_transformar-con-arte-261x300.png 261w\" sizes=\"(max-width: 320px) 100vw, 320px\" \/><\/a><\/figure><div class=\"elementor-image-box-content\"><h3 class=\"elementor-image-box-title\"><a href=\"https:\/\/www.ciencuadras.com\/blog\/espacios-al-cien-transformar-espacio-con-arte\" target=\"_blank\">\u00bfC\u00f3mo transformar un espacio con arte?<\/a><\/h3><p class=\"elementor-image-box-description\">LEER M\u00c1S\n<\/p><\/div><\/div>\t\t<\/div>\n\t\t\t\t<\/div>\n\t\t\t\t\t<\/div>\n\t\t<\/div>\n\t\t\t\t\t<\/div>\n\t\t<\/section>\n\t\t\t\t<\/div>\n\t\t\n","protected":false},"excerpt":{"rendered":"<p>El estilo moderno se impone en las cocinas \u00a0Cr\u00e9ditos: Iv\u00e1n Ortiz Las cocinas abiertas, vinculadas a la zona social, no han dejado de estar a &hellip;<\/p>\n","protected":false},"author":2,"featured_media":0,"parent":0,"menu_order":0,"comment_status":"closed","ping_status":"closed","template":"","meta":{"footnotes":""},"acf":[],"yoast_head":"<!-- This site is optimized with the Yoast SEO plugin v15.9 - https:\/\/yoast.com\/wordpress\/plugins\/seo\/ -->\n<title>Descubre diferentes estilos de cocinas modernas | Ciencuadras<\/title>\n<meta name=\"description\" content=\"Conoce aqu\u00ed cu\u00e1les son los estilos modernos que son tendencia en las cocinas. \u00a1Mejora tu vivienda con nuevos dise\u00f1os innovadores!\" \/>\n<meta name=\"robots\" content=\"index, follow, max-snippet:-1, max-image-preview:large, max-video-preview:-1\" \/>\n<link rel=\"canonical\" href=\"https:\/\/www.ciencuadras.com\/blog\/espacios-al-cien-estilo-moderno-en-cocinas\" \/>\n<meta property=\"og:locale\" content=\"es_ES\" \/>\n<meta property=\"og:type\" content=\"article\" \/>\n<meta property=\"og:title\" content=\"Descubre diferentes estilos de cocinas modernas | Ciencuadras\" \/>\n<meta property=\"og:description\" content=\"Conoce aqu\u00ed cu\u00e1les son los estilos modernos que son tendencia en las cocinas. \u00a1Mejora tu vivienda con nuevos dise\u00f1os innovadores!\" \/>\n<meta property=\"og:url\" content=\"https:\/\/www.ciencuadras.com\/blog\/espacios-al-cien-estilo-moderno-en-cocinas\" \/>\n<meta property=\"article:publisher\" content=\"https:\/\/www.facebook.com\/ciencuadras\/\" \/>\n<meta property=\"article:modified_time\" content=\"2023-04-03T15:35:15+00:00\" \/>\n<meta property=\"og:image\" content=\"https:\/\/www.ciencuadras.com\/blog\/wp-content\/uploads\/2023\/02\/Apto-Aitken-Studio-Foto-Iva\u0301n-Ortiz.jpg\" \/>\n<meta name=\"twitter:card\" content=\"summary_large_image\" \/>\n<meta name=\"twitter:site\" content=\"@ciencuadras\" \/>\n<meta name=\"twitter:label1\" content=\"Est. reading time\">\n\t<meta name=\"twitter:data1\" content=\"6 minutos\">\n<script type=\"application\/ld+json\" class=\"yoast-schema-graph\">{\"@context\":\"https:\/\/schema.org\",\"@graph\":[{\"@type\":\"Organization\",\"@id\":\"https:\/\/www.ciencuadras.com\/blog\/#organization\",\"name\":\"Ciencuadras.com\",\"url\":\"https:\/\/www.ciencuadras.com\/blog\/\",\"sameAs\":[\"https:\/\/www.facebook.com\/ciencuadras\/\",\"https:\/\/www.instagram.com\/ciencuadras\/\",\"https:\/\/co.linkedin.com\/company\/ciencuadras\",\"https:\/\/www.youtube.com\/channel\/UC_f830HP5dUy6OjBIbjtlAw\",\"https:\/\/twitter.com\/ciencuadras\"],\"logo\":{\"@type\":\"ImageObject\",\"@id\":\"https:\/\/www.ciencuadras.com\/blog\/#logo\",\"inLanguage\":\"es-CO\",\"url\":\"\",\"caption\":\"Ciencuadras.com\"},\"image\":{\"@id\":\"https:\/\/www.ciencuadras.com\/blog\/#logo\"}},{\"@type\":\"WebSite\",\"@id\":\"https:\/\/www.ciencuadras.com\/blog\/#website\",\"url\":\"https:\/\/www.ciencuadras.com\/blog\/\",\"name\":\"\",\"description\":\"\",\"publisher\":{\"@id\":\"https:\/\/www.ciencuadras.com\/blog\/#organization\"},\"potentialAction\":[{\"@type\":\"SearchAction\",\"target\":\"https:\/\/www.ciencuadras.com\/blog\/?s={search_term_string}\",\"query-input\":\"required name=search_term_string\"}],\"inLanguage\":\"es-CO\"},{\"@type\":\"ImageObject\",\"@id\":\"https:\/\/www.ciencuadras.com\/blog\/espacios-al-cien-estilo-moderno-en-cocinas#primaryimage\",\"inLanguage\":\"es-CO\",\"url\":\"https:\/\/www.ciencuadras.com\/blog\/wp-content\/uploads\/2023\/02\/Apto-Aitken-Studio-Foto-Iva\\u0301n-Ortiz.jpg\",\"width\":700,\"height\":467,\"caption\":\"apartamento con cocina moderna\"},{\"@type\":\"WebPage\",\"@id\":\"https:\/\/www.ciencuadras.com\/blog\/espacios-al-cien-estilo-moderno-en-cocinas#webpage\",\"url\":\"https:\/\/www.ciencuadras.com\/blog\/espacios-al-cien-estilo-moderno-en-cocinas\",\"name\":\"Descubre diferentes estilos de cocinas modernas | Ciencuadras\",\"isPartOf\":{\"@id\":\"https:\/\/www.ciencuadras.com\/blog\/#website\"},\"primaryImageOfPage\":{\"@id\":\"https:\/\/www.ciencuadras.com\/blog\/espacios-al-cien-estilo-moderno-en-cocinas#primaryimage\"},\"datePublished\":\"2023-02-03T17:00:35+00:00\",\"dateModified\":\"2023-04-03T15:35:15+00:00\",\"description\":\"Conoce aqu\\u00ed cu\\u00e1les son los estilos modernos que son tendencia en las cocinas. \\u00a1Mejora tu vivienda con nuevos dise\\u00f1os innovadores!\",\"breadcrumb\":{\"@id\":\"https:\/\/www.ciencuadras.com\/blog\/espacios-al-cien-estilo-moderno-en-cocinas#breadcrumb\"},\"inLanguage\":\"es-CO\",\"potentialAction\":[{\"@type\":\"ReadAction\",\"target\":[\"https:\/\/www.ciencuadras.com\/blog\/espacios-al-cien-estilo-moderno-en-cocinas\"]}]},{\"@type\":\"BreadcrumbList\",\"@id\":\"https:\/\/www.ciencuadras.com\/blog\/espacios-al-cien-estilo-moderno-en-cocinas#breadcrumb\",\"itemListElement\":[{\"@type\":\"ListItem\",\"position\":1,\"item\":{\"@type\":\"WebPage\",\"@id\":\"https:\/\/www.ciencuadras.com\/blog\",\"url\":\"https:\/\/www.ciencuadras.com\/blog\",\"name\":\"Blog\"}},{\"@type\":\"ListItem\",\"position\":2,\"item\":{\"@type\":\"WebPage\",\"@id\":\"https:\/\/www.ciencuadras.com\/blog\/espacios-al-cien-estilo-moderno-en-cocinas\",\"url\":\"https:\/\/www.ciencuadras.com\/blog\/espacios-al-cien-estilo-moderno-en-cocinas\",\"name\":\"Espacios al cien by Axxis\"}}]}]}<\/script>\n<!-- \/ Yoast SEO plugin. -->","_links":{"self":[{"href":"https:\/\/www.ciencuadras.com\/blog\/wp-json\/wp\/v2\/pages\/113597"}],"collection":[{"href":"https:\/\/www.ciencuadras.com\/blog\/wp-json\/wp\/v2\/pages"}],"about":[{"href":"https:\/\/www.ciencuadras.com\/blog\/wp-json\/wp\/v2\/types\/page"}],"author":[{"embeddable":true,"href":"https:\/\/www.ciencuadras.com\/blog\/wp-json\/wp\/v2\/users\/2"}],"replies":[{"embeddable":true,"href":"https:\/\/www.ciencuadras.com\/blog\/wp-json\/wp\/v2\/comments?post=113597"}],"version-history":[{"count":29,"href":"https:\/\/www.ciencuadras.com\/blog\/wp-json\/wp\/v2\/pages\/113597\/revisions"}],"predecessor-version":[{"id":114406,"href":"https:\/\/www.ciencuadras.com\/blog\/wp-json\/wp\/v2\/pages\/113597\/revisions\/114406"}],"wp:attachment":[{"href":"https:\/\/www.ciencuadras.com\/blog\/wp-json\/wp\/v2\/media?parent=113597"}],"curies":[{"name":"wp","href":"https:\/\/api.w.org\/{rel}","templated":true}]}}