{"id":127648,"date":"2025-12-22T10:45:37","date_gmt":"2025-12-22T15:45:37","guid":{"rendered":"https:\/\/www.ciencuadras.com\/blog\/?page_id=127648"},"modified":"2026-02-04T09:24:29","modified_gmt":"2026-02-04T14:24:29","slug":"guia-de-barrio-prado-veraniego-bogota","status":"publish","type":"page","link":"https:\/\/www.ciencuadras.com\/blog\/guia-de-barrio-prado-veraniego-bogota","title":{"rendered":"Prado Veraniego: un rinc\u00f3n residencial con esencia y proyecci\u00f3n"},"content":{"rendered":"\t\t<div data-elementor-type=\"wp-page\" data-elementor-id=\"127648\" class=\"elementor elementor-127648\" data-elementor-post-type=\"page\">\n\t\t\t\t\n<div class=\"elementor-element elementor-element-83ba9db e-con-full e-flex e-con e-parent\" data-id=\"83ba9db\" data-element_type=\"container\">\n\t\t\t\t<div class=\"elementor-element elementor-element-7f13816 elementor-widget elementor-widget-image\" data-id=\"7f13816\" data-element_type=\"widget\" data-widget_type=\"image.default\">\n\t\t\t\t<div class=\"elementor-widget-container\">\n\t\t\t\t\t\t\t\t\t\t\t\t\t<img fetchpriority=\"high\" decoding=\"async\" width=\"760\" height=\"501\" src=\"https:\/\/www.ciencuadras.com\/blog\/wp-content\/uploads\/2021\/06\/760x501_Prado-Veraniego.jpg\" class=\"attachment-large size-large wp-image-89936\" alt=\"\" srcset=\"https:\/\/www.ciencuadras.com\/blog\/wp-content\/uploads\/2021\/06\/760x501_Prado-Veraniego.jpg 760w, https:\/\/www.ciencuadras.com\/blog\/wp-content\/uploads\/2021\/06\/760x501_Prado-Veraniego-600x396.jpg 600w, https:\/\/www.ciencuadras.com\/blog\/wp-content\/uploads\/2021\/06\/760x501_Prado-Veraniego-300x198.jpg 300w\" sizes=\"(max-width: 760px) 100vw, 760px\" \/>\t\t\t\t\t\t\t\t\t\t\t\t\t<\/div>\n\t\t\t\t<\/div>\n\t\t\t\t<\/div>\n\t\t<div class=\"elementor-element elementor-element-54eec56 e-flex e-con-boxed e-con e-parent\" data-id=\"54eec56\" data-element_type=\"container\">\n\t\t\t\t\t<div class=\"e-con-inner\">\n\t\t<div class=\"elementor-element elementor-element-54a8693 e-con-full e-flex e-con e-child\" data-id=\"54a8693\" data-element_type=\"container\">\n\t\t<div class=\"elementor-element elementor-element-4973c49 e-con-full e-flex e-con e-child\" data-id=\"4973c49\" data-element_type=\"container\">\n\t\t\t\t<div class=\"elementor-element elementor-element-509c809 elementor-widget elementor-widget-heading\" data-id=\"509c809\" data-element_type=\"widget\" data-widget_type=\"heading.default\">\n\t\t\t\t<div class=\"elementor-widget-container\">\n\t\t\t<h2 class=\"elementor-heading-title elementor-size-default\">Prado Veraniego en cifras <\/h2>\t\t<\/div>\n\t\t\t\t<\/div>\n\t\t<div class=\"elementor-element elementor-element-fb62717 e-grid e-con-full e-con e-child\" data-id=\"fb62717\" data-element_type=\"container\">\n\t\t<div class=\"elementor-element elementor-element-a2b325f e-grid e-con-full e-con e-child\" data-id=\"a2b325f\" data-element_type=\"container\">\n\t\t\t\t<div class=\"elementor-element elementor-element-87c097b elementor-widget__width-inherit elementor-widget elementor-widget-heading\" data-id=\"87c097b\" data-element_type=\"widget\" data-widget_type=\"heading.default\">\n\t\t\t\t<div class=\"elementor-widget-container\">\n\t\t\t<h2 class=\"elementor-heading-title elementor-size-default\">$506.389.476<\/h2>\t\t<\/div>\n\t\t\t\t<\/div>\n\t\t\t\t<div class=\"elementor-element elementor-element-434e30c elementor-widget elementor-widget-text-editor\" data-id=\"434e30c\" data-element_type=\"widget\" data-widget_type=\"text-editor.default\">\n\t\t\t\t<div class=\"elementor-widget-container\">\n\t\t\t\t\t\t\t<p>Precio promedio venta<\/p>\t\t\t\t\t\t<\/div>\n\t\t\t\t<\/div>\n\t\t\t\t<\/div>\n\t\t<div class=\"elementor-element elementor-element-57b9b52 e-grid e-con-full e-con e-child\" data-id=\"57b9b52\" data-element_type=\"container\">\n\t\t\t\t<div class=\"elementor-element elementor-element-0ed3383 elementor-widget__width-inherit elementor-widget elementor-widget-heading\" data-id=\"0ed3383\" data-element_type=\"widget\" data-widget_type=\"heading.default\">\n\t\t\t\t<div class=\"elementor-widget-container\">\n\t\t\t<h2 class=\"elementor-heading-title elementor-size-default\">$5.334.914<\/h2>\t\t<\/div>\n\t\t\t\t<\/div>\n\t\t\t\t<div class=\"elementor-element elementor-element-48c4a82 elementor-widget elementor-widget-text-editor\" data-id=\"48c4a82\" data-element_type=\"widget\" data-widget_type=\"text-editor.default\">\n\t\t\t\t<div class=\"elementor-widget-container\">\n\t\t\t\t\t\t\t<p>Precio promedio m2<\/p>\t\t\t\t\t\t<\/div>\n\t\t\t\t<\/div>\n\t\t\t\t<\/div>\n\t\t<div class=\"elementor-element elementor-element-8713db8 e-grid e-con-full e-con e-child\" data-id=\"8713db8\" data-element_type=\"container\">\n\t\t\t\t<div class=\"elementor-element elementor-element-a48fd4d elementor-widget__width-inherit elementor-widget elementor-widget-heading\" data-id=\"a48fd4d\" data-element_type=\"widget\" data-widget_type=\"heading.default\">\n\t\t\t\t<div class=\"elementor-widget-container\">\n\t\t\t<h2 class=\"elementor-heading-title elementor-size-default\">2<\/h2>\t\t<\/div>\n\t\t\t\t<\/div>\n\t\t\t\t<div class=\"elementor-element elementor-element-5d2d20f elementor-widget elementor-widget-text-editor\" data-id=\"5d2d20f\" data-element_type=\"widget\" data-widget_type=\"text-editor.default\">\n\t\t\t\t<div class=\"elementor-widget-container\">\n\t\t\t\t\t\t\t<p>Estrato<\/p>\t\t\t\t\t\t<\/div>\n\t\t\t\t<\/div>\n\t\t\t\t<\/div>\n\t\t\t\t<\/div>\n\t\t\t\t<div class=\"elementor-element elementor-element-42aca97 elementor-widget elementor-widget-text-editor\" data-id=\"42aca97\" data-element_type=\"widget\" data-widget_type=\"text-editor.default\">\n\t\t\t\t<div class=\"elementor-widget-container\">\n\t\t\t\t\t\t\t<p><b>Prado Veraniego<\/b>\u00a0es un barrio en el que confluyen la industria, el comercio y la vivienda familiar. El sector tiene un<b>\u00a0valor catastral<\/b>\u00a0de *1 bill\u00f3n de pesos, un total de *2407 predios y *455.919 m\u00b2 de \u00e1rea construida.<\/p><p>*Cifras obtenidas de<strong><a href=\"https:\/\/mapas.bogota.gov.co\/censo\" target=\"_blank\" rel=\"noopener\">\u00a0mapas.bogota.gov.co<\/a><\/strong><\/p><p>El barrio ha tenido un importante desarrollo comercial principalmente en la calle 129, factor que lo convierte en un punto estrat\u00e9gico para cualquier tipo de negocio, impactando no solo a los habitantes del sector, sino a un importante n\u00famero de poblaci\u00f3n flotante y de barrios cercanos.<\/p><p>El\u00a0<b>metro cuadrado en Prado Veraniego<\/b>\u00a0se ubica entre los $4 y $5 millones de pesos, con una predominante oferta de\u00a0<b>apartamentos usados en venta<\/b>, y casas de m\u00e1s de 30 a\u00f1os de antig\u00fcedad con amplias \u00e1reas para uso residencial y comercial.<\/p><p>El barrio, que pertenece al\u00a0<b>estrato 3,<\/b>\u00a0se ha desarrollado en su gran mayor\u00eda de manera comercial, y en los \u00faltimos a\u00f1os ha presentado un crecimiento moderado con una valorizaci\u00f3n anual promedio del0.8%.<\/p><p>Si entre tus planes est\u00e1<strong><a href=\"https:\/\/www.ciencuadras.com\/venta\/bogota\/suba\/prado-veraniego\" target=\"_blank\" rel=\"noopener\">\u00a0comprar apartamento en Prado Veraniego<\/a><\/strong>\u00a0los precios se encuentran entre los $180 y los $600 millones de pesos, por otro lado, los<strong><a href=\"https:\/\/www.ciencuadras.com\/arriendo\/bogota\/suba\/prado-veraniego\" target=\"_blank\" rel=\"noopener\">\u00a0arriendos en Prado Veraniego<\/a><\/strong>\u00a0tienen un valor promedio de $1.5 millones de pesos.<\/p>\t\t\t\t\t\t<\/div>\n\t\t\t\t<\/div>\n\t\t<div class=\"elementor-element elementor-element-2d37da6 e-con-full e-flex e-con e-child\" data-id=\"2d37da6\" data-element_type=\"container\">\n\t\t\t\t<div class=\"elementor-element elementor-element-c233f75 elementor-widget elementor-widget-heading\" data-id=\"c233f75\" data-element_type=\"widget\" data-widget_type=\"heading.default\">\n\t\t\t\t<div class=\"elementor-widget-container\">\n\t\t\t<h2 class=\"elementor-heading-title elementor-size-default\">\u00bfPor qu\u00e9 elegir Prado Veraniego?<\/h2>\t\t<\/div>\n\t\t\t\t<\/div>\n\t\t\t\t<div class=\"elementor-element elementor-element-9729a8f elementor-widget elementor-widget-text-editor\" data-id=\"9729a8f\" data-element_type=\"widget\" data-widget_type=\"text-editor.default\">\n\t\t\t\t<div class=\"elementor-widget-container\">\n\t\t\t\t\t\t\t<p>El sector cuenta con todo lo necesario para disfrutar de una buena calidad de vida. Estas son las ventajas de vivir en Prado Veraniego:<\/p>\t\t\t\t\t\t<\/div>\n\t\t\t\t<\/div>\n\t\t<div class=\"elementor-element elementor-element-ddab011 e-grid e-con-full e-con e-child\" data-id=\"ddab011\" data-element_type=\"container\">\n\t\t<div class=\"elementor-element elementor-element-c5810f1 e-grid e-con-full e-con e-child\" data-id=\"c5810f1\" data-element_type=\"container\">\n\t\t\t\t<div class=\"elementor-element elementor-element-511a1e9 elementor-widget__width-inherit elementor-widget elementor-widget-heading\" data-id=\"511a1e9\" data-element_type=\"widget\" data-widget_type=\"heading.default\">\n\t\t\t\t<div class=\"elementor-widget-container\">\n\t\t\t<h2 class=\"elementor-heading-title elementor-size-default\">Espacios verdes<\/h2>\t\t<\/div>\n\t\t\t\t<\/div>\n\t\t\t\t<div class=\"elementor-element elementor-element-beca325 elementor-widget elementor-widget-text-editor\" data-id=\"beca325\" data-element_type=\"widget\" data-widget_type=\"text-editor.default\">\n\t\t\t\t<div class=\"elementor-widget-container\">\n\t\t\t\t\t\t\t<p>Si bien, dentro del panorama del sector el asfalto es la constante, las\u00a0zonas verdes\u00a0tienen un espacio en el barrio; 34 parques forman parte del terreno natural de Prado Veraniego.<\/p>\t\t\t\t\t\t<\/div>\n\t\t\t\t<\/div>\n\t\t\t\t<\/div>\n\t\t<div class=\"elementor-element elementor-element-fdad682 e-grid e-con-full e-con e-child\" data-id=\"fdad682\" data-element_type=\"container\">\n\t\t\t\t<div class=\"elementor-element elementor-element-fce9737 elementor-widget__width-inherit elementor-widget elementor-widget-heading\" data-id=\"fce9737\" data-element_type=\"widget\" data-widget_type=\"heading.default\">\n\t\t\t\t<div class=\"elementor-widget-container\">\n\t\t\t<h2 class=\"elementor-heading-title elementor-size-default\">Oferta comercial<\/h2>\t\t<\/div>\n\t\t\t\t<\/div>\n\t\t\t\t<div class=\"elementor-element elementor-element-dcfeffb elementor-widget elementor-widget-text-editor\" data-id=\"dcfeffb\" data-element_type=\"widget\" data-widget_type=\"text-editor.default\">\n\t\t\t\t<div class=\"elementor-widget-container\">\n\t\t\t\t\t\t\t<p>La oferta comercial del sector se desarrolla en su mayor\u00eda sobre la calle 129 con una amplia y diversa variedad de negocios de bienes y servicios.<\/p>\t\t\t\t\t\t<\/div>\n\t\t\t\t<\/div>\n\t\t\t\t<\/div>\n\t\t<div class=\"elementor-element elementor-element-cbf491d e-grid e-con-full e-con e-child\" data-id=\"cbf491d\" data-element_type=\"container\">\n\t\t\t\t<div class=\"elementor-element elementor-element-2136686 elementor-widget__width-inherit elementor-widget elementor-widget-heading\" data-id=\"2136686\" data-element_type=\"widget\" data-widget_type=\"heading.default\">\n\t\t\t\t<div class=\"elementor-widget-container\">\n\t\t\t<h2 class=\"elementor-heading-title elementor-size-default\">V\u00edas de acceso<\/h2>\t\t<\/div>\n\t\t\t\t<\/div>\n\t\t\t\t<div class=\"elementor-element elementor-element-1fccb5e elementor-widget elementor-widget-text-editor\" data-id=\"1fccb5e\" data-element_type=\"widget\" data-widget_type=\"text-editor.default\">\n\t\t\t\t<div class=\"elementor-widget-container\">\n\t\t\t\t\t\t\t<p>El sector cuenta con v\u00edas principales como la Autopista Norte, la calle 129 y la calle 134, lo que favorece la movilizaci\u00f3n de sus habitantes y el alto n\u00famero de poblaci\u00f3n flotante que llega al barrio.<\/p>\t\t\t\t\t\t<\/div>\n\t\t\t\t<\/div>\n\t\t\t\t<\/div>\n\t\t<div class=\"elementor-element elementor-element-c7319ff e-grid e-con-full e-con e-child\" data-id=\"c7319ff\" data-element_type=\"container\">\n\t\t\t\t<div class=\"elementor-element elementor-element-cbe2c42 elementor-widget__width-inherit elementor-widget elementor-widget-heading\" data-id=\"cbe2c42\" data-element_type=\"widget\" data-widget_type=\"heading.default\">\n\t\t\t\t<div class=\"elementor-widget-container\">\n\t\t\t<h2 class=\"elementor-heading-title elementor-size-default\">Educaci\u00f3n <\/h2>\t\t<\/div>\n\t\t\t\t<\/div>\n\t\t\t\t<div class=\"elementor-element elementor-element-e9eb79c elementor-widget elementor-widget-text-editor\" data-id=\"e9eb79c\" data-element_type=\"widget\" data-widget_type=\"text-editor.default\">\n\t\t\t\t<div class=\"elementor-widget-container\">\n\t\t\t\t\t\t\t<p>La\u00a0oferta educativa\u00a0est\u00e1 comprendida por 17 colegios que cubren las necesidades educativas de primera infancia, primaria y bachillerato.<\/p>\t\t\t\t\t\t<\/div>\n\t\t\t\t<\/div>\n\t\t\t\t<\/div>\n\t\t\t\t<\/div>\n\t\t\t\t<\/div>\n\t\t\t\t<\/div>\n\t\t<div class=\"elementor-element elementor-element-918a916 e-con-full e-flex e-con e-child\" data-id=\"918a916\" data-element_type=\"container\">\n\t\t\t\t<div class=\"elementor-element elementor-element-f582b11 elementor-widget elementor-widget-heading\" data-id=\"f582b11\" data-element_type=\"widget\" data-widget_type=\"heading.default\">\n\t\t\t\t<div class=\"elementor-widget-container\">\n\t\t\t<h2 class=\"elementor-heading-title elementor-size-default\"><h2 class=\"elementor-heading-title elementor-size-default elementor-inline-editing pen\" data-elementor-setting-key=\"title\" data-pen-placeholder=\"Type Here...\" style=\", sans-serif;font-weight: 700;line-height: 1px\">Ubicaci\u00f3n privilegiada<span style=\"font-family: Montserrat, sans-serif\"><\/span><\/h2><\/h2>\t\t<\/div>\n\t\t\t\t<\/div>\n\t\t\t\t<div class=\"elementor-element elementor-element-e9a9cd1 elementor-widget elementor-widget-text-editor\" data-id=\"e9a9cd1\" data-element_type=\"widget\" data-widget_type=\"text-editor.default\">\n\t\t\t\t<div class=\"elementor-widget-container\">\n\t\t\t\t\t\t\t<p>Situado en la<a href=\"https:\/\/youtu.be\/1FcUQXqDaio\" target=\"_blank\" rel=\"noopener\">\u00a0<b>Localidad de Suba<\/b><\/a>, Prado Veraniego se encuentra de oriente a occidente entre la Autopista Norte y la Carrera 53 y de sur a norte entre las calles 127b y 134.<\/p><p>El sector cuenta con una ubicaci\u00f3n estrat\u00e9gica al norte de la ciudad y es un punto de referencia para diferentes industrias de alimentos y del sector automotriz.<\/p>\t\t\t\t\t\t<\/div>\n\t\t\t\t<\/div>\n\t\t\t\t<\/div>\n\t\t<div class=\"elementor-element elementor-element-4e9f3aa e-con-full e-flex e-con e-child\" data-id=\"4e9f3aa\" data-element_type=\"container\">\n\t\t\t\t<div class=\"elementor-element elementor-element-27ba190 elementor-widget elementor-widget-heading\" data-id=\"27ba190\" data-element_type=\"widget\" data-widget_type=\"heading.default\">\n\t\t\t\t<div class=\"elementor-widget-container\">\n\t\t\t<h2 class=\"elementor-heading-title elementor-size-default\">Inmuebles en Predo Veraniego<\/h2>\t\t<\/div>\n\t\t\t\t<\/div>\n\t\t<div class=\"elementor-element elementor-element-5adc2e6 e-con-full e-flex e-con e-child\" data-id=\"5adc2e6\" data-element_type=\"container\">\n\t\t\n\t\t<div class=\"elementor-element elementor-element-2639b8b elementor-widget elementor-widget-slider-inmuebles-ciencuadras\" data-id=\"2639b8b\" data-element_type=\"widget\" data-settings=\"{&quot;select_tipo_transaccion&quot;:&quot;venta&quot;}\" data-widget_type=\"slider-inmuebles-ciencuadras.default\">\n\t\t\t\t<div class=\"elementor-widget-container\">\n\t\t\t           <!-- Swiper-->\n            <div class=\"container-swiper container-id-2639b8b\" >\n                    <div class=\"swiper-button-prev prev-swiper-id-2639b8b\"><\/div>\n                        <div class=\"swiper mySwiper swiper-id-2639b8b\">\n                         <div class=\"swiper-wrapper\">\n                                <div data-history=\"0\" class=\"swiper-slide\" >\n                            <a class=\"card\"  href=\"\/inmueble\/apartamento-en-venta-en-prado-veraniego-bogota-3248058\" target=\"_blank\">\n                                <div class=\"card-image\">\n                                    <img decoding=\"async\" class=\"img-inmueble\"  \n                                        src=\"https:\/\/www-img-cc.s3.amazonaws.com\/inmuebles\/images\/3248058\/fcbc17442086894_plana.jpeg\"\n                                        alt=\"Apartamento\"\n                                        onerror=\"this.src='https:\/\/www.ciencuadras.com\/sources\/images\/result\/no-photo-property.png'\"\n                                    \/>\n                                <\/div>\n                                <div class=\"card-info\">\n                                    <div class=\"card-price\">\n                                        <span>Valor de compra: <\/span>                                        <br \/>\n                                        <span class=\"card-price-big\">$220.000.000 \n                                        <\/span>\n                                    <\/div>\n                                    <div class=\"card-location\">\n                                        Apartamento en Venta                                    <\/div>\n                                    <div class=\"card-direction\">\n                                        <div class=\"card-target\">\n                                            <em class=\"fas fa-map-marker-alt\"><\/em>\n                                            <span class=\"city\"> Bogot\u00e1<\/span>\n                                            <span>&nbsp;\/&nbsp;<\/span>\n                                            <span class=\"neighborhood\"> Prado Veraniego<\/span>\n                                        <\/div>\n                                    <\/div>\n                                    <div class=\"specs\">\n                                        <div class=\"specs-data area\"><span class=\"span-data\">33 m2<\/span><\/div>\n                                        <div class=\"specs-data rooms\"><span class=\"span-data\">Habit. 2<\/span><\/div><div class=\"specs-data baths\"><span class=\"span-data\">Ba\u00f1os 1<\/span><\/div>                                        \n                                        \n                                        \n                                    <\/div>\n                                <\/div>\n                            <\/a>\n                        <\/div>\n                    \n                   \n\t\t\t\n                                <div data-history=\"1\" class=\"swiper-slide\" >\n                            <a class=\"card\"  href=\"\/inmueble\/apartamento-en-venta-en-prado-veraniego-sur-bogota-3393667\" target=\"_blank\">\n                                <div class=\"card-image\">\n                                    <img decoding=\"async\" class=\"img-inmueble\"  \n                                        src=\"https:\/\/www-img-cc.s3.amazonaws.com\/inmuebles\/images\/3393667\/bbdbfc176866555732_plana.jpeg\"\n                                        alt=\"Apartamento\"\n                                        onerror=\"this.src='https:\/\/www.ciencuadras.com\/sources\/images\/result\/no-photo-property.png'\"\n                                    \/>\n                                <\/div>\n                                <div class=\"card-info\">\n                                    <div class=\"card-price\">\n                                        <span>Valor de compra: <\/span>                                        <br \/>\n                                        <span class=\"card-price-big\">$220.000.000 \n                                        <\/span>\n                                    <\/div>\n                                    <div class=\"card-location\">\n                                        Apartamento en Venta                                    <\/div>\n                                    <div class=\"card-direction\">\n                                        <div class=\"card-target\">\n                                            <em class=\"fas fa-map-marker-alt\"><\/em>\n                                            <span class=\"city\"> Bogot\u00e1<\/span>\n                                            <span>&nbsp;\/&nbsp;<\/span>\n                                            <span class=\"neighborhood\"> Prado Veraniego Sur<\/span>\n                                        <\/div>\n                                    <\/div>\n                                    <div class=\"specs\">\n                                        <div class=\"specs-data area\"><span class=\"span-data\">50 m2<\/span><\/div>\n                                        <div class=\"specs-data rooms\"><span class=\"span-data\">Habit. 2<\/span><\/div><div class=\"specs-data baths\"><span class=\"span-data\">Ba\u00f1os 1<\/span><\/div>                                        \n                                        \n                                        \n                                    <\/div>\n                                <\/div>\n                            <\/a>\n                        <\/div>\n                    \n                   \n\t\t\t\n                                <div data-history=\"2\" class=\"swiper-slide\" >\n                            <a class=\"card\"  href=\"\/inmueble\/apartamento-en-venta-en-prado-veraniego-sur-bogota-3319566\" target=\"_blank\">\n                                <div class=\"card-image\">\n                                    <img decoding=\"async\" class=\"img-inmueble\"  \n                                        src=\"https:\/\/www-img-cc.s3.amazonaws.com\/inmuebles\/images\/3319566\/bbdead176866555472_plana.jpeg\"\n                                        alt=\"Apartamento\"\n                                        onerror=\"this.src='https:\/\/www.ciencuadras.com\/sources\/images\/result\/no-photo-property.png'\"\n                                    \/>\n                                <\/div>\n                                <div class=\"card-info\">\n                                    <div class=\"card-price\">\n                                        <span>Valor de compra: <\/span>                                        <br \/>\n                                        <span class=\"card-price-big\">$220.000.000 \n                                        <\/span>\n                                    <\/div>\n                                    <div class=\"card-location\">\n                                        Apartamento en Venta                                    <\/div>\n                                    <div class=\"card-direction\">\n                                        <div class=\"card-target\">\n                                            <em class=\"fas fa-map-marker-alt\"><\/em>\n                                            <span class=\"city\"> Bogot\u00e1<\/span>\n                                            <span>&nbsp;\/&nbsp;<\/span>\n                                            <span class=\"neighborhood\"> Prado Veraniego Sur<\/span>\n                                        <\/div>\n                                    <\/div>\n                                    <div class=\"specs\">\n                                        <div class=\"specs-data area\"><span class=\"span-data\">50 m2<\/span><\/div>\n                                        <div class=\"specs-data rooms\"><span class=\"span-data\">Habit. 2<\/span><\/div><div class=\"specs-data baths\"><span class=\"span-data\">Ba\u00f1os 1<\/span><\/div>                                        \n                                        \n                                        \n                                    <\/div>\n                                <\/div>\n                            <\/a>\n                        <\/div>\n                    \n                   \n\t\t\t\n                                <div data-history=\"3\" class=\"swiper-slide\" >\n                            <a class=\"card\"  href=\"\/inmueble\/apartamento-en-venta-en-prado-veraniego-sur-bogota-3552470\" target=\"_blank\">\n                                <div class=\"card-image\">\n                                    <img decoding=\"async\" class=\"img-inmueble\"  \n                                        src=\"https:\/\/www-img-cc.s3.amazonaws.com\/inmuebles\/images\/3552470\/caad176375663054_plana.jpeg\"\n                                        alt=\"Apartamento\"\n                                        onerror=\"this.src='https:\/\/www.ciencuadras.com\/sources\/images\/result\/no-photo-property.png'\"\n                                    \/>\n                                <\/div>\n                                <div class=\"card-info\">\n                                    <div class=\"card-price\">\n                                        <span>Valor de compra: <\/span>                                        <br \/>\n                                        <span class=\"card-price-big\">$390.000.000 \n                                        <\/span>\n                                    <\/div>\n                                    <div class=\"card-location\">\n                                        Apartamento en Venta                                    <\/div>\n                                    <div class=\"card-direction\">\n                                        <div class=\"card-target\">\n                                            <em class=\"fas fa-map-marker-alt\"><\/em>\n                                            <span class=\"city\"> Bogot\u00e1<\/span>\n                                            <span>&nbsp;\/&nbsp;<\/span>\n                                            <span class=\"neighborhood\"> Prado Veraniego Sur<\/span>\n                                        <\/div>\n                                    <\/div>\n                                    <div class=\"specs\">\n                                        <div class=\"specs-data area\"><span class=\"span-data\">67 m2<\/span><\/div>\n                                        <div class=\"specs-data rooms\"><span class=\"span-data\">Habit. 3<\/span><\/div><div class=\"specs-data baths\"><span class=\"span-data\">Ba\u00f1os 2<\/span><\/div><div class=\"specs-data garages\"><span class=\"span-data\">Garaje 1<\/span><\/div>                                        \n                                        \n                                        \n                                    <\/div>\n                                <\/div>\n                            <\/a>\n                        <\/div>\n                    \n                   \n\t\t\t\n                                <div data-history=\"4\" class=\"swiper-slide\" >\n                            <a class=\"card\"  href=\"\/inmueble\/apartamento-en-venta-en-prado-veraniego-sur-bogota-3345172\" target=\"_blank\">\n                                <div class=\"card-image\">\n                                    <img decoding=\"async\" class=\"img-inmueble\"  \n                                        src=\"https:\/\/www-img-cc.s3.amazonaws.com\/inmuebles\/images\/3345172\/bbde176866592118_plana.jpeg\"\n                                        alt=\"Apartamento\"\n                                        onerror=\"this.src='https:\/\/www.ciencuadras.com\/sources\/images\/result\/no-photo-property.png'\"\n                                    \/>\n                                <\/div>\n                                <div class=\"card-info\">\n                                    <div class=\"card-price\">\n                                        <span>Valor de compra: <\/span>                                        <br \/>\n                                        <span class=\"card-price-big\">$220.000.000 \n                                        <\/span>\n                                    <\/div>\n                                    <div class=\"card-location\">\n                                        Apartamento en Venta                                    <\/div>\n                                    <div class=\"card-direction\">\n                                        <div class=\"card-target\">\n                                            <em class=\"fas fa-map-marker-alt\"><\/em>\n                                            <span class=\"city\"> Bogot\u00e1<\/span>\n                                            <span>&nbsp;\/&nbsp;<\/span>\n                                            <span class=\"neighborhood\"> Prado Veraniego Sur<\/span>\n                                        <\/div>\n                                    <\/div>\n                                    <div class=\"specs\">\n                                        <div class=\"specs-data area\"><span class=\"span-data\">50 m2<\/span><\/div>\n                                        <div class=\"specs-data rooms\"><span class=\"span-data\">Habit. 2<\/span><\/div><div class=\"specs-data baths\"><span class=\"span-data\">Ba\u00f1os 1<\/span><\/div>                                        \n                                        \n                                        \n                                    <\/div>\n                                <\/div>\n                            <\/a>\n                        <\/div>\n                    \n                   \n\t\t\t\n                                <div data-history=\"5\" class=\"swiper-slide\" >\n                            <a class=\"card\"  href=\"\/inmueble\/apartamento-en-venta-en-prado-veraniego-sur-bogota-3357167\" target=\"_blank\">\n                                <div class=\"card-image\">\n                                    <img decoding=\"async\" class=\"img-inmueble\"  \n                                        src=\"https:\/\/www-img-cc.s3.amazonaws.com\/inmuebles\/images\/3357167\/bbceff176866562968_plana.jpeg\"\n                                        alt=\"Apartamento\"\n                                        onerror=\"this.src='https:\/\/www.ciencuadras.com\/sources\/images\/result\/no-photo-property.png'\"\n                                    \/>\n                                <\/div>\n                                <div class=\"card-info\">\n                                    <div class=\"card-price\">\n                                        <span>Valor de compra: <\/span>                                        <br \/>\n                                        <span class=\"card-price-big\">$220.000.000 \n                                        <\/span>\n                                    <\/div>\n                                    <div class=\"card-location\">\n                                        Apartamento en Venta                                    <\/div>\n                                    <div class=\"card-direction\">\n                                        <div class=\"card-target\">\n                                            <em class=\"fas fa-map-marker-alt\"><\/em>\n                                            <span class=\"city\"> Bogot\u00e1<\/span>\n                                            <span>&nbsp;\/&nbsp;<\/span>\n                                            <span class=\"neighborhood\"> Prado Veraniego Sur<\/span>\n                                        <\/div>\n                                    <\/div>\n                                    <div class=\"specs\">\n                                        <div class=\"specs-data area\"><span class=\"span-data\">50 m2<\/span><\/div>\n                                        <div class=\"specs-data rooms\"><span class=\"span-data\">Habit. 2<\/span><\/div><div class=\"specs-data baths\"><span class=\"span-data\">Ba\u00f1os 1<\/span><\/div>                                        \n                                        \n                                        \n                                    <\/div>\n                                <\/div>\n                            <\/a>\n                        <\/div>\n                    \n                   \n\t\t\t\n                                <div data-history=\"6\" class=\"swiper-slide\" >\n                            <a class=\"card\"  href=\"\/inmueble\/apartamento-en-venta-en-prado-veraniego-norte-bogota-3509912\" target=\"_blank\">\n                                <div class=\"card-image\">\n                                    <img decoding=\"async\" class=\"img-inmueble\"  \n                                        src=\"https:\/\/www-img-cc.s3.amazonaws.com\/inmuebles\/images\/3509912\/efbcbd176054095056_plana.jpeg\"\n                                        alt=\"Apartamento\"\n                                        onerror=\"this.src='https:\/\/www.ciencuadras.com\/sources\/images\/result\/no-photo-property.png'\"\n                                    \/>\n                                <\/div>\n                                <div class=\"card-info\">\n                                    <div class=\"card-price\">\n                                        <span>Valor de compra: <\/span>                                        <br \/>\n                                        <span class=\"card-price-big\">$275.000.000 \n                                        <\/span>\n                                    <\/div>\n                                    <div class=\"card-location\">\n                                        Apartamento en Venta                                    <\/div>\n                                    <div class=\"card-direction\">\n                                        <div class=\"card-target\">\n                                            <em class=\"fas fa-map-marker-alt\"><\/em>\n                                            <span class=\"city\"> Bogot\u00e1<\/span>\n                                            <span>&nbsp;\/&nbsp;<\/span>\n                                            <span class=\"neighborhood\"> Prado Veraniego Norte<\/span>\n                                        <\/div>\n                                    <\/div>\n                                    <div class=\"specs\">\n                                        <div class=\"specs-data area\"><span class=\"span-data\">64 m2<\/span><\/div>\n                                        <div class=\"specs-data rooms\"><span class=\"span-data\">Habit. 3<\/span><\/div><div class=\"specs-data baths\"><span class=\"span-data\">Ba\u00f1os 1<\/span><\/div>                                        \n                                        \n                                        \n                                    <\/div>\n                                <\/div>\n                            <\/a>\n                        <\/div>\n                    \n                   \n\t\t\t\n                                <div data-history=\"7\" class=\"swiper-slide\" >\n                            <a class=\"card\"  href=\"\/inmueble\/apartamento-en-venta-en-prado-veraniego-norte-bogota-3304705\" target=\"_blank\">\n                                <div class=\"card-image\">\n                                    <img decoding=\"async\" class=\"img-inmueble\"  \n                                        src=\"https:\/\/www-img-cc.s3.amazonaws.com\/inmuebles\/images\/3304705\/fbeb176367920784_plana.jpeg\"\n                                        alt=\"Apartamento\"\n                                        onerror=\"this.src='https:\/\/www.ciencuadras.com\/sources\/images\/result\/no-photo-property.png'\"\n                                    \/>\n                                <\/div>\n                                <div class=\"card-info\">\n                                    <div class=\"card-price\">\n                                        <span>Valor de compra: <\/span>                                        <br \/>\n                                        <span class=\"card-price-big\">$599.900.000 \n                                        <\/span>\n                                    <\/div>\n                                    <div class=\"card-location\">\n                                        Apartamento en Venta                                    <\/div>\n                                    <div class=\"card-direction\">\n                                        <div class=\"card-target\">\n                                            <em class=\"fas fa-map-marker-alt\"><\/em>\n                                            <span class=\"city\"> Bogot\u00e1<\/span>\n                                            <span>&nbsp;\/&nbsp;<\/span>\n                                            <span class=\"neighborhood\"> Prado Veraniego Norte<\/span>\n                                        <\/div>\n                                    <\/div>\n                                    <div class=\"specs\">\n                                        <div class=\"specs-data area\"><span class=\"span-data\">89 m2<\/span><\/div>\n                                        <div class=\"specs-data rooms\"><span class=\"span-data\">Habit. 3<\/span><\/div><div class=\"specs-data baths\"><span class=\"span-data\">Ba\u00f1os 2<\/span><\/div><div class=\"specs-data garages\"><span class=\"span-data\">Garaje 1<\/span><\/div>                                        \n                                        \n                                        \n                                    <\/div>\n                                <\/div>\n                            <\/a>\n                        <\/div>\n                    \n                   \n\t\t\t\n                      \n                         <\/div>\n                    <\/div>\n                <div class=\"swiper-button-next next-swiper-id-2639b8b\"><\/div>\n                <div class=\"swiper-pagination  swiper-pagination-id-2639b8b\"><\/div>\n            <\/div>\n            <div class=\"container-button\">\n                <a href=\"\/venta\/bogota\/suba\/prado-veraniego\/apartamento\" target=\"_blank\">\n                    <button class=\"slider-button\">Ver todos<\/button>\n                <\/a>\n\t\t    <\/div>\n\n            <script>\n                    idSwiper= '2639b8b';\n                    window['swiperId'+idSwiper] =new Swiper(`.swiper-id-${idSwiper}`, {\n                    spaceBetween: 10,\n                    slidesPerView: 1,\n                    slidesPerGroup: 1,\n                    width:270,\n                    centeredSlides:true,\n                    rewind:true,\n                    breakpointsBase:`.container-id-${idSwiper}`,\n                    navigation: {\n                        nextEl: `.next-swiper-id-${idSwiper}`,\n                        prevEl: `.prev-swiper-id-${idSwiper}`,\n                    },\n                    pagination: {\n                        el: `.swiper-pagination-id-${idSwiper}`,\n                    },\n                    preloadImages: false,\n                    breakpoints: {\n                        600: {\n                            slidesPerView: 2,\n                            spaceBetween: 10,\n                            slidesPerGroup: 2,\n                            width:550,\n                            centeredSlidesBounds: true,\n                            centeredSlides:false,\n                        },\n                        900: {\n                            slidesPerView: 3,\n                            spaceBetween: 10,\n                            slidesPerGroup: 3,\n                            width:830,\n                            centeredSlidesBounds: true,\n                            centeredSlides:false,\n                        },\n                        1200: {\n                            slidesPerView: 4,\n                            spaceBetween: 12,\n                            slidesPerGroup: 4,\n                            width:1110,\n                            centeredSlidesBounds: true,\n                            centeredSlides:false,\n                        },\n                    },\n                });\n            <\/script>\n\n            \n        \t\t<\/div>\n\t\t\t\t<\/div>\n\t\t\t\t<div class=\"elementor-element elementor-element-f6e03d1 elementor-widget elementor-widget-heading\" data-id=\"f6e03d1\" data-element_type=\"widget\" data-widget_type=\"heading.default\">\n\t\t\t\t<div class=\"elementor-widget-container\">\n\t\t\t<h2 class=\"elementor-heading-title elementor-size-default\">\u00a1Descubre m\u00e1s!<\/h2>\t\t<\/div>\n\t\t\t\t<\/div>\n\t\t<div class=\"elementor-element elementor-element-e2ce326 e-con-full e-flex e-con e-child\" data-id=\"e2ce326\" data-element_type=\"container\">\n\t\t\t\t<div class=\"elementor-element elementor-element-7bf45ed elementor-widget elementor-widget-html\" data-id=\"7bf45ed\" data-element_type=\"widget\" data-widget_type=\"html.default\">\n\t\t\t\t<div class=\"elementor-widget-container\">\n\t\t\t<blockquote class=\"instagram-media\" data-instgrm-permalink=\"https:\/\/www.instagram.com\/reel\/DOPTBjRCRX3\/?utm_source=ig_embed&amp;utm_campaign=loading\" data-instgrm-version=\"14\" style=\" background:#FFF; border:0; border-radius:3px; box-shadow:0 0 1px 0 rgba(0,0,0,0.5),0 1px 10px 0 rgba(0,0,0,0.15); margin: 1px; max-width:540px; min-width:326px; padding:0; width:99.375%; width:-webkit-calc(100% - 2px); width:calc(100% - 2px);\"><div style=\"padding:16px;\"> <a href=\"https:\/\/www.instagram.com\/reel\/DOPTBjRCRX3\/?utm_source=ig_embed&amp;utm_campaign=loading\" style=\" background:#FFFFFF; line-height:0; padding:0 0; text-align:center; text-decoration:none; width:100%;\" target=\"_blank\"> <div style=\" display: flex; flex-direction: row; align-items: center;\"> <div style=\"background-color: #F4F4F4; border-radius: 50%; flex-grow: 0; height: 40px; margin-right: 14px; width: 40px;\"><\/div> <div style=\"display: flex; flex-direction: column; flex-grow: 1; justify-content: center;\"> <div style=\" background-color: #F4F4F4; border-radius: 4px; flex-grow: 0; height: 14px; margin-bottom: 6px; width: 100px;\"><\/div> <div style=\" background-color: #F4F4F4; border-radius: 4px; flex-grow: 0; height: 14px; width: 60px;\"><\/div><\/div><\/div><div style=\"padding: 19% 0;\"><\/div> <div style=\"display:block; height:50px; margin:0 auto 12px; width:50px;\"><svg width=\"50px\" height=\"50px\" viewBox=\"0 0 60 60\" version=\"1.1\" xmlns=\"https:\/\/www.w3.org\/2000\/svg\" xmlns:xlink=\"https:\/\/www.w3.org\/1999\/xlink\"><g stroke=\"none\" stroke-width=\"1\" fill=\"none\" fill-rule=\"evenodd\"><g transform=\"translate(-511.000000, -20.000000)\" fill=\"#000000\"><g><path d=\"M556.869,30.41 C554.814,30.41 553.148,32.076 553.148,34.131 C553.148,36.186 554.814,37.852 556.869,37.852 C558.924,37.852 560.59,36.186 560.59,34.131 C560.59,32.076 558.924,30.41 556.869,30.41 M541,60.657 C535.114,60.657 530.342,55.887 530.342,50 C530.342,44.114 535.114,39.342 541,39.342 C546.887,39.342 551.658,44.114 551.658,50 C551.658,55.887 546.887,60.657 541,60.657 M541,33.886 C532.1,33.886 524.886,41.1 524.886,50 C524.886,58.899 532.1,66.113 541,66.113 C549.9,66.113 557.115,58.899 557.115,50 C557.115,41.1 549.9,33.886 541,33.886 M565.378,62.101 C565.244,65.022 564.756,66.606 564.346,67.663 C563.803,69.06 563.154,70.057 562.106,71.106 C561.058,72.155 560.06,72.803 558.662,73.347 C557.607,73.757 556.021,74.244 553.102,74.378 C549.944,74.521 548.997,74.552 541,74.552 C533.003,74.552 532.056,74.521 528.898,74.378 C525.979,74.244 524.393,73.757 523.338,73.347 C521.94,72.803 520.942,72.155 519.894,71.106 C518.846,70.057 518.197,69.06 517.654,67.663 C517.244,66.606 516.755,65.022 516.623,62.101 C516.479,58.943 516.448,57.996 516.448,50 C516.448,42.003 516.479,41.056 516.623,37.899 C516.755,34.978 517.244,33.391 517.654,32.338 C518.197,30.938 518.846,29.942 519.894,28.894 C520.942,27.846 521.94,27.196 523.338,26.654 C524.393,26.244 525.979,25.756 528.898,25.623 C532.057,25.479 533.004,25.448 541,25.448 C548.997,25.448 549.943,25.479 553.102,25.623 C556.021,25.756 557.607,26.244 558.662,26.654 C560.06,27.196 561.058,27.846 562.106,28.894 C563.154,29.942 563.803,30.938 564.346,32.338 C564.756,33.391 565.244,34.978 565.378,37.899 C565.522,41.056 565.552,42.003 565.552,50 C565.552,57.996 565.522,58.943 565.378,62.101 M570.82,37.631 C570.674,34.438 570.167,32.258 569.425,30.349 C568.659,28.377 567.633,26.702 565.965,25.035 C564.297,23.368 562.623,22.342 560.652,21.575 C558.743,20.834 556.562,20.326 553.369,20.18 C550.169,20.033 549.148,20 541,20 C532.853,20 531.831,20.033 528.631,20.18 C525.438,20.326 523.257,20.834 521.349,21.575 C519.376,22.342 517.703,23.368 516.035,25.035 C514.368,26.702 513.342,28.377 512.574,30.349 C511.834,32.258 511.326,34.438 511.181,37.631 C511.035,40.831 511,41.851 511,50 C511,58.147 511.035,59.17 511.181,62.369 C511.326,65.562 511.834,67.743 512.574,69.651 C513.342,71.625 514.368,73.296 516.035,74.965 C517.703,76.634 519.376,77.658 521.349,78.425 C523.257,79.167 525.438,79.673 528.631,79.82 C531.831,79.965 532.853,80.001 541,80.001 C549.148,80.001 550.169,79.965 553.369,79.82 C556.562,79.673 558.743,79.167 560.652,78.425 C562.623,77.658 564.297,76.634 565.965,74.965 C567.633,73.296 568.659,71.625 569.425,69.651 C570.167,67.743 570.674,65.562 570.82,62.369 C570.966,59.17 571,58.147 571,50 C571,41.851 570.966,40.831 570.82,37.631\"><\/path><\/g><\/g><\/g><\/svg><\/div><div style=\"padding-top: 8px;\"> <div style=\" color:#3897f0; font-family:Arial,sans-serif; font-size:14px; font-style:normal; font-weight:550; line-height:18px;\">Ver esta publicaci\u00f3n en Instagram<\/div><\/div><div style=\"padding: 12.5% 0;\"><\/div> <div style=\"display: flex; flex-direction: row; margin-bottom: 14px; align-items: center;\"><div> <div style=\"background-color: #F4F4F4; border-radius: 50%; height: 12.5px; width: 12.5px; transform: translateX(0px) translateY(7px);\"><\/div> <div style=\"background-color: #F4F4F4; height: 12.5px; transform: rotate(-45deg) translateX(3px) translateY(1px); width: 12.5px; flex-grow: 0; margin-right: 14px; margin-left: 2px;\"><\/div> <div style=\"background-color: #F4F4F4; border-radius: 50%; height: 12.5px; width: 12.5px; transform: translateX(9px) translateY(-18px);\"><\/div><\/div><div style=\"margin-left: 8px;\"> <div style=\" background-color: #F4F4F4; border-radius: 50%; flex-grow: 0; height: 20px; width: 20px;\"><\/div> <div style=\" width: 0; height: 0; border-top: 2px solid transparent; border-left: 6px solid #f4f4f4; border-bottom: 2px solid transparent; transform: translateX(16px) translateY(-4px) rotate(30deg)\"><\/div><\/div><div style=\"margin-left: auto;\"> <div style=\" width: 0px; border-top: 8px solid #F4F4F4; border-right: 8px solid transparent; transform: translateY(16px);\"><\/div> <div style=\" background-color: #F4F4F4; flex-grow: 0; height: 12px; width: 16px; transform: translateY(-4px);\"><\/div> <div style=\" width: 0; height: 0; border-top: 8px solid #F4F4F4; border-left: 8px solid transparent; transform: translateY(-4px) translateX(8px);\"><\/div><\/div><\/div> <div style=\"display: flex; flex-direction: column; flex-grow: 1; justify-content: center; margin-bottom: 24px;\"> <div style=\" background-color: #F4F4F4; border-radius: 4px; flex-grow: 0; height: 14px; margin-bottom: 6px; width: 224px;\"><\/div> <div style=\" background-color: #F4F4F4; border-radius: 4px; flex-grow: 0; height: 14px; width: 144px;\"><\/div><\/div><\/a><p style=\" color:#c9c8cd; font-family:Arial,sans-serif; font-size:14px; line-height:17px; margin-bottom:0; margin-top:8px; overflow:hidden; padding:8px 0 7px; text-align:center; text-overflow:ellipsis; white-space:nowrap;\"><a href=\"https:\/\/www.instagram.com\/reel\/DOPTBjRCRX3\/?utm_source=ig_embed&amp;utm_campaign=loading\" style=\" color:#c9c8cd; font-family:Arial,sans-serif; font-size:14px; font-style:normal; font-weight:normal; line-height:17px; text-decoration:none;\" target=\"_blank\">Una publicaci\u00f3n compartida de Ciencuadras | Bienes Ra\u00edces (@ciencuadras)<\/a><\/p><\/div><\/blockquote>\r\n<script async src=\"\/\/www.instagram.com\/embed.js\"><\/script>\t\t<\/div>\n\t\t\t\t<\/div>\n\t\t\t\t<div class=\"elementor-element elementor-element-6dc021e elementor-widget elementor-widget-heading\" data-id=\"6dc021e\" data-element_type=\"widget\" data-widget_type=\"heading.default\">\n\t\t\t\t<div class=\"elementor-widget-container\">\n\t\t\t<h2 class=\"elementor-heading-title elementor-size-default\">Datos que debes conocer<\/h2>\t\t<\/div>\n\t\t\t\t<\/div>\n\t\t\t\t<div class=\"elementor-element elementor-element-daab279 elementor-widget elementor-widget-n-accordion\" data-id=\"daab279\" data-element_type=\"widget\" data-settings=\"{&quot;default_state&quot;:&quot;expanded&quot;,&quot;max_items_expended&quot;:&quot;one&quot;,&quot;n_accordion_animation_duration&quot;:{&quot;unit&quot;:&quot;ms&quot;,&quot;size&quot;:400,&quot;sizes&quot;:[]}}\" data-widget_type=\"nested-accordion.default\">\n\t\t\t\t<div class=\"elementor-widget-container\">\n\t\t\t\t\t<div class=\"e-n-accordion\" aria-label=\"Accordion. Open links with Enter or Space, close with Escape, and navigate with Arrow Keys\">\n\t\t\t\t\t\t<details id=\"e-n-accordion-item-2290\" class=\"e-n-accordion-item\" open>\n\t\t\t\t<summary class=\"e-n-accordion-item-title\" data-accordion-index=\"1\" tabindex=\"0\" aria-expanded=\"true\" aria-controls=\"e-n-accordion-item-2290\" >\n\t\t\t\t\t<span class='e-n-accordion-item-title-header'><div class=\"e-n-accordion-item-title-text\"> Historia de Prado Veraniego <\/div><\/span>\n\t\t\t\t\t\t\t<span class='e-n-accordion-item-title-icon'>\n\t\t\t<span class='e-opened' ><svg aria-hidden=\"true\" class=\"e-font-icon-svg e-fas-minus\" viewBox=\"0 0 448 512\" xmlns=\"http:\/\/www.w3.org\/2000\/svg\"><path d=\"M416 208H32c-17.67 0-32 14.33-32 32v32c0 17.67 14.33 32 32 32h384c17.67 0 32-14.33 32-32v-32c0-17.67-14.33-32-32-32z\"><\/path><\/svg><\/span>\n\t\t\t<span class='e-closed'><svg aria-hidden=\"true\" class=\"e-font-icon-svg e-fas-plus\" viewBox=\"0 0 448 512\" xmlns=\"http:\/\/www.w3.org\/2000\/svg\"><path d=\"M416 208H272V64c0-17.67-14.33-32-32-32h-32c-17.67 0-32 14.33-32 32v144H32c-17.67 0-32 14.33-32 32v32c0 17.67 14.33 32 32 32h144v144c0 17.67 14.33 32 32 32h32c17.67 0 32-14.33 32-32V304h144c17.67 0 32-14.33 32-32v-32c0-17.67-14.33-32-32-32z\"><\/path><\/svg><\/span>\n\t\t<\/span>\n\n\t\t\t\t\t\t<\/summary>\n\t\t\t\t<div role=\"region\" aria-labelledby=\"e-n-accordion-item-2290\" class=\"elementor-element elementor-element-a2682f1 e-flex e-con-boxed e-con e-child\" data-id=\"a2682f1\" data-element_type=\"container\">\n\t\t\t\t\t<div class=\"e-con-inner\">\n\t\t<div role=\"region\" aria-labelledby=\"e-n-accordion-item-2290\" class=\"elementor-element elementor-element-c285b6a e-con-full e-flex e-con e-child\" data-id=\"c285b6a\" data-element_type=\"container\">\n\t\t\t\t<div class=\"elementor-element elementor-element-fa96d0d elementor-widget elementor-widget-text-editor\" data-id=\"fa96d0d\" data-element_type=\"widget\" data-widget_type=\"text-editor.default\">\n\t\t\t\t<div class=\"elementor-widget-container\">\n\t\t\t\t\t\t\t<p>En la zona norte de Bogot\u00e1, sobre los terrenos que alguna vez fueron de la hacienda La Veraniega, emerge Prado Veraniego, un barrio que inici\u00f3 su urbanizaci\u00f3n en los a\u00f1os 60, consiguiendo la legalizaci\u00f3n m\u00e1s exactamente en 1964.<\/p><p>Poblado inicialmente por familias de origen boyacense, Prado Veraniego se ha desarrollado progresivamente, pasando de tener viviendas r\u00fasticas y falencias a nivel de v\u00edas y servicios p\u00fablicos, a ser un sector moderno, con un nutrido comercio, casas y edificios residenciales.<\/p><p>Comercio, industria y un ambiente residencial conviven dentro de un mismo sector, Prado Veraniego.<\/p>\t\t\t\t\t\t<\/div>\n\t\t\t\t<\/div>\n\t\t\t\t<\/div>\n\t\t\t\t\t<\/div>\n\t\t\t\t<\/div>\n\t\t\t\t\t<\/details>\n\t\t\t\t\t\t<details id=\"e-n-accordion-item-2291\" class=\"e-n-accordion-item\" >\n\t\t\t\t<summary class=\"e-n-accordion-item-title\" data-accordion-index=\"2\" tabindex=\"-1\" aria-expanded=\"false\" aria-controls=\"e-n-accordion-item-2291\" >\n\t\t\t\t\t<span class='e-n-accordion-item-title-header'><div class=\"e-n-accordion-item-title-text\"> Transporte <\/div><\/span>\n\t\t\t\t\t\t\t<span class='e-n-accordion-item-title-icon'>\n\t\t\t<span class='e-opened' ><svg aria-hidden=\"true\" class=\"e-font-icon-svg e-fas-minus\" viewBox=\"0 0 448 512\" xmlns=\"http:\/\/www.w3.org\/2000\/svg\"><path d=\"M416 208H32c-17.67 0-32 14.33-32 32v32c0 17.67 14.33 32 32 32h384c17.67 0 32-14.33 32-32v-32c0-17.67-14.33-32-32-32z\"><\/path><\/svg><\/span>\n\t\t\t<span class='e-closed'><svg aria-hidden=\"true\" class=\"e-font-icon-svg e-fas-plus\" viewBox=\"0 0 448 512\" xmlns=\"http:\/\/www.w3.org\/2000\/svg\"><path d=\"M416 208H272V64c0-17.67-14.33-32-32-32h-32c-17.67 0-32 14.33-32 32v144H32c-17.67 0-32 14.33-32 32v32c0 17.67 14.33 32 32 32h144v144c0 17.67 14.33 32 32 32h32c17.67 0 32-14.33 32-32V304h144c17.67 0 32-14.33 32-32v-32c0-17.67-14.33-32-32-32z\"><\/path><\/svg><\/span>\n\t\t<\/span>\n\n\t\t\t\t\t\t<\/summary>\n\t\t\t\t<div role=\"region\" aria-labelledby=\"e-n-accordion-item-2291\" class=\"elementor-element elementor-element-12a7f75 e-con-full e-flex e-con e-child\" data-id=\"12a7f75\" data-element_type=\"container\">\n\t\t<div role=\"region\" aria-labelledby=\"e-n-accordion-item-2291\" class=\"elementor-element elementor-element-d90da08 e-flex e-con-boxed e-con e-child\" data-id=\"d90da08\" data-element_type=\"container\">\n\t\t\t\t\t<div class=\"e-con-inner\">\n\t\t\t\t<div class=\"elementor-element elementor-element-973bb8b elementor-widget elementor-widget-text-editor\" data-id=\"973bb8b\" data-element_type=\"widget\" data-widget_type=\"text-editor.default\">\n\t\t\t\t<div class=\"elementor-widget-container\">\n\t\t\t\t\t\t\t<p><b>Prado Veraniego<\/b>\u00a0cuenta con una amplia red de v\u00edas que se conectan con los principales puntos de la ciudad facilitando el transporte de sus habitantes hacia cualquier rinc\u00f3n geogr\u00e1fico de la capital. El sistema Transmilenio, que recorre a diario la Autopista Norte, es la principal opci\u00f3n para las personas que residen en el barrio.<\/p><p>En su interior,\u00a0<b>Prado Veraniego<\/b>\u00a0cuenta con 28 paraderos del SITP y una amplia variedad de rutas que se movilizan principalmente por las calles 129 y 134.<\/p>\t\t\t\t\t\t<\/div>\n\t\t\t\t<\/div>\n\t\t\t\t\t<\/div>\n\t\t\t\t<\/div>\n\t\t\t\t<\/div>\n\t\t\t\t\t<\/details>\n\t\t\t\t\t\t<details id=\"e-n-accordion-item-2292\" class=\"e-n-accordion-item\" >\n\t\t\t\t<summary class=\"e-n-accordion-item-title\" data-accordion-index=\"3\" tabindex=\"-1\" aria-expanded=\"false\" aria-controls=\"e-n-accordion-item-2292\" >\n\t\t\t\t\t<span class='e-n-accordion-item-title-header'><div class=\"e-n-accordion-item-title-text\"> En Prado Veraniego, Ciencuadras cuadra todo <\/div><\/span>\n\t\t\t\t\t\t\t<span class='e-n-accordion-item-title-icon'>\n\t\t\t<span class='e-opened' ><svg aria-hidden=\"true\" class=\"e-font-icon-svg e-fas-minus\" viewBox=\"0 0 448 512\" xmlns=\"http:\/\/www.w3.org\/2000\/svg\"><path d=\"M416 208H32c-17.67 0-32 14.33-32 32v32c0 17.67 14.33 32 32 32h384c17.67 0 32-14.33 32-32v-32c0-17.67-14.33-32-32-32z\"><\/path><\/svg><\/span>\n\t\t\t<span class='e-closed'><svg aria-hidden=\"true\" class=\"e-font-icon-svg e-fas-plus\" viewBox=\"0 0 448 512\" xmlns=\"http:\/\/www.w3.org\/2000\/svg\"><path d=\"M416 208H272V64c0-17.67-14.33-32-32-32h-32c-17.67 0-32 14.33-32 32v144H32c-17.67 0-32 14.33-32 32v32c0 17.67 14.33 32 32 32h144v144c0 17.67 14.33 32 32 32h32c17.67 0 32-14.33 32-32V304h144c17.67 0 32-14.33 32-32v-32c0-17.67-14.33-32-32-32z\"><\/path><\/svg><\/span>\n\t\t<\/span>\n\n\t\t\t\t\t\t<\/summary>\n\t\t\t\t<div role=\"region\" aria-labelledby=\"e-n-accordion-item-2292\" class=\"elementor-element elementor-element-9cac1fa e-con-full e-flex e-con e-child\" data-id=\"9cac1fa\" data-element_type=\"container\">\n\t\t<div role=\"region\" aria-labelledby=\"e-n-accordion-item-2292\" class=\"elementor-element elementor-element-8631b71 e-flex e-con-boxed e-con e-child\" data-id=\"8631b71\" data-element_type=\"container\">\n\t\t\t\t\t<div class=\"e-con-inner\">\n\t\t\t\t<div class=\"elementor-element elementor-element-06a2523 elementor-widget elementor-widget-text-editor\" data-id=\"06a2523\" data-element_type=\"widget\" data-widget_type=\"text-editor.default\">\n\t\t\t\t<div class=\"elementor-widget-container\">\n\t\t\t\t\t\t\t<p>Despu\u00e9s de conocer todos los atractivos, ventajas y beneficios que ofrece\u00a0<b>Prado Veraniego<\/b>, \u00bfest\u00e1s pensando en\u00a0<b>comprar o arrendar un inmueble<\/b>\u00a0en este sector? En Ciencuadras tenemos la mejor y m\u00e1s amplia oferta para que encuentres ese espacio que tanto sue\u00f1as.<strong><a href=\"https:\/\/www.ciencuadras.com\/venta\/bogota\/suba\/prado-veraniego\" target=\"_blank\" rel=\"noopener\">\u00a0\u00bfQu\u00e9 esperas? \u00a1Con\u00f3celo aqu\u00ed!<\/a><\/strong><\/p>\t\t\t\t\t\t<\/div>\n\t\t\t\t<\/div>\n\t\t\t\t\t<\/div>\n\t\t\t\t<\/div>\n\t\t\t\t<\/div>\n\t\t\t\t\t<\/details>\n\t\t\t\t\t<\/div>\n\t\t\t\t<\/div>\n\t\t\t\t<\/div>\n\t\t\t\t<\/div>\n\t\t\t\t<div class=\"elementor-element elementor-element-7ef017f elementor-button-align-stretch elementor-widget elementor-widget-form\" data-id=\"7ef017f\" data-element_type=\"widget\" data-settings=\"{&quot;step_next_label&quot;:&quot;Next&quot;,&quot;step_previous_label&quot;:&quot;Previous&quot;,&quot;button_width&quot;:&quot;100&quot;,&quot;step_type&quot;:&quot;number_text&quot;,&quot;step_icon_shape&quot;:&quot;circle&quot;}\" data-widget_type=\"form.default\">\n\t\t\t\t<div class=\"elementor-widget-container\">\n\t\t\t\t\t<form class=\"elementor-form\" method=\"post\" name=\"New Form\">\n\t\t\t<input type=\"hidden\" name=\"post_id\" value=\"127648\"\/>\n\t\t\t<input type=\"hidden\" name=\"form_id\" value=\"7ef017f\"\/>\n\t\t\t<input type=\"hidden\" name=\"referer_title\" value=\"Gu\u00eda de barrio Prado Veraniego - Barrios en Bogot\u00e1 | Ciencuadras\" \/>\n\n\t\t\t\t\t\t\t<input type=\"hidden\" name=\"queried_id\" value=\"127648\"\/>\n\t\t\t\n\t\t\t<div class=\"elementor-form-fields-wrapper elementor-labels-above\">\n\t\t\t\t\t\t\t\t<div class=\"elementor-field-type-text elementor-field-group elementor-column elementor-field-group-name elementor-col-100\">\n\t\t\t\t\t\t\t\t\t\t\t\t<label for=\"form-field-name\" class=\"elementor-field-label\">\n\t\t\t\t\t\t\t\tNombre\t\t\t\t\t\t\t<\/label>\n\t\t\t\t\t\t\t\t\t\t\t\t\t\t<input size=\"1\" type=\"text\" name=\"form_fields[name]\" id=\"form-field-name\" class=\"elementor-field elementor-size-sm  elementor-field-textual\" placeholder=\"Nombre\">\n\t\t\t\t\t\t\t\t\t\t\t<\/div>\n\t\t\t\t\t\t\t\t<div class=\"elementor-field-type-email elementor-field-group elementor-column elementor-field-group-email elementor-col-100 elementor-field-required\">\n\t\t\t\t\t\t\t\t\t\t\t\t<label for=\"form-field-email\" class=\"elementor-field-label\">\n\t\t\t\t\t\t\t\tCorreo\t\t\t\t\t\t\t<\/label>\n\t\t\t\t\t\t\t\t\t\t\t\t\t\t<input size=\"1\" type=\"email\" name=\"form_fields[email]\" id=\"form-field-email\" class=\"elementor-field elementor-size-sm  elementor-field-textual\" placeholder=\"Correo\" required=\"required\" aria-required=\"true\">\n\t\t\t\t\t\t\t\t\t\t\t<\/div>\n\t\t\t\t\t\t\t\t<div class=\"elementor-field-type-textarea elementor-field-group elementor-column elementor-field-group-message elementor-col-100\">\n\t\t\t\t\t\t\t\t\t\t\t\t<label for=\"form-field-message\" class=\"elementor-field-label\">\n\t\t\t\t\t\t\t\tComentario\t\t\t\t\t\t\t<\/label>\n\t\t\t\t\t\t<textarea class=\"elementor-field-textual elementor-field  elementor-size-sm\" name=\"form_fields[message]\" id=\"form-field-message\" rows=\"4\" placeholder=\"Escribe aqu\u00ed...\"><\/textarea>\t\t\t\t<\/div>\n\t\t\t\t\t\t\t\t<div class=\"elementor-field-group elementor-column elementor-field-type-submit elementor-col-100 e-form__buttons\">\n\t\t\t\t\t<button class=\"elementor-button elementor-size-sm\" type=\"submit\">\n\t\t\t\t\t\t<span class=\"elementor-button-content-wrapper\">\n\t\t\t\t\t\t\t\t\t\t\t\t\t\t\t\t\t\t\t\t\t\t<span class=\"elementor-button-text\">Enviar<\/span>\n\t\t\t\t\t\t\t\t\t\t\t\t\t<\/span>\n\t\t\t\t\t<\/button>\n\t\t\t\t<\/div>\n\t\t\t<\/div>\n\t\t<\/form>\n\t\t\t\t<\/div>\n\t\t\t\t<\/div>\n\t\t\t\t<div class=\"elementor-element elementor-element-6e75022 elementor-widget elementor-widget-html\" data-id=\"6e75022\" data-element_type=\"widget\" data-widget_type=\"html.default\">\n\t\t\t\t<div class=\"elementor-widget-container\">\n\t\t\t<table cellpadding='0' cellspacing='0' align='center' style='width: 100%'><tr style='text-align: center; font-family: Open Sans, sans-serif;'><td style='padding-bottom: 24px; color: #29292a; font-size: 18px; font-weight: 600'>\u00bfQu\u00e9 tan \u00fatil le pareci\u00f3 este contenido?<\/td><\/tr><tr style='text-align: center;'><td><table cellpadding='0' cellspacing='0' style='width: 100%; max-width: 400px; margin: auto'><tr><td><a style='text-decoration: none' href='https:\/\/survey.survicate.com\/2024c603f1ca0b80\/?pieza=126696_guia_de_barrio_villa_alsacia|Gu\u00edas|Gu\u00eda de barrios en Bogot\u00e1 D.C.&aid=2533768' target='_blank' rel='nofollow'> <img style='width: 32px; height: 32px' src='https:\/\/image.experienciasbolivar.segurosbolivar.com\/lib\/fe3511747364047b751475\/m\/1\/a2945bbd-60a9-43cb-b225-78bf5e055db5.png' > <\/a><\/td><td><a style='text-decoration: none' href='https:\/\/survey.survicate.com\/2024c603f1ca0b80\/?pieza=126696_guia_de_barrio_villa_alsacia|Gu\u00edas|Gu\u00eda de barrios en Bogot\u00e1 D.C.&aid=2533769' target='_blank' rel='nofollow'> <img style='width: 32px; height: 32px' src='https:\/\/image.experienciasbolivar.segurosbolivar.com\/lib\/fe3511747364047b751475\/m\/1\/161006d2-a309-4148-a578-df40c5152496.png' > <\/a><\/td><td><a style='text-decoration: none' href='https:\/\/survey.survicate.com\/2024c603f1ca0b80\/?pieza=126696_guia_de_barrio_villa_alsacia|Gu\u00edas|Gu\u00eda de barrios en Bogot\u00e1 D.C.&aid=2533770' target='_blank' rel='nofollow'> <img style='width: 32px; height: 32px' src='https:\/\/image.experienciasbolivar.segurosbolivar.com\/lib\/fe3511747364047b751475\/m\/1\/ba2c4c82-1c2c-4bcb-b894-20f6776af736.png' > <\/a><\/td><td><a style='text-decoration: none' href='https:\/\/survey.survicate.com\/2024c603f1ca0b80\/?pieza=126696_guia_de_barrio_villa_alsacia|Gu\u00edas|Gu\u00eda de barrios en Bogot\u00e1 D.C.&aid=2533771' target='_blank' rel='nofollow'> <img style='width: 32px; height: 32px' src='https:\/\/image.experienciasbolivar.segurosbolivar.com\/lib\/fe3511747364047b751475\/m\/1\/52e25dc4-db06-43e1-ada3-a13cc6834b02.png' > <\/a><\/td><td><a style='text-decoration: none' href='https:\/\/survey.survicate.com\/2024c603f1ca0b80\/?pieza=126696_guia_de_barrio_villa_alsacia|Gu\u00edas|Gu\u00eda de barrios en Bogot\u00e1 D.C.&aid=2533772' target='_blank' rel='nofollow'> <img style='width: 32px; height: 32px' src='https:\/\/image.experienciasbolivar.segurosbolivar.com\/lib\/fe3511747364047b751475\/m\/1\/f125fd9c-b185-4d5b-8a2c-c67e5f69c93b.png' > <\/a><\/td><\/tr><\/table><\/td><\/tr><\/table>\t\t<\/div>\n\t\t\t\t<\/div>\n\t\t\t\t<\/div>\n\t\t\t\t<\/div>\n\t\t\t\t<\/div>\n\t\t<div class=\"elementor-element elementor-element-7af5a42 e-con-full e-flex e-con e-child\" data-id=\"7af5a42\" data-element_type=\"container\" data-settings=\"{&quot;motion_fx_motion_fx_scrolling&quot;:&quot;yes&quot;,&quot;motion_fx_translateY_effect&quot;:&quot;yes&quot;,&quot;motion_fx_translateY_speed&quot;:{&quot;unit&quot;:&quot;px&quot;,&quot;size&quot;:0,&quot;sizes&quot;:[]},&quot;sticky&quot;:&quot;top&quot;,&quot;motion_fx_translateY_affectedRange&quot;:{&quot;unit&quot;:&quot;%&quot;,&quot;size&quot;:&quot;&quot;,&quot;sizes&quot;:{&quot;start&quot;:0,&quot;end&quot;:100}},&quot;motion_fx_devices&quot;:[&quot;desktop&quot;,&quot;tablet&quot;,&quot;mobile&quot;],&quot;sticky_on&quot;:[&quot;desktop&quot;,&quot;tablet&quot;,&quot;mobile&quot;],&quot;sticky_offset&quot;:0,&quot;sticky_effects_offset&quot;:0,&quot;sticky_anchor_link_offset&quot;:0}\">\n\t\t\t\t<div class=\"elementor-element elementor-element-61ebf6e elementor-widget elementor-widget-heading\" data-id=\"61ebf6e\" data-element_type=\"widget\" data-widget_type=\"heading.default\">\n\t\t\t\t<div class=\"elementor-widget-container\">\n\t\t\t<h2 class=\"elementor-heading-title elementor-size-default\">Prado Veraniego en el mapa<\/h2>\t\t<\/div>\n\t\t\t\t<\/div>\n\t\t\t\t<div class=\"elementor-element elementor-element-fd65fdc elementor-widget elementor-widget-html\" data-id=\"fd65fdc\" data-element_type=\"widget\" data-widget_type=\"html.default\">\n\t\t\t\t<div class=\"elementor-widget-container\">\n\t\t\t<iframe src=\"https:\/\/www.google.com\/maps\/embed?pb=!1m18!1m12!1m3!1d3976.3027831472677!2d-74.05651377605238!3d4.717374991514941!2m3!1f0!2f0!3f0!3m2!1i1024!2i768!4f13.1!3m3!1m2!1s0x8e3f8538734c56b5%3A0xe9f6e1a9e2fee771!2sPrado%20Veraniego%2C%20Suba%2C%20Bogot%C3%A1!5e0!3m2!1ses!2sco!4v1762977294648!5m2!1ses!2sco\" width=\"600\" height=\"250\" style=\"border:0;\" allowfullscreen=\"\" loading=\"lazy\" referrerpolicy=\"no-referrer-when-downgrade\"><\/iframe>\t\t<\/div>\n\t\t\t\t<\/div>\n\t\t\t\t<div class=\"elementor-element elementor-element-30ee955 elementor-widget elementor-widget-heading\" data-id=\"30ee955\" data-element_type=\"widget\" data-widget_type=\"heading.default\">\n\t\t\t\t<div class=\"elementor-widget-container\">\n\t\t\t<h2 class=\"elementor-heading-title elementor-size-default\">Inmuebles en Prado Veraniego<\/h2>\t\t<\/div>\n\t\t\t\t<\/div>\n\t\t\t\t<div class=\"elementor-element elementor-element-4e1ff90 elementor-widget__width-inherit elementor-align-justify newProjects elementor-widget elementor-widget-button\" data-id=\"4e1ff90\" data-element_type=\"widget\" data-widget_type=\"button.default\">\n\t\t\t\t<div class=\"elementor-widget-container\">\n\t\t\t\t\t\t\t<div class=\"elementor-button-wrapper\">\n\t\t\t\t\t<a class=\"elementor-button elementor-button-link elementor-size-sm\" href=\"https:\/\/www.ciencuadras.com\/proyectos-vivienda-nueva\/bogota\/suba\/?utm_source=Autopauta&#038;utm_medium=Blog_enlace&#038;utm_campaign=BG_127648_guia_de_barrio\" target=\"_blank\" id=\"newProjects\">\n\t\t\t\t\t\t<span class=\"elementor-button-content-wrapper\">\n\t\t\t\t\t\t\t\t\t<span class=\"elementor-button-text\">Proyectos nuevos<\/span>\n\t\t\t\t\t<\/span>\n\t\t\t\t\t<\/a>\n\t\t\t\t<\/div>\n\t\t\t\t\t\t<\/div>\n\t\t\t\t<\/div>\n\t\t\t\t<div class=\"elementor-element elementor-element-4239867 elementor-align-justify rentalProperties elementor-widget elementor-widget-button\" data-id=\"4239867\" data-element_type=\"widget\" data-widget_type=\"button.default\">\n\t\t\t\t<div class=\"elementor-widget-container\">\n\t\t\t\t\t\t\t<div class=\"elementor-button-wrapper\">\n\t\t\t\t\t<a class=\"elementor-button elementor-button-link elementor-size-sm\" href=\"https:\/\/www.ciencuadras.com\/arriendo\/bogota\/suba\/prado-veraniego\/?utm_source=Autopauta&#038;utm_medium=Blog_enlace&#038;utm_campaign=BG_127648_guia_de_barrio\" target=\"_blank\" id=\"rentalProperties\">\n\t\t\t\t\t\t<span class=\"elementor-button-content-wrapper\">\n\t\t\t\t\t\t\t\t\t<span class=\"elementor-button-text\">Propiedades en arriendo<\/span>\n\t\t\t\t\t<\/span>\n\t\t\t\t\t<\/a>\n\t\t\t\t<\/div>\n\t\t\t\t\t\t<\/div>\n\t\t\t\t<\/div>\n\t\t\t\t<div class=\"elementor-element elementor-element-7f9374e elementor-align-justify saleProperties elementor-widget elementor-widget-button\" data-id=\"7f9374e\" data-element_type=\"widget\" data-widget_type=\"button.default\">\n\t\t\t\t<div class=\"elementor-widget-container\">\n\t\t\t\t\t\t\t<div class=\"elementor-button-wrapper\">\n\t\t\t\t\t<a class=\"elementor-button elementor-button-link elementor-size-sm\" href=\"https:\/\/www.ciencuadras.com\/venta\/bogota\/suba\/prado-veraniego\/?utm_source=Autopauta&#038;utm_medium=Blog_enlace&#038;utm_campaign=BG_127648_guia_de_barrio\" target=\"_blank\" id=\"saleProperties\">\n\t\t\t\t\t\t<span class=\"elementor-button-content-wrapper\">\n\t\t\t\t\t\t\t\t\t<span class=\"elementor-button-text\">Propiedades en venta<\/span>\n\t\t\t\t\t<\/span>\n\t\t\t\t\t<\/a>\n\t\t\t\t<\/div>\n\t\t\t\t\t\t<\/div>\n\t\t\t\t<\/div>\n\t\t\t\t<\/div>\n\t\t\t\t\t<\/div>\n\t\t\t\t<\/div>\n\t\t\t\t<\/div>\n\t\t\n","protected":false},"excerpt":{"rendered":"<p>Prado Veraniego en cifras $506.389.476 Precio promedio venta $5.334.914 Precio promedio m2 2 Estrato Prado Veraniego\u00a0es un barrio en el que confluyen la industria, el &hellip;<\/p>\n","protected":false},"author":9,"featured_media":0,"parent":0,"menu_order":0,"comment_status":"closed","ping_status":"closed","template":"","meta":{"footnotes":""},"acf":[],"yoast_head":"<!-- This site is optimized with the Yoast SEO plugin v15.9 - https:\/\/yoast.com\/wordpress\/plugins\/seo\/ -->\n<title>Gu\u00eda de barrio Prado Veraniego - Barrios en Bogot\u00e1 | Ciencuadras<\/title>\n<meta name=\"description\" content=\"Conoce todo sobre el Barrio Prado Veraniego su historia e informaci\u00f3n del sector inmobiliario, encuentra apartamentos, casas y proyectos de vivienda en Prado Veraniego\" \/>\n<meta name=\"robots\" content=\"index, follow, max-snippet:-1, max-image-preview:large, max-video-preview:-1\" \/>\n<link rel=\"canonical\" href=\"https:\/\/www.ciencuadras.com\/blog\/guia-de-barrio-prado-veraniego-bogota\" \/>\n<meta property=\"og:locale\" content=\"es_ES\" \/>\n<meta property=\"og:type\" content=\"article\" \/>\n<meta property=\"og:title\" content=\"Gu\u00eda de barrio Prado Veraniego - Barrios en Bogot\u00e1 | Ciencuadras\" \/>\n<meta property=\"og:description\" content=\"Conoce todo sobre el Barrio Prado Veraniego su historia e informaci\u00f3n del sector inmobiliario, encuentra apartamentos, casas y proyectos de vivienda en Prado Veraniego\" \/>\n<meta property=\"og:url\" content=\"https:\/\/www.ciencuadras.com\/blog\/guia-de-barrio-prado-veraniego-bogota\" \/>\n<meta property=\"article:publisher\" content=\"https:\/\/www.facebook.com\/ciencuadras\/\" \/>\n<meta property=\"article:modified_time\" content=\"2026-02-04T14:24:29+00:00\" \/>\n<meta property=\"og:image\" content=\"https:\/\/www.ciencuadras.com\/blog\/wp-content\/uploads\/2021\/06\/760x501_Prado-Veraniego.jpg\" \/>\n<meta name=\"twitter:card\" content=\"summary_large_image\" \/>\n<meta name=\"twitter:site\" content=\"@ciencuadras\" \/>\n<meta name=\"twitter:label1\" content=\"Est. reading time\">\n\t<meta name=\"twitter:data1\" content=\"9 minutos\">\n<script type=\"application\/ld+json\" class=\"yoast-schema-graph\">{\"@context\":\"https:\/\/schema.org\",\"@graph\":[{\"@type\":\"Organization\",\"@id\":\"https:\/\/www.ciencuadras.com\/blog\/#organization\",\"name\":\"Ciencuadras.com\",\"url\":\"https:\/\/www.ciencuadras.com\/blog\/\",\"sameAs\":[\"https:\/\/www.facebook.com\/ciencuadras\/\",\"https:\/\/www.instagram.com\/ciencuadras\/\",\"https:\/\/co.linkedin.com\/company\/ciencuadras\",\"https:\/\/www.youtube.com\/channel\/UC_f830HP5dUy6OjBIbjtlAw\",\"https:\/\/twitter.com\/ciencuadras\"],\"logo\":{\"@type\":\"ImageObject\",\"@id\":\"https:\/\/www.ciencuadras.com\/blog\/#logo\",\"inLanguage\":\"es-CO\",\"url\":\"\",\"caption\":\"Ciencuadras.com\"},\"image\":{\"@id\":\"https:\/\/www.ciencuadras.com\/blog\/#logo\"}},{\"@type\":\"WebSite\",\"@id\":\"https:\/\/www.ciencuadras.com\/blog\/#website\",\"url\":\"https:\/\/www.ciencuadras.com\/blog\/\",\"name\":\"\",\"description\":\"\",\"publisher\":{\"@id\":\"https:\/\/www.ciencuadras.com\/blog\/#organization\"},\"potentialAction\":[{\"@type\":\"SearchAction\",\"target\":\"https:\/\/www.ciencuadras.com\/blog\/?s={search_term_string}\",\"query-input\":\"required name=search_term_string\"}],\"inLanguage\":\"es-CO\"},{\"@type\":\"ImageObject\",\"@id\":\"https:\/\/www.ciencuadras.com\/blog\/guia-de-barrio-prado-veraniego-bogota#primaryimage\",\"inLanguage\":\"es-CO\",\"url\":\"https:\/\/www.ciencuadras.com\/blog\/wp-content\/uploads\/2021\/06\/760x501_Prado-Veraniego.jpg\",\"width\":760,\"height\":501},{\"@type\":\"WebPage\",\"@id\":\"https:\/\/www.ciencuadras.com\/blog\/guia-de-barrio-prado-veraniego-bogota#webpage\",\"url\":\"https:\/\/www.ciencuadras.com\/blog\/guia-de-barrio-prado-veraniego-bogota\",\"name\":\"Gu\\u00eda de barrio Prado Veraniego - Barrios en Bogot\\u00e1 | Ciencuadras\",\"isPartOf\":{\"@id\":\"https:\/\/www.ciencuadras.com\/blog\/#website\"},\"primaryImageOfPage\":{\"@id\":\"https:\/\/www.ciencuadras.com\/blog\/guia-de-barrio-prado-veraniego-bogota#primaryimage\"},\"datePublished\":\"2025-12-22T15:45:37+00:00\",\"dateModified\":\"2026-02-04T14:24:29+00:00\",\"description\":\"Conoce todo sobre el Barrio Prado Veraniego su historia e informaci\\u00f3n del sector inmobiliario, encuentra apartamentos, casas y proyectos de vivienda en Prado Veraniego\",\"breadcrumb\":{\"@id\":\"https:\/\/www.ciencuadras.com\/blog\/guia-de-barrio-prado-veraniego-bogota#breadcrumb\"},\"inLanguage\":\"es-CO\",\"potentialAction\":[{\"@type\":\"ReadAction\",\"target\":[\"https:\/\/www.ciencuadras.com\/blog\/guia-de-barrio-prado-veraniego-bogota\"]}]},{\"@type\":\"BreadcrumbList\",\"@id\":\"https:\/\/www.ciencuadras.com\/blog\/guia-de-barrio-prado-veraniego-bogota#breadcrumb\",\"itemListElement\":[{\"@type\":\"ListItem\",\"position\":1,\"item\":{\"@type\":\"WebPage\",\"@id\":\"https:\/\/www.ciencuadras.com\/blog\",\"url\":\"https:\/\/www.ciencuadras.com\/blog\",\"name\":\"Blog\"}},{\"@type\":\"ListItem\",\"position\":2,\"item\":{\"@type\":\"WebPage\",\"@id\":\"https:\/\/www.ciencuadras.com\/blog\/guia-de-barrio-prado-veraniego-bogota\",\"url\":\"https:\/\/www.ciencuadras.com\/blog\/guia-de-barrio-prado-veraniego-bogota\",\"name\":\"Prado Veraniego: un rinc\\u00f3n residencial con esencia y proyecci\\u00f3n\"}}]}]}<\/script>\n<!-- \/ Yoast SEO plugin. -->","_links":{"self":[{"href":"https:\/\/www.ciencuadras.com\/blog\/wp-json\/wp\/v2\/pages\/127648"}],"collection":[{"href":"https:\/\/www.ciencuadras.com\/blog\/wp-json\/wp\/v2\/pages"}],"about":[{"href":"https:\/\/www.ciencuadras.com\/blog\/wp-json\/wp\/v2\/types\/page"}],"author":[{"embeddable":true,"href":"https:\/\/www.ciencuadras.com\/blog\/wp-json\/wp\/v2\/users\/9"}],"replies":[{"embeddable":true,"href":"https:\/\/www.ciencuadras.com\/blog\/wp-json\/wp\/v2\/comments?post=127648"}],"version-history":[{"count":37,"href":"https:\/\/www.ciencuadras.com\/blog\/wp-json\/wp\/v2\/pages\/127648\/revisions"}],"predecessor-version":[{"id":129148,"href":"https:\/\/www.ciencuadras.com\/blog\/wp-json\/wp\/v2\/pages\/127648\/revisions\/129148"}],"wp:attachment":[{"href":"https:\/\/www.ciencuadras.com\/blog\/wp-json\/wp\/v2\/media?parent=127648"}],"curies":[{"name":"wp","href":"https:\/\/api.w.org\/{rel}","templated":true}]}}