{"id":128305,"date":"2026-02-03T14:37:19","date_gmt":"2026-02-03T19:37:19","guid":{"rendered":"https:\/\/www.ciencuadras.com\/blog\/?page_id=128305"},"modified":"2026-02-10T10:47:08","modified_gmt":"2026-02-10T15:47:08","slug":"guia-de-ciudades-pereira","status":"publish","type":"page","link":"https:\/\/www.ciencuadras.com\/blog\/guia-de-ciudades-pereira","title":{"rendered":"Pereira, una tierra con aroma a caf\u00e9"},"content":{"rendered":"\t\t<div data-elementor-type=\"wp-page\" data-elementor-id=\"128305\" class=\"elementor elementor-128305\" data-elementor-post-type=\"page\">\n\t\t\t\t\n<div class=\"elementor-element elementor-element-9f37714 e-con-full e-flex e-con e-parent\" data-id=\"9f37714\" data-element_type=\"container\">\n\t\t\t\t<div class=\"elementor-element elementor-element-59037e4 elementor-widget elementor-widget-image\" data-id=\"59037e4\" data-element_type=\"widget\" data-widget_type=\"image.default\">\n\t\t\t\t<div class=\"elementor-widget-container\">\n\t\t\t\t\t\t\t\t\t\t\t\t\t<img fetchpriority=\"high\" decoding=\"async\" width=\"760\" height=\"501\" src=\"https:\/\/www.ciencuadras.com\/blog\/wp-content\/uploads\/2021\/06\/760x501_pereira-1.jpg\" class=\"attachment-large size-large wp-image-89250\" alt=\"\" srcset=\"https:\/\/www.ciencuadras.com\/blog\/wp-content\/uploads\/2021\/06\/760x501_pereira-1.jpg 760w, https:\/\/www.ciencuadras.com\/blog\/wp-content\/uploads\/2021\/06\/760x501_pereira-1-600x396.jpg 600w, https:\/\/www.ciencuadras.com\/blog\/wp-content\/uploads\/2021\/06\/760x501_pereira-1-300x198.jpg 300w\" sizes=\"(max-width: 760px) 100vw, 760px\" \/>\t\t\t\t\t\t\t\t\t\t\t\t\t<\/div>\n\t\t\t\t<\/div>\n\t\t\t\t<\/div>\n\t\t<div class=\"elementor-element elementor-element-41c02dd e-flex e-con-boxed e-con e-parent\" data-id=\"41c02dd\" data-element_type=\"container\">\n\t\t\t\t\t<div class=\"e-con-inner\">\n\t\t<div class=\"elementor-element elementor-element-c0529ee e-con-full e-flex e-con e-child\" data-id=\"c0529ee\" data-element_type=\"container\">\n\t\t<div class=\"elementor-element elementor-element-86653e0 e-con-full e-flex e-con e-child\" data-id=\"86653e0\" data-element_type=\"container\">\n\t\t\t\t<div class=\"elementor-element elementor-element-aa8d3dd elementor-widget elementor-widget-heading\" data-id=\"aa8d3dd\" data-element_type=\"widget\" data-widget_type=\"heading.default\">\n\t\t\t\t<div class=\"elementor-widget-container\">\n\t\t\t<h2 class=\"elementor-heading-title elementor-size-default\">Pereira en cifras<\/h2>\t\t<\/div>\n\t\t\t\t<\/div>\n\t\t<div class=\"elementor-element elementor-element-bb9777f e-grid e-con-full e-con e-child\" data-id=\"bb9777f\" data-element_type=\"container\">\n\t\t<div class=\"elementor-element elementor-element-3dd0bce e-grid e-con-full e-con e-child\" data-id=\"3dd0bce\" data-element_type=\"container\">\n\t\t\t\t<div class=\"elementor-element elementor-element-dc6d30b elementor-widget__width-inherit elementor-widget elementor-widget-heading\" data-id=\"dc6d30b\" data-element_type=\"widget\" data-widget_type=\"heading.default\">\n\t\t\t\t<div class=\"elementor-widget-container\">\n\t\t\t<h2 class=\"elementor-heading-title elementor-size-default\">$385.174.851<\/h2>\t\t<\/div>\n\t\t\t\t<\/div>\n\t\t\t\t<div class=\"elementor-element elementor-element-07d319c elementor-widget elementor-widget-text-editor\" data-id=\"07d319c\" data-element_type=\"widget\" data-widget_type=\"text-editor.default\">\n\t\t\t\t<div class=\"elementor-widget-container\">\n\t\t\t\t\t\t\t<p>Precio promedio venta<\/p>\t\t\t\t\t\t<\/div>\n\t\t\t\t<\/div>\n\t\t\t\t<\/div>\n\t\t<div class=\"elementor-element elementor-element-254953f e-grid e-con-full e-con e-child\" data-id=\"254953f\" data-element_type=\"container\">\n\t\t\t\t<div class=\"elementor-element elementor-element-196dde7 elementor-widget__width-inherit elementor-widget elementor-widget-heading\" data-id=\"196dde7\" data-element_type=\"widget\" data-widget_type=\"heading.default\">\n\t\t\t\t<div class=\"elementor-widget-container\">\n\t\t\t<h2 class=\"elementor-heading-title elementor-size-default\">$5.532.982<\/h2>\t\t<\/div>\n\t\t\t\t<\/div>\n\t\t\t\t<div class=\"elementor-element elementor-element-faa99d8 elementor-widget elementor-widget-text-editor\" data-id=\"faa99d8\" data-element_type=\"widget\" data-widget_type=\"text-editor.default\">\n\t\t\t\t<div class=\"elementor-widget-container\">\n\t\t\t\t\t\t\t<p>Precio promedio m2<\/p>\t\t\t\t\t\t<\/div>\n\t\t\t\t<\/div>\n\t\t\t\t<\/div>\n\t\t<div class=\"elementor-element elementor-element-682f831 e-grid e-con-full e-con e-child\" data-id=\"682f831\" data-element_type=\"container\">\n\t\t\t\t<div class=\"elementor-element elementor-element-aeee287 elementor-widget__width-inherit elementor-widget elementor-widget-heading\" data-id=\"aeee287\" data-element_type=\"widget\" data-widget_type=\"heading.default\">\n\t\t\t\t<div class=\"elementor-widget-container\">\n\t\t\t<h2 class=\"elementor-heading-title elementor-size-default\">3 y 4<\/h2>\t\t<\/div>\n\t\t\t\t<\/div>\n\t\t\t\t<div class=\"elementor-element elementor-element-9d360ab elementor-widget elementor-widget-text-editor\" data-id=\"9d360ab\" data-element_type=\"widget\" data-widget_type=\"text-editor.default\">\n\t\t\t\t<div class=\"elementor-widget-container\">\n\t\t\t\t\t\t\t<p>Estrato<\/p>\t\t\t\t\t\t<\/div>\n\t\t\t\t<\/div>\n\t\t\t\t<\/div>\n\t\t\t\t<\/div>\n\t\t\t\t<div class=\"elementor-element elementor-element-033b066 elementor-widget elementor-widget-text-editor\" data-id=\"033b066\" data-element_type=\"widget\" data-widget_type=\"text-editor.default\">\n\t\t\t\t<div class=\"elementor-widget-container\">\n\t\t\t\t\t\t\t<p>De acuerdo con informaci\u00f3n de\u00a0<b>Galer\u00eda Inmobiliaria<\/b>, durante el a\u00f1o 2020 en la ciudad de Pereira se lanzaron 26 proyectos nuevos (10 VIS y 16 No VIS). Por su parte, el estrato 6 presento\u0301 el mayor crecimiento en las ventas anuales, 143% en unidades y 62% en a\u0301rea.\u00a0<\/p><p>En t\u00e9rminos generales, las ventas de la vivienda nueva en 2020 fueron de 5.110 unidades, para una facturacio\u0301n de $963.000 mm.\u00a0<\/p>\t\t\t\t\t\t<\/div>\n\t\t\t\t<\/div>\n\t\t<div class=\"elementor-element elementor-element-e3e7e8f e-con-full e-flex e-con e-child\" data-id=\"e3e7e8f\" data-element_type=\"container\">\n\t\t\t\t<div class=\"elementor-element elementor-element-ba9846b elementor-widget elementor-widget-heading\" data-id=\"ba9846b\" data-element_type=\"widget\" data-widget_type=\"heading.default\">\n\t\t\t\t<div class=\"elementor-widget-container\">\n\t\t\t<h2 class=\"elementor-heading-title elementor-size-default\">\u00bfPor qu\u00e9 elegir Pereira?<\/h2>\t\t<\/div>\n\t\t\t\t<\/div>\n\t\t\t\t<div class=\"elementor-element elementor-element-33860ed elementor-widget elementor-widget-text-editor\" data-id=\"33860ed\" data-element_type=\"widget\" data-widget_type=\"text-editor.default\">\n\t\t\t\t<div class=\"elementor-widget-container\">\n\t\t\t\t\t\t\t<p>El sector cuenta con todo lo necesario para disfrutar de una buena calidad de vida. Estas son las ventajas de vivir en Pereira:<\/p>\t\t\t\t\t\t<\/div>\n\t\t\t\t<\/div>\n\t\t<div class=\"elementor-element elementor-element-7f56a1e e-grid e-con-full e-con e-child\" data-id=\"7f56a1e\" data-element_type=\"container\">\n\t\t<div class=\"elementor-element elementor-element-a9ebefc e-grid e-con-full e-con e-child\" data-id=\"a9ebefc\" data-element_type=\"container\">\n\t\t\t\t<div class=\"elementor-element elementor-element-07a1c7a elementor-widget__width-inherit elementor-widget elementor-widget-heading\" data-id=\"07a1c7a\" data-element_type=\"widget\" data-widget_type=\"heading.default\">\n\t\t\t\t<div class=\"elementor-widget-container\">\n\t\t\t<h2 class=\"elementor-heading-title elementor-size-default\">Espacios verdes<\/h2>\t\t<\/div>\n\t\t\t\t<\/div>\n\t\t\t\t<div class=\"elementor-element elementor-element-db6790e elementor-widget elementor-widget-text-editor\" data-id=\"db6790e\" data-element_type=\"widget\" data-widget_type=\"text-editor.default\">\n\t\t\t\t<div class=\"elementor-widget-container\">\n\t\t\t\t\t\t\t<p>Pereira cuenta con importantes \u00e1reas naturales como el Parque Olaya Herrera, el Jard\u00edn Bot\u00e1nico de la Universidad Tecnol\u00f3gica de Pereira y zonas verdes urbanas que favorecen la recreaci\u00f3n y el contacto con la naturaleza.<\/p>\t\t\t\t\t\t<\/div>\n\t\t\t\t<\/div>\n\t\t\t\t<\/div>\n\t\t<div class=\"elementor-element elementor-element-4324813 e-grid e-con-full e-con e-child\" data-id=\"4324813\" data-element_type=\"container\">\n\t\t\t\t<div class=\"elementor-element elementor-element-24bca37 elementor-widget__width-inherit elementor-widget elementor-widget-heading\" data-id=\"24bca37\" data-element_type=\"widget\" data-widget_type=\"heading.default\">\n\t\t\t\t<div class=\"elementor-widget-container\">\n\t\t\t<h2 class=\"elementor-heading-title elementor-size-default\">Oferta comercial<\/h2>\t\t<\/div>\n\t\t\t\t<\/div>\n\t\t\t\t<div class=\"elementor-element elementor-element-ad97a39 elementor-widget elementor-widget-text-editor\" data-id=\"ad97a39\" data-element_type=\"widget\" data-widget_type=\"text-editor.default\">\n\t\t\t\t<div class=\"elementor-widget-container\">\n\t\t\t\t\t\t\t<p data-start=\"243\" data-end=\"472\">La ciudad tiene una amplia oferta comercial concentrada en el centro, centros comerciales como Parque Arboleda, Victoria y Unicentro, adem\u00e1s de comercio local, restaurantes y servicios en distintos sectores.<\/p>\t\t\t\t\t\t<\/div>\n\t\t\t\t<\/div>\n\t\t\t\t<\/div>\n\t\t<div class=\"elementor-element elementor-element-b810686 e-grid e-con-full e-con e-child\" data-id=\"b810686\" data-element_type=\"container\">\n\t\t\t\t<div class=\"elementor-element elementor-element-7cfa94d elementor-widget__width-inherit elementor-widget elementor-widget-heading\" data-id=\"7cfa94d\" data-element_type=\"widget\" data-widget_type=\"heading.default\">\n\t\t\t\t<div class=\"elementor-widget-container\">\n\t\t\t<h2 class=\"elementor-heading-title elementor-size-default\">V\u00edas de acceso<\/h2>\t\t<\/div>\n\t\t\t\t<\/div>\n\t\t\t\t<div class=\"elementor-element elementor-element-470fc30 elementor-widget elementor-widget-text-editor\" data-id=\"470fc30\" data-element_type=\"widget\" data-widget_type=\"text-editor.default\">\n\t\t\t\t<div class=\"elementor-widget-container\">\n\t\t\t\t\t\t\t<p>Pereira se conecta por la Autopista del Caf\u00e9, la v\u00eda a Armenia y Manizales, y cuenta con el Aeropuerto Internacional Mateca\u00f1a, lo que facilita la movilidad regional y nacional.<\/p>\t\t\t\t\t\t<\/div>\n\t\t\t\t<\/div>\n\t\t\t\t<\/div>\n\t\t<div class=\"elementor-element elementor-element-d45d35d e-grid e-con-full e-con e-child\" data-id=\"d45d35d\" data-element_type=\"container\">\n\t\t\t\t<div class=\"elementor-element elementor-element-e8836af elementor-widget__width-inherit elementor-widget elementor-widget-heading\" data-id=\"e8836af\" data-element_type=\"widget\" data-widget_type=\"heading.default\">\n\t\t\t\t<div class=\"elementor-widget-container\">\n\t\t\t<h2 class=\"elementor-heading-title elementor-size-default\">Educaci\u00f3n <\/h2>\t\t<\/div>\n\t\t\t\t<\/div>\n\t\t\t\t<div class=\"elementor-element elementor-element-ba00590 elementor-widget elementor-widget-text-editor\" data-id=\"ba00590\" data-element_type=\"widget\" data-widget_type=\"text-editor.default\">\n\t\t\t\t<div class=\"elementor-widget-container\">\n\t\t\t\t\t\t\t<p>Dispone de colegios p\u00fablicos y privados y una destacada oferta de educaci\u00f3n superior, con instituciones como la Universidad Tecnol\u00f3gica de Pereira y otras universidades y centros de formaci\u00f3n t\u00e9cnica.<\/p>\t\t\t\t\t\t<\/div>\n\t\t\t\t<\/div>\n\t\t\t\t<\/div>\n\t\t\t\t<\/div>\n\t\t\t\t<\/div>\n\t\t\t\t<\/div>\n\t\t<div class=\"elementor-element elementor-element-cb16793 e-con-full e-flex e-con e-child\" data-id=\"cb16793\" data-element_type=\"container\">\n\t\t\t\t<div class=\"elementor-element elementor-element-a155cda elementor-widget elementor-widget-heading\" data-id=\"a155cda\" data-element_type=\"widget\" data-widget_type=\"heading.default\">\n\t\t\t\t<div class=\"elementor-widget-container\">\n\t\t\t<h2 class=\"elementor-heading-title elementor-size-default\"><h2 class=\"elementor-heading-title elementor-size-default elementor-inline-editing pen\" data-elementor-setting-key=\"title\" data-pen-placeholder=\"Type Here...\" style=\", sans-serif;font-weight: 700;line-height: 1px\">Ubicaci\u00f3n privilegiada<span style=\"font-family: Montserrat, sans-serif\"><\/span><\/h2><\/h2>\t\t<\/div>\n\t\t\t\t<\/div>\n\t\t\t\t<div class=\"elementor-element elementor-element-7abda82 elementor-widget elementor-widget-text-editor\" data-id=\"7abda82\" data-element_type=\"widget\" data-widget_type=\"text-editor.default\">\n\t\t\t\t<div class=\"elementor-widget-container\">\n\t\t\t\t\t\t\t<p>El Municipio de Pereira est\u00e1 localizado en el centro de la regi\u00f3n occidental de Colombia,\u00a0 a\u00a0<a href=\"http:\/\/www.pereira.gov.co\/MiMunicipio\/Paginas\/Informacion-del-Municipio.aspx\" target=\"_blank\" rel=\"noopener\"><b>1.411 metros sobre el nivel del mar<\/b><\/a>. De acuerdo con\u00a0<b><i>pereira.gov.co<\/i><\/b>, la capital risaraldense se encuentra en un peque\u00f1o valle.\u00a0<\/p><p>Pereira limita al Sur con los municipios de Ulloa (Departamento del Valle), Filandia y Salento (Departamento del Quind\u00edo). Al Oriente, con el Departamento del Tolima, con Anzo\u00e1tegui, Santa Isabel, Ibagu\u00e9 y zona de los nevados. Y al Occidente, con los municipios de Cartago, Ansermanuevo (Departamento del Valle), Balboa, La Virginia (Departamento de Risaralda).\u200b<\/p>\t\t\t\t\t\t<\/div>\n\t\t\t\t<\/div>\n\t\t\t\t<\/div>\n\t\t<div class=\"elementor-element elementor-element-58055b0 e-con-full e-flex e-con e-child\" data-id=\"58055b0\" data-element_type=\"container\">\n\t\t\t\t<div class=\"elementor-element elementor-element-45dbe8c elementor-widget elementor-widget-heading\" data-id=\"45dbe8c\" data-element_type=\"widget\" data-widget_type=\"heading.default\">\n\t\t\t\t<div class=\"elementor-widget-container\">\n\t\t\t<h2 class=\"elementor-heading-title elementor-size-default\">Inmuebles en Pereira<\/h2>\t\t<\/div>\n\t\t\t\t<\/div>\n\t\t<div class=\"elementor-element elementor-element-0b7f942 e-con-full e-flex e-con e-child\" data-id=\"0b7f942\" data-element_type=\"container\">\n\t\t\n\t\t<div class=\"elementor-element elementor-element-6777265 elementor-widget elementor-widget-slider-inmuebles-ciencuadras\" data-id=\"6777265\" data-element_type=\"widget\" data-settings=\"{&quot;select_tipo_transaccion&quot;:&quot;venta&quot;}\" data-widget_type=\"slider-inmuebles-ciencuadras.default\">\n\t\t\t\t<div class=\"elementor-widget-container\">\n\t\t\t           <!-- Swiper-->\n            <div class=\"container-swiper container-id-6777265\" >\n                    <div class=\"swiper-button-prev prev-swiper-id-6777265\"><\/div>\n                        <div class=\"swiper mySwiper swiper-id-6777265\">\n                         <div class=\"swiper-wrapper\">\n                                <div data-history=\"0\" class=\"swiper-slide\" >\n                            <a class=\"card\"  href=\"\/inmueble\/apartamento-en-venta-en-br-pinares-de-san-martin-pereira-3701969\" target=\"_blank\">\n                                <div class=\"card-image\">\n                                    <img decoding=\"async\" class=\"img-inmueble\"  \n                                        src=\"https:\/\/www-img-cc.s3.amazonaws.com\/inmuebles\/images\/3701969\/efdcd177730786838_plana.jpeg\"\n                                        alt=\"Apartamento\"\n                                        onerror=\"this.src='https:\/\/www.ciencuadras.com\/sources\/images\/result\/no-photo-property.png'\"\n                                    \/>\n                                <\/div>\n                                <div class=\"card-info\">\n                                    <div class=\"card-price\">\n                                        <span>Valor de compra: <\/span>                                        <br \/>\n                                        <span class=\"card-price-big\">$900.000.000 \n                                        <\/span>\n                                    <\/div>\n                                    <div class=\"card-location\">\n                                        Apartamento en Venta                                    <\/div>\n                                    <div class=\"card-direction\">\n                                        <div class=\"card-target\">\n                                            <em class=\"fas fa-map-marker-alt\"><\/em>\n                                            <span class=\"city\"> Pereira<\/span>\n                                            <span>&nbsp;\/&nbsp;<\/span>\n                                            <span class=\"neighborhood\"> BR PINARES DE SAN MARTIN<\/span>\n                                        <\/div>\n                                    <\/div>\n                                    <div class=\"specs\">\n                                        <div class=\"specs-data area\"><span class=\"span-data\">135.0 m2<\/span><\/div>\n                                        <div class=\"specs-data rooms\"><span class=\"span-data\">Habit. 4<\/span><\/div><div class=\"specs-data baths\"><span class=\"span-data\">Ba\u00f1os 5<\/span><\/div><div class=\"specs-data garages\"><span class=\"span-data\">Garaje 2<\/span><\/div>                                        \n                                        \n                                        \n                                    <\/div>\n                                <\/div>\n                            <\/a>\n                        <\/div>\n                    \n                   \n\t\t\t\n                                <div data-history=\"1\" class=\"swiper-slide\" >\n                            <a class=\"card\"  href=\"\/inmueble\/apartamento-en-venta-en-los-rosales-pereira-3597495\" target=\"_blank\">\n                                <div class=\"card-image\">\n                                    <img decoding=\"async\" class=\"img-inmueble\"  \n                                        src=\"https:\/\/www-img-cc.s3.amazonaws.com\/inmuebles\/images\/3597495\/bdfa177316197589_plana.jpeg\"\n                                        alt=\"Apartamento\"\n                                        onerror=\"this.src='https:\/\/www.ciencuadras.com\/sources\/images\/result\/no-photo-property.png'\"\n                                    \/>\n                                <\/div>\n                                <div class=\"card-info\">\n                                    <div class=\"card-price\">\n                                        <span>Valor de compra: <\/span>                                        <br \/>\n                                        <span class=\"card-price-big\">$310.000.000 \n                                        <\/span>\n                                    <\/div>\n                                    <div class=\"card-location\">\n                                        Apartamento en Venta                                    <\/div>\n                                    <div class=\"card-direction\">\n                                        <div class=\"card-target\">\n                                            <em class=\"fas fa-map-marker-alt\"><\/em>\n                                            <span class=\"city\"> Pereira<\/span>\n                                            <span>&nbsp;\/&nbsp;<\/span>\n                                            <span class=\"neighborhood\"> LOS ROSALES<\/span>\n                                        <\/div>\n                                    <\/div>\n                                    <div class=\"specs\">\n                                        <div class=\"specs-data area\"><span class=\"span-data\">100 m2<\/span><\/div>\n                                        <div class=\"specs-data rooms\"><span class=\"span-data\">Habit. 4<\/span><\/div><div class=\"specs-data baths\"><span class=\"span-data\">Ba\u00f1os 2<\/span><\/div>                                        \n                                        \n                                        \n                                    <\/div>\n                                <\/div>\n                            <\/a>\n                        <\/div>\n                    \n                   \n\t\t\t\n                                <div data-history=\"2\" class=\"swiper-slide\" >\n                            <a class=\"card\"  href=\"\/inmueble\/apartamento-en-venta-en-pereira-pereira-3450548\" target=\"_blank\">\n                                <div class=\"card-image\">\n                                    <img decoding=\"async\" class=\"img-inmueble\"  \n                                        src=\"https:\/\/www-img-cc.s3.amazonaws.com\/inmuebles\/images\/3450548\/dc175889389495_plana.jpeg\"\n                                        alt=\"Apartamento\"\n                                        onerror=\"this.src='https:\/\/www.ciencuadras.com\/sources\/images\/result\/no-photo-property.png'\"\n                                    \/>\n                                <\/div>\n                                <div class=\"card-info\">\n                                    <div class=\"card-price\">\n                                        <span>Valor de compra: <\/span>                                        <br \/>\n                                        <span class=\"card-price-big\">$230.000.000 \n                                        <\/span>\n                                    <\/div>\n                                    <div class=\"card-location\">\n                                        Apartamento en Venta                                    <\/div>\n                                    <div class=\"card-direction\">\n                                        <div class=\"card-target\">\n                                            <em class=\"fas fa-map-marker-alt\"><\/em>\n                                            <span class=\"city\"> Pereira<\/span>\n                                            <span>&nbsp;\/&nbsp;<\/span>\n                                            <span class=\"neighborhood\"> Pereira<\/span>\n                                        <\/div>\n                                    <\/div>\n                                    <div class=\"specs\">\n                                        <div class=\"specs-data area\"><span class=\"span-data\">58 m2<\/span><\/div>\n                                        <div class=\"specs-data rooms\"><span class=\"span-data\">Habit. 3<\/span><\/div><div class=\"specs-data baths\"><span class=\"span-data\">Ba\u00f1os 2<\/span><\/div>                                        \n                                        \n                                        \n                                    <\/div>\n                                <\/div>\n                            <\/a>\n                        <\/div>\n                    \n                   \n\t\t\t\n                                <div data-history=\"3\" class=\"swiper-slide\" >\n                            <a class=\"card\"  href=\"\/inmueble\/apartamento-en-venta-en-cr-bosque-de-cantabria-pereira-3673958\" target=\"_blank\">\n                                <div class=\"card-image\">\n                                    <img decoding=\"async\" class=\"img-inmueble\"  \n                                        src=\"https:\/\/www-img-cc.s3.amazonaws.com\/inmuebles\/images\/3673958\/ccfa17745500796_plana.jpeg\"\n                                        alt=\"Apartamento\"\n                                        onerror=\"this.src='https:\/\/www.ciencuadras.com\/sources\/images\/result\/no-photo-property.png'\"\n                                    \/>\n                                <\/div>\n                                <div class=\"card-info\">\n                                    <div class=\"card-price\">\n                                        <span>Valor de compra: <\/span>                                        <br \/>\n                                        <span class=\"card-price-big\">$500.000.000 \n                                        <\/span>\n                                    <\/div>\n                                    <div class=\"card-location\">\n                                        Apartamento en Venta                                    <\/div>\n                                    <div class=\"card-direction\">\n                                        <div class=\"card-target\">\n                                            <em class=\"fas fa-map-marker-alt\"><\/em>\n                                            <span class=\"city\"> Pereira<\/span>\n                                            <span>&nbsp;\/&nbsp;<\/span>\n                                            <span class=\"neighborhood\"> CR BOSQUE DE CANTABRIA<\/span>\n                                        <\/div>\n                                    <\/div>\n                                    <div class=\"specs\">\n                                        <div class=\"specs-data area\"><span class=\"span-data\">80.0 m2<\/span><\/div>\n                                        <div class=\"specs-data rooms\"><span class=\"span-data\">Habit. 2<\/span><\/div><div class=\"specs-data baths\"><span class=\"span-data\">Ba\u00f1os 2<\/span><\/div><div class=\"specs-data garages\"><span class=\"span-data\">Garaje 1<\/span><\/div>                                        \n                                        \n                                        \n                                    <\/div>\n                                <\/div>\n                            <\/a>\n                        <\/div>\n                    \n                   \n\t\t\t\n                                <div data-history=\"4\" class=\"swiper-slide\" >\n                            <a class=\"card\"  href=\"\/inmueble\/apartamento-en-venta-en-los-alpes-pereira-3648408\" target=\"_blank\">\n                                <div class=\"card-image\">\n                                    <img decoding=\"async\" class=\"img-inmueble\"  \n                                        src=\"https:\/\/www-img-cc.s3.amazonaws.com\/inmuebles\/images\/3648408\/ebaf177688054427_plana.jpeg\"\n                                        alt=\"Apartamento\"\n                                        onerror=\"this.src='https:\/\/www.ciencuadras.com\/sources\/images\/result\/no-photo-property.png'\"\n                                    \/>\n                                <\/div>\n                                <div class=\"card-info\">\n                                    <div class=\"card-price\">\n                                        <span>Valor de compra: <\/span>                                        <br \/>\n                                        <span class=\"card-price-big\">$500.000.000 \n                                        <\/span>\n                                    <\/div>\n                                    <div class=\"card-location\">\n                                        Apartamento en Venta                                    <\/div>\n                                    <div class=\"card-direction\">\n                                        <div class=\"card-target\">\n                                            <em class=\"fas fa-map-marker-alt\"><\/em>\n                                            <span class=\"city\"> Pereira<\/span>\n                                            <span>&nbsp;\/&nbsp;<\/span>\n                                            <span class=\"neighborhood\"> LOS ALPES<\/span>\n                                        <\/div>\n                                    <\/div>\n                                    <div class=\"specs\">\n                                        <div class=\"specs-data area\"><span class=\"span-data\">97.0 m2<\/span><\/div>\n                                        <div class=\"specs-data rooms\"><span class=\"span-data\">Habit. 2<\/span><\/div><div class=\"specs-data baths\"><span class=\"span-data\">Ba\u00f1os 2<\/span><\/div><div class=\"specs-data garages\"><span class=\"span-data\">Garaje 1<\/span><\/div>                                        \n                                        \n                                        \n                                    <\/div>\n                                <\/div>\n                            <\/a>\n                        <\/div>\n                    \n                   \n\t\t\t\n                                <div data-history=\"5\" class=\"swiper-slide\" >\n                            <a class=\"card\"  href=\"\/inmueble\/apartamento-en-venta-en-sector-plaza-de-bolivar-pereira-3690857\" target=\"_blank\">\n                                <div class=\"card-image\">\n                                    <img decoding=\"async\" class=\"img-inmueble\"  \n                                        src=\"https:\/\/www-img-cc.s3.amazonaws.com\/inmuebles\/images\/3690857\/ddefd177611171651_plana.jpeg\"\n                                        alt=\"Apartamento\"\n                                        onerror=\"this.src='https:\/\/www.ciencuadras.com\/sources\/images\/result\/no-photo-property.png'\"\n                                    \/>\n                                <\/div>\n                                <div class=\"card-info\">\n                                    <div class=\"card-price\">\n                                        <span>Valor de compra: <\/span>                                        <br \/>\n                                        <span class=\"card-price-big\">$650.000.000 \n                                        <\/span>\n                                    <\/div>\n                                    <div class=\"card-location\">\n                                        Apartamento en Venta                                    <\/div>\n                                    <div class=\"card-direction\">\n                                        <div class=\"card-target\">\n                                            <em class=\"fas fa-map-marker-alt\"><\/em>\n                                            <span class=\"city\"> Pereira<\/span>\n                                            <span>&nbsp;\/&nbsp;<\/span>\n                                            <span class=\"neighborhood\"> SECTOR PLAZA DE BOLIVAR<\/span>\n                                        <\/div>\n                                    <\/div>\n                                    <div class=\"specs\">\n                                        <div class=\"specs-data area\"><span class=\"span-data\">210.0 m2<\/span><\/div>\n                                        <div class=\"specs-data rooms\"><span class=\"span-data\">Habit. 4<\/span><\/div><div class=\"specs-data baths\"><span class=\"span-data\">Ba\u00f1os 3<\/span><\/div>                                        \n                                        \n                                        \n                                    <\/div>\n                                <\/div>\n                            <\/a>\n                        <\/div>\n                    \n                   \n\t\t\t\n                                <div data-history=\"6\" class=\"swiper-slide\" >\n                            <a class=\"card\"  href=\"\/inmueble\/apartamento-en-venta-en-la-julita-pereira-3684968\" target=\"_blank\">\n                                <div class=\"card-image\">\n                                    <img decoding=\"async\" class=\"img-inmueble\"  \n                                        src=\"https:\/\/www-img-cc.s3.amazonaws.com\/inmuebles\/images\/3684968\/ddef177565820290_plana.jpeg\"\n                                        alt=\"Apartamento\"\n                                        onerror=\"this.src='https:\/\/www.ciencuadras.com\/sources\/images\/result\/no-photo-property.png'\"\n                                    \/>\n                                <\/div>\n                                <div class=\"card-info\">\n                                    <div class=\"card-price\">\n                                        <span>Valor de compra: <\/span>                                        <br \/>\n                                        <span class=\"card-price-big\">$2.800.000.000 \n                                        <\/span>\n                                    <\/div>\n                                    <div class=\"card-location\">\n                                        Apartamento en Venta                                    <\/div>\n                                    <div class=\"card-direction\">\n                                        <div class=\"card-target\">\n                                            <em class=\"fas fa-map-marker-alt\"><\/em>\n                                            <span class=\"city\"> Pereira<\/span>\n                                            <span>&nbsp;\/&nbsp;<\/span>\n                                            <span class=\"neighborhood\"> LA JULITA<\/span>\n                                        <\/div>\n                                    <\/div>\n                                    <div class=\"specs\">\n                                        <div class=\"specs-data area\"><span class=\"span-data\">250 m2<\/span><\/div>\n                                        <div class=\"specs-data rooms\"><span class=\"span-data\">Habit. 3<\/span><\/div><div class=\"specs-data baths\"><span class=\"span-data\">Ba\u00f1os 5<\/span><\/div><div class=\"specs-data garages\"><span class=\"span-data\">Garaje 3<\/span><\/div>                                        \n                                        \n                                        \n                                    <\/div>\n                                <\/div>\n                            <\/a>\n                        <\/div>\n                    \n                   \n\t\t\t\n                                <div data-history=\"7\" class=\"swiper-slide\" >\n                            <a class=\"card\"  href=\"\/inmueble\/apartamento-en-venta-en-el-dorado-pereira-3516906\" target=\"_blank\">\n                                <div class=\"card-image\">\n                                    <img decoding=\"async\" class=\"img-inmueble\"  \n                                        src=\"https:\/\/www-img-cc.s3.amazonaws.com\/inmuebles\/images\/3516906\/febffbc176107803215_plana.jpeg\"\n                                        alt=\"Apartamento\"\n                                        onerror=\"this.src='https:\/\/www.ciencuadras.com\/sources\/images\/result\/no-photo-property.png'\"\n                                    \/>\n                                <\/div>\n                                <div class=\"card-info\">\n                                    <div class=\"card-price\">\n                                        <span>Valor de compra: <\/span>                                        <br \/>\n                                        <span class=\"card-price-big\">$340.000.000 \n                                        <\/span>\n                                    <\/div>\n                                    <div class=\"card-location\">\n                                        Apartamento en Venta                                    <\/div>\n                                    <div class=\"card-direction\">\n                                        <div class=\"card-target\">\n                                            <em class=\"fas fa-map-marker-alt\"><\/em>\n                                            <span class=\"city\"> Pereira<\/span>\n                                            <span>&nbsp;\/&nbsp;<\/span>\n                                            <span class=\"neighborhood\"> EL DORADO<\/span>\n                                        <\/div>\n                                    <\/div>\n                                    <div class=\"specs\">\n                                        <div class=\"specs-data area\"><span class=\"span-data\">55 m2<\/span><\/div>\n                                        <div class=\"specs-data rooms\"><span class=\"span-data\">Habit. 2<\/span><\/div><div class=\"specs-data baths\"><span class=\"span-data\">Ba\u00f1os 2<\/span><\/div><div class=\"specs-data garages\"><span class=\"span-data\">Garaje 1<\/span><\/div>                                        \n                                        \n                                        \n                                    <\/div>\n                                <\/div>\n                            <\/a>\n                        <\/div>\n                    \n                   \n\t\t\t\n                                <div data-history=\"8\" class=\"swiper-slide\" >\n                            <a class=\"card\"  href=\"\/inmueble\/apartamento-en-venta-en-pereira-pereira-3185680\" target=\"_blank\">\n                                <div class=\"card-image\">\n                                    <img decoding=\"async\" class=\"img-inmueble\"  \n                                        src=\"https:\/\/www-img-cc.s3.amazonaws.com\/inmuebles\/images\/3185680\/adcbdd175622037860_plana.jpeg\"\n                                        alt=\"Apartamento\"\n                                        onerror=\"this.src='https:\/\/www.ciencuadras.com\/sources\/images\/result\/no-photo-property.png'\"\n                                    \/>\n                                <\/div>\n                                <div class=\"card-info\">\n                                    <div class=\"card-price\">\n                                        <span>Valor de compra: <\/span>                                        <br \/>\n                                        <span class=\"card-price-big\">$520.000.000 \n                                        <\/span>\n                                    <\/div>\n                                    <div class=\"card-location\">\n                                        Apartamento en Venta                                    <\/div>\n                                    <div class=\"card-direction\">\n                                        <div class=\"card-target\">\n                                            <em class=\"fas fa-map-marker-alt\"><\/em>\n                                            <span class=\"city\"> Pereira<\/span>\n                                            <span>&nbsp;\/&nbsp;<\/span>\n                                            <span class=\"neighborhood\"> Pereira<\/span>\n                                        <\/div>\n                                    <\/div>\n                                    <div class=\"specs\">\n                                        <div class=\"specs-data area\"><span class=\"span-data\">60 m2<\/span><\/div>\n                                        <div class=\"specs-data rooms\"><span class=\"span-data\">Habit. 1<\/span><\/div><div class=\"specs-data baths\"><span class=\"span-data\">Ba\u00f1os 2<\/span><\/div>                                        \n                                        \n                                        \n                                    <\/div>\n                                <\/div>\n                            <\/a>\n                        <\/div>\n                    \n                   \n\t\t\t\n                                <div data-history=\"9\" class=\"swiper-slide\" >\n                            <a class=\"card\"  href=\"\/inmueble\/apartamento-en-venta-en-zona-deportiva-villa-olimpica-pereira-3579365\" target=\"_blank\">\n                                <div class=\"card-image\">\n                                    <img decoding=\"async\" class=\"img-inmueble\"  \n                                        src=\"https:\/\/www-img-cc.s3.amazonaws.com\/inmuebles\/images\/3579365\/dced_176616315777_plana.jpeg\"\n                                        alt=\"Apartamento\"\n                                        onerror=\"this.src='https:\/\/www.ciencuadras.com\/sources\/images\/result\/no-photo-property.png'\"\n                                    \/>\n                                <\/div>\n                                <div class=\"card-info\">\n                                    <div class=\"card-price\">\n                                        <span>Valor de compra: <\/span>                                        <br \/>\n                                        <span class=\"card-price-big\">$400.000.000 \n                                        <\/span>\n                                    <\/div>\n                                    <div class=\"card-location\">\n                                        Apartamento en Venta                                    <\/div>\n                                    <div class=\"card-direction\">\n                                        <div class=\"card-target\">\n                                            <em class=\"fas fa-map-marker-alt\"><\/em>\n                                            <span class=\"city\"> Pereira<\/span>\n                                            <span>&nbsp;\/&nbsp;<\/span>\n                                            <span class=\"neighborhood\"> ZONA DEPORTIVA VILLA OLIMPICA<\/span>\n                                        <\/div>\n                                    <\/div>\n                                    <div class=\"specs\">\n                                        <div class=\"specs-data area\"><span class=\"span-data\">62 m2<\/span><\/div>\n                                        <div class=\"specs-data rooms\"><span class=\"span-data\">Habit. 3<\/span><\/div><div class=\"specs-data baths\"><span class=\"span-data\">Ba\u00f1os 2<\/span><\/div><div class=\"specs-data garages\"><span class=\"span-data\">Garaje 1<\/span><\/div>                                        \n                                        \n                                        \n                                    <\/div>\n                                <\/div>\n                            <\/a>\n                        <\/div>\n                    \n                   \n\t\t\t\n                      \n                         <\/div>\n                    <\/div>\n                <div class=\"swiper-button-next next-swiper-id-6777265\"><\/div>\n                <div class=\"swiper-pagination  swiper-pagination-id-6777265\"><\/div>\n            <\/div>\n            <div class=\"container-button\">\n                <a href=\"\/venta\/pereira\/apartamento\" target=\"_blank\">\n                    <button class=\"slider-button\">Ver todos<\/button>\n                <\/a>\n\t\t    <\/div>\n\n            <script>\n                    idSwiper= '6777265';\n                    window['swiperId'+idSwiper] =new Swiper(`.swiper-id-${idSwiper}`, {\n                    spaceBetween: 10,\n                    slidesPerView: 1,\n                    slidesPerGroup: 1,\n                    width:270,\n                    centeredSlides:true,\n                    rewind:true,\n                    breakpointsBase:`.container-id-${idSwiper}`,\n                    navigation: {\n                        nextEl: `.next-swiper-id-${idSwiper}`,\n                        prevEl: `.prev-swiper-id-${idSwiper}`,\n                    },\n                    pagination: {\n                        el: `.swiper-pagination-id-${idSwiper}`,\n                    },\n                    preloadImages: false,\n                    breakpoints: {\n                        600: {\n                            slidesPerView: 2,\n                            spaceBetween: 10,\n                            slidesPerGroup: 2,\n                            width:550,\n                            centeredSlidesBounds: true,\n                            centeredSlides:false,\n                        },\n                        900: {\n                            slidesPerView: 3,\n                            spaceBetween: 10,\n                            slidesPerGroup: 3,\n                            width:830,\n                            centeredSlidesBounds: true,\n                            centeredSlides:false,\n                        },\n                        1200: {\n                            slidesPerView: 4,\n                            spaceBetween: 12,\n                            slidesPerGroup: 4,\n                            width:1110,\n                            centeredSlidesBounds: true,\n                            centeredSlides:false,\n                        },\n                    },\n                });\n            <\/script>\n\n            \n        \t\t<\/div>\n\t\t\t\t<\/div>\n\t\t\t\t<div class=\"elementor-element elementor-element-2ab66c8 elementor-widget elementor-widget-heading\" data-id=\"2ab66c8\" data-element_type=\"widget\" data-widget_type=\"heading.default\">\n\t\t\t\t<div class=\"elementor-widget-container\">\n\t\t\t<h2 class=\"elementor-heading-title elementor-size-default\">\u00a1Descubre m\u00e1s!<\/h2>\t\t<\/div>\n\t\t\t\t<\/div>\n\t\t<div class=\"elementor-element elementor-element-8008b99 e-con-full e-flex e-con e-child\" data-id=\"8008b99\" data-element_type=\"container\">\n\t\t\t\t<div class=\"elementor-element elementor-element-92f7707 elementor-widget elementor-widget-html\" data-id=\"92f7707\" data-element_type=\"widget\" data-widget_type=\"html.default\">\n\t\t\t\t<div class=\"elementor-widget-container\">\n\t\t\t<blockquote class=\"instagram-media\" data-instgrm-permalink=\"https:\/\/www.instagram.com\/reel\/DMMHHlIpm2b\/?utm_source=ig_embed&amp;utm_campaign=loading\" data-instgrm-version=\"14\" style=\" background:#FFF; border:0; border-radius:3px; box-shadow:0 0 1px 0 rgba(0,0,0,0.5),0 1px 10px 0 rgba(0,0,0,0.15); margin: 1px; max-width:540px; min-width:326px; padding:0; width:99.375%; width:-webkit-calc(100% - 2px); width:calc(100% - 2px);\"><div style=\"padding:16px;\"> <a href=\"https:\/\/www.instagram.com\/reel\/DMMHHlIpm2b\/?utm_source=ig_embed&amp;utm_campaign=loading\" style=\" background:#FFFFFF; line-height:0; padding:0 0; text-align:center; text-decoration:none; width:100%;\" target=\"_blank\"> <div style=\" display: flex; flex-direction: row; align-items: center;\"> <div style=\"background-color: #F4F4F4; border-radius: 50%; flex-grow: 0; height: 40px; margin-right: 14px; width: 40px;\"><\/div> <div style=\"display: flex; flex-direction: column; flex-grow: 1; justify-content: center;\"> <div style=\" background-color: #F4F4F4; border-radius: 4px; flex-grow: 0; height: 14px; margin-bottom: 6px; width: 100px;\"><\/div> <div style=\" background-color: #F4F4F4; border-radius: 4px; flex-grow: 0; height: 14px; width: 60px;\"><\/div><\/div><\/div><div style=\"padding: 19% 0;\"><\/div> <div style=\"display:block; height:50px; margin:0 auto 12px; width:50px;\"><svg width=\"50px\" height=\"50px\" viewBox=\"0 0 60 60\" version=\"1.1\" xmlns=\"https:\/\/www.w3.org\/2000\/svg\" xmlns:xlink=\"https:\/\/www.w3.org\/1999\/xlink\"><g stroke=\"none\" stroke-width=\"1\" fill=\"none\" fill-rule=\"evenodd\"><g transform=\"translate(-511.000000, -20.000000)\" fill=\"#000000\"><g><path d=\"M556.869,30.41 C554.814,30.41 553.148,32.076 553.148,34.131 C553.148,36.186 554.814,37.852 556.869,37.852 C558.924,37.852 560.59,36.186 560.59,34.131 C560.59,32.076 558.924,30.41 556.869,30.41 M541,60.657 C535.114,60.657 530.342,55.887 530.342,50 C530.342,44.114 535.114,39.342 541,39.342 C546.887,39.342 551.658,44.114 551.658,50 C551.658,55.887 546.887,60.657 541,60.657 M541,33.886 C532.1,33.886 524.886,41.1 524.886,50 C524.886,58.899 532.1,66.113 541,66.113 C549.9,66.113 557.115,58.899 557.115,50 C557.115,41.1 549.9,33.886 541,33.886 M565.378,62.101 C565.244,65.022 564.756,66.606 564.346,67.663 C563.803,69.06 563.154,70.057 562.106,71.106 C561.058,72.155 560.06,72.803 558.662,73.347 C557.607,73.757 556.021,74.244 553.102,74.378 C549.944,74.521 548.997,74.552 541,74.552 C533.003,74.552 532.056,74.521 528.898,74.378 C525.979,74.244 524.393,73.757 523.338,73.347 C521.94,72.803 520.942,72.155 519.894,71.106 C518.846,70.057 518.197,69.06 517.654,67.663 C517.244,66.606 516.755,65.022 516.623,62.101 C516.479,58.943 516.448,57.996 516.448,50 C516.448,42.003 516.479,41.056 516.623,37.899 C516.755,34.978 517.244,33.391 517.654,32.338 C518.197,30.938 518.846,29.942 519.894,28.894 C520.942,27.846 521.94,27.196 523.338,26.654 C524.393,26.244 525.979,25.756 528.898,25.623 C532.057,25.479 533.004,25.448 541,25.448 C548.997,25.448 549.943,25.479 553.102,25.623 C556.021,25.756 557.607,26.244 558.662,26.654 C560.06,27.196 561.058,27.846 562.106,28.894 C563.154,29.942 563.803,30.938 564.346,32.338 C564.756,33.391 565.244,34.978 565.378,37.899 C565.522,41.056 565.552,42.003 565.552,50 C565.552,57.996 565.522,58.943 565.378,62.101 M570.82,37.631 C570.674,34.438 570.167,32.258 569.425,30.349 C568.659,28.377 567.633,26.702 565.965,25.035 C564.297,23.368 562.623,22.342 560.652,21.575 C558.743,20.834 556.562,20.326 553.369,20.18 C550.169,20.033 549.148,20 541,20 C532.853,20 531.831,20.033 528.631,20.18 C525.438,20.326 523.257,20.834 521.349,21.575 C519.376,22.342 517.703,23.368 516.035,25.035 C514.368,26.702 513.342,28.377 512.574,30.349 C511.834,32.258 511.326,34.438 511.181,37.631 C511.035,40.831 511,41.851 511,50 C511,58.147 511.035,59.17 511.181,62.369 C511.326,65.562 511.834,67.743 512.574,69.651 C513.342,71.625 514.368,73.296 516.035,74.965 C517.703,76.634 519.376,77.658 521.349,78.425 C523.257,79.167 525.438,79.673 528.631,79.82 C531.831,79.965 532.853,80.001 541,80.001 C549.148,80.001 550.169,79.965 553.369,79.82 C556.562,79.673 558.743,79.167 560.652,78.425 C562.623,77.658 564.297,76.634 565.965,74.965 C567.633,73.296 568.659,71.625 569.425,69.651 C570.167,67.743 570.674,65.562 570.82,62.369 C570.966,59.17 571,58.147 571,50 C571,41.851 570.966,40.831 570.82,37.631\"><\/path><\/g><\/g><\/g><\/svg><\/div><div style=\"padding-top: 8px;\"> <div style=\" color:#3897f0; font-family:Arial,sans-serif; font-size:14px; font-style:normal; font-weight:550; line-height:18px;\">View this post on Instagram<\/div><\/div><div style=\"padding: 12.5% 0;\"><\/div> <div style=\"display: flex; flex-direction: row; margin-bottom: 14px; align-items: center;\"><div> <div style=\"background-color: #F4F4F4; border-radius: 50%; height: 12.5px; width: 12.5px; transform: translateX(0px) translateY(7px);\"><\/div> <div style=\"background-color: #F4F4F4; height: 12.5px; transform: rotate(-45deg) translateX(3px) translateY(1px); width: 12.5px; flex-grow: 0; margin-right: 14px; margin-left: 2px;\"><\/div> <div style=\"background-color: #F4F4F4; border-radius: 50%; height: 12.5px; width: 12.5px; transform: translateX(9px) translateY(-18px);\"><\/div><\/div><div style=\"margin-left: 8px;\"> <div style=\" background-color: #F4F4F4; border-radius: 50%; flex-grow: 0; height: 20px; width: 20px;\"><\/div> <div style=\" width: 0; height: 0; border-top: 2px solid transparent; border-left: 6px solid #f4f4f4; border-bottom: 2px solid transparent; transform: translateX(16px) translateY(-4px) rotate(30deg)\"><\/div><\/div><div style=\"margin-left: auto;\"> <div style=\" width: 0px; border-top: 8px solid #F4F4F4; border-right: 8px solid transparent; transform: translateY(16px);\"><\/div> <div style=\" background-color: #F4F4F4; flex-grow: 0; height: 12px; width: 16px; transform: translateY(-4px);\"><\/div> <div style=\" width: 0; height: 0; border-top: 8px solid #F4F4F4; border-left: 8px solid transparent; transform: translateY(-4px) translateX(8px);\"><\/div><\/div><\/div> <div style=\"display: flex; flex-direction: column; flex-grow: 1; justify-content: center; margin-bottom: 24px;\"> <div style=\" background-color: #F4F4F4; border-radius: 4px; flex-grow: 0; height: 14px; margin-bottom: 6px; width: 224px;\"><\/div> <div style=\" background-color: #F4F4F4; border-radius: 4px; flex-grow: 0; height: 14px; width: 144px;\"><\/div><\/div><\/a><p style=\" color:#c9c8cd; font-family:Arial,sans-serif; font-size:14px; line-height:17px; margin-bottom:0; margin-top:8px; overflow:hidden; padding:8px 0 7px; text-align:center; text-overflow:ellipsis; white-space:nowrap;\"><a href=\"https:\/\/www.instagram.com\/reel\/DMMHHlIpm2b\/?utm_source=ig_embed&amp;utm_campaign=loading\" style=\" color:#c9c8cd; font-family:Arial,sans-serif; font-size:14px; font-style:normal; font-weight:normal; line-height:17px; text-decoration:none;\" target=\"_blank\">A post shared by Ciencuadras | Bienes Ra\u00edces (@ciencuadras)<\/a><\/p><\/div><\/blockquote>\r\n<script async src=\"\/\/www.instagram.com\/embed.js\"><\/script>\t\t<\/div>\n\t\t\t\t<\/div>\n\t\t\t\t<div class=\"elementor-element elementor-element-9d57a71 elementor-widget elementor-widget-heading\" data-id=\"9d57a71\" data-element_type=\"widget\" data-widget_type=\"heading.default\">\n\t\t\t\t<div class=\"elementor-widget-container\">\n\t\t\t<h2 class=\"elementor-heading-title elementor-size-default\">Datos que debes conocer<\/h2>\t\t<\/div>\n\t\t\t\t<\/div>\n\t\t\t\t<div class=\"elementor-element elementor-element-f6e295f elementor-widget elementor-widget-n-accordion\" data-id=\"f6e295f\" data-element_type=\"widget\" data-settings=\"{&quot;default_state&quot;:&quot;expanded&quot;,&quot;max_items_expended&quot;:&quot;one&quot;,&quot;n_accordion_animation_duration&quot;:{&quot;unit&quot;:&quot;ms&quot;,&quot;size&quot;:400,&quot;sizes&quot;:[]}}\" data-widget_type=\"nested-accordion.default\">\n\t\t\t\t<div class=\"elementor-widget-container\">\n\t\t\t\t\t<div class=\"e-n-accordion\" aria-label=\"Accordion. Open links with Enter or Space, close with Escape, and navigate with Arrow Keys\">\n\t\t\t\t\t\t<details id=\"e-n-accordion-item-2580\" class=\"e-n-accordion-item\" open>\n\t\t\t\t<summary class=\"e-n-accordion-item-title\" data-accordion-index=\"1\" tabindex=\"0\" aria-expanded=\"true\" aria-controls=\"e-n-accordion-item-2580\" >\n\t\t\t\t\t<span class='e-n-accordion-item-title-header'><div class=\"e-n-accordion-item-title-text\"> \u00bfPor qu\u00e9 vivir en Pereira? <\/div><\/span>\n\t\t\t\t\t\t\t<span class='e-n-accordion-item-title-icon'>\n\t\t\t<span class='e-opened' ><svg aria-hidden=\"true\" class=\"e-font-icon-svg e-fas-minus\" viewBox=\"0 0 448 512\" xmlns=\"http:\/\/www.w3.org\/2000\/svg\"><path d=\"M416 208H32c-17.67 0-32 14.33-32 32v32c0 17.67 14.33 32 32 32h384c17.67 0 32-14.33 32-32v-32c0-17.67-14.33-32-32-32z\"><\/path><\/svg><\/span>\n\t\t\t<span class='e-closed'><svg aria-hidden=\"true\" class=\"e-font-icon-svg e-fas-plus\" viewBox=\"0 0 448 512\" xmlns=\"http:\/\/www.w3.org\/2000\/svg\"><path d=\"M416 208H272V64c0-17.67-14.33-32-32-32h-32c-17.67 0-32 14.33-32 32v144H32c-17.67 0-32 14.33-32 32v32c0 17.67 14.33 32 32 32h144v144c0 17.67 14.33 32 32 32h32c17.67 0 32-14.33 32-32V304h144c17.67 0 32-14.33 32-32v-32c0-17.67-14.33-32-32-32z\"><\/path><\/svg><\/span>\n\t\t<\/span>\n\n\t\t\t\t\t\t<\/summary>\n\t\t\t\t<div role=\"region\" aria-labelledby=\"e-n-accordion-item-2580\" class=\"elementor-element elementor-element-8ebdf5c e-con-full e-flex e-con e-child\" data-id=\"8ebdf5c\" data-element_type=\"container\">\n\t\t<div role=\"region\" aria-labelledby=\"e-n-accordion-item-2580\" class=\"elementor-element elementor-element-7977180 e-flex e-con-boxed e-con e-child\" data-id=\"7977180\" data-element_type=\"container\">\n\t\t\t\t\t<div class=\"e-con-inner\">\n\t\t\t\t<div class=\"elementor-element elementor-element-7faf0f1 elementor-widget elementor-widget-text-editor\" data-id=\"7faf0f1\" data-element_type=\"widget\" data-widget_type=\"text-editor.default\">\n\t\t\t\t<div class=\"elementor-widget-container\">\n\t\t\t\t\t\t\t<p><i>La Querendona<\/i>, como tambi\u00e9n es conocida la ciudad de Pereira, se caracteriza por una inmensa biodiversidad en sus paisajes. Este municipio es perfecto para explorar la naturaleza, as\u00ed como las plantaciones locales de caf\u00e9. Hay reservas naturales para observar la vida silvestre, mucho camping, senderismo, monta\u00f1as y ciclismo.<\/p><p>Si buscas una aventura salvajemente divertida nada como el Bioparque Ukumar\u00ed, ubicado a 8 Km del Aeropuerto Internacional Mateca\u00f1a. Este espacio cuenta con zonas como el Zool\u00f3gico Mateca\u00f1a, un jard\u00edn bot\u00e1nico y una cl\u00ednica veterinaria.<\/p><p>El imponente\u00a0<a href=\"http:\/\/www.pereira.gov.co\/MiMunicipio\/Paginas\/Sitios-de-Interes.aspx\" target=\"_blank\" rel=\"noopener\"><b>Parque Nacional Natural Los Nevados<\/b><\/a>\u00a0es otro plan m\u00e1gico. Est\u00e1 ubicado en el complejo volc\u00e1nico norte conformado por el Nevado del Ruiz, Nevado de Santa Isabel y Nevado del Tolima, y los paramillos del Cisne, Santa Rosa y Quind\u00edo. Este parque brinda la posibilidad de disfrutar los ecosistemas de s\u00faper-p\u00e1ramo y p\u00e1\u200bramo, humedales alto andinos y bosques alto andinos y andinos.<\/p>\t\t\t\t\t\t<\/div>\n\t\t\t\t<\/div>\n\t\t\t\t\t<\/div>\n\t\t\t\t<\/div>\n\t\t\t\t<\/div>\n\t\t\t\t\t<\/details>\n\t\t\t\t\t\t<details id=\"e-n-accordion-item-2581\" class=\"e-n-accordion-item\" >\n\t\t\t\t<summary class=\"e-n-accordion-item-title\" data-accordion-index=\"2\" tabindex=\"-1\" aria-expanded=\"false\" aria-controls=\"e-n-accordion-item-2581\" >\n\t\t\t\t\t<span class='e-n-accordion-item-title-header'><div class=\"e-n-accordion-item-title-text\"> Arquitectura de Pereira <\/div><\/span>\n\t\t\t\t\t\t\t<span class='e-n-accordion-item-title-icon'>\n\t\t\t<span class='e-opened' ><svg aria-hidden=\"true\" class=\"e-font-icon-svg e-fas-minus\" viewBox=\"0 0 448 512\" xmlns=\"http:\/\/www.w3.org\/2000\/svg\"><path d=\"M416 208H32c-17.67 0-32 14.33-32 32v32c0 17.67 14.33 32 32 32h384c17.67 0 32-14.33 32-32v-32c0-17.67-14.33-32-32-32z\"><\/path><\/svg><\/span>\n\t\t\t<span class='e-closed'><svg aria-hidden=\"true\" class=\"e-font-icon-svg e-fas-plus\" viewBox=\"0 0 448 512\" xmlns=\"http:\/\/www.w3.org\/2000\/svg\"><path d=\"M416 208H272V64c0-17.67-14.33-32-32-32h-32c-17.67 0-32 14.33-32 32v144H32c-17.67 0-32 14.33-32 32v32c0 17.67 14.33 32 32 32h144v144c0 17.67 14.33 32 32 32h32c17.67 0 32-14.33 32-32V304h144c17.67 0 32-14.33 32-32v-32c0-17.67-14.33-32-32-32z\"><\/path><\/svg><\/span>\n\t\t<\/span>\n\n\t\t\t\t\t\t<\/summary>\n\t\t\t\t<div role=\"region\" aria-labelledby=\"e-n-accordion-item-2581\" class=\"elementor-element elementor-element-628cb0c e-con-full e-flex e-con e-child\" data-id=\"628cb0c\" data-element_type=\"container\">\n\t\t<div role=\"region\" aria-labelledby=\"e-n-accordion-item-2581\" class=\"elementor-element elementor-element-5f3dce8 e-flex e-con-boxed e-con e-child\" data-id=\"5f3dce8\" data-element_type=\"container\">\n\t\t\t\t\t<div class=\"e-con-inner\">\n\t\t\t\t<div class=\"elementor-element elementor-element-572c62d elementor-widget elementor-widget-text-editor\" data-id=\"572c62d\" data-element_type=\"widget\" data-widget_type=\"text-editor.default\">\n\t\t\t\t<div class=\"elementor-widget-container\">\n\t\t\t\t\t\t\t<p>En la capital risaraldense se pueden encontrar obras con una arquitectura Moderna, Bahareque, as\u00ed como Republicana.\u00a0\u00a0<\/p><p>Por ejemplo,\u00a0<a href=\"https:\/\/www.pereiravirtual.com\/es\/monumentos-y-atracciones-turisticas\/1913-palacio-nacional-de-pereira\" target=\"_blank\" rel=\"noopener\"><b>el Palacio Nacional de Pereira es una muestra clara de la arquitectura Moderna<\/b><\/a>. El inmueble, construido entre\u00a0 1946 y 1950, se enfoca en la amplitud de los espacios, la funcionalidad, las l\u00edneas rectas, la simplicidad y las transparencias.\u00a0<\/p><p>Por su parte, la<b>\u00a0sede del Concejo Municipal\u00a0<\/b>refleja la\u00a0<b>arquitectura regional de Bahareque<\/b>. Esta obra fue construida con materiales disponibles en la regi\u00f3n, entre 1910 y 1920.\u00a0<\/p><p><a href=\"https:\/\/www.granhotelpereira.com\/casas-patrimoniales-de-la-ciudad\/\" target=\"_blank\" rel=\"noopener\"><b>La Casa Ochoa se realiz\u00f3 en los a\u00f1os 20<\/b><\/a>\u00a0y es un testimonio de la tecnolog\u00eda Bahareque, propia de la\u00a0<b>arquitectura Republicana regional<\/b>. Est\u00e1 hecha a partir de elementos que hoy permanecen, como la madera, esterilla, pa\u00f1ete, teja de barro.<\/p><p>Dentro de las viviendas patrimoniales de la ciudad tambi\u00e9n se destaca La casa de Valeriano Marulanda, propia del\u00a0<b>Per\u00edodo Republicano Nacional<\/b>. Es una de las primeras edificaciones construidas en mamposter\u00eda en la ciudad, tambi\u00e9n es de la d\u00e9cada de los 20.<\/p>\t\t\t\t\t\t<\/div>\n\t\t\t\t<\/div>\n\t\t\t\t\t<\/div>\n\t\t\t\t<\/div>\n\t\t\t\t<\/div>\n\t\t\t\t\t<\/details>\n\t\t\t\t\t\t<details id=\"e-n-accordion-item-2582\" class=\"e-n-accordion-item\" >\n\t\t\t\t<summary class=\"e-n-accordion-item-title\" data-accordion-index=\"3\" tabindex=\"-1\" aria-expanded=\"false\" aria-controls=\"e-n-accordion-item-2582\" >\n\t\t\t\t\t<span class='e-n-accordion-item-title-header'><div class=\"e-n-accordion-item-title-text\"> En Pereira, Ciencuadras Cuadra Todo <\/div><\/span>\n\t\t\t\t\t\t\t<span class='e-n-accordion-item-title-icon'>\n\t\t\t<span class='e-opened' ><svg aria-hidden=\"true\" class=\"e-font-icon-svg e-fas-minus\" viewBox=\"0 0 448 512\" xmlns=\"http:\/\/www.w3.org\/2000\/svg\"><path d=\"M416 208H32c-17.67 0-32 14.33-32 32v32c0 17.67 14.33 32 32 32h384c17.67 0 32-14.33 32-32v-32c0-17.67-14.33-32-32-32z\"><\/path><\/svg><\/span>\n\t\t\t<span class='e-closed'><svg aria-hidden=\"true\" class=\"e-font-icon-svg e-fas-plus\" viewBox=\"0 0 448 512\" xmlns=\"http:\/\/www.w3.org\/2000\/svg\"><path d=\"M416 208H272V64c0-17.67-14.33-32-32-32h-32c-17.67 0-32 14.33-32 32v144H32c-17.67 0-32 14.33-32 32v32c0 17.67 14.33 32 32 32h144v144c0 17.67 14.33 32 32 32h32c17.67 0 32-14.33 32-32V304h144c17.67 0 32-14.33 32-32v-32c0-17.67-14.33-32-32-32z\"><\/path><\/svg><\/span>\n\t\t<\/span>\n\n\t\t\t\t\t\t<\/summary>\n\t\t\t\t<div role=\"region\" aria-labelledby=\"e-n-accordion-item-2582\" class=\"elementor-element elementor-element-418c8a9 e-con-full e-flex e-con e-child\" data-id=\"418c8a9\" data-element_type=\"container\">\n\t\t<div role=\"region\" aria-labelledby=\"e-n-accordion-item-2582\" class=\"elementor-element elementor-element-ba3f935 e-flex e-con-boxed e-con e-child\" data-id=\"ba3f935\" data-element_type=\"container\">\n\t\t\t\t\t<div class=\"e-con-inner\">\n\t\t\t\t<div class=\"elementor-element elementor-element-37900b9 elementor-widget elementor-widget-text-editor\" data-id=\"37900b9\" data-element_type=\"widget\" data-widget_type=\"text-editor.default\">\n\t\t\t\t<div class=\"elementor-widget-container\">\n\t\t\t\t\t\t\t<p>En la capital risaraldense se pueden encontrar obras con una arquitectura Moderna, Bahareque, as\u00ed como Republicana.\u00a0\u00a0<\/p><p>Por ejemplo,\u00a0<a href=\"https:\/\/www.pereiravirtual.com\/es\/monumentos-y-atracciones-turisticas\/1913-palacio-nacional-de-pereira\" target=\"_blank\" rel=\"noopener\"><b>el Palacio Nacional de Pereira es una muestra clara de la arquitectura Moderna<\/b><\/a>. El inmueble, construido entre\u00a0 1946 y 1950, se enfoca en la amplitud de los espacios, la funcionalidad, las l\u00edneas rectas, la simplicidad y las transparencias.\u00a0<\/p><p>Por su parte, la<b>\u00a0sede del Concejo Municipal\u00a0<\/b>refleja la\u00a0<b>arquitectura regional de Bahareque<\/b>. Esta obra fue construida con materiales disponibles en la regi\u00f3n, entre 1910 y 1920.\u00a0<\/p><p><a href=\"https:\/\/www.granhotelpereira.com\/casas-patrimoniales-de-la-ciudad\/\" target=\"_blank\" rel=\"noopener\"><b>La Casa Ochoa se realiz\u00f3 en los a\u00f1os 20<\/b><\/a>\u00a0y es un testimonio de la tecnolog\u00eda Bahareque, propia de la\u00a0<b>arquitectura Republicana regional<\/b>. Est\u00e1 hecha a partir de elementos que hoy permanecen, como la madera, esterilla, pa\u00f1ete, teja de barro.<\/p><p>Dentro de las viviendas patrimoniales de la ciudad tambi\u00e9n se destaca La casa de Valeriano Marulanda, propia del\u00a0<b>Per\u00edodo Republicano Nacional<\/b>. Es una de las primeras edificaciones construidas en mamposter\u00eda en la ciudad, tambi\u00e9n es de la d\u00e9cada de los 20.<\/p>\t\t\t\t\t\t<\/div>\n\t\t\t\t<\/div>\n\t\t\t\t\t<\/div>\n\t\t\t\t<\/div>\n\t\t\t\t<\/div>\n\t\t\t\t\t<\/details>\n\t\t\t\t\t<\/div>\n\t\t\t\t<\/div>\n\t\t\t\t<\/div>\n\t\t\t\t<\/div>\n\t\t\t\t<div class=\"elementor-element elementor-element-aaddc64 elementor-button-align-stretch elementor-widget elementor-widget-form\" data-id=\"aaddc64\" data-element_type=\"widget\" data-settings=\"{&quot;step_next_label&quot;:&quot;Next&quot;,&quot;step_previous_label&quot;:&quot;Previous&quot;,&quot;button_width&quot;:&quot;100&quot;,&quot;step_type&quot;:&quot;number_text&quot;,&quot;step_icon_shape&quot;:&quot;circle&quot;}\" data-widget_type=\"form.default\">\n\t\t\t\t<div class=\"elementor-widget-container\">\n\t\t\t\t\t<form class=\"elementor-form\" method=\"post\" name=\"New Form\">\n\t\t\t<input type=\"hidden\" name=\"post_id\" value=\"128305\"\/>\n\t\t\t<input type=\"hidden\" name=\"form_id\" value=\"aaddc64\"\/>\n\t\t\t<input type=\"hidden\" name=\"referer_title\" value=\"Gu\u00eda de ciudad Pereira - Ciudades de Colombia | Ciencuadras\" \/>\n\n\t\t\t\t\t\t\t<input type=\"hidden\" name=\"queried_id\" value=\"128305\"\/>\n\t\t\t\n\t\t\t<div class=\"elementor-form-fields-wrapper elementor-labels-above\">\n\t\t\t\t\t\t\t\t<div class=\"elementor-field-type-text elementor-field-group elementor-column elementor-field-group-name elementor-col-100\">\n\t\t\t\t\t\t\t\t\t\t\t\t<label for=\"form-field-name\" class=\"elementor-field-label\">\n\t\t\t\t\t\t\t\tNombre\t\t\t\t\t\t\t<\/label>\n\t\t\t\t\t\t\t\t\t\t\t\t\t\t<input size=\"1\" type=\"text\" name=\"form_fields[name]\" id=\"form-field-name\" class=\"elementor-field elementor-size-sm  elementor-field-textual\" placeholder=\"Nombre\">\n\t\t\t\t\t\t\t\t\t\t\t<\/div>\n\t\t\t\t\t\t\t\t<div class=\"elementor-field-type-email elementor-field-group elementor-column elementor-field-group-email elementor-col-100 elementor-field-required\">\n\t\t\t\t\t\t\t\t\t\t\t\t<label for=\"form-field-email\" class=\"elementor-field-label\">\n\t\t\t\t\t\t\t\tCorreo\t\t\t\t\t\t\t<\/label>\n\t\t\t\t\t\t\t\t\t\t\t\t\t\t<input size=\"1\" type=\"email\" name=\"form_fields[email]\" id=\"form-field-email\" class=\"elementor-field elementor-size-sm  elementor-field-textual\" placeholder=\"Correo\" required=\"required\" aria-required=\"true\">\n\t\t\t\t\t\t\t\t\t\t\t<\/div>\n\t\t\t\t\t\t\t\t<div class=\"elementor-field-type-textarea elementor-field-group elementor-column elementor-field-group-message elementor-col-100\">\n\t\t\t\t\t\t\t\t\t\t\t\t<label for=\"form-field-message\" class=\"elementor-field-label\">\n\t\t\t\t\t\t\t\tComentario\t\t\t\t\t\t\t<\/label>\n\t\t\t\t\t\t<textarea class=\"elementor-field-textual elementor-field  elementor-size-sm\" name=\"form_fields[message]\" id=\"form-field-message\" rows=\"4\" placeholder=\"Escribe aqu\u00ed...\"><\/textarea>\t\t\t\t<\/div>\n\t\t\t\t\t\t\t\t<div class=\"elementor-field-group elementor-column elementor-field-type-submit elementor-col-100 e-form__buttons\">\n\t\t\t\t\t<button class=\"elementor-button elementor-size-sm\" type=\"submit\">\n\t\t\t\t\t\t<span class=\"elementor-button-content-wrapper\">\n\t\t\t\t\t\t\t\t\t\t\t\t\t\t\t\t\t\t\t\t\t\t<span class=\"elementor-button-text\">Enviar<\/span>\n\t\t\t\t\t\t\t\t\t\t\t\t\t<\/span>\n\t\t\t\t\t<\/button>\n\t\t\t\t<\/div>\n\t\t\t<\/div>\n\t\t<\/form>\n\t\t\t\t<\/div>\n\t\t\t\t<\/div>\n\t\t\t\t<div class=\"elementor-element elementor-element-a5f37df elementor-widget elementor-widget-html\" data-id=\"a5f37df\" data-element_type=\"widget\" data-widget_type=\"html.default\">\n\t\t\t\t<div class=\"elementor-widget-container\">\n\t\t\t<table cellpadding='0' cellspacing='0' align='center' style='width: 100%'><tr style='text-align: center; font-family: Open Sans, sans-serif;'><td style='padding-bottom: 24px; color: #29292a; font-size: 18px; font-weight: 600'>\u00bfQu\u00e9 tan \u00fatil le pareci\u00f3 este contenido?<\/td><\/tr><tr style='text-align: center;'><td><table cellpadding='0' cellspacing='0' style='width: 100%; max-width: 400px; margin: auto'><tr><td><a style='text-decoration: none' href='https:\/\/survey.survicate.com\/2024c603f1ca0b80\/?pieza=128305_guia_de_ciudad_pereira|Gu\u00edas|Gu\u00eda de ciudades&aid=2533768' target='_blank' rel='nofollow'> <img style='width: 32px; height: 32px' src='https:\/\/image.experienciasbolivar.segurosbolivar.com\/lib\/fe3511747364047b751475\/m\/1\/a2945bbd-60a9-43cb-b225-78bf5e055db5.png' > <\/a><\/td><td><a style='text-decoration: none' href='https:\/\/survey.survicate.com\/2024c603f1ca0b80\/?pieza=128305_guia_de_ciudad_pereira|Gu\u00edas|Gu\u00eda de ciudades&aid=2533769' target='_blank' rel='nofollow'> <img style='width: 32px; height: 32px' src='https:\/\/image.experienciasbolivar.segurosbolivar.com\/lib\/fe3511747364047b751475\/m\/1\/161006d2-a309-4148-a578-df40c5152496.png' > <\/a><\/td><td><a style='text-decoration: none' href='https:\/\/survey.survicate.com\/2024c603f1ca0b80\/?pieza=128305_guia_de_ciudad_pereira|Gu\u00edas|Gu\u00eda de ciudades&aid=2533770' target='_blank' rel='nofollow'> <img style='width: 32px; height: 32px' src='https:\/\/image.experienciasbolivar.segurosbolivar.com\/lib\/fe3511747364047b751475\/m\/1\/ba2c4c82-1c2c-4bcb-b894-20f6776af736.png' > <\/a><\/td><td><a style='text-decoration: none' href='https:\/\/survey.survicate.com\/2024c603f1ca0b80\/?pieza=128305_guia_de_ciudad_pereira|Gu\u00edas|Gu\u00eda de ciudades&aid=2533771' target='_blank' rel='nofollow'> <img style='width: 32px; height: 32px' src='https:\/\/image.experienciasbolivar.segurosbolivar.com\/lib\/fe3511747364047b751475\/m\/1\/52e25dc4-db06-43e1-ada3-a13cc6834b02.png' > <\/a><\/td><td><a style='text-decoration: none' href='https:\/\/survey.survicate.com\/2024c603f1ca0b80\/?pieza=128305_guia_de_ciudad_pereira|Gu\u00edas|Gu\u00eda de ciudades&aid=2533772' target='_blank' rel='nofollow'> <img style='width: 32px; height: 32px' src='https:\/\/image.experienciasbolivar.segurosbolivar.com\/lib\/fe3511747364047b751475\/m\/1\/f125fd9c-b185-4d5b-8a2c-c67e5f69c93b.png' > <\/a><\/td><\/tr><\/table><\/td><\/tr><\/table>\t\t<\/div>\n\t\t\t\t<\/div>\n\t\t\t\t<\/div>\n\t\t\t\t<\/div>\n\t\t\t\t<\/div>\n\t\t<div class=\"elementor-element elementor-element-93e28d8 e-con-full e-flex e-con e-child\" data-id=\"93e28d8\" data-element_type=\"container\" data-settings=\"{&quot;motion_fx_motion_fx_scrolling&quot;:&quot;yes&quot;,&quot;motion_fx_translateY_effect&quot;:&quot;yes&quot;,&quot;motion_fx_translateY_speed&quot;:{&quot;unit&quot;:&quot;px&quot;,&quot;size&quot;:0,&quot;sizes&quot;:[]},&quot;sticky&quot;:&quot;top&quot;,&quot;motion_fx_translateY_affectedRange&quot;:{&quot;unit&quot;:&quot;%&quot;,&quot;size&quot;:&quot;&quot;,&quot;sizes&quot;:{&quot;start&quot;:0,&quot;end&quot;:100}},&quot;motion_fx_devices&quot;:[&quot;desktop&quot;,&quot;tablet&quot;,&quot;mobile&quot;],&quot;sticky_on&quot;:[&quot;desktop&quot;,&quot;tablet&quot;,&quot;mobile&quot;],&quot;sticky_offset&quot;:0,&quot;sticky_effects_offset&quot;:0,&quot;sticky_anchor_link_offset&quot;:0}\">\n\t\t\t\t<div class=\"elementor-element elementor-element-a9d1e13 elementor-widget elementor-widget-heading\" data-id=\"a9d1e13\" data-element_type=\"widget\" data-widget_type=\"heading.default\">\n\t\t\t\t<div class=\"elementor-widget-container\">\n\t\t\t<h2 class=\"elementor-heading-title elementor-size-default\">Pereira en el mapa<\/h2>\t\t<\/div>\n\t\t\t\t<\/div>\n\t\t\t\t<div class=\"elementor-element elementor-element-e8ffa7a elementor-widget elementor-widget-html\" data-id=\"e8ffa7a\" data-element_type=\"widget\" data-widget_type=\"html.default\">\n\t\t\t\t<div class=\"elementor-widget-container\">\n\t\t\t<iframe src=\"https:\/\/www.google.com\/maps\/embed?pb=!1m18!1m12!1m3!1d127225.4437171795!2d-75.796073958869!3d4.805205703775637!2m3!1f0!2f0!3f0!3m2!1i1024!2i768!4f13.1!3m3!1m2!1s0x8e388748eb56c1fd%3A0x95b39410f9f1dfbc!2sPereira%2C%20Risaralda!5e0!3m2!1ses!2sco!4v1765815680764!5m2!1ses!2sco\" width=\"600\" height=\"250\" style=\"border:0;\" allowfullscreen=\"\" loading=\"lazy\" referrerpolicy=\"no-referrer-when-downgrade\"><\/iframe>\t\t<\/div>\n\t\t\t\t<\/div>\n\t\t\t\t<div class=\"elementor-element elementor-element-e66d434 elementor-widget elementor-widget-heading\" data-id=\"e66d434\" data-element_type=\"widget\" data-widget_type=\"heading.default\">\n\t\t\t\t<div class=\"elementor-widget-container\">\n\t\t\t<h2 class=\"elementor-heading-title elementor-size-default\">Inmuebles en Pereira<\/h2>\t\t<\/div>\n\t\t\t\t<\/div>\n\t\t\t\t<div class=\"elementor-element elementor-element-21265e5 elementor-widget__width-inherit elementor-align-justify newProjects elementor-widget elementor-widget-button\" data-id=\"21265e5\" data-element_type=\"widget\" data-widget_type=\"button.default\">\n\t\t\t\t<div class=\"elementor-widget-container\">\n\t\t\t\t\t\t\t<div class=\"elementor-button-wrapper\">\n\t\t\t\t\t<a class=\"elementor-button elementor-button-link elementor-size-sm\" href=\"https:\/\/www.ciencuadras.com\/proyectos-vivienda-nueva\/pereira\/apartamento?utm_source=Autopauta&#038;utm_medium=Blog_enlace&#038;utm_campaign=BG_128305_guia_de_barrio\" target=\"_blank\" id=\"newProjects\">\n\t\t\t\t\t\t<span class=\"elementor-button-content-wrapper\">\n\t\t\t\t\t\t\t\t\t<span class=\"elementor-button-text\">Proyectos nuevos<\/span>\n\t\t\t\t\t<\/span>\n\t\t\t\t\t<\/a>\n\t\t\t\t<\/div>\n\t\t\t\t\t\t<\/div>\n\t\t\t\t<\/div>\n\t\t\t\t<div class=\"elementor-element elementor-element-a10982c elementor-align-justify rentalProperties elementor-widget elementor-widget-button\" data-id=\"a10982c\" data-element_type=\"widget\" data-widget_type=\"button.default\">\n\t\t\t\t<div class=\"elementor-widget-container\">\n\t\t\t\t\t\t\t<div class=\"elementor-button-wrapper\">\n\t\t\t\t\t<a class=\"elementor-button elementor-button-link elementor-size-sm\" href=\"https:\/\/www.ciencuadras.com\/arriendo\/pereira\/apartamento?utm_source=Autopauta&#038;utm_medium=Blog_enlace&#038;utm_campaign=BG_128305_guia_de_barrio\" target=\"_blank\" id=\"rentalProperties\">\n\t\t\t\t\t\t<span class=\"elementor-button-content-wrapper\">\n\t\t\t\t\t\t\t\t\t<span class=\"elementor-button-text\">Propiedades en arriendo<\/span>\n\t\t\t\t\t<\/span>\n\t\t\t\t\t<\/a>\n\t\t\t\t<\/div>\n\t\t\t\t\t\t<\/div>\n\t\t\t\t<\/div>\n\t\t\t\t<div class=\"elementor-element elementor-element-acc1065 elementor-align-justify saleProperties elementor-widget elementor-widget-button\" data-id=\"acc1065\" data-element_type=\"widget\" data-widget_type=\"button.default\">\n\t\t\t\t<div class=\"elementor-widget-container\">\n\t\t\t\t\t\t\t<div class=\"elementor-button-wrapper\">\n\t\t\t\t\t<a class=\"elementor-button elementor-button-link elementor-size-sm\" href=\"https:\/\/www.ciencuadras.com\/venta\/pereira\/apartamento?utm_source=Autopauta&#038;utm_medium=Blog_enlace&#038;utm_campaign=BG_128305_guia_de_barrio\" target=\"_blank\" id=\"saleProperties\">\n\t\t\t\t\t\t<span class=\"elementor-button-content-wrapper\">\n\t\t\t\t\t\t\t\t\t<span class=\"elementor-button-text\">Propiedades en venta<\/span>\n\t\t\t\t\t<\/span>\n\t\t\t\t\t<\/a>\n\t\t\t\t<\/div>\n\t\t\t\t\t\t<\/div>\n\t\t\t\t<\/div>\n\t\t\t\t<\/div>\n\t\t\t\t\t<\/div>\n\t\t\t\t<\/div>\n\t\t\t\t<\/div>\n\t\t\n","protected":false},"excerpt":{"rendered":"<p>Pereira en cifras $385.174.851 Precio promedio venta $5.532.982 Precio promedio m2 3 y 4 Estrato De acuerdo con informaci\u00f3n de\u00a0Galer\u00eda Inmobiliaria, durante el a\u00f1o 2020 &hellip;<\/p>\n","protected":false},"author":9,"featured_media":0,"parent":0,"menu_order":0,"comment_status":"closed","ping_status":"closed","template":"","meta":{"footnotes":""},"acf":[],"yoast_head":"<!-- This site is optimized with the Yoast SEO plugin v15.9 - https:\/\/yoast.com\/wordpress\/plugins\/seo\/ -->\n<title>Gu\u00eda de ciudad Pereira - Ciudades de Colombia | Ciencuadras<\/title>\n<meta name=\"description\" content=\"Conoce todo sobre Pereira su historia e informaci\u00f3n del sector inmobiliario, encuentra apartamentos, casas y proyectos de vivienda en Pereira\" \/>\n<meta name=\"robots\" content=\"index, follow, max-snippet:-1, max-image-preview:large, max-video-preview:-1\" \/>\n<link rel=\"canonical\" href=\"https:\/\/www.ciencuadras.com\/blog\/guia-de-ciudades-pereira\" \/>\n<meta property=\"og:locale\" content=\"es_ES\" \/>\n<meta property=\"og:type\" content=\"article\" \/>\n<meta property=\"og:title\" content=\"Gu\u00eda de ciudad Pereira - Ciudades de Colombia | Ciencuadras\" \/>\n<meta property=\"og:description\" content=\"Conoce todo sobre Pereira su historia e informaci\u00f3n del sector inmobiliario, encuentra apartamentos, casas y proyectos de vivienda en Pereira\" \/>\n<meta property=\"og:url\" content=\"https:\/\/www.ciencuadras.com\/blog\/guia-de-ciudades-pereira\" \/>\n<meta property=\"article:publisher\" content=\"https:\/\/www.facebook.com\/ciencuadras\/\" \/>\n<meta property=\"article:modified_time\" content=\"2026-02-10T15:47:08+00:00\" \/>\n<meta property=\"og:image\" content=\"https:\/\/www.ciencuadras.com\/blog\/wp-content\/uploads\/2021\/06\/760x501_pereira-1.jpg\" \/>\n<meta name=\"twitter:card\" content=\"summary_large_image\" \/>\n<meta name=\"twitter:site\" content=\"@ciencuadras\" \/>\n<meta name=\"twitter:label1\" content=\"Est. reading time\">\n\t<meta name=\"twitter:data1\" content=\"11 minutos\">\n<script type=\"application\/ld+json\" class=\"yoast-schema-graph\">{\"@context\":\"https:\/\/schema.org\",\"@graph\":[{\"@type\":\"Organization\",\"@id\":\"https:\/\/www.ciencuadras.com\/blog\/#organization\",\"name\":\"Ciencuadras.com\",\"url\":\"https:\/\/www.ciencuadras.com\/blog\/\",\"sameAs\":[\"https:\/\/www.facebook.com\/ciencuadras\/\",\"https:\/\/www.instagram.com\/ciencuadras\/\",\"https:\/\/co.linkedin.com\/company\/ciencuadras\",\"https:\/\/www.youtube.com\/channel\/UC_f830HP5dUy6OjBIbjtlAw\",\"https:\/\/twitter.com\/ciencuadras\"],\"logo\":{\"@type\":\"ImageObject\",\"@id\":\"https:\/\/www.ciencuadras.com\/blog\/#logo\",\"inLanguage\":\"es-CO\",\"url\":\"\",\"caption\":\"Ciencuadras.com\"},\"image\":{\"@id\":\"https:\/\/www.ciencuadras.com\/blog\/#logo\"}},{\"@type\":\"WebSite\",\"@id\":\"https:\/\/www.ciencuadras.com\/blog\/#website\",\"url\":\"https:\/\/www.ciencuadras.com\/blog\/\",\"name\":\"\",\"description\":\"\",\"publisher\":{\"@id\":\"https:\/\/www.ciencuadras.com\/blog\/#organization\"},\"potentialAction\":[{\"@type\":\"SearchAction\",\"target\":\"https:\/\/www.ciencuadras.com\/blog\/?s={search_term_string}\",\"query-input\":\"required name=search_term_string\"}],\"inLanguage\":\"es-CO\"},{\"@type\":\"ImageObject\",\"@id\":\"https:\/\/www.ciencuadras.com\/blog\/guia-de-ciudades-pereira#primaryimage\",\"inLanguage\":\"es-CO\",\"url\":\"https:\/\/www.ciencuadras.com\/blog\/wp-content\/uploads\/2021\/06\/760x501_pereira-1.jpg\",\"width\":760,\"height\":501},{\"@type\":\"WebPage\",\"@id\":\"https:\/\/www.ciencuadras.com\/blog\/guia-de-ciudades-pereira#webpage\",\"url\":\"https:\/\/www.ciencuadras.com\/blog\/guia-de-ciudades-pereira\",\"name\":\"Gu\\u00eda de ciudad Pereira - Ciudades de Colombia | Ciencuadras\",\"isPartOf\":{\"@id\":\"https:\/\/www.ciencuadras.com\/blog\/#website\"},\"primaryImageOfPage\":{\"@id\":\"https:\/\/www.ciencuadras.com\/blog\/guia-de-ciudades-pereira#primaryimage\"},\"datePublished\":\"2026-02-03T19:37:19+00:00\",\"dateModified\":\"2026-02-10T15:47:08+00:00\",\"description\":\"Conoce todo sobre Pereira su historia e informaci\\u00f3n del sector inmobiliario, encuentra apartamentos, casas y proyectos de vivienda en Pereira\",\"breadcrumb\":{\"@id\":\"https:\/\/www.ciencuadras.com\/blog\/guia-de-ciudades-pereira#breadcrumb\"},\"inLanguage\":\"es-CO\",\"potentialAction\":[{\"@type\":\"ReadAction\",\"target\":[\"https:\/\/www.ciencuadras.com\/blog\/guia-de-ciudades-pereira\"]}]},{\"@type\":\"BreadcrumbList\",\"@id\":\"https:\/\/www.ciencuadras.com\/blog\/guia-de-ciudades-pereira#breadcrumb\",\"itemListElement\":[{\"@type\":\"ListItem\",\"position\":1,\"item\":{\"@type\":\"WebPage\",\"@id\":\"https:\/\/www.ciencuadras.com\/blog\",\"url\":\"https:\/\/www.ciencuadras.com\/blog\",\"name\":\"Blog\"}},{\"@type\":\"ListItem\",\"position\":2,\"item\":{\"@type\":\"WebPage\",\"@id\":\"https:\/\/www.ciencuadras.com\/blog\/guia-de-ciudades-pereira\",\"url\":\"https:\/\/www.ciencuadras.com\/blog\/guia-de-ciudades-pereira\",\"name\":\"Pereira, una tierra con aroma a caf\\u00e9\"}}]}]}<\/script>\n<!-- \/ Yoast SEO plugin. -->","_links":{"self":[{"href":"https:\/\/www.ciencuadras.com\/blog\/wp-json\/wp\/v2\/pages\/128305"}],"collection":[{"href":"https:\/\/www.ciencuadras.com\/blog\/wp-json\/wp\/v2\/pages"}],"about":[{"href":"https:\/\/www.ciencuadras.com\/blog\/wp-json\/wp\/v2\/types\/page"}],"author":[{"embeddable":true,"href":"https:\/\/www.ciencuadras.com\/blog\/wp-json\/wp\/v2\/users\/9"}],"replies":[{"embeddable":true,"href":"https:\/\/www.ciencuadras.com\/blog\/wp-json\/wp\/v2\/comments?post=128305"}],"version-history":[{"count":10,"href":"https:\/\/www.ciencuadras.com\/blog\/wp-json\/wp\/v2\/pages\/128305\/revisions"}],"predecessor-version":[{"id":129383,"href":"https:\/\/www.ciencuadras.com\/blog\/wp-json\/wp\/v2\/pages\/128305\/revisions\/129383"}],"wp:attachment":[{"href":"https:\/\/www.ciencuadras.com\/blog\/wp-json\/wp\/v2\/media?parent=128305"}],"curies":[{"name":"wp","href":"https:\/\/api.w.org\/{rel}","templated":true}]}}