{"id":128473,"date":"2026-02-09T09:43:26","date_gmt":"2026-02-09T14:43:26","guid":{"rendered":"https:\/\/www.ciencuadras.com\/blog\/?page_id=128473"},"modified":"2026-02-12T11:08:51","modified_gmt":"2026-02-12T16:08:51","slug":"guia-de-barrio-el-poblado-medellin","status":"publish","type":"page","link":"https:\/\/www.ciencuadras.com\/blog\/guia-de-barrio-el-poblado-medellin","title":{"rendered":"El Poblado, exclusividad y confort en Medell\u00edn"},"content":{"rendered":"\t\t<div data-elementor-type=\"wp-page\" data-elementor-id=\"128473\" class=\"elementor elementor-128473\" data-elementor-post-type=\"page\">\n\t\t\t\t\n<div class=\"elementor-element elementor-element-205c768 e-con-full e-flex e-con e-parent\" data-id=\"205c768\" data-element_type=\"container\">\n\t\t\t\t<div class=\"elementor-element elementor-element-8994a73 elementor-widget elementor-widget-image\" data-id=\"8994a73\" data-element_type=\"widget\" data-widget_type=\"image.default\">\n\t\t\t\t<div class=\"elementor-widget-container\">\n\t\t\t\t\t\t\t\t\t\t\t\t\t<img fetchpriority=\"high\" decoding=\"async\" width=\"1024\" height=\"536\" src=\"https:\/\/www.ciencuadras.com\/blog\/wp-content\/uploads\/2023\/11\/1200x630_Poblado_1-1-1024x536.jpg\" class=\"attachment-large size-large wp-image-118810\" alt=\"\" srcset=\"https:\/\/www.ciencuadras.com\/blog\/wp-content\/uploads\/2023\/11\/1200x630_Poblado_1-1-1024x536.jpg 1024w, https:\/\/www.ciencuadras.com\/blog\/wp-content\/uploads\/2023\/11\/1200x630_Poblado_1-1-300x157.jpg 300w, https:\/\/www.ciencuadras.com\/blog\/wp-content\/uploads\/2023\/11\/1200x630_Poblado_1-1-768x402.jpg 768w, https:\/\/www.ciencuadras.com\/blog\/wp-content\/uploads\/2023\/11\/1200x630_Poblado_1-1.jpg 1200w\" sizes=\"(max-width: 1024px) 100vw, 1024px\" \/>\t\t\t\t\t\t\t\t\t\t\t\t\t<\/div>\n\t\t\t\t<\/div>\n\t\t\t\t<\/div>\n\t\t<div class=\"elementor-element elementor-element-f088fe8 e-flex e-con-boxed e-con e-parent\" data-id=\"f088fe8\" data-element_type=\"container\">\n\t\t\t\t\t<div class=\"e-con-inner\">\n\t\t<div class=\"elementor-element elementor-element-3175ddf e-con-full e-flex e-con e-child\" data-id=\"3175ddf\" data-element_type=\"container\">\n\t\t<div class=\"elementor-element elementor-element-834d9e8 e-con-full e-flex e-con e-child\" data-id=\"834d9e8\" data-element_type=\"container\">\n\t\t\t\t<div class=\"elementor-element elementor-element-6435356 elementor-widget elementor-widget-heading\" data-id=\"6435356\" data-element_type=\"widget\" data-widget_type=\"heading.default\">\n\t\t\t\t<div class=\"elementor-widget-container\">\n\t\t\t<h2 class=\"elementor-heading-title elementor-size-default\">El Poblado en cifras<\/h2>\t\t<\/div>\n\t\t\t\t<\/div>\n\t\t<div class=\"elementor-element elementor-element-402d333 e-grid e-con-full e-con e-child\" data-id=\"402d333\" data-element_type=\"container\">\n\t\t<div class=\"elementor-element elementor-element-d7806fe e-grid e-con-full e-con e-child\" data-id=\"d7806fe\" data-element_type=\"container\">\n\t\t\t\t<div class=\"elementor-element elementor-element-e5a124e elementor-widget__width-inherit elementor-widget elementor-widget-heading\" data-id=\"e5a124e\" data-element_type=\"widget\" data-widget_type=\"heading.default\">\n\t\t\t\t<div class=\"elementor-widget-container\">\n\t\t\t<h2 class=\"elementor-heading-title elementor-size-default\">$1.142.831.144<\/h2>\t\t<\/div>\n\t\t\t\t<\/div>\n\t\t\t\t<div class=\"elementor-element elementor-element-0e44747 elementor-widget elementor-widget-text-editor\" data-id=\"0e44747\" data-element_type=\"widget\" data-widget_type=\"text-editor.default\">\n\t\t\t\t<div class=\"elementor-widget-container\">\n\t\t\t\t\t\t\t<p>Precio promedio venta<\/p>\t\t\t\t\t\t<\/div>\n\t\t\t\t<\/div>\n\t\t\t\t<\/div>\n\t\t<div class=\"elementor-element elementor-element-6641a51 e-grid e-con-full e-con e-child\" data-id=\"6641a51\" data-element_type=\"container\">\n\t\t\t\t<div class=\"elementor-element elementor-element-8baf29c elementor-widget__width-inherit elementor-widget elementor-widget-heading\" data-id=\"8baf29c\" data-element_type=\"widget\" data-widget_type=\"heading.default\">\n\t\t\t\t<div class=\"elementor-widget-container\">\n\t\t\t<h2 class=\"elementor-heading-title elementor-size-default\">$8.376.031<\/h2>\t\t<\/div>\n\t\t\t\t<\/div>\n\t\t\t\t<div class=\"elementor-element elementor-element-2082119 elementor-widget elementor-widget-text-editor\" data-id=\"2082119\" data-element_type=\"widget\" data-widget_type=\"text-editor.default\">\n\t\t\t\t<div class=\"elementor-widget-container\">\n\t\t\t\t\t\t\t<p>Precio promedio m2<\/p>\t\t\t\t\t\t<\/div>\n\t\t\t\t<\/div>\n\t\t\t\t<\/div>\n\t\t<div class=\"elementor-element elementor-element-a63b781 e-grid e-con-full e-con e-child\" data-id=\"a63b781\" data-element_type=\"container\">\n\t\t\t\t<div class=\"elementor-element elementor-element-e51506c elementor-widget__width-inherit elementor-widget elementor-widget-heading\" data-id=\"e51506c\" data-element_type=\"widget\" data-widget_type=\"heading.default\">\n\t\t\t\t<div class=\"elementor-widget-container\">\n\t\t\t<h2 class=\"elementor-heading-title elementor-size-default\">6<\/h2>\t\t<\/div>\n\t\t\t\t<\/div>\n\t\t\t\t<div class=\"elementor-element elementor-element-00c5da8 elementor-widget elementor-widget-text-editor\" data-id=\"00c5da8\" data-element_type=\"widget\" data-widget_type=\"text-editor.default\">\n\t\t\t\t<div class=\"elementor-widget-container\">\n\t\t\t\t\t\t\t<p>Estrato<\/p>\t\t\t\t\t\t<\/div>\n\t\t\t\t<\/div>\n\t\t\t\t<\/div>\n\t\t\t\t<\/div>\n\t\t\t\t<div class=\"elementor-element elementor-element-e7c8960 elementor-widget elementor-widget-text-editor\" data-id=\"e7c8960\" data-element_type=\"widget\" data-widget_type=\"text-editor.default\">\n\t\t\t\t<div class=\"elementor-widget-container\">\n\t\t\t\t\t\t\t<p>El Poblado actualmente es el sector m\u00e1s exclusivo para vivir en la Ciudad de la Eterna Primavera;\u00a0<strong>en la zona confluyen lujosos edificios de apartamentos, centros comerciales, centros empresariales<\/strong>, y todo un entorno cultural y gastron\u00f3mico que convierte al barrio en un lugar de gran atractivo inmobiliario.<\/p><p>A nivel residencial el\u00a0<b>metro cuadrado<\/b>\u00a0<b>en el Poblado oscila entre<\/b>\u00a0los\u00a0<strong>$4 millones y los $14 millones de pesos<\/strong>. (Estos precios dependen de la antig\u00fcedad del inmueble, la ubicaci\u00f3n y los acabados). Actualmente, la oferta inmobiliaria en el sector es variada, con opciones de apartamentos nuevos y usados,\u00a0<strong>de diferentes \u00e1reas y rangos de precios<\/strong>\u00a0que se adaptan a familias de clase media y alta.<\/p><p>En el Poblado se encuentran todos los estratos socioecon\u00f3micos, sin embargo, predominan los inmuebles ubicados entre el 4 y el 6. La zona tiene una ubicaci\u00f3n privilegiada y su oferta inmobiliaria\u00a0<strong>es uno de sus principales atractivos, gracias a combinar factores como la exclusividad, el confort<\/strong>, las zonas verdes y una excelente ubicaci\u00f3n.<\/p><p>Si est\u00e1s pensando en<a href=\"https:\/\/www.ciencuadras.com\/proyectos-vivienda-nueva\/medellin\/comuna-14-el-poblado?autopauta=guias_barrios_medellin_Ambos_Link_EL_Poblado_comprar_apartamento_El_Poblado_Mitad_\" target=\"_blank\" rel=\"noopener\"><strong>\u00a0comprar apartamento en El Poblado<\/strong>\u00a0<\/a>los precios oscilan entre los\u00a0<strong>$340 y los $2800 millones de pesos<\/strong>. Si por el contrario, entre tus planes est\u00e1 alquilar un inmueble en la zona, los<a href=\"https:\/\/www.ciencuadras.com\/arriendo\/medellin\/el-poblado\/el-poblado\/apartamento?autopauta=guias_barrios_medellin_Ambos_Link_EL_Poblado_Apartamentos_en_arriendo_El_poblado_Mitad_\" target=\"_blank\" rel=\"noopener\"><strong>\u00a0apartamentos en arriendo en El Poblado<\/strong><\/a>\u00a0oscilan entre\u00a0<strong>$1.5 y $7 millones de pesos<\/strong>.<\/p>\t\t\t\t\t\t<\/div>\n\t\t\t\t<\/div>\n\t\t<div class=\"elementor-element elementor-element-245b1f8 e-con-full e-flex e-con e-child\" data-id=\"245b1f8\" data-element_type=\"container\">\n\t\t\t\t<div class=\"elementor-element elementor-element-5e63433 elementor-widget elementor-widget-heading\" data-id=\"5e63433\" data-element_type=\"widget\" data-widget_type=\"heading.default\">\n\t\t\t\t<div class=\"elementor-widget-container\">\n\t\t\t<h2 class=\"elementor-heading-title elementor-size-default\">\u00bfPor qu\u00e9 elegir El Poblado?<\/h2>\t\t<\/div>\n\t\t\t\t<\/div>\n\t\t\t\t<div class=\"elementor-element elementor-element-af8befa elementor-widget elementor-widget-text-editor\" data-id=\"af8befa\" data-element_type=\"widget\" data-widget_type=\"text-editor.default\">\n\t\t\t\t<div class=\"elementor-widget-container\">\n\t\t\t\t\t\t\t<p>El sector cuenta con todo lo necesario para disfrutar de una buena calidad de vida. Estas son las ventajas de vivir en El Poblado:<\/p>\t\t\t\t\t\t<\/div>\n\t\t\t\t<\/div>\n\t\t<div class=\"elementor-element elementor-element-7f05df1 e-grid e-con-full e-con e-child\" data-id=\"7f05df1\" data-element_type=\"container\">\n\t\t<div class=\"elementor-element elementor-element-3bd1ddd e-grid e-con-full e-con e-child\" data-id=\"3bd1ddd\" data-element_type=\"container\">\n\t\t\t\t<div class=\"elementor-element elementor-element-0b453e9 elementor-widget__width-inherit elementor-widget elementor-widget-heading\" data-id=\"0b453e9\" data-element_type=\"widget\" data-widget_type=\"heading.default\">\n\t\t\t\t<div class=\"elementor-widget-container\">\n\t\t\t<h2 class=\"elementor-heading-title elementor-size-default\">Espacios verdes<\/h2>\t\t<\/div>\n\t\t\t\t<\/div>\n\t\t\t\t<div class=\"elementor-element elementor-element-fbe7079 elementor-widget elementor-widget-text-editor\" data-id=\"fbe7079\" data-element_type=\"widget\" data-widget_type=\"text-editor.default\">\n\t\t\t\t<div class=\"elementor-widget-container\">\n\t\t\t\t\t\t\t<p>\u00a0El sector combina lujosos edificios con espacios arborizados y un ambiente en el que la naturaleza ofrece tranquilidad. Entre los parques m\u00e1s reconocidos de la zona se destacan el Parque Lleras, el Parque de El Poblado y el Parque la Presidenta.<\/p>\t\t\t\t\t\t<\/div>\n\t\t\t\t<\/div>\n\t\t\t\t<\/div>\n\t\t<div class=\"elementor-element elementor-element-aaee1ab e-grid e-con-full e-con e-child\" data-id=\"aaee1ab\" data-element_type=\"container\">\n\t\t\t\t<div class=\"elementor-element elementor-element-1507728 elementor-widget__width-inherit elementor-widget elementor-widget-heading\" data-id=\"1507728\" data-element_type=\"widget\" data-widget_type=\"heading.default\">\n\t\t\t\t<div class=\"elementor-widget-container\">\n\t\t\t<h2 class=\"elementor-heading-title elementor-size-default\">Oferta comercial<\/h2>\t\t<\/div>\n\t\t\t\t<\/div>\n\t\t\t\t<div class=\"elementor-element elementor-element-b164f61 elementor-widget elementor-widget-text-editor\" data-id=\"b164f61\" data-element_type=\"widget\" data-widget_type=\"text-editor.default\">\n\t\t\t\t<div class=\"elementor-widget-container\">\n\t\t\t\t\t\t\t<p>\u00a0En la zona se encuentran importantes hoteles como el JW Marriott y el Hotel Estelar, adem\u00e1s de la zona rosa que ofrece sitios de diversi\u00f3n nocturna e importantes restaurantes de la ciudad. Sumado a esto, la zona cuenta con importantes centros comerciales como el CC Oviedo y la zona comercial de la Milla de Oro.<\/p>\t\t\t\t\t\t<\/div>\n\t\t\t\t<\/div>\n\t\t\t\t<\/div>\n\t\t<div class=\"elementor-element elementor-element-fd45ecb e-grid e-con-full e-con e-child\" data-id=\"fd45ecb\" data-element_type=\"container\">\n\t\t\t\t<div class=\"elementor-element elementor-element-210e5ad elementor-widget__width-inherit elementor-widget elementor-widget-heading\" data-id=\"210e5ad\" data-element_type=\"widget\" data-widget_type=\"heading.default\">\n\t\t\t\t<div class=\"elementor-widget-container\">\n\t\t\t<h2 class=\"elementor-heading-title elementor-size-default\">V\u00edas de acceso<\/h2>\t\t<\/div>\n\t\t\t\t<\/div>\n\t\t\t\t<div class=\"elementor-element elementor-element-d48e9e1 elementor-widget elementor-widget-text-editor\" data-id=\"d48e9e1\" data-element_type=\"widget\" data-widget_type=\"text-editor.default\">\n\t\t\t\t<div class=\"elementor-widget-container\">\n\t\t\t\t\t\t\t<p>El Poblado\u00a0es un sector de f\u00e1cil acceso; a \u00e9l se puede acceder gracias a rutas de transporte p\u00fablico y a trav\u00e9s del Metro, uno de los principales sistemas de movilidad de Medell\u00edn.<\/p>\t\t\t\t\t\t<\/div>\n\t\t\t\t<\/div>\n\t\t\t\t<\/div>\n\t\t<div class=\"elementor-element elementor-element-d9ab825 e-grid e-con-full e-con e-child\" data-id=\"d9ab825\" data-element_type=\"container\">\n\t\t\t\t<div class=\"elementor-element elementor-element-e0352bd elementor-widget__width-inherit elementor-widget elementor-widget-heading\" data-id=\"e0352bd\" data-element_type=\"widget\" data-widget_type=\"heading.default\">\n\t\t\t\t<div class=\"elementor-widget-container\">\n\t\t\t<h2 class=\"elementor-heading-title elementor-size-default\">Educaci\u00f3n <\/h2>\t\t<\/div>\n\t\t\t\t<\/div>\n\t\t\t\t<div class=\"elementor-element elementor-element-3263c01 elementor-widget elementor-widget-text-editor\" data-id=\"3263c01\" data-element_type=\"widget\" data-widget_type=\"text-editor.default\">\n\t\t\t\t<div class=\"elementor-widget-container\">\n\t\t\t\t\t\t\t<p>En materia de\u00a0educaci\u00f3n,\u00a0el sector cuenta con importantes instituciones como el Colegio Merymount, el Colegio Montessori y San Jos\u00e9 de la Salle, adem\u00e1s de recintos acad\u00e9micos de educaci\u00f3n superior la\u00a0Universidad EAFIT\u00a0y el Polit\u00e9cnico Grancolombiano Jaime Izasa Cadavid.<\/p>\t\t\t\t\t\t<\/div>\n\t\t\t\t<\/div>\n\t\t\t\t<\/div>\n\t\t\t\t<\/div>\n\t\t\t\t<\/div>\n\t\t\t\t<\/div>\n\t\t<div class=\"elementor-element elementor-element-cca9043 e-con-full e-flex e-con e-child\" data-id=\"cca9043\" data-element_type=\"container\">\n\t\t\t\t<div class=\"elementor-element elementor-element-57fcf75 elementor-widget elementor-widget-heading\" data-id=\"57fcf75\" data-element_type=\"widget\" data-widget_type=\"heading.default\">\n\t\t\t\t<div class=\"elementor-widget-container\">\n\t\t\t<h2 class=\"elementor-heading-title elementor-size-default\"><h2 class=\"elementor-heading-title elementor-size-default elementor-inline-editing pen\" data-elementor-setting-key=\"title\" data-pen-placeholder=\"Type Here...\" style=\", sans-serif;font-weight: 700;line-height: 1px\">Ubicaci\u00f3n privilegiada<span style=\"font-family: Montserrat, sans-serif\"><\/span><\/h2><\/h2>\t\t<\/div>\n\t\t\t\t<\/div>\n\t\t\t\t<div class=\"elementor-element elementor-element-eca3dee elementor-widget elementor-widget-text-editor\" data-id=\"eca3dee\" data-element_type=\"widget\" data-widget_type=\"text-editor.default\">\n\t\t\t\t<div class=\"elementor-widget-container\">\n\t\t\t\t\t\t\t<p>El Poblado es la zona de\u00a0<strong>mayor exclusividad dentro de Medell\u00edn<\/strong>\u00a0y su ubicaci\u00f3n es clave para el desarrollo residencial y empresarial.<\/p><p>El sector est\u00e1 situado en la zona sur-oriental de Medell\u00edn;\u00a0<strong>limita al norte con Santa Elena<\/strong>, la Candelaria y Buenos Aires, y al sur con el municipio de Envigado.<\/p>\t\t\t\t\t\t<\/div>\n\t\t\t\t<\/div>\n\t\t\t\t<\/div>\n\t\t<div class=\"elementor-element elementor-element-6bdf69a e-con-full e-flex e-con e-child\" data-id=\"6bdf69a\" data-element_type=\"container\">\n\t\t\t\t<div class=\"elementor-element elementor-element-ffd01ef elementor-widget elementor-widget-heading\" data-id=\"ffd01ef\" data-element_type=\"widget\" data-widget_type=\"heading.default\">\n\t\t\t\t<div class=\"elementor-widget-container\">\n\t\t\t<h2 class=\"elementor-heading-title elementor-size-default\">Inmuebles en El Poblado<\/h2>\t\t<\/div>\n\t\t\t\t<\/div>\n\t\t<div class=\"elementor-element elementor-element-00fd932 e-con-full e-flex e-con e-child\" data-id=\"00fd932\" data-element_type=\"container\">\n\t\t\n\t\t<div class=\"elementor-element elementor-element-08a0d7e elementor-widget elementor-widget-slider-inmuebles-ciencuadras\" data-id=\"08a0d7e\" data-element_type=\"widget\" data-settings=\"{&quot;select_tipo_transaccion&quot;:&quot;venta&quot;}\" data-widget_type=\"slider-inmuebles-ciencuadras.default\">\n\t\t\t\t<div class=\"elementor-widget-container\">\n\t\t\t           <!-- Swiper-->\n            <div class=\"container-swiper container-id-08a0d7e\" >\n                    <div class=\"swiper-button-prev prev-swiper-id-08a0d7e\"><\/div>\n                        <div class=\"swiper mySwiper swiper-id-08a0d7e\">\n                         <div class=\"swiper-wrapper\">\n                                <div data-history=\"0\" class=\"swiper-slide\" >\n                            <a class=\"card\"  href=\"\/inmueble\/apartamento-en-venta-en-urbanizacion-villa-paula-medellin-3674239\" target=\"_blank\">\n                                <div class=\"card-image\">\n                                    <img decoding=\"async\" class=\"img-inmueble\"  \n                                        src=\"https:\/\/www-img-cc.s3.amazonaws.com\/inmuebles\/images\/3674239\/eedded177634658040_plana.jpeg\"\n                                        alt=\"Apartamento\"\n                                        onerror=\"this.src='https:\/\/www.ciencuadras.com\/sources\/images\/result\/no-photo-property.png'\"\n                                    \/>\n                                <\/div>\n                                <div class=\"card-info\">\n                                    <div class=\"card-price\">\n                                        <span>Valor de compra: <\/span>                                        <br \/>\n                                        <span class=\"card-price-big\">$1.150.000.000 \n                                        <\/span>\n                                    <\/div>\n                                    <div class=\"card-location\">\n                                        Apartamento en Venta                                    <\/div>\n                                    <div class=\"card-direction\">\n                                        <div class=\"card-target\">\n                                            <em class=\"fas fa-map-marker-alt\"><\/em>\n                                            <span class=\"city\"> Medell\u00edn<\/span>\n                                            <span>&nbsp;\/&nbsp;<\/span>\n                                            <span class=\"neighborhood\"> URBANIZACION VILLA PAULA<\/span>\n                                        <\/div>\n                                    <\/div>\n                                    <div class=\"specs\">\n                                        <div class=\"specs-data area\"><span class=\"span-data\">226.0 m2<\/span><\/div>\n                                        <div class=\"specs-data rooms\"><span class=\"span-data\">Habit. 3<\/span><\/div><div class=\"specs-data baths\"><span class=\"span-data\">Ba\u00f1os 3<\/span><\/div><div class=\"specs-data garages\"><span class=\"span-data\">Garaje 2<\/span><\/div>                                        \n                                        \n                                        \n                                    <\/div>\n                                <\/div>\n                            <\/a>\n                        <\/div>\n                    \n                   \n\t\t\t\n                                <div data-history=\"1\" class=\"swiper-slide\" >\n                            <a class=\"card\"  href=\"\/inmueble\/apartamento-en-venta-en-urbanizacion-villa-linda-medellin-3678682\" target=\"_blank\">\n                                <div class=\"card-image\">\n                                    <img decoding=\"async\" class=\"img-inmueble\"  \n                                        src=\"https:\/\/www-img-cc.s3.amazonaws.com\/inmuebles\/images\/3678682\/eeacd177634653381_plana.jpeg\"\n                                        alt=\"Apartamento\"\n                                        onerror=\"this.src='https:\/\/www.ciencuadras.com\/sources\/images\/result\/no-photo-property.png'\"\n                                    \/>\n                                <\/div>\n                                <div class=\"card-info\">\n                                    <div class=\"card-price\">\n                                        <span>Valor de compra: <\/span>                                        <br \/>\n                                        <span class=\"card-price-big\">$680.000.000 \n                                        <\/span>\n                                    <\/div>\n                                    <div class=\"card-location\">\n                                        Apartamento en Venta                                    <\/div>\n                                    <div class=\"card-direction\">\n                                        <div class=\"card-target\">\n                                            <em class=\"fas fa-map-marker-alt\"><\/em>\n                                            <span class=\"city\"> Medell\u00edn<\/span>\n                                            <span>&nbsp;\/&nbsp;<\/span>\n                                            <span class=\"neighborhood\"> URBANIZACION VILLA LINDA<\/span>\n                                        <\/div>\n                                    <\/div>\n                                    <div class=\"specs\">\n                                        <div class=\"specs-data area\"><span class=\"span-data\">86.4 m2<\/span><\/div>\n                                        <div class=\"specs-data rooms\"><span class=\"span-data\">Habit. 2<\/span><\/div><div class=\"specs-data baths\"><span class=\"span-data\">Ba\u00f1os 2<\/span><\/div><div class=\"specs-data garages\"><span class=\"span-data\">Garaje 1<\/span><\/div>                                        \n                                        \n                                        \n                                    <\/div>\n                                <\/div>\n                            <\/a>\n                        <\/div>\n                    \n                   \n\t\t\t\n                                <div data-history=\"2\" class=\"swiper-slide\" >\n                            <a class=\"card\"  href=\"\/inmueble\/apartamento-en-venta-en-el-diamante-no-2-medellin-3681543\" target=\"_blank\">\n                                <div class=\"card-image\">\n                                    <img decoding=\"async\" class=\"img-inmueble\"  \n                                        src=\"https:\/\/www-img-cc.s3.amazonaws.com\/inmuebles\/images\/3681543\/ece177688661269_plana.jpeg\"\n                                        alt=\"Apartamento\"\n                                        onerror=\"this.src='https:\/\/www.ciencuadras.com\/sources\/images\/result\/no-photo-property.png'\"\n                                    \/>\n                                <\/div>\n                                <div class=\"card-info\">\n                                    <div class=\"card-price\">\n                                        <span>Valor de compra: <\/span>                                        <br \/>\n                                        <span class=\"card-price-big\">$950.000.000 \n                                        <\/span>\n                                    <\/div>\n                                    <div class=\"card-location\">\n                                        Apartamento en Venta                                    <\/div>\n                                    <div class=\"card-direction\">\n                                        <div class=\"card-target\">\n                                            <em class=\"fas fa-map-marker-alt\"><\/em>\n                                            <span class=\"city\"> Medell\u00edn<\/span>\n                                            <span>&nbsp;\/&nbsp;<\/span>\n                                            <span class=\"neighborhood\"> EL DIAMANTE No.2<\/span>\n                                        <\/div>\n                                    <\/div>\n                                    <div class=\"specs\">\n                                        <div class=\"specs-data area\"><span class=\"span-data\">117.0 m2<\/span><\/div>\n                                        <div class=\"specs-data rooms\"><span class=\"span-data\">Habit. 3<\/span><\/div><div class=\"specs-data baths\"><span class=\"span-data\">Ba\u00f1os 2<\/span><\/div><div class=\"specs-data garages\"><span class=\"span-data\">Garaje 1<\/span><\/div>                                        \n                                        \n                                        \n                                    <\/div>\n                                <\/div>\n                            <\/a>\n                        <\/div>\n                    \n                   \n\t\t\t\n                                <div data-history=\"3\" class=\"swiper-slide\" >\n                            <a class=\"card\"  href=\"\/inmueble\/apartamento-en-venta-en-santa-maria-de-los-angeles-medellin-3623917\" target=\"_blank\">\n                                <div class=\"card-image\">\n                                    <img decoding=\"async\" class=\"img-inmueble\"  \n                                        src=\"https:\/\/www-img-cc.s3.amazonaws.com\/inmuebles\/images\/3623917\/cbf_17708174311_plana.jpeg\"\n                                        alt=\"Apartamento\"\n                                        onerror=\"this.src='https:\/\/www.ciencuadras.com\/sources\/images\/result\/no-photo-property.png'\"\n                                    \/>\n                                <\/div>\n                                <div class=\"card-info\">\n                                    <div class=\"card-price\">\n                                        <span>Valor de compra: <\/span>                                        <br \/>\n                                        <span class=\"card-price-big\">$670.000.000 \n                                        <\/span>\n                                    <\/div>\n                                    <div class=\"card-location\">\n                                        Apartamento en Venta                                    <\/div>\n                                    <div class=\"card-direction\">\n                                        <div class=\"card-target\">\n                                            <em class=\"fas fa-map-marker-alt\"><\/em>\n                                            <span class=\"city\"> Medell\u00edn<\/span>\n                                            <span>&nbsp;\/&nbsp;<\/span>\n                                            <span class=\"neighborhood\"> SANTA MARIA DE LOS ANGELES<\/span>\n                                        <\/div>\n                                    <\/div>\n                                    <div class=\"specs\">\n                                        <div class=\"specs-data area\"><span class=\"span-data\">80 m2<\/span><\/div>\n                                        <div class=\"specs-data rooms\"><span class=\"span-data\">Habit. 3<\/span><\/div><div class=\"specs-data baths\"><span class=\"span-data\">Ba\u00f1os 2<\/span><\/div><div class=\"specs-data garages\"><span class=\"span-data\">Garaje 1<\/span><\/div>                                        \n                                        \n                                        \n                                    <\/div>\n                                <\/div>\n                            <\/a>\n                        <\/div>\n                    \n                   \n\t\t\t\n                                <div data-history=\"4\" class=\"swiper-slide\" >\n                            <a class=\"card\"  href=\"\/inmueble\/apartamento-en-venta-en-colombia-medellin-3393537\" target=\"_blank\">\n                                <div class=\"card-image\">\n                                    <img decoding=\"async\" class=\"img-inmueble\"  \n                                        src=\"https:\/\/www-img-cc.s3.amazonaws.com\/inmuebles\/images\/3393537\/efeb177730506592_plana.jpeg\"\n                                        alt=\"Apartamento\"\n                                        onerror=\"this.src='https:\/\/www.ciencuadras.com\/sources\/images\/result\/no-photo-property.png'\"\n                                    \/>\n                                <\/div>\n                                <div class=\"card-info\">\n                                    <div class=\"card-price\">\n                                        <span>Valor de compra: <\/span>                                        <br \/>\n                                        <span class=\"card-price-big\">$180.000.000 \n                                        <\/span>\n                                    <\/div>\n                                    <div class=\"card-location\">\n                                        Apartamento en Venta                                    <\/div>\n                                    <div class=\"card-direction\">\n                                        <div class=\"card-target\">\n                                            <em class=\"fas fa-map-marker-alt\"><\/em>\n                                            <span class=\"city\"> Medell\u00edn<\/span>\n                                            <span>&nbsp;\/&nbsp;<\/span>\n                                            <span class=\"neighborhood\"> COLOMBIA<\/span>\n                                        <\/div>\n                                    <\/div>\n                                    <div class=\"specs\">\n                                        <div class=\"specs-data area\"><span class=\"span-data\">42 m2<\/span><\/div>\n                                        <div class=\"specs-data rooms\"><span class=\"span-data\">Habit. 3<\/span><\/div><div class=\"specs-data baths\"><span class=\"span-data\">Ba\u00f1os 1<\/span><\/div>                                        \n                                        \n                                        \n                                    <\/div>\n                                <\/div>\n                            <\/a>\n                        <\/div>\n                    \n                   \n\t\t\t\n                                <div data-history=\"5\" class=\"swiper-slide\" >\n                            <a class=\"card\"  href=\"\/inmueble\/apartamento-en-venta-en-las-lomas-no-1-medellin-3680024\" target=\"_blank\">\n                                <div class=\"card-image\">\n                                    <img decoding=\"async\" class=\"img-inmueble\"  \n                                        src=\"https:\/\/www-img-cc.s3.amazonaws.com\/inmuebles\/images\/3680024\/cdb_177506185885_plana.jpeg\"\n                                        alt=\"Apartamento\"\n                                        onerror=\"this.src='https:\/\/www.ciencuadras.com\/sources\/images\/result\/no-photo-property.png'\"\n                                    \/>\n                                <\/div>\n                                <div class=\"card-info\">\n                                    <div class=\"card-price\">\n                                        <span>Valor de compra: <\/span>                                        <br \/>\n                                        <span class=\"card-price-big\">$800.000.000 \n                                        <\/span>\n                                    <\/div>\n                                    <div class=\"card-location\">\n                                        Apartamento en Venta                                    <\/div>\n                                    <div class=\"card-direction\">\n                                        <div class=\"card-target\">\n                                            <em class=\"fas fa-map-marker-alt\"><\/em>\n                                            <span class=\"city\"> Medell\u00edn<\/span>\n                                            <span>&nbsp;\/&nbsp;<\/span>\n                                            <span class=\"neighborhood\"> LAS LOMAS NO. 1<\/span>\n                                        <\/div>\n                                    <\/div>\n                                    <div class=\"specs\">\n                                        <div class=\"specs-data area\"><span class=\"span-data\">85 m2<\/span><\/div>\n                                        <div class=\"specs-data rooms\"><span class=\"span-data\">Habit. 3<\/span><\/div><div class=\"specs-data baths\"><span class=\"span-data\">Ba\u00f1os 2<\/span><\/div><div class=\"specs-data garages\"><span class=\"span-data\">Garaje 1<\/span><\/div>                                        \n                                        \n                                        \n                                    <\/div>\n                                <\/div>\n                            <\/a>\n                        <\/div>\n                    \n                   \n\t\t\t\n                                <div data-history=\"6\" class=\"swiper-slide\" >\n                            <a class=\"card\"  href=\"\/inmueble\/apartamento-en-venta-en-laureles-medellin-3654392\" target=\"_blank\">\n                                <div class=\"card-image\">\n                                    <img decoding=\"async\" class=\"img-inmueble\"  \n                                        src=\"https:\/\/www-img-cc.s3.amazonaws.com\/inmuebles\/images\/3654392\/bccc_177316857866_plana.jpeg\"\n                                        alt=\"Apartamento\"\n                                        onerror=\"this.src='https:\/\/www.ciencuadras.com\/sources\/images\/result\/no-photo-property.png'\"\n                                    \/>\n                                <\/div>\n                                <div class=\"card-info\">\n                                    <div class=\"card-price\">\n                                        <span>Valor de compra: <\/span>                                        <br \/>\n                                        <span class=\"card-price-big\">$995.000.000 \n                                        <\/span>\n                                    <\/div>\n                                    <div class=\"card-location\">\n                                        Apartamento en Venta                                    <\/div>\n                                    <div class=\"card-direction\">\n                                        <div class=\"card-target\">\n                                            <em class=\"fas fa-map-marker-alt\"><\/em>\n                                            <span class=\"city\"> Medell\u00edn<\/span>\n                                            <span>&nbsp;\/&nbsp;<\/span>\n                                            <span class=\"neighborhood\"> LAURELES<\/span>\n                                        <\/div>\n                                    <\/div>\n                                    <div class=\"specs\">\n                                        <div class=\"specs-data area\"><span class=\"span-data\">189 m2<\/span><\/div>\n                                        <div class=\"specs-data rooms\"><span class=\"span-data\">Habit. 3<\/span><\/div><div class=\"specs-data baths\"><span class=\"span-data\">Ba\u00f1os 4<\/span><\/div><div class=\"specs-data garages\"><span class=\"span-data\">Garaje 2<\/span><\/div>                                        \n                                        \n                                        \n                                    <\/div>\n                                <\/div>\n                            <\/a>\n                        <\/div>\n                    \n                   \n\t\t\t\n                                <div data-history=\"7\" class=\"swiper-slide\" >\n                            <a class=\"card\"  href=\"\/inmueble\/apartamento-en-venta-en-la-mota-medellin-3698149\" target=\"_blank\">\n                                <div class=\"card-image\">\n                                    <img decoding=\"async\" class=\"img-inmueble\"  \n                                        src=\"https:\/\/www-img-cc.s3.amazonaws.com\/inmuebles\/images\/3698149\/eae_17765266727_plana.jpeg\"\n                                        alt=\"Apartamento\"\n                                        onerror=\"this.src='https:\/\/www.ciencuadras.com\/sources\/images\/result\/no-photo-property.png'\"\n                                    \/>\n                                <\/div>\n                                <div class=\"card-info\">\n                                    <div class=\"card-price\">\n                                        <span>Valor de compra: <\/span>                                        <br \/>\n                                        <span class=\"card-price-big\">$420.000.000 \n                                        <\/span>\n                                    <\/div>\n                                    <div class=\"card-location\">\n                                        Apartamento en Venta                                    <\/div>\n                                    <div class=\"card-direction\">\n                                        <div class=\"card-target\">\n                                            <em class=\"fas fa-map-marker-alt\"><\/em>\n                                            <span class=\"city\"> Medell\u00edn<\/span>\n                                            <span>&nbsp;\/&nbsp;<\/span>\n                                            <span class=\"neighborhood\"> LA MOTA<\/span>\n                                        <\/div>\n                                    <\/div>\n                                    <div class=\"specs\">\n                                        <div class=\"specs-data area\"><span class=\"span-data\">56.0 m2<\/span><\/div>\n                                        <div class=\"specs-data rooms\"><span class=\"span-data\">Habit. 2<\/span><\/div><div class=\"specs-data baths\"><span class=\"span-data\">Ba\u00f1os 2<\/span><\/div><div class=\"specs-data garages\"><span class=\"span-data\">Garaje 1<\/span><\/div>                                        \n                                        \n                                        \n                                    <\/div>\n                                <\/div>\n                            <\/a>\n                        <\/div>\n                    \n                   \n\t\t\t\n                                <div data-history=\"8\" class=\"swiper-slide\" >\n                            <a class=\"card\"  href=\"\/inmueble\/apartamento-en-arriendo-o-venta-en-laureles-medellin-3664556\" target=\"_blank\">\n                                <div class=\"card-image\">\n                                    <img decoding=\"async\" class=\"img-inmueble\"  \n                                        src=\"https:\/\/www-img-cc.s3.amazonaws.com\/inmuebles\/images\/3664556\/efcdbd_177732330369_plana.jpeg\"\n                                        alt=\"Apartamento\"\n                                        onerror=\"this.src='https:\/\/www.ciencuadras.com\/sources\/images\/result\/no-photo-property.png'\"\n                                    \/>\n                                <\/div>\n                                <div class=\"card-info\">\n                                    <div class=\"card-price\">\n                                        <span>Valor de compra: <\/span>                                        <br \/>\n                                        <span class=\"card-price-big\">$1.530.000.000 \n                                        <\/span>\n                                    <\/div>\n                                    <div class=\"card-location\">\n                                        Apartamento en Arriendo o venta                                    <\/div>\n                                    <div class=\"card-direction\">\n                                        <div class=\"card-target\">\n                                            <em class=\"fas fa-map-marker-alt\"><\/em>\n                                            <span class=\"city\"> Medell\u00edn<\/span>\n                                            <span>&nbsp;\/&nbsp;<\/span>\n                                            <span class=\"neighborhood\"> LAURELES<\/span>\n                                        <\/div>\n                                    <\/div>\n                                    <div class=\"specs\">\n                                        <div class=\"specs-data area\"><span class=\"span-data\">220.0 m2<\/span><\/div>\n                                        <div class=\"specs-data rooms\"><span class=\"span-data\">Habit. 2<\/span><\/div><div class=\"specs-data baths\"><span class=\"span-data\">Ba\u00f1os 3<\/span><\/div><div class=\"specs-data garages\"><span class=\"span-data\">Garaje 2<\/span><\/div>                                        \n                                        \n                                        \n                                    <\/div>\n                                <\/div>\n                            <\/a>\n                        <\/div>\n                    \n                   \n\t\t\t\n                                <div data-history=\"9\" class=\"swiper-slide\" >\n                            <a class=\"card\"  href=\"\/inmueble\/apartamento-en-venta-en-la-mota-medellin-3658204\" target=\"_blank\">\n                                <div class=\"card-image\">\n                                    <img decoding=\"async\" class=\"img-inmueble\"  \n                                        src=\"https:\/\/www-img-cc.s3.amazonaws.com\/inmuebles\/images\/3658204\/bdbcad_177326381826_plana.jpeg\"\n                                        alt=\"Apartamento\"\n                                        onerror=\"this.src='https:\/\/www.ciencuadras.com\/sources\/images\/result\/no-photo-property.png'\"\n                                    \/>\n                                <\/div>\n                                <div class=\"card-info\">\n                                    <div class=\"card-price\">\n                                        <span>Valor de compra: <\/span>                                        <br \/>\n                                        <span class=\"card-price-big\">$645.000.000 \n                                        <\/span>\n                                    <\/div>\n                                    <div class=\"card-location\">\n                                        Apartamento en Venta                                    <\/div>\n                                    <div class=\"card-direction\">\n                                        <div class=\"card-target\">\n                                            <em class=\"fas fa-map-marker-alt\"><\/em>\n                                            <span class=\"city\"> Medell\u00edn<\/span>\n                                            <span>&nbsp;\/&nbsp;<\/span>\n                                            <span class=\"neighborhood\"> LA MOTA<\/span>\n                                        <\/div>\n                                    <\/div>\n                                    <div class=\"specs\">\n                                        <div class=\"specs-data area\"><span class=\"span-data\">95.0 m2<\/span><\/div>\n                                        <div class=\"specs-data rooms\"><span class=\"span-data\">Habit. 4<\/span><\/div><div class=\"specs-data baths\"><span class=\"span-data\">Ba\u00f1os 3<\/span><\/div><div class=\"specs-data garages\"><span class=\"span-data\">Garaje 1<\/span><\/div>                                        \n                                        \n                                        \n                                    <\/div>\n                                <\/div>\n                            <\/a>\n                        <\/div>\n                    \n                   \n\t\t\t\n                      \n                         <\/div>\n                    <\/div>\n                <div class=\"swiper-button-next next-swiper-id-08a0d7e\"><\/div>\n                <div class=\"swiper-pagination  swiper-pagination-id-08a0d7e\"><\/div>\n            <\/div>\n            <div class=\"container-button\">\n                <a href=\"\/venta\/medell\u00edn\/apartamento\" target=\"_blank\">\n                    <button class=\"slider-button\">Ver todos<\/button>\n                <\/a>\n\t\t    <\/div>\n\n            <script>\n                    idSwiper= '08a0d7e';\n                    window['swiperId'+idSwiper] =new Swiper(`.swiper-id-${idSwiper}`, {\n                    spaceBetween: 10,\n                    slidesPerView: 1,\n                    slidesPerGroup: 1,\n                    width:270,\n                    centeredSlides:true,\n                    rewind:true,\n                    breakpointsBase:`.container-id-${idSwiper}`,\n                    navigation: {\n                        nextEl: `.next-swiper-id-${idSwiper}`,\n                        prevEl: `.prev-swiper-id-${idSwiper}`,\n                    },\n                    pagination: {\n                        el: `.swiper-pagination-id-${idSwiper}`,\n                    },\n                    preloadImages: false,\n                    breakpoints: {\n                        600: {\n                            slidesPerView: 2,\n                            spaceBetween: 10,\n                            slidesPerGroup: 2,\n                            width:550,\n                            centeredSlidesBounds: true,\n                            centeredSlides:false,\n                        },\n                        900: {\n                            slidesPerView: 3,\n                            spaceBetween: 10,\n                            slidesPerGroup: 3,\n                            width:830,\n                            centeredSlidesBounds: true,\n                            centeredSlides:false,\n                        },\n                        1200: {\n                            slidesPerView: 4,\n                            spaceBetween: 12,\n                            slidesPerGroup: 4,\n                            width:1110,\n                            centeredSlidesBounds: true,\n                            centeredSlides:false,\n                        },\n                    },\n                });\n            <\/script>\n\n            \n        \t\t<\/div>\n\t\t\t\t<\/div>\n\t\t\t\t<div class=\"elementor-element elementor-element-bd26eb6 elementor-widget elementor-widget-heading\" data-id=\"bd26eb6\" data-element_type=\"widget\" data-widget_type=\"heading.default\">\n\t\t\t\t<div class=\"elementor-widget-container\">\n\t\t\t<h2 class=\"elementor-heading-title elementor-size-default\">\u00a1Descubre m\u00e1s!<\/h2>\t\t<\/div>\n\t\t\t\t<\/div>\n\t\t<div class=\"elementor-element elementor-element-15e0ef4 e-con-full e-flex e-con e-child\" data-id=\"15e0ef4\" data-element_type=\"container\">\n\t\t\t\t<div class=\"elementor-element elementor-element-a359fc1 elementor-widget elementor-widget-html\" data-id=\"a359fc1\" data-element_type=\"widget\" data-widget_type=\"html.default\">\n\t\t\t\t<div class=\"elementor-widget-container\">\n\t\t\t<blockquote class=\"instagram-media\" data-instgrm-permalink=\"https:\/\/www.instagram.com\/reel\/DNZYjQNso3F\/?utm_source=ig_embed&amp;utm_campaign=loading\" data-instgrm-version=\"14\" style=\" background:#FFF; border:0; border-radius:3px; box-shadow:0 0 1px 0 rgba(0,0,0,0.5),0 1px 10px 0 rgba(0,0,0,0.15); margin: 1px; max-width:540px; min-width:326px; padding:0; width:99.375%; width:-webkit-calc(100% - 2px); width:calc(100% - 2px);\"><div style=\"padding:16px;\"> <a href=\"https:\/\/www.instagram.com\/reel\/DNZYjQNso3F\/?utm_source=ig_embed&amp;utm_campaign=loading\" style=\" background:#FFFFFF; line-height:0; padding:0 0; text-align:center; text-decoration:none; width:100%;\" target=\"_blank\"> <div style=\" display: flex; flex-direction: row; align-items: center;\"> <div style=\"background-color: #F4F4F4; border-radius: 50%; flex-grow: 0; height: 40px; margin-right: 14px; width: 40px;\"><\/div> <div style=\"display: flex; flex-direction: column; flex-grow: 1; justify-content: center;\"> <div style=\" background-color: #F4F4F4; border-radius: 4px; flex-grow: 0; height: 14px; margin-bottom: 6px; width: 100px;\"><\/div> <div style=\" background-color: #F4F4F4; border-radius: 4px; flex-grow: 0; height: 14px; width: 60px;\"><\/div><\/div><\/div><div style=\"padding: 19% 0;\"><\/div> <div style=\"display:block; height:50px; margin:0 auto 12px; width:50px;\"><svg width=\"50px\" height=\"50px\" viewBox=\"0 0 60 60\" version=\"1.1\" xmlns=\"https:\/\/www.w3.org\/2000\/svg\" xmlns:xlink=\"https:\/\/www.w3.org\/1999\/xlink\"><g stroke=\"none\" stroke-width=\"1\" fill=\"none\" fill-rule=\"evenodd\"><g transform=\"translate(-511.000000, -20.000000)\" fill=\"#000000\"><g><path d=\"M556.869,30.41 C554.814,30.41 553.148,32.076 553.148,34.131 C553.148,36.186 554.814,37.852 556.869,37.852 C558.924,37.852 560.59,36.186 560.59,34.131 C560.59,32.076 558.924,30.41 556.869,30.41 M541,60.657 C535.114,60.657 530.342,55.887 530.342,50 C530.342,44.114 535.114,39.342 541,39.342 C546.887,39.342 551.658,44.114 551.658,50 C551.658,55.887 546.887,60.657 541,60.657 M541,33.886 C532.1,33.886 524.886,41.1 524.886,50 C524.886,58.899 532.1,66.113 541,66.113 C549.9,66.113 557.115,58.899 557.115,50 C557.115,41.1 549.9,33.886 541,33.886 M565.378,62.101 C565.244,65.022 564.756,66.606 564.346,67.663 C563.803,69.06 563.154,70.057 562.106,71.106 C561.058,72.155 560.06,72.803 558.662,73.347 C557.607,73.757 556.021,74.244 553.102,74.378 C549.944,74.521 548.997,74.552 541,74.552 C533.003,74.552 532.056,74.521 528.898,74.378 C525.979,74.244 524.393,73.757 523.338,73.347 C521.94,72.803 520.942,72.155 519.894,71.106 C518.846,70.057 518.197,69.06 517.654,67.663 C517.244,66.606 516.755,65.022 516.623,62.101 C516.479,58.943 516.448,57.996 516.448,50 C516.448,42.003 516.479,41.056 516.623,37.899 C516.755,34.978 517.244,33.391 517.654,32.338 C518.197,30.938 518.846,29.942 519.894,28.894 C520.942,27.846 521.94,27.196 523.338,26.654 C524.393,26.244 525.979,25.756 528.898,25.623 C532.057,25.479 533.004,25.448 541,25.448 C548.997,25.448 549.943,25.479 553.102,25.623 C556.021,25.756 557.607,26.244 558.662,26.654 C560.06,27.196 561.058,27.846 562.106,28.894 C563.154,29.942 563.803,30.938 564.346,32.338 C564.756,33.391 565.244,34.978 565.378,37.899 C565.522,41.056 565.552,42.003 565.552,50 C565.552,57.996 565.522,58.943 565.378,62.101 M570.82,37.631 C570.674,34.438 570.167,32.258 569.425,30.349 C568.659,28.377 567.633,26.702 565.965,25.035 C564.297,23.368 562.623,22.342 560.652,21.575 C558.743,20.834 556.562,20.326 553.369,20.18 C550.169,20.033 549.148,20 541,20 C532.853,20 531.831,20.033 528.631,20.18 C525.438,20.326 523.257,20.834 521.349,21.575 C519.376,22.342 517.703,23.368 516.035,25.035 C514.368,26.702 513.342,28.377 512.574,30.349 C511.834,32.258 511.326,34.438 511.181,37.631 C511.035,40.831 511,41.851 511,50 C511,58.147 511.035,59.17 511.181,62.369 C511.326,65.562 511.834,67.743 512.574,69.651 C513.342,71.625 514.368,73.296 516.035,74.965 C517.703,76.634 519.376,77.658 521.349,78.425 C523.257,79.167 525.438,79.673 528.631,79.82 C531.831,79.965 532.853,80.001 541,80.001 C549.148,80.001 550.169,79.965 553.369,79.82 C556.562,79.673 558.743,79.167 560.652,78.425 C562.623,77.658 564.297,76.634 565.965,74.965 C567.633,73.296 568.659,71.625 569.425,69.651 C570.167,67.743 570.674,65.562 570.82,62.369 C570.966,59.17 571,58.147 571,50 C571,41.851 570.966,40.831 570.82,37.631\"><\/path><\/g><\/g><\/g><\/svg><\/div><div style=\"padding-top: 8px;\"> <div style=\" color:#3897f0; font-family:Arial,sans-serif; font-size:14px; font-style:normal; font-weight:550; line-height:18px;\">View this post on Instagram<\/div><\/div><div style=\"padding: 12.5% 0;\"><\/div> <div style=\"display: flex; flex-direction: row; margin-bottom: 14px; align-items: center;\"><div> <div style=\"background-color: #F4F4F4; border-radius: 50%; height: 12.5px; width: 12.5px; transform: translateX(0px) translateY(7px);\"><\/div> <div style=\"background-color: #F4F4F4; height: 12.5px; transform: rotate(-45deg) translateX(3px) translateY(1px); width: 12.5px; flex-grow: 0; margin-right: 14px; margin-left: 2px;\"><\/div> <div style=\"background-color: #F4F4F4; border-radius: 50%; height: 12.5px; width: 12.5px; transform: translateX(9px) translateY(-18px);\"><\/div><\/div><div style=\"margin-left: 8px;\"> <div style=\" background-color: #F4F4F4; border-radius: 50%; flex-grow: 0; height: 20px; width: 20px;\"><\/div> <div style=\" width: 0; height: 0; border-top: 2px solid transparent; border-left: 6px solid #f4f4f4; border-bottom: 2px solid transparent; transform: translateX(16px) translateY(-4px) rotate(30deg)\"><\/div><\/div><div style=\"margin-left: auto;\"> <div style=\" width: 0px; border-top: 8px solid #F4F4F4; border-right: 8px solid transparent; transform: translateY(16px);\"><\/div> <div style=\" background-color: #F4F4F4; flex-grow: 0; height: 12px; width: 16px; transform: translateY(-4px);\"><\/div> <div style=\" width: 0; height: 0; border-top: 8px solid #F4F4F4; border-left: 8px solid transparent; transform: translateY(-4px) translateX(8px);\"><\/div><\/div><\/div> <div style=\"display: flex; flex-direction: column; flex-grow: 1; justify-content: center; margin-bottom: 24px;\"> <div style=\" background-color: #F4F4F4; border-radius: 4px; flex-grow: 0; height: 14px; margin-bottom: 6px; width: 224px;\"><\/div> <div style=\" background-color: #F4F4F4; border-radius: 4px; flex-grow: 0; height: 14px; width: 144px;\"><\/div><\/div><\/a><p style=\" color:#c9c8cd; font-family:Arial,sans-serif; font-size:14px; line-height:17px; margin-bottom:0; margin-top:8px; overflow:hidden; padding:8px 0 7px; text-align:center; text-overflow:ellipsis; white-space:nowrap;\"><a href=\"https:\/\/www.instagram.com\/reel\/DNZYjQNso3F\/?utm_source=ig_embed&amp;utm_campaign=loading\" style=\" color:#c9c8cd; font-family:Arial,sans-serif; font-size:14px; font-style:normal; font-weight:normal; line-height:17px; text-decoration:none;\" target=\"_blank\">A post shared by Ciencuadras | Bienes Ra\u00edces (@ciencuadras)<\/a><\/p><\/div><\/blockquote>\r\n<script async src=\"\/\/www.instagram.com\/embed.js\"><\/script>\t\t<\/div>\n\t\t\t\t<\/div>\n\t\t\t\t<div class=\"elementor-element elementor-element-af09da3 elementor-widget elementor-widget-heading\" data-id=\"af09da3\" data-element_type=\"widget\" data-widget_type=\"heading.default\">\n\t\t\t\t<div class=\"elementor-widget-container\">\n\t\t\t<h2 class=\"elementor-heading-title elementor-size-default\">Datos que debes conocer<\/h2>\t\t<\/div>\n\t\t\t\t<\/div>\n\t\t\t\t<div class=\"elementor-element elementor-element-68f92cc elementor-widget elementor-widget-n-accordion\" data-id=\"68f92cc\" data-element_type=\"widget\" data-settings=\"{&quot;default_state&quot;:&quot;expanded&quot;,&quot;max_items_expended&quot;:&quot;one&quot;,&quot;n_accordion_animation_duration&quot;:{&quot;unit&quot;:&quot;ms&quot;,&quot;size&quot;:400,&quot;sizes&quot;:[]}}\" data-widget_type=\"nested-accordion.default\">\n\t\t\t\t<div class=\"elementor-widget-container\">\n\t\t\t\t\t<div class=\"e-n-accordion\" aria-label=\"Accordion. Open links with Enter or Space, close with Escape, and navigate with Arrow Keys\">\n\t\t\t\t\t\t<details id=\"e-n-accordion-item-1100\" class=\"e-n-accordion-item\" open>\n\t\t\t\t<summary class=\"e-n-accordion-item-title\" data-accordion-index=\"1\" tabindex=\"0\" aria-expanded=\"true\" aria-controls=\"e-n-accordion-item-1100\" >\n\t\t\t\t\t<span class='e-n-accordion-item-title-header'><div class=\"e-n-accordion-item-title-text\"> Los mejores lugares para hacer coworking en El Poblado <\/div><\/span>\n\t\t\t\t\t\t\t<span class='e-n-accordion-item-title-icon'>\n\t\t\t<span class='e-opened' ><svg aria-hidden=\"true\" class=\"e-font-icon-svg e-fas-minus\" viewBox=\"0 0 448 512\" xmlns=\"http:\/\/www.w3.org\/2000\/svg\"><path d=\"M416 208H32c-17.67 0-32 14.33-32 32v32c0 17.67 14.33 32 32 32h384c17.67 0 32-14.33 32-32v-32c0-17.67-14.33-32-32-32z\"><\/path><\/svg><\/span>\n\t\t\t<span class='e-closed'><svg aria-hidden=\"true\" class=\"e-font-icon-svg e-fas-plus\" viewBox=\"0 0 448 512\" xmlns=\"http:\/\/www.w3.org\/2000\/svg\"><path d=\"M416 208H272V64c0-17.67-14.33-32-32-32h-32c-17.67 0-32 14.33-32 32v144H32c-17.67 0-32 14.33-32 32v32c0 17.67 14.33 32 32 32h144v144c0 17.67 14.33 32 32 32h32c17.67 0 32-14.33 32-32V304h144c17.67 0 32-14.33 32-32v-32c0-17.67-14.33-32-32-32z\"><\/path><\/svg><\/span>\n\t\t<\/span>\n\n\t\t\t\t\t\t<\/summary>\n\t\t\t\t<div role=\"region\" aria-labelledby=\"e-n-accordion-item-1100\" class=\"elementor-element elementor-element-f0a6a86 e-con-full e-flex e-con e-child\" data-id=\"f0a6a86\" data-element_type=\"container\">\n\t\t<div role=\"region\" aria-labelledby=\"e-n-accordion-item-1100\" class=\"elementor-element elementor-element-0ec4412 e-flex e-con-boxed e-con e-child\" data-id=\"0ec4412\" data-element_type=\"container\">\n\t\t\t\t\t<div class=\"e-con-inner\">\n\t\t\t\t<div class=\"elementor-element elementor-element-8fdef6e elementor-widget elementor-widget-text-editor\" data-id=\"8fdef6e\" data-element_type=\"widget\" data-widget_type=\"text-editor.default\">\n\t\t\t\t<div class=\"elementor-widget-container\">\n\t\t\t\t\t\t\t<p>La exclusividad y el confort del Poblado son el\u00a0<strong>escenario perfecto para albergar espacios de trabajo compartido c\u00f3modos<\/strong>, inspiradores y con servicios que hacen la diferencia. Estas con algunas de las mejores opciones de coworking en la zona:<\/p><ul><li><a href=\"https:\/\/www.wework.com\/es-LA\/buildings\/calle-7d-43a-40--medellin?utm_source=Google&amp;utm_campaign=Organic&amp;utm_medium=Listings\" target=\"_blank\" rel=\"noopener\"><b>WeWork<\/b><\/a><b>:\u00a0<\/b>el gigante de los espacios de coworking tiene una de sus sedes en una de las zonas de alto impacto empresarial en Medell\u00edn, el Poblado, uno de los barrios m\u00e1s exclusivos y c<strong>on presencia de n\u00f3madas digitales en la capital antioque\u00f1a<\/strong>. Con una calificaci\u00f3n de 4.6 estrellas en google, WeWork de la calle 7D #43A 40, ofrece todas las comodidades para llevar a cabo jornadas de trabajo inspiradoras y productivas.\u00a0<strong>Oficinas privadas, escritorios dedicados, salas de reuniones, zonade lactancia, espacios pet friendly<\/strong>\u00a0y la cercan\u00eda a la estaci\u00f3n del metro Poblado, la cual est\u00e1 a tan solo 10 minutos caminando.<\/li><\/ul><ul><li><a href=\"https:\/\/www.quokkacoworking.com\/oficinas\" target=\"_blank\" rel=\"noopener\"><b>Quokka<\/b><\/a><b>:<\/b>\u00a0un concepto que est\u00e1 redefiniendo la manera de hacer coworking en Medell\u00edn. Este espacio de trabajo compartido ubicado\u00a0<strong>tiene dos sedes en la zona del Poblado, y ofrece una amplia variedad de servicios para personas y empresas<\/strong>, entre los cuales se destacan deck individual por horas, escritorios privados y oficinas.\u00a0<strong>Lo mejor del Quokka son sus precios accesibles<\/strong>\u00a0dentro de una excelente ubicaci\u00f3n; se puede disfrutar de este coworking desde $8 mil pesos la hora.<\/li><\/ul><ul><li><a href=\"https:\/\/www.coworklatam.com\/?ae_global_templates=el-poblado-2\" target=\"_blank\" rel=\"noopener\"><b>Co-Work<\/b><\/a><b>:\u00a0<\/b>un servicio personalizado con un espacio dise\u00f1ado a la medida, as\u00ed es Co-Work un modelo de trabajo colaborativo con sedes a nivel mundial, 5 de ellas en Medell\u00edn y una dentro del Poblado. Este espacio\u00a0<strong>ofrece diferentes membres\u00edas con puestos de trabajo rotativos y fijos<\/strong>, adem\u00e1s de todos los servicios necesarios para tener jornadas de trabajo productivas.\u00a0<strong>El lugar cuenta con m\u00e1s de 450 puestos de trabajo<\/strong>\u00a0y como miembro, se puede acceder a \u00e9l las 24 horas del d\u00eda, durante los 7 d\u00edas de la semana.<\/li><\/ul><ul><li><a href=\"https:\/\/betogetherco.com\/\" target=\"_blank\" rel=\"noopener\"><b>Be Together<\/b><\/a><b>:\u00a0<\/b>espacios visibles para vivir y trabajar en la zona m\u00e1s exclusiva de la ciudad, este es el lema de Be Together,\u00a0<strong>un lugar especializado en trabajo colaborativo que integra emprendedores y n\u00f3madas digitales<\/strong>\u00a0en zonas flexibles para la productividad. Dentro de los servicios que ofrece se encuentran: internet de alta velocidad, recepci\u00f3n, impresora, cafeter\u00eda y terraza al aire libre. \u00bfY los costos?\u00a0<strong>Desde $22 mil pesos diarios<\/strong>\u00a0se puede acceder a un puesto de trabajo dentro de Be Together.<\/li><\/ul><ul><li><a href=\"https:\/\/zonawork.co\/\" target=\"_blank\" rel=\"noopener\"><b>Zona Work<\/b><\/a><b>:<\/b>\u00a0espacios amenos y tranquilos ideales para hacer networking y\u00a0<strong>tener jornadas de trabajo creativas, as\u00ed es Zona Work<\/strong>, un lugar de trabajo colaborativo ubicado en el Poblado, con 4.9 estrellas en Google. Este espacio de coworking ofrece servicios y puestos de trabajo\u00a0<strong>a los cuales se puede acceder por horas<\/strong>, d\u00edas, semanas o mensualmente.\u00a0<\/li><\/ul>\t\t\t\t\t\t<\/div>\n\t\t\t\t<\/div>\n\t\t\t\t\t<\/div>\n\t\t\t\t<\/div>\n\t\t\t\t<\/div>\n\t\t\t\t\t<\/details>\n\t\t\t\t\t\t<details id=\"e-n-accordion-item-1101\" class=\"e-n-accordion-item\" >\n\t\t\t\t<summary class=\"e-n-accordion-item-title\" data-accordion-index=\"2\" tabindex=\"-1\" aria-expanded=\"false\" aria-controls=\"e-n-accordion-item-1101\" >\n\t\t\t\t\t<span class='e-n-accordion-item-title-header'><div class=\"e-n-accordion-item-title-text\"> \u00bfQu\u00e9 dice Chat GPT sobre el Poblado? <\/div><\/span>\n\t\t\t\t\t\t\t<span class='e-n-accordion-item-title-icon'>\n\t\t\t<span class='e-opened' ><svg aria-hidden=\"true\" class=\"e-font-icon-svg e-fas-minus\" viewBox=\"0 0 448 512\" xmlns=\"http:\/\/www.w3.org\/2000\/svg\"><path d=\"M416 208H32c-17.67 0-32 14.33-32 32v32c0 17.67 14.33 32 32 32h384c17.67 0 32-14.33 32-32v-32c0-17.67-14.33-32-32-32z\"><\/path><\/svg><\/span>\n\t\t\t<span class='e-closed'><svg aria-hidden=\"true\" class=\"e-font-icon-svg e-fas-plus\" viewBox=\"0 0 448 512\" xmlns=\"http:\/\/www.w3.org\/2000\/svg\"><path d=\"M416 208H272V64c0-17.67-14.33-32-32-32h-32c-17.67 0-32 14.33-32 32v144H32c-17.67 0-32 14.33-32 32v32c0 17.67 14.33 32 32 32h144v144c0 17.67 14.33 32 32 32h32c17.67 0 32-14.33 32-32V304h144c17.67 0 32-14.33 32-32v-32c0-17.67-14.33-32-32-32z\"><\/path><\/svg><\/span>\n\t\t<\/span>\n\n\t\t\t\t\t\t<\/summary>\n\t\t\t\t<div role=\"region\" aria-labelledby=\"e-n-accordion-item-1101\" class=\"elementor-element elementor-element-c2b9d88 e-con-full e-flex e-con e-child\" data-id=\"c2b9d88\" data-element_type=\"container\">\n\t\t<div role=\"region\" aria-labelledby=\"e-n-accordion-item-1101\" class=\"elementor-element elementor-element-eec4454 e-flex e-con-boxed e-con e-child\" data-id=\"eec4454\" data-element_type=\"container\">\n\t\t\t\t\t<div class=\"e-con-inner\">\n\t\t\t\t<div class=\"elementor-element elementor-element-17ded07 elementor-widget elementor-widget-text-editor\" data-id=\"17ded07\" data-element_type=\"widget\" data-widget_type=\"text-editor.default\">\n\t\t\t\t<div class=\"elementor-widget-container\">\n\t\t\t\t\t\t\t<p>Uno de los motores de inteligencia artificial m\u00e1s reconocidos de la actualidad tambi\u00e9n\u00a0<strong>tiene su propia opini\u00f3n acerca de este exclusivo barrio de la ciudad de Medell\u00edn<\/strong>. Esto es lo que nos dice Chat GPT acerca de el Poblado:<\/p><p>El Poblado es uno de los barrios m\u00e1s exclusivos y desarrollados de Medell\u00edn.\u00a0<strong>Es conocido por su ambiente moderno, sus rascacielos, centros comerciales, restaurantes, bares y vida nocturna activa<\/strong>. Tambi\u00e9n es hogar de muchas personas de alto poder adquisitivo y expatriados. El \u00e1rea se considera segura en comparaci\u00f3n con algunas otras partes de la ciudad.<\/p><p>Adem\u00e1s de su car\u00e1cter urbano, El Poblado\u00a0<strong>ofrece una amplia gama de servicios, incluyendo opciones de entretenimiento, cultura y educaci\u00f3n<\/strong>. Tambi\u00e9n cuenta con parques y zonas verdes que brindan espacios para actividades al aire libre.<\/p>\t\t\t\t\t\t<\/div>\n\t\t\t\t<\/div>\n\t\t\t\t\t<\/div>\n\t\t\t\t<\/div>\n\t\t\t\t<\/div>\n\t\t\t\t\t<\/details>\n\t\t\t\t\t\t<details id=\"e-n-accordion-item-1102\" class=\"e-n-accordion-item\" >\n\t\t\t\t<summary class=\"e-n-accordion-item-title\" data-accordion-index=\"3\" tabindex=\"-1\" aria-expanded=\"false\" aria-controls=\"e-n-accordion-item-1102\" >\n\t\t\t\t\t<span class='e-n-accordion-item-title-header'><div class=\"e-n-accordion-item-title-text\"> Transporte en El Poblado <\/div><\/span>\n\t\t\t\t\t\t\t<span class='e-n-accordion-item-title-icon'>\n\t\t\t<span class='e-opened' ><svg aria-hidden=\"true\" class=\"e-font-icon-svg e-fas-minus\" viewBox=\"0 0 448 512\" xmlns=\"http:\/\/www.w3.org\/2000\/svg\"><path d=\"M416 208H32c-17.67 0-32 14.33-32 32v32c0 17.67 14.33 32 32 32h384c17.67 0 32-14.33 32-32v-32c0-17.67-14.33-32-32-32z\"><\/path><\/svg><\/span>\n\t\t\t<span class='e-closed'><svg aria-hidden=\"true\" class=\"e-font-icon-svg e-fas-plus\" viewBox=\"0 0 448 512\" xmlns=\"http:\/\/www.w3.org\/2000\/svg\"><path d=\"M416 208H272V64c0-17.67-14.33-32-32-32h-32c-17.67 0-32 14.33-32 32v144H32c-17.67 0-32 14.33-32 32v32c0 17.67 14.33 32 32 32h144v144c0 17.67 14.33 32 32 32h32c17.67 0 32-14.33 32-32V304h144c17.67 0 32-14.33 32-32v-32c0-17.67-14.33-32-32-32z\"><\/path><\/svg><\/span>\n\t\t<\/span>\n\n\t\t\t\t\t\t<\/summary>\n\t\t\t\t<div role=\"region\" aria-labelledby=\"e-n-accordion-item-1102\" class=\"elementor-element elementor-element-3b77cb8 e-con-full e-flex e-con e-child\" data-id=\"3b77cb8\" data-element_type=\"container\">\n\t\t<div role=\"region\" aria-labelledby=\"e-n-accordion-item-1102\" class=\"elementor-element elementor-element-bfc8272 e-flex e-con-boxed e-con e-child\" data-id=\"bfc8272\" data-element_type=\"container\">\n\t\t\t\t\t<div class=\"e-con-inner\">\n\t\t\t\t<div class=\"elementor-element elementor-element-81cd560 elementor-widget elementor-widget-text-editor\" data-id=\"81cd560\" data-element_type=\"widget\" data-widget_type=\"text-editor.default\">\n\t\t\t\t<div class=\"elementor-widget-container\">\n\t\t\t\t\t\t\t<p>Seis rutas de transporte p\u00fablico cubren la movilidad en El Poblado:\u00a0<strong>130 (Poblado), 132 (Poblado-\u00c9xito), 133 (San Lucas directo) y 134 (Intercontinental-Las Lomas), 135 (San Lucas Campestre)<\/strong>, 136 (San Lucas Palmas). Estas rutas hacen trayectos directos hacia el centro de la ciudad, sumado a esto, existen rutas que funcionan como servicio alimentador del sistema Metro de la ciudad; 130i desde la Estaci\u00f3n Industriales, 133i, 134i y 134ii\u00a0<strong>Chuscalito desde la Estaci\u00f3n Poblado y 132i, 133ii, 133iiA desde la Estaci\u00f3n Aguacatala.<\/strong><\/p>\t\t\t\t\t\t<\/div>\n\t\t\t\t<\/div>\n\t\t\t\t\t<\/div>\n\t\t\t\t<\/div>\n\t\t\t\t<\/div>\n\t\t\t\t\t<\/details>\n\t\t\t\t\t\t<details id=\"e-n-accordion-item-1103\" class=\"e-n-accordion-item\" >\n\t\t\t\t<summary class=\"e-n-accordion-item-title\" data-accordion-index=\"4\" tabindex=\"-1\" aria-expanded=\"false\" aria-controls=\"e-n-accordion-item-1103\" >\n\t\t\t\t\t<span class='e-n-accordion-item-title-header'><div class=\"e-n-accordion-item-title-text\"> En El Poblado, Ciencuadras cuadra todo <\/div><\/span>\n\t\t\t\t\t\t\t<span class='e-n-accordion-item-title-icon'>\n\t\t\t<span class='e-opened' ><svg aria-hidden=\"true\" class=\"e-font-icon-svg e-fas-minus\" viewBox=\"0 0 448 512\" xmlns=\"http:\/\/www.w3.org\/2000\/svg\"><path d=\"M416 208H32c-17.67 0-32 14.33-32 32v32c0 17.67 14.33 32 32 32h384c17.67 0 32-14.33 32-32v-32c0-17.67-14.33-32-32-32z\"><\/path><\/svg><\/span>\n\t\t\t<span class='e-closed'><svg aria-hidden=\"true\" class=\"e-font-icon-svg e-fas-plus\" viewBox=\"0 0 448 512\" xmlns=\"http:\/\/www.w3.org\/2000\/svg\"><path d=\"M416 208H272V64c0-17.67-14.33-32-32-32h-32c-17.67 0-32 14.33-32 32v144H32c-17.67 0-32 14.33-32 32v32c0 17.67 14.33 32 32 32h144v144c0 17.67 14.33 32 32 32h32c17.67 0 32-14.33 32-32V304h144c17.67 0 32-14.33 32-32v-32c0-17.67-14.33-32-32-32z\"><\/path><\/svg><\/span>\n\t\t<\/span>\n\n\t\t\t\t\t\t<\/summary>\n\t\t\t\t<div role=\"region\" aria-labelledby=\"e-n-accordion-item-1103\" class=\"elementor-element elementor-element-4ae8dfa e-flex e-con-boxed e-con e-child\" data-id=\"4ae8dfa\" data-element_type=\"container\">\n\t\t\t\t\t<div class=\"e-con-inner\">\n\t\t<div role=\"region\" aria-labelledby=\"e-n-accordion-item-1103\" class=\"elementor-element elementor-element-2f7ee11 e-con-full e-flex e-con e-child\" data-id=\"2f7ee11\" data-element_type=\"container\">\n\t\t\t\t<div class=\"elementor-element elementor-element-75db0c2 elementor-widget elementor-widget-text-editor\" data-id=\"75db0c2\" data-element_type=\"widget\" data-widget_type=\"text-editor.default\">\n\t\t\t\t<div class=\"elementor-widget-container\">\n\t\t\t\t\t\t\t<p>Ya que conoces todos los beneficios y ventajas de\u00a0<b>vivir en el barrio El Poblado\u00a0<\/b>\u00bfest\u00e1s pensando en\u00a0<b>comprar o arrendar un inmueble<\/b>\u00a0en este sector? En Ciencuadras tenemos la mejor y m\u00e1s amplia oferta para que encuentres ese espacio que tanto sue\u00f1as.<strong><a href=\"https:\/\/www.ciencuadras.com\/venta\/medellin\/el-poblado\/el-poblado\/?autopauta=guias_barrios_medellin_Ambos_Link_EL_Poblado_Conocelo_aqui_Cierre_\" target=\"_blank\" rel=\"noopener\">\u00a0\u00bfQu\u00e9 esperas? \u00a1Con\u00f3celo aqu\u00ed!<\/a><\/strong><\/p>\t\t\t\t\t\t<\/div>\n\t\t\t\t<\/div>\n\t\t\t\t<\/div>\n\t\t\t\t\t<\/div>\n\t\t\t\t<\/div>\n\t\t\t\t\t<\/details>\n\t\t\t\t\t<\/div>\n\t\t\t\t<\/div>\n\t\t\t\t<\/div>\n\t\t\t\t<\/div>\n\t\t\t\t<div class=\"elementor-element elementor-element-ae4a952 elementor-button-align-stretch elementor-widget elementor-widget-form\" data-id=\"ae4a952\" data-element_type=\"widget\" data-settings=\"{&quot;step_next_label&quot;:&quot;Next&quot;,&quot;step_previous_label&quot;:&quot;Previous&quot;,&quot;button_width&quot;:&quot;100&quot;,&quot;step_type&quot;:&quot;number_text&quot;,&quot;step_icon_shape&quot;:&quot;circle&quot;}\" data-widget_type=\"form.default\">\n\t\t\t\t<div class=\"elementor-widget-container\">\n\t\t\t\t\t<form class=\"elementor-form\" method=\"post\" name=\"New Form\">\n\t\t\t<input type=\"hidden\" name=\"post_id\" value=\"128473\"\/>\n\t\t\t<input type=\"hidden\" name=\"form_id\" value=\"ae4a952\"\/>\n\t\t\t<input type=\"hidden\" name=\"referer_title\" value=\"Gu\u00eda de barrio El Poblado - Barrios en Medell\u00edn | Ciencuadras\" \/>\n\n\t\t\t\t\t\t\t<input type=\"hidden\" name=\"queried_id\" value=\"128473\"\/>\n\t\t\t\n\t\t\t<div class=\"elementor-form-fields-wrapper elementor-labels-above\">\n\t\t\t\t\t\t\t\t<div class=\"elementor-field-type-text elementor-field-group elementor-column elementor-field-group-name elementor-col-100\">\n\t\t\t\t\t\t\t\t\t\t\t\t<label for=\"form-field-name\" class=\"elementor-field-label\">\n\t\t\t\t\t\t\t\tNombre\t\t\t\t\t\t\t<\/label>\n\t\t\t\t\t\t\t\t\t\t\t\t\t\t<input size=\"1\" type=\"text\" name=\"form_fields[name]\" id=\"form-field-name\" class=\"elementor-field elementor-size-sm  elementor-field-textual\" placeholder=\"Nombre\">\n\t\t\t\t\t\t\t\t\t\t\t<\/div>\n\t\t\t\t\t\t\t\t<div class=\"elementor-field-type-email elementor-field-group elementor-column elementor-field-group-email elementor-col-100 elementor-field-required\">\n\t\t\t\t\t\t\t\t\t\t\t\t<label for=\"form-field-email\" class=\"elementor-field-label\">\n\t\t\t\t\t\t\t\tCorreo\t\t\t\t\t\t\t<\/label>\n\t\t\t\t\t\t\t\t\t\t\t\t\t\t<input size=\"1\" type=\"email\" name=\"form_fields[email]\" id=\"form-field-email\" class=\"elementor-field elementor-size-sm  elementor-field-textual\" placeholder=\"Correo\" required=\"required\" aria-required=\"true\">\n\t\t\t\t\t\t\t\t\t\t\t<\/div>\n\t\t\t\t\t\t\t\t<div class=\"elementor-field-type-textarea elementor-field-group elementor-column elementor-field-group-message elementor-col-100\">\n\t\t\t\t\t\t\t\t\t\t\t\t<label for=\"form-field-message\" class=\"elementor-field-label\">\n\t\t\t\t\t\t\t\tComentario\t\t\t\t\t\t\t<\/label>\n\t\t\t\t\t\t<textarea class=\"elementor-field-textual elementor-field  elementor-size-sm\" name=\"form_fields[message]\" id=\"form-field-message\" rows=\"4\" placeholder=\"Escribe aqu\u00ed...\"><\/textarea>\t\t\t\t<\/div>\n\t\t\t\t\t\t\t\t<div class=\"elementor-field-group elementor-column elementor-field-type-submit elementor-col-100 e-form__buttons\">\n\t\t\t\t\t<button class=\"elementor-button elementor-size-sm\" type=\"submit\">\n\t\t\t\t\t\t<span class=\"elementor-button-content-wrapper\">\n\t\t\t\t\t\t\t\t\t\t\t\t\t\t\t\t\t\t\t\t\t\t<span class=\"elementor-button-text\">Enviar<\/span>\n\t\t\t\t\t\t\t\t\t\t\t\t\t<\/span>\n\t\t\t\t\t<\/button>\n\t\t\t\t<\/div>\n\t\t\t<\/div>\n\t\t<\/form>\n\t\t\t\t<\/div>\n\t\t\t\t<\/div>\n\t\t\t\t<div class=\"elementor-element elementor-element-88846f0 elementor-widget elementor-widget-html\" data-id=\"88846f0\" data-element_type=\"widget\" data-widget_type=\"html.default\">\n\t\t\t\t<div class=\"elementor-widget-container\">\n\t\t\t<table cellpadding='0' cellspacing='0' align='center' style='width: 100%'><tr style='text-align: center; font-family: Open Sans, sans-serif;'><td style='padding-bottom: 24px; color: #29292a; font-size: 18px; font-weight: 600'>\u00bfQu\u00e9 tan \u00fatil le pareci\u00f3 este contenido?<\/td><\/tr><tr style='text-align: center;'><td><table cellpadding='0' cellspacing='0' style='width: 100%; max-width: 400px; margin: auto'><tr><td><a style='text-decoration: none' href='https:\/\/survey.survicate.com\/2024c603f1ca0b80\/?pieza=128473_guia_de_barrio_el_poblado|Gu\u00edas|Gu\u00eda de barrios en Medell\u00edn&aid=2533768' target='_blank' rel='nofollow'> <img style='width: 32px; height: 32px' src='https:\/\/image.experienciasbolivar.segurosbolivar.com\/lib\/fe3511747364047b751475\/m\/1\/a2945bbd-60a9-43cb-b225-78bf5e055db5.png' > <\/a><\/td><td><a style='text-decoration: none' href='https:\/\/survey.survicate.com\/2024c603f1ca0b80\/?pieza=128473_guia_de_barrio_el_poblado|Gu\u00edas|Gu\u00eda de barrios en Medell\u00edn&aid=2533769' target='_blank' rel='nofollow'> <img style='width: 32px; height: 32px' src='https:\/\/image.experienciasbolivar.segurosbolivar.com\/lib\/fe3511747364047b751475\/m\/1\/161006d2-a309-4148-a578-df40c5152496.png' > <\/a><\/td><td><a style='text-decoration: none' href='https:\/\/survey.survicate.com\/2024c603f1ca0b80\/?pieza=128473_guia_de_barrio_el_poblado|Gu\u00edas|Gu\u00eda de barrios en Medell\u00edn&aid=2533770' target='_blank' rel='nofollow'> <img style='width: 32px; height: 32px' src='https:\/\/image.experienciasbolivar.segurosbolivar.com\/lib\/fe3511747364047b751475\/m\/1\/ba2c4c82-1c2c-4bcb-b894-20f6776af736.png' > <\/a><\/td><td><a style='text-decoration: none' href='https:\/\/survey.survicate.com\/2024c603f1ca0b80\/?pieza=128473_guia_de_barrio_el_poblado|Gu\u00edas|Gu\u00eda de barrios en Medell\u00edn&aid=2533771' target='_blank' rel='nofollow'> <img style='width: 32px; height: 32px' src='https:\/\/image.experienciasbolivar.segurosbolivar.com\/lib\/fe3511747364047b751475\/m\/1\/52e25dc4-db06-43e1-ada3-a13cc6834b02.png' > <\/a><\/td><td><a style='text-decoration: none' href='https:\/\/survey.survicate.com\/2024c603f1ca0b80\/?pieza=128473_guia_de_barrio_el_poblado|Gu\u00edas|Gu\u00eda de barrios en Medell\u00edn&aid=2533772' target='_blank' rel='nofollow'> <img style='width: 32px; height: 32px' src='https:\/\/image.experienciasbolivar.segurosbolivar.com\/lib\/fe3511747364047b751475\/m\/1\/f125fd9c-b185-4d5b-8a2c-c67e5f69c93b.png' > <\/a><\/td><\/tr><\/table><\/td><\/tr><\/table>\t\t<\/div>\n\t\t\t\t<\/div>\n\t\t\t\t<\/div>\n\t\t\t\t<\/div>\n\t\t\t\t<\/div>\n\t\t<div class=\"elementor-element elementor-element-168cc67 e-con-full e-flex e-con e-child\" data-id=\"168cc67\" data-element_type=\"container\" data-settings=\"{&quot;motion_fx_motion_fx_scrolling&quot;:&quot;yes&quot;,&quot;motion_fx_translateY_effect&quot;:&quot;yes&quot;,&quot;motion_fx_translateY_speed&quot;:{&quot;unit&quot;:&quot;px&quot;,&quot;size&quot;:0,&quot;sizes&quot;:[]},&quot;sticky&quot;:&quot;top&quot;,&quot;motion_fx_translateY_affectedRange&quot;:{&quot;unit&quot;:&quot;%&quot;,&quot;size&quot;:&quot;&quot;,&quot;sizes&quot;:{&quot;start&quot;:0,&quot;end&quot;:100}},&quot;motion_fx_devices&quot;:[&quot;desktop&quot;,&quot;tablet&quot;,&quot;mobile&quot;],&quot;sticky_on&quot;:[&quot;desktop&quot;,&quot;tablet&quot;,&quot;mobile&quot;],&quot;sticky_offset&quot;:0,&quot;sticky_effects_offset&quot;:0,&quot;sticky_anchor_link_offset&quot;:0}\">\n\t\t\t\t<div class=\"elementor-element elementor-element-d51e629 elementor-widget elementor-widget-heading\" data-id=\"d51e629\" data-element_type=\"widget\" data-widget_type=\"heading.default\">\n\t\t\t\t<div class=\"elementor-widget-container\">\n\t\t\t<h2 class=\"elementor-heading-title elementor-size-default\">El Poblado en el mapa<\/h2>\t\t<\/div>\n\t\t\t\t<\/div>\n\t\t\t\t<div class=\"elementor-element elementor-element-d6a7402 elementor-widget elementor-widget-html\" data-id=\"d6a7402\" data-element_type=\"widget\" data-widget_type=\"html.default\">\n\t\t\t\t<div class=\"elementor-widget-container\">\n\t\t\t<iframe src=\"https:\/\/www.google.com\/maps\/embed?pb=!1m18!1m12!1m3!1d3966.411457044596!2d-75.5702626260453!3d6.20933697673657!2m3!1f0!2f0!3f0!3m2!1i1024!2i768!4f13.1!3m3!1m2!1s0x8e4428299b5aa6d9%3A0x2020c055ff96b671!2sEl%20Poblado%2C%20Medell%C3%ADn%2C%20El%20Poblado%2C%20Medell%C3%ADn%2C%20Antioquia!5e0!3m2!1ses!2sco!4v1766077058374!5m2!1ses!2sco\" width=\"600\" height=\"250\" style=\"border:0;\" allowfullscreen=\"\" loading=\"lazy\" referrerpolicy=\"no-referrer-when-downgrade\"><\/iframe>\t\t<\/div>\n\t\t\t\t<\/div>\n\t\t\t\t<div class=\"elementor-element elementor-element-eeeb1fd elementor-widget elementor-widget-heading\" data-id=\"eeeb1fd\" data-element_type=\"widget\" data-widget_type=\"heading.default\">\n\t\t\t\t<div class=\"elementor-widget-container\">\n\t\t\t<h2 class=\"elementor-heading-title elementor-size-default\">Inmuebles en El Poblado<\/h2>\t\t<\/div>\n\t\t\t\t<\/div>\n\t\t\t\t<div class=\"elementor-element elementor-element-479522f elementor-widget__width-inherit elementor-align-justify newProjects elementor-widget elementor-widget-button\" data-id=\"479522f\" data-element_type=\"widget\" data-widget_type=\"button.default\">\n\t\t\t\t<div class=\"elementor-widget-container\">\n\t\t\t\t\t\t\t<div class=\"elementor-button-wrapper\">\n\t\t\t\t\t<a class=\"elementor-button elementor-button-link elementor-size-sm\" href=\"https:\/\/www.ciencuadras.com\/proyectos-vivienda-nueva\/medellin\/comuna-14-el-poblado\/apartamento?utm_source=Autopauta&#038;utm_medium=Blog_enlace&#038;utm_campaign=BG_128473_guia_de_barrio\" target=\"_blank\" id=\"newProjects\">\n\t\t\t\t\t\t<span class=\"elementor-button-content-wrapper\">\n\t\t\t\t\t\t\t\t\t<span class=\"elementor-button-text\">Proyectos nuevos<\/span>\n\t\t\t\t\t<\/span>\n\t\t\t\t\t<\/a>\n\t\t\t\t<\/div>\n\t\t\t\t\t\t<\/div>\n\t\t\t\t<\/div>\n\t\t\t\t<div class=\"elementor-element elementor-element-f51e72b elementor-align-justify rentalProperties elementor-widget elementor-widget-button\" data-id=\"f51e72b\" data-element_type=\"widget\" data-widget_type=\"button.default\">\n\t\t\t\t<div class=\"elementor-widget-container\">\n\t\t\t\t\t\t\t<div class=\"elementor-button-wrapper\">\n\t\t\t\t\t<a class=\"elementor-button elementor-button-link elementor-size-sm\" href=\"https:\/\/www.ciencuadras.com\/arriendo\/medellin\/comuna-14-el-poblado\/apartamento?utm_source=Autopauta&#038;utm_medium=Blog_enlace&#038;utm_campaign=BG_128473_guia_de_barrio\" target=\"_blank\" id=\"rentalProperties\">\n\t\t\t\t\t\t<span class=\"elementor-button-content-wrapper\">\n\t\t\t\t\t\t\t\t\t<span class=\"elementor-button-text\">Propiedades en arriendo<\/span>\n\t\t\t\t\t<\/span>\n\t\t\t\t\t<\/a>\n\t\t\t\t<\/div>\n\t\t\t\t\t\t<\/div>\n\t\t\t\t<\/div>\n\t\t\t\t<div class=\"elementor-element elementor-element-e011f2a elementor-align-justify saleProperties elementor-widget elementor-widget-button\" data-id=\"e011f2a\" data-element_type=\"widget\" data-widget_type=\"button.default\">\n\t\t\t\t<div class=\"elementor-widget-container\">\n\t\t\t\t\t\t\t<div class=\"elementor-button-wrapper\">\n\t\t\t\t\t<a class=\"elementor-button elementor-button-link elementor-size-sm\" href=\"https:\/\/www.ciencuadras.com\/venta\/medellin\/comuna-14-el-poblado\/apartamento?utm_source=Autopauta&#038;utm_medium=Blog_enlace&#038;utm_campaign=BG_128473_guia_de_barrio\" target=\"_blank\" id=\"saleProperties\">\n\t\t\t\t\t\t<span class=\"elementor-button-content-wrapper\">\n\t\t\t\t\t\t\t\t\t<span class=\"elementor-button-text\">Propiedades en venta<\/span>\n\t\t\t\t\t<\/span>\n\t\t\t\t\t<\/a>\n\t\t\t\t<\/div>\n\t\t\t\t\t\t<\/div>\n\t\t\t\t<\/div>\n\t\t\t\t<\/div>\n\t\t\t\t\t<\/div>\n\t\t\t\t<\/div>\n\t\t\t\t<\/div>\n\t\t\n","protected":false},"excerpt":{"rendered":"<p>El Poblado en cifras $1.142.831.144 Precio promedio venta $8.376.031 Precio promedio m2 6 Estrato El Poblado actualmente es el sector m\u00e1s exclusivo para vivir en &hellip;<\/p>\n","protected":false},"author":9,"featured_media":0,"parent":0,"menu_order":0,"comment_status":"closed","ping_status":"closed","template":"","meta":{"footnotes":""},"acf":[],"yoast_head":"<!-- This site is optimized with the Yoast SEO plugin v15.9 - https:\/\/yoast.com\/wordpress\/plugins\/seo\/ -->\n<title>Gu\u00eda de barrio El Poblado - Barrios en Medell\u00edn | Ciencuadras<\/title>\n<meta name=\"description\" content=\"Conoce todo sobre el Barrio El Poblado en Medell\u00edn, su historia e informaci\u00f3n del sector inmobiliario, encuentra apartamentos, casas y proyectos de vivienda\" \/>\n<meta name=\"robots\" content=\"index, follow, max-snippet:-1, max-image-preview:large, max-video-preview:-1\" \/>\n<link rel=\"canonical\" href=\"https:\/\/www.ciencuadras.com\/blog\/guia-de-barrio-el-poblado-medellin\" \/>\n<meta property=\"og:locale\" content=\"es_ES\" \/>\n<meta property=\"og:type\" content=\"article\" \/>\n<meta property=\"og:title\" content=\"Gu\u00eda de barrio El Poblado - Barrios en Medell\u00edn | Ciencuadras\" \/>\n<meta property=\"og:description\" content=\"Conoce todo sobre el Barrio El Poblado en Medell\u00edn, su historia e informaci\u00f3n del sector inmobiliario, encuentra apartamentos, casas y proyectos de vivienda\" \/>\n<meta property=\"og:url\" content=\"https:\/\/www.ciencuadras.com\/blog\/guia-de-barrio-el-poblado-medellin\" \/>\n<meta property=\"article:publisher\" content=\"https:\/\/www.facebook.com\/ciencuadras\/\" \/>\n<meta property=\"article:modified_time\" content=\"2026-02-12T16:08:51+00:00\" \/>\n<meta property=\"og:image\" content=\"https:\/\/www.ciencuadras.com\/blog\/wp-content\/uploads\/2023\/11\/1200x630_Poblado_1-1-1024x536.jpg\" \/>\n<meta name=\"twitter:card\" content=\"summary_large_image\" \/>\n<meta name=\"twitter:site\" content=\"@ciencuadras\" \/>\n<meta name=\"twitter:label1\" content=\"Est. reading time\">\n\t<meta name=\"twitter:data1\" content=\"14 minutos\">\n<script type=\"application\/ld+json\" class=\"yoast-schema-graph\">{\"@context\":\"https:\/\/schema.org\",\"@graph\":[{\"@type\":\"Organization\",\"@id\":\"https:\/\/www.ciencuadras.com\/blog\/#organization\",\"name\":\"Ciencuadras.com\",\"url\":\"https:\/\/www.ciencuadras.com\/blog\/\",\"sameAs\":[\"https:\/\/www.facebook.com\/ciencuadras\/\",\"https:\/\/www.instagram.com\/ciencuadras\/\",\"https:\/\/co.linkedin.com\/company\/ciencuadras\",\"https:\/\/www.youtube.com\/channel\/UC_f830HP5dUy6OjBIbjtlAw\",\"https:\/\/twitter.com\/ciencuadras\"],\"logo\":{\"@type\":\"ImageObject\",\"@id\":\"https:\/\/www.ciencuadras.com\/blog\/#logo\",\"inLanguage\":\"es-CO\",\"url\":\"\",\"caption\":\"Ciencuadras.com\"},\"image\":{\"@id\":\"https:\/\/www.ciencuadras.com\/blog\/#logo\"}},{\"@type\":\"WebSite\",\"@id\":\"https:\/\/www.ciencuadras.com\/blog\/#website\",\"url\":\"https:\/\/www.ciencuadras.com\/blog\/\",\"name\":\"\",\"description\":\"\",\"publisher\":{\"@id\":\"https:\/\/www.ciencuadras.com\/blog\/#organization\"},\"potentialAction\":[{\"@type\":\"SearchAction\",\"target\":\"https:\/\/www.ciencuadras.com\/blog\/?s={search_term_string}\",\"query-input\":\"required name=search_term_string\"}],\"inLanguage\":\"es-CO\"},{\"@type\":\"ImageObject\",\"@id\":\"https:\/\/www.ciencuadras.com\/blog\/guia-de-barrio-el-poblado-medellin#primaryimage\",\"inLanguage\":\"es-CO\",\"url\":\"https:\/\/www.ciencuadras.com\/blog\/wp-content\/uploads\/2023\/11\/1200x630_Poblado_1-1.jpg\",\"width\":1200,\"height\":628},{\"@type\":\"WebPage\",\"@id\":\"https:\/\/www.ciencuadras.com\/blog\/guia-de-barrio-el-poblado-medellin#webpage\",\"url\":\"https:\/\/www.ciencuadras.com\/blog\/guia-de-barrio-el-poblado-medellin\",\"name\":\"Gu\\u00eda de barrio El Poblado - Barrios en Medell\\u00edn | Ciencuadras\",\"isPartOf\":{\"@id\":\"https:\/\/www.ciencuadras.com\/blog\/#website\"},\"primaryImageOfPage\":{\"@id\":\"https:\/\/www.ciencuadras.com\/blog\/guia-de-barrio-el-poblado-medellin#primaryimage\"},\"datePublished\":\"2026-02-09T14:43:26+00:00\",\"dateModified\":\"2026-02-12T16:08:51+00:00\",\"description\":\"Conoce todo sobre el Barrio El Poblado en Medell\\u00edn, su historia e informaci\\u00f3n del sector inmobiliario, encuentra apartamentos, casas y proyectos de vivienda\",\"breadcrumb\":{\"@id\":\"https:\/\/www.ciencuadras.com\/blog\/guia-de-barrio-el-poblado-medellin#breadcrumb\"},\"inLanguage\":\"es-CO\",\"potentialAction\":[{\"@type\":\"ReadAction\",\"target\":[\"https:\/\/www.ciencuadras.com\/blog\/guia-de-barrio-el-poblado-medellin\"]}]},{\"@type\":\"BreadcrumbList\",\"@id\":\"https:\/\/www.ciencuadras.com\/blog\/guia-de-barrio-el-poblado-medellin#breadcrumb\",\"itemListElement\":[{\"@type\":\"ListItem\",\"position\":1,\"item\":{\"@type\":\"WebPage\",\"@id\":\"https:\/\/www.ciencuadras.com\/blog\",\"url\":\"https:\/\/www.ciencuadras.com\/blog\",\"name\":\"Blog\"}},{\"@type\":\"ListItem\",\"position\":2,\"item\":{\"@type\":\"WebPage\",\"@id\":\"https:\/\/www.ciencuadras.com\/blog\/guia-de-barrio-el-poblado-medellin\",\"url\":\"https:\/\/www.ciencuadras.com\/blog\/guia-de-barrio-el-poblado-medellin\",\"name\":\"El Poblado, exclusividad y confort en Medell\\u00edn\"}}]}]}<\/script>\n<!-- \/ Yoast SEO plugin. -->","_links":{"self":[{"href":"https:\/\/www.ciencuadras.com\/blog\/wp-json\/wp\/v2\/pages\/128473"}],"collection":[{"href":"https:\/\/www.ciencuadras.com\/blog\/wp-json\/wp\/v2\/pages"}],"about":[{"href":"https:\/\/www.ciencuadras.com\/blog\/wp-json\/wp\/v2\/types\/page"}],"author":[{"embeddable":true,"href":"https:\/\/www.ciencuadras.com\/blog\/wp-json\/wp\/v2\/users\/9"}],"replies":[{"embeddable":true,"href":"https:\/\/www.ciencuadras.com\/blog\/wp-json\/wp\/v2\/comments?post=128473"}],"version-history":[{"count":13,"href":"https:\/\/www.ciencuadras.com\/blog\/wp-json\/wp\/v2\/pages\/128473\/revisions"}],"predecessor-version":[{"id":129637,"href":"https:\/\/www.ciencuadras.com\/blog\/wp-json\/wp\/v2\/pages\/128473\/revisions\/129637"}],"wp:attachment":[{"href":"https:\/\/www.ciencuadras.com\/blog\/wp-json\/wp\/v2\/media?parent=128473"}],"curies":[{"name":"wp","href":"https:\/\/api.w.org\/{rel}","templated":true}]}}