{"id":95309,"date":"2022-01-17T16:39:38","date_gmt":"2022-01-17T21:39:38","guid":{"rendered":"https:\/\/www.ciencuadras.com\/blog\/?page_id=95309"},"modified":"2022-04-01T13:03:00","modified_gmt":"2022-04-01T18:03:00","slug":"guia-de-ciudades-la-calera","status":"publish","type":"page","link":"https:\/\/www.ciencuadras.com\/blog\/guia-de-ciudades-la-calera","title":{"rendered":"Gu\u00eda de Ciudades La Calera"},"content":{"rendered":"\t\t<div data-elementor-type=\"wp-page\" data-elementor-id=\"95309\" class=\"elementor elementor-95309\" data-elementor-post-type=\"page\">\n\t\t\t\t\n\t\t<section class=\"elementor-section elementor-top-section elementor-element elementor-element-30796ccc elementor-section-boxed elementor-section-height-default elementor-section-height-default\" data-id=\"30796ccc\" data-element_type=\"section\">\n\t\t\t\t\t\t<div class=\"elementor-container elementor-column-gap-default\">\n\t\t\t\t\t<div class=\"elementor-column elementor-col-100 elementor-top-column elementor-element elementor-element-81bacb3\" data-id=\"81bacb3\" data-element_type=\"column\">\n\t\t\t<div class=\"elementor-widget-wrap elementor-element-populated\">\n\t\t\t\t\t\t<div class=\"elementor-element elementor-element-505486b8 elementor-widget elementor-widget-heading\" data-id=\"505486b8\" data-element_type=\"widget\" data-widget_type=\"heading.default\">\n\t\t\t\t<div class=\"elementor-widget-container\">\n\t\t\t<h2 class=\"elementor-heading-title elementor-size-default\">Gu\u00eda de ciudad La Calera Colombia<\/h2>\t\t<\/div>\n\t\t\t\t<\/div>\n\t\t\t\t\t<\/div>\n\t\t<\/div>\n\t\t\t\t\t<\/div>\n\t\t<\/section>\n\t\t\t\t<section class=\"elementor-section elementor-top-section elementor-element elementor-element-509be344 elementor-section-boxed elementor-section-height-default elementor-section-height-default\" data-id=\"509be344\" data-element_type=\"section\">\n\t\t\t\t\t\t<div class=\"elementor-container elementor-column-gap-default\">\n\t\t\t\t\t<div class=\"elementor-column elementor-col-100 elementor-top-column elementor-element elementor-element-692fdb\" data-id=\"692fdb\" data-element_type=\"column\">\n\t\t\t<div class=\"elementor-widget-wrap elementor-element-populated\">\n\t\t\t\t\t\t<div class=\"elementor-element elementor-element-4dfbc712 elementor-widget elementor-widget-text-editor\" data-id=\"4dfbc712\" data-element_type=\"widget\" data-widget_type=\"text-editor.default\">\n\t\t\t\t<div class=\"elementor-widget-container\">\n\t\t\t\t\t\t\t<p><span style=\"font-weight: 400;\">Deportes, aventura, naturaleza y atractiva oferta inmobiliaria ofrece La Calera. Un ambiente campestre, como si vivieras en medio del campo brinda cada rinc\u00f3n de este hermoso municipio, ubicado a solo 20 minutos de una zona muy central de Bogot\u00e1.\u00a0<\/span><\/p><p><span style=\"font-weight: 400;\">As\u00ed es, La Calera se destaca por ser el municipio m\u00e1s pr\u00f3ximo a la capital del pa\u00eds; su acceso en pleno coraz\u00f3n de la ciudad, es decir, la localidad de Chapinero, es una de las tantas razones por la que invertir o vivir all\u00ed es bastante llamativo. <\/span><\/p>\t\t\t\t\t\t<\/div>\n\t\t\t\t<\/div>\n\t\t\t\t\t<\/div>\n\t\t<\/div>\n\t\t\t\t\t<\/div>\n\t\t<\/section>\n\t\t\t\t<section class=\"elementor-section elementor-top-section elementor-element elementor-element-3f065201 elementor-section-boxed elementor-section-height-default elementor-section-height-default\" data-id=\"3f065201\" data-element_type=\"section\">\n\t\t\t\t\t\t<div class=\"elementor-container elementor-column-gap-default\">\n\t\t\t\t\t<div class=\"elementor-column elementor-col-50 elementor-top-column elementor-element elementor-element-2b443cf1\" data-id=\"2b443cf1\" data-element_type=\"column\">\n\t\t\t<div class=\"elementor-widget-wrap elementor-element-populated\">\n\t\t\t\t\t\t<div class=\"elementor-element elementor-element-56d3b84 elementor-widget elementor-widget-image\" data-id=\"56d3b84\" data-element_type=\"widget\" data-widget_type=\"image.default\">\n\t\t\t\t<div class=\"elementor-widget-container\">\n\t\t\t\t\t\t\t\t\t\t\t\t\t<img fetchpriority=\"high\" decoding=\"async\" width=\"760\" height=\"501\" src=\"https:\/\/www.ciencuadras.com\/blog\/wp-content\/uploads\/2022\/01\/760x501_La-Calera.jpg\" class=\"attachment-large size-large wp-image-95311\" alt=\"\" srcset=\"https:\/\/www.ciencuadras.com\/blog\/wp-content\/uploads\/2022\/01\/760x501_La-Calera.jpg 760w, https:\/\/www.ciencuadras.com\/blog\/wp-content\/uploads\/2022\/01\/760x501_La-Calera-600x396.jpg 600w, https:\/\/www.ciencuadras.com\/blog\/wp-content\/uploads\/2022\/01\/760x501_La-Calera-300x198.jpg 300w\" sizes=\"(max-width: 760px) 100vw, 760px\" \/>\t\t\t\t\t\t\t\t\t\t\t\t\t<\/div>\n\t\t\t\t<\/div>\n\t\t\t\t\t<\/div>\n\t\t<\/div>\n\t\t\t\t<div class=\"elementor-column elementor-col-50 elementor-top-column elementor-element elementor-element-42ad4722\" data-id=\"42ad4722\" data-element_type=\"column\">\n\t\t\t<div class=\"elementor-widget-wrap elementor-element-populated\">\n\t\t\t\t\t\t<div class=\"elementor-element elementor-element-97e017d elementor-widget elementor-widget-text-editor\" data-id=\"97e017d\" data-element_type=\"widget\" data-widget_type=\"text-editor.default\">\n\t\t\t\t<div class=\"elementor-widget-container\">\n\t\t\t\t\t\t\t<h2><span style=\"color: #006a9b;\">La Calera en cifras\u200b<\/span><\/h2><ul><li><span style=\"font-weight: 400;\">Casas en venta usadas <\/span><a href=\"https:\/\/www.ciencuadras.com\/venta\/la-calera\/casa\" target=\"_blank\" rel=\"noopener\"><b>259<\/b><\/a><span style=\"font-weight: 400;\"> resultados<\/span><\/li><li><span style=\"font-weight: 400;\">Casas en arriendo <\/span><a href=\"https:\/\/www.ciencuadras.com\/arriendo\/la-calera\/la-calera-rural\" target=\"_blank\" rel=\"noopener\"><b>11<\/b><\/a><span style=\"font-weight: 400;\"> resultados<\/span><\/li><li><span style=\"font-weight: 400;\">Apartamentos en venta usados <\/span><a href=\"https:\/\/www.ciencuadras.com\/venta\/la-calera\/apartamento\" target=\"_blank\" rel=\"noopener\"><b>12<\/b><\/a><span style=\"font-weight: 400;\"> resultados<\/span><\/li><li><span style=\"font-weight: 400;\">Apartamentos en arriendo <\/span><a href=\"https:\/\/www.ciencuadras.com\/arriendo\/la-calera\/apartamento\" target=\"_blank\" rel=\"noopener\"><b>20<\/b><\/a><span style=\"font-weight: 400;\"> resultados<\/span><\/li><li><span style=\"font-weight: 400;\">Proyectos de vivienda <\/span><a href=\"https:\/\/www.ciencuadras.com\/proyectos-vivienda-nueva\/la-calera\" target=\"_blank\" rel=\"noopener\"><b>2<\/b><\/a><span style=\"font-weight: 400;\"> resultados\u00a0<\/span><\/li><li><span style=\"font-weight: 400;\">La temperatura media es <\/span><a href=\"https:\/\/www.lacalera-cundinamarca.gov.co\/MiMunicipio\/Paginas\/Informacion-del-Municipio.aspx\" target=\"_blank\" rel=\"noopener\"><b>14\u00b0C<\/b><\/a><b>\u00a0<\/b><\/li><li><a href=\"https:\/\/orarbo.gov.co\/es\/el-observatorio-y-los-municipios\/informacion-general-municipio?cd=f2e8bf6d0b6b94fd4739649d9ef1386b\" target=\"_blank\" rel=\"noopener\"><b>28.568<\/b><\/a><span style=\"font-weight: 400;\"> habitantes, cifras del a\u00f1o 2018<\/span><\/li><li><span style=\"font-weight: 400;\">El gentilicio es <\/span><a href=\"https:\/\/www.lacalera-cundinamarca.gov.co\/MiMunicipio\/Paginas\/Informacion-del-Municipio.aspx\" target=\"_blank\" rel=\"noopener\"><b>Calerunos<\/b><\/a><\/li><li><span style=\"font-weight: 400;\">Cerca de <\/span><a href=\"http:\/\/www.ofecfuturoscientificos.com\/colegios-la-calera.html\" target=\"_blank\" rel=\"noopener\"><b>26<\/b><\/a><span style=\"font-weight: 400;\"> instituciones educativas entre jardines, escuelas y colegios privados,<\/span> <a href=\"https:\/\/losmejorescolegios.com\/ciudad\/la-calera\/\" target=\"_blank\" rel=\"noopener\"><b>5<\/b><\/a> <span style=\"font-weight: 400;\">de ellos privados. <\/span><\/li><\/ul>\t\t\t\t\t\t<\/div>\n\t\t\t\t<\/div>\n\t\t\t\t\t<\/div>\n\t\t<\/div>\n\t\t\t\t\t<\/div>\n\t\t<\/section>\n\t\t\t\t<section class=\"elementor-section elementor-top-section elementor-element elementor-element-13d7c221 elementor-section-boxed elementor-section-height-default elementor-section-height-default\" data-id=\"13d7c221\" data-element_type=\"section\">\n\t\t\t\t\t\t<div class=\"elementor-container elementor-column-gap-default\">\n\t\t\t\t\t<div class=\"elementor-column elementor-col-100 elementor-top-column elementor-element elementor-element-407d0d99\" data-id=\"407d0d99\" data-element_type=\"column\">\n\t\t\t<div class=\"elementor-widget-wrap elementor-element-populated\">\n\t\t\t\t\t\t<div class=\"elementor-element elementor-element-76fa7c10 elementor-widget elementor-widget-spacer\" data-id=\"76fa7c10\" data-element_type=\"widget\" data-widget_type=\"spacer.default\">\n\t\t\t\t<div class=\"elementor-widget-container\">\n\t\t\t\t\t<div class=\"elementor-spacer\">\n\t\t\t<div class=\"elementor-spacer-inner\"><\/div>\n\t\t<\/div>\n\t\t\t\t<\/div>\n\t\t\t\t<\/div>\n\t\t\t\t\t<\/div>\n\t\t<\/div>\n\t\t\t\t\t<\/div>\n\t\t<\/section>\n\t\t\t\t<section class=\"elementor-section elementor-top-section elementor-element elementor-element-27d59ca elementor-section-boxed elementor-section-height-default elementor-section-height-default\" data-id=\"27d59ca\" data-element_type=\"section\">\n\t\t\t\t\t\t<div class=\"elementor-container elementor-column-gap-default\">\n\t\t\t\t\t<div class=\"elementor-column elementor-col-100 elementor-top-column elementor-element elementor-element-1720202c\" data-id=\"1720202c\" data-element_type=\"column\">\n\t\t\t<div class=\"elementor-widget-wrap elementor-element-populated\">\n\t\t\t\t\t\t<div class=\"elementor-element elementor-element-7d6aa290 elementor-widget elementor-widget-heading\" data-id=\"7d6aa290\" data-element_type=\"widget\" data-widget_type=\"heading.default\">\n\t\t\t\t<div class=\"elementor-widget-container\">\n\t\t\t<h2 class=\"elementor-heading-title elementor-size-default\">Propiedades en La Calera<\/h2>\t\t<\/div>\n\t\t\t\t<\/div>\n\t\t\t\t\t<\/div>\n\t\t<\/div>\n\t\t\t\t\t<\/div>\n\t\t<\/section>\n\t\t\t\t<section class=\"elementor-section elementor-top-section elementor-element elementor-element-13fe95a0 elementor-section-boxed elementor-section-height-default elementor-section-height-default\" data-id=\"13fe95a0\" data-element_type=\"section\">\n\t\t\t\t\t\t<div class=\"elementor-container elementor-column-gap-default\">\n\t\t\t\t\t<div class=\"elementor-column elementor-col-33 elementor-top-column elementor-element elementor-element-4f358d0c\" data-id=\"4f358d0c\" data-element_type=\"column\">\n\t\t\t<div class=\"elementor-widget-wrap elementor-element-populated\">\n\t\t\t\t\t\t<div class=\"elementor-element elementor-element-2595b30d elementor-align-center elementor-widget elementor-widget-button\" data-id=\"2595b30d\" data-element_type=\"widget\" data-widget_type=\"button.default\">\n\t\t\t\t<div class=\"elementor-widget-container\">\n\t\t\t\t\t\t\t<div class=\"elementor-button-wrapper\">\n\t\t\t\t\t<a class=\"elementor-button elementor-button-link elementor-size-sm\" href=\"https:\/\/www.ciencuadras.com\/arriendo\/la-calera\" target=\"_blank\">\n\t\t\t\t\t\t<span class=\"elementor-button-content-wrapper\">\n\t\t\t\t\t\t\t\t\t<span class=\"elementor-button-text\">Inmuebles en Arriendo<\/span>\n\t\t\t\t\t<\/span>\n\t\t\t\t\t<\/a>\n\t\t\t\t<\/div>\n\t\t\t\t\t\t<\/div>\n\t\t\t\t<\/div>\n\t\t\t\t\t<\/div>\n\t\t<\/div>\n\t\t\t\t<div class=\"elementor-column elementor-col-33 elementor-top-column elementor-element elementor-element-3d5f9d43\" data-id=\"3d5f9d43\" data-element_type=\"column\">\n\t\t\t<div class=\"elementor-widget-wrap elementor-element-populated\">\n\t\t\t\t\t\t<div class=\"elementor-element elementor-element-4d93dc30 elementor-align-center elementor-widget elementor-widget-button\" data-id=\"4d93dc30\" data-element_type=\"widget\" data-widget_type=\"button.default\">\n\t\t\t\t<div class=\"elementor-widget-container\">\n\t\t\t\t\t\t\t<div class=\"elementor-button-wrapper\">\n\t\t\t\t\t<a class=\"elementor-button elementor-button-link elementor-size-sm\" href=\"https:\/\/www.ciencuadras.com\/venta\/la-calera\" target=\"_blank\">\n\t\t\t\t\t\t<span class=\"elementor-button-content-wrapper\">\n\t\t\t\t\t\t\t\t\t<span class=\"elementor-button-text\">Inmuebles Usados<\/span>\n\t\t\t\t\t<\/span>\n\t\t\t\t\t<\/a>\n\t\t\t\t<\/div>\n\t\t\t\t\t\t<\/div>\n\t\t\t\t<\/div>\n\t\t\t\t\t<\/div>\n\t\t<\/div>\n\t\t\t\t<div class=\"elementor-column elementor-col-33 elementor-top-column elementor-element elementor-element-67dc1f5e\" data-id=\"67dc1f5e\" data-element_type=\"column\">\n\t\t\t<div class=\"elementor-widget-wrap elementor-element-populated\">\n\t\t\t\t\t\t<div class=\"elementor-element elementor-element-f2566fc elementor-align-center elementor-widget elementor-widget-button\" data-id=\"f2566fc\" data-element_type=\"widget\" data-widget_type=\"button.default\">\n\t\t\t\t<div class=\"elementor-widget-container\">\n\t\t\t\t\t\t\t<div class=\"elementor-button-wrapper\">\n\t\t\t\t\t<a class=\"elementor-button elementor-button-link elementor-size-sm\" href=\"https:\/\/www.ciencuadras.com\/proyectos-vivienda-nueva\/la-calera\" target=\"_blank\">\n\t\t\t\t\t\t<span class=\"elementor-button-content-wrapper\">\n\t\t\t\t\t\t\t\t\t<span class=\"elementor-button-text\">Proyectos Nuevos<\/span>\n\t\t\t\t\t<\/span>\n\t\t\t\t\t<\/a>\n\t\t\t\t<\/div>\n\t\t\t\t\t\t<\/div>\n\t\t\t\t<\/div>\n\t\t\t\t\t<\/div>\n\t\t<\/div>\n\t\t\t\t\t<\/div>\n\t\t<\/section>\n\t\t\t\t<section class=\"elementor-section elementor-top-section elementor-element elementor-element-7248df7b elementor-section-boxed elementor-section-height-default elementor-section-height-default\" data-id=\"7248df7b\" data-element_type=\"section\">\n\t\t\t\t\t\t<div class=\"elementor-container elementor-column-gap-default\">\n\t\t\t\t\t<div class=\"elementor-column elementor-col-100 elementor-top-column elementor-element elementor-element-4fc93a41\" data-id=\"4fc93a41\" data-element_type=\"column\">\n\t\t\t<div class=\"elementor-widget-wrap elementor-element-populated\">\n\t\t\t\t\t\t<div class=\"elementor-element elementor-element-3939b24b elementor-widget elementor-widget-heading\" data-id=\"3939b24b\" data-element_type=\"widget\" data-widget_type=\"heading.default\">\n\t\t\t\t<div class=\"elementor-widget-container\">\n\t\t\t<h2 class=\"elementor-heading-title elementor-size-default\">La Calera: naturaleza, exclusividad y gran destino de inversi\u00f3n en vivienda<\/h2>\t\t<\/div>\n\t\t\t\t<\/div>\n\t\t\t\t\t<\/div>\n\t\t<\/div>\n\t\t\t\t\t<\/div>\n\t\t<\/section>\n\t\t\t\t<section class=\"elementor-section elementor-top-section elementor-element elementor-element-56d2aadf elementor-section-boxed elementor-section-height-default elementor-section-height-default\" data-id=\"56d2aadf\" data-element_type=\"section\">\n\t\t\t\t\t\t<div class=\"elementor-container elementor-column-gap-default\">\n\t\t\t\t\t<div class=\"elementor-column elementor-col-50 elementor-top-column elementor-element elementor-element-53d83d07\" data-id=\"53d83d07\" data-element_type=\"column\">\n\t\t\t<div class=\"elementor-widget-wrap elementor-element-populated\">\n\t\t\t\t\t\t<div class=\"elementor-element elementor-element-765a027f elementor-widget elementor-widget-text-editor\" data-id=\"765a027f\" data-element_type=\"widget\" data-widget_type=\"text-editor.default\">\n\t\t\t\t<div class=\"elementor-widget-container\">\n\t\t\t\t\t\t\t<h3><b>Historia de La Calera<\/b><\/h3><p><span style=\"font-weight: 400;\">En la \u00e9poca precolombina, el territorio de <\/span><a href=\"https:\/\/lacalera.in\/historia\/\" target=\"_blank\" rel=\"noopener\"><b>ind\u00edgenas muiscas<\/b><\/a><span style=\"font-weight: 400;\">, ubicado en la zona de lo que hoy es La Calera, se denominaba Teusac\u00e1. Sin embargo, se dice que el pueblo no es de origen ind\u00edgena sino blanco y campesino, ya que La Calera fue <\/span><a href=\"https:\/\/www.lacalera-cundinamarca.gov.co\/MiMunicipio\/Paginas\/Pasado-Presente-y-Futuro.aspx\" target=\"_blank\" rel=\"noopener\"><b>fundada el 16 de diciembre de 1772, por Don Pedro de Tovar y Buend\u00eda<\/b><\/a><span style=\"font-weight: 400;\">, quien era propietario de la hacienda con el mismo nombre; el cual se debe a los grandes yacimientos de piedra caliza o calera (como le dec\u00edan en ese tiempo).<\/span><\/p><p><span style=\"font-weight: 400;\">La historia del municipio cuenta que en torno a la hacienda se fue formando el caser\u00edo con los familiares de Don Pedro y su esposa, y all\u00ed se fund\u00f3 la parroquia de blancos bajo el patrocinio de Nuestra Se\u00f1ora del Rosario.\u00a0<\/span><\/p><p><span style=\"font-weight: 400;\">M\u00e1s adelante, por Decreto en 1850 de la Gobernaci\u00f3n de la Provincia de Bogot\u00e1, La Calera se sum\u00f3 a la capital. Luego, en 1852 se restableci\u00f3 el distrito parroquial de La Calera y en 1853 se erigi\u00f3 en aldea el distrito suprimido de La Calera.\u00a0<\/span><\/p><p><span style=\"font-weight: 400;\">Durante varios a\u00f1os, su econom\u00eda se bas\u00f3 en la explotaci\u00f3n minera, con una reconocida empresa de cemento que generaba empleo a cerca de tres mil personas. Actualmente, funcionan <\/span><a href=\"https:\/\/www.lacalera-cundinamarca.gov.co\/MiMunicipio\/Paginas\/Economia.aspx\" target=\"_blank\" rel=\"noopener\"><b>grandes y reconocidas empresas<\/b><\/a><span style=\"font-weight: 400;\"> que extraen aguas de manantiales y cemento. <\/span><\/p>\t\t\t\t\t\t<\/div>\n\t\t\t\t<\/div>\n\t\t\t\t\t<\/div>\n\t\t<\/div>\n\t\t\t\t<div class=\"elementor-column elementor-col-50 elementor-top-column elementor-element elementor-element-1547bbb2\" data-id=\"1547bbb2\" data-element_type=\"column\">\n\t\t\t<div class=\"elementor-widget-wrap elementor-element-populated\">\n\t\t\t\t\t\t<div class=\"elementor-element elementor-element-2a366de1 elementor-widget elementor-widget-text-editor\" data-id=\"2a366de1\" data-element_type=\"widget\" data-widget_type=\"text-editor.default\">\n\t\t\t\t<div class=\"elementor-widget-container\">\n\t\t\t\t\t\t\t<h3><b>Barrios principales<\/b><\/h3><p><span style=\"font-weight: 400;\">La Calera est\u00e1 organizada en 8 zonas:\u00a0<\/span><\/p><p><b>Zona 1: <\/b><span style=\"font-weight: 400;\">Mundo Nuevo, El Manzano, La Jangada, La Hoya, La Polonia, El Manzano Sector El Cerro.\u00a0<\/span><\/p><p><b>Zona 2:<\/b><span style=\"font-weight: 400;\"> Treinta y Seis, Tunjaque, La J\u00fania, La Ramada, Jerusal\u00e9n, Qu\u00edsquiza.\u00a0<\/span><\/p><p><b>Zona 3: <\/b><span style=\"font-weight: 400;\">El L\u00edbano, El Salitre, Sector Camino al Meta, San Rafael, El Hato.\u00a0<\/span><\/p><p><b>Zona 4: <\/b><span style=\"font-weight: 400;\">El Rodeo, El Volc\u00e1n, Frailejon\u00e1l, Salitre Alto sector Tres Quebradas.\u00a0<\/span><\/p><p><b>Zona 5:<\/b><span style=\"font-weight: 400;\"> Santa Helena, Buenos Aires Los Pinos, Buenos Aires La Epifan\u00eda, Altamar, La Portada.\u00a0<\/span><\/p><p><b>Zona 6:<\/b><span style=\"font-weight: 400;\"> San Jos\u00e9 de la Concepci\u00f3n, San Jos\u00e9 del Triunfo, Marquez, La Aurora Baja, San Cayetano, San Jos\u00e9 de las Mercedes, La Toma.\u00a0<\/span><\/p><p><b>Zona 7:<\/b><span style=\"font-weight: 400;\"> La Aurora Alta, La Aurora Alta sector Capilla.\u00a0<\/span><\/p><p><b>Zona 8:<\/b><span style=\"font-weight: 400;\"> Casco Urbano, Zonas de Expansi\u00f3n urbana<\/span><\/p>\t\t\t\t\t\t<\/div>\n\t\t\t\t<\/div>\n\t\t\t\t\t<\/div>\n\t\t<\/div>\n\t\t\t\t\t<\/div>\n\t\t<\/section>\n\t\t\t\t<section class=\"elementor-section elementor-top-section elementor-element elementor-element-71d40fc elementor-section-boxed elementor-section-height-default elementor-section-height-default\" data-id=\"71d40fc\" data-element_type=\"section\">\n\t\t\t\t\t\t<div class=\"elementor-container elementor-column-gap-default\">\n\t\t\t\t\t<div class=\"elementor-column elementor-col-100 elementor-top-column elementor-element elementor-element-d80571c\" data-id=\"d80571c\" data-element_type=\"column\">\n\t\t\t<div class=\"elementor-widget-wrap elementor-element-populated\">\n\t\t\t\t\t\t<div class=\"elementor-element elementor-element-58c6025c elementor-hidden-phone elementor-skin-carousel elementor-arrows-yes elementor-pagination-type-bullets elementor-pagination-position-outside elementor-widget elementor-widget-media-carousel\" data-id=\"58c6025c\" data-element_type=\"widget\" data-settings=\"{&quot;slides_per_view&quot;:&quot;1&quot;,&quot;skin&quot;:&quot;carousel&quot;,&quot;effect&quot;:&quot;slide&quot;,&quot;show_arrows&quot;:&quot;yes&quot;,&quot;pagination&quot;:&quot;bullets&quot;,&quot;speed&quot;:500,&quot;autoplay&quot;:&quot;yes&quot;,&quot;autoplay_speed&quot;:5000,&quot;loop&quot;:&quot;yes&quot;,&quot;pause_on_hover&quot;:&quot;yes&quot;,&quot;pause_on_interaction&quot;:&quot;yes&quot;,&quot;space_between&quot;:{&quot;unit&quot;:&quot;px&quot;,&quot;size&quot;:10,&quot;sizes&quot;:[]},&quot;space_between_tablet&quot;:{&quot;unit&quot;:&quot;px&quot;,&quot;size&quot;:10,&quot;sizes&quot;:[]},&quot;space_between_mobile&quot;:{&quot;unit&quot;:&quot;px&quot;,&quot;size&quot;:10,&quot;sizes&quot;:[]}}\" data-widget_type=\"media-carousel.default\">\n\t\t\t\t<div class=\"elementor-widget-container\">\n\t\t\t\t\t<div class=\"elementor-swiper\">\n\t\t\t<div class=\"elementor-main-swiper swiper\">\n\t\t\t\t<div class=\"swiper-wrapper\">\n\t\t\t\t\t\t\t\t\t\t\t<div class=\"swiper-slide\">\n\t\t\t\t\t\t\t<a href=\"https:\/\/www.ciencuadras.com\/certificado-de-tradicion-y-libertad\/\" target=\"_blank\">\t\t<div class=\"elementor-carousel-image\" role=\"img\" aria-label=\"\" style=\"background-image: url(&#039;https:\/\/www.ciencuadras.com\/blog\/wp-content\/uploads\/2021\/11\/SLIDER_desktop_TRADICION-LIBERTAD.jpg&#039;)\">\n\n\t\t\t\n\t\t\t\t\t<\/div>\n\t\t<\/a>\t\t\t\t\t\t<\/div>\n\t\t\t\t\t\t\t\t\t\t\t<div class=\"swiper-slide\">\n\t\t\t\t\t\t\t<a href=\"https:\/\/www.ciencuadras.com\/ofertas\/\">\t\t<div class=\"elementor-carousel-image\" role=\"img\" aria-label=\"\" style=\"background-image: url(&#039;https:\/\/www.ciencuadras.com\/blog\/wp-content\/uploads\/2021\/11\/SLIDER_desktop_Ofertas.jpg&#039;)\">\n\n\t\t\t\n\t\t\t\t\t<\/div>\n\t\t<\/a>\t\t\t\t\t\t<\/div>\n\t\t\t\t\t\t\t\t\t\t\t<div class=\"swiper-slide\">\n\t\t\t\t\t\t\t<a href=\"https:\/\/www.ciencuadras.com\/ofertas?feria=true\" target=\"_blank\">\t\t<div class=\"elementor-carousel-image\" role=\"img\" aria-label=\"\" style=\"background-image: url(&#039;https:\/\/www.ciencuadras.com\/blog\/wp-content\/uploads\/2021\/11\/SLIDER_desktop_Gestion-del-credito.jpg&#039;)\">\n\n\t\t\t\n\t\t\t\t\t<\/div>\n\t\t<\/a>\t\t\t\t\t\t<\/div>\n\t\t\t\t\t\t\t\t\t\t\t<div class=\"swiper-slide\">\n\t\t\t\t\t\t\t<a href=\"https:\/\/www.ciencuadras.com\/avaluos-en-linea\/\" target=\"_blank\">\t\t<div class=\"elementor-carousel-image\" role=\"img\" aria-label=\"\" style=\"background-image: url(&#039;https:\/\/www.ciencuadras.com\/blog\/wp-content\/uploads\/2021\/11\/SLIDER_desktop_AVALUO-CERTIFICADO.jpg&#039;)\">\n\n\t\t\t\n\t\t\t\t\t<\/div>\n\t\t<\/a>\t\t\t\t\t\t<\/div>\n\t\t\t\t\t\t\t\t\t\t\t<div class=\"swiper-slide\">\n\t\t\t\t\t\t\t<a href=\"https:\/\/www.ciencuadras.com\/proyectos-vivienda-nueva\/bogota\" target=\"_blank\">\t\t<div class=\"elementor-carousel-image\" role=\"img\" aria-label=\"\" style=\"background-image: url(&#039;https:\/\/www.ciencuadras.com\/blog\/wp-content\/uploads\/2022\/01\/SLIDER_desktop_Constructoras-aliadas-1.jpg&#039;)\">\n\n\t\t\t\n\t\t\t\t\t<\/div>\n\t\t<\/a>\t\t\t\t\t\t<\/div>\n\t\t\t\t\t\t\t\t\t<\/div>\n\t\t\t\t\t\t\t\t\t\t\t\t\t\t\t<div class=\"swiper-pagination\"><\/div>\n\t\t\t\t\t\t\t\t\t\t\t\t\t\t\t\t<div class=\"elementor-swiper-button elementor-swiper-button-prev\" role=\"button\" tabindex=\"0\">\n\t\t\t\t\t\t\t<svg aria-hidden=\"true\" class=\"e-font-icon-svg e-eicon-chevron-left\" viewBox=\"0 0 1000 1000\" xmlns=\"http:\/\/www.w3.org\/2000\/svg\"><path d=\"M646 125C629 125 613 133 604 142L308 442C296 454 292 471 292 487 292 504 296 521 308 533L604 854C617 867 629 875 646 875 663 875 679 871 692 858 704 846 713 829 713 812 713 796 708 779 692 767L438 487 692 225C700 217 708 204 708 187 708 171 704 154 692 142 675 129 663 125 646 125Z\"><\/path><\/svg>\t\t\t\t\t\t\t<span class=\"elementor-screen-only\">Previous<\/span>\n\t\t\t\t\t\t<\/div>\n\t\t\t\t\t\t<div class=\"elementor-swiper-button elementor-swiper-button-next\" role=\"button\" tabindex=\"0\">\n\t\t\t\t\t\t\t<svg aria-hidden=\"true\" class=\"e-font-icon-svg e-eicon-chevron-right\" viewBox=\"0 0 1000 1000\" xmlns=\"http:\/\/www.w3.org\/2000\/svg\"><path d=\"M696 533C708 521 713 504 713 487 713 471 708 454 696 446L400 146C388 133 375 125 354 125 338 125 325 129 313 142 300 154 292 171 292 187 292 204 296 221 308 233L563 492 304 771C292 783 288 800 288 817 288 833 296 850 308 863 321 871 338 875 354 875 371 875 388 867 400 854L696 533Z\"><\/path><\/svg>\t\t\t\t\t\t\t<span class=\"elementor-screen-only\">Next<\/span>\n\t\t\t\t\t\t<\/div>\n\t\t\t\t\t\t\t\t\t\t\t\t<\/div>\n\t\t<\/div>\n\t\t\t\t<\/div>\n\t\t\t\t<\/div>\n\t\t\t\t\t<\/div>\n\t\t<\/div>\n\t\t\t\t\t<\/div>\n\t\t<\/section>\n\t\t\t\t<section class=\"elementor-section elementor-top-section elementor-element elementor-element-6603e4e8 elementor-section-boxed elementor-section-height-default elementor-section-height-default\" data-id=\"6603e4e8\" data-element_type=\"section\">\n\t\t\t\t\t\t<div class=\"elementor-container elementor-column-gap-default\">\n\t\t\t\t\t<div class=\"elementor-column elementor-col-100 elementor-top-column elementor-element elementor-element-42bce991\" data-id=\"42bce991\" data-element_type=\"column\">\n\t\t\t<div class=\"elementor-widget-wrap elementor-element-populated\">\n\t\t\t\t\t\t<div class=\"elementor-element elementor-element-41e50365 elementor-widget elementor-widget-spacer\" data-id=\"41e50365\" data-element_type=\"widget\" data-widget_type=\"spacer.default\">\n\t\t\t\t<div class=\"elementor-widget-container\">\n\t\t\t\t\t<div class=\"elementor-spacer\">\n\t\t\t<div class=\"elementor-spacer-inner\"><\/div>\n\t\t<\/div>\n\t\t\t\t<\/div>\n\t\t\t\t<\/div>\n\t\t\t\t\t<\/div>\n\t\t<\/div>\n\t\t\t\t\t<\/div>\n\t\t<\/section>\n\t\t\t\t<section class=\"elementor-section elementor-top-section elementor-element elementor-element-4a635da elementor-section-boxed elementor-section-height-default elementor-section-height-default\" data-id=\"4a635da\" data-element_type=\"section\">\n\t\t\t\t\t\t<div class=\"elementor-container elementor-column-gap-default\">\n\t\t\t\t\t<div class=\"elementor-column elementor-col-100 elementor-top-column elementor-element elementor-element-3b385429\" data-id=\"3b385429\" data-element_type=\"column\">\n\t\t\t<div class=\"elementor-widget-wrap elementor-element-populated\">\n\t\t\t\t\t\t<div class=\"elementor-element elementor-element-12ead2b elementor-widget elementor-widget-heading\" data-id=\"12ead2b\" data-element_type=\"widget\" data-widget_type=\"heading.default\">\n\t\t\t\t<div class=\"elementor-widget-container\">\n\t\t\t<h2 class=\"elementor-heading-title elementor-size-default\">Mercado inmobiliario en La Calera\n<\/h2>\t\t<\/div>\n\t\t\t\t<\/div>\n\t\t\t\t\t<\/div>\n\t\t<\/div>\n\t\t\t\t\t<\/div>\n\t\t<\/section>\n\t\t\t\t<section class=\"elementor-section elementor-top-section elementor-element elementor-element-cc1de23 elementor-section-boxed elementor-section-height-default elementor-section-height-default\" data-id=\"cc1de23\" data-element_type=\"section\">\n\t\t\t\t\t\t<div class=\"elementor-container elementor-column-gap-default\">\n\t\t\t\t\t<div class=\"elementor-column elementor-col-50 elementor-top-column elementor-element elementor-element-4e8574dc\" data-id=\"4e8574dc\" data-element_type=\"column\">\n\t\t\t<div class=\"elementor-widget-wrap elementor-element-populated\">\n\t\t\t\t\t\t<div class=\"elementor-element elementor-element-5d73cd10 elementor-widget elementor-widget-text-editor\" data-id=\"5d73cd10\" data-element_type=\"widget\" data-widget_type=\"text-editor.default\">\n\t\t\t\t<div class=\"elementor-widget-container\">\n\t\t\t\t\t\t\t<p><span style=\"font-weight: 400;\">El desarrollo de vivienda en La Calera, viene creciendo en los \u00faltimos a\u00f1os debido al inter\u00e9s de las familias por habitar casas y apartamentos m\u00e1s amplios, en medio de la naturaleza pero muy, muy cerca a la capital. Es as\u00ed que este municipio aleda\u00f1o a Bogot\u00e1 se convierte en una gran oportunidad para vivir en medio de la tranquilidad del campo, mientras se goza de la facilidad de acceso a lo que ofrece la gran ciudad.\u00a0<\/span><\/p><p><span style=\"font-weight: 400;\">\u00a1Por supuesto! Los proyectos de vivienda ubicados en La Calera tienen la ventaja de ubicarse muy cerca de colegios, hospitales y centros comerciales de Bogot\u00e1. Las v\u00edas del municipio cuentan con buen estado, y los 16 kil\u00f3metros de distancia a una zona muy central permiten hacer f\u00e1cil conexi\u00f3n con otras zonas de la ciudad.\u00a0<\/span><\/p><p><span style=\"font-weight: 400;\">En La Calera se pueden encontrar todo tipo de proyectos de vivienda. Desde construcciones de lujo como condominios y casas campestres exclusivas, fincas, hasta proyectos\u00a0 VIS y No VIS de importantes constructoras.\u00a0<\/span><\/p><p><span style=\"font-weight: 400;\">En cuanto a precios, es posible que sean muy similares a Bogot\u00e1, sin embargo, la ventaja ser\u00e1 en dise\u00f1o y amplios espacios disponibles, zonas verdes, club house y la incomparable vista a las monta\u00f1as.\u00a0<\/span><\/p><p>\u00a0<\/p>\t\t\t\t\t\t<\/div>\n\t\t\t\t<\/div>\n\t\t\t\t\t<\/div>\n\t\t<\/div>\n\t\t\t\t<div class=\"elementor-column elementor-col-50 elementor-top-column elementor-element elementor-element-7f1fac95\" data-id=\"7f1fac95\" data-element_type=\"column\">\n\t\t\t<div class=\"elementor-widget-wrap elementor-element-populated\">\n\t\t\t\t\t\t<div class=\"elementor-element elementor-element-685d1c96 elementor-widget elementor-widget-html\" data-id=\"685d1c96\" data-element_type=\"widget\" data-widget_type=\"html.default\">\n\t\t\t\t<div class=\"elementor-widget-container\">\n\t\t\t<iframe src=\"https:\/\/www.google.com\/maps\/embed?pb=!1m18!1m12!1m3!1d15905.125483076416!2d-73.97697077315296!3d4.721112445135516!2m3!1f0!2f0!3f0!3m2!1i1024!2i768!4f13.1!3m3!1m2!1s0x8e3f8e39a6d5be41%3A0xe1bec6f8812cb910!2sLa%20Calera%2C%20Cundinamarca!5e0!3m2!1ses-419!2sco!4v1642457024733!5m2!1ses-419!2sco\" width=\"600\" height=\"450\" style=\"border:0;\" allowfullscreen=\"\" loading=\"lazy\"><\/iframe>\t\t<\/div>\n\t\t\t\t<\/div>\n\t\t\t\t\t<\/div>\n\t\t<\/div>\n\t\t\t\t\t<\/div>\n\t\t<\/section>\n\t\t\t\t<section class=\"elementor-section elementor-top-section elementor-element elementor-element-667f59df elementor-section-boxed elementor-section-height-default elementor-section-height-default\" data-id=\"667f59df\" data-element_type=\"section\">\n\t\t\t\t\t\t<div class=\"elementor-container elementor-column-gap-default\">\n\t\t\t\t\t<div class=\"elementor-column elementor-col-100 elementor-top-column elementor-element elementor-element-16de3f63\" data-id=\"16de3f63\" data-element_type=\"column\">\n\t\t\t<div class=\"elementor-widget-wrap elementor-element-populated\">\n\t\t\t\t\t\t<div class=\"elementor-element elementor-element-12c33547 elementor-widget elementor-widget-spacer\" data-id=\"12c33547\" data-element_type=\"widget\" data-widget_type=\"spacer.default\">\n\t\t\t\t<div class=\"elementor-widget-container\">\n\t\t\t\t\t<div class=\"elementor-spacer\">\n\t\t\t<div class=\"elementor-spacer-inner\"><\/div>\n\t\t<\/div>\n\t\t\t\t<\/div>\n\t\t\t\t<\/div>\n\t\t\t\t\t<\/div>\n\t\t<\/div>\n\t\t\t\t\t<\/div>\n\t\t<\/section>\n\t\t\t\t<section class=\"elementor-section elementor-top-section elementor-element elementor-element-585933b3 elementor-section-boxed elementor-section-height-default elementor-section-height-default\" data-id=\"585933b3\" data-element_type=\"section\">\n\t\t\t\t\t\t<div class=\"elementor-container elementor-column-gap-default\">\n\t\t\t\t\t<div class=\"elementor-column elementor-col-100 elementor-top-column elementor-element elementor-element-10dab194\" data-id=\"10dab194\" data-element_type=\"column\">\n\t\t\t<div class=\"elementor-widget-wrap elementor-element-populated\">\n\t\t\t\t\t\t<div class=\"elementor-element elementor-element-b212d04 elementor-widget elementor-widget-heading\" data-id=\"b212d04\" data-element_type=\"widget\" data-widget_type=\"heading.default\">\n\t\t\t\t<div class=\"elementor-widget-container\">\n\t\t\t<h2 class=\"elementor-heading-title elementor-size-default\">Datos de inter\u00e9s<\/h2>\t\t<\/div>\n\t\t\t\t<\/div>\n\t\t\t\t\t<\/div>\n\t\t<\/div>\n\t\t\t\t\t<\/div>\n\t\t<\/section>\n\t\t\t\t<section class=\"elementor-section elementor-top-section elementor-element elementor-element-638fa056 elementor-section-boxed elementor-section-height-default elementor-section-height-default\" data-id=\"638fa056\" data-element_type=\"section\">\n\t\t\t\t\t\t<div class=\"elementor-container elementor-column-gap-default\">\n\t\t\t\t\t<div class=\"elementor-column elementor-col-100 elementor-top-column elementor-element elementor-element-7d23156b\" data-id=\"7d23156b\" data-element_type=\"column\">\n\t\t\t<div class=\"elementor-widget-wrap elementor-element-populated\">\n\t\t\t\t\t\t<div class=\"elementor-element elementor-element-622d257 elementor-widget elementor-widget-accordion\" data-id=\"622d257\" data-element_type=\"widget\" data-widget_type=\"accordion.default\">\n\t\t\t\t<div class=\"elementor-widget-container\">\n\t\t\t\t\t<div class=\"elementor-accordion\">\n\t\t\t\t\t\t\t<div class=\"elementor-accordion-item\">\n\t\t\t\t\t<div id=\"elementor-tab-title-1021\" class=\"elementor-tab-title\" data-tab=\"1\" role=\"button\" aria-controls=\"elementor-tab-content-1021\" aria-expanded=\"false\">\n\t\t\t\t\t\t\t\t\t\t\t\t\t<span class=\"elementor-accordion-icon elementor-accordion-icon-left\" aria-hidden=\"true\">\n\t\t\t\t\t\t\t\t\t\t\t\t\t\t\t<span class=\"elementor-accordion-icon-closed\"><svg class=\"e-font-icon-svg e-fas-plus\" viewBox=\"0 0 448 512\" xmlns=\"http:\/\/www.w3.org\/2000\/svg\"><path d=\"M416 208H272V64c0-17.67-14.33-32-32-32h-32c-17.67 0-32 14.33-32 32v144H32c-17.67 0-32 14.33-32 32v32c0 17.67 14.33 32 32 32h144v144c0 17.67 14.33 32 32 32h32c17.67 0 32-14.33 32-32V304h144c17.67 0 32-14.33 32-32v-32c0-17.67-14.33-32-32-32z\"><\/path><\/svg><\/span>\n\t\t\t\t\t\t\t\t<span class=\"elementor-accordion-icon-opened\"><svg class=\"e-font-icon-svg e-fas-minus\" viewBox=\"0 0 448 512\" xmlns=\"http:\/\/www.w3.org\/2000\/svg\"><path d=\"M416 208H32c-17.67 0-32 14.33-32 32v32c0 17.67 14.33 32 32 32h384c17.67 0 32-14.33 32-32v-32c0-17.67-14.33-32-32-32z\"><\/path><\/svg><\/span>\n\t\t\t\t\t\t\t\t\t\t\t\t\t\t<\/span>\n\t\t\t\t\t\t\t\t\t\t\t\t<a class=\"elementor-accordion-title\" tabindex=\"0\">\u00bfPor qu\u00e9 vivir en La Calera?<\/a>\n\t\t\t\t\t<\/div>\n\t\t\t\t\t<div id=\"elementor-tab-content-1021\" class=\"elementor-tab-content elementor-clearfix\" data-tab=\"1\" role=\"region\" aria-labelledby=\"elementor-tab-title-1021\"><p><span style=\"font-weight: 400;\">La raz\u00f3n principal para vivir en La Calera es el deseo de disfrutar de un lugar tranquilo, lleno de aire puro, naturaleza y campo, mientras se cuenta con la posibilidad de estar muy pr\u00f3ximo a Bogot\u00e1, unos 20 minutos aproximadamente.\u00a0<\/span><\/p><p><span style=\"font-weight: 400;\">Es as\u00ed que escapar del ruido de la ciudad, y vivir en una zona frecuentada los fines de semana, por turistas y bogotanos, tambi\u00e9n hace de La Calera una inversi\u00f3n atractiva para quienes pertenecen al sector de la gastronom\u00eda y el turismo. As\u00ed como tambi\u00e9n para los amantes del contacto con la naturaleza, el ciclismo y la aventura.<\/span><\/p><p><span style=\"font-weight: 400;\">Precisamente, en el municipio de La Calera se pueden realizar actividades deportivas, turismo ecol\u00f3gico, rutas gastron\u00f3micas, cabalgatas, parapente, recorridos en cuatrimoto y paintball.\u00a0<\/span><\/p><p><span style=\"font-weight: 400;\">Entre los <\/span><a href=\"https:\/\/www.lacalera-cundinamarca.gov.co\/MiMunicipio\/Paginas\/Sitios-de-Interes.aspx\" target=\"_blank\" rel=\"noopener\"><b>sitios para descubrir <\/b><\/a><span style=\"font-weight: 400;\">all\u00ed se encuentran:<\/span><\/p><ul><li style=\"font-weight: 400;\" aria-level=\"1\"><span style=\"font-weight: 400;\">Parque Natural de Chingaza<\/span><\/li><li style=\"font-weight: 400;\" aria-level=\"1\"><span style=\"font-weight: 400;\">Embalse de San Rafael<\/span><\/li><li style=\"font-weight: 400;\" aria-level=\"1\"><span style=\"font-weight: 400;\">Capilla Nuestra Se\u00f1ora Del Rosario<\/span><\/li><li style=\"font-weight: 400;\" aria-level=\"1\"><span style=\"font-weight: 400;\">Pe\u00f1a de las \u00c1guilas<\/span><\/li><li style=\"font-weight: 400;\" aria-level=\"1\"><span style=\"font-weight: 400;\">Miradores, en la v\u00eda que conecta a Bogot\u00e1 con este municipio.<\/span><\/li><\/ul><\/div>\n\t\t\t\t<\/div>\n\t\t\t\t\t\t\t<div class=\"elementor-accordion-item\">\n\t\t\t\t\t<div id=\"elementor-tab-title-1022\" class=\"elementor-tab-title\" data-tab=\"2\" role=\"button\" aria-controls=\"elementor-tab-content-1022\" aria-expanded=\"false\">\n\t\t\t\t\t\t\t\t\t\t\t\t\t<span class=\"elementor-accordion-icon elementor-accordion-icon-left\" aria-hidden=\"true\">\n\t\t\t\t\t\t\t\t\t\t\t\t\t\t\t<span class=\"elementor-accordion-icon-closed\"><svg class=\"e-font-icon-svg e-fas-plus\" viewBox=\"0 0 448 512\" xmlns=\"http:\/\/www.w3.org\/2000\/svg\"><path d=\"M416 208H272V64c0-17.67-14.33-32-32-32h-32c-17.67 0-32 14.33-32 32v144H32c-17.67 0-32 14.33-32 32v32c0 17.67 14.33 32 32 32h144v144c0 17.67 14.33 32 32 32h32c17.67 0 32-14.33 32-32V304h144c17.67 0 32-14.33 32-32v-32c0-17.67-14.33-32-32-32z\"><\/path><\/svg><\/span>\n\t\t\t\t\t\t\t\t<span class=\"elementor-accordion-icon-opened\"><svg class=\"e-font-icon-svg e-fas-minus\" viewBox=\"0 0 448 512\" xmlns=\"http:\/\/www.w3.org\/2000\/svg\"><path d=\"M416 208H32c-17.67 0-32 14.33-32 32v32c0 17.67 14.33 32 32 32h384c17.67 0 32-14.33 32-32v-32c0-17.67-14.33-32-32-32z\"><\/path><\/svg><\/span>\n\t\t\t\t\t\t\t\t\t\t\t\t\t\t<\/span>\n\t\t\t\t\t\t\t\t\t\t\t\t<a class=\"elementor-accordion-title\" tabindex=\"0\">Ubicaci\u00f3n y municipios aleda\u00f1os<\/a>\n\t\t\t\t\t<\/div>\n\t\t\t\t\t<div id=\"elementor-tab-content-1022\" class=\"elementor-tab-content elementor-clearfix\" data-tab=\"2\" role=\"region\" aria-labelledby=\"elementor-tab-title-1022\"><p><span style=\"font-weight: 400;\">\ud83d\udccdLa Calera se ubica en la Provincia de Guavio, en el oriente del departamento de Cundinamarca, a 18 km al nororiente de Bogot\u00e1, <\/span><a href=\"https:\/\/orarbo.gov.co\/es\/el-observatorio-y-los-municipios\/informacion-general-municipio?cd=f2e8bf6d0b6b94fd4739649d9ef1386b\" target=\"_blank\" rel=\"noopener\"><b>cerca de la localidad de Chapinero<\/b><\/a><span style=\"font-weight: 400;\">.\u00a0<\/span><\/p><p><span style=\"font-weight: 400;\">Limita al norte con los municipios de Guasca, Sop\u00f3 y Ch\u00eda; al sur con los municipios de Choach\u00ed, F\u00f3meque y tambi\u00e9n Bogot\u00e1; al occidente con Bogot\u00e1 y al oriente, con los municipios de Guasca, F\u00f3meque.<\/span><\/p><\/div>\n\t\t\t\t<\/div>\n\t\t\t\t\t\t\t<div class=\"elementor-accordion-item\">\n\t\t\t\t\t<div id=\"elementor-tab-title-1023\" class=\"elementor-tab-title\" data-tab=\"3\" role=\"button\" aria-controls=\"elementor-tab-content-1023\" aria-expanded=\"false\">\n\t\t\t\t\t\t\t\t\t\t\t\t\t<span class=\"elementor-accordion-icon elementor-accordion-icon-left\" aria-hidden=\"true\">\n\t\t\t\t\t\t\t\t\t\t\t\t\t\t\t<span class=\"elementor-accordion-icon-closed\"><svg class=\"e-font-icon-svg e-fas-plus\" viewBox=\"0 0 448 512\" xmlns=\"http:\/\/www.w3.org\/2000\/svg\"><path d=\"M416 208H272V64c0-17.67-14.33-32-32-32h-32c-17.67 0-32 14.33-32 32v144H32c-17.67 0-32 14.33-32 32v32c0 17.67 14.33 32 32 32h144v144c0 17.67 14.33 32 32 32h32c17.67 0 32-14.33 32-32V304h144c17.67 0 32-14.33 32-32v-32c0-17.67-14.33-32-32-32z\"><\/path><\/svg><\/span>\n\t\t\t\t\t\t\t\t<span class=\"elementor-accordion-icon-opened\"><svg class=\"e-font-icon-svg e-fas-minus\" viewBox=\"0 0 448 512\" xmlns=\"http:\/\/www.w3.org\/2000\/svg\"><path d=\"M416 208H32c-17.67 0-32 14.33-32 32v32c0 17.67 14.33 32 32 32h384c17.67 0 32-14.33 32-32v-32c0-17.67-14.33-32-32-32z\"><\/path><\/svg><\/span>\n\t\t\t\t\t\t\t\t\t\t\t\t\t\t<\/span>\n\t\t\t\t\t\t\t\t\t\t\t\t<a class=\"elementor-accordion-title\" tabindex=\"0\">Arquitectura de La Calera<\/a>\n\t\t\t\t\t<\/div>\n\t\t\t\t\t<div id=\"elementor-tab-content-1023\" class=\"elementor-tab-content elementor-clearfix\" data-tab=\"3\" role=\"region\" aria-labelledby=\"elementor-tab-title-1023\"><p><span style=\"font-weight: 400;\">\ud83c\udfe1 La arquitectura de La Calera se caracteriza por casas campestres y rurales, as\u00ed como tambi\u00e9n construcciones de lujo. Todo inmerso entre la naturaleza, monta\u00f1as y extensos recursos h\u00eddricos.<\/span><\/p><p><span style=\"font-weight: 400;\">Los proyectos inmobiliarios que se desarrollan actualmente se caracterizan por ser modernos, de lujo y con destacadas zonas sociales ideales para vivir en familia. Entre ellos se encuentran condominios, conjuntos residenciales, entre otros.\u00a0 <\/span><\/p><\/div>\n\t\t\t\t<\/div>\n\t\t\t\t\t\t\t<div class=\"elementor-accordion-item\">\n\t\t\t\t\t<div id=\"elementor-tab-title-1024\" class=\"elementor-tab-title\" data-tab=\"4\" role=\"button\" aria-controls=\"elementor-tab-content-1024\" aria-expanded=\"false\">\n\t\t\t\t\t\t\t\t\t\t\t\t\t<span class=\"elementor-accordion-icon elementor-accordion-icon-left\" aria-hidden=\"true\">\n\t\t\t\t\t\t\t\t\t\t\t\t\t\t\t<span class=\"elementor-accordion-icon-closed\"><svg class=\"e-font-icon-svg e-fas-plus\" viewBox=\"0 0 448 512\" xmlns=\"http:\/\/www.w3.org\/2000\/svg\"><path d=\"M416 208H272V64c0-17.67-14.33-32-32-32h-32c-17.67 0-32 14.33-32 32v144H32c-17.67 0-32 14.33-32 32v32c0 17.67 14.33 32 32 32h144v144c0 17.67 14.33 32 32 32h32c17.67 0 32-14.33 32-32V304h144c17.67 0 32-14.33 32-32v-32c0-17.67-14.33-32-32-32z\"><\/path><\/svg><\/span>\n\t\t\t\t\t\t\t\t<span class=\"elementor-accordion-icon-opened\"><svg class=\"e-font-icon-svg e-fas-minus\" viewBox=\"0 0 448 512\" xmlns=\"http:\/\/www.w3.org\/2000\/svg\"><path d=\"M416 208H32c-17.67 0-32 14.33-32 32v32c0 17.67 14.33 32 32 32h384c17.67 0 32-14.33 32-32v-32c0-17.67-14.33-32-32-32z\"><\/path><\/svg><\/span>\n\t\t\t\t\t\t\t\t\t\t\t\t\t\t<\/span>\n\t\t\t\t\t\t\t\t\t\t\t\t<a class=\"elementor-accordion-title\" tabindex=\"0\">En La Calera, Ciencuadras Cuadra Todo<\/a>\n\t\t\t\t\t<\/div>\n\t\t\t\t\t<div id=\"elementor-tab-content-1024\" class=\"elementor-tab-content elementor-clearfix\" data-tab=\"4\" role=\"region\" aria-labelledby=\"elementor-tab-title-1024\"><p><span style=\"font-weight: 400;\">Despu\u00e9s de conocer todos los atractivos, ventajas y beneficios de La Calera, \u00bfte suena comprar o arrendar un inmueble en este municipio? En <\/span><b>Ciencuadras<\/b><span style=\"font-weight: 400;\"> tenemos la m\u00e1s amplia oferta para que encuentres ese espacio que se adec\u00faa a tus necesidades y expectativas. \u00bfQu\u00e9 esperas? <\/span><a href=\"https:\/\/www.ciencuadras.com\/venta\/la-calera\/casa\" target=\"_blank\" rel=\"noopener\"><b>\u00a1Con\u00f3celo aqu\u00ed!<\/b><\/a><\/p><\/div>\n\t\t\t\t<\/div>\n\t\t\t\t\t\t\t\t<\/div>\n\t\t\t\t<\/div>\n\t\t\t\t<\/div>\n\t\t\t\t\t<\/div>\n\t\t<\/div>\n\t\t\t\t\t<\/div>\n\t\t<\/section>\n\t\t\t\t<section class=\"elementor-section elementor-top-section elementor-element elementor-element-3ebff57 elementor-section-boxed elementor-section-height-default elementor-section-height-default\" data-id=\"3ebff57\" data-element_type=\"section\">\n\t\t\t\t\t\t<div class=\"elementor-container elementor-column-gap-default\">\n\t\t\t\t\t<div class=\"elementor-column elementor-col-100 elementor-top-column elementor-element elementor-element-18c233ef\" data-id=\"18c233ef\" data-element_type=\"column\">\n\t\t\t<div class=\"elementor-widget-wrap elementor-element-populated\">\n\t\t\t\t\t\t<div class=\"elementor-element elementor-element-cfe0f89 elementor-widget elementor-widget-spacer\" data-id=\"cfe0f89\" data-element_type=\"widget\" data-widget_type=\"spacer.default\">\n\t\t\t\t<div class=\"elementor-widget-container\">\n\t\t\t\t\t<div class=\"elementor-spacer\">\n\t\t\t<div class=\"elementor-spacer-inner\"><\/div>\n\t\t<\/div>\n\t\t\t\t<\/div>\n\t\t\t\t<\/div>\n\t\t\t\t\t<\/div>\n\t\t<\/div>\n\t\t\t\t\t<\/div>\n\t\t<\/section>\n\t\t\t\t<section class=\"elementor-section elementor-top-section elementor-element elementor-element-fecfc27 elementor-section-boxed elementor-section-height-default elementor-section-height-default\" data-id=\"fecfc27\" data-element_type=\"section\">\n\t\t\t\t\t\t<div class=\"elementor-container elementor-column-gap-default\">\n\t\t\t\t\t<div class=\"elementor-column elementor-col-100 elementor-top-column elementor-element elementor-element-6bec645b\" data-id=\"6bec645b\" data-element_type=\"column\">\n\t\t\t<div class=\"elementor-widget-wrap elementor-element-populated\">\n\t\t\t\t\t\t<div class=\"elementor-element elementor-element-73d2f10f elementor-widget elementor-widget-heading\" data-id=\"73d2f10f\" data-element_type=\"widget\" data-widget_type=\"heading.default\">\n\t\t\t\t<div class=\"elementor-widget-container\">\n\t\t\t<h2 class=\"elementor-heading-title elementor-size-default\">Proyectos de vivienda nueva en La Calera<\/h2>\t\t<\/div>\n\t\t\t\t<\/div>\n\t\t\t\t\t<\/div>\n\t\t<\/div>\n\t\t\t\t\t<\/div>\n\t\t<\/section>\n\t\t\t\t<section class=\"elementor-section elementor-top-section elementor-element elementor-element-713cfcdf elementor-section-boxed elementor-section-height-default elementor-section-height-default\" data-id=\"713cfcdf\" data-element_type=\"section\">\n\t\t\t\t\t\t<div class=\"elementor-container elementor-column-gap-default\">\n\t\t\t\t\t<div class=\"elementor-column elementor-col-100 elementor-top-column elementor-element elementor-element-3b2e9318\" data-id=\"3b2e9318\" data-element_type=\"column\">\n\t\t\t<div class=\"elementor-widget-wrap elementor-element-populated\">\n\t\t\t\t\t\t<div class=\"elementor-element elementor-element-2573141f elementor-skin-carousel elementor-arrows-yes elementor-pagination-type-bullets elementor-pagination-position-outside elementor-widget elementor-widget-media-carousel\" data-id=\"2573141f\" data-element_type=\"widget\" data-settings=\"{&quot;space_between&quot;:{&quot;unit&quot;:&quot;px&quot;,&quot;size&quot;:29,&quot;sizes&quot;:[]},&quot;slides_per_view&quot;:&quot;5&quot;,&quot;skin&quot;:&quot;carousel&quot;,&quot;effect&quot;:&quot;slide&quot;,&quot;show_arrows&quot;:&quot;yes&quot;,&quot;pagination&quot;:&quot;bullets&quot;,&quot;speed&quot;:500,&quot;autoplay&quot;:&quot;yes&quot;,&quot;autoplay_speed&quot;:5000,&quot;loop&quot;:&quot;yes&quot;,&quot;pause_on_hover&quot;:&quot;yes&quot;,&quot;pause_on_interaction&quot;:&quot;yes&quot;,&quot;space_between_tablet&quot;:{&quot;unit&quot;:&quot;px&quot;,&quot;size&quot;:10,&quot;sizes&quot;:[]},&quot;space_between_mobile&quot;:{&quot;unit&quot;:&quot;px&quot;,&quot;size&quot;:10,&quot;sizes&quot;:[]}}\" data-widget_type=\"media-carousel.default\">\n\t\t\t\t<div class=\"elementor-widget-container\">\n\t\t\t\t\t<div class=\"elementor-swiper\">\n\t\t\t<div class=\"elementor-main-swiper swiper\">\n\t\t\t\t<div class=\"swiper-wrapper\">\n\t\t\t\t\t\t\t\t\t\t\t<div class=\"swiper-slide\">\n\t\t\t\t\t\t\t<a href=\"https:\/\/www.ciencuadras.com\/proyecto-de-vivienda\/cusezar-sa-entre-bosques-v-la-calera-951\" target=\"_blank\">\t\t<div class=\"elementor-carousel-image\" role=\"img\" aria-label=\"\" style=\"background-image: url(&#039;https:\/\/www.ciencuadras.com\/blog\/wp-content\/uploads\/2022\/01\/La-Calera-1.jpg&#039;)\">\n\n\t\t\t\n\t\t\t\t\t<\/div>\n\t\t<\/a>\t\t\t\t\t\t<\/div>\n\t\t\t\t\t\t\t\t\t\t\t<div class=\"swiper-slide\">\n\t\t\t\t\t\t\t<a href=\"https:\/\/www.ciencuadras.com\/proyecto-de-vivienda\/cusezar-sa-entre-bosques-v-la-calera-951\" target=\"_blank\">\t\t<div class=\"elementor-carousel-image\" role=\"img\" aria-label=\"\" style=\"background-image: url(&#039;https:\/\/www.ciencuadras.com\/blog\/wp-content\/uploads\/2022\/01\/La-Calera-2.jpg&#039;)\">\n\n\t\t\t\n\t\t\t\t\t<\/div>\n\t\t<\/a>\t\t\t\t\t\t<\/div>\n\t\t\t\t\t\t\t\t\t\t\t<div class=\"swiper-slide\">\n\t\t\t\t\t\t\t<a href=\"https:\/\/www.ciencuadras.com\/inmueble\/apartamento-en-venta-en-manantial-la-calera-2195897\" rel=\"nofollow\">\t\t<div class=\"elementor-carousel-image\" role=\"img\" aria-label=\"\" style=\"background-image: url(&#039;https:\/\/www.ciencuadras.com\/blog\/wp-content\/uploads\/2022\/01\/La-Calera-3.jpg&#039;)\">\n\n\t\t\t\n\t\t\t\t\t<\/div>\n\t\t<\/a>\t\t\t\t\t\t<\/div>\n\t\t\t\t\t\t\t\t\t\t\t<div class=\"swiper-slide\">\n\t\t\t\t\t\t\t<a href=\"https:\/\/www.ciencuadras.com\/inmueble\/apartamento-en-venta-en-sicasue-la-calera-2182295\" target=\"_blank\">\t\t<div class=\"elementor-carousel-image\" role=\"img\" aria-label=\"\" style=\"background-image: url(&#039;https:\/\/www.ciencuadras.com\/blog\/wp-content\/uploads\/2022\/01\/La-Calera-4.jpg&#039;)\">\n\n\t\t\t\n\t\t\t\t\t<\/div>\n\t\t<\/a>\t\t\t\t\t\t<\/div>\n\t\t\t\t\t\t\t\t\t\t\t<div class=\"swiper-slide\">\n\t\t\t\t\t\t\t<a href=\"https:\/\/www.ciencuadras.com\/inmueble\/apartamento-en-venta-en-vereda-san-cayetano-la-calera-1138302\" target=\"_blank\">\t\t<div class=\"elementor-carousel-image\" role=\"img\" aria-label=\"\" style=\"background-image: url(&#039;https:\/\/www.ciencuadras.com\/blog\/wp-content\/uploads\/2022\/01\/La-Calera-5.jpg&#039;)\">\n\n\t\t\t\n\t\t\t\t\t<\/div>\n\t\t<\/a>\t\t\t\t\t\t<\/div>\n\t\t\t\t\t\t\t\t\t<\/div>\n\t\t\t\t\t\t\t\t\t\t\t\t\t\t\t<div class=\"swiper-pagination\"><\/div>\n\t\t\t\t\t\t\t\t\t\t\t\t\t\t\t\t<div class=\"elementor-swiper-button elementor-swiper-button-prev\" role=\"button\" tabindex=\"0\">\n\t\t\t\t\t\t\t<svg aria-hidden=\"true\" class=\"e-font-icon-svg e-eicon-chevron-left\" viewBox=\"0 0 1000 1000\" xmlns=\"http:\/\/www.w3.org\/2000\/svg\"><path d=\"M646 125C629 125 613 133 604 142L308 442C296 454 292 471 292 487 292 504 296 521 308 533L604 854C617 867 629 875 646 875 663 875 679 871 692 858 704 846 713 829 713 812 713 796 708 779 692 767L438 487 692 225C700 217 708 204 708 187 708 171 704 154 692 142 675 129 663 125 646 125Z\"><\/path><\/svg>\t\t\t\t\t\t\t<span class=\"elementor-screen-only\">Previous<\/span>\n\t\t\t\t\t\t<\/div>\n\t\t\t\t\t\t<div class=\"elementor-swiper-button elementor-swiper-button-next\" role=\"button\" tabindex=\"0\">\n\t\t\t\t\t\t\t<svg aria-hidden=\"true\" class=\"e-font-icon-svg e-eicon-chevron-right\" viewBox=\"0 0 1000 1000\" xmlns=\"http:\/\/www.w3.org\/2000\/svg\"><path d=\"M696 533C708 521 713 504 713 487 713 471 708 454 696 446L400 146C388 133 375 125 354 125 338 125 325 129 313 142 300 154 292 171 292 187 292 204 296 221 308 233L563 492 304 771C292 783 288 800 288 817 288 833 296 850 308 863 321 871 338 875 354 875 371 875 388 867 400 854L696 533Z\"><\/path><\/svg>\t\t\t\t\t\t\t<span class=\"elementor-screen-only\">Next<\/span>\n\t\t\t\t\t\t<\/div>\n\t\t\t\t\t\t\t\t\t\t\t\t<\/div>\n\t\t<\/div>\n\t\t\t\t<\/div>\n\t\t\t\t<\/div>\n\t\t\t\t<div class=\"elementor-element elementor-element-153a116f elementor-align-center elementor-widget elementor-widget-button\" data-id=\"153a116f\" data-element_type=\"widget\" data-widget_type=\"button.default\">\n\t\t\t\t<div class=\"elementor-widget-container\">\n\t\t\t\t\t\t\t<div class=\"elementor-button-wrapper\">\n\t\t\t\t\t<a class=\"elementor-button elementor-button-link elementor-size-sm\" href=\"https:\/\/www.ciencuadras.com\/proyectos-vivienda-nueva\/la-calera\" target=\"_blank\">\n\t\t\t\t\t\t<span class=\"elementor-button-content-wrapper\">\n\t\t\t\t\t\t\t\t\t<span class=\"elementor-button-text\">Ver todos<\/span>\n\t\t\t\t\t<\/span>\n\t\t\t\t\t<\/a>\n\t\t\t\t<\/div>\n\t\t\t\t\t\t<\/div>\n\t\t\t\t<\/div>\n\t\t\t\t\t<\/div>\n\t\t<\/div>\n\t\t\t\t\t<\/div>\n\t\t<\/section>\n\t\t\t\t<section class=\"elementor-section elementor-top-section elementor-element elementor-element-46487331 elementor-section-boxed elementor-section-height-default elementor-section-height-default\" data-id=\"46487331\" data-element_type=\"section\">\n\t\t\t\t\t\t<div class=\"elementor-container elementor-column-gap-default\">\n\t\t\t\t\t<div class=\"elementor-column elementor-col-100 elementor-top-column elementor-element elementor-element-14f900f\" data-id=\"14f900f\" data-element_type=\"column\">\n\t\t\t<div class=\"elementor-widget-wrap elementor-element-populated\">\n\t\t\t\t\t\t<div class=\"elementor-element elementor-element-3acb363 elementor-widget elementor-widget-spacer\" data-id=\"3acb363\" data-element_type=\"widget\" data-widget_type=\"spacer.default\">\n\t\t\t\t<div class=\"elementor-widget-container\">\n\t\t\t\t\t<div class=\"elementor-spacer\">\n\t\t\t<div class=\"elementor-spacer-inner\"><\/div>\n\t\t<\/div>\n\t\t\t\t<\/div>\n\t\t\t\t<\/div>\n\t\t\t\t\t<\/div>\n\t\t<\/div>\n\t\t\t\t\t<\/div>\n\t\t<\/section>\n\t\t\t\t<section class=\"elementor-section elementor-top-section elementor-element elementor-element-37b4cc9 elementor-section-boxed elementor-section-height-default elementor-section-height-default\" data-id=\"37b4cc9\" data-element_type=\"section\">\n\t\t\t\t\t\t<div class=\"elementor-container elementor-column-gap-default\">\n\t\t\t\t\t<div class=\"elementor-column elementor-col-100 elementor-top-column elementor-element elementor-element-48e49940\" data-id=\"48e49940\" data-element_type=\"column\">\n\t\t\t<div class=\"elementor-widget-wrap elementor-element-populated\">\n\t\t\t\t\t\t<div class=\"elementor-element elementor-element-306767df elementor-widget elementor-widget-heading\" data-id=\"306767df\" data-element_type=\"widget\" data-widget_type=\"heading.default\">\n\t\t\t\t<div class=\"elementor-widget-container\">\n\t\t\t<h2 class=\"elementor-heading-title elementor-size-default\">Principales ciudades de Colombia<\/h2>\t\t<\/div>\n\t\t\t\t<\/div>\n\t\t\t\t\t<\/div>\n\t\t<\/div>\n\t\t\t\t\t<\/div>\n\t\t<\/section>\n\t\t\t\t<section class=\"elementor-section elementor-top-section elementor-element elementor-element-4651e740 elementor-section-boxed elementor-section-height-default elementor-section-height-default\" data-id=\"4651e740\" data-element_type=\"section\">\n\t\t\t\t\t\t<div class=\"elementor-container elementor-column-gap-default\">\n\t\t\t\t\t<div class=\"elementor-column elementor-col-100 elementor-top-column elementor-element elementor-element-19c06254\" data-id=\"19c06254\" data-element_type=\"column\">\n\t\t\t<div class=\"elementor-widget-wrap elementor-element-populated\">\n\t\t\t\t\t\t<div class=\"elementor-element elementor-element-2e5bd3f8 elementor-skin-carousel elementor-arrows-yes elementor-pagination-type-bullets elementor-pagination-position-outside elementor-invisible elementor-widget elementor-widget-media-carousel\" data-id=\"2e5bd3f8\" data-element_type=\"widget\" data-settings=\"{&quot;space_between&quot;:{&quot;unit&quot;:&quot;px&quot;,&quot;size&quot;:35,&quot;sizes&quot;:[]},&quot;slides_per_view&quot;:&quot;3&quot;,&quot;_animation&quot;:&quot;fadeInDown&quot;,&quot;skin&quot;:&quot;carousel&quot;,&quot;effect&quot;:&quot;slide&quot;,&quot;show_arrows&quot;:&quot;yes&quot;,&quot;pagination&quot;:&quot;bullets&quot;,&quot;speed&quot;:500,&quot;autoplay&quot;:&quot;yes&quot;,&quot;autoplay_speed&quot;:5000,&quot;loop&quot;:&quot;yes&quot;,&quot;pause_on_hover&quot;:&quot;yes&quot;,&quot;pause_on_interaction&quot;:&quot;yes&quot;,&quot;space_between_tablet&quot;:{&quot;unit&quot;:&quot;px&quot;,&quot;size&quot;:10,&quot;sizes&quot;:[]},&quot;space_between_mobile&quot;:{&quot;unit&quot;:&quot;px&quot;,&quot;size&quot;:10,&quot;sizes&quot;:[]}}\" data-widget_type=\"media-carousel.default\">\n\t\t\t\t<div class=\"elementor-widget-container\">\n\t\t\t\t\t<div class=\"elementor-swiper\">\n\t\t\t<div class=\"elementor-main-swiper swiper\">\n\t\t\t\t<div class=\"swiper-wrapper\">\n\t\t\t\t\t\t\t\t\t\t\t<div class=\"swiper-slide\">\n\t\t\t\t\t\t\t<a href=\"https:\/\/www.ciencuadras.com\/blog\/guia-de-ciudades-bogota\" target=\"_blank\">\t\t<div class=\"elementor-carousel-image\" role=\"img\" aria-label=\"\" style=\"background-image: url(&#039;https:\/\/www.ciencuadras.com\/blog\/wp-content\/uploads\/2021\/05\/320x368_bogota.jpg&#039;)\">\n\n\t\t\t\n\t\t\t\t\t<\/div>\n\t\t<\/a>\t\t\t\t\t\t<\/div>\n\t\t\t\t\t\t\t\t\t\t\t<div class=\"swiper-slide\">\n\t\t\t\t\t\t\t<a href=\"https:\/\/www.ciencuadras.com\/blog\/guia-de-ciudades-medellin\" target=\"_blank\">\t\t<div class=\"elementor-carousel-image\" role=\"img\" aria-label=\"\" style=\"background-image: url(&#039;https:\/\/www.ciencuadras.com\/blog\/wp-content\/uploads\/2021\/05\/320x368_medellin.jpg&#039;)\">\n\n\t\t\t\n\t\t\t\t\t<\/div>\n\t\t<\/a>\t\t\t\t\t\t<\/div>\n\t\t\t\t\t\t\t\t\t\t\t<div class=\"swiper-slide\">\n\t\t\t\t\t\t\t<a href=\"https:\/\/www.ciencuadras.com\/blog\/guia-de-ciudades-cali\" target=\"_blank\">\t\t<div class=\"elementor-carousel-image\" role=\"img\" aria-label=\"\" style=\"background-image: url(&#039;https:\/\/www.ciencuadras.com\/blog\/wp-content\/uploads\/2021\/05\/320x368_cali.jpg&#039;)\">\n\n\t\t\t\n\t\t\t\t\t<\/div>\n\t\t<\/a>\t\t\t\t\t\t<\/div>\n\t\t\t\t\t\t\t\t\t\t\t<div class=\"swiper-slide\">\n\t\t\t\t\t\t\t<a href=\"https:\/\/www.ciencuadras.com\/blog\/guia-de-ciudades-barranquilla\" target=\"_blank\">\t\t<div class=\"elementor-carousel-image\" role=\"img\" aria-label=\"\" style=\"background-image: url(&#039;https:\/\/www.ciencuadras.com\/blog\/wp-content\/uploads\/2021\/05\/320x368_bquilla.jpg&#039;)\">\n\n\t\t\t\n\t\t\t\t\t<\/div>\n\t\t<\/a>\t\t\t\t\t\t<\/div>\n\t\t\t\t\t\t\t\t\t\t\t<div class=\"swiper-slide\">\n\t\t\t\t\t\t\t<a href=\"https:\/\/www.ciencuadras.com\/blog\/guia-de-ciudades-ibague\" target=\"_blank\">\t\t<div class=\"elementor-carousel-image\" role=\"img\" aria-label=\"\" style=\"background-image: url(&#039;https:\/\/www.ciencuadras.com\/blog\/wp-content\/uploads\/2021\/05\/320x368_ibague.jpg&#039;)\">\n\n\t\t\t\n\t\t\t\t\t<\/div>\n\t\t<\/a>\t\t\t\t\t\t<\/div>\n\t\t\t\t\t\t\t\t\t\t\t<div class=\"swiper-slide\">\n\t\t\t\t\t\t\t<a href=\"https:\/\/www.ciencuadras.com\/blog\/guia-de-ciudades-pereira\" target=\"_blank\">\t\t<div class=\"elementor-carousel-image\" role=\"img\" aria-label=\"\" style=\"background-image: url(&#039;https:\/\/www.ciencuadras.com\/blog\/wp-content\/uploads\/2021\/05\/320x368_pereira.jpg&#039;)\">\n\n\t\t\t\n\t\t\t\t\t<\/div>\n\t\t<\/a>\t\t\t\t\t\t<\/div>\n\t\t\t\t\t\t\t\t\t\t\t<div class=\"swiper-slide\">\n\t\t\t\t\t\t\t<a href=\"https:\/\/www.ciencuadras.com\/blog\/guia-de-ciudades-envigado\" target=\"_blank\">\t\t<div class=\"elementor-carousel-image\" role=\"img\" aria-label=\"\" style=\"background-image: url(&#039;https:\/\/www.ciencuadras.com\/blog\/wp-content\/uploads\/2021\/05\/320x368_envigado.jpg&#039;)\">\n\n\t\t\t\n\t\t\t\t\t<\/div>\n\t\t<\/a>\t\t\t\t\t\t<\/div>\n\t\t\t\t\t\t\t\t\t\t\t<div class=\"swiper-slide\">\n\t\t\t\t\t\t\t<a href=\"https:\/\/www.ciencuadras.com\/blog\/guia-de-ciudades-bucaramanga\" target=\"_blank\">\t\t<div class=\"elementor-carousel-image\" role=\"img\" aria-label=\"\" style=\"background-image: url(&#039;https:\/\/www.ciencuadras.com\/blog\/wp-content\/uploads\/2021\/05\/320x368_bmanga.jpg&#039;)\">\n\n\t\t\t\n\t\t\t\t\t<\/div>\n\t\t<\/a>\t\t\t\t\t\t<\/div>\n\t\t\t\t\t\t\t\t\t\t\t<div class=\"swiper-slide\">\n\t\t\t\t\t\t\t<a href=\"https:\/\/www.ciencuadras.com\/blog\/guia-de-ciudades-chia\" target=\"_blank\">\t\t<div class=\"elementor-carousel-image\" role=\"img\" aria-label=\"\" style=\"background-image: url(&#039;https:\/\/www.ciencuadras.com\/blog\/wp-content\/uploads\/2021\/05\/320x368_chia.jpg&#039;)\">\n\n\t\t\t\n\t\t\t\t\t<\/div>\n\t\t<\/a>\t\t\t\t\t\t<\/div>\n\t\t\t\t\t\t\t\t\t\t\t<div class=\"swiper-slide\">\n\t\t\t\t\t\t\t<a href=\"https:\/\/www.ciencuadras.com\/blog\/guia-de-ciudades-floridablanca\" target=\"_blank\">\t\t<div class=\"elementor-carousel-image\" role=\"img\" aria-label=\"\" style=\"background-image: url(&#039;https:\/\/www.ciencuadras.com\/blog\/wp-content\/uploads\/2021\/05\/320x368_floridablanca.jpg&#039;)\">\n\n\t\t\t\n\t\t\t\t\t<\/div>\n\t\t<\/a>\t\t\t\t\t\t<\/div>\n\t\t\t\t\t\t\t\t\t<\/div>\n\t\t\t\t\t\t\t\t\t\t\t\t\t\t\t<div class=\"swiper-pagination\"><\/div>\n\t\t\t\t\t\t\t\t\t\t\t\t\t\t\t\t<div class=\"elementor-swiper-button elementor-swiper-button-prev\" role=\"button\" tabindex=\"0\">\n\t\t\t\t\t\t\t<svg aria-hidden=\"true\" class=\"e-font-icon-svg e-eicon-chevron-left\" viewBox=\"0 0 1000 1000\" xmlns=\"http:\/\/www.w3.org\/2000\/svg\"><path d=\"M646 125C629 125 613 133 604 142L308 442C296 454 292 471 292 487 292 504 296 521 308 533L604 854C617 867 629 875 646 875 663 875 679 871 692 858 704 846 713 829 713 812 713 796 708 779 692 767L438 487 692 225C700 217 708 204 708 187 708 171 704 154 692 142 675 129 663 125 646 125Z\"><\/path><\/svg>\t\t\t\t\t\t\t<span class=\"elementor-screen-only\">Previous<\/span>\n\t\t\t\t\t\t<\/div>\n\t\t\t\t\t\t<div class=\"elementor-swiper-button elementor-swiper-button-next\" role=\"button\" tabindex=\"0\">\n\t\t\t\t\t\t\t<svg aria-hidden=\"true\" class=\"e-font-icon-svg e-eicon-chevron-right\" viewBox=\"0 0 1000 1000\" xmlns=\"http:\/\/www.w3.org\/2000\/svg\"><path d=\"M696 533C708 521 713 504 713 487 713 471 708 454 696 446L400 146C388 133 375 125 354 125 338 125 325 129 313 142 300 154 292 171 292 187 292 204 296 221 308 233L563 492 304 771C292 783 288 800 288 817 288 833 296 850 308 863 321 871 338 875 354 875 371 875 388 867 400 854L696 533Z\"><\/path><\/svg>\t\t\t\t\t\t\t<span class=\"elementor-screen-only\">Next<\/span>\n\t\t\t\t\t\t<\/div>\n\t\t\t\t\t\t\t\t\t\t\t\t<\/div>\n\t\t<\/div>\n\t\t\t\t<\/div>\n\t\t\t\t<\/div>\n\t\t\t\t\t<\/div>\n\t\t<\/div>\n\t\t\t\t\t<\/div>\n\t\t<\/section>\n\t\t\t\t<section class=\"elementor-section elementor-top-section elementor-element elementor-element-530fd46 elementor-section-boxed elementor-section-height-default elementor-section-height-default\" data-id=\"530fd46\" data-element_type=\"section\">\n\t\t\t\t\t\t<div class=\"elementor-container elementor-column-gap-default\">\n\t\t\t\t\t<div class=\"elementor-column elementor-col-100 elementor-top-column elementor-element elementor-element-5636febe\" data-id=\"5636febe\" data-element_type=\"column\">\n\t\t\t<div class=\"elementor-widget-wrap elementor-element-populated\">\n\t\t\t\t\t\t<div class=\"elementor-element elementor-element-788e80fc elementor-widget elementor-widget-heading\" data-id=\"788e80fc\" data-element_type=\"widget\" data-widget_type=\"heading.default\">\n\t\t\t\t<div class=\"elementor-widget-container\">\n\t\t\t<h2 class=\"elementor-heading-title elementor-size-default\">Propiedades Sugeridas en Colombia<\/h2>\t\t<\/div>\n\t\t\t\t<\/div>\n\t\t\t\t\t<\/div>\n\t\t<\/div>\n\t\t\t\t\t<\/div>\n\t\t<\/section>\n\t\t\t\t<section class=\"elementor-section elementor-top-section elementor-element elementor-element-4df6a6f8 elementor-section-boxed elementor-section-height-default elementor-section-height-default\" data-id=\"4df6a6f8\" data-element_type=\"section\">\n\t\t\t\t\t\t<div class=\"elementor-container elementor-column-gap-default\">\n\t\t\t\t\t<div class=\"elementor-column elementor-col-100 elementor-top-column elementor-element elementor-element-c9851a\" data-id=\"c9851a\" data-element_type=\"column\">\n\t\t\t<div class=\"elementor-widget-wrap elementor-element-populated\">\n\t\t\t\t\t\t<div class=\"elementor-element elementor-element-67cfa226 elementor-widget elementor-widget-spacer\" data-id=\"67cfa226\" data-element_type=\"widget\" data-widget_type=\"spacer.default\">\n\t\t\t\t<div class=\"elementor-widget-container\">\n\t\t\t\t\t<div class=\"elementor-spacer\">\n\t\t\t<div class=\"elementor-spacer-inner\"><\/div>\n\t\t<\/div>\n\t\t\t\t<\/div>\n\t\t\t\t<\/div>\n\t\t\t\t\t<\/div>\n\t\t<\/div>\n\t\t\t\t\t<\/div>\n\t\t<\/section>\n\t\t\t\t<section class=\"elementor-section elementor-top-section elementor-element elementor-element-3676a25f elementor-section-boxed elementor-section-height-default elementor-section-height-default\" data-id=\"3676a25f\" data-element_type=\"section\">\n\t\t\t\t\t\t<div class=\"elementor-container elementor-column-gap-default\">\n\t\t\t\t\t<div class=\"elementor-column elementor-col-25 elementor-top-column elementor-element elementor-element-5c5840a6\" data-id=\"5c5840a6\" data-element_type=\"column\">\n\t\t\t<div class=\"elementor-widget-wrap elementor-element-populated\">\n\t\t\t\t\t\t<div class=\"elementor-element elementor-element-4dd075f8 elementor-widget elementor-widget-text-editor\" data-id=\"4dd075f8\" data-element_type=\"widget\" data-widget_type=\"text-editor.default\">\n\t\t\t\t<div class=\"elementor-widget-container\">\n\t\t\t\t\t\t\t<h3>PROYECTOS DE VIVIENDA NUEVA<\/h3><p>\u00a0<\/p><p><a href=\"https:\/\/www.ciencuadras.com\/proyectos-vivienda-nueva\/bogota\/casa-apartamento\">Proyectos de vivienda en Bogot\u00e1<\/a><\/p><p><a href=\"https:\/\/www.ciencuadras.com\/proyectos-vivienda-nueva\/cali\/casa-apartamento\">Proyectos de vivienda en Cali<\/a><\/p><p><a href=\"https:\/\/www.ciencuadras.com\/proyectos-vivienda-nueva\/zipaquira\/casa-apartamento\">Proyectos de vivienda en Zipaquir\u00e1<\/a><\/p><p><a href=\"https:\/\/www.ciencuadras.com\/proyectos-vivienda-nueva\/cajica\/casa-apartamento\">Proyectos de vivienda en Cajic\u00e1<\/a><\/p><p><a href=\"https:\/\/www.ciencuadras.com\/proyectos-vivienda-nueva\/facatativa\/casa-apartamento\">Proyectos de vivienda en Facatativ\u00e1<\/a><\/p><p><a href=\"https:\/\/www.ciencuadras.com\/proyectos-vivienda-nueva\/sabaneta\/casa-apartamento\">Proyectos de vivienda\u00a0 en Sabaneta<\/a><\/p>\t\t\t\t\t\t<\/div>\n\t\t\t\t<\/div>\n\t\t\t\t\t<\/div>\n\t\t<\/div>\n\t\t\t\t<div class=\"elementor-column elementor-col-25 elementor-top-column elementor-element elementor-element-4a0586b5\" data-id=\"4a0586b5\" data-element_type=\"column\">\n\t\t\t<div class=\"elementor-widget-wrap elementor-element-populated\">\n\t\t\t\t\t\t<div class=\"elementor-element elementor-element-6cd95b3e elementor-widget elementor-widget-text-editor\" data-id=\"6cd95b3e\" data-element_type=\"widget\" data-widget_type=\"text-editor.default\">\n\t\t\t\t<div class=\"elementor-widget-container\">\n\t\t\t\t\t\t\t<div class=\"pre-footer__list\"><h3>APARTAMENTOS EN ARRIENDO<\/h3><p>\u00a0<\/p><p><a href=\"https:\/\/www.ciencuadras.com\/arriendo\/bogota\/apartamento\">Apartamentos en Arriendo en Bogot\u00e1<\/a><\/p><p><a href=\"https:\/\/www.ciencuadras.com\/arriendo\/bogota\/bosa\/apartamento\">Apartamentos en arriendo en Bosa Bogot\u00e1<\/a><\/p><p><a href=\"https:\/\/www.ciencuadras.com\/arriendo\/bucaramanga\/apartamento\">Apartamentos en Arriendo en Bucaramanga<\/a><\/p><p><a href=\"https:\/\/www.ciencuadras.com\/arriendo\/cali\/apartamento\">Apartamentos en Arriendo en Cali<\/a><\/p><p><a href=\"https:\/\/www.ciencuadras.com\/arriendo\/bogota\/kennedy\/castilla\/apartamento\">Apartamentos en arriendo en Castilla Bogot\u00e1<\/a><\/p><p><a href=\"https:\/\/www.ciencuadras.com\/arriendo\/bogota\/usaquen\/cedritos\/apartamento\">Apartamentos en arriendo en Cedritos Bogot\u00e1<\/a><\/p><article class=\"collapsible\"><div id=\"colapsableOne\" class=\"collapsible__content\" data-collapsed=\"true\"><div class=\"collapsible__item\">\u00a0<\/div><\/div><\/article><\/div><div class=\"pre-footer__list\">\u00a0<\/div>\t\t\t\t\t\t<\/div>\n\t\t\t\t<\/div>\n\t\t\t\t\t<\/div>\n\t\t<\/div>\n\t\t\t\t<div class=\"elementor-column elementor-col-25 elementor-top-column elementor-element elementor-element-3fb6ae54\" data-id=\"3fb6ae54\" data-element_type=\"column\">\n\t\t\t<div class=\"elementor-widget-wrap elementor-element-populated\">\n\t\t\t\t\t\t<div class=\"elementor-element elementor-element-71fa7fd6 elementor-widget elementor-widget-text-editor\" data-id=\"71fa7fd6\" data-element_type=\"widget\" data-widget_type=\"text-editor.default\">\n\t\t\t\t<div class=\"elementor-widget-container\">\n\t\t\t\t\t\t\t<h3>APARTAMENTOS EN VENTA<\/h3><p>\u00a0<\/p><p><a href=\"https:\/\/www.ciencuadras.com\/venta\/barranquilla\/apartamento\">Apartamentos en Venta en Barranquilla<\/a><\/p><p><a href=\"https:\/\/www.ciencuadras.com\/venta\/bello\/apartamento\">Apartamentos en Venta en Bello<\/a><\/p><p><a href=\"https:\/\/www.ciencuadras.com\/venta\/bogota\/apartamento\">Apartamentos en Venta en Bogot\u00e1<\/a><\/p><p><a href=\"https:\/\/www.ciencuadras.com\/venta\/bucaramanga\/apartamento\">Apartamentos en Venta en Bucaramanga<\/a><\/p><p><a href=\"https:\/\/www.ciencuadras.com\/venta\/cajica\/apartamento\">Apartamentos en Venta en Cajic\u00e1<\/a><\/p><p><a href=\"https:\/\/www.ciencuadras.com\/venta\/cali\/apartamento\">Apartamentos en Venta en Cali<\/a><\/p>\t\t\t\t\t\t<\/div>\n\t\t\t\t<\/div>\n\t\t\t\t\t<\/div>\n\t\t<\/div>\n\t\t\t\t<div class=\"elementor-column elementor-col-25 elementor-top-column elementor-element elementor-element-29405d7e\" data-id=\"29405d7e\" data-element_type=\"column\">\n\t\t\t<div class=\"elementor-widget-wrap elementor-element-populated\">\n\t\t\t\t\t\t<div class=\"elementor-element elementor-element-71bcbf09 elementor-widget elementor-widget-text-editor\" data-id=\"71bcbf09\" data-element_type=\"widget\" data-widget_type=\"text-editor.default\">\n\t\t\t\t<div class=\"elementor-widget-container\">\n\t\t\t\t\t\t\t<h3>CASAS EN ARRIENDO<\/h3><p>\u00a0<\/p><p>\u00a0<\/p><p><a href=\"https:\/\/www.ciencuadras.com\/arriendo\/bello\/casa\">Casas en Arriendo en Bello<\/a><\/p><p><a href=\"https:\/\/www.ciencuadras.com\/arriendo\/bogota\/casa\">Casas en Arriendo en Bogot\u00e1<\/a><\/p><p><a href=\"https:\/\/www.ciencuadras.com\/arriendo\/bucaramanga\/casa\">Casas en Arriendo en Bucaramanga<\/a><\/p><p><a href=\"https:\/\/www.ciencuadras.com\/arriendo\/cali\/casa\">Casas en Arriendo en Cali<\/a><\/p><p><a href=\"https:\/\/www.ciencuadras.com\/arriendo\/chia\/casa\">Casas en Arriendo en Ch\u00eda<\/a><\/p><p><a href=\"https:\/\/www.ciencuadras.com\/arriendo\/casa\">Casas en arriendo en Colombia<\/a><\/p>\t\t\t\t\t\t<\/div>\n\t\t\t\t<\/div>\n\t\t\t\t\t<\/div>\n\t\t<\/div>\n\t\t\t\t\t<\/div>\n\t\t<\/section>\n\t\t\t\t<\/div>\n\t\t\n","protected":false},"excerpt":{"rendered":"<p>Gu\u00eda de ciudad La Calera Colombia Deportes, aventura, naturaleza y atractiva oferta inmobiliaria ofrece La Calera. Un ambiente campestre, como si vivieras en medio del &hellip;<\/p>\n","protected":false},"author":2,"featured_media":95311,"parent":0,"menu_order":0,"comment_status":"closed","ping_status":"closed","template":"elementor_header_footer","meta":{"footnotes":""},"acf":[],"yoast_head":"<!-- This site is optimized with the Yoast SEO plugin v15.9 - https:\/\/yoast.com\/wordpress\/plugins\/seo\/ -->\n<title>Gu\u00eda de ciudad La Calera - Ciudades de Colombia | Ciencuadras<\/title>\n<meta name=\"description\" content=\"Conoce todo sobre La Calera su historia e informaci\u00f3n del sector inmobiliario, encuentra apartamentos, casas y proyectos de vivienda en La Calera\" \/>\n<meta name=\"robots\" content=\"index, follow, max-snippet:-1, max-image-preview:large, max-video-preview:-1\" \/>\n<link rel=\"canonical\" href=\"https:\/\/www.ciencuadras.com\/blog\/guia-de-ciudades-la-calera\" \/>\n<meta property=\"og:locale\" content=\"es_ES\" \/>\n<meta property=\"og:type\" content=\"article\" \/>\n<meta property=\"og:title\" content=\"Gu\u00eda de ciudad La Calera - Ciudades de Colombia | Ciencuadras\" \/>\n<meta property=\"og:description\" content=\"Conoce todo sobre La Calera su historia e informaci\u00f3n del sector inmobiliario, encuentra apartamentos, casas y proyectos de vivienda en La Calera\" \/>\n<meta property=\"og:url\" content=\"https:\/\/www.ciencuadras.com\/blog\/guia-de-ciudades-la-calera\" \/>\n<meta property=\"article:publisher\" content=\"https:\/\/www.facebook.com\/ciencuadras\/\" \/>\n<meta property=\"article:modified_time\" content=\"2022-04-01T18:03:00+00:00\" \/>\n<meta property=\"og:image\" content=\"https:\/\/www.ciencuadras.com\/blog\/wp-content\/uploads\/2022\/01\/760x501_La-Calera.jpg\" \/>\n\t<meta property=\"og:image:width\" content=\"760\" \/>\n\t<meta property=\"og:image:height\" content=\"501\" \/>\n<meta name=\"twitter:card\" content=\"summary_large_image\" \/>\n<meta name=\"twitter:site\" content=\"@ciencuadras\" \/>\n<meta name=\"twitter:label1\" content=\"Est. reading time\">\n\t<meta name=\"twitter:data1\" content=\"7 minutos\">\n<script type=\"application\/ld+json\" class=\"yoast-schema-graph\">{\"@context\":\"https:\/\/schema.org\",\"@graph\":[{\"@type\":\"Organization\",\"@id\":\"https:\/\/www.ciencuadras.com\/blog\/#organization\",\"name\":\"Ciencuadras.com\",\"url\":\"https:\/\/www.ciencuadras.com\/blog\/\",\"sameAs\":[\"https:\/\/www.facebook.com\/ciencuadras\/\",\"https:\/\/www.instagram.com\/ciencuadras\/\",\"https:\/\/co.linkedin.com\/company\/ciencuadras\",\"https:\/\/www.youtube.com\/channel\/UC_f830HP5dUy6OjBIbjtlAw\",\"https:\/\/twitter.com\/ciencuadras\"],\"logo\":{\"@type\":\"ImageObject\",\"@id\":\"https:\/\/www.ciencuadras.com\/blog\/#logo\",\"inLanguage\":\"es-CO\",\"url\":\"\",\"caption\":\"Ciencuadras.com\"},\"image\":{\"@id\":\"https:\/\/www.ciencuadras.com\/blog\/#logo\"}},{\"@type\":\"WebSite\",\"@id\":\"https:\/\/www.ciencuadras.com\/blog\/#website\",\"url\":\"https:\/\/www.ciencuadras.com\/blog\/\",\"name\":\"\",\"description\":\"\",\"publisher\":{\"@id\":\"https:\/\/www.ciencuadras.com\/blog\/#organization\"},\"potentialAction\":[{\"@type\":\"SearchAction\",\"target\":\"https:\/\/www.ciencuadras.com\/blog\/?s={search_term_string}\",\"query-input\":\"required name=search_term_string\"}],\"inLanguage\":\"es-CO\"},{\"@type\":\"ImageObject\",\"@id\":\"https:\/\/www.ciencuadras.com\/blog\/guia-de-ciudades-la-calera#primaryimage\",\"inLanguage\":\"es-CO\",\"url\":\"https:\/\/www.ciencuadras.com\/blog\/wp-content\/uploads\/2022\/01\/760x501_La-Calera.jpg\",\"width\":760,\"height\":501},{\"@type\":\"WebPage\",\"@id\":\"https:\/\/www.ciencuadras.com\/blog\/guia-de-ciudades-la-calera#webpage\",\"url\":\"https:\/\/www.ciencuadras.com\/blog\/guia-de-ciudades-la-calera\",\"name\":\"Gu\\u00eda de ciudad La Calera - Ciudades de Colombia | Ciencuadras\",\"isPartOf\":{\"@id\":\"https:\/\/www.ciencuadras.com\/blog\/#website\"},\"primaryImageOfPage\":{\"@id\":\"https:\/\/www.ciencuadras.com\/blog\/guia-de-ciudades-la-calera#primaryimage\"},\"datePublished\":\"2022-01-17T21:39:38+00:00\",\"dateModified\":\"2022-04-01T18:03:00+00:00\",\"description\":\"Conoce todo sobre La Calera su historia e informaci\\u00f3n del sector inmobiliario, encuentra apartamentos, casas y proyectos de vivienda en La Calera\",\"breadcrumb\":{\"@id\":\"https:\/\/www.ciencuadras.com\/blog\/guia-de-ciudades-la-calera#breadcrumb\"},\"inLanguage\":\"es-CO\",\"potentialAction\":[{\"@type\":\"ReadAction\",\"target\":[\"https:\/\/www.ciencuadras.com\/blog\/guia-de-ciudades-la-calera\"]}]},{\"@type\":\"BreadcrumbList\",\"@id\":\"https:\/\/www.ciencuadras.com\/blog\/guia-de-ciudades-la-calera#breadcrumb\",\"itemListElement\":[{\"@type\":\"ListItem\",\"position\":1,\"item\":{\"@type\":\"WebPage\",\"@id\":\"https:\/\/www.ciencuadras.com\/blog\",\"url\":\"https:\/\/www.ciencuadras.com\/blog\",\"name\":\"Blog\"}},{\"@type\":\"ListItem\",\"position\":2,\"item\":{\"@type\":\"WebPage\",\"@id\":\"https:\/\/www.ciencuadras.com\/blog\/guia-de-ciudades-la-calera\",\"url\":\"https:\/\/www.ciencuadras.com\/blog\/guia-de-ciudades-la-calera\",\"name\":\"Gu\\u00eda de Ciudades La Calera\"}}]}]}<\/script>\n<!-- \/ Yoast SEO plugin. -->","_links":{"self":[{"href":"https:\/\/www.ciencuadras.com\/blog\/wp-json\/wp\/v2\/pages\/95309"}],"collection":[{"href":"https:\/\/www.ciencuadras.com\/blog\/wp-json\/wp\/v2\/pages"}],"about":[{"href":"https:\/\/www.ciencuadras.com\/blog\/wp-json\/wp\/v2\/types\/page"}],"author":[{"embeddable":true,"href":"https:\/\/www.ciencuadras.com\/blog\/wp-json\/wp\/v2\/users\/2"}],"replies":[{"embeddable":true,"href":"https:\/\/www.ciencuadras.com\/blog\/wp-json\/wp\/v2\/comments?post=95309"}],"version-history":[{"count":10,"href":"https:\/\/www.ciencuadras.com\/blog\/wp-json\/wp\/v2\/pages\/95309\/revisions"}],"predecessor-version":[{"id":96863,"href":"https:\/\/www.ciencuadras.com\/blog\/wp-json\/wp\/v2\/pages\/95309\/revisions\/96863"}],"wp:featuredmedia":[{"embeddable":true,"href":"https:\/\/www.ciencuadras.com\/blog\/wp-json\/wp\/v2\/media\/95311"}],"wp:attachment":[{"href":"https:\/\/www.ciencuadras.com\/blog\/wp-json\/wp\/v2\/media?parent=95309"}],"curies":[{"name":"wp","href":"https:\/\/api.w.org\/{rel}","templated":true}]}}